{"id":9074,"date":"2019-10-01T15:36:10","date_gmt":"2019-10-01T15:36:10","guid":{"rendered":"https:\/\/fru.ifesworld.org\/?post_type=prayerline&#038;p=9074"},"modified":"2019-10-01T15:36:12","modified_gmt":"2019-10-01T15:36:12","slug":"le-courage-de-partager-le-meilleur-message-pour-lhumanite","status":"publish","type":"prayerline","link":"https:\/\/fru.ifesworld.org\/fr\/prayerline\/le-courage-de-partager-le-meilleur-message-pour-lhumanite\/","title":{"rendered":"Le courage de partager le meilleur message pour l\u2019humanit\u00e9"},"content":{"rendered":"<div class=\"wp-block block-core-paragraph\">\n<p>\u00ab\u202fL\u2019hiver dernier, j\u2019ai rencontr\u00e9 une \u00e9tudiante. Elle avait \u00e9t\u00e9 harcel\u00e9e \u00e0 l\u2019\u00e9cole et avait presque perdu sa foi. Puis elle commen\u00e7a \u00e0 fr\u00e9quenter un groupe d\u2019\u00e9tudiants de NKSS Norv\u00e8ge. Voir sa foi grandir et s\u2019\u00e9panouir m\u2019a beaucoup encourag\u00e9.\u202f\u00bb&nbsp;<\/p>\n<\/div>\n\n<div class=\"wp-block block-core-paragraph\">\n<p>Hans souhaite voir plus d&rsquo;\u00e9tudiants \u00eatre fortifi\u00e9s dans leur foi et faire conna\u00eetre J\u00e9sus dans l\u2019universit\u00e9. C\u2019est pourquoi il a d\u00e9cid\u00e9 de travailler \u00e0 plein temps en tant qu\u2019\u00e9quipier de NKSS.&nbsp;<\/p>\n<\/div>\n\n<div class=\"wp-block block-core-paragraph\">\n<p>La Norv\u00e8ge n\u2019est pas un endroit facile pour les \u00e9tudiants chr\u00e9tiens aujourd\u2019hui. Au moins 70\u202f% ne partagent pas activement l&rsquo;\u00e9vangile. Hans esp\u00e8re pouvoir aider les \u00e9tudiants \u00e0 gagner en audace\u202f: \u00ab\u202fCe serait dommage de ne pas partager le meilleur message que l\u2019humanit\u00e9 puisse entendre.\u202f\u00bb&nbsp;<\/p>\n<\/div>\n\n<div class=\"wp-block block-core-paragraph\">\n<p>Hans aura besoin de nos pri\u00e8res alors qu\u2019il d\u00e9couvre son nouveau r\u00f4le et sa nouvelle routine\u202f:&nbsp;<\/p>\n<\/div>\n\n<div class=\"wp-block block-core-list\">\n<ul><li>Priez qu\u2019Hans ait de la sagesse pour d\u00e9cider comment utiliser son temps. Priez qu&rsquo;il sache o\u00f9 s\u2019investir et comment \u00e9tablir un mod\u00e8le durable du minist\u00e8re.&nbsp;<\/li><\/ul>\n<\/div>\n\n<div class=\"wp-block block-core-list\">\n<ul><li>Priez que les \u00e9tudiants de NKSS grandissent dans leur amour pour J\u00e9sus cette ann\u00e9e, ainsi que dans leur d\u00e9sir de voir leurs amis d\u00e9couvrir le meilleur message que l\u2019humanit\u00e9 puisse entendre. Priez qu\u2019Hans sache comment les encourager et les \u00e9quiper.&nbsp;<\/li><\/ul>\n<\/div>\n\n<div class=\"wp-block block-core-paragraph\">\n<p>Merci de prier avec nous !<\/p>\n<\/div>","protected":false},"featured_media":9071,"template":"","area":[952,1075],"theme":[1257],"class_list":["post-9074","prayerline","type-prayerline","status-publish","has-post-thumbnail","hentry","area-europe-2","area-norvege","theme-developpement-du-leadership"],"acf":[],"yoast_head":"<!-- This site is optimized with the Yoast SEO plugin v22.6 - https:\/\/yoast.com\/wordpress\/plugins\/seo\/ -->\n<title>Le courage de partager le meilleur message pour l\u2019humanit\u00e9 &#183; IFES Prayerline<\/title>\n<meta name=\"description\" content=\"\u00ab\u202fL\u2019hiver dernier, j\u2019ai rencontr\u00e9 une \u00e9tudiante. Elle avait \u00e9t\u00e9 harcel\u00e9e \u00e0 l\u2019\u00e9cole et avait presque perdu sa foi. Puis elle commen\u00e7a \u00e0 fr\u00e9quenter un\" \/>\n<meta name=\"robots\" content=\"noindex, follow, max-snippet:-1, max-image-preview:large, max-video-preview:-1\" \/>\n<meta property=\"og:locale\" content=\"fr_FR\" \/>\n<meta property=\"og:type\" content=\"article\" \/>\n<meta property=\"og:title\" content=\"Le courage de partager le meilleur message pour l\u2019humanit\u00e9 &#183; IFES Prayerline\" \/>\n<meta property=\"og:description\" content=\"\u00ab\u202fL\u2019hiver dernier, j\u2019ai rencontr\u00e9 une \u00e9tudiante. Elle avait \u00e9t\u00e9 harcel\u00e9e \u00e0 l\u2019\u00e9cole et avait presque perdu sa foi. Puis elle commen\u00e7a \u00e0 fr\u00e9quenter un\" \/>\n<meta property=\"og:url\" content=\"https:\/\/ifesworld.org\/fr\/prayerline\/le-courage-de-partager-le-meilleur-message-pour-lhumanite\/\" \/>\n<meta property=\"og:site_name\" content=\"IFES\" \/>\n<meta property=\"article:modified_time\" content=\"2019-10-01T15:36:12+00:00\" \/>\n<meta property=\"og:image\" content=\"https:\/\/ifesworld.org\/wp-content\/uploads\/2019\/10\/191001-PL-NKSS-Hans.jpg\" \/>\n\t<meta property=\"og:image:width\" content=\"1023\" \/>\n\t<meta property=\"og:image:height\" content=\"575\" \/>\n\t<meta property=\"og:image:type\" content=\"image\/jpeg\" \/>\n<meta name=\"twitter:card\" content=\"summary_large_image\" \/>\n<meta name=\"twitter:label1\" content=\"Dur\u00e9e de lecture estim\u00e9e\" \/>\n\t<meta name=\"twitter:data1\" content=\"1 minute\" \/>\n<script type=\"application\/ld+json\" class=\"yoast-schema-graph\">{\"@context\":\"https:\/\/schema.org\",\"@graph\":[{\"@type\":\"WebPage\",\"@id\":\"https:\/\/ifesworld.org\/fr\/prayerline\/le-courage-de-partager-le-meilleur-message-pour-lhumanite\/\",\"url\":\"https:\/\/ifesworld.org\/fr\/prayerline\/le-courage-de-partager-le-meilleur-message-pour-lhumanite\/\",\"name\":\"Le courage de partager le meilleur message pour l\u2019humanit\u00e9 &#183; IFES Prayerline\",\"isPartOf\":{\"@id\":\"https:\/\/fru.ifesworld.org\/en\/#website\"},\"primaryImageOfPage\":{\"@id\":\"https:\/\/ifesworld.org\/fr\/prayerline\/le-courage-de-partager-le-meilleur-message-pour-lhumanite\/#primaryimage\"},\"image\":{\"@id\":\"https:\/\/ifesworld.org\/fr\/prayerline\/le-courage-de-partager-le-meilleur-message-pour-lhumanite\/#primaryimage\"},\"thumbnailUrl\":\"https:\/\/fru.ifesworld.org\/wp-content\/uploads\/2019\/10\/191001-PL-NKSS-Hans.jpg\",\"datePublished\":\"2019-10-01T15:36:10+00:00\",\"dateModified\":\"2019-10-01T15:36:12+00:00\",\"description\":\"\u00ab\u202fL\u2019hiver dernier, j\u2019ai rencontr\u00e9 une \u00e9tudiante. Elle avait \u00e9t\u00e9 harcel\u00e9e \u00e0 l\u2019\u00e9cole et avait presque perdu sa foi. Puis elle commen\u00e7a \u00e0 fr\u00e9quenter un\",\"breadcrumb\":{\"@id\":\"https:\/\/ifesworld.org\/fr\/prayerline\/le-courage-de-partager-le-meilleur-message-pour-lhumanite\/#breadcrumb\"},\"inLanguage\":\"fr-FR\",\"potentialAction\":[{\"@type\":\"ReadAction\",\"target\":[\"https:\/\/ifesworld.org\/fr\/prayerline\/le-courage-de-partager-le-meilleur-message-pour-lhumanite\/\"]}]},{\"@type\":\"ImageObject\",\"inLanguage\":\"fr-FR\",\"@id\":\"https:\/\/ifesworld.org\/fr\/prayerline\/le-courage-de-partager-le-meilleur-message-pour-lhumanite\/#primaryimage\",\"url\":\"https:\/\/fru.ifesworld.org\/wp-content\/uploads\/2019\/10\/191001-PL-NKSS-Hans.jpg\",\"contentUrl\":\"https:\/\/fru.ifesworld.org\/wp-content\/uploads\/2019\/10\/191001-PL-NKSS-Hans.jpg\",\"width\":1023,\"height\":575},{\"@type\":\"BreadcrumbList\",\"@id\":\"https:\/\/ifesworld.org\/fr\/prayerline\/le-courage-de-partager-le-meilleur-message-pour-lhumanite\/#breadcrumb\",\"itemListElement\":[{\"@type\":\"ListItem\",\"position\":1,\"name\":\"Home\",\"item\":\"https:\/\/fru.ifesworld.org\/fr\/\"},{\"@type\":\"ListItem\",\"position\":2,\"name\":\"Prayerline\",\"item\":\"https:\/\/ifesworld.org\/en\/prayerline\/\"},{\"@type\":\"ListItem\",\"position\":3,\"name\":\"Le courage de partager le meilleur message pour l\u2019humanit\u00e9\"}]},{\"@type\":\"WebSite\",\"@id\":\"https:\/\/fru.ifesworld.org\/en\/#website\",\"url\":\"https:\/\/fru.ifesworld.org\/en\/\",\"name\":\"IFES\",\"description\":\"A movement of students sharing and living out the good news of Jesus Christ. Locally. Nationally. Globally.\",\"publisher\":{\"@id\":\"https:\/\/fru.ifesworld.org\/en\/#organization\"},\"potentialAction\":[{\"@type\":\"SearchAction\",\"target\":{\"@type\":\"EntryPoint\",\"urlTemplate\":\"https:\/\/fru.ifesworld.org\/en\/?s={search_term_string}\"},\"query-input\":\"required name=search_term_string\"}],\"inLanguage\":\"fr-FR\"},{\"@type\":\"Organization\",\"@id\":\"https:\/\/fru.ifesworld.org\/en\/#organization\",\"name\":\"IFES \u00b7 International Fellowship of Evangelical Students\",\"url\":\"https:\/\/fru.ifesworld.org\/en\/\",\"logo\":{\"@type\":\"ImageObject\",\"inLanguage\":\"fr-FR\",\"@id\":\"https:\/\/fru.ifesworld.org\/en\/#\/schema\/logo\/image\/\",\"url\":\"https:\/\/fru.ifesworld.org\/wp-content\/uploads\/2019\/06\/ifeslogo.png\",\"contentUrl\":\"https:\/\/fru.ifesworld.org\/wp-content\/uploads\/2019\/06\/ifeslogo.png\",\"width\":262,\"height\":262,\"caption\":\"IFES \u00b7 International Fellowship of Evangelical Students\"},\"image\":{\"@id\":\"https:\/\/fru.ifesworld.org\/en\/#\/schema\/logo\/image\/\"}}]}<\/script>\n<!-- \/ Yoast SEO plugin. -->","yoast_head_json":{"title":"Le courage de partager le meilleur message pour l\u2019humanit\u00e9 &#183; IFES Prayerline","description":"\u00ab\u202fL\u2019hiver dernier, j\u2019ai rencontr\u00e9 une \u00e9tudiante. Elle avait \u00e9t\u00e9 harcel\u00e9e \u00e0 l\u2019\u00e9cole et avait presque perdu sa foi. Puis elle commen\u00e7a \u00e0 fr\u00e9quenter un","robots":{"index":"noindex","follow":"follow","max-snippet":"max-snippet:-1","max-image-preview":"max-image-preview:large","max-video-preview":"max-video-preview:-1"},"og_locale":"fr_FR","og_type":"article","og_title":"Le courage de partager le meilleur message pour l\u2019humanit\u00e9 &#183; IFES Prayerline","og_description":"\u00ab\u202fL\u2019hiver dernier, j\u2019ai rencontr\u00e9 une \u00e9tudiante. Elle avait \u00e9t\u00e9 harcel\u00e9e \u00e0 l\u2019\u00e9cole et avait presque perdu sa foi. Puis elle commen\u00e7a \u00e0 fr\u00e9quenter un","og_url":"https:\/\/ifesworld.org\/fr\/prayerline\/le-courage-de-partager-le-meilleur-message-pour-lhumanite\/","og_site_name":"IFES","article_modified_time":"2019-10-01T15:36:12+00:00","og_image":[{"width":1023,"height":575,"url":"https:\/\/ifesworld.org\/wp-content\/uploads\/2019\/10\/191001-PL-NKSS-Hans.jpg","type":"image\/jpeg"}],"twitter_card":"summary_large_image","twitter_misc":{"Dur\u00e9e de lecture estim\u00e9e":"1 minute"},"schema":{"@context":"https:\/\/schema.org","@graph":[{"@type":"WebPage","@id":"https:\/\/ifesworld.org\/fr\/prayerline\/le-courage-de-partager-le-meilleur-message-pour-lhumanite\/","url":"https:\/\/ifesworld.org\/fr\/prayerline\/le-courage-de-partager-le-meilleur-message-pour-lhumanite\/","name":"Le courage de partager le meilleur message pour l\u2019humanit\u00e9 &#183; IFES Prayerline","isPartOf":{"@id":"https:\/\/fru.ifesworld.org\/en\/#website"},"primaryImageOfPage":{"@id":"https:\/\/ifesworld.org\/fr\/prayerline\/le-courage-de-partager-le-meilleur-message-pour-lhumanite\/#primaryimage"},"image":{"@id":"https:\/\/ifesworld.org\/fr\/prayerline\/le-courage-de-partager-le-meilleur-message-pour-lhumanite\/#primaryimage"},"thumbnailUrl":"https:\/\/fru.ifesworld.org\/wp-content\/uploads\/2019\/10\/191001-PL-NKSS-Hans.jpg","datePublished":"2019-10-01T15:36:10+00:00","dateModified":"2019-10-01T15:36:12+00:00","description":"\u00ab\u202fL\u2019hiver dernier, j\u2019ai rencontr\u00e9 une \u00e9tudiante. Elle avait \u00e9t\u00e9 harcel\u00e9e \u00e0 l\u2019\u00e9cole et avait presque perdu sa foi. Puis elle commen\u00e7a \u00e0 fr\u00e9quenter un","breadcrumb":{"@id":"https:\/\/ifesworld.org\/fr\/prayerline\/le-courage-de-partager-le-meilleur-message-pour-lhumanite\/#breadcrumb"},"inLanguage":"fr-FR","potentialAction":[{"@type":"ReadAction","target":["https:\/\/ifesworld.org\/fr\/prayerline\/le-courage-de-partager-le-meilleur-message-pour-lhumanite\/"]}]},{"@type":"ImageObject","inLanguage":"fr-FR","@id":"https:\/\/ifesworld.org\/fr\/prayerline\/le-courage-de-partager-le-meilleur-message-pour-lhumanite\/#primaryimage","url":"https:\/\/fru.ifesworld.org\/wp-content\/uploads\/2019\/10\/191001-PL-NKSS-Hans.jpg","contentUrl":"https:\/\/fru.ifesworld.org\/wp-content\/uploads\/2019\/10\/191001-PL-NKSS-Hans.jpg","width":1023,"height":575},{"@type":"BreadcrumbList","@id":"https:\/\/ifesworld.org\/fr\/prayerline\/le-courage-de-partager-le-meilleur-message-pour-lhumanite\/#breadcrumb","itemListElement":[{"@type":"ListItem","position":1,"name":"Home","item":"https:\/\/fru.ifesworld.org\/fr\/"},{"@type":"ListItem","position":2,"name":"Prayerline","item":"https:\/\/ifesworld.org\/en\/prayerline\/"},{"@type":"ListItem","position":3,"name":"Le courage de partager le meilleur message pour l\u2019humanit\u00e9"}]},{"@type":"WebSite","@id":"https:\/\/fru.ifesworld.org\/en\/#website","url":"https:\/\/fru.ifesworld.org\/en\/","name":"IFES","description":"A movement of students sharing and living out the good news of Jesus Christ. Locally. Nationally. Globally.","publisher":{"@id":"https:\/\/fru.ifesworld.org\/en\/#organization"},"potentialAction":[{"@type":"SearchAction","target":{"@type":"EntryPoint","urlTemplate":"https:\/\/fru.ifesworld.org\/en\/?s={search_term_string}"},"query-input":"required name=search_term_string"}],"inLanguage":"fr-FR"},{"@type":"Organization","@id":"https:\/\/fru.ifesworld.org\/en\/#organization","name":"IFES \u00b7 International Fellowship of Evangelical Students","url":"https:\/\/fru.ifesworld.org\/en\/","logo":{"@type":"ImageObject","inLanguage":"fr-FR","@id":"https:\/\/fru.ifesworld.org\/en\/#\/schema\/logo\/image\/","url":"https:\/\/fru.ifesworld.org\/wp-content\/uploads\/2019\/06\/ifeslogo.png","contentUrl":"https:\/\/fru.ifesworld.org\/wp-content\/uploads\/2019\/06\/ifeslogo.png","width":262,"height":262,"caption":"IFES \u00b7 International Fellowship of Evangelical Students"},"image":{"@id":"https:\/\/fru.ifesworld.org\/en\/#\/schema\/logo\/image\/"}}]}},"_links":{"self":[{"href":"https:\/\/fru.ifesworld.org\/fr\/wp-json\/wp\/v2\/prayerline\/9074"}],"collection":[{"href":"https:\/\/fru.ifesworld.org\/fr\/wp-json\/wp\/v2\/prayerline"}],"about":[{"href":"https:\/\/fru.ifesworld.org\/fr\/wp-json\/wp\/v2\/types\/prayerline"}],"wp:featuredmedia":[{"embeddable":true,"href":"https:\/\/fru.ifesworld.org\/fr\/wp-json\/wp\/v2\/media\/9071"}],"wp:attachment":[{"href":"https:\/\/fru.ifesworld.org\/fr\/wp-json\/wp\/v2\/media?parent=9074"}],"wp:term":[{"taxonomy":"area","embeddable":true,"href":"https:\/\/fru.ifesworld.org\/fr\/wp-json\/wp\/v2\/area?post=9074"},{"taxonomy":"theme","embeddable":true,"href":"https:\/\/fru.ifesworld.org\/fr\/wp-json\/wp\/v2\/theme?post=9074"}],"curies":[{"name":"wp","href":"https:\/\/api.w.org\/{rel}","templated":true}]}}