{"id":8850,"date":"2019-09-24T11:05:11","date_gmt":"2019-09-24T11:05:11","guid":{"rendered":"https:\/\/fru.ifesworld.org\/?post_type=prayerline&#038;p=8850"},"modified":"2019-09-24T11:05:13","modified_gmt":"2019-09-24T11:05:13","slug":"des-opportunites-de-parler-de-jesus-a-cause-de-la-pluie","status":"publish","type":"prayerline","link":"https:\/\/fru.ifesworld.org\/fr\/prayerline\/des-opportunites-de-parler-de-jesus-a-cause-de-la-pluie\/","title":{"rendered":"Des opportunit\u00e9s de parler de J\u00e9sus \u00e0 cause de la pluie"},"content":{"rendered":"<div class=\"wp-block block-core-paragraph\">\n<p>Leurs c\u0153urs se sont serr\u00e9s quand la pluie s\u2019est mise \u00e0 tomber. Et ce n\u2019\u00e9tait pas une ond\u00e9e passag\u00e8re. Les \u00e9tudiants du TSCF, le mouvement de l\u2019IFES en Nouvelle-Z\u00e9lande, avaient planifi\u00e9 d\u2019offrir gratuitement des chocolats chauds aux \u00e9tudiants sur le campus, une activit\u00e9 organis\u00e9e durant la semaine d&rsquo;\u00e9vang\u00e9lisation. Ils venaient&nbsp;tout juste d\u2019installer leur caf\u00e9 de fortune lorsque le temps maussade de l\u2019hiver les a contraints de se mettre \u00e0 l\u2019abri de la pluie. Tout le monde \u00e9tait vraiment d\u00e9\u00e7u que des conversations prometteuses avaient d\u00fb \u00eatre interrompues et que cette belle opportunit\u00e9 \u00e9tait g\u00e2ch\u00e9e.&nbsp;<\/p>\n<\/div>\n\n<div class=\"wp-block block-core-paragraph\">\n<p>C&rsquo;est pourquoi les \u00e9tudiants ont d\u00e9cid\u00e9 de prier et cette fois, d\u2019installer leur stand dans le foyer de la biblioth\u00e8que. \u00c0 leur grand \u00e9tonnement, leur stand s\u2019est bient\u00f4t trouv\u00e9 submerg\u00e9 d\u2019\u00e9tudiants qui avaient \u00e9galement trouv\u00e9 refuge contre le mauvais temps. Chacun de ces \u00e9tudiants a \u00e9t\u00e9 invit\u00e9 \u00e0 indiquer \u00e0 l\u2019aide d\u2019un marqueur sur une \u00e9chelle repr\u00e9sentant le cours de l\u2019histoire humaine s\u2019ils \u00e9taient remplis d\u2019espoir ou de d\u00e9sespoir, s\u2019il s\u2019agissait&nbsp;plus d\u2019une com\u00e9die ou d\u2019une trag\u00e9die. Et ces \u00e9tudiants&nbsp;<em>d\u00e9siraient<\/em>&nbsp;vraiment parler de J\u00e9sus. Les meilleures conversations de la semaine ont eu lieu ce jour-l\u00e0. Cela a \u00e9t\u00e9 un rappel pour les \u00e9tudiants du TSCF qu\u2019ils pouvaient compter sur la souveraine direction de Dieu pour la logistique et la m\u00e9t\u00e9o, et que Dieu demeurait \u00e9galement souverain pour ce qui est de l\u2019important travail d\u2019amener les gens \u00e0 le conna\u00eetre.&nbsp;<\/p>\n<\/div>\n\n<div class=\"wp-block block-core-list\">\n<ul><li>Louez Dieu pour la mani\u00e8re dont il a r\u00e9pondu \u00e0 la pri\u00e8re des \u00e9tudiants. Remerciez-le pour tous ceux qui ont eu l\u2019occasion d\u2019entendre parler de J\u00e9sus lors des \u00e9v\u00e9nements de la semaine d&rsquo;\u00e9vang\u00e9lisation men\u00e9e par le TSCF.&nbsp;<br><\/li><li>Priez aussi pour le travail de suivi. Priez que plusieurs \u00e9tudiants se montrent dispos\u00e9s \u00e0 commencer \u00e0 lire la Bible et \u00e0 d\u00e9couvrir la foi chr\u00e9tienne.&nbsp;<\/li><\/ul>\n<\/div>\n\n<div class=\"wp-block block-core-paragraph\">\n<p>Merci de prier avec nous ! <\/p>\n<\/div>","protected":false},"featured_media":8475,"template":"","area":[1181,958],"theme":[1248],"class_list":["post-8850","prayerline","type-prayerline","status-publish","has-post-thumbnail","hentry","area-nouvelle-zelande","area-pacifique-sud","theme-evangelisation"],"acf":[],"yoast_head":"<!-- This site is optimized with the Yoast SEO plugin v22.6 - https:\/\/yoast.com\/wordpress\/plugins\/seo\/ -->\n<title>Des opportunit\u00e9s de parler de J\u00e9sus \u00e0 cause de la pluie &#183; IFES Prayerline<\/title>\n<meta name=\"description\" content=\"Leurs c\u0153urs se sont serr\u00e9s quand la pluie s\u2019est mise \u00e0 tomber. Et ce n\u2019\u00e9tait pas une ond\u00e9e passag\u00e8re. Les \u00e9tudiants du TSCF, le mouvement de l\u2019IFES en\" \/>\n<meta name=\"robots\" content=\"noindex, follow, max-snippet:-1, max-image-preview:large, max-video-preview:-1\" \/>\n<meta property=\"og:locale\" content=\"fr_FR\" \/>\n<meta property=\"og:type\" content=\"article\" \/>\n<meta property=\"og:title\" content=\"Des opportunit\u00e9s de parler de J\u00e9sus \u00e0 cause de la pluie &#183; IFES Prayerline\" \/>\n<meta property=\"og:description\" content=\"Leurs c\u0153urs se sont serr\u00e9s quand la pluie s\u2019est mise \u00e0 tomber. Et ce n\u2019\u00e9tait pas une ond\u00e9e passag\u00e8re. Les \u00e9tudiants du TSCF, le mouvement de l\u2019IFES en\" \/>\n<meta property=\"og:url\" content=\"https:\/\/ifesworld.org\/fr\/prayerline\/des-opportunites-de-parler-de-jesus-a-cause-de-la-pluie\/\" \/>\n<meta property=\"og:site_name\" content=\"IFES\" \/>\n<meta property=\"article:modified_time\" content=\"2019-09-24T11:05:13+00:00\" \/>\n<meta property=\"og:image\" content=\"https:\/\/ifesworld.org\/wp-content\/uploads\/2019\/09\/190924-TSCF-New-Zealand.jpg\" \/>\n\t<meta property=\"og:image:width\" content=\"1200\" \/>\n\t<meta property=\"og:image:height\" content=\"675\" \/>\n\t<meta property=\"og:image:type\" content=\"image\/jpeg\" \/>\n<meta name=\"twitter:card\" content=\"summary_large_image\" \/>\n<meta name=\"twitter:label1\" content=\"Dur\u00e9e de lecture estim\u00e9e\" \/>\n\t<meta name=\"twitter:data1\" content=\"2 minutes\" \/>\n<script type=\"application\/ld+json\" class=\"yoast-schema-graph\">{\"@context\":\"https:\/\/schema.org\",\"@graph\":[{\"@type\":\"WebPage\",\"@id\":\"https:\/\/ifesworld.org\/fr\/prayerline\/des-opportunites-de-parler-de-jesus-a-cause-de-la-pluie\/\",\"url\":\"https:\/\/ifesworld.org\/fr\/prayerline\/des-opportunites-de-parler-de-jesus-a-cause-de-la-pluie\/\",\"name\":\"Des opportunit\u00e9s de parler de J\u00e9sus \u00e0 cause de la pluie &#183; IFES Prayerline\",\"isPartOf\":{\"@id\":\"https:\/\/fru.ifesworld.org\/en\/#website\"},\"primaryImageOfPage\":{\"@id\":\"https:\/\/ifesworld.org\/fr\/prayerline\/des-opportunites-de-parler-de-jesus-a-cause-de-la-pluie\/#primaryimage\"},\"image\":{\"@id\":\"https:\/\/ifesworld.org\/fr\/prayerline\/des-opportunites-de-parler-de-jesus-a-cause-de-la-pluie\/#primaryimage\"},\"thumbnailUrl\":\"https:\/\/fru.ifesworld.org\/wp-content\/uploads\/2019\/09\/190924-TSCF-New-Zealand.jpg\",\"datePublished\":\"2019-09-24T11:05:11+00:00\",\"dateModified\":\"2019-09-24T11:05:13+00:00\",\"description\":\"Leurs c\u0153urs se sont serr\u00e9s quand la pluie s\u2019est mise \u00e0 tomber. Et ce n\u2019\u00e9tait pas une ond\u00e9e passag\u00e8re. Les \u00e9tudiants du TSCF, le mouvement de l\u2019IFES en\",\"breadcrumb\":{\"@id\":\"https:\/\/ifesworld.org\/fr\/prayerline\/des-opportunites-de-parler-de-jesus-a-cause-de-la-pluie\/#breadcrumb\"},\"inLanguage\":\"fr-FR\",\"potentialAction\":[{\"@type\":\"ReadAction\",\"target\":[\"https:\/\/ifesworld.org\/fr\/prayerline\/des-opportunites-de-parler-de-jesus-a-cause-de-la-pluie\/\"]}]},{\"@type\":\"ImageObject\",\"inLanguage\":\"fr-FR\",\"@id\":\"https:\/\/ifesworld.org\/fr\/prayerline\/des-opportunites-de-parler-de-jesus-a-cause-de-la-pluie\/#primaryimage\",\"url\":\"https:\/\/fru.ifesworld.org\/wp-content\/uploads\/2019\/09\/190924-TSCF-New-Zealand.jpg\",\"contentUrl\":\"https:\/\/fru.ifesworld.org\/wp-content\/uploads\/2019\/09\/190924-TSCF-New-Zealand.jpg\",\"width\":1200,\"height\":675,\"caption\":\"190924 PL TSCF New Zealand\"},{\"@type\":\"BreadcrumbList\",\"@id\":\"https:\/\/ifesworld.org\/fr\/prayerline\/des-opportunites-de-parler-de-jesus-a-cause-de-la-pluie\/#breadcrumb\",\"itemListElement\":[{\"@type\":\"ListItem\",\"position\":1,\"name\":\"Home\",\"item\":\"https:\/\/fru.ifesworld.org\/fr\/\"},{\"@type\":\"ListItem\",\"position\":2,\"name\":\"Prayerline\",\"item\":\"https:\/\/ifesworld.org\/en\/prayerline\/\"},{\"@type\":\"ListItem\",\"position\":3,\"name\":\"Des opportunit\u00e9s de parler de J\u00e9sus \u00e0 cause de la pluie\"}]},{\"@type\":\"WebSite\",\"@id\":\"https:\/\/fru.ifesworld.org\/en\/#website\",\"url\":\"https:\/\/fru.ifesworld.org\/en\/\",\"name\":\"IFES\",\"description\":\"A movement of students sharing and living out the good news of Jesus Christ. Locally. Nationally. Globally.\",\"publisher\":{\"@id\":\"https:\/\/fru.ifesworld.org\/en\/#organization\"},\"potentialAction\":[{\"@type\":\"SearchAction\",\"target\":{\"@type\":\"EntryPoint\",\"urlTemplate\":\"https:\/\/fru.ifesworld.org\/en\/?s={search_term_string}\"},\"query-input\":\"required name=search_term_string\"}],\"inLanguage\":\"fr-FR\"},{\"@type\":\"Organization\",\"@id\":\"https:\/\/fru.ifesworld.org\/en\/#organization\",\"name\":\"IFES \u00b7 International Fellowship of Evangelical Students\",\"url\":\"https:\/\/fru.ifesworld.org\/en\/\",\"logo\":{\"@type\":\"ImageObject\",\"inLanguage\":\"fr-FR\",\"@id\":\"https:\/\/fru.ifesworld.org\/en\/#\/schema\/logo\/image\/\",\"url\":\"https:\/\/fru.ifesworld.org\/wp-content\/uploads\/2019\/06\/ifeslogo.png\",\"contentUrl\":\"https:\/\/fru.ifesworld.org\/wp-content\/uploads\/2019\/06\/ifeslogo.png\",\"width\":262,\"height\":262,\"caption\":\"IFES \u00b7 International Fellowship of Evangelical Students\"},\"image\":{\"@id\":\"https:\/\/fru.ifesworld.org\/en\/#\/schema\/logo\/image\/\"}}]}<\/script>\n<!-- \/ Yoast SEO plugin. -->","yoast_head_json":{"title":"Des opportunit\u00e9s de parler de J\u00e9sus \u00e0 cause de la pluie &#183; IFES Prayerline","description":"Leurs c\u0153urs se sont serr\u00e9s quand la pluie s\u2019est mise \u00e0 tomber. Et ce n\u2019\u00e9tait pas une ond\u00e9e passag\u00e8re. Les \u00e9tudiants du TSCF, le mouvement de l\u2019IFES en","robots":{"index":"noindex","follow":"follow","max-snippet":"max-snippet:-1","max-image-preview":"max-image-preview:large","max-video-preview":"max-video-preview:-1"},"og_locale":"fr_FR","og_type":"article","og_title":"Des opportunit\u00e9s de parler de J\u00e9sus \u00e0 cause de la pluie &#183; IFES Prayerline","og_description":"Leurs c\u0153urs se sont serr\u00e9s quand la pluie s\u2019est mise \u00e0 tomber. Et ce n\u2019\u00e9tait pas une ond\u00e9e passag\u00e8re. Les \u00e9tudiants du TSCF, le mouvement de l\u2019IFES en","og_url":"https:\/\/ifesworld.org\/fr\/prayerline\/des-opportunites-de-parler-de-jesus-a-cause-de-la-pluie\/","og_site_name":"IFES","article_modified_time":"2019-09-24T11:05:13+00:00","og_image":[{"width":1200,"height":675,"url":"https:\/\/ifesworld.org\/wp-content\/uploads\/2019\/09\/190924-TSCF-New-Zealand.jpg","type":"image\/jpeg"}],"twitter_card":"summary_large_image","twitter_misc":{"Dur\u00e9e de lecture estim\u00e9e":"2 minutes"},"schema":{"@context":"https:\/\/schema.org","@graph":[{"@type":"WebPage","@id":"https:\/\/ifesworld.org\/fr\/prayerline\/des-opportunites-de-parler-de-jesus-a-cause-de-la-pluie\/","url":"https:\/\/ifesworld.org\/fr\/prayerline\/des-opportunites-de-parler-de-jesus-a-cause-de-la-pluie\/","name":"Des opportunit\u00e9s de parler de J\u00e9sus \u00e0 cause de la pluie &#183; IFES Prayerline","isPartOf":{"@id":"https:\/\/fru.ifesworld.org\/en\/#website"},"primaryImageOfPage":{"@id":"https:\/\/ifesworld.org\/fr\/prayerline\/des-opportunites-de-parler-de-jesus-a-cause-de-la-pluie\/#primaryimage"},"image":{"@id":"https:\/\/ifesworld.org\/fr\/prayerline\/des-opportunites-de-parler-de-jesus-a-cause-de-la-pluie\/#primaryimage"},"thumbnailUrl":"https:\/\/fru.ifesworld.org\/wp-content\/uploads\/2019\/09\/190924-TSCF-New-Zealand.jpg","datePublished":"2019-09-24T11:05:11+00:00","dateModified":"2019-09-24T11:05:13+00:00","description":"Leurs c\u0153urs se sont serr\u00e9s quand la pluie s\u2019est mise \u00e0 tomber. Et ce n\u2019\u00e9tait pas une ond\u00e9e passag\u00e8re. Les \u00e9tudiants du TSCF, le mouvement de l\u2019IFES en","breadcrumb":{"@id":"https:\/\/ifesworld.org\/fr\/prayerline\/des-opportunites-de-parler-de-jesus-a-cause-de-la-pluie\/#breadcrumb"},"inLanguage":"fr-FR","potentialAction":[{"@type":"ReadAction","target":["https:\/\/ifesworld.org\/fr\/prayerline\/des-opportunites-de-parler-de-jesus-a-cause-de-la-pluie\/"]}]},{"@type":"ImageObject","inLanguage":"fr-FR","@id":"https:\/\/ifesworld.org\/fr\/prayerline\/des-opportunites-de-parler-de-jesus-a-cause-de-la-pluie\/#primaryimage","url":"https:\/\/fru.ifesworld.org\/wp-content\/uploads\/2019\/09\/190924-TSCF-New-Zealand.jpg","contentUrl":"https:\/\/fru.ifesworld.org\/wp-content\/uploads\/2019\/09\/190924-TSCF-New-Zealand.jpg","width":1200,"height":675,"caption":"190924 PL TSCF New Zealand"},{"@type":"BreadcrumbList","@id":"https:\/\/ifesworld.org\/fr\/prayerline\/des-opportunites-de-parler-de-jesus-a-cause-de-la-pluie\/#breadcrumb","itemListElement":[{"@type":"ListItem","position":1,"name":"Home","item":"https:\/\/fru.ifesworld.org\/fr\/"},{"@type":"ListItem","position":2,"name":"Prayerline","item":"https:\/\/ifesworld.org\/en\/prayerline\/"},{"@type":"ListItem","position":3,"name":"Des opportunit\u00e9s de parler de J\u00e9sus \u00e0 cause de la pluie"}]},{"@type":"WebSite","@id":"https:\/\/fru.ifesworld.org\/en\/#website","url":"https:\/\/fru.ifesworld.org\/en\/","name":"IFES","description":"A movement of students sharing and living out the good news of Jesus Christ. Locally. Nationally. Globally.","publisher":{"@id":"https:\/\/fru.ifesworld.org\/en\/#organization"},"potentialAction":[{"@type":"SearchAction","target":{"@type":"EntryPoint","urlTemplate":"https:\/\/fru.ifesworld.org\/en\/?s={search_term_string}"},"query-input":"required name=search_term_string"}],"inLanguage":"fr-FR"},{"@type":"Organization","@id":"https:\/\/fru.ifesworld.org\/en\/#organization","name":"IFES \u00b7 International Fellowship of Evangelical Students","url":"https:\/\/fru.ifesworld.org\/en\/","logo":{"@type":"ImageObject","inLanguage":"fr-FR","@id":"https:\/\/fru.ifesworld.org\/en\/#\/schema\/logo\/image\/","url":"https:\/\/fru.ifesworld.org\/wp-content\/uploads\/2019\/06\/ifeslogo.png","contentUrl":"https:\/\/fru.ifesworld.org\/wp-content\/uploads\/2019\/06\/ifeslogo.png","width":262,"height":262,"caption":"IFES \u00b7 International Fellowship of Evangelical Students"},"image":{"@id":"https:\/\/fru.ifesworld.org\/en\/#\/schema\/logo\/image\/"}}]}},"_links":{"self":[{"href":"https:\/\/fru.ifesworld.org\/fr\/wp-json\/wp\/v2\/prayerline\/8850"}],"collection":[{"href":"https:\/\/fru.ifesworld.org\/fr\/wp-json\/wp\/v2\/prayerline"}],"about":[{"href":"https:\/\/fru.ifesworld.org\/fr\/wp-json\/wp\/v2\/types\/prayerline"}],"wp:featuredmedia":[{"embeddable":true,"href":"https:\/\/fru.ifesworld.org\/fr\/wp-json\/wp\/v2\/media\/8475"}],"wp:attachment":[{"href":"https:\/\/fru.ifesworld.org\/fr\/wp-json\/wp\/v2\/media?parent=8850"}],"wp:term":[{"taxonomy":"area","embeddable":true,"href":"https:\/\/fru.ifesworld.org\/fr\/wp-json\/wp\/v2\/area?post=8850"},{"taxonomy":"theme","embeddable":true,"href":"https:\/\/fru.ifesworld.org\/fr\/wp-json\/wp\/v2\/theme?post=8850"}],"curies":[{"name":"wp","href":"https:\/\/api.w.org\/{rel}","templated":true}]}}