{"id":7359,"date":"2019-07-16T11:04:31","date_gmt":"2019-07-16T11:04:31","guid":{"rendered":"https:\/\/fru.ifesworld.org\/?post_type=prayerline&#038;p=7359"},"modified":"2019-07-16T11:04:32","modified_gmt":"2019-07-16T11:04:32","slug":"des-participants-a-lassemblee-mondiale-font-part-de-leurs-reflexions","status":"publish","type":"prayerline","link":"https:\/\/fru.ifesworld.org\/fr\/prayerline\/des-participants-a-lassemblee-mondiale-font-part-de-leurs-reflexions\/","title":{"rendered":"Des participants \u00e0 l\u2019Assembl\u00e9e mondiale font part de leurs r\u00e9flexions."},"content":{"rendered":"<div class=\"wp-block block-core-paragraph\">\n<p>1\u202f100\u202fparticipants. 170 pays. 70\u202fs\u00e9minaires. 22 repas ensemble. 13 nouveaux mouvements. 1 message d\u2019esp\u00e9rance \u00e0 ramener aux universit\u00e9s autour du globe. Pourquoi avons-nous besoin d\u2019esp\u00e9rance dans nos diff\u00e9rents contextes\u202f? Que retiendrez-vous de l\u2019Assembl\u00e9e mondiale\u202f?\u00a0 <\/p>\n<\/div>\n\n<div class=\"wp-block block-core-quote\">\n<blockquote class=\"wp-block-quote is-layout-flow wp-block-quote-is-layout-flow\"><p>\u00ab\u202fLes \u00e9tudiants chr\u00e9tiens ont besoin d\u2019esp\u00e9rance pour \u00eatre courageux dans l\u2019annonce de l\u2019\u00c9vangile, que ce soit par la parole ou par les actes. Je retiendrai les histoires de la Bible qui donnent de l\u2019esp\u00e9rance ainsi que toutes les histoires que j\u2019ai entendues du minist\u00e8re parmi les \u00e9tudiants autour du monde.\u202f\u00bb\u00a0<strong>Fransisca, PERKANTAS Indon\u00e9sie.<\/strong>\u00a0<\/p><p>\u00ab\u202fNous avons besoin d\u2019esp\u00e9rance pour impacter les universit\u00e9s du monde, reconna\u00eetre la diversit\u00e9, reconna\u00eetre notre unit\u00e9 \u00e9vang\u00e9lique et ne pas perdre de vue l\u2019autorit\u00e9 et l\u2019int\u00e9grit\u00e9 de la Parole de Dieu. J\u2019ai compris sans r\u00e9serve que mon histoire fait partie de l\u2019histoire de Dieu.\u202f\u00bb\u00a0<strong>Charlie, SLEFES Sierra Leone.<\/strong>\u00a0<\/p><p>\u00ab\u202fIl nous faut de l\u2019esp\u00e9rance parce que les \u00e9tudiants souffrent de d\u00e9pression et d\u2019isolation. Ils ont besoin de savoir que le Dieu qui les a cr\u00e9\u00e9s,\u00a0les conna\u00eet et les aime. Je ram\u00e8ne des id\u00e9es pratiques sur comment cultiver une communaut\u00e9 parmi des personnes qui souffrent.\u202f\u00bb\u00a0<strong>Kelley, InterVarsity\/USA.<\/strong>\u00a0  <\/p><\/blockquote>\n<\/div>\n\n<div class=\"wp-block block-core-paragraph\">\n<p> Priez avec nous pour le retour des participants dans les diff\u00e9rents mouvements autour du globe\u202f:\u00a0 <\/p>\n<\/div>\n\n<div class=\"wp-block block-core-list\">\n<ul><li>Priez que les amiti\u00e9s entre individus et entre mouvements qui ont commenc\u00e9 \u00e0 se tisser lors de l\u2019Assembl\u00e9e mondiale puissent continuer afin de fortifier les partenariats.\u00a0<\/li><li>Priez pour les nouveaux membres du Conseil d&rsquo;administration qui ont \u00e9t\u00e9 nomm\u00e9s lors de l\u2019Assembl\u00e9e mondiale. Priez que Dieu les aide \u00e0 gouverner avec sagesse et saintet\u00e9.\u00a0<\/li><li>Priez que les le\u00e7ons qui ont \u00e9t\u00e9 apprises et les id\u00e9es qui ont \u00e9t\u00e9 partag\u00e9es lors de l\u2019Assembl\u00e9e mondiale ne soient pas oubli\u00e9es de si vite mais qu\u2019elles soient utiles aux mouvements nationaux auxquels retournent les d\u00e9l\u00e9gu\u00e9s.\u00a0<\/li><\/ul>\n<\/div>\n\n<div class=\"wp-block block-core-paragraph\">\n<p>Merci de prier avec nous ! <\/p>\n<\/div>","protected":false},"featured_media":7356,"template":"","area":[],"theme":[1264],"class_list":["post-7359","prayerline","type-prayerline","status-publish","has-post-thumbnail","hentry","theme-assemblee-mondiale"],"acf":[],"yoast_head":"<!-- This site is optimized with the Yoast SEO plugin v22.6 - https:\/\/yoast.com\/wordpress\/plugins\/seo\/ -->\n<title>Des participants \u00e0 l\u2019Assembl\u00e9e mondiale font part de leurs r\u00e9flexions. &#183; IFES Prayerline<\/title>\n<meta name=\"description\" content=\"1\u202f100\u202fparticipants. 170 pays. 70\u202fs\u00e9minaires. 22 repas ensemble. 13 nouveaux mouvements. 1 message d\u2019esp\u00e9rance \u00e0 ramener aux universit\u00e9s autour du globe.\" \/>\n<meta name=\"robots\" content=\"noindex, follow, max-snippet:-1, max-image-preview:large, max-video-preview:-1\" \/>\n<meta property=\"og:locale\" content=\"fr_FR\" \/>\n<meta property=\"og:type\" content=\"article\" \/>\n<meta property=\"og:title\" content=\"Des participants \u00e0 l\u2019Assembl\u00e9e mondiale font part de leurs r\u00e9flexions. &#183; IFES Prayerline\" \/>\n<meta property=\"og:description\" content=\"1\u202f100\u202fparticipants. 170 pays. 70\u202fs\u00e9minaires. 22 repas ensemble. 13 nouveaux mouvements. 1 message d\u2019esp\u00e9rance \u00e0 ramener aux universit\u00e9s autour du globe.\" \/>\n<meta property=\"og:url\" content=\"https:\/\/ifesworld.org\/fr\/prayerline\/des-participants-a-lassemblee-mondiale-font-part-de-leurs-reflexions\/\" \/>\n<meta property=\"og:site_name\" content=\"IFES\" \/>\n<meta property=\"article:modified_time\" content=\"2019-07-16T11:04:32+00:00\" \/>\n<meta property=\"og:image\" content=\"https:\/\/ifesworld.org\/wp-content\/uploads\/2019\/07\/190716-IFES-World-Assembly-2019-day1-\u00a9-IFES-Alexandra-Smart-2019_1.jpg\" \/>\n\t<meta property=\"og:image:width\" content=\"1280\" \/>\n\t<meta property=\"og:image:height\" content=\"720\" \/>\n\t<meta property=\"og:image:type\" content=\"image\/jpeg\" \/>\n<meta name=\"twitter:card\" content=\"summary_large_image\" \/>\n<meta name=\"twitter:label1\" content=\"Dur\u00e9e de lecture estim\u00e9e\" \/>\n\t<meta name=\"twitter:data1\" content=\"2 minutes\" \/>\n<script type=\"application\/ld+json\" class=\"yoast-schema-graph\">{\"@context\":\"https:\/\/schema.org\",\"@graph\":[{\"@type\":\"WebPage\",\"@id\":\"https:\/\/ifesworld.org\/fr\/prayerline\/des-participants-a-lassemblee-mondiale-font-part-de-leurs-reflexions\/\",\"url\":\"https:\/\/ifesworld.org\/fr\/prayerline\/des-participants-a-lassemblee-mondiale-font-part-de-leurs-reflexions\/\",\"name\":\"Des participants \u00e0 l\u2019Assembl\u00e9e mondiale font part de leurs r\u00e9flexions. &#183; IFES Prayerline\",\"isPartOf\":{\"@id\":\"https:\/\/fru.ifesworld.org\/en\/#website\"},\"primaryImageOfPage\":{\"@id\":\"https:\/\/ifesworld.org\/fr\/prayerline\/des-participants-a-lassemblee-mondiale-font-part-de-leurs-reflexions\/#primaryimage\"},\"image\":{\"@id\":\"https:\/\/ifesworld.org\/fr\/prayerline\/des-participants-a-lassemblee-mondiale-font-part-de-leurs-reflexions\/#primaryimage\"},\"thumbnailUrl\":\"https:\/\/fru.ifesworld.org\/wp-content\/uploads\/2019\/07\/190716-IFES-World-Assembly-2019-day1-\u00a9-IFES-Alexandra-Smart-2019_1.jpg\",\"datePublished\":\"2019-07-16T11:04:31+00:00\",\"dateModified\":\"2019-07-16T11:04:32+00:00\",\"description\":\"1\u202f100\u202fparticipants. 170 pays. 70\u202fs\u00e9minaires. 22 repas ensemble. 13 nouveaux mouvements. 1 message d\u2019esp\u00e9rance \u00e0 ramener aux universit\u00e9s autour du globe.\",\"breadcrumb\":{\"@id\":\"https:\/\/ifesworld.org\/fr\/prayerline\/des-participants-a-lassemblee-mondiale-font-part-de-leurs-reflexions\/#breadcrumb\"},\"inLanguage\":\"fr-FR\",\"potentialAction\":[{\"@type\":\"ReadAction\",\"target\":[\"https:\/\/ifesworld.org\/fr\/prayerline\/des-participants-a-lassemblee-mondiale-font-part-de-leurs-reflexions\/\"]}]},{\"@type\":\"ImageObject\",\"inLanguage\":\"fr-FR\",\"@id\":\"https:\/\/ifesworld.org\/fr\/prayerline\/des-participants-a-lassemblee-mondiale-font-part-de-leurs-reflexions\/#primaryimage\",\"url\":\"https:\/\/fru.ifesworld.org\/wp-content\/uploads\/2019\/07\/190716-IFES-World-Assembly-2019-day1-\u00a9-IFES-Alexandra-Smart-2019_1.jpg\",\"contentUrl\":\"https:\/\/fru.ifesworld.org\/wp-content\/uploads\/2019\/07\/190716-IFES-World-Assembly-2019-day1-\u00a9-IFES-Alexandra-Smart-2019_1.jpg\",\"width\":1280,\"height\":720},{\"@type\":\"BreadcrumbList\",\"@id\":\"https:\/\/ifesworld.org\/fr\/prayerline\/des-participants-a-lassemblee-mondiale-font-part-de-leurs-reflexions\/#breadcrumb\",\"itemListElement\":[{\"@type\":\"ListItem\",\"position\":1,\"name\":\"Home\",\"item\":\"https:\/\/fru.ifesworld.org\/fr\/\"},{\"@type\":\"ListItem\",\"position\":2,\"name\":\"Prayerline\",\"item\":\"https:\/\/ifesworld.org\/en\/prayerline\/\"},{\"@type\":\"ListItem\",\"position\":3,\"name\":\"Des participants \u00e0 l\u2019Assembl\u00e9e mondiale font part de leurs r\u00e9flexions.\"}]},{\"@type\":\"WebSite\",\"@id\":\"https:\/\/fru.ifesworld.org\/en\/#website\",\"url\":\"https:\/\/fru.ifesworld.org\/en\/\",\"name\":\"IFES\",\"description\":\"A movement of students sharing and living out the good news of Jesus Christ. Locally. Nationally. Globally.\",\"publisher\":{\"@id\":\"https:\/\/fru.ifesworld.org\/en\/#organization\"},\"potentialAction\":[{\"@type\":\"SearchAction\",\"target\":{\"@type\":\"EntryPoint\",\"urlTemplate\":\"https:\/\/fru.ifesworld.org\/en\/?s={search_term_string}\"},\"query-input\":\"required name=search_term_string\"}],\"inLanguage\":\"fr-FR\"},{\"@type\":\"Organization\",\"@id\":\"https:\/\/fru.ifesworld.org\/en\/#organization\",\"name\":\"IFES \u00b7 International Fellowship of Evangelical Students\",\"url\":\"https:\/\/fru.ifesworld.org\/en\/\",\"logo\":{\"@type\":\"ImageObject\",\"inLanguage\":\"fr-FR\",\"@id\":\"https:\/\/fru.ifesworld.org\/en\/#\/schema\/logo\/image\/\",\"url\":\"https:\/\/fru.ifesworld.org\/wp-content\/uploads\/2019\/06\/ifeslogo.png\",\"contentUrl\":\"https:\/\/fru.ifesworld.org\/wp-content\/uploads\/2019\/06\/ifeslogo.png\",\"width\":262,\"height\":262,\"caption\":\"IFES \u00b7 International Fellowship of Evangelical Students\"},\"image\":{\"@id\":\"https:\/\/fru.ifesworld.org\/en\/#\/schema\/logo\/image\/\"}}]}<\/script>\n<!-- \/ Yoast SEO plugin. -->","yoast_head_json":{"title":"Des participants \u00e0 l\u2019Assembl\u00e9e mondiale font part de leurs r\u00e9flexions. &#183; IFES Prayerline","description":"1\u202f100\u202fparticipants. 170 pays. 70\u202fs\u00e9minaires. 22 repas ensemble. 13 nouveaux mouvements. 1 message d\u2019esp\u00e9rance \u00e0 ramener aux universit\u00e9s autour du globe.","robots":{"index":"noindex","follow":"follow","max-snippet":"max-snippet:-1","max-image-preview":"max-image-preview:large","max-video-preview":"max-video-preview:-1"},"og_locale":"fr_FR","og_type":"article","og_title":"Des participants \u00e0 l\u2019Assembl\u00e9e mondiale font part de leurs r\u00e9flexions. &#183; IFES Prayerline","og_description":"1\u202f100\u202fparticipants. 170 pays. 70\u202fs\u00e9minaires. 22 repas ensemble. 13 nouveaux mouvements. 1 message d\u2019esp\u00e9rance \u00e0 ramener aux universit\u00e9s autour du globe.","og_url":"https:\/\/ifesworld.org\/fr\/prayerline\/des-participants-a-lassemblee-mondiale-font-part-de-leurs-reflexions\/","og_site_name":"IFES","article_modified_time":"2019-07-16T11:04:32+00:00","og_image":[{"width":1280,"height":720,"url":"https:\/\/ifesworld.org\/wp-content\/uploads\/2019\/07\/190716-IFES-World-Assembly-2019-day1-\u00a9-IFES-Alexandra-Smart-2019_1.jpg","type":"image\/jpeg"}],"twitter_card":"summary_large_image","twitter_misc":{"Dur\u00e9e de lecture estim\u00e9e":"2 minutes"},"schema":{"@context":"https:\/\/schema.org","@graph":[{"@type":"WebPage","@id":"https:\/\/ifesworld.org\/fr\/prayerline\/des-participants-a-lassemblee-mondiale-font-part-de-leurs-reflexions\/","url":"https:\/\/ifesworld.org\/fr\/prayerline\/des-participants-a-lassemblee-mondiale-font-part-de-leurs-reflexions\/","name":"Des participants \u00e0 l\u2019Assembl\u00e9e mondiale font part de leurs r\u00e9flexions. &#183; IFES Prayerline","isPartOf":{"@id":"https:\/\/fru.ifesworld.org\/en\/#website"},"primaryImageOfPage":{"@id":"https:\/\/ifesworld.org\/fr\/prayerline\/des-participants-a-lassemblee-mondiale-font-part-de-leurs-reflexions\/#primaryimage"},"image":{"@id":"https:\/\/ifesworld.org\/fr\/prayerline\/des-participants-a-lassemblee-mondiale-font-part-de-leurs-reflexions\/#primaryimage"},"thumbnailUrl":"https:\/\/fru.ifesworld.org\/wp-content\/uploads\/2019\/07\/190716-IFES-World-Assembly-2019-day1-\u00a9-IFES-Alexandra-Smart-2019_1.jpg","datePublished":"2019-07-16T11:04:31+00:00","dateModified":"2019-07-16T11:04:32+00:00","description":"1\u202f100\u202fparticipants. 170 pays. 70\u202fs\u00e9minaires. 22 repas ensemble. 13 nouveaux mouvements. 1 message d\u2019esp\u00e9rance \u00e0 ramener aux universit\u00e9s autour du globe.","breadcrumb":{"@id":"https:\/\/ifesworld.org\/fr\/prayerline\/des-participants-a-lassemblee-mondiale-font-part-de-leurs-reflexions\/#breadcrumb"},"inLanguage":"fr-FR","potentialAction":[{"@type":"ReadAction","target":["https:\/\/ifesworld.org\/fr\/prayerline\/des-participants-a-lassemblee-mondiale-font-part-de-leurs-reflexions\/"]}]},{"@type":"ImageObject","inLanguage":"fr-FR","@id":"https:\/\/ifesworld.org\/fr\/prayerline\/des-participants-a-lassemblee-mondiale-font-part-de-leurs-reflexions\/#primaryimage","url":"https:\/\/fru.ifesworld.org\/wp-content\/uploads\/2019\/07\/190716-IFES-World-Assembly-2019-day1-\u00a9-IFES-Alexandra-Smart-2019_1.jpg","contentUrl":"https:\/\/fru.ifesworld.org\/wp-content\/uploads\/2019\/07\/190716-IFES-World-Assembly-2019-day1-\u00a9-IFES-Alexandra-Smart-2019_1.jpg","width":1280,"height":720},{"@type":"BreadcrumbList","@id":"https:\/\/ifesworld.org\/fr\/prayerline\/des-participants-a-lassemblee-mondiale-font-part-de-leurs-reflexions\/#breadcrumb","itemListElement":[{"@type":"ListItem","position":1,"name":"Home","item":"https:\/\/fru.ifesworld.org\/fr\/"},{"@type":"ListItem","position":2,"name":"Prayerline","item":"https:\/\/ifesworld.org\/en\/prayerline\/"},{"@type":"ListItem","position":3,"name":"Des participants \u00e0 l\u2019Assembl\u00e9e mondiale font part de leurs r\u00e9flexions."}]},{"@type":"WebSite","@id":"https:\/\/fru.ifesworld.org\/en\/#website","url":"https:\/\/fru.ifesworld.org\/en\/","name":"IFES","description":"A movement of students sharing and living out the good news of Jesus Christ. Locally. Nationally. Globally.","publisher":{"@id":"https:\/\/fru.ifesworld.org\/en\/#organization"},"potentialAction":[{"@type":"SearchAction","target":{"@type":"EntryPoint","urlTemplate":"https:\/\/fru.ifesworld.org\/en\/?s={search_term_string}"},"query-input":"required name=search_term_string"}],"inLanguage":"fr-FR"},{"@type":"Organization","@id":"https:\/\/fru.ifesworld.org\/en\/#organization","name":"IFES \u00b7 International Fellowship of Evangelical Students","url":"https:\/\/fru.ifesworld.org\/en\/","logo":{"@type":"ImageObject","inLanguage":"fr-FR","@id":"https:\/\/fru.ifesworld.org\/en\/#\/schema\/logo\/image\/","url":"https:\/\/fru.ifesworld.org\/wp-content\/uploads\/2019\/06\/ifeslogo.png","contentUrl":"https:\/\/fru.ifesworld.org\/wp-content\/uploads\/2019\/06\/ifeslogo.png","width":262,"height":262,"caption":"IFES \u00b7 International Fellowship of Evangelical Students"},"image":{"@id":"https:\/\/fru.ifesworld.org\/en\/#\/schema\/logo\/image\/"}}]}},"_links":{"self":[{"href":"https:\/\/fru.ifesworld.org\/fr\/wp-json\/wp\/v2\/prayerline\/7359"}],"collection":[{"href":"https:\/\/fru.ifesworld.org\/fr\/wp-json\/wp\/v2\/prayerline"}],"about":[{"href":"https:\/\/fru.ifesworld.org\/fr\/wp-json\/wp\/v2\/types\/prayerline"}],"wp:featuredmedia":[{"embeddable":true,"href":"https:\/\/fru.ifesworld.org\/fr\/wp-json\/wp\/v2\/media\/7356"}],"wp:attachment":[{"href":"https:\/\/fru.ifesworld.org\/fr\/wp-json\/wp\/v2\/media?parent=7359"}],"wp:term":[{"taxonomy":"area","embeddable":true,"href":"https:\/\/fru.ifesworld.org\/fr\/wp-json\/wp\/v2\/area?post=7359"},{"taxonomy":"theme","embeddable":true,"href":"https:\/\/fru.ifesworld.org\/fr\/wp-json\/wp\/v2\/theme?post=7359"}],"curies":[{"name":"wp","href":"https:\/\/api.w.org\/{rel}","templated":true}]}}