{"id":3353,"date":"2019-06-06T16:37:16","date_gmt":"2019-06-06T16:37:16","guid":{"rendered":"https:\/\/fru.ifesworld.org\/?post_type=prayerline&#038;p=3353"},"modified":"2019-06-06T16:37:17","modified_gmt":"2019-06-06T16:37:17","slug":"les-defis-associes-a-levangelisation-sur-le-campus","status":"publish","type":"prayerline","link":"https:\/\/fru.ifesworld.org\/fr\/prayerline\/les-defis-associes-a-levangelisation-sur-le-campus\/","title":{"rendered":"Les d\u00e9fis associ\u00e9s \u00e0 l\u2019\u00e9vang\u00e9lisation sur le campus"},"content":{"rendered":"<p><span class=\"TextRun SCXW253441973 BCX0\" lang=\"FR-FR\" xml:lang=\"FR-FR\" data-contrast=\"none\"><span class=\"NormalTextRun SCXW253441973 BCX0\">Comment devrions-nous prier pour les \u00e9tudiants de Tha\u00eflande ? Quel est le climat spirituel qui pr\u00e9vaut dans le milieu universitaire de nos jours ? Michelle, \u00e9quipi\u00e8re du TCS, le mouvement de l\u2019IFES en Tha\u00eflande, nous en donne un aper\u00e7u :<\/span><\/span><span class=\"EOP SCXW253441973 BCX0\" data-ccp-props=\"{&quot;201341983&quot;:2,&quot;335559739&quot;:120,&quot;335559740&quot;:240}\">\u00a0<\/span><\/p>\n\n<div class=\"wp-block block-core-quote\">\n<blockquote class=\"wp-block-quote is-layout-flow wp-block-quote-is-layout-flow\"><p> \u00ab\u202fLes principaux enjeux avec lesquels les \u00e9tudiants d\u2019aujourd\u2019hui doivent apprendre \u00e0 composer sont les familles bris\u00e9es, les relations, le stress acad\u00e9mique et l\u2019isolement.\u202f\u00bb Nous n\u2019avons pas vu beaucoup de changement s\u2019op\u00e9rer pour ce qui est de l\u2019ouverture spirituelle des \u00e9tudiants. Aujourd\u2019hui, il est plus facile pour un \u00e9tudiant tha\u00ef qui veut en apprendre davantage sur le christianisme d\u2019utiliser l\u2019Internet pour se renseigner sur la foi chr\u00e9tienne. Mais l&rsquo;acc\u00e8s plus facile gr\u00e2ce \u00e0 l\u2019Internet signifie \u00e9galement la possibilit\u00e9 d\u2019obtenir de fausses informations (parfois aupr\u00e8s des groupes sectaires). De nombreux \u00e9tudiants tha\u00efs sont plus dispos\u00e9s \u00e0 \u00e9couter une pr\u00e9sentation de l\u2019\u00c9vangile, mais ils ne sont pas tr\u00e8s enclins \u00e0 passer \u00e0 la prochaine \u00e9tape. Plusieurs continuent de croire que leur nationalit\u00e9 tha\u00ef implique d&#8217;embl\u00e9e qu\u2019ils sont bouddhistes et ils voient le christianisme comme une religion occidentale.\u00a0 <\/p><\/blockquote>\n<\/div>\n\n<p><span data-contrast=\"none\">Dans un tel contexte, l\u2019\u00e9vang\u00e9lisation est essentielle mais elle est loin d\u2019\u00eatre facile.\u202f\u00bb Le mois prochain, 100 \u00e9tudiants prendront part au camp national du TCS. Priez que par ce moyen, ces \u00e9tudiants soient \u00e9quip\u00e9s et rendus capables de partager la bonne nouvelle de J\u00e9sus avec leurs amis avec confiance, qu\u2019ils fassent preuve de sensibilit\u00e9 pastorale et se consacrent \u00e0 la pri\u00e8re.<\/span><span data-ccp-props=\"{&quot;201341983&quot;:2,&quot;335559739&quot;:120,&quot;335559740&quot;:240}\">\u00a0<\/span><\/p>\n<p><span data-contrast=\"none\">Priez avec nous pour le travail au sein du TCS Tha\u00eflande\u202f:<\/span><span data-ccp-props=\"{&quot;201341983&quot;:2,&quot;335559739&quot;:120,&quot;335559740&quot;:240}\">\u00a0<\/span><\/p>\n<ul>\n<li><span data-contrast=\"none\">Priez que les \u00e9tudiants chr\u00e9tiens mettent Dieu en priorit\u00e9 dans leur vie, plut\u00f4t que de se laisser entra\u00eener \u00e0 rechercher avant tout la r\u00e9ussite et \u00eatre trop occup\u00e9s pour penser \u00e0 Dieu.<\/span><span data-ccp-props=\"{&quot;201341983&quot;:2,&quot;335559685&quot;:720,&quot;335559739&quot;:120,&quot;335559740&quot;:240}\">\u00a0<\/span><\/li>\n<li><span data-contrast=\"none\">Priez que de nombreux \u00e9tudiants tha\u00efs en viennent cette ann\u00e9e \u00e0 voir que J\u00e9sus seul offre l\u2019amour, l\u2019identit\u00e9, la paix et la pl\u00e9nitude int\u00e9rieure dont ils ont besoin et qu\u2019ils placent leur foi en lui.<\/span><span data-ccp-props=\"{&quot;201341983&quot;:2,&quot;335559685&quot;:720,&quot;335559739&quot;:120,&quot;335559740&quot;:240}\">\u00a0<\/span><\/li>\n<li><span data-contrast=\"none\">Le TCS tiendra son Congr\u00e8s r\u00e9gional pour l&rsquo;Asie de l&rsquo;Est, en juillet 2020, impliquant la participation de 700 d\u00e9l\u00e9gu\u00e9s. Priez pour la planification et les pr\u00e9paratifs de cet \u00e9v\u00e9nement.<\/span><span data-ccp-props=\"{&quot;201341983&quot;:2,&quot;335559685&quot;:720,&quot;335559739&quot;:120,&quot;335559740&quot;:240}\">\u00a0<\/span><\/li>\n<li><span data-contrast=\"none\">Priez pour deux nouveaux minist\u00e8res du TCS : une union chr\u00e9tienne d\u2019enseignants, de m\u00eame qu\u2019un minist\u00e8re digital travaillant actuellement sur la cr\u00e9ation d\u2019une plateforme de discipulat en ligne.<\/span><span data-ccp-props=\"{&quot;201341983&quot;:2,&quot;335559685&quot;:720,&quot;335559739&quot;:120,&quot;335559740&quot;:240}\">\u00a0<\/span><\/li>\n<\/ul>\n<p>Merci de prier avec nous !<\/p>","protected":false},"featured_media":3351,"template":"","area":[949,1000],"theme":[1248],"class_list":["post-3353","prayerline","type-prayerline","status-publish","has-post-thumbnail","hentry","area-asie-de-lest","area-thailande","theme-evangelisation"],"acf":[],"yoast_head":"<!-- This site is optimized with the Yoast SEO plugin v22.6 - https:\/\/yoast.com\/wordpress\/plugins\/seo\/ -->\n<title>Les d\u00e9fis associ\u00e9s \u00e0 l\u2019\u00e9vang\u00e9lisation sur le campus &#183; IFES Prayerline<\/title>\n<meta name=\"description\" content=\"Comment devrions-nous prier pour les \u00e9tudiants de Tha\u00eflande ? Quel est le climat spirituel qui pr\u00e9vaut dans le milieu universitaire de nos jours ?\" \/>\n<meta name=\"robots\" content=\"noindex, follow, max-snippet:-1, max-image-preview:large, max-video-preview:-1\" \/>\n<meta property=\"og:locale\" content=\"fr_FR\" \/>\n<meta property=\"og:type\" content=\"article\" \/>\n<meta property=\"og:title\" content=\"Les d\u00e9fis associ\u00e9s \u00e0 l\u2019\u00e9vang\u00e9lisation sur le campus &#183; IFES Prayerline\" \/>\n<meta property=\"og:description\" content=\"Comment devrions-nous prier pour les \u00e9tudiants de Tha\u00eflande ? Quel est le climat spirituel qui pr\u00e9vaut dans le milieu universitaire de nos jours ?\" \/>\n<meta property=\"og:url\" content=\"https:\/\/ifesworld.org\/fr\/prayerline\/les-defis-associes-a-levangelisation-sur-le-campus\/\" \/>\n<meta property=\"og:site_name\" content=\"IFES\" \/>\n<meta property=\"article:modified_time\" content=\"2019-06-06T16:37:17+00:00\" \/>\n<meta property=\"og:image\" content=\"https:\/\/ifesworld.org\/wp-content\/uploads\/2019\/06\/190528-Thailand.jpg\" \/>\n\t<meta property=\"og:image:width\" content=\"1280\" \/>\n\t<meta property=\"og:image:height\" content=\"720\" \/>\n\t<meta property=\"og:image:type\" content=\"image\/jpeg\" \/>\n<meta name=\"twitter:card\" content=\"summary_large_image\" \/>\n<meta name=\"twitter:label1\" content=\"Dur\u00e9e de lecture estim\u00e9e\" \/>\n\t<meta name=\"twitter:data1\" content=\"2 minutes\" \/>\n<script type=\"application\/ld+json\" class=\"yoast-schema-graph\">{\"@context\":\"https:\/\/schema.org\",\"@graph\":[{\"@type\":\"WebPage\",\"@id\":\"https:\/\/ifesworld.org\/fr\/prayerline\/les-defis-associes-a-levangelisation-sur-le-campus\/\",\"url\":\"https:\/\/ifesworld.org\/fr\/prayerline\/les-defis-associes-a-levangelisation-sur-le-campus\/\",\"name\":\"Les d\u00e9fis associ\u00e9s \u00e0 l\u2019\u00e9vang\u00e9lisation sur le campus &#183; IFES Prayerline\",\"isPartOf\":{\"@id\":\"https:\/\/fru.ifesworld.org\/en\/#website\"},\"primaryImageOfPage\":{\"@id\":\"https:\/\/ifesworld.org\/fr\/prayerline\/les-defis-associes-a-levangelisation-sur-le-campus\/#primaryimage\"},\"image\":{\"@id\":\"https:\/\/ifesworld.org\/fr\/prayerline\/les-defis-associes-a-levangelisation-sur-le-campus\/#primaryimage\"},\"thumbnailUrl\":\"https:\/\/fru.ifesworld.org\/wp-content\/uploads\/2019\/06\/190528-Thailand.jpg\",\"datePublished\":\"2019-06-06T16:37:16+00:00\",\"dateModified\":\"2019-06-06T16:37:17+00:00\",\"description\":\"Comment devrions-nous prier pour les \u00e9tudiants de Tha\u00eflande ? Quel est le climat spirituel qui pr\u00e9vaut dans le milieu universitaire de nos jours ?\",\"breadcrumb\":{\"@id\":\"https:\/\/ifesworld.org\/fr\/prayerline\/les-defis-associes-a-levangelisation-sur-le-campus\/#breadcrumb\"},\"inLanguage\":\"fr-FR\",\"potentialAction\":[{\"@type\":\"ReadAction\",\"target\":[\"https:\/\/ifesworld.org\/fr\/prayerline\/les-defis-associes-a-levangelisation-sur-le-campus\/\"]}]},{\"@type\":\"ImageObject\",\"inLanguage\":\"fr-FR\",\"@id\":\"https:\/\/ifesworld.org\/fr\/prayerline\/les-defis-associes-a-levangelisation-sur-le-campus\/#primaryimage\",\"url\":\"https:\/\/fru.ifesworld.org\/wp-content\/uploads\/2019\/06\/190528-Thailand.jpg\",\"contentUrl\":\"https:\/\/fru.ifesworld.org\/wp-content\/uploads\/2019\/06\/190528-Thailand.jpg\",\"width\":1280,\"height\":720},{\"@type\":\"BreadcrumbList\",\"@id\":\"https:\/\/ifesworld.org\/fr\/prayerline\/les-defis-associes-a-levangelisation-sur-le-campus\/#breadcrumb\",\"itemListElement\":[{\"@type\":\"ListItem\",\"position\":1,\"name\":\"Home\",\"item\":\"https:\/\/fru.ifesworld.org\/fr\/\"},{\"@type\":\"ListItem\",\"position\":2,\"name\":\"Prayerline\",\"item\":\"https:\/\/ifesworld.org\/en\/prayerline\/\"},{\"@type\":\"ListItem\",\"position\":3,\"name\":\"Les d\u00e9fis associ\u00e9s \u00e0 l\u2019\u00e9vang\u00e9lisation sur le campus\"}]},{\"@type\":\"WebSite\",\"@id\":\"https:\/\/fru.ifesworld.org\/en\/#website\",\"url\":\"https:\/\/fru.ifesworld.org\/en\/\",\"name\":\"IFES\",\"description\":\"A movement of students sharing and living out the good news of Jesus Christ. Locally. Nationally. Globally.\",\"publisher\":{\"@id\":\"https:\/\/fru.ifesworld.org\/en\/#organization\"},\"potentialAction\":[{\"@type\":\"SearchAction\",\"target\":{\"@type\":\"EntryPoint\",\"urlTemplate\":\"https:\/\/fru.ifesworld.org\/en\/?s={search_term_string}\"},\"query-input\":\"required name=search_term_string\"}],\"inLanguage\":\"fr-FR\"},{\"@type\":\"Organization\",\"@id\":\"https:\/\/fru.ifesworld.org\/en\/#organization\",\"name\":\"IFES \u00b7 International Fellowship of Evangelical Students\",\"url\":\"https:\/\/fru.ifesworld.org\/en\/\",\"logo\":{\"@type\":\"ImageObject\",\"inLanguage\":\"fr-FR\",\"@id\":\"https:\/\/fru.ifesworld.org\/en\/#\/schema\/logo\/image\/\",\"url\":\"https:\/\/fru.ifesworld.org\/wp-content\/uploads\/2019\/06\/ifeslogo.png\",\"contentUrl\":\"https:\/\/fru.ifesworld.org\/wp-content\/uploads\/2019\/06\/ifeslogo.png\",\"width\":262,\"height\":262,\"caption\":\"IFES \u00b7 International Fellowship of Evangelical Students\"},\"image\":{\"@id\":\"https:\/\/fru.ifesworld.org\/en\/#\/schema\/logo\/image\/\"}}]}<\/script>\n<!-- \/ Yoast SEO plugin. -->","yoast_head_json":{"title":"Les d\u00e9fis associ\u00e9s \u00e0 l\u2019\u00e9vang\u00e9lisation sur le campus &#183; IFES Prayerline","description":"Comment devrions-nous prier pour les \u00e9tudiants de Tha\u00eflande ? Quel est le climat spirituel qui pr\u00e9vaut dans le milieu universitaire de nos jours ?","robots":{"index":"noindex","follow":"follow","max-snippet":"max-snippet:-1","max-image-preview":"max-image-preview:large","max-video-preview":"max-video-preview:-1"},"og_locale":"fr_FR","og_type":"article","og_title":"Les d\u00e9fis associ\u00e9s \u00e0 l\u2019\u00e9vang\u00e9lisation sur le campus &#183; IFES Prayerline","og_description":"Comment devrions-nous prier pour les \u00e9tudiants de Tha\u00eflande ? Quel est le climat spirituel qui pr\u00e9vaut dans le milieu universitaire de nos jours ?","og_url":"https:\/\/ifesworld.org\/fr\/prayerline\/les-defis-associes-a-levangelisation-sur-le-campus\/","og_site_name":"IFES","article_modified_time":"2019-06-06T16:37:17+00:00","og_image":[{"width":1280,"height":720,"url":"https:\/\/ifesworld.org\/wp-content\/uploads\/2019\/06\/190528-Thailand.jpg","type":"image\/jpeg"}],"twitter_card":"summary_large_image","twitter_misc":{"Dur\u00e9e de lecture estim\u00e9e":"2 minutes"},"schema":{"@context":"https:\/\/schema.org","@graph":[{"@type":"WebPage","@id":"https:\/\/ifesworld.org\/fr\/prayerline\/les-defis-associes-a-levangelisation-sur-le-campus\/","url":"https:\/\/ifesworld.org\/fr\/prayerline\/les-defis-associes-a-levangelisation-sur-le-campus\/","name":"Les d\u00e9fis associ\u00e9s \u00e0 l\u2019\u00e9vang\u00e9lisation sur le campus &#183; IFES Prayerline","isPartOf":{"@id":"https:\/\/fru.ifesworld.org\/en\/#website"},"primaryImageOfPage":{"@id":"https:\/\/ifesworld.org\/fr\/prayerline\/les-defis-associes-a-levangelisation-sur-le-campus\/#primaryimage"},"image":{"@id":"https:\/\/ifesworld.org\/fr\/prayerline\/les-defis-associes-a-levangelisation-sur-le-campus\/#primaryimage"},"thumbnailUrl":"https:\/\/fru.ifesworld.org\/wp-content\/uploads\/2019\/06\/190528-Thailand.jpg","datePublished":"2019-06-06T16:37:16+00:00","dateModified":"2019-06-06T16:37:17+00:00","description":"Comment devrions-nous prier pour les \u00e9tudiants de Tha\u00eflande ? Quel est le climat spirituel qui pr\u00e9vaut dans le milieu universitaire de nos jours ?","breadcrumb":{"@id":"https:\/\/ifesworld.org\/fr\/prayerline\/les-defis-associes-a-levangelisation-sur-le-campus\/#breadcrumb"},"inLanguage":"fr-FR","potentialAction":[{"@type":"ReadAction","target":["https:\/\/ifesworld.org\/fr\/prayerline\/les-defis-associes-a-levangelisation-sur-le-campus\/"]}]},{"@type":"ImageObject","inLanguage":"fr-FR","@id":"https:\/\/ifesworld.org\/fr\/prayerline\/les-defis-associes-a-levangelisation-sur-le-campus\/#primaryimage","url":"https:\/\/fru.ifesworld.org\/wp-content\/uploads\/2019\/06\/190528-Thailand.jpg","contentUrl":"https:\/\/fru.ifesworld.org\/wp-content\/uploads\/2019\/06\/190528-Thailand.jpg","width":1280,"height":720},{"@type":"BreadcrumbList","@id":"https:\/\/ifesworld.org\/fr\/prayerline\/les-defis-associes-a-levangelisation-sur-le-campus\/#breadcrumb","itemListElement":[{"@type":"ListItem","position":1,"name":"Home","item":"https:\/\/fru.ifesworld.org\/fr\/"},{"@type":"ListItem","position":2,"name":"Prayerline","item":"https:\/\/ifesworld.org\/en\/prayerline\/"},{"@type":"ListItem","position":3,"name":"Les d\u00e9fis associ\u00e9s \u00e0 l\u2019\u00e9vang\u00e9lisation sur le campus"}]},{"@type":"WebSite","@id":"https:\/\/fru.ifesworld.org\/en\/#website","url":"https:\/\/fru.ifesworld.org\/en\/","name":"IFES","description":"A movement of students sharing and living out the good news of Jesus Christ. Locally. Nationally. Globally.","publisher":{"@id":"https:\/\/fru.ifesworld.org\/en\/#organization"},"potentialAction":[{"@type":"SearchAction","target":{"@type":"EntryPoint","urlTemplate":"https:\/\/fru.ifesworld.org\/en\/?s={search_term_string}"},"query-input":"required name=search_term_string"}],"inLanguage":"fr-FR"},{"@type":"Organization","@id":"https:\/\/fru.ifesworld.org\/en\/#organization","name":"IFES \u00b7 International Fellowship of Evangelical Students","url":"https:\/\/fru.ifesworld.org\/en\/","logo":{"@type":"ImageObject","inLanguage":"fr-FR","@id":"https:\/\/fru.ifesworld.org\/en\/#\/schema\/logo\/image\/","url":"https:\/\/fru.ifesworld.org\/wp-content\/uploads\/2019\/06\/ifeslogo.png","contentUrl":"https:\/\/fru.ifesworld.org\/wp-content\/uploads\/2019\/06\/ifeslogo.png","width":262,"height":262,"caption":"IFES \u00b7 International Fellowship of Evangelical Students"},"image":{"@id":"https:\/\/fru.ifesworld.org\/en\/#\/schema\/logo\/image\/"}}]}},"_links":{"self":[{"href":"https:\/\/fru.ifesworld.org\/fr\/wp-json\/wp\/v2\/prayerline\/3353"}],"collection":[{"href":"https:\/\/fru.ifesworld.org\/fr\/wp-json\/wp\/v2\/prayerline"}],"about":[{"href":"https:\/\/fru.ifesworld.org\/fr\/wp-json\/wp\/v2\/types\/prayerline"}],"wp:featuredmedia":[{"embeddable":true,"href":"https:\/\/fru.ifesworld.org\/fr\/wp-json\/wp\/v2\/media\/3351"}],"wp:attachment":[{"href":"https:\/\/fru.ifesworld.org\/fr\/wp-json\/wp\/v2\/media?parent=3353"}],"wp:term":[{"taxonomy":"area","embeddable":true,"href":"https:\/\/fru.ifesworld.org\/fr\/wp-json\/wp\/v2\/area?post=3353"},{"taxonomy":"theme","embeddable":true,"href":"https:\/\/fru.ifesworld.org\/fr\/wp-json\/wp\/v2\/theme?post=3353"}],"curies":[{"name":"wp","href":"https:\/\/api.w.org\/{rel}","templated":true}]}}