{"id":3275,"date":"2019-06-06T14:45:40","date_gmt":"2019-06-06T14:45:40","guid":{"rendered":"https:\/\/fru.ifesworld.org\/?post_type=prayerline&#038;p=3275"},"modified":"2019-06-06T14:50:45","modified_gmt":"2019-06-06T14:50:45","slug":"un-mouvement-de-lifes-desireux-de-servir-les-syriens-et-leur-faire-connaitre-notre-sauveur","status":"publish","type":"prayerline","link":"https:\/\/fru.ifesworld.org\/fr\/prayerline\/un-mouvement-de-lifes-desireux-de-servir-les-syriens-et-leur-faire-connaitre-notre-sauveur\/","title":{"rendered":"Un mouvement de l\u2019IFES d\u00e9sireux de servir les Syriens et leur faire conna\u00eetre notre Sauveur."},"content":{"rendered":"<p><span data-contrast=\"none\">Le Liban est actuellement une terre d\u2019accueil pour environ 100 000 \u00e9tudiants d\u2019origine syrienne. Toutefois, ils ne s\u2019y trouvent pas vraiment chez eux. Ce sont des r\u00e9fugi\u00e9s venus chercher asile au Liban ; leurs maisons sont en ruine en Syrie.<\/span><span data-ccp-props=\"{&quot;201341983&quot;:2,&quot;335559685&quot;:374,&quot;335559739&quot;:120,&quot;335559740&quot;:240,&quot;335559991&quot;:187}\">&nbsp;<\/span><\/p>\n<p><span data-contrast=\"none\">Un tr\u00e8s grand nombre de ces \u00e9tudiants r\u00e9fugi\u00e9s de sexe masculin auraient \u00e9t\u00e9 contraints de joindre les rangs de l\u2019arm\u00e9e s\u2019ils n&rsquo;avaient pas r\u00e9ussi \u00e0 s\u2019\u00e9chapper. Cinq d\u2019entre eux se sont joints \u00e0 notre groupe d\u2019\u00e9tude biblique sur le campus organis\u00e9 par LIVF \u2013 le mouvement de l\u2019IFES au Liban. Ils ont tous perdu des \u00eatres chers et \u00e9t\u00e9 les t\u00e9moins de la destruction brutale de leur maison et de leur ville. Pour eux, notre groupe de rencontre constitue en quelque sorte une famille.<\/span><span data-ccp-props=\"{&quot;201341983&quot;:2,&quot;335559685&quot;:374,&quot;335559739&quot;:120,&quot;335559740&quot;:240,&quot;335559991&quot;:187}\">&nbsp;<\/span><\/p>\n<p><span data-contrast=\"none\">De nombreux \u00e9tudiants syriens ont de la difficult\u00e9 \u00e0 s\u2019inscrire \u00e0 l\u2019universit\u00e9 parce que les documents et certificats dont ils ont besoin ont souvent \u00e9t\u00e9 laiss\u00e9s derri\u00e8re en Syrie. D\u2019autres sont frein\u00e9s par le fait de devoir d\u2019abord apprendre l\u2019anglais avant de pouvoir poursuivre leurs \u00e9tudes.<\/span><span data-ccp-props=\"{&quot;201341983&quot;:2,&quot;335559685&quot;:374,&quot;335559739&quot;:120,&quot;335559740&quot;:240,&quot;335559991&quot;:187}\">&nbsp;<\/span><\/p>\n<p><span data-contrast=\"none\">Le mouvement \u00e9tudiant LIVF aspire \u00e0 atteindre ces \u00e9tudiants syriens. Le Secr\u00e9taire g\u00e9n\u00e9ral explique :<\/span><span data-ccp-props=\"{&quot;201341983&quot;:2,&quot;335559685&quot;:374,&quot;335559739&quot;:120,&quot;335559740&quot;:240,&quot;335559991&quot;:187}\">&nbsp;<\/span><\/p>\n\n<div class=\"wp-block block-core-quote\">\n<blockquote class=\"wp-block-quote is-layout-flow wp-block-quote-is-layout-flow\"><p> \u00ab\u202fNous nous effor\u00e7ons d\u2019aider nos fr\u00e8res et s\u0153urs d\u2019origine syrienne \u00e0 affronter la situation et \u00e0 \u00e9tablir de solides fondations bas\u00e9es sur l&rsquo;enseignement biblique. Nous n\u2019avons que peu de ressources, mais nous prions en vue d\u2019\u00eatre capables de combler les besoins des \u00e9tudiants et de les conduire au Sauveur.\u202f\u00bb&nbsp;<\/p><p>&nbsp; <\/p><\/blockquote>\n<\/div>\n\n<p><span data-contrast=\"none\">Joignez-vous \u00e0 nous en priant pour le minist\u00e8re de LIVF Liban.<\/span><span data-ccp-props=\"{&quot;201341983&quot;:2,&quot;335559685&quot;:374,&quot;335559739&quot;:120,&quot;335559740&quot;:240,&quot;335559991&quot;:187}\">&nbsp;<\/span><\/p>\n<ul>\n<li data-leveltext=\"-\" data-font=\"Open Sans\" data-listid=\"21\" aria-setsize=\"-1\" data-aria-posinset=\"0\" data-aria-level=\"1\"><span data-contrast=\"none\">Priez que les membres de LIVF sachent comment pleurer avec ceux qui pleurent et entourer sur qui luttent avec le deuil, la solitude, des enjeux reli\u00e9s \u00e0 leur inscription et les barri\u00e8res de langue.<\/span><span data-ccp-props=\"{&quot;201341983&quot;:2,&quot;335559739&quot;:120,&quot;335559740&quot;:240}\">&nbsp;<\/span><\/li>\n<li data-leveltext=\"-\" data-font=\"Open Sans\" data-listid=\"21\" aria-setsize=\"-1\" data-aria-posinset=\"0\" data-aria-level=\"1\"><span data-contrast=\"none\">Priez qu\u2019au milieu de leurs difficult\u00e9s, de nombreux \u00e9tudiants syriens viennent, au cours de cette ann\u00e9e, \u00e0 conna\u00eetre Dieu en tant que P\u00e8re compatissant et le Dieu de toute consolation.<\/span><span data-ccp-props=\"{&quot;201341983&quot;:2,&quot;335559739&quot;:120,&quot;335559740&quot;:240}\">&nbsp;<\/span><\/li>\n<li data-leveltext=\"-\" data-font=\"Open Sans\" data-listid=\"21\" aria-setsize=\"-1\" data-aria-posinset=\"0\" data-aria-level=\"1\"><span data-contrast=\"none\">Louez Dieu pour le fait que le pr\u00e9sident actuel du Liban soit chr\u00e9tien \u2013 le seul pays arabe ayant un pr\u00e9sident chr\u00e9tien. Priez pour une paix durable \u00e0 travers tout le pays et pour que les portes demeurent ouvertes \u00e0 l\u2019\u00c9vangile sur les campus universitaires.<\/span><span data-ccp-props=\"{&quot;201341983&quot;:2,&quot;335559739&quot;:120,&quot;335559740&quot;:240}\">&nbsp;<\/span><\/li>\n<\/ul>\n<p>Merci de prier avec nous !<\/p>","protected":false},"featured_media":3274,"template":"","area":[1143,955],"theme":[1262],"class_list":["post-3275","prayerline","type-prayerline","status-publish","has-post-thumbnail","hentry","area-liban","area-moyen-orient-et-afrique-du-nord","theme-action-sociale"],"acf":[],"yoast_head":"<!-- This site is optimized with the Yoast SEO plugin v22.6 - https:\/\/yoast.com\/wordpress\/plugins\/seo\/ -->\n<title>Un mouvement de l\u2019IFES d\u00e9sireux de servir les Syriens et leur faire conna\u00eetre notre Sauveur. &#183; IFES Prayerline<\/title>\n<meta name=\"description\" content=\"Le Liban est actuellement une terre d\u2019accueil pour environ 100 000 \u00e9tudiants d\u2019origine syrienne. Toutefois, ils ne s\u2019y trouvent pas vraiment chez eux. Ce\" \/>\n<meta name=\"robots\" content=\"noindex, follow, max-snippet:-1, max-image-preview:large, max-video-preview:-1\" \/>\n<meta property=\"og:locale\" content=\"fr_FR\" \/>\n<meta property=\"og:type\" content=\"article\" \/>\n<meta property=\"og:title\" content=\"Un mouvement de l\u2019IFES d\u00e9sireux de servir les Syriens et leur faire conna\u00eetre notre Sauveur. &#183; IFES Prayerline\" \/>\n<meta property=\"og:description\" content=\"Le Liban est actuellement une terre d\u2019accueil pour environ 100 000 \u00e9tudiants d\u2019origine syrienne. Toutefois, ils ne s\u2019y trouvent pas vraiment chez eux. Ce\" \/>\n<meta property=\"og:url\" content=\"https:\/\/ifesworld.org\/fr\/prayerline\/un-mouvement-de-lifes-desireux-de-servir-les-syriens-et-leur-faire-connaitre-notre-sauveur\/\" \/>\n<meta property=\"og:site_name\" content=\"IFES\" \/>\n<meta property=\"article:modified_time\" content=\"2019-06-06T14:50:45+00:00\" \/>\n<meta property=\"og:image\" content=\"https:\/\/ifesworld.org\/wp-content\/uploads\/2019\/06\/190326-Lebanon.jpg\" \/>\n\t<meta property=\"og:image:width\" content=\"1280\" \/>\n\t<meta property=\"og:image:height\" content=\"720\" \/>\n\t<meta property=\"og:image:type\" content=\"image\/jpeg\" \/>\n<meta name=\"twitter:card\" content=\"summary_large_image\" \/>\n<meta name=\"twitter:label1\" content=\"Dur\u00e9e de lecture estim\u00e9e\" \/>\n\t<meta name=\"twitter:data1\" content=\"2 minutes\" \/>\n<script type=\"application\/ld+json\" class=\"yoast-schema-graph\">{\"@context\":\"https:\/\/schema.org\",\"@graph\":[{\"@type\":\"WebPage\",\"@id\":\"https:\/\/ifesworld.org\/fr\/prayerline\/un-mouvement-de-lifes-desireux-de-servir-les-syriens-et-leur-faire-connaitre-notre-sauveur\/\",\"url\":\"https:\/\/ifesworld.org\/fr\/prayerline\/un-mouvement-de-lifes-desireux-de-servir-les-syriens-et-leur-faire-connaitre-notre-sauveur\/\",\"name\":\"Un mouvement de l\u2019IFES d\u00e9sireux de servir les Syriens et leur faire conna\u00eetre notre Sauveur. &#183; IFES Prayerline\",\"isPartOf\":{\"@id\":\"https:\/\/fru.ifesworld.org\/en\/#website\"},\"primaryImageOfPage\":{\"@id\":\"https:\/\/ifesworld.org\/fr\/prayerline\/un-mouvement-de-lifes-desireux-de-servir-les-syriens-et-leur-faire-connaitre-notre-sauveur\/#primaryimage\"},\"image\":{\"@id\":\"https:\/\/ifesworld.org\/fr\/prayerline\/un-mouvement-de-lifes-desireux-de-servir-les-syriens-et-leur-faire-connaitre-notre-sauveur\/#primaryimage\"},\"thumbnailUrl\":\"https:\/\/fru.ifesworld.org\/wp-content\/uploads\/2019\/06\/190326-Lebanon.jpg\",\"datePublished\":\"2019-06-06T14:45:40+00:00\",\"dateModified\":\"2019-06-06T14:50:45+00:00\",\"description\":\"Le Liban est actuellement une terre d\u2019accueil pour environ 100 000 \u00e9tudiants d\u2019origine syrienne. Toutefois, ils ne s\u2019y trouvent pas vraiment chez eux. Ce\",\"breadcrumb\":{\"@id\":\"https:\/\/ifesworld.org\/fr\/prayerline\/un-mouvement-de-lifes-desireux-de-servir-les-syriens-et-leur-faire-connaitre-notre-sauveur\/#breadcrumb\"},\"inLanguage\":\"fr-FR\",\"potentialAction\":[{\"@type\":\"ReadAction\",\"target\":[\"https:\/\/ifesworld.org\/fr\/prayerline\/un-mouvement-de-lifes-desireux-de-servir-les-syriens-et-leur-faire-connaitre-notre-sauveur\/\"]}]},{\"@type\":\"ImageObject\",\"inLanguage\":\"fr-FR\",\"@id\":\"https:\/\/ifesworld.org\/fr\/prayerline\/un-mouvement-de-lifes-desireux-de-servir-les-syriens-et-leur-faire-connaitre-notre-sauveur\/#primaryimage\",\"url\":\"https:\/\/fru.ifesworld.org\/wp-content\/uploads\/2019\/06\/190326-Lebanon.jpg\",\"contentUrl\":\"https:\/\/fru.ifesworld.org\/wp-content\/uploads\/2019\/06\/190326-Lebanon.jpg\",\"width\":1280,\"height\":720,\"caption\":\"190326-Lebanon\"},{\"@type\":\"BreadcrumbList\",\"@id\":\"https:\/\/ifesworld.org\/fr\/prayerline\/un-mouvement-de-lifes-desireux-de-servir-les-syriens-et-leur-faire-connaitre-notre-sauveur\/#breadcrumb\",\"itemListElement\":[{\"@type\":\"ListItem\",\"position\":1,\"name\":\"Home\",\"item\":\"https:\/\/fru.ifesworld.org\/fr\/\"},{\"@type\":\"ListItem\",\"position\":2,\"name\":\"Prayerline\",\"item\":\"https:\/\/ifesworld.org\/en\/prayerline\/\"},{\"@type\":\"ListItem\",\"position\":3,\"name\":\"Un mouvement de l\u2019IFES d\u00e9sireux de servir les Syriens et leur faire conna\u00eetre notre Sauveur.\"}]},{\"@type\":\"WebSite\",\"@id\":\"https:\/\/fru.ifesworld.org\/en\/#website\",\"url\":\"https:\/\/fru.ifesworld.org\/en\/\",\"name\":\"IFES\",\"description\":\"A movement of students sharing and living out the good news of Jesus Christ. Locally. Nationally. Globally.\",\"publisher\":{\"@id\":\"https:\/\/fru.ifesworld.org\/en\/#organization\"},\"potentialAction\":[{\"@type\":\"SearchAction\",\"target\":{\"@type\":\"EntryPoint\",\"urlTemplate\":\"https:\/\/fru.ifesworld.org\/en\/?s={search_term_string}\"},\"query-input\":\"required name=search_term_string\"}],\"inLanguage\":\"fr-FR\"},{\"@type\":\"Organization\",\"@id\":\"https:\/\/fru.ifesworld.org\/en\/#organization\",\"name\":\"IFES \u00b7 International Fellowship of Evangelical Students\",\"url\":\"https:\/\/fru.ifesworld.org\/en\/\",\"logo\":{\"@type\":\"ImageObject\",\"inLanguage\":\"fr-FR\",\"@id\":\"https:\/\/fru.ifesworld.org\/en\/#\/schema\/logo\/image\/\",\"url\":\"https:\/\/fru.ifesworld.org\/wp-content\/uploads\/2019\/06\/ifeslogo.png\",\"contentUrl\":\"https:\/\/fru.ifesworld.org\/wp-content\/uploads\/2019\/06\/ifeslogo.png\",\"width\":262,\"height\":262,\"caption\":\"IFES \u00b7 International Fellowship of Evangelical Students\"},\"image\":{\"@id\":\"https:\/\/fru.ifesworld.org\/en\/#\/schema\/logo\/image\/\"}}]}<\/script>\n<!-- \/ Yoast SEO plugin. -->","yoast_head_json":{"title":"Un mouvement de l\u2019IFES d\u00e9sireux de servir les Syriens et leur faire conna\u00eetre notre Sauveur. &#183; IFES Prayerline","description":"Le Liban est actuellement une terre d\u2019accueil pour environ 100 000 \u00e9tudiants d\u2019origine syrienne. Toutefois, ils ne s\u2019y trouvent pas vraiment chez eux. Ce","robots":{"index":"noindex","follow":"follow","max-snippet":"max-snippet:-1","max-image-preview":"max-image-preview:large","max-video-preview":"max-video-preview:-1"},"og_locale":"fr_FR","og_type":"article","og_title":"Un mouvement de l\u2019IFES d\u00e9sireux de servir les Syriens et leur faire conna\u00eetre notre Sauveur. &#183; IFES Prayerline","og_description":"Le Liban est actuellement une terre d\u2019accueil pour environ 100 000 \u00e9tudiants d\u2019origine syrienne. Toutefois, ils ne s\u2019y trouvent pas vraiment chez eux. Ce","og_url":"https:\/\/ifesworld.org\/fr\/prayerline\/un-mouvement-de-lifes-desireux-de-servir-les-syriens-et-leur-faire-connaitre-notre-sauveur\/","og_site_name":"IFES","article_modified_time":"2019-06-06T14:50:45+00:00","og_image":[{"width":1280,"height":720,"url":"https:\/\/ifesworld.org\/wp-content\/uploads\/2019\/06\/190326-Lebanon.jpg","type":"image\/jpeg"}],"twitter_card":"summary_large_image","twitter_misc":{"Dur\u00e9e de lecture estim\u00e9e":"2 minutes"},"schema":{"@context":"https:\/\/schema.org","@graph":[{"@type":"WebPage","@id":"https:\/\/ifesworld.org\/fr\/prayerline\/un-mouvement-de-lifes-desireux-de-servir-les-syriens-et-leur-faire-connaitre-notre-sauveur\/","url":"https:\/\/ifesworld.org\/fr\/prayerline\/un-mouvement-de-lifes-desireux-de-servir-les-syriens-et-leur-faire-connaitre-notre-sauveur\/","name":"Un mouvement de l\u2019IFES d\u00e9sireux de servir les Syriens et leur faire conna\u00eetre notre Sauveur. &#183; IFES Prayerline","isPartOf":{"@id":"https:\/\/fru.ifesworld.org\/en\/#website"},"primaryImageOfPage":{"@id":"https:\/\/ifesworld.org\/fr\/prayerline\/un-mouvement-de-lifes-desireux-de-servir-les-syriens-et-leur-faire-connaitre-notre-sauveur\/#primaryimage"},"image":{"@id":"https:\/\/ifesworld.org\/fr\/prayerline\/un-mouvement-de-lifes-desireux-de-servir-les-syriens-et-leur-faire-connaitre-notre-sauveur\/#primaryimage"},"thumbnailUrl":"https:\/\/fru.ifesworld.org\/wp-content\/uploads\/2019\/06\/190326-Lebanon.jpg","datePublished":"2019-06-06T14:45:40+00:00","dateModified":"2019-06-06T14:50:45+00:00","description":"Le Liban est actuellement une terre d\u2019accueil pour environ 100 000 \u00e9tudiants d\u2019origine syrienne. Toutefois, ils ne s\u2019y trouvent pas vraiment chez eux. Ce","breadcrumb":{"@id":"https:\/\/ifesworld.org\/fr\/prayerline\/un-mouvement-de-lifes-desireux-de-servir-les-syriens-et-leur-faire-connaitre-notre-sauveur\/#breadcrumb"},"inLanguage":"fr-FR","potentialAction":[{"@type":"ReadAction","target":["https:\/\/ifesworld.org\/fr\/prayerline\/un-mouvement-de-lifes-desireux-de-servir-les-syriens-et-leur-faire-connaitre-notre-sauveur\/"]}]},{"@type":"ImageObject","inLanguage":"fr-FR","@id":"https:\/\/ifesworld.org\/fr\/prayerline\/un-mouvement-de-lifes-desireux-de-servir-les-syriens-et-leur-faire-connaitre-notre-sauveur\/#primaryimage","url":"https:\/\/fru.ifesworld.org\/wp-content\/uploads\/2019\/06\/190326-Lebanon.jpg","contentUrl":"https:\/\/fru.ifesworld.org\/wp-content\/uploads\/2019\/06\/190326-Lebanon.jpg","width":1280,"height":720,"caption":"190326-Lebanon"},{"@type":"BreadcrumbList","@id":"https:\/\/ifesworld.org\/fr\/prayerline\/un-mouvement-de-lifes-desireux-de-servir-les-syriens-et-leur-faire-connaitre-notre-sauveur\/#breadcrumb","itemListElement":[{"@type":"ListItem","position":1,"name":"Home","item":"https:\/\/fru.ifesworld.org\/fr\/"},{"@type":"ListItem","position":2,"name":"Prayerline","item":"https:\/\/ifesworld.org\/en\/prayerline\/"},{"@type":"ListItem","position":3,"name":"Un mouvement de l\u2019IFES d\u00e9sireux de servir les Syriens et leur faire conna\u00eetre notre Sauveur."}]},{"@type":"WebSite","@id":"https:\/\/fru.ifesworld.org\/en\/#website","url":"https:\/\/fru.ifesworld.org\/en\/","name":"IFES","description":"A movement of students sharing and living out the good news of Jesus Christ. Locally. Nationally. Globally.","publisher":{"@id":"https:\/\/fru.ifesworld.org\/en\/#organization"},"potentialAction":[{"@type":"SearchAction","target":{"@type":"EntryPoint","urlTemplate":"https:\/\/fru.ifesworld.org\/en\/?s={search_term_string}"},"query-input":"required name=search_term_string"}],"inLanguage":"fr-FR"},{"@type":"Organization","@id":"https:\/\/fru.ifesworld.org\/en\/#organization","name":"IFES \u00b7 International Fellowship of Evangelical Students","url":"https:\/\/fru.ifesworld.org\/en\/","logo":{"@type":"ImageObject","inLanguage":"fr-FR","@id":"https:\/\/fru.ifesworld.org\/en\/#\/schema\/logo\/image\/","url":"https:\/\/fru.ifesworld.org\/wp-content\/uploads\/2019\/06\/ifeslogo.png","contentUrl":"https:\/\/fru.ifesworld.org\/wp-content\/uploads\/2019\/06\/ifeslogo.png","width":262,"height":262,"caption":"IFES \u00b7 International Fellowship of Evangelical Students"},"image":{"@id":"https:\/\/fru.ifesworld.org\/en\/#\/schema\/logo\/image\/"}}]}},"_links":{"self":[{"href":"https:\/\/fru.ifesworld.org\/fr\/wp-json\/wp\/v2\/prayerline\/3275"}],"collection":[{"href":"https:\/\/fru.ifesworld.org\/fr\/wp-json\/wp\/v2\/prayerline"}],"about":[{"href":"https:\/\/fru.ifesworld.org\/fr\/wp-json\/wp\/v2\/types\/prayerline"}],"wp:featuredmedia":[{"embeddable":true,"href":"https:\/\/fru.ifesworld.org\/fr\/wp-json\/wp\/v2\/media\/3274"}],"wp:attachment":[{"href":"https:\/\/fru.ifesworld.org\/fr\/wp-json\/wp\/v2\/media?parent=3275"}],"wp:term":[{"taxonomy":"area","embeddable":true,"href":"https:\/\/fru.ifesworld.org\/fr\/wp-json\/wp\/v2\/area?post=3275"},{"taxonomy":"theme","embeddable":true,"href":"https:\/\/fru.ifesworld.org\/fr\/wp-json\/wp\/v2\/theme?post=3275"}],"curies":[{"name":"wp","href":"https:\/\/api.w.org\/{rel}","templated":true}]}}