{"id":32131,"date":"2023-12-12T11:47:02","date_gmt":"2023-12-12T11:47:02","guid":{"rendered":"https:\/\/fru.ifesworld.org\/?post_type=prayerline&#038;p=32131"},"modified":"2023-12-12T11:47:04","modified_gmt":"2023-12-12T11:47:04","slug":"la-formation-au-leadership-porte-ses-fruits","status":"publish","type":"prayerline","link":"https:\/\/fru.ifesworld.org\/fr\/prayerline\/la-formation-au-leadership-porte-ses-fruits\/","title":{"rendered":"La formation au leadership porte ses fruits"},"content":{"rendered":"<div class=\"wp-block block-core-paragraph\">\n<p>\u00c9z\u00e9chiel a la passion du minist\u00e8re \u00e9tudiant. Il compare la formation \u00e9tudiante offerte par l\u2019IFES en Afrique francophone \u00e0 \u00ab\u202fun atelier transformateur de vies\u202f\u00bb.&nbsp;<\/p>\n<\/div>\n\n<div class=\"wp-block block-core-paragraph\">\n<p>Il le sait bien. \u00c9z\u00e9chiel voit la diff\u00e9rence qu\u2019elle fait au Tchad, son pays d\u2019origine, et il conna\u00eet lui-m\u00eame la transformation de vie qu\u2019elle op\u00e8re. Auparavant leader \u00e9tudiant d\u2019un petit groupe de polytechnique, il est aujourd\u2019hui secr\u00e9taire g\u00e9n\u00e9ral de son mouvement national, <em>l\u2019Union des Jeunes Chr\u00e9tiens<\/em> (UJC).&nbsp;<\/p>\n<\/div>\n\n<div class=\"wp-block block-core-paragraph\">\n<p>\u00c0 l\u2019IFES, nous formulons parfois l\u2019importance de d\u00e9velopper des leaders comme \u00ab\u202fun investissement aujourd\u2019hui pour un impact demain\u202f\u00bb. L\u2019histoire d\u2019\u00c9z\u00e9chiel en est un t\u00e9moignage convaincant. Pendant 15 ans, il a re\u00e7u des investissements qui portent aujourd\u2019hui du fruit en retour. Voici comment il d\u00e9crit ce cheminement\u202f:&nbsp;<\/p>\n<\/div>\n\n<div class=\"wp-block block-core-paragraph\">\n<p><em>Dieu, \u00e0 travers les Groupes Bibliques Universitaires (GBU) m\u2019a ouvert les yeux sur ma vie chr\u00e9tienne. N\u00e9 et \u00e9lev\u00e9 dans une famille chr\u00e9tienne, je menais une vie sans crainte de Dieu. Mais suite \u00e0 une conf\u00e9rence missionnaire organis\u00e9e par les GBUAF en 2007, et au travers des enseignements bibliques, j\u2019ai r\u00e9alis\u00e9 le besoin de confier le gouvernail de ma vie au Saint-Esprit ! J\u2019allais donc \u00e0 la rencontre de ces a\u00een\u00e9s qui m\u2019ont enseign\u00e9. Je me suis repenti. Commen\u00e7a alors une nouvelle aventure avec le Seigneur\u2026 D\u00e8s lors, m\u00eame si dans ma vie de tous les jours, des combats sont l\u00e0, je recherche la sanctification et je suis rest\u00e9 engag\u00e9 et d\u00e9termin\u00e9 \u00e0 servir Dieu.&nbsp;<\/em>&nbsp;<\/p>\n<\/div>\n\n<div class=\"wp-block block-core-paragraph\">\n<p><em>Une fois \u00e9tudiant dans une Universit\u00e9 Polytechnique au Centre-Est de mon pays, le Tchad, je relan\u00e7ais une cellule de l\u2019Union des Jeunes Chr\u00e9tiens (UJC). Aujourd\u2019hui avec ses ramifications dans les \u00e9tablissements et avec les professionnels, on parle de l\u2019UJC dans la localit\u00e9 de Mongo et non d\u2019une cellule de l\u2019UJC.<\/em>&nbsp;<\/p>\n<\/div>\n\n<div class=\"wp-block block-core-paragraph\">\n<p><em>De retour \u00e0 N\u2019Djam\u00e9na, la capitale, j\u2019ai \u00e9t\u00e9 coopt\u00e9 comme membre du staff o\u00f9 je continue de b\u00e9n\u00e9ficier de formations au niveau de mon mouvement national, des rencontres sous-r\u00e9gionales (Conf\u00e9rence Missionnaire d\u2019Afrique Centrale), r\u00e9gionales (GBU Afrique Francophone) et internationales (IFES). L\u2019un des cadres de formations qui a v\u00e9ritablement impact\u00e9 ma vie est le Centre Africain du Christianisme Contemporain (CACC). Ces formations et ces temps d\u2019apprentissage m\u2019ont aid\u00e9 personnellement et sont une b\u00e9n\u00e9diction pour le mouvement car, depuis avril 2023 j\u2019en suis le Secr\u00e9taire G\u00e9n\u00e9ral. Au CACC, j\u2019ai appris que j\u2019ai un potentiel de comp\u00e9tences \u00e0 d\u00e9velopper qui sont entre autres\u202f: communiquer de fa\u00e7on appropri\u00e9e, \u00e9laborer un plan de minist\u00e8re, \u00e9quiper l\u2019\u00e9tudiant, mettre en \u0153uvre la pens\u00e9e cr\u00e9ative, travailler en \u00e9quipe, utiliser la Bible pour enseigner, se donner des m\u00e9thodes de travail efficace, mobiliser des ressources\u202fet apprendre en autonomie.<\/em>&nbsp;<\/p>\n<\/div>\n\n<div class=\"wp-block block-core-paragraph\">\n<p><em>Je rends gr\u00e2ce \u00e0 Dieu pour le minist\u00e8re des Groupes Bibliques qui est v\u00e9ritablement non seulement un cadre d\u2019\u00e9tude de la parole de Dieu, de l\u2019\u00e9vang\u00e9lisation, de la mission et pri\u00e8re mais aussi un lieu de formation et de transformation.<\/em>&nbsp;<\/p>\n<\/div>\n\n<div class=\"wp-block block-core-paragraph\">\n<p><em>Mon \u00e9quipe et moi-m\u00eame vous demandons de prier pour le Tchad qui est dans une p\u00e9riode de transition sur le plan politique. Que la souverainet\u00e9 de Dieu se manifeste\u202f\u00e0 travers les autorit\u00e9s politico-administratives. Prions \u00e9galement pour l\u2019UJC dans ses principaux projets\u202f: conception de son nouveau plan strat\u00e9gique et la construction de son si\u00e8ge.<\/em>&nbsp;<\/p>\n<\/div>\n\n<div class=\"wp-block block-core-paragraph\">\n<p><strong>Ez\u00e9chiel Baroum Kongdi, <\/strong><strong>Secr\u00e9taire G\u00e9n\u00e9ral de l\u2019UJC Tchad<\/strong>&nbsp;<\/p>\n<\/div>\n\n<div class=\"wp-block block-core-paragraph\">\n<p>Tout au long du mois de d\u00e9cembre, l\u2019IFES collecte des fonds pour soutenir trois initiatives r\u00e9gionales de d\u00e9veloppement du leadership, dont un programme de formation en Afrique francophone. Nous voulons tous voir plus d\u2019histoires comme celle d\u2019\u00c9z\u00e9chiel se produire. <a href=\"https:\/\/fru.ifesworld.org\/fr\/faire-croitre-des-leaders-qui-aiment-dieu\/\" target=\"_blank\" rel=\"noreferrer noopener\">D\u00e9couvrez-en plus ici.\u00a0<\/a><\/p>\n<\/div>\n\n<div class=\"wp-block block-core-paragraph\">\n<p>Prions pour \u00c9z\u00e9chiel, l\u2019UJC et une r\u00e9ponse favorable \u00e0 l\u2019appel du d\u00e9veloppement du leadership\u202f:&nbsp;<\/p>\n<\/div>\n\n<div class=\"wp-block block-core-list\">\n<ul><div class=\"wp-block block-core-list-item\">\n<li>Remerciez Dieu pour \u00c9z\u00e9chiel et l\u2019action de Dieu qui a consist\u00e9 \u00e0 le susciter en tant que secr\u00e9taire g\u00e9n\u00e9ral de l\u2019UJC Tchad. Priez qu\u2019il continue d\u2019acqu\u00e9rir la sagesse selon Dieu en dirigeant le mouvement par le biais de deux grandes initiatives\u202f: la formulation d\u2019un nouveau plan strat\u00e9gique pour l\u2019UJC et la construction de leur si\u00e8ge.&nbsp;<\/li>\n<\/div>\n\n<div class=\"wp-block block-core-list-item\">\n<li>Priez pour les programmes de formation en Afrique francophone, tels que le <em>Programme minimum commun<\/em>, qui donne aux leaders \u00e9tudiants les comp\u00e9tences fondamentales en \u00e9vang\u00e9lisation et en formation de disciples. Demandez \u00e0 Dieu de fournir les ressources n\u00e9cessaires pour que des leaders comme \u00c9z\u00e9chiel puissent se former.&nbsp;<\/li>\n<\/div>\n\n<div class=\"wp-block block-core-list-item\">\n<li>Demandez au Seigneur d\u2019utiliser l\u2019appel <em>D\u00e9velopper des leaders pieux<\/em> de ce mois pour r\u00e9pondre aux besoins des projets de formation strat\u00e9gique en Afrique francophone, en Asie du Sud et aux Cara\u00efbes.&nbsp;<\/li>\n<\/div><\/ul>\n<\/div>\n\n<div class=\"wp-block block-core-paragraph\">\n<p>Si vous souhaitez donner \u00e0 l\u2019appel <em>D\u00e9velopper des leaders pieux<\/em>, cliquez <a href=\"https:\/\/fru.ifesworld.org\/fr\/faire-croitre-des-leaders-qui-aiment-dieu\/?switch_language=fr\" target=\"_blank\" rel=\"noreferrer noopener\">ici<\/a>.&nbsp;<\/p>\n<\/div>","protected":false},"featured_media":0,"template":"","area":[953,1111],"theme":[],"class_list":["post-32131","prayerline","type-prayerline","status-publish","hentry","area-afrique-francophone","area-tchad"],"acf":[],"yoast_head":"<!-- This site is optimized with the Yoast SEO plugin v22.6 - https:\/\/yoast.com\/wordpress\/plugins\/seo\/ -->\n<title>La formation au leadership porte ses fruits &#183; IFES Prayerline<\/title>\n<meta name=\"description\" content=\"\u00c9z\u00e9chiel a la passion du minist\u00e8re \u00e9tudiant. Il compare la formation \u00e9tudiante offerte par l\u2019IFES en Afrique francophone \u00e0 \u00ab\u202fun atelier transformateur de\" \/>\n<meta name=\"robots\" content=\"noindex, follow, max-snippet:-1, max-image-preview:large, max-video-preview:-1\" \/>\n<meta property=\"og:locale\" content=\"fr_FR\" \/>\n<meta property=\"og:type\" content=\"article\" \/>\n<meta property=\"og:title\" content=\"La formation au leadership porte ses fruits &#183; IFES Prayerline\" \/>\n<meta property=\"og:description\" content=\"\u00c9z\u00e9chiel a la passion du minist\u00e8re \u00e9tudiant. Il compare la formation \u00e9tudiante offerte par l\u2019IFES en Afrique francophone \u00e0 \u00ab\u202fun atelier transformateur de\" \/>\n<meta property=\"og:url\" content=\"https:\/\/ifesworld.org\/fr\/prayerline\/la-formation-au-leadership-porte-ses-fruits\/\" \/>\n<meta property=\"og:site_name\" content=\"IFES\" \/>\n<meta property=\"article:modified_time\" content=\"2023-12-12T11:47:04+00:00\" \/>\n<meta property=\"og:image\" content=\"https:\/\/ifesworld.org\/wp-content\/uploads\/2023\/12\/IMG_20230809_165853_9933-scaled.jpg\" \/>\n\t<meta property=\"og:image:width\" content=\"2560\" \/>\n\t<meta property=\"og:image:height\" content=\"1533\" \/>\n\t<meta property=\"og:image:type\" content=\"image\/jpeg\" \/>\n<meta name=\"twitter:card\" content=\"summary_large_image\" \/>\n<meta name=\"twitter:label1\" content=\"Dur\u00e9e de lecture estim\u00e9e\" \/>\n\t<meta name=\"twitter:data1\" content=\"4 minutes\" \/>\n<script type=\"application\/ld+json\" class=\"yoast-schema-graph\">{\"@context\":\"https:\/\/schema.org\",\"@graph\":[{\"@type\":\"WebPage\",\"@id\":\"https:\/\/ifesworld.org\/fr\/prayerline\/la-formation-au-leadership-porte-ses-fruits\/\",\"url\":\"https:\/\/ifesworld.org\/fr\/prayerline\/la-formation-au-leadership-porte-ses-fruits\/\",\"name\":\"La formation au leadership porte ses fruits &#183; IFES Prayerline\",\"isPartOf\":{\"@id\":\"https:\/\/fru.ifesworld.org\/en\/#website\"},\"datePublished\":\"2023-12-12T11:47:02+00:00\",\"dateModified\":\"2023-12-12T11:47:04+00:00\",\"description\":\"\u00c9z\u00e9chiel a la passion du minist\u00e8re \u00e9tudiant. Il compare la formation \u00e9tudiante offerte par l\u2019IFES en Afrique francophone \u00e0 \u00ab\u202fun atelier transformateur de\",\"breadcrumb\":{\"@id\":\"https:\/\/ifesworld.org\/fr\/prayerline\/la-formation-au-leadership-porte-ses-fruits\/#breadcrumb\"},\"inLanguage\":\"fr-FR\",\"potentialAction\":[{\"@type\":\"ReadAction\",\"target\":[\"https:\/\/ifesworld.org\/fr\/prayerline\/la-formation-au-leadership-porte-ses-fruits\/\"]}]},{\"@type\":\"BreadcrumbList\",\"@id\":\"https:\/\/ifesworld.org\/fr\/prayerline\/la-formation-au-leadership-porte-ses-fruits\/#breadcrumb\",\"itemListElement\":[{\"@type\":\"ListItem\",\"position\":1,\"name\":\"Home\",\"item\":\"https:\/\/fru.ifesworld.org\/fr\/\"},{\"@type\":\"ListItem\",\"position\":2,\"name\":\"Prayerline\",\"item\":\"https:\/\/ifesworld.org\/en\/prayerline\/\"},{\"@type\":\"ListItem\",\"position\":3,\"name\":\"La formation au leadership porte ses fruits\"}]},{\"@type\":\"WebSite\",\"@id\":\"https:\/\/fru.ifesworld.org\/en\/#website\",\"url\":\"https:\/\/fru.ifesworld.org\/en\/\",\"name\":\"IFES\",\"description\":\"A movement of students sharing and living out the good news of Jesus Christ. Locally. Nationally. Globally.\",\"publisher\":{\"@id\":\"https:\/\/fru.ifesworld.org\/en\/#organization\"},\"potentialAction\":[{\"@type\":\"SearchAction\",\"target\":{\"@type\":\"EntryPoint\",\"urlTemplate\":\"https:\/\/fru.ifesworld.org\/en\/?s={search_term_string}\"},\"query-input\":\"required name=search_term_string\"}],\"inLanguage\":\"fr-FR\"},{\"@type\":\"Organization\",\"@id\":\"https:\/\/fru.ifesworld.org\/en\/#organization\",\"name\":\"IFES \u00b7 International Fellowship of Evangelical Students\",\"url\":\"https:\/\/fru.ifesworld.org\/en\/\",\"logo\":{\"@type\":\"ImageObject\",\"inLanguage\":\"fr-FR\",\"@id\":\"https:\/\/fru.ifesworld.org\/en\/#\/schema\/logo\/image\/\",\"url\":\"https:\/\/fru.ifesworld.org\/wp-content\/uploads\/2019\/06\/ifeslogo.png\",\"contentUrl\":\"https:\/\/fru.ifesworld.org\/wp-content\/uploads\/2019\/06\/ifeslogo.png\",\"width\":262,\"height\":262,\"caption\":\"IFES \u00b7 International Fellowship of Evangelical Students\"},\"image\":{\"@id\":\"https:\/\/fru.ifesworld.org\/en\/#\/schema\/logo\/image\/\"}}]}<\/script>\n<!-- \/ Yoast SEO plugin. -->","yoast_head_json":{"title":"La formation au leadership porte ses fruits &#183; IFES Prayerline","description":"\u00c9z\u00e9chiel a la passion du minist\u00e8re \u00e9tudiant. Il compare la formation \u00e9tudiante offerte par l\u2019IFES en Afrique francophone \u00e0 \u00ab\u202fun atelier transformateur de","robots":{"index":"noindex","follow":"follow","max-snippet":"max-snippet:-1","max-image-preview":"max-image-preview:large","max-video-preview":"max-video-preview:-1"},"og_locale":"fr_FR","og_type":"article","og_title":"La formation au leadership porte ses fruits &#183; IFES Prayerline","og_description":"\u00c9z\u00e9chiel a la passion du minist\u00e8re \u00e9tudiant. Il compare la formation \u00e9tudiante offerte par l\u2019IFES en Afrique francophone \u00e0 \u00ab\u202fun atelier transformateur de","og_url":"https:\/\/ifesworld.org\/fr\/prayerline\/la-formation-au-leadership-porte-ses-fruits\/","og_site_name":"IFES","article_modified_time":"2023-12-12T11:47:04+00:00","og_image":[{"width":2560,"height":1533,"url":"https:\/\/ifesworld.org\/wp-content\/uploads\/2023\/12\/IMG_20230809_165853_9933-scaled.jpg","type":"image\/jpeg"}],"twitter_card":"summary_large_image","twitter_misc":{"Dur\u00e9e de lecture estim\u00e9e":"4 minutes"},"schema":{"@context":"https:\/\/schema.org","@graph":[{"@type":"WebPage","@id":"https:\/\/ifesworld.org\/fr\/prayerline\/la-formation-au-leadership-porte-ses-fruits\/","url":"https:\/\/ifesworld.org\/fr\/prayerline\/la-formation-au-leadership-porte-ses-fruits\/","name":"La formation au leadership porte ses fruits &#183; IFES Prayerline","isPartOf":{"@id":"https:\/\/fru.ifesworld.org\/en\/#website"},"datePublished":"2023-12-12T11:47:02+00:00","dateModified":"2023-12-12T11:47:04+00:00","description":"\u00c9z\u00e9chiel a la passion du minist\u00e8re \u00e9tudiant. Il compare la formation \u00e9tudiante offerte par l\u2019IFES en Afrique francophone \u00e0 \u00ab\u202fun atelier transformateur de","breadcrumb":{"@id":"https:\/\/ifesworld.org\/fr\/prayerline\/la-formation-au-leadership-porte-ses-fruits\/#breadcrumb"},"inLanguage":"fr-FR","potentialAction":[{"@type":"ReadAction","target":["https:\/\/ifesworld.org\/fr\/prayerline\/la-formation-au-leadership-porte-ses-fruits\/"]}]},{"@type":"BreadcrumbList","@id":"https:\/\/ifesworld.org\/fr\/prayerline\/la-formation-au-leadership-porte-ses-fruits\/#breadcrumb","itemListElement":[{"@type":"ListItem","position":1,"name":"Home","item":"https:\/\/fru.ifesworld.org\/fr\/"},{"@type":"ListItem","position":2,"name":"Prayerline","item":"https:\/\/ifesworld.org\/en\/prayerline\/"},{"@type":"ListItem","position":3,"name":"La formation au leadership porte ses fruits"}]},{"@type":"WebSite","@id":"https:\/\/fru.ifesworld.org\/en\/#website","url":"https:\/\/fru.ifesworld.org\/en\/","name":"IFES","description":"A movement of students sharing and living out the good news of Jesus Christ. Locally. Nationally. Globally.","publisher":{"@id":"https:\/\/fru.ifesworld.org\/en\/#organization"},"potentialAction":[{"@type":"SearchAction","target":{"@type":"EntryPoint","urlTemplate":"https:\/\/fru.ifesworld.org\/en\/?s={search_term_string}"},"query-input":"required name=search_term_string"}],"inLanguage":"fr-FR"},{"@type":"Organization","@id":"https:\/\/fru.ifesworld.org\/en\/#organization","name":"IFES \u00b7 International Fellowship of Evangelical Students","url":"https:\/\/fru.ifesworld.org\/en\/","logo":{"@type":"ImageObject","inLanguage":"fr-FR","@id":"https:\/\/fru.ifesworld.org\/en\/#\/schema\/logo\/image\/","url":"https:\/\/fru.ifesworld.org\/wp-content\/uploads\/2019\/06\/ifeslogo.png","contentUrl":"https:\/\/fru.ifesworld.org\/wp-content\/uploads\/2019\/06\/ifeslogo.png","width":262,"height":262,"caption":"IFES \u00b7 International Fellowship of Evangelical Students"},"image":{"@id":"https:\/\/fru.ifesworld.org\/en\/#\/schema\/logo\/image\/"}}]}},"_links":{"self":[{"href":"https:\/\/fru.ifesworld.org\/fr\/wp-json\/wp\/v2\/prayerline\/32131"}],"collection":[{"href":"https:\/\/fru.ifesworld.org\/fr\/wp-json\/wp\/v2\/prayerline"}],"about":[{"href":"https:\/\/fru.ifesworld.org\/fr\/wp-json\/wp\/v2\/types\/prayerline"}],"wp:attachment":[{"href":"https:\/\/fru.ifesworld.org\/fr\/wp-json\/wp\/v2\/media?parent=32131"}],"wp:term":[{"taxonomy":"area","embeddable":true,"href":"https:\/\/fru.ifesworld.org\/fr\/wp-json\/wp\/v2\/area?post=32131"},{"taxonomy":"theme","embeddable":true,"href":"https:\/\/fru.ifesworld.org\/fr\/wp-json\/wp\/v2\/theme?post=32131"}],"curies":[{"name":"wp","href":"https:\/\/api.w.org\/{rel}","templated":true}]}}