{"id":29629,"date":"2023-10-03T04:58:00","date_gmt":"2023-10-03T03:58:00","guid":{"rendered":"https:\/\/fru.ifesworld.org\/?post_type=prayerline&#038;p=29629"},"modified":"2023-10-02T17:05:22","modified_gmt":"2023-10-02T16:05:22","slug":"dieu-ouvre-la-porte","status":"publish","type":"prayerline","link":"https:\/\/fru.ifesworld.org\/fr\/prayerline\/dieu-ouvre-la-porte\/","title":{"rendered":"Dieu ouvre la porte"},"content":{"rendered":"<div class=\"wp-block block-core-paragraph\">\n<p>\u00ab&nbsp;C\u2019est une r\u00e9ponse \u00e0 la pri\u00e8re&nbsp;: Dieu a ouvert la porte&nbsp;!&nbsp;\u00bb<\/p>\n<\/div>\n\n<div class=\"wp-block block-core-paragraph\">\n<p>Lawrence Gomez parle du Cap-Vert (Cabo Verde). Dans son r\u00f4le de Secr\u00e9taire R\u00e9gional adjoint de l\u2019IFES pour l\u2019Afrique de l\u2019Ouest et directeur du travail pionnier en <a href=\"https:\/\/fru.ifesworld.org\/fr\/region\/epsa\/\">Afrique anglophone et lusophone (EPSA)<\/a>, il a visit\u00e9 la nation insulaire l\u2019ann\u00e9e derni\u00e8re, accompagn\u00e9 du Secr\u00e9taire r\u00e9gional de l\u2019EPSA, Zelalem Abebe. Il y a des ann\u00e9es, on avait essay\u00e9 sans succ\u00e8s de commencer un minist\u00e8re parmi les \u00e9tudiants du Cap-Vert. Puis, apr\u00e8s des ann\u00e9es de pri\u00e8re, une porte s\u2019est ouverte \u2013 et continue de s\u2019ouvrir de plus en plus.<\/p>\n<\/div>\n\n<div class=\"wp-block block-core-paragraph\">\n<p>Lors d\u2019une visite de reconnaissance en juillet 2022, Lawrence et Zelalem ont partag\u00e9 leur vision pour un minist\u00e8re sur le campus avec des \u00e9tudiants et des responsables d\u2019\u00e9glises et des rapports se sont rapidement d\u00e9velopp\u00e9s. La porte commen\u00e7ait \u00e0 s\u2019ouvrir. Ils ont rencontr\u00e9 un contact important en la personne d\u2019Isabel Ines, professeure \u00e0 l\u2019Universidade de Cabo Verde, qui avait d\u00e9couvert le minist\u00e8re de l\u2019IFES par le biais de l\u2019ABUB 25 ann\u00e9es auparavant alors qu\u2019elle \u00e9tait \u00e9tudiante au Br\u00e9sil (<a href=\"https:\/\/abub.org.br\/\">Alian\u00e7a B\u00edblica Universit\u00e1ria do Brasil<\/a>). Gr\u00e2ce \u00e0 ses exp\u00e9riences positives de l\u2019IFES et sa position respect\u00e9e dans une \u00e9glise nazar\u00e9enne locale, elle \u00e9tait bien plac\u00e9e pour promouvoir le minist\u00e8re aupr\u00e8s de diff\u00e9rents pasteurs d\u2019\u00e9glise.<\/p>\n<\/div>\n\n<div class=\"wp-block block-core-paragraph\">\n<p>Ainsi, lors du retour de l\u2019\u00e9quipe IFES EPSA en novembre, celle-ci a pu identifier des membres potentiels du Conseil d\u2019administration et leur donner une formation pr\u00e9liminaire \u00e0 la gouvernance. Dans certains contextes, les responsables d\u2019\u00e9glise se m\u00e9fient parfois du minist\u00e8re de l\u2019IFES car ils craignent qu\u2019il pourrait d\u00e9tourner les jeunes de l\u2019\u00e9glise locale. Ce n\u2019\u00e9tait pas du tout le cas au Cap-Vert et Dieu continuait \u00e0 ouvrir les portes avec Emanuel Monteiro, le pasteur de l\u2019\u00e9glise baptiste \u00e0 Praia, la capitale. Il a propos\u00e9 son bureau pour les r\u00e9unions, a accept\u00e9 de devenir membre du Conseil d\u2019administration et aide avec les d\u00e9marches administratives pour d\u00e9clarer un nouveau mouvement \u00e9tudiant national.<\/p>\n<\/div>\n\n<div class=\"wp-block block-core-paragraph\">\n<p>Le soutien des \u00e9glises a aussi permis d\u2019identifier la premi\u00e8re \u00e9quipi\u00e8re&nbsp;: Berenice. Le pasteur Emanuele avait recommand\u00e9 cette jeune dipl\u00f4m\u00e9e \u00e0 Lawrence. L\u2019\u00e9quipe de l\u2019IFES a \u00e9t\u00e9 conquis par son c\u0153ur pour le minist\u00e8re parmi les \u00e9tudiants, ainsi que par sa connaissance de l\u2019anglais, du portugais et du fran\u00e7ais, ce qui lui permettra de bien communiquer avec les plus de mille \u00e9tudiants de l\u2019universit\u00e9.<\/p>\n<\/div>\n\n<div class=\"wp-block block-core-paragraph\">\n<p>Et les \u00e9tudiants&nbsp;? Ils sont impatients. Lawrence a r\u00e9cemment re\u00e7u un message WhatsApp de l\u2019un des \u00e9tudiants qu\u2019il avait rencontr\u00e9s au cours des derniers mois&nbsp;: \u00ab&nbsp;Quand venez-vous&nbsp;?&nbsp;\u00bb.<\/p>\n<\/div>\n\n<div class=\"wp-block block-core-paragraph\">\n<p>Et ce n\u2019est pas encore fini&nbsp;: l\u2019administration de l\u2019universit\u00e9 a r\u00e9agi positivement \u00e0 l\u2019id\u00e9e d\u2019un minist\u00e8re sur le campus. Lawrence explique que les \u00e9tudiants chr\u00e9tiens qui logent dans les dortoirs de l\u2019universit\u00e9 peuvent se sentir isol\u00e9s le dimanche car ils n\u2019ont pas acc\u00e8s \u00e0 une navette afin de se rendre dans la ville pour fr\u00e9quenter l\u2019\u00e9glise. Pour y rem\u00e9dier, l\u2019administration a donn\u00e9 son accord pour qu\u2019un amphith\u00e9\u00e2tre soit utilis\u00e9 pour un culte chaque semaine.<\/p>\n<\/div>\n\n<div class=\"wp-block block-core-paragraph\">\n<p>Dieu a v\u00e9ritablement ouvert grand la porte au Cap-Vert en levant des \u00e9glises partenaires, des \u00e9tudiants enthousiastes, un personnel de qualit\u00e9 et une administration universitaire sympathique. Prions que la b\u00e9n\u00e9diction de Dieu coule d\u00e9sormais \u00e0 travers cette porte ouverte.<\/p>\n<\/div>\n\n<div class=\"wp-block block-core-paragraph\">\n<p>Priez avec nous pour le minist\u00e8re parmi les \u00e9tudiants du Cap-Vert&nbsp;:<\/p>\n<\/div>\n\n<div class=\"wp-block block-core-list\">\n<ul><div class=\"wp-block block-core-list-item\">\n<li>Louez Dieu pour tous les d\u00e9veloppements positifs de l\u2019ann\u00e9e \u00e9coul\u00e9e et rendez gr\u00e2ces pour la premi\u00e8re r\u00e9union du nouveau Conseil d\u2019administration qui a eu lieu en juillet. Priez que les liens solides perdurent avec les \u00e9glises.<\/li>\n<\/div>\n\n<div class=\"wp-block block-core-list-item\">\n<li>Priez pour Lawrence et Berenice qui chercheront \u00e0 former les \u00e9tudiants dans l\u2019animation des \u00e9tudes bibliques inductives en octobre. Priez particuli\u00e8rement que le Seigneur guide et \u00e9quipe Berenice pour son nouveau r\u00f4le.<\/li>\n<\/div>\n\n<div class=\"wp-block block-core-list-item\">\n<li>Priez que Dieu continue d\u2019ouvrir les portes pour le travail pionnier dans la r\u00e9gion EPSA, surtout pour Sao Tom\u00e9-et-Principe o\u00f9 il existe des opportunit\u00e9s et des ouvertures similaires.<\/li>\n<\/div><\/ul>\n<\/div>","protected":false},"featured_media":0,"template":"","area":[950,1006],"theme":[],"class_list":["post-29629","prayerline","type-prayerline","status-publish","hentry","area-afrique-anglophone-et-lusophone","area-cap-vert"],"acf":[],"yoast_head":"<!-- This site is optimized with the Yoast SEO plugin v22.6 - https:\/\/yoast.com\/wordpress\/plugins\/seo\/ -->\n<title>Dieu ouvre la porte &#183; IFES Prayerline<\/title>\n<meta name=\"description\" content=\"\u00ab&nbsp;C\u2019est une r\u00e9ponse \u00e0 la pri\u00e8re&nbsp;: Dieu a ouvert la porte&nbsp;!&nbsp;\u00bb Lawrence Gomez parle du Cap-Vert (Cabo Verde). Dans son r\u00f4le de\" \/>\n<meta name=\"robots\" content=\"noindex, follow, max-snippet:-1, max-image-preview:large, max-video-preview:-1\" \/>\n<meta property=\"og:locale\" content=\"fr_FR\" \/>\n<meta property=\"og:type\" content=\"article\" \/>\n<meta property=\"og:title\" content=\"Dieu ouvre la porte &#183; IFES Prayerline\" \/>\n<meta property=\"og:description\" content=\"\u00ab&nbsp;C\u2019est une r\u00e9ponse \u00e0 la pri\u00e8re&nbsp;: Dieu a ouvert la porte&nbsp;!&nbsp;\u00bb Lawrence Gomez parle du Cap-Vert (Cabo Verde). Dans son r\u00f4le de\" \/>\n<meta property=\"og:url\" content=\"https:\/\/ifesworld.org\/fr\/prayerline\/dieu-ouvre-la-porte\/\" \/>\n<meta property=\"og:site_name\" content=\"IFES\" \/>\n<meta property=\"article:modified_time\" content=\"2023-10-02T16:05:22+00:00\" \/>\n<meta property=\"og:image\" content=\"https:\/\/ifesworld.org\/wp-content\/uploads\/2023\/09\/IMG_6748-1-scaled.jpg\" \/>\n\t<meta property=\"og:image:width\" content=\"2560\" \/>\n\t<meta property=\"og:image:height\" content=\"1920\" \/>\n\t<meta property=\"og:image:type\" content=\"image\/jpeg\" \/>\n<meta name=\"twitter:card\" content=\"summary_large_image\" \/>\n<meta name=\"twitter:label1\" content=\"Dur\u00e9e de lecture estim\u00e9e\" \/>\n\t<meta name=\"twitter:data1\" content=\"3 minutes\" \/>\n<script type=\"application\/ld+json\" class=\"yoast-schema-graph\">{\"@context\":\"https:\/\/schema.org\",\"@graph\":[{\"@type\":\"WebPage\",\"@id\":\"https:\/\/ifesworld.org\/fr\/prayerline\/dieu-ouvre-la-porte\/\",\"url\":\"https:\/\/ifesworld.org\/fr\/prayerline\/dieu-ouvre-la-porte\/\",\"name\":\"Dieu ouvre la porte &#183; IFES Prayerline\",\"isPartOf\":{\"@id\":\"https:\/\/fru.ifesworld.org\/en\/#website\"},\"datePublished\":\"2023-10-03T03:58:00+00:00\",\"dateModified\":\"2023-10-02T16:05:22+00:00\",\"description\":\"\u00ab&nbsp;C\u2019est une r\u00e9ponse \u00e0 la pri\u00e8re&nbsp;: Dieu a ouvert la porte&nbsp;!&nbsp;\u00bb Lawrence Gomez parle du Cap-Vert (Cabo Verde). Dans son r\u00f4le de\",\"breadcrumb\":{\"@id\":\"https:\/\/ifesworld.org\/fr\/prayerline\/dieu-ouvre-la-porte\/#breadcrumb\"},\"inLanguage\":\"fr-FR\",\"potentialAction\":[{\"@type\":\"ReadAction\",\"target\":[\"https:\/\/ifesworld.org\/fr\/prayerline\/dieu-ouvre-la-porte\/\"]}]},{\"@type\":\"BreadcrumbList\",\"@id\":\"https:\/\/ifesworld.org\/fr\/prayerline\/dieu-ouvre-la-porte\/#breadcrumb\",\"itemListElement\":[{\"@type\":\"ListItem\",\"position\":1,\"name\":\"Home\",\"item\":\"https:\/\/fru.ifesworld.org\/fr\/\"},{\"@type\":\"ListItem\",\"position\":2,\"name\":\"Prayerline\",\"item\":\"https:\/\/ifesworld.org\/en\/prayerline\/\"},{\"@type\":\"ListItem\",\"position\":3,\"name\":\"Dieu ouvre la porte\"}]},{\"@type\":\"WebSite\",\"@id\":\"https:\/\/fru.ifesworld.org\/en\/#website\",\"url\":\"https:\/\/fru.ifesworld.org\/en\/\",\"name\":\"IFES\",\"description\":\"A movement of students sharing and living out the good news of Jesus Christ. Locally. Nationally. Globally.\",\"publisher\":{\"@id\":\"https:\/\/fru.ifesworld.org\/en\/#organization\"},\"potentialAction\":[{\"@type\":\"SearchAction\",\"target\":{\"@type\":\"EntryPoint\",\"urlTemplate\":\"https:\/\/fru.ifesworld.org\/en\/?s={search_term_string}\"},\"query-input\":\"required name=search_term_string\"}],\"inLanguage\":\"fr-FR\"},{\"@type\":\"Organization\",\"@id\":\"https:\/\/fru.ifesworld.org\/en\/#organization\",\"name\":\"IFES \u00b7 International Fellowship of Evangelical Students\",\"url\":\"https:\/\/fru.ifesworld.org\/en\/\",\"logo\":{\"@type\":\"ImageObject\",\"inLanguage\":\"fr-FR\",\"@id\":\"https:\/\/fru.ifesworld.org\/en\/#\/schema\/logo\/image\/\",\"url\":\"https:\/\/fru.ifesworld.org\/wp-content\/uploads\/2019\/06\/ifeslogo.png\",\"contentUrl\":\"https:\/\/fru.ifesworld.org\/wp-content\/uploads\/2019\/06\/ifeslogo.png\",\"width\":262,\"height\":262,\"caption\":\"IFES \u00b7 International Fellowship of Evangelical Students\"},\"image\":{\"@id\":\"https:\/\/fru.ifesworld.org\/en\/#\/schema\/logo\/image\/\"}}]}<\/script>\n<!-- \/ Yoast SEO plugin. -->","yoast_head_json":{"title":"Dieu ouvre la porte &#183; IFES Prayerline","description":"\u00ab&nbsp;C\u2019est une r\u00e9ponse \u00e0 la pri\u00e8re&nbsp;: Dieu a ouvert la porte&nbsp;!&nbsp;\u00bb Lawrence Gomez parle du Cap-Vert (Cabo Verde). Dans son r\u00f4le de","robots":{"index":"noindex","follow":"follow","max-snippet":"max-snippet:-1","max-image-preview":"max-image-preview:large","max-video-preview":"max-video-preview:-1"},"og_locale":"fr_FR","og_type":"article","og_title":"Dieu ouvre la porte &#183; IFES Prayerline","og_description":"\u00ab&nbsp;C\u2019est une r\u00e9ponse \u00e0 la pri\u00e8re&nbsp;: Dieu a ouvert la porte&nbsp;!&nbsp;\u00bb Lawrence Gomez parle du Cap-Vert (Cabo Verde). Dans son r\u00f4le de","og_url":"https:\/\/ifesworld.org\/fr\/prayerline\/dieu-ouvre-la-porte\/","og_site_name":"IFES","article_modified_time":"2023-10-02T16:05:22+00:00","og_image":[{"width":2560,"height":1920,"url":"https:\/\/ifesworld.org\/wp-content\/uploads\/2023\/09\/IMG_6748-1-scaled.jpg","type":"image\/jpeg"}],"twitter_card":"summary_large_image","twitter_misc":{"Dur\u00e9e de lecture estim\u00e9e":"3 minutes"},"schema":{"@context":"https:\/\/schema.org","@graph":[{"@type":"WebPage","@id":"https:\/\/ifesworld.org\/fr\/prayerline\/dieu-ouvre-la-porte\/","url":"https:\/\/ifesworld.org\/fr\/prayerline\/dieu-ouvre-la-porte\/","name":"Dieu ouvre la porte &#183; IFES Prayerline","isPartOf":{"@id":"https:\/\/fru.ifesworld.org\/en\/#website"},"datePublished":"2023-10-03T03:58:00+00:00","dateModified":"2023-10-02T16:05:22+00:00","description":"\u00ab&nbsp;C\u2019est une r\u00e9ponse \u00e0 la pri\u00e8re&nbsp;: Dieu a ouvert la porte&nbsp;!&nbsp;\u00bb Lawrence Gomez parle du Cap-Vert (Cabo Verde). Dans son r\u00f4le de","breadcrumb":{"@id":"https:\/\/ifesworld.org\/fr\/prayerline\/dieu-ouvre-la-porte\/#breadcrumb"},"inLanguage":"fr-FR","potentialAction":[{"@type":"ReadAction","target":["https:\/\/ifesworld.org\/fr\/prayerline\/dieu-ouvre-la-porte\/"]}]},{"@type":"BreadcrumbList","@id":"https:\/\/ifesworld.org\/fr\/prayerline\/dieu-ouvre-la-porte\/#breadcrumb","itemListElement":[{"@type":"ListItem","position":1,"name":"Home","item":"https:\/\/fru.ifesworld.org\/fr\/"},{"@type":"ListItem","position":2,"name":"Prayerline","item":"https:\/\/ifesworld.org\/en\/prayerline\/"},{"@type":"ListItem","position":3,"name":"Dieu ouvre la porte"}]},{"@type":"WebSite","@id":"https:\/\/fru.ifesworld.org\/en\/#website","url":"https:\/\/fru.ifesworld.org\/en\/","name":"IFES","description":"A movement of students sharing and living out the good news of Jesus Christ. Locally. Nationally. Globally.","publisher":{"@id":"https:\/\/fru.ifesworld.org\/en\/#organization"},"potentialAction":[{"@type":"SearchAction","target":{"@type":"EntryPoint","urlTemplate":"https:\/\/fru.ifesworld.org\/en\/?s={search_term_string}"},"query-input":"required name=search_term_string"}],"inLanguage":"fr-FR"},{"@type":"Organization","@id":"https:\/\/fru.ifesworld.org\/en\/#organization","name":"IFES \u00b7 International Fellowship of Evangelical Students","url":"https:\/\/fru.ifesworld.org\/en\/","logo":{"@type":"ImageObject","inLanguage":"fr-FR","@id":"https:\/\/fru.ifesworld.org\/en\/#\/schema\/logo\/image\/","url":"https:\/\/fru.ifesworld.org\/wp-content\/uploads\/2019\/06\/ifeslogo.png","contentUrl":"https:\/\/fru.ifesworld.org\/wp-content\/uploads\/2019\/06\/ifeslogo.png","width":262,"height":262,"caption":"IFES \u00b7 International Fellowship of Evangelical Students"},"image":{"@id":"https:\/\/fru.ifesworld.org\/en\/#\/schema\/logo\/image\/"}}]}},"_links":{"self":[{"href":"https:\/\/fru.ifesworld.org\/fr\/wp-json\/wp\/v2\/prayerline\/29629"}],"collection":[{"href":"https:\/\/fru.ifesworld.org\/fr\/wp-json\/wp\/v2\/prayerline"}],"about":[{"href":"https:\/\/fru.ifesworld.org\/fr\/wp-json\/wp\/v2\/types\/prayerline"}],"wp:attachment":[{"href":"https:\/\/fru.ifesworld.org\/fr\/wp-json\/wp\/v2\/media?parent=29629"}],"wp:term":[{"taxonomy":"area","embeddable":true,"href":"https:\/\/fru.ifesworld.org\/fr\/wp-json\/wp\/v2\/area?post=29629"},{"taxonomy":"theme","embeddable":true,"href":"https:\/\/fru.ifesworld.org\/fr\/wp-json\/wp\/v2\/theme?post=29629"}],"curies":[{"name":"wp","href":"https:\/\/api.w.org\/{rel}","templated":true}]}}