{"id":24453,"date":"2023-04-04T12:06:56","date_gmt":"2023-04-04T11:06:56","guid":{"rendered":"https:\/\/fru.ifesworld.org\/?post_type=prayerline&#038;p=24453"},"modified":"2023-04-11T09:31:05","modified_gmt":"2023-04-11T08:31:05","slug":"seigneur-calme-la-tempete","status":"publish","type":"prayerline","link":"https:\/\/fru.ifesworld.org\/fr\/prayerline\/seigneur-calme-la-tempete\/","title":{"rendered":"Seigneur, calme la temp\u00eate"},"content":{"rendered":"<div class=\"wp-block block-core-paragraph\">\n<p>Un climat de tension impr\u00e8gne encore les \u00e9tudiants internationaux en Tunisie apr\u00e8s une r\u00e9cente vague d\u2019attaques racistes \u00e0 l\u2019encontre des Africains subsahariens. Nos contacts en Tunisie ont demand\u00e9 la pri\u00e8re pendant qu&rsquo;ils continuent de fournir un soutien moral, spirituel et mat\u00e9riel \u00e0 des centaines d\u2019\u00e9tudiants internationaux dans cette nation nord-africaine.&nbsp;<\/p>\n<\/div>\n\n<div class=\"wp-block block-core-paragraph\">\n<p>\u00ab\u202fLes derni\u00e8res semaines ont \u00e9t\u00e9 tr\u00e8s, tr\u00e8s difficiles. Plusieurs Subsahariens, y compris des \u00e9tudiants, ont \u00e9t\u00e9 agress\u00e9s et emprisonn\u00e9s arbitrairement\u202f\u00bb, explique Armand. \u00ab\u202fNous avons eu beaucoup de mal entre la gestion de nos propres craintes et le fait de rassurer les \u00e9tudiants au niveau national. Nous demandons au Seigneur de calmer cette temp\u00eate.\u202f\u00bb&nbsp;<\/p>\n<\/div>\n\n<div class=\"wp-block block-core-paragraph\">\n<p>Le d\u00e9ferlement d\u2019attaques racistes a commenc\u00e9 fin f\u00e9vrier \u00e0 la suite de remarques que le pr\u00e9sident du pays a faites au sujet de migrants d\u2019Afrique noire. D\u00e9but mars, beaucoup d\u2019\u00e9tudiants internationaux avaient trop peur pour s\u2019aventurer hors de leur foyer. Le mouvement national a annul\u00e9 les r\u00e9unions en pr\u00e9sentiel pour deux semaines, et m\u00eame son camp biblique national.&nbsp;&nbsp;<\/p>\n<\/div>\n\n<div class=\"wp-block block-core-paragraph\">\n<p>Un mois plus tard, Armand raconte que la forte crainte et l\u2019angoisse parmi les \u00e9tudiants d\u2019Afrique subsaharienne a quelque peu diminu\u00e9, mais de nombreux \u00e9tudiants restent prudents et attendent de voir comment les choses progresseront jour apr\u00e8s jour.&nbsp;<\/p>\n<\/div>\n\n<div class=\"wp-block block-core-paragraph\">\n<p>\u00ab\u202fPlusieurs de nos \u00e9tudiants \u00e9taient pr\u00eats \u00e0 quitter la Tunisie de fa\u00e7on permanente avant la fin de leurs \u00e9tudes, mais nous avons essay\u00e9 de les rassurer, ainsi que leurs parents\u202f\u00bb, dit-il. \u00ab\u202fMais ce n\u2019est pas facile. Je crains que beaucoup d\u2019\u00e9tudiants quittent le pays \u00e0 la fin de l\u2019ann\u00e9e universitaire et ne reviennent pas, et que nous ayons moins de nouveaux \u00e9tudiants internationaux venant dans le pays \u00e0 l\u2019avenir.\u202f\u00bb\u00a0<\/p>\n<\/div>\n\n<div class=\"wp-block block-core-paragraph\">\n<p>La Tunisie est une destination pris\u00e9e des \u00e9tudiants internationaux d&rsquo;Afrique subsaharienne, qui sont attir\u00e9s par la qualit\u00e9 des universit\u00e9s du pays, le co\u00fbt de la vie moins \u00e9lev\u00e9 et les exigences moins strictes en mati\u00e8re de visas par rapport aux pays europ\u00e9ens. En r\u00e9ponse, le mouvement national tunisien a d\u00e9velopp\u00e9 un minist\u00e8re dynamique parmi les \u00e9tudiants internationaux.&nbsp;&nbsp;<\/p>\n<\/div>\n\n<div class=\"wp-block block-core-paragraph\">\n<p>Dans cette nation \u00e0 pr\u00e9dominance musulmane, les \u00e9tudiants internationaux constituent la grande majorit\u00e9 du mouvement national. Environ 500 participent aux \u00e9tudes bibliques hebdomadaires et autres activit\u00e9s dans 10 villes. En parall\u00e8le, les \u00e9tudiants chr\u00e9tiens jouent un r\u00f4le important en cr\u00e9ant des amiti\u00e9s, en accueillant et en orientant les \u00e9tudiants internationaux, dont beaucoup sont confront\u00e9s au choc culturel, aux barri\u00e8res linguistiques, ainsi qu\u2019aux d\u00e9fis financiers et acad\u00e9miques.&nbsp;&nbsp;<\/p>\n<\/div>\n\n<div class=\"wp-block block-core-paragraph\">\n<p>Armand explique que le Seigneur a ouvert de merveilleuses opportunit\u00e9s \u00e0 travers ce minist\u00e8re\u202fparmi les\u202f\u00e9tudiants\u202finternationaux : \u00ab\u202fC\u2019est vraiment l\u2019humour du Seigneur que nous ayons plusieurs t\u00e9moignages d\u2019\u00e9tudiants internationaux qui le rencontrent ici, en pays islamique. Mais le travail pastoral parmi les \u00e9tudiants dans un contexte islamique est tr\u00e8s difficile, et notre minist\u00e8re requiert beaucoup de cr\u00e9ativit\u00e9. \u00bb&nbsp;<\/p>\n<\/div>\n\n<div class=\"wp-block block-core-paragraph\">\n<p>Merci de prier avec nous pour les \u00e9tudiants en Tunisie\u202f:&nbsp;<\/p>\n<\/div>\n\n<div class=\"wp-block block-core-list\">\n<ul><li>Priez que le Seigneur apporte sa paix et sa consolation aux \u00e9tudiants subsahariens qui ont \u00e9t\u00e9 traumatis\u00e9s par cette crise.&nbsp;<\/li><li>Priez que les autorit\u00e9s prennent des mesures afin de mettre fin \u00e0 ces attaques racistes.&nbsp;<\/li><li>Demandez \u00e0 Dieu de faire de cette situation une occasion pour que les \u00e9tudiants chr\u00e9tiens t\u00e9moignent de son amour.&nbsp;<\/li><li>Priez que le Seigneur r\u00e9ponde aux besoins mat\u00e9riels des \u00e9tudiants subsahariens (p. ex. alimentaires).&nbsp;&nbsp;<\/li><\/ul>\n<\/div>\n\n<div class=\"wp-block block-core-paragraph\">\n<p>Pour plus d&rsquo;informations sur le minist\u00e8re parmi les \u00e9tudiants internationaux en Tunisie, \u00e9coutez ce r\u00e9cent podcast de <a href=\"https:\/\/open.spotify.com\/episode\/4qu8kq3nlRau0WiTQpuHaJ?si=ade8eff3dea04e00\" target=\"_blank\" rel=\"noreferrer noopener\">Voices of IFES<\/a> o\u00f9 Armand est interview\u00e9 (en fran\u00e7ais).&nbsp;&nbsp;<\/p>\n<\/div>","protected":false},"featured_media":0,"template":"","area":[955],"theme":[],"class_list":["post-24453","prayerline","type-prayerline","status-publish","hentry","area-moyen-orient-et-afrique-du-nord"],"acf":[],"yoast_head":"<!-- This site is optimized with the Yoast SEO plugin v22.6 - https:\/\/yoast.com\/wordpress\/plugins\/seo\/ -->\n<title>Seigneur, calme la temp\u00eate &#183; IFES Prayerline<\/title>\n<meta name=\"description\" content=\"Un climat de tension impr\u00e8gne encore les \u00e9tudiants internationaux en Tunisie apr\u00e8s une r\u00e9cente vague d\u2019attaques racistes \u00e0 l\u2019encontre des Africains\" \/>\n<meta name=\"robots\" content=\"noindex, follow, max-snippet:-1, max-image-preview:large, max-video-preview:-1\" \/>\n<meta property=\"og:locale\" content=\"fr_FR\" \/>\n<meta property=\"og:type\" content=\"article\" \/>\n<meta property=\"og:title\" content=\"Seigneur, calme la temp\u00eate &#183; IFES Prayerline\" \/>\n<meta property=\"og:description\" content=\"Un climat de tension impr\u00e8gne encore les \u00e9tudiants internationaux en Tunisie apr\u00e8s une r\u00e9cente vague d\u2019attaques racistes \u00e0 l\u2019encontre des Africains\" \/>\n<meta property=\"og:url\" content=\"https:\/\/ifesworld.org\/fr\/prayerline\/seigneur-calme-la-tempete\/\" \/>\n<meta property=\"og:site_name\" content=\"IFES\" \/>\n<meta property=\"article:modified_time\" content=\"2023-04-11T08:31:05+00:00\" \/>\n<meta property=\"og:image\" content=\"https:\/\/ifesworld.org\/wp-content\/uploads\/2023\/03\/WhatsApp-Image-2023-03-31-at-10.52.43.jpeg\" \/>\n\t<meta property=\"og:image:width\" content=\"1280\" \/>\n\t<meta property=\"og:image:height\" content=\"960\" \/>\n\t<meta property=\"og:image:type\" content=\"image\/jpeg\" \/>\n<meta name=\"twitter:card\" content=\"summary_large_image\" \/>\n<meta name=\"twitter:label1\" content=\"Dur\u00e9e de lecture estim\u00e9e\" \/>\n\t<meta name=\"twitter:data1\" content=\"3 minutes\" \/>\n<script type=\"application\/ld+json\" class=\"yoast-schema-graph\">{\"@context\":\"https:\/\/schema.org\",\"@graph\":[{\"@type\":\"WebPage\",\"@id\":\"https:\/\/ifesworld.org\/fr\/prayerline\/seigneur-calme-la-tempete\/\",\"url\":\"https:\/\/ifesworld.org\/fr\/prayerline\/seigneur-calme-la-tempete\/\",\"name\":\"Seigneur, calme la temp\u00eate &#183; IFES Prayerline\",\"isPartOf\":{\"@id\":\"https:\/\/fru.ifesworld.org\/en\/#website\"},\"datePublished\":\"2023-04-04T11:06:56+00:00\",\"dateModified\":\"2023-04-11T08:31:05+00:00\",\"description\":\"Un climat de tension impr\u00e8gne encore les \u00e9tudiants internationaux en Tunisie apr\u00e8s une r\u00e9cente vague d\u2019attaques racistes \u00e0 l\u2019encontre des Africains\",\"breadcrumb\":{\"@id\":\"https:\/\/ifesworld.org\/fr\/prayerline\/seigneur-calme-la-tempete\/#breadcrumb\"},\"inLanguage\":\"fr-FR\",\"potentialAction\":[{\"@type\":\"ReadAction\",\"target\":[\"https:\/\/ifesworld.org\/fr\/prayerline\/seigneur-calme-la-tempete\/\"]}]},{\"@type\":\"BreadcrumbList\",\"@id\":\"https:\/\/ifesworld.org\/fr\/prayerline\/seigneur-calme-la-tempete\/#breadcrumb\",\"itemListElement\":[{\"@type\":\"ListItem\",\"position\":1,\"name\":\"Home\",\"item\":\"https:\/\/fru.ifesworld.org\/fr\/\"},{\"@type\":\"ListItem\",\"position\":2,\"name\":\"Prayerline\",\"item\":\"https:\/\/ifesworld.org\/en\/prayerline\/\"},{\"@type\":\"ListItem\",\"position\":3,\"name\":\"Seigneur, calme la temp\u00eate\"}]},{\"@type\":\"WebSite\",\"@id\":\"https:\/\/fru.ifesworld.org\/en\/#website\",\"url\":\"https:\/\/fru.ifesworld.org\/en\/\",\"name\":\"IFES\",\"description\":\"A movement of students sharing and living out the good news of Jesus Christ. Locally. Nationally. Globally.\",\"publisher\":{\"@id\":\"https:\/\/fru.ifesworld.org\/en\/#organization\"},\"potentialAction\":[{\"@type\":\"SearchAction\",\"target\":{\"@type\":\"EntryPoint\",\"urlTemplate\":\"https:\/\/fru.ifesworld.org\/en\/?s={search_term_string}\"},\"query-input\":\"required name=search_term_string\"}],\"inLanguage\":\"fr-FR\"},{\"@type\":\"Organization\",\"@id\":\"https:\/\/fru.ifesworld.org\/en\/#organization\",\"name\":\"IFES \u00b7 International Fellowship of Evangelical Students\",\"url\":\"https:\/\/fru.ifesworld.org\/en\/\",\"logo\":{\"@type\":\"ImageObject\",\"inLanguage\":\"fr-FR\",\"@id\":\"https:\/\/fru.ifesworld.org\/en\/#\/schema\/logo\/image\/\",\"url\":\"https:\/\/fru.ifesworld.org\/wp-content\/uploads\/2019\/06\/ifeslogo.png\",\"contentUrl\":\"https:\/\/fru.ifesworld.org\/wp-content\/uploads\/2019\/06\/ifeslogo.png\",\"width\":262,\"height\":262,\"caption\":\"IFES \u00b7 International Fellowship of Evangelical Students\"},\"image\":{\"@id\":\"https:\/\/fru.ifesworld.org\/en\/#\/schema\/logo\/image\/\"}}]}<\/script>\n<!-- \/ Yoast SEO plugin. -->","yoast_head_json":{"title":"Seigneur, calme la temp\u00eate &#183; IFES Prayerline","description":"Un climat de tension impr\u00e8gne encore les \u00e9tudiants internationaux en Tunisie apr\u00e8s une r\u00e9cente vague d\u2019attaques racistes \u00e0 l\u2019encontre des Africains","robots":{"index":"noindex","follow":"follow","max-snippet":"max-snippet:-1","max-image-preview":"max-image-preview:large","max-video-preview":"max-video-preview:-1"},"og_locale":"fr_FR","og_type":"article","og_title":"Seigneur, calme la temp\u00eate &#183; IFES Prayerline","og_description":"Un climat de tension impr\u00e8gne encore les \u00e9tudiants internationaux en Tunisie apr\u00e8s une r\u00e9cente vague d\u2019attaques racistes \u00e0 l\u2019encontre des Africains","og_url":"https:\/\/ifesworld.org\/fr\/prayerline\/seigneur-calme-la-tempete\/","og_site_name":"IFES","article_modified_time":"2023-04-11T08:31:05+00:00","og_image":[{"width":1280,"height":960,"url":"https:\/\/ifesworld.org\/wp-content\/uploads\/2023\/03\/WhatsApp-Image-2023-03-31-at-10.52.43.jpeg","type":"image\/jpeg"}],"twitter_card":"summary_large_image","twitter_misc":{"Dur\u00e9e de lecture estim\u00e9e":"3 minutes"},"schema":{"@context":"https:\/\/schema.org","@graph":[{"@type":"WebPage","@id":"https:\/\/ifesworld.org\/fr\/prayerline\/seigneur-calme-la-tempete\/","url":"https:\/\/ifesworld.org\/fr\/prayerline\/seigneur-calme-la-tempete\/","name":"Seigneur, calme la temp\u00eate &#183; IFES Prayerline","isPartOf":{"@id":"https:\/\/fru.ifesworld.org\/en\/#website"},"datePublished":"2023-04-04T11:06:56+00:00","dateModified":"2023-04-11T08:31:05+00:00","description":"Un climat de tension impr\u00e8gne encore les \u00e9tudiants internationaux en Tunisie apr\u00e8s une r\u00e9cente vague d\u2019attaques racistes \u00e0 l\u2019encontre des Africains","breadcrumb":{"@id":"https:\/\/ifesworld.org\/fr\/prayerline\/seigneur-calme-la-tempete\/#breadcrumb"},"inLanguage":"fr-FR","potentialAction":[{"@type":"ReadAction","target":["https:\/\/ifesworld.org\/fr\/prayerline\/seigneur-calme-la-tempete\/"]}]},{"@type":"BreadcrumbList","@id":"https:\/\/ifesworld.org\/fr\/prayerline\/seigneur-calme-la-tempete\/#breadcrumb","itemListElement":[{"@type":"ListItem","position":1,"name":"Home","item":"https:\/\/fru.ifesworld.org\/fr\/"},{"@type":"ListItem","position":2,"name":"Prayerline","item":"https:\/\/ifesworld.org\/en\/prayerline\/"},{"@type":"ListItem","position":3,"name":"Seigneur, calme la temp\u00eate"}]},{"@type":"WebSite","@id":"https:\/\/fru.ifesworld.org\/en\/#website","url":"https:\/\/fru.ifesworld.org\/en\/","name":"IFES","description":"A movement of students sharing and living out the good news of Jesus Christ. Locally. Nationally. Globally.","publisher":{"@id":"https:\/\/fru.ifesworld.org\/en\/#organization"},"potentialAction":[{"@type":"SearchAction","target":{"@type":"EntryPoint","urlTemplate":"https:\/\/fru.ifesworld.org\/en\/?s={search_term_string}"},"query-input":"required name=search_term_string"}],"inLanguage":"fr-FR"},{"@type":"Organization","@id":"https:\/\/fru.ifesworld.org\/en\/#organization","name":"IFES \u00b7 International Fellowship of Evangelical Students","url":"https:\/\/fru.ifesworld.org\/en\/","logo":{"@type":"ImageObject","inLanguage":"fr-FR","@id":"https:\/\/fru.ifesworld.org\/en\/#\/schema\/logo\/image\/","url":"https:\/\/fru.ifesworld.org\/wp-content\/uploads\/2019\/06\/ifeslogo.png","contentUrl":"https:\/\/fru.ifesworld.org\/wp-content\/uploads\/2019\/06\/ifeslogo.png","width":262,"height":262,"caption":"IFES \u00b7 International Fellowship of Evangelical Students"},"image":{"@id":"https:\/\/fru.ifesworld.org\/en\/#\/schema\/logo\/image\/"}}]}},"_links":{"self":[{"href":"https:\/\/fru.ifesworld.org\/fr\/wp-json\/wp\/v2\/prayerline\/24453"}],"collection":[{"href":"https:\/\/fru.ifesworld.org\/fr\/wp-json\/wp\/v2\/prayerline"}],"about":[{"href":"https:\/\/fru.ifesworld.org\/fr\/wp-json\/wp\/v2\/types\/prayerline"}],"wp:attachment":[{"href":"https:\/\/fru.ifesworld.org\/fr\/wp-json\/wp\/v2\/media?parent=24453"}],"wp:term":[{"taxonomy":"area","embeddable":true,"href":"https:\/\/fru.ifesworld.org\/fr\/wp-json\/wp\/v2\/area?post=24453"},{"taxonomy":"theme","embeddable":true,"href":"https:\/\/fru.ifesworld.org\/fr\/wp-json\/wp\/v2\/theme?post=24453"}],"curies":[{"name":"wp","href":"https:\/\/api.w.org\/{rel}","templated":true}]}}