{"id":2339,"date":"2018-01-30T16:00:00","date_gmt":"2018-01-30T16:00:00","guid":{"rendered":"https:\/\/fru.ifesworld.org\/prayerline\/priez-pour-le-ministere-parmi-les-etudiants-internationaux-dans-le-monde\/"},"modified":"2018-01-30T16:00:00","modified_gmt":"2018-01-30T16:00:00","slug":"priez-pour-le-ministere-parmi-les-etudiants-internationaux-dans-le-monde","status":"publish","type":"prayerline","link":"https:\/\/fru.ifesworld.org\/fr\/prayerline\/priez-pour-le-ministere-parmi-les-etudiants-internationaux-dans-le-monde\/","title":{"rendered":"Priez pour le minist\u00e8re parmi les \u00e9tudiants internationaux dans le monde"},"content":{"rendered":"<table>\n<tbody>\n<tr>\n<td>\n<table>\n<tbody>\n<tr>\n<td>\n<p>Des aliments bizarres. Des accents inhabituels. Des coutumes diff\u00e9rentes. Des attentes non d\u00e9finies. <\/p>\n<p>Loin de chez eux, loin de leurs amis et de leurs connaissances, la vie des personnes qui \u00e9tudient dans un autre pays est parfois faite d&rsquo;isolement et de solitude. Pour les \u00e9tudiants internationaux en qu\u00eate d&rsquo;appartenance, et pour ceux qui sont en qu\u00eate de v\u00e9rit\u00e9, le t\u00e9moignage et l&rsquo;hospitalit\u00e9 des chr\u00e9tiens a un impact \u00e9norme. <\/p>\n<\/td>\n<\/tr>\n<\/tbody>\n<\/table>\n<\/td>\n<\/tr>\n<\/tbody>\n<\/table>\n<table>\n<tbody>\n<tr>\n<td>\n<table>\n<tbody>\n<tr>\n<td>\n<p>                                        <img decoding=\"async\" align=\"center\" alt=\"\" src=\"https:\/\/fru.ifesworld.org\/wp-content\/uploads\/2019\/05\/75588ed7-eba9-4a3f-aeca-d0444b5a0cab.jpg\" class=\"mcnImage\"><\/p>\n<\/td>\n<\/tr>\n<\/tbody>\n<\/table>\n<\/td>\n<\/tr>\n<\/tbody>\n<\/table>\n<table>\n<tbody>\n<tr>\n<td>\n<table>\n<tbody>\n<tr>\n<td>\n<h2> <\/h2>\n<p>Charlotte a entendu parler de J\u00e9sus pour la premi\u00e8re fois lorsqu&rsquo;elle faisait ses \u00e9tudes \u00e0 l&rsquo;\u00e9tranger, en Chypre du Nord. Apr\u00e8s avoir donn\u00e9 \u00e0 sa vie \u00e0 Dieu, elle a d\u00e9cid\u00e9 de rejoindre elle-m\u00eame l&rsquo;\u00e9quipe de l&rsquo;ISM (minist\u00e8re parmi les \u00e9tudiants internationaux), pour pouvoir toucher d&rsquo;autres \u00e9tudiants internationaux avec la bonne nouvelle qui avait transform\u00e9 sa vie. Elle r\u00e9fl\u00e9chit \u00e0 son exp\u00e9rience\u202f: <\/p>\n<p><em>\u00ab\u202fL&rsquo;ISM, je peux assur\u00e9ment en t\u00e9moigner, a chang\u00e9 la direction de ma vie. Nous, les \u00e9tudiants, et surtout les \u00e9tudiants internationaux, sommes fiers, forts, et \u00e0 la fois pourtant tellement faibles et vuln\u00e9rables, et constamment en manque de rep\u00e8res. Faire partie du minist\u00e8re \u00e9tudiant m&rsquo;a aid\u00e9 \u00e0 go\u00fbter et \u00e0 voir que c&rsquo;est J\u00e9sus et pas Google qui peut nous donner les rep\u00e8res et l&rsquo;assentiment dont on a tellement besoin. J&rsquo;esp\u00e8re que bien d&rsquo;autres \u00e9tudiants auront le d\u00e9sir de faire partie de l&rsquo;ISM l\u00e0 o\u00f9 ils se trouvent dans le monde, et qu&rsquo;ils pourront ainsi \u00eatre les mains et les pieds de Dieu.\u202f\u00bb <\/em><\/p>\n<ul>\n<li>\n<p>Priez que beaucoup d&rsquo;autres \u00e9tudiants internationaux comme Charlotte d\u00e9couvrent J\u00e9sus gr\u00e2ce \u00e0 l&rsquo;ISM, et cherchent activement \u00e0 atteindre les autres. <\/p>\n<\/li>\n<\/ul>\n<ul>\n<li>\n<p>Le nombre d&rsquo;\u00e9tudiants internationaux devrait atteindre les 7\u202fmillions d&rsquo;ici \u00e0 2020\u202f: louez Dieu pour les opportunit\u00e9s formidables que nous avons d&rsquo;atteindre les \u00e9tudiants internationaux dans le monde. <\/p>\n<\/li>\n<li>\n<p>Priez que Dieu donne aux \u00e9tudiants chr\u00e9tiens le courage, la sagesse et l&rsquo;amour n\u00e9cessaires alors qu&rsquo;ils s&rsquo;efforcent de pr\u00e9senter J\u00e9sus aux \u00e9tudiants internationaux sur leurs campus, qui seul peut les amener \u00e0 leur v\u00e9ritable demeure \u00e9ternelle. <\/p>\n<\/li>\n<\/ul>\n<p>Cela vous int\u00e9resse\u202f? <a href=\"https:\/\/fr.ifesconexion.org\/trouver-un-chez-soi-loin-de-chez-soi-fc58549dfc69\" target=\"_blank\">Vous pouvez lire d&rsquo;autres histoires d&rsquo;\u00e9tudiants internationaux au Moyen-Orient, en Chine et au Rwanda touch\u00e9s par le t\u00e9moignage des groupes \u00e9tudiants de l&rsquo;IFES. <\/a>\n <\/p>\n<p>Merci de prier avec nous !\n                        <\/td>\n<\/tr>\n<\/tbody>\n<\/table>\n<\/td>\n<\/tr>\n<\/tbody>\n<\/table>\n","protected":false},"featured_media":0,"template":"","area":[],"theme":[],"class_list":["post-2339","prayerline","type-prayerline","status-publish","hentry"],"acf":[],"yoast_head":"<!-- This site is optimized with the Yoast SEO plugin v22.6 - https:\/\/yoast.com\/wordpress\/plugins\/seo\/ -->\n<title>Priez pour le minist\u00e8re parmi les \u00e9tudiants internationaux dans le monde &#183; IFES Prayerline<\/title>\n<meta name=\"description\" content=\"Des aliments bizarres. Des accents inhabituels. Des coutumes diff\u00e9rentes. Des attentes non d\u00e9finies. Loin de chez eux, loin de leurs amis et de leurs\" \/>\n<meta name=\"robots\" content=\"noindex, follow, max-snippet:-1, max-image-preview:large, max-video-preview:-1\" \/>\n<meta property=\"og:locale\" content=\"fr_FR\" \/>\n<meta property=\"og:type\" content=\"article\" \/>\n<meta property=\"og:title\" content=\"Priez pour le minist\u00e8re parmi les \u00e9tudiants internationaux dans le monde &#183; IFES Prayerline\" \/>\n<meta property=\"og:description\" content=\"Des aliments bizarres. Des accents inhabituels. Des coutumes diff\u00e9rentes. Des attentes non d\u00e9finies. Loin de chez eux, loin de leurs amis et de leurs\" \/>\n<meta property=\"og:url\" content=\"https:\/\/ifesworld.org\/fr\/prayerline\/priez-pour-le-ministere-parmi-les-etudiants-internationaux-dans-le-monde\/\" \/>\n<meta property=\"og:site_name\" content=\"IFES\" \/>\n<meta property=\"og:image\" content=\"https:\/\/ifesworld.org\/wp-content\/uploads\/2019\/05\/75588ed7-eba9-4a3f-aeca-d0444b5a0cab.jpg\" \/>\n\t<meta property=\"og:image:width\" content=\"1280\" \/>\n\t<meta property=\"og:image:height\" content=\"720\" \/>\n\t<meta property=\"og:image:type\" content=\"image\/jpeg\" \/>\n<meta name=\"twitter:card\" content=\"summary_large_image\" \/>\n<meta name=\"twitter:label1\" content=\"Dur\u00e9e de lecture estim\u00e9e\" \/>\n\t<meta name=\"twitter:data1\" content=\"2 minutes\" \/>\n<script type=\"application\/ld+json\" class=\"yoast-schema-graph\">{\"@context\":\"https:\/\/schema.org\",\"@graph\":[{\"@type\":\"WebPage\",\"@id\":\"https:\/\/ifesworld.org\/fr\/prayerline\/priez-pour-le-ministere-parmi-les-etudiants-internationaux-dans-le-monde\/\",\"url\":\"https:\/\/ifesworld.org\/fr\/prayerline\/priez-pour-le-ministere-parmi-les-etudiants-internationaux-dans-le-monde\/\",\"name\":\"Priez pour le minist\u00e8re parmi les \u00e9tudiants internationaux dans le monde &#183; IFES Prayerline\",\"isPartOf\":{\"@id\":\"https:\/\/fru.ifesworld.org\/en\/#website\"},\"primaryImageOfPage\":{\"@id\":\"https:\/\/ifesworld.org\/fr\/prayerline\/priez-pour-le-ministere-parmi-les-etudiants-internationaux-dans-le-monde\/#primaryimage\"},\"image\":{\"@id\":\"https:\/\/ifesworld.org\/fr\/prayerline\/priez-pour-le-ministere-parmi-les-etudiants-internationaux-dans-le-monde\/#primaryimage\"},\"thumbnailUrl\":\"https:\/\/fru.ifesworld.org\/wp-content\/uploads\/2019\/05\/75588ed7-eba9-4a3f-aeca-d0444b5a0cab.jpg\",\"datePublished\":\"2018-01-30T16:00:00+00:00\",\"dateModified\":\"2018-01-30T16:00:00+00:00\",\"description\":\"Des aliments bizarres. Des accents inhabituels. Des coutumes diff\u00e9rentes. Des attentes non d\u00e9finies. Loin de chez eux, loin de leurs amis et de leurs\",\"breadcrumb\":{\"@id\":\"https:\/\/ifesworld.org\/fr\/prayerline\/priez-pour-le-ministere-parmi-les-etudiants-internationaux-dans-le-monde\/#breadcrumb\"},\"inLanguage\":\"fr-FR\",\"potentialAction\":[{\"@type\":\"ReadAction\",\"target\":[\"https:\/\/ifesworld.org\/fr\/prayerline\/priez-pour-le-ministere-parmi-les-etudiants-internationaux-dans-le-monde\/\"]}]},{\"@type\":\"ImageObject\",\"inLanguage\":\"fr-FR\",\"@id\":\"https:\/\/ifesworld.org\/fr\/prayerline\/priez-pour-le-ministere-parmi-les-etudiants-internationaux-dans-le-monde\/#primaryimage\",\"url\":\"https:\/\/fru.ifesworld.org\/wp-content\/uploads\/2019\/05\/75588ed7-eba9-4a3f-aeca-d0444b5a0cab.jpg\",\"contentUrl\":\"https:\/\/fru.ifesworld.org\/wp-content\/uploads\/2019\/05\/75588ed7-eba9-4a3f-aeca-d0444b5a0cab.jpg\"},{\"@type\":\"BreadcrumbList\",\"@id\":\"https:\/\/ifesworld.org\/fr\/prayerline\/priez-pour-le-ministere-parmi-les-etudiants-internationaux-dans-le-monde\/#breadcrumb\",\"itemListElement\":[{\"@type\":\"ListItem\",\"position\":1,\"name\":\"Home\",\"item\":\"https:\/\/fru.ifesworld.org\/fr\/\"},{\"@type\":\"ListItem\",\"position\":2,\"name\":\"Prayerline\",\"item\":\"https:\/\/ifesworld.org\/en\/prayerline\/\"},{\"@type\":\"ListItem\",\"position\":3,\"name\":\"Priez pour le minist\u00e8re parmi les \u00e9tudiants internationaux dans le monde\"}]},{\"@type\":\"WebSite\",\"@id\":\"https:\/\/fru.ifesworld.org\/en\/#website\",\"url\":\"https:\/\/fru.ifesworld.org\/en\/\",\"name\":\"IFES\",\"description\":\"A movement of students sharing and living out the good news of Jesus Christ. Locally. Nationally. Globally.\",\"publisher\":{\"@id\":\"https:\/\/fru.ifesworld.org\/en\/#organization\"},\"potentialAction\":[{\"@type\":\"SearchAction\",\"target\":{\"@type\":\"EntryPoint\",\"urlTemplate\":\"https:\/\/fru.ifesworld.org\/en\/?s={search_term_string}\"},\"query-input\":\"required name=search_term_string\"}],\"inLanguage\":\"fr-FR\"},{\"@type\":\"Organization\",\"@id\":\"https:\/\/fru.ifesworld.org\/en\/#organization\",\"name\":\"IFES \u00b7 International Fellowship of Evangelical Students\",\"url\":\"https:\/\/fru.ifesworld.org\/en\/\",\"logo\":{\"@type\":\"ImageObject\",\"inLanguage\":\"fr-FR\",\"@id\":\"https:\/\/fru.ifesworld.org\/en\/#\/schema\/logo\/image\/\",\"url\":\"https:\/\/fru.ifesworld.org\/wp-content\/uploads\/2019\/06\/ifeslogo.png\",\"contentUrl\":\"https:\/\/fru.ifesworld.org\/wp-content\/uploads\/2019\/06\/ifeslogo.png\",\"width\":262,\"height\":262,\"caption\":\"IFES \u00b7 International Fellowship of Evangelical Students\"},\"image\":{\"@id\":\"https:\/\/fru.ifesworld.org\/en\/#\/schema\/logo\/image\/\"}}]}<\/script>\n<!-- \/ Yoast SEO plugin. -->","yoast_head_json":{"title":"Priez pour le minist\u00e8re parmi les \u00e9tudiants internationaux dans le monde &#183; IFES Prayerline","description":"Des aliments bizarres. Des accents inhabituels. Des coutumes diff\u00e9rentes. Des attentes non d\u00e9finies. Loin de chez eux, loin de leurs amis et de leurs","robots":{"index":"noindex","follow":"follow","max-snippet":"max-snippet:-1","max-image-preview":"max-image-preview:large","max-video-preview":"max-video-preview:-1"},"og_locale":"fr_FR","og_type":"article","og_title":"Priez pour le minist\u00e8re parmi les \u00e9tudiants internationaux dans le monde &#183; IFES Prayerline","og_description":"Des aliments bizarres. Des accents inhabituels. Des coutumes diff\u00e9rentes. Des attentes non d\u00e9finies. Loin de chez eux, loin de leurs amis et de leurs","og_url":"https:\/\/ifesworld.org\/fr\/prayerline\/priez-pour-le-ministere-parmi-les-etudiants-internationaux-dans-le-monde\/","og_site_name":"IFES","og_image":[{"width":1280,"height":720,"url":"https:\/\/ifesworld.org\/wp-content\/uploads\/2019\/05\/75588ed7-eba9-4a3f-aeca-d0444b5a0cab.jpg","type":"image\/jpeg"}],"twitter_card":"summary_large_image","twitter_misc":{"Dur\u00e9e de lecture estim\u00e9e":"2 minutes"},"schema":{"@context":"https:\/\/schema.org","@graph":[{"@type":"WebPage","@id":"https:\/\/ifesworld.org\/fr\/prayerline\/priez-pour-le-ministere-parmi-les-etudiants-internationaux-dans-le-monde\/","url":"https:\/\/ifesworld.org\/fr\/prayerline\/priez-pour-le-ministere-parmi-les-etudiants-internationaux-dans-le-monde\/","name":"Priez pour le minist\u00e8re parmi les \u00e9tudiants internationaux dans le monde &#183; IFES Prayerline","isPartOf":{"@id":"https:\/\/fru.ifesworld.org\/en\/#website"},"primaryImageOfPage":{"@id":"https:\/\/ifesworld.org\/fr\/prayerline\/priez-pour-le-ministere-parmi-les-etudiants-internationaux-dans-le-monde\/#primaryimage"},"image":{"@id":"https:\/\/ifesworld.org\/fr\/prayerline\/priez-pour-le-ministere-parmi-les-etudiants-internationaux-dans-le-monde\/#primaryimage"},"thumbnailUrl":"https:\/\/fru.ifesworld.org\/wp-content\/uploads\/2019\/05\/75588ed7-eba9-4a3f-aeca-d0444b5a0cab.jpg","datePublished":"2018-01-30T16:00:00+00:00","dateModified":"2018-01-30T16:00:00+00:00","description":"Des aliments bizarres. Des accents inhabituels. Des coutumes diff\u00e9rentes. Des attentes non d\u00e9finies. Loin de chez eux, loin de leurs amis et de leurs","breadcrumb":{"@id":"https:\/\/ifesworld.org\/fr\/prayerline\/priez-pour-le-ministere-parmi-les-etudiants-internationaux-dans-le-monde\/#breadcrumb"},"inLanguage":"fr-FR","potentialAction":[{"@type":"ReadAction","target":["https:\/\/ifesworld.org\/fr\/prayerline\/priez-pour-le-ministere-parmi-les-etudiants-internationaux-dans-le-monde\/"]}]},{"@type":"ImageObject","inLanguage":"fr-FR","@id":"https:\/\/ifesworld.org\/fr\/prayerline\/priez-pour-le-ministere-parmi-les-etudiants-internationaux-dans-le-monde\/#primaryimage","url":"https:\/\/fru.ifesworld.org\/wp-content\/uploads\/2019\/05\/75588ed7-eba9-4a3f-aeca-d0444b5a0cab.jpg","contentUrl":"https:\/\/fru.ifesworld.org\/wp-content\/uploads\/2019\/05\/75588ed7-eba9-4a3f-aeca-d0444b5a0cab.jpg"},{"@type":"BreadcrumbList","@id":"https:\/\/ifesworld.org\/fr\/prayerline\/priez-pour-le-ministere-parmi-les-etudiants-internationaux-dans-le-monde\/#breadcrumb","itemListElement":[{"@type":"ListItem","position":1,"name":"Home","item":"https:\/\/fru.ifesworld.org\/fr\/"},{"@type":"ListItem","position":2,"name":"Prayerline","item":"https:\/\/ifesworld.org\/en\/prayerline\/"},{"@type":"ListItem","position":3,"name":"Priez pour le minist\u00e8re parmi les \u00e9tudiants internationaux dans le monde"}]},{"@type":"WebSite","@id":"https:\/\/fru.ifesworld.org\/en\/#website","url":"https:\/\/fru.ifesworld.org\/en\/","name":"IFES","description":"A movement of students sharing and living out the good news of Jesus Christ. Locally. Nationally. Globally.","publisher":{"@id":"https:\/\/fru.ifesworld.org\/en\/#organization"},"potentialAction":[{"@type":"SearchAction","target":{"@type":"EntryPoint","urlTemplate":"https:\/\/fru.ifesworld.org\/en\/?s={search_term_string}"},"query-input":"required name=search_term_string"}],"inLanguage":"fr-FR"},{"@type":"Organization","@id":"https:\/\/fru.ifesworld.org\/en\/#organization","name":"IFES \u00b7 International Fellowship of Evangelical Students","url":"https:\/\/fru.ifesworld.org\/en\/","logo":{"@type":"ImageObject","inLanguage":"fr-FR","@id":"https:\/\/fru.ifesworld.org\/en\/#\/schema\/logo\/image\/","url":"https:\/\/fru.ifesworld.org\/wp-content\/uploads\/2019\/06\/ifeslogo.png","contentUrl":"https:\/\/fru.ifesworld.org\/wp-content\/uploads\/2019\/06\/ifeslogo.png","width":262,"height":262,"caption":"IFES \u00b7 International Fellowship of Evangelical Students"},"image":{"@id":"https:\/\/fru.ifesworld.org\/en\/#\/schema\/logo\/image\/"}}]}},"_links":{"self":[{"href":"https:\/\/fru.ifesworld.org\/fr\/wp-json\/wp\/v2\/prayerline\/2339"}],"collection":[{"href":"https:\/\/fru.ifesworld.org\/fr\/wp-json\/wp\/v2\/prayerline"}],"about":[{"href":"https:\/\/fru.ifesworld.org\/fr\/wp-json\/wp\/v2\/types\/prayerline"}],"wp:attachment":[{"href":"https:\/\/fru.ifesworld.org\/fr\/wp-json\/wp\/v2\/media?parent=2339"}],"wp:term":[{"taxonomy":"area","embeddable":true,"href":"https:\/\/fru.ifesworld.org\/fr\/wp-json\/wp\/v2\/area?post=2339"},{"taxonomy":"theme","embeddable":true,"href":"https:\/\/fru.ifesworld.org\/fr\/wp-json\/wp\/v2\/theme?post=2339"}],"curies":[{"name":"wp","href":"https:\/\/api.w.org\/{rel}","templated":true}]}}