{"id":2320,"date":"2018-06-05T16:00:00","date_gmt":"2018-06-05T16:00:00","guid":{"rendered":"https:\/\/fru.ifesworld.org\/prayerline\/priez-pour-les-dcisions-stratgiques-prendre-cette-semaine\/"},"modified":"2019-06-05T11:38:37","modified_gmt":"2019-06-05T11:38:37","slug":"priez-pour-les-dcisions-stratgiques-prendre-cette-semaine","status":"publish","type":"prayerline","link":"https:\/\/fru.ifesworld.org\/fr\/prayerline\/priez-pour-les-dcisions-stratgiques-prendre-cette-semaine\/","title":{"rendered":"Priez pour les dcisions stratgiques  prendre cette semaine"},"content":{"rendered":"<p>4 h du matin&#8230; Les yeux grands ouverts.<\/p>\n<p>Chris pousse un soupir. Fichu d\u00e9calage horaire. Ce n&rsquo;est pourtant pas la premi\u00e8re fois. Il est originaire de Nouvelle-Z\u00e9lande apr\u00e8s tout.<\/p>\n<p>Abandonnant l&rsquo;id\u00e9e de retrouver le sommeil, il se tire hors du lit. Au moins, les quelques heures suppl\u00e9mentaires lui donneront l&rsquo;occasion de prier pour la journ\u00e9e exigeante qui s&rsquo;annonce, avant d&rsquo;ouvrir son ordinateur portable. La rencontre est pr\u00e9vue pour 9 h et devrait se poursuivre durant presque six jours, mais il y a tant \u00e0 faire d&rsquo;ici l\u00e0.<\/p>\n\n<div class=\"wp-block block-core-paragraph\">\n<p><strong>De grandes questions<\/strong><\/p>\n<\/div>\n\n<p>Christ Collins est le pr\u00e9sident du Conseil d&rsquo;administration de l&rsquo;IFES. Il assure la direction du groupe de 13 membres lorsqu&rsquo;ils discutent et d\u00e9cident des strat\u00e9gies et politiques de l&rsquo;organisation. Le groupe se rencontre cette semaine au Canada, en vue de discuter de diff\u00e9rentes questions telles que :<\/p>\n<p>La direction choisie par l&rsquo;IFES est-elle la bonne ?<br \/>Quelles devraient \u00eatre nos priorit\u00e9s strat\u00e9giques au cours des ann\u00e9es \u00e0 venir?<br \/>Tel mouvement pionnier est-il pr\u00eat \u00e0 s&rsquo;affilier \u00e0 l&rsquo;IFES ?<br \/>Sommes-nous des gestionnaires responsables des ressources que Dieu met \u00e0 notre disposition ?<\/p>\n\n<div class=\"wp-block block-core-paragraph\">\n<p><strong>Synergie<\/strong><\/p>\n<\/div>\n\n<p>Les membres du Conseil proviennent de diff\u00e9rentes parties du monde. Parmi eux, il y a des \u00e9tudiants, des PDG, des pasteurs, des hommes d&rsquo;affaires et des ministres du gouvernement. Des cultures, des arri\u00e8re-plans et des points de vue diff\u00e9rents y sont \u00e9galement repr\u00e9sent\u00e9s : la diversit\u00e9 des membres du Conseil d&rsquo;administration fait sa force, mais elle est aussi son principal d\u00e9fi.<\/p>\n<p>Le Conseil d&rsquo;administration se r\u00e9unit physiquement environ une fois l&rsquo;an. Cette ann\u00e9e, un membre risque de ne pas pouvoir assister \u00e0 la rencontre. Il est toujours en attente de son visa. Dans le climat de tension qui pr\u00e9vaut actuellement dans le monde, c&rsquo;est un probl\u00e8me de plus en plus fr\u00e9quent.<\/p>\n<p>Le Conseil d&rsquo;administration est le groupe responsable de veiller \u00e0 ce que les mouvements g\u00e8rent ad\u00e9quatement les ressources et maintiennent une int\u00e9grit\u00e9 doctrinale. Il veille sur les activit\u00e9s en vue de s&rsquo;assurer que dans cinq ans, cinquante ans ou cent ans, il existe toujours un t\u00e9moignage chr\u00e9tien indig\u00e8ne vibrant au sein des universit\u00e9s du monde entier.<\/p>\n\n<div class=\"wp-block block-core-paragraph\">\n<p><strong>Sagesse de la part de Dieu<\/strong><\/p>\n<\/div>\n\n<div class=\"wp-block block-core-quote\">\n<blockquote class=\"wp-block-quote is-layout-flow wp-block-quote-is-layout-flow\"><p> \u00ab\u202fNous mentionnons souvent, lors de ces rencontres, que notre travail n&rsquo;est pas uniquement une question de projets ou d&rsquo;activit\u00e9 humaine, de saine administration et de bonnes attitudes \u00e0 conserver lors des r\u00e9unions. L&rsquo;\u00e9l\u00e9ment le plus important est que Dieu nous guide et nous indique la direction \u00e0 suivre.\u202f\u00bb <\/p><\/blockquote>\n<\/div>\n\n<p>Chris nous demande donc de prier pour eux alors qu&rsquo;ils se rencontreront cette semaine.<\/p>\n<ul>\n<li>Priez pour une communication efficace, tout particuli\u00e8rement pour ceux qui devront fonctionner dans une deuxi\u00e8me langue.<\/li>\n<li>Priez pour l&rsquo;endurance et la vigilance n\u00e9cessaires \u00e0 chacun des membres durant les six jours des rencontres, particuli\u00e8rement pour ceux qui doivent composer avec la fatigue de longs voyages et du d\u00e9calage horaire.<\/li>\n<li>Priez pour la sagesse et la clairvoyance durant les discussions et la prise de d\u00e9cision, plus particuli\u00e8rement en rapport avec les affiliations de nouveaux mouvements et le processus de recrutement du nouveau ou de la nouvelle Secr\u00e9taire g\u00e9n\u00e9ral(e).<\/li>\n<\/ul>\n<p>Merci de prier avec nous !<\/p>","protected":false},"featured_media":3065,"template":"","area":[],"theme":[],"class_list":["post-2320","prayerline","type-prayerline","status-publish","has-post-thumbnail","hentry"],"acf":[],"yoast_head":"<!-- This site is optimized with the Yoast SEO plugin v22.6 - https:\/\/yoast.com\/wordpress\/plugins\/seo\/ -->\n<title>Priez pour les dcisions stratgiques prendre cette semaine &#183; IFES Prayerline<\/title>\n<meta name=\"description\" content=\"4 h du matin... Les yeux grands ouverts. Chris pousse un soupir. Fichu d\u00e9calage horaire. Ce n&#039;est pourtant pas la premi\u00e8re fois. Il est originaire de\" \/>\n<meta name=\"robots\" content=\"noindex, follow, max-snippet:-1, max-image-preview:large, max-video-preview:-1\" \/>\n<meta property=\"og:locale\" content=\"fr_FR\" \/>\n<meta property=\"og:type\" content=\"article\" \/>\n<meta property=\"og:title\" content=\"Priez pour les dcisions stratgiques prendre cette semaine &#183; IFES Prayerline\" \/>\n<meta property=\"og:description\" content=\"4 h du matin... Les yeux grands ouverts. Chris pousse un soupir. Fichu d\u00e9calage horaire. Ce n&#039;est pourtant pas la premi\u00e8re fois. Il est originaire de\" \/>\n<meta property=\"og:url\" content=\"https:\/\/ifesworld.org\/fr\/prayerline\/priez-pour-les-dcisions-stratgiques-prendre-cette-semaine\/\" \/>\n<meta property=\"og:site_name\" content=\"IFES\" \/>\n<meta property=\"article:modified_time\" content=\"2019-06-05T11:38:37+00:00\" \/>\n<meta property=\"og:image\" content=\"https:\/\/ifesworld.org\/wp-content\/uploads\/2018\/06\/180605.jpg\" \/>\n\t<meta property=\"og:image:width\" content=\"2048\" \/>\n\t<meta property=\"og:image:height\" content=\"1152\" \/>\n\t<meta property=\"og:image:type\" content=\"image\/jpeg\" \/>\n<meta name=\"twitter:card\" content=\"summary_large_image\" \/>\n<meta name=\"twitter:label1\" content=\"Dur\u00e9e de lecture estim\u00e9e\" \/>\n\t<meta name=\"twitter:data1\" content=\"3 minutes\" \/>\n<script type=\"application\/ld+json\" class=\"yoast-schema-graph\">{\"@context\":\"https:\/\/schema.org\",\"@graph\":[{\"@type\":\"WebPage\",\"@id\":\"https:\/\/ifesworld.org\/fr\/prayerline\/priez-pour-les-dcisions-stratgiques-prendre-cette-semaine\/\",\"url\":\"https:\/\/ifesworld.org\/fr\/prayerline\/priez-pour-les-dcisions-stratgiques-prendre-cette-semaine\/\",\"name\":\"Priez pour les dcisions stratgiques prendre cette semaine &#183; IFES Prayerline\",\"isPartOf\":{\"@id\":\"https:\/\/fru.ifesworld.org\/en\/#website\"},\"primaryImageOfPage\":{\"@id\":\"https:\/\/ifesworld.org\/fr\/prayerline\/priez-pour-les-dcisions-stratgiques-prendre-cette-semaine\/#primaryimage\"},\"image\":{\"@id\":\"https:\/\/ifesworld.org\/fr\/prayerline\/priez-pour-les-dcisions-stratgiques-prendre-cette-semaine\/#primaryimage\"},\"thumbnailUrl\":\"https:\/\/fru.ifesworld.org\/wp-content\/uploads\/2018\/06\/180605.jpg\",\"datePublished\":\"2018-06-05T16:00:00+00:00\",\"dateModified\":\"2019-06-05T11:38:37+00:00\",\"description\":\"4 h du matin... Les yeux grands ouverts. Chris pousse un soupir. Fichu d\u00e9calage horaire. Ce n'est pourtant pas la premi\u00e8re fois. Il est originaire de\",\"breadcrumb\":{\"@id\":\"https:\/\/ifesworld.org\/fr\/prayerline\/priez-pour-les-dcisions-stratgiques-prendre-cette-semaine\/#breadcrumb\"},\"inLanguage\":\"fr-FR\",\"potentialAction\":[{\"@type\":\"ReadAction\",\"target\":[\"https:\/\/ifesworld.org\/fr\/prayerline\/priez-pour-les-dcisions-stratgiques-prendre-cette-semaine\/\"]}]},{\"@type\":\"ImageObject\",\"inLanguage\":\"fr-FR\",\"@id\":\"https:\/\/ifesworld.org\/fr\/prayerline\/priez-pour-les-dcisions-stratgiques-prendre-cette-semaine\/#primaryimage\",\"url\":\"https:\/\/fru.ifesworld.org\/wp-content\/uploads\/2018\/06\/180605.jpg\",\"contentUrl\":\"https:\/\/fru.ifesworld.org\/wp-content\/uploads\/2018\/06\/180605.jpg\",\"width\":2048,\"height\":1152,\"caption\":\"180605 - IFES Board\"},{\"@type\":\"BreadcrumbList\",\"@id\":\"https:\/\/ifesworld.org\/fr\/prayerline\/priez-pour-les-dcisions-stratgiques-prendre-cette-semaine\/#breadcrumb\",\"itemListElement\":[{\"@type\":\"ListItem\",\"position\":1,\"name\":\"Home\",\"item\":\"https:\/\/fru.ifesworld.org\/fr\/\"},{\"@type\":\"ListItem\",\"position\":2,\"name\":\"Prayerline\",\"item\":\"https:\/\/ifesworld.org\/en\/prayerline\/\"},{\"@type\":\"ListItem\",\"position\":3,\"name\":\"Priez pour les dcisions stratgiques prendre cette semaine\"}]},{\"@type\":\"WebSite\",\"@id\":\"https:\/\/fru.ifesworld.org\/en\/#website\",\"url\":\"https:\/\/fru.ifesworld.org\/en\/\",\"name\":\"IFES\",\"description\":\"A movement of students sharing and living out the good news of Jesus Christ. Locally. Nationally. Globally.\",\"publisher\":{\"@id\":\"https:\/\/fru.ifesworld.org\/en\/#organization\"},\"potentialAction\":[{\"@type\":\"SearchAction\",\"target\":{\"@type\":\"EntryPoint\",\"urlTemplate\":\"https:\/\/fru.ifesworld.org\/en\/?s={search_term_string}\"},\"query-input\":\"required name=search_term_string\"}],\"inLanguage\":\"fr-FR\"},{\"@type\":\"Organization\",\"@id\":\"https:\/\/fru.ifesworld.org\/en\/#organization\",\"name\":\"IFES \u00b7 International Fellowship of Evangelical Students\",\"url\":\"https:\/\/fru.ifesworld.org\/en\/\",\"logo\":{\"@type\":\"ImageObject\",\"inLanguage\":\"fr-FR\",\"@id\":\"https:\/\/fru.ifesworld.org\/en\/#\/schema\/logo\/image\/\",\"url\":\"https:\/\/fru.ifesworld.org\/wp-content\/uploads\/2019\/06\/ifeslogo.png\",\"contentUrl\":\"https:\/\/fru.ifesworld.org\/wp-content\/uploads\/2019\/06\/ifeslogo.png\",\"width\":262,\"height\":262,\"caption\":\"IFES \u00b7 International Fellowship of Evangelical Students\"},\"image\":{\"@id\":\"https:\/\/fru.ifesworld.org\/en\/#\/schema\/logo\/image\/\"}}]}<\/script>\n<!-- \/ Yoast SEO plugin. -->","yoast_head_json":{"title":"Priez pour les dcisions stratgiques prendre cette semaine &#183; IFES Prayerline","description":"4 h du matin... Les yeux grands ouverts. Chris pousse un soupir. Fichu d\u00e9calage horaire. Ce n'est pourtant pas la premi\u00e8re fois. Il est originaire de","robots":{"index":"noindex","follow":"follow","max-snippet":"max-snippet:-1","max-image-preview":"max-image-preview:large","max-video-preview":"max-video-preview:-1"},"og_locale":"fr_FR","og_type":"article","og_title":"Priez pour les dcisions stratgiques prendre cette semaine &#183; IFES Prayerline","og_description":"4 h du matin... Les yeux grands ouverts. Chris pousse un soupir. Fichu d\u00e9calage horaire. Ce n'est pourtant pas la premi\u00e8re fois. Il est originaire de","og_url":"https:\/\/ifesworld.org\/fr\/prayerline\/priez-pour-les-dcisions-stratgiques-prendre-cette-semaine\/","og_site_name":"IFES","article_modified_time":"2019-06-05T11:38:37+00:00","og_image":[{"width":2048,"height":1152,"url":"https:\/\/ifesworld.org\/wp-content\/uploads\/2018\/06\/180605.jpg","type":"image\/jpeg"}],"twitter_card":"summary_large_image","twitter_misc":{"Dur\u00e9e de lecture estim\u00e9e":"3 minutes"},"schema":{"@context":"https:\/\/schema.org","@graph":[{"@type":"WebPage","@id":"https:\/\/ifesworld.org\/fr\/prayerline\/priez-pour-les-dcisions-stratgiques-prendre-cette-semaine\/","url":"https:\/\/ifesworld.org\/fr\/prayerline\/priez-pour-les-dcisions-stratgiques-prendre-cette-semaine\/","name":"Priez pour les dcisions stratgiques prendre cette semaine &#183; IFES Prayerline","isPartOf":{"@id":"https:\/\/fru.ifesworld.org\/en\/#website"},"primaryImageOfPage":{"@id":"https:\/\/ifesworld.org\/fr\/prayerline\/priez-pour-les-dcisions-stratgiques-prendre-cette-semaine\/#primaryimage"},"image":{"@id":"https:\/\/ifesworld.org\/fr\/prayerline\/priez-pour-les-dcisions-stratgiques-prendre-cette-semaine\/#primaryimage"},"thumbnailUrl":"https:\/\/fru.ifesworld.org\/wp-content\/uploads\/2018\/06\/180605.jpg","datePublished":"2018-06-05T16:00:00+00:00","dateModified":"2019-06-05T11:38:37+00:00","description":"4 h du matin... Les yeux grands ouverts. Chris pousse un soupir. Fichu d\u00e9calage horaire. Ce n'est pourtant pas la premi\u00e8re fois. Il est originaire de","breadcrumb":{"@id":"https:\/\/ifesworld.org\/fr\/prayerline\/priez-pour-les-dcisions-stratgiques-prendre-cette-semaine\/#breadcrumb"},"inLanguage":"fr-FR","potentialAction":[{"@type":"ReadAction","target":["https:\/\/ifesworld.org\/fr\/prayerline\/priez-pour-les-dcisions-stratgiques-prendre-cette-semaine\/"]}]},{"@type":"ImageObject","inLanguage":"fr-FR","@id":"https:\/\/ifesworld.org\/fr\/prayerline\/priez-pour-les-dcisions-stratgiques-prendre-cette-semaine\/#primaryimage","url":"https:\/\/fru.ifesworld.org\/wp-content\/uploads\/2018\/06\/180605.jpg","contentUrl":"https:\/\/fru.ifesworld.org\/wp-content\/uploads\/2018\/06\/180605.jpg","width":2048,"height":1152,"caption":"180605 - IFES Board"},{"@type":"BreadcrumbList","@id":"https:\/\/ifesworld.org\/fr\/prayerline\/priez-pour-les-dcisions-stratgiques-prendre-cette-semaine\/#breadcrumb","itemListElement":[{"@type":"ListItem","position":1,"name":"Home","item":"https:\/\/fru.ifesworld.org\/fr\/"},{"@type":"ListItem","position":2,"name":"Prayerline","item":"https:\/\/ifesworld.org\/en\/prayerline\/"},{"@type":"ListItem","position":3,"name":"Priez pour les dcisions stratgiques prendre cette semaine"}]},{"@type":"WebSite","@id":"https:\/\/fru.ifesworld.org\/en\/#website","url":"https:\/\/fru.ifesworld.org\/en\/","name":"IFES","description":"A movement of students sharing and living out the good news of Jesus Christ. Locally. Nationally. Globally.","publisher":{"@id":"https:\/\/fru.ifesworld.org\/en\/#organization"},"potentialAction":[{"@type":"SearchAction","target":{"@type":"EntryPoint","urlTemplate":"https:\/\/fru.ifesworld.org\/en\/?s={search_term_string}"},"query-input":"required name=search_term_string"}],"inLanguage":"fr-FR"},{"@type":"Organization","@id":"https:\/\/fru.ifesworld.org\/en\/#organization","name":"IFES \u00b7 International Fellowship of Evangelical Students","url":"https:\/\/fru.ifesworld.org\/en\/","logo":{"@type":"ImageObject","inLanguage":"fr-FR","@id":"https:\/\/fru.ifesworld.org\/en\/#\/schema\/logo\/image\/","url":"https:\/\/fru.ifesworld.org\/wp-content\/uploads\/2019\/06\/ifeslogo.png","contentUrl":"https:\/\/fru.ifesworld.org\/wp-content\/uploads\/2019\/06\/ifeslogo.png","width":262,"height":262,"caption":"IFES \u00b7 International Fellowship of Evangelical Students"},"image":{"@id":"https:\/\/fru.ifesworld.org\/en\/#\/schema\/logo\/image\/"}}]}},"_links":{"self":[{"href":"https:\/\/fru.ifesworld.org\/fr\/wp-json\/wp\/v2\/prayerline\/2320"}],"collection":[{"href":"https:\/\/fru.ifesworld.org\/fr\/wp-json\/wp\/v2\/prayerline"}],"about":[{"href":"https:\/\/fru.ifesworld.org\/fr\/wp-json\/wp\/v2\/types\/prayerline"}],"wp:featuredmedia":[{"embeddable":true,"href":"https:\/\/fru.ifesworld.org\/fr\/wp-json\/wp\/v2\/media\/3065"}],"wp:attachment":[{"href":"https:\/\/fru.ifesworld.org\/fr\/wp-json\/wp\/v2\/media?parent=2320"}],"wp:term":[{"taxonomy":"area","embeddable":true,"href":"https:\/\/fru.ifesworld.org\/fr\/wp-json\/wp\/v2\/area?post=2320"},{"taxonomy":"theme","embeddable":true,"href":"https:\/\/fru.ifesworld.org\/fr\/wp-json\/wp\/v2\/theme?post=2320"}],"curies":[{"name":"wp","href":"https:\/\/api.w.org\/{rel}","templated":true}]}}