{"id":2305,"date":"2018-05-01T15:00:00","date_gmt":"2018-05-01T15:00:00","guid":{"rendered":"https:\/\/fru.ifesworld.org\/prayerline\/priez-pour-le-congrs-de-leadership-tudiant-au-cambodge\/"},"modified":"2019-06-05T13:49:05","modified_gmt":"2019-06-05T13:49:05","slug":"priez-pour-le-congrs-de-leadership-tudiant-au-cambodge","status":"publish","type":"prayerline","link":"https:\/\/fru.ifesworld.org\/fr\/prayerline\/priez-pour-le-congrs-de-leadership-tudiant-au-cambodge\/","title":{"rendered":"Priez pour le congrs de leadership tudiant au Cambodge"},"content":{"rendered":"<p>Il n&rsquo;est pas \u00eatre facile d&rsquo;\u00eatre \u00e9tudiant et chr\u00e9tien au Cambodge.<\/p>\n<p>Vous faites partie d&rsquo;une minuscule minorit\u00e9. Il n&rsquo;y a aucun autre chr\u00e9tien dans votre classe ou dans votre dortoir. Dans ce pays bouddhiste, vos professeurs se moquent fr\u00e9quemment de la foi chr\u00e9tienne. Vous n&rsquo;avez pas le droit de vous r\u00e9unir publiquement avec d&rsquo;autres chr\u00e9tiens sur le campus. Vous vous sentez isol\u00e9. En plus de tout \u00e7a, vous avez tr\u00e8s peu de moyens. Vous devez jongler entre les \u00e9tudes et un travail \u00e0 temps partiel, ce qui fait qu&rsquo;il est difficile d&rsquo;\u00eatre pr\u00e9sent aux rencontres de votre groupe \u00e9tudiant. Parfois c&rsquo;est difficile de simplement tenir le coup.<\/p>\n<p>C&rsquo;est pourquoi le congr\u00e8s \u00e9tudiant annuel du FES\/SONOKO Cambodge est un \u00e9v\u00e9nement si important. Lorsque les leaders \u00e9tudiants se r\u00e9unissent de diff\u00e9rentes universit\u00e9s du pays, ils voient qu&rsquo;ils ne sont pas seuls. Il leur est rappel\u00e9 qu&rsquo;ils ont un grand Dieu et un grand \u00c9vangile \u00e0 annoncer. Il leur est rappel\u00e9 \u00e0 quel point Dieu aime ceux qui sont perdus. L&rsquo;ann\u00e9e derni\u00e8re, un \u00e9tudiant pr\u00e9sent au congr\u00e8s a dit\u202f:<\/p>\n\n<div class=\"wp-block block-core-quote\">\n<blockquote class=\"wp-block-quote is-layout-flow wp-block-quote-is-layout-flow\"><p> \u00ab\u202fSi nous voulons atteindre toutes les universit\u00e9s, pourquoi n&rsquo;y a-t-il des groupes \u00e9tudiants SONOKO qu&rsquo;\u00e0 Siem Reap et \u00e0 Phnom Penh\u202f? Si nous voulons atteindre plus d&rsquo;\u00e9tudiants, nous devons aussi nous rendre dans d&rsquo;autres villes\u202f!\u202f\u00bb <\/p><\/blockquote>\n<\/div>\n\n<p>Dans deux semaines, environ 30\u202f\u00e9tudiants assisteront au congr\u00e8s de formation de cette ann\u00e9e\u202f: \u00ab\u202fMarcher avec J\u00e9sus sur le campus\u202f\u00bb. Le personnel local animera des ateliers sur la formation de disciples, l&rsquo;\u00e9tude biblique inductive et la direction de petits groupes.<\/p>\n<p>Priez avec nous pour ce congr\u00e8s et pour les besoins du FES\/SONOKO\u202f:<\/p>\n<ul>\n<li>Priez que les \u00e9tudiants pr\u00e9sents comprennent l&rsquo;importance de vivre et de parler pour J\u00e9sus sur leur campus.<\/li>\n<li>Priez que les \u00e9tudiants soient dot\u00e9s des moyens dont ils ont besoin pour commencer \u00e0 diriger des \u00e9tudes bibliques.<\/li>\n<li>Priez que des groupes \u00e9tudiants naissent dans d&rsquo;autres villes.<\/li>\n<li>Priez pour le FES\/SONOKO qui est en train d&rsquo;\u00e9tudier le processus d&rsquo;affiliation avec l&rsquo;IFES.<\/li>\n<\/ul>\n<p>Merci de prier avec nous !<\/p>","protected":false},"featured_media":3159,"template":"","area":[949,986],"theme":[],"class_list":["post-2305","prayerline","type-prayerline","status-publish","has-post-thumbnail","hentry","area-asie-de-lest","area-camboya-asie-de-lest"],"acf":[],"yoast_head":"<!-- This site is optimized with the Yoast SEO plugin v22.6 - https:\/\/yoast.com\/wordpress\/plugins\/seo\/ -->\n<title>Priez pour le congrs de leadership tudiant au Cambodge &#183; IFES Prayerline<\/title>\n<meta name=\"description\" content=\"Il n&#039;est pas \u00eatre facile d&#039;\u00eatre \u00e9tudiant et chr\u00e9tien au Cambodge. Vous faites partie d&#039;une minuscule minorit\u00e9. Il n&#039;y a aucun autre chr\u00e9tien dans votre\" \/>\n<meta name=\"robots\" content=\"noindex, follow, max-snippet:-1, max-image-preview:large, max-video-preview:-1\" \/>\n<meta property=\"og:locale\" content=\"fr_FR\" \/>\n<meta property=\"og:type\" content=\"article\" \/>\n<meta property=\"og:title\" content=\"Priez pour le congrs de leadership tudiant au Cambodge &#183; IFES Prayerline\" \/>\n<meta property=\"og:description\" content=\"Il n&#039;est pas \u00eatre facile d&#039;\u00eatre \u00e9tudiant et chr\u00e9tien au Cambodge. Vous faites partie d&#039;une minuscule minorit\u00e9. Il n&#039;y a aucun autre chr\u00e9tien dans votre\" \/>\n<meta property=\"og:url\" content=\"https:\/\/ifesworld.org\/fr\/prayerline\/priez-pour-le-congrs-de-leadership-tudiant-au-cambodge\/\" \/>\n<meta property=\"og:site_name\" content=\"IFES\" \/>\n<meta property=\"article:modified_time\" content=\"2019-06-05T13:49:05+00:00\" \/>\n<meta property=\"og:image\" content=\"https:\/\/ifesworld.org\/wp-content\/uploads\/2018\/05\/180501.jpg\" \/>\n\t<meta property=\"og:image:width\" content=\"340\" \/>\n\t<meta property=\"og:image:height\" content=\"191\" \/>\n\t<meta property=\"og:image:type\" content=\"image\/jpeg\" \/>\n<meta name=\"twitter:card\" content=\"summary_large_image\" \/>\n<meta name=\"twitter:label1\" content=\"Dur\u00e9e de lecture estim\u00e9e\" \/>\n\t<meta name=\"twitter:data1\" content=\"2 minutes\" \/>\n<script type=\"application\/ld+json\" class=\"yoast-schema-graph\">{\"@context\":\"https:\/\/schema.org\",\"@graph\":[{\"@type\":\"WebPage\",\"@id\":\"https:\/\/ifesworld.org\/fr\/prayerline\/priez-pour-le-congrs-de-leadership-tudiant-au-cambodge\/\",\"url\":\"https:\/\/ifesworld.org\/fr\/prayerline\/priez-pour-le-congrs-de-leadership-tudiant-au-cambodge\/\",\"name\":\"Priez pour le congrs de leadership tudiant au Cambodge &#183; IFES Prayerline\",\"isPartOf\":{\"@id\":\"https:\/\/fru.ifesworld.org\/en\/#website\"},\"primaryImageOfPage\":{\"@id\":\"https:\/\/ifesworld.org\/fr\/prayerline\/priez-pour-le-congrs-de-leadership-tudiant-au-cambodge\/#primaryimage\"},\"image\":{\"@id\":\"https:\/\/ifesworld.org\/fr\/prayerline\/priez-pour-le-congrs-de-leadership-tudiant-au-cambodge\/#primaryimage\"},\"thumbnailUrl\":\"https:\/\/fru.ifesworld.org\/wp-content\/uploads\/2018\/05\/180501.jpg\",\"datePublished\":\"2018-05-01T15:00:00+00:00\",\"dateModified\":\"2019-06-05T13:49:05+00:00\",\"description\":\"Il n'est pas \u00eatre facile d'\u00eatre \u00e9tudiant et chr\u00e9tien au Cambodge. Vous faites partie d'une minuscule minorit\u00e9. Il n'y a aucun autre chr\u00e9tien dans votre\",\"breadcrumb\":{\"@id\":\"https:\/\/ifesworld.org\/fr\/prayerline\/priez-pour-le-congrs-de-leadership-tudiant-au-cambodge\/#breadcrumb\"},\"inLanguage\":\"fr-FR\",\"potentialAction\":[{\"@type\":\"ReadAction\",\"target\":[\"https:\/\/ifesworld.org\/fr\/prayerline\/priez-pour-le-congrs-de-leadership-tudiant-au-cambodge\/\"]}]},{\"@type\":\"ImageObject\",\"inLanguage\":\"fr-FR\",\"@id\":\"https:\/\/ifesworld.org\/fr\/prayerline\/priez-pour-le-congrs-de-leadership-tudiant-au-cambodge\/#primaryimage\",\"url\":\"https:\/\/fru.ifesworld.org\/wp-content\/uploads\/2018\/05\/180501.jpg\",\"contentUrl\":\"https:\/\/fru.ifesworld.org\/wp-content\/uploads\/2018\/05\/180501.jpg\",\"width\":340,\"height\":191,\"caption\":\"180501-Cambodia\"},{\"@type\":\"BreadcrumbList\",\"@id\":\"https:\/\/ifesworld.org\/fr\/prayerline\/priez-pour-le-congrs-de-leadership-tudiant-au-cambodge\/#breadcrumb\",\"itemListElement\":[{\"@type\":\"ListItem\",\"position\":1,\"name\":\"Home\",\"item\":\"https:\/\/fru.ifesworld.org\/fr\/\"},{\"@type\":\"ListItem\",\"position\":2,\"name\":\"Prayerline\",\"item\":\"https:\/\/ifesworld.org\/en\/prayerline\/\"},{\"@type\":\"ListItem\",\"position\":3,\"name\":\"Priez pour le congrs de leadership tudiant au Cambodge\"}]},{\"@type\":\"WebSite\",\"@id\":\"https:\/\/fru.ifesworld.org\/en\/#website\",\"url\":\"https:\/\/fru.ifesworld.org\/en\/\",\"name\":\"IFES\",\"description\":\"A movement of students sharing and living out the good news of Jesus Christ. Locally. Nationally. Globally.\",\"publisher\":{\"@id\":\"https:\/\/fru.ifesworld.org\/en\/#organization\"},\"potentialAction\":[{\"@type\":\"SearchAction\",\"target\":{\"@type\":\"EntryPoint\",\"urlTemplate\":\"https:\/\/fru.ifesworld.org\/en\/?s={search_term_string}\"},\"query-input\":\"required name=search_term_string\"}],\"inLanguage\":\"fr-FR\"},{\"@type\":\"Organization\",\"@id\":\"https:\/\/fru.ifesworld.org\/en\/#organization\",\"name\":\"IFES \u00b7 International Fellowship of Evangelical Students\",\"url\":\"https:\/\/fru.ifesworld.org\/en\/\",\"logo\":{\"@type\":\"ImageObject\",\"inLanguage\":\"fr-FR\",\"@id\":\"https:\/\/fru.ifesworld.org\/en\/#\/schema\/logo\/image\/\",\"url\":\"https:\/\/fru.ifesworld.org\/wp-content\/uploads\/2019\/06\/ifeslogo.png\",\"contentUrl\":\"https:\/\/fru.ifesworld.org\/wp-content\/uploads\/2019\/06\/ifeslogo.png\",\"width\":262,\"height\":262,\"caption\":\"IFES \u00b7 International Fellowship of Evangelical Students\"},\"image\":{\"@id\":\"https:\/\/fru.ifesworld.org\/en\/#\/schema\/logo\/image\/\"}}]}<\/script>\n<!-- \/ Yoast SEO plugin. -->","yoast_head_json":{"title":"Priez pour le congrs de leadership tudiant au Cambodge &#183; IFES Prayerline","description":"Il n'est pas \u00eatre facile d'\u00eatre \u00e9tudiant et chr\u00e9tien au Cambodge. Vous faites partie d'une minuscule minorit\u00e9. Il n'y a aucun autre chr\u00e9tien dans votre","robots":{"index":"noindex","follow":"follow","max-snippet":"max-snippet:-1","max-image-preview":"max-image-preview:large","max-video-preview":"max-video-preview:-1"},"og_locale":"fr_FR","og_type":"article","og_title":"Priez pour le congrs de leadership tudiant au Cambodge &#183; IFES Prayerline","og_description":"Il n'est pas \u00eatre facile d'\u00eatre \u00e9tudiant et chr\u00e9tien au Cambodge. Vous faites partie d'une minuscule minorit\u00e9. Il n'y a aucun autre chr\u00e9tien dans votre","og_url":"https:\/\/ifesworld.org\/fr\/prayerline\/priez-pour-le-congrs-de-leadership-tudiant-au-cambodge\/","og_site_name":"IFES","article_modified_time":"2019-06-05T13:49:05+00:00","og_image":[{"width":340,"height":191,"url":"https:\/\/ifesworld.org\/wp-content\/uploads\/2018\/05\/180501.jpg","type":"image\/jpeg"}],"twitter_card":"summary_large_image","twitter_misc":{"Dur\u00e9e de lecture estim\u00e9e":"2 minutes"},"schema":{"@context":"https:\/\/schema.org","@graph":[{"@type":"WebPage","@id":"https:\/\/ifesworld.org\/fr\/prayerline\/priez-pour-le-congrs-de-leadership-tudiant-au-cambodge\/","url":"https:\/\/ifesworld.org\/fr\/prayerline\/priez-pour-le-congrs-de-leadership-tudiant-au-cambodge\/","name":"Priez pour le congrs de leadership tudiant au Cambodge &#183; IFES Prayerline","isPartOf":{"@id":"https:\/\/fru.ifesworld.org\/en\/#website"},"primaryImageOfPage":{"@id":"https:\/\/ifesworld.org\/fr\/prayerline\/priez-pour-le-congrs-de-leadership-tudiant-au-cambodge\/#primaryimage"},"image":{"@id":"https:\/\/ifesworld.org\/fr\/prayerline\/priez-pour-le-congrs-de-leadership-tudiant-au-cambodge\/#primaryimage"},"thumbnailUrl":"https:\/\/fru.ifesworld.org\/wp-content\/uploads\/2018\/05\/180501.jpg","datePublished":"2018-05-01T15:00:00+00:00","dateModified":"2019-06-05T13:49:05+00:00","description":"Il n'est pas \u00eatre facile d'\u00eatre \u00e9tudiant et chr\u00e9tien au Cambodge. Vous faites partie d'une minuscule minorit\u00e9. Il n'y a aucun autre chr\u00e9tien dans votre","breadcrumb":{"@id":"https:\/\/ifesworld.org\/fr\/prayerline\/priez-pour-le-congrs-de-leadership-tudiant-au-cambodge\/#breadcrumb"},"inLanguage":"fr-FR","potentialAction":[{"@type":"ReadAction","target":["https:\/\/ifesworld.org\/fr\/prayerline\/priez-pour-le-congrs-de-leadership-tudiant-au-cambodge\/"]}]},{"@type":"ImageObject","inLanguage":"fr-FR","@id":"https:\/\/ifesworld.org\/fr\/prayerline\/priez-pour-le-congrs-de-leadership-tudiant-au-cambodge\/#primaryimage","url":"https:\/\/fru.ifesworld.org\/wp-content\/uploads\/2018\/05\/180501.jpg","contentUrl":"https:\/\/fru.ifesworld.org\/wp-content\/uploads\/2018\/05\/180501.jpg","width":340,"height":191,"caption":"180501-Cambodia"},{"@type":"BreadcrumbList","@id":"https:\/\/ifesworld.org\/fr\/prayerline\/priez-pour-le-congrs-de-leadership-tudiant-au-cambodge\/#breadcrumb","itemListElement":[{"@type":"ListItem","position":1,"name":"Home","item":"https:\/\/fru.ifesworld.org\/fr\/"},{"@type":"ListItem","position":2,"name":"Prayerline","item":"https:\/\/ifesworld.org\/en\/prayerline\/"},{"@type":"ListItem","position":3,"name":"Priez pour le congrs de leadership tudiant au Cambodge"}]},{"@type":"WebSite","@id":"https:\/\/fru.ifesworld.org\/en\/#website","url":"https:\/\/fru.ifesworld.org\/en\/","name":"IFES","description":"A movement of students sharing and living out the good news of Jesus Christ. Locally. Nationally. Globally.","publisher":{"@id":"https:\/\/fru.ifesworld.org\/en\/#organization"},"potentialAction":[{"@type":"SearchAction","target":{"@type":"EntryPoint","urlTemplate":"https:\/\/fru.ifesworld.org\/en\/?s={search_term_string}"},"query-input":"required name=search_term_string"}],"inLanguage":"fr-FR"},{"@type":"Organization","@id":"https:\/\/fru.ifesworld.org\/en\/#organization","name":"IFES \u00b7 International Fellowship of Evangelical Students","url":"https:\/\/fru.ifesworld.org\/en\/","logo":{"@type":"ImageObject","inLanguage":"fr-FR","@id":"https:\/\/fru.ifesworld.org\/en\/#\/schema\/logo\/image\/","url":"https:\/\/fru.ifesworld.org\/wp-content\/uploads\/2019\/06\/ifeslogo.png","contentUrl":"https:\/\/fru.ifesworld.org\/wp-content\/uploads\/2019\/06\/ifeslogo.png","width":262,"height":262,"caption":"IFES \u00b7 International Fellowship of Evangelical Students"},"image":{"@id":"https:\/\/fru.ifesworld.org\/en\/#\/schema\/logo\/image\/"}}]}},"_links":{"self":[{"href":"https:\/\/fru.ifesworld.org\/fr\/wp-json\/wp\/v2\/prayerline\/2305"}],"collection":[{"href":"https:\/\/fru.ifesworld.org\/fr\/wp-json\/wp\/v2\/prayerline"}],"about":[{"href":"https:\/\/fru.ifesworld.org\/fr\/wp-json\/wp\/v2\/types\/prayerline"}],"wp:featuredmedia":[{"embeddable":true,"href":"https:\/\/fru.ifesworld.org\/fr\/wp-json\/wp\/v2\/media\/3159"}],"wp:attachment":[{"href":"https:\/\/fru.ifesworld.org\/fr\/wp-json\/wp\/v2\/media?parent=2305"}],"wp:term":[{"taxonomy":"area","embeddable":true,"href":"https:\/\/fru.ifesworld.org\/fr\/wp-json\/wp\/v2\/area?post=2305"},{"taxonomy":"theme","embeddable":true,"href":"https:\/\/fru.ifesworld.org\/fr\/wp-json\/wp\/v2\/theme?post=2305"}],"curies":[{"name":"wp","href":"https:\/\/api.w.org\/{rel}","templated":true}]}}