{"id":20309,"date":"2022-10-25T08:58:26","date_gmt":"2022-10-25T07:58:26","guid":{"rendered":"https:\/\/fru.ifesworld.org\/?post_type=prayerline&#038;p=20309"},"modified":"2022-10-25T08:58:27","modified_gmt":"2022-10-25T07:58:27","slug":"fournaise-ardente-et-priorites-puissantes","status":"publish","type":"prayerline","link":"https:\/\/fru.ifesworld.org\/fr\/prayerline\/fournaise-ardente-et-priorites-puissantes\/","title":{"rendered":"Fournaise ardente et priorit\u00e9s puissantes"},"content":{"rendered":"<div class=\"wp-block block-core-paragraph\">\n<p><a href=\"https:\/\/www.facebook.com\/infozafes\/posts\/pfbid027RRwFUDoAwgEtWkLkQnNd7455QSPX9sgZtMu4vs1Ys3PF11b7WjU7ypmQwJ1U6Ucl\">Vous l\u2019avez peut-\u00eatre vu sur les r\u00e9seaux sociaux<\/a>&nbsp;: une catastrophe inattendue est survenue d\u00e9but septembre pour <a href=\"https:\/\/zafeshq.wordpress.com\/home\/\">ZAFES, le mouvement national de l\u2019IFES en Zambie.<\/a> Son bureau national a br\u00fbl\u00e9. ZAFES continue toutefois son minist\u00e8re malgr\u00e9 ce revers. Et comme l\u2019affirme le Secr\u00e9taire r\u00e9gional de l\u2019<a href=\"https:\/\/fru.ifesworld.org\/fr\/region\/epsa\/\">Afrique anglophone et lusophone (EPSA)<\/a>, Zelalem Abebe, le mouvement a fait \u00ab&nbsp;d\u2019incroyables progr\u00e8s dans beaucoup de domaines&nbsp;\u00bb cette ann\u00e9e. Dans ce num\u00e9ro de Prayerline, remercions Dieu pour les b\u00e9n\u00e9dictions qu&rsquo;il a r\u00e9pandues sur ZAFES en 2022 et tenons-nous avec ses membres dans la pri\u00e8re que le Seigneur continuera d&rsquo;apporter la splendeur m\u00eame au milieu des cendres (Esa\u00efe 61.3).<\/p>\n<\/div>\n\n<div class=\"wp-block block-core-paragraph\">\n<p>Le progr\u00e8s r\u00e9alis\u00e9 par ZAFES a \u00e9t\u00e9 aliment\u00e9 par une emphase claire sur l\u2019importance primordiale de l\u2019\u00e9tude de la Parole de Dieu. Avec l\u2019\u00e9tablissement d&rsquo;enseignement sup\u00e9rieur <a href=\"https:\/\/kce.edu.zm\/\">Kitwe Education College<\/a> dans la province de Copperbelt dans le nord de la Zambie, ZAFES a r\u00e9cemment lanc\u00e9 le Programme d&rsquo;auto-formation \u00e0 l\u2019exposition biblique qui pr\u00e9pare les \u00e9tudiants \u00e0 \u00e9tudier la Bible et \u00e0 \u00e9crire des guides d&rsquo;\u00e9tudes. Comme le dit Patricia, l\u2019une des \u00e9tudiantes, \u00ab&nbsp;ce programme m&rsquo;a touch\u00e9 de multiples mani\u00e8res et m&rsquo;a aid\u00e9 \u00e0 trouver un sens dans les Ecritures&nbsp;\u00bb.<\/p>\n<\/div>\n\n<div class=\"wp-block block-core-paragraph\">\n<p>Les chr\u00e9tiens en Zambie, m\u00eame en-dehors des campus universitaires, connaissent peut-\u00eatre mieux ZAFES pour la publication <em>Daily Nuggets. <\/em>Depuis quatre ans, le mouvement produit ce guide de m\u00e9ditation et de lecture de la Bible, devenu un outil essentiel pour les chr\u00e9tiens de la Zambie bien au-del\u00e0 des \u00e9tudiants, du personnel, des dipl\u00f4m\u00e9s et m\u00eame des associ\u00e9s de ZAFES.<\/p>\n<\/div>\n\n<div class=\"wp-block block-core-paragraph\">\n<p>En plus de l\u2019\u00e9tude des \u00c9critures, une autre priorit\u00e9 importante du minist\u00e8re <a>a<\/a> \u00e9t\u00e9 l\u2019\u00e9tablissement de relations et de partenariats avec d\u2019autres croyants. Le mouvement a contact\u00e9 les \u00e9glises pour les informer du travail de ZAFES, ce qui a incit\u00e9 16 \u00e9glises \u00e0 s\u2019engager \u00e0 soutenir le mouvement de diff\u00e9rentes mani\u00e8res&nbsp;; ZAFES a ainsi pu se procurer de nouveaux locaux et devenir plus stable sur le plan financier. Le mouvement cherche aussi \u00e0 mobiliser ses dipl\u00f4m\u00e9s, qui r\u00e9pondent avec enthousiasme&nbsp;: par cons\u00e9quence, neuf nouvelles branches associ\u00e9es ont \u00e9t\u00e9 \u00e9tablis dans le pays au cours de l\u2019ann\u00e9e \u00e9coul\u00e9e.<\/p>\n<\/div>\n\n<div class=\"wp-block block-core-paragraph\">\n<p>Priez pour ZAFES et les \u00e9tudiants de la Zambie&nbsp;:<\/p>\n<\/div>\n\n<div class=\"wp-block block-core-list\">\n<ul><li>Remerciez Dieu pour ce progr\u00e8s qui a permis \u00e0 ZAFES de prosp\u00e9rer malgr\u00e9 les difficult\u00e9s.<\/li><li>Remerciez le Seigneur pour la b\u00e9n\u00e9diction et la joie des partenariats \u00e0 la fois nouveaux et renouvel\u00e9es avec les \u00e9glises et les associ\u00e9s.<\/li><li>Merci de prier pour un moyen d\u2019avancer \u00e0 la suite de la destruction du bureau, ainsi que des bureaux de cinq autres associations. \u00ab&nbsp;Priez pour de la gr\u00e2ce, nous demande Barnabas, le Directeur national de ZAFES, que nous continuions \u00e0 regarder vers Dieu et \u00e0 lui faire confiance encore davantage. Mais priez que ce revers n&rsquo;ait aucun impact n\u00e9faste sur le minist\u00e8re sur le campus.&nbsp;\u00bb Priez pour la sagesse et l&rsquo;unit\u00e9 et que Dieu continue, \u00e0 travers tout cela, \u00e0 appeler les \u00e9tudiants en Zambie qui ne le connaissent pas encore.<\/li><li>Priez pour que le personnel soit fortifi\u00e9 pendant ce temps et pour une perc\u00e9e dans leurs bourses qui sont irr\u00e9guli\u00e8res depuis quelques mois.<\/li><\/ul>\n<\/div>\n\n<div class=\"wp-block block-core-paragraph\">\n<p>Merci pour tout le soutien que vous apportez \u00e0 ZAFES par vos pri\u00e8res. Nous sommes aussi reconnaissants pour le soutien financier apport\u00e9 par ceux qui ont fait des dons au mouvement apr\u00e8s l\u2019incendie. Si vous souhaitez, vous aussi, contribuer de cette mani\u00e8re, vous pouvez le faire <a href=\"https:\/\/give.ifesworld.org\/customgiving?t=3&amp;dt=Zambia+fire+response&amp;st=UKFR&amp;at=0&amp;utm_campaign=later-linkinbio-ifesworld&amp;utm_content=later-29517761&amp;utm_medium=social&amp;utm_source=linkin.bio\">ici<\/a>.<\/p>\n<\/div>","protected":false},"featured_media":0,"template":"","area":[950,1029],"theme":[],"class_list":["post-20309","prayerline","type-prayerline","status-publish","hentry","area-afrique-anglophone-et-lusophone","area-zambie"],"acf":[],"yoast_head":"<!-- This site is optimized with the Yoast SEO plugin v22.6 - https:\/\/yoast.com\/wordpress\/plugins\/seo\/ -->\n<title>Fournaise ardente et priorit\u00e9s puissantes &#183; IFES Prayerline<\/title>\n<meta name=\"description\" content=\"Vous l\u2019avez peut-\u00eatre vu sur les r\u00e9seaux sociaux&nbsp;: une catastrophe inattendue est survenue d\u00e9but septembre pour ZAFES, le mouvement national de\" \/>\n<meta name=\"robots\" content=\"noindex, follow, max-snippet:-1, max-image-preview:large, max-video-preview:-1\" \/>\n<meta property=\"og:locale\" content=\"fr_FR\" \/>\n<meta property=\"og:type\" content=\"article\" \/>\n<meta property=\"og:title\" content=\"Fournaise ardente et priorit\u00e9s puissantes &#183; IFES Prayerline\" \/>\n<meta property=\"og:description\" content=\"Vous l\u2019avez peut-\u00eatre vu sur les r\u00e9seaux sociaux&nbsp;: une catastrophe inattendue est survenue d\u00e9but septembre pour ZAFES, le mouvement national de\" \/>\n<meta property=\"og:url\" content=\"https:\/\/ifesworld.org\/fr\/prayerline\/fournaise-ardente-et-priorites-puissantes\/\" \/>\n<meta property=\"og:site_name\" content=\"IFES\" \/>\n<meta property=\"article:modified_time\" content=\"2022-10-25T07:58:27+00:00\" \/>\n<meta property=\"og:image\" content=\"https:\/\/ifesworld.org\/wp-content\/uploads\/2022\/10\/IMG-20200505-WA0072.jpg\" \/>\n\t<meta property=\"og:image:width\" content=\"1024\" \/>\n\t<meta property=\"og:image:height\" content=\"768\" \/>\n\t<meta property=\"og:image:type\" content=\"image\/jpeg\" \/>\n<meta name=\"twitter:card\" content=\"summary_large_image\" \/>\n<meta name=\"twitter:label1\" content=\"Dur\u00e9e de lecture estim\u00e9e\" \/>\n\t<meta name=\"twitter:data1\" content=\"3 minutes\" \/>\n<script type=\"application\/ld+json\" class=\"yoast-schema-graph\">{\"@context\":\"https:\/\/schema.org\",\"@graph\":[{\"@type\":\"WebPage\",\"@id\":\"https:\/\/ifesworld.org\/fr\/prayerline\/fournaise-ardente-et-priorites-puissantes\/\",\"url\":\"https:\/\/ifesworld.org\/fr\/prayerline\/fournaise-ardente-et-priorites-puissantes\/\",\"name\":\"Fournaise ardente et priorit\u00e9s puissantes &#183; IFES Prayerline\",\"isPartOf\":{\"@id\":\"https:\/\/fru.ifesworld.org\/en\/#website\"},\"datePublished\":\"2022-10-25T07:58:26+00:00\",\"dateModified\":\"2022-10-25T07:58:27+00:00\",\"description\":\"Vous l\u2019avez peut-\u00eatre vu sur les r\u00e9seaux sociaux&nbsp;: une catastrophe inattendue est survenue d\u00e9but septembre pour ZAFES, le mouvement national de\",\"breadcrumb\":{\"@id\":\"https:\/\/ifesworld.org\/fr\/prayerline\/fournaise-ardente-et-priorites-puissantes\/#breadcrumb\"},\"inLanguage\":\"fr-FR\",\"potentialAction\":[{\"@type\":\"ReadAction\",\"target\":[\"https:\/\/ifesworld.org\/fr\/prayerline\/fournaise-ardente-et-priorites-puissantes\/\"]}]},{\"@type\":\"BreadcrumbList\",\"@id\":\"https:\/\/ifesworld.org\/fr\/prayerline\/fournaise-ardente-et-priorites-puissantes\/#breadcrumb\",\"itemListElement\":[{\"@type\":\"ListItem\",\"position\":1,\"name\":\"Home\",\"item\":\"https:\/\/fru.ifesworld.org\/fr\/\"},{\"@type\":\"ListItem\",\"position\":2,\"name\":\"Prayerline\",\"item\":\"https:\/\/ifesworld.org\/en\/prayerline\/\"},{\"@type\":\"ListItem\",\"position\":3,\"name\":\"Fournaise ardente et priorit\u00e9s puissantes\"}]},{\"@type\":\"WebSite\",\"@id\":\"https:\/\/fru.ifesworld.org\/en\/#website\",\"url\":\"https:\/\/fru.ifesworld.org\/en\/\",\"name\":\"IFES\",\"description\":\"A movement of students sharing and living out the good news of Jesus Christ. Locally. Nationally. Globally.\",\"publisher\":{\"@id\":\"https:\/\/fru.ifesworld.org\/en\/#organization\"},\"potentialAction\":[{\"@type\":\"SearchAction\",\"target\":{\"@type\":\"EntryPoint\",\"urlTemplate\":\"https:\/\/fru.ifesworld.org\/en\/?s={search_term_string}\"},\"query-input\":\"required name=search_term_string\"}],\"inLanguage\":\"fr-FR\"},{\"@type\":\"Organization\",\"@id\":\"https:\/\/fru.ifesworld.org\/en\/#organization\",\"name\":\"IFES \u00b7 International Fellowship of Evangelical Students\",\"url\":\"https:\/\/fru.ifesworld.org\/en\/\",\"logo\":{\"@type\":\"ImageObject\",\"inLanguage\":\"fr-FR\",\"@id\":\"https:\/\/fru.ifesworld.org\/en\/#\/schema\/logo\/image\/\",\"url\":\"https:\/\/fru.ifesworld.org\/wp-content\/uploads\/2019\/06\/ifeslogo.png\",\"contentUrl\":\"https:\/\/fru.ifesworld.org\/wp-content\/uploads\/2019\/06\/ifeslogo.png\",\"width\":262,\"height\":262,\"caption\":\"IFES \u00b7 International Fellowship of Evangelical Students\"},\"image\":{\"@id\":\"https:\/\/fru.ifesworld.org\/en\/#\/schema\/logo\/image\/\"}}]}<\/script>\n<!-- \/ Yoast SEO plugin. -->","yoast_head_json":{"title":"Fournaise ardente et priorit\u00e9s puissantes &#183; IFES Prayerline","description":"Vous l\u2019avez peut-\u00eatre vu sur les r\u00e9seaux sociaux&nbsp;: une catastrophe inattendue est survenue d\u00e9but septembre pour ZAFES, le mouvement national de","robots":{"index":"noindex","follow":"follow","max-snippet":"max-snippet:-1","max-image-preview":"max-image-preview:large","max-video-preview":"max-video-preview:-1"},"og_locale":"fr_FR","og_type":"article","og_title":"Fournaise ardente et priorit\u00e9s puissantes &#183; IFES Prayerline","og_description":"Vous l\u2019avez peut-\u00eatre vu sur les r\u00e9seaux sociaux&nbsp;: une catastrophe inattendue est survenue d\u00e9but septembre pour ZAFES, le mouvement national de","og_url":"https:\/\/ifesworld.org\/fr\/prayerline\/fournaise-ardente-et-priorites-puissantes\/","og_site_name":"IFES","article_modified_time":"2022-10-25T07:58:27+00:00","og_image":[{"width":1024,"height":768,"url":"https:\/\/ifesworld.org\/wp-content\/uploads\/2022\/10\/IMG-20200505-WA0072.jpg","type":"image\/jpeg"}],"twitter_card":"summary_large_image","twitter_misc":{"Dur\u00e9e de lecture estim\u00e9e":"3 minutes"},"schema":{"@context":"https:\/\/schema.org","@graph":[{"@type":"WebPage","@id":"https:\/\/ifesworld.org\/fr\/prayerline\/fournaise-ardente-et-priorites-puissantes\/","url":"https:\/\/ifesworld.org\/fr\/prayerline\/fournaise-ardente-et-priorites-puissantes\/","name":"Fournaise ardente et priorit\u00e9s puissantes &#183; IFES Prayerline","isPartOf":{"@id":"https:\/\/fru.ifesworld.org\/en\/#website"},"datePublished":"2022-10-25T07:58:26+00:00","dateModified":"2022-10-25T07:58:27+00:00","description":"Vous l\u2019avez peut-\u00eatre vu sur les r\u00e9seaux sociaux&nbsp;: une catastrophe inattendue est survenue d\u00e9but septembre pour ZAFES, le mouvement national de","breadcrumb":{"@id":"https:\/\/ifesworld.org\/fr\/prayerline\/fournaise-ardente-et-priorites-puissantes\/#breadcrumb"},"inLanguage":"fr-FR","potentialAction":[{"@type":"ReadAction","target":["https:\/\/ifesworld.org\/fr\/prayerline\/fournaise-ardente-et-priorites-puissantes\/"]}]},{"@type":"BreadcrumbList","@id":"https:\/\/ifesworld.org\/fr\/prayerline\/fournaise-ardente-et-priorites-puissantes\/#breadcrumb","itemListElement":[{"@type":"ListItem","position":1,"name":"Home","item":"https:\/\/fru.ifesworld.org\/fr\/"},{"@type":"ListItem","position":2,"name":"Prayerline","item":"https:\/\/ifesworld.org\/en\/prayerline\/"},{"@type":"ListItem","position":3,"name":"Fournaise ardente et priorit\u00e9s puissantes"}]},{"@type":"WebSite","@id":"https:\/\/fru.ifesworld.org\/en\/#website","url":"https:\/\/fru.ifesworld.org\/en\/","name":"IFES","description":"A movement of students sharing and living out the good news of Jesus Christ. Locally. Nationally. Globally.","publisher":{"@id":"https:\/\/fru.ifesworld.org\/en\/#organization"},"potentialAction":[{"@type":"SearchAction","target":{"@type":"EntryPoint","urlTemplate":"https:\/\/fru.ifesworld.org\/en\/?s={search_term_string}"},"query-input":"required name=search_term_string"}],"inLanguage":"fr-FR"},{"@type":"Organization","@id":"https:\/\/fru.ifesworld.org\/en\/#organization","name":"IFES \u00b7 International Fellowship of Evangelical Students","url":"https:\/\/fru.ifesworld.org\/en\/","logo":{"@type":"ImageObject","inLanguage":"fr-FR","@id":"https:\/\/fru.ifesworld.org\/en\/#\/schema\/logo\/image\/","url":"https:\/\/fru.ifesworld.org\/wp-content\/uploads\/2019\/06\/ifeslogo.png","contentUrl":"https:\/\/fru.ifesworld.org\/wp-content\/uploads\/2019\/06\/ifeslogo.png","width":262,"height":262,"caption":"IFES \u00b7 International Fellowship of Evangelical Students"},"image":{"@id":"https:\/\/fru.ifesworld.org\/en\/#\/schema\/logo\/image\/"}}]}},"_links":{"self":[{"href":"https:\/\/fru.ifesworld.org\/fr\/wp-json\/wp\/v2\/prayerline\/20309"}],"collection":[{"href":"https:\/\/fru.ifesworld.org\/fr\/wp-json\/wp\/v2\/prayerline"}],"about":[{"href":"https:\/\/fru.ifesworld.org\/fr\/wp-json\/wp\/v2\/types\/prayerline"}],"wp:attachment":[{"href":"https:\/\/fru.ifesworld.org\/fr\/wp-json\/wp\/v2\/media?parent=20309"}],"wp:term":[{"taxonomy":"area","embeddable":true,"href":"https:\/\/fru.ifesworld.org\/fr\/wp-json\/wp\/v2\/area?post=20309"},{"taxonomy":"theme","embeddable":true,"href":"https:\/\/fru.ifesworld.org\/fr\/wp-json\/wp\/v2\/theme?post=20309"}],"curies":[{"name":"wp","href":"https:\/\/api.w.org\/{rel}","templated":true}]}}