{"id":20184,"date":"2022-10-18T10:06:11","date_gmt":"2022-10-18T09:06:11","guid":{"rendered":"https:\/\/fru.ifesworld.org\/?post_type=prayerline&#038;p=20184"},"modified":"2022-10-18T10:33:34","modified_gmt":"2022-10-18T09:33:34","slug":"une-invitation-speciale-a-nous-rejoindre-pour-la-journee-mondiale-de-letudiant","status":"publish","type":"prayerline","link":"https:\/\/fru.ifesworld.org\/fr\/prayerline\/une-invitation-speciale-a-nous-rejoindre-pour-la-journee-mondiale-de-letudiant\/","title":{"rendered":"Une invitation sp\u00e9ciale \u00e0 nous rejoindre pour la Journ\u00e9e mondiale de l\u2019\u00e9tudiant"},"content":{"rendered":"<div class=\"wp-block block-core-paragraph\">\n<p>Dans cette \u00e9dition sp\u00e9ciale de Prayerline, nous partageons des sujets de pri\u00e8re venant de membres du personnel et d\u2019\u00e9tudiants de pr\u00e8s de 80 pays pour la Journ\u00e9e mondiale de l\u2019\u00e9tudiant de cette ann\u00e9e.&nbsp;&nbsp;<\/p>\n<\/div>\n\n<div class=\"wp-block block-core-paragraph\">\n<p>Merci pour vos pri\u00e8res constantes tout au long de l\u2019ann\u00e9e pour les \u00e9tudiants dans le monde \u00e0 l\u2019aide de Prayerline. Ce minist\u00e8re ne peut continuer sans votre intercession fid\u00e8le. Si vous n\u2019avez pas encore pr\u00e9vu de le faire, nous aimerions vous inviter \u00e0 nous rejoindre cette semaine, tandis que nous prions pour que Dieu renouvelle la passion pour l\u2019\u00c9vangile et la force pour le minist\u00e8re \u00e9tudiant sur les campus du monde entier.&nbsp;<\/p>\n<\/div>\n\n<div class=\"wp-block block-core-paragraph\">\n<p><\/p>\n<\/div>\n\n\n<figure class=\"wp-block-image size-full\"><img decoding=\"async\" src=\"https:\/\/fru.ifesworld.org\/wp-content\/uploads\/2022\/10\/Capture-decran-2022-10-18-100147.jpg\" alt=\"\" class=\"wp-image-20187\"\/><\/figure>\n\n\n<div class=\"wp-block block-core-columns\">\n<div class=\"wp-block-columns is-layout-flex wp-container-core-columns-is-layout-1 wp-block-columns-is-layout-flex\">\n<div class=\"wp-block-column is-layout-flow wp-block-column-is-layout-flow\"><div class=\"wp-block block-acf-ifesbutton\">\n<div class=\"\">\n    <a id=\"btn-block_634e6bec6683c\" target=\"_blank\" href=\"https:\/\/fru.ifesworld.org\/fr\/prayerline\/prier-pour-les-etudiants-du-monde-entier\/\" class=\"btn btn--world-student-day\">\n        <span>\n        Voir tous les sujets de pri\u00e8re        <\/span>\n    <\/a>\n<\/div>\n\n<\/div><\/div>\n\n\n\n<div class=\"wp-block-column is-layout-flow wp-block-column-is-layout-flow\"><div class=\"wp-block block-acf-ifesbutton\">\n<div class=\"\">\n    <a id=\"btn-block_634e6c2d6683d\" target=\"_blank\" href=\"https:\/\/fru.ifesworld.org\/fr\/jme-carte\/\" class=\"btn btn--world-student-day\">\n        <span>\n        Ajoutez votre nom \u00e0 la carte        <\/span>\n    <\/a>\n<\/div>\n\n<\/div><\/div>\n\n\n\n<div class=\"wp-block-column is-layout-flow wp-block-column-is-layout-flow\"><div class=\"wp-block block-acf-ifesbutton\">\n<div class=\"\">\n    <a id=\"btn-block_634e6c556683e\" target=\"_blank\" href=\"https:\/\/fru.ifesworld.org\/fr\/plan\/\" class=\"btn btn--world-student-day\">\n        <span>\n        Pr\u00e9parez-vous \u00e0 prier        <\/span>\n    <\/a>\n<\/div>\n\n<\/div><\/div>\n<\/div>\n<\/div>\n\n<div class=\"wp-block block-core-paragraph\">\n<p>Quand nous nous soutenons mutuellement dans la pri\u00e8re, nous nous \u00e9levons les uns les autres vers le Dieu suffisamment grand pour nous entendre et nous recevoir avec joie. Nous avons h\u00e2te de participer \u00e0 quelque chose de sp\u00e9cial ce vendredi, et nous esp\u00e9rons que vous serez en mesure de nous rejoindre.\u00a0\u00a0<\/p>\n<\/div>\n\n<div class=\"wp-block block-core-paragraph\">\n<p>\u00ab\u202fJe vais r\u00e9aliser une chose nouvelle, elle germe d\u00e8s \u00e0 pr\u00e9sent, ne la reconna\u00eetrez-vous pas ? J\u2019ouvrirai un chemin \u00e0 travers le d\u00e9sert et je ferai jaillir des fleuves dans la steppe.\u202f\u00bb \u00c9sa\u00efe 43.19&nbsp;<\/p>\n<\/div>","protected":false},"featured_media":0,"template":"","area":[],"theme":[],"class_list":["post-20184","prayerline","type-prayerline","status-publish","hentry"],"acf":[],"yoast_head":"<!-- This site is optimized with the Yoast SEO plugin v22.6 - https:\/\/yoast.com\/wordpress\/plugins\/seo\/ -->\n<title>Une invitation sp\u00e9ciale \u00e0 nous rejoindre pour la Journ\u00e9e mondiale de l\u2019\u00e9tudiant &#183; IFES Prayerline<\/title>\n<meta name=\"description\" content=\"Dans cette \u00e9dition sp\u00e9ciale de Prayerline, nous partageons des sujets de pri\u00e8re venant de membres du personnel et d\u2019\u00e9tudiants de pr\u00e8s de 80 pays pour la\" \/>\n<meta name=\"robots\" content=\"noindex, follow, max-snippet:-1, max-image-preview:large, max-video-preview:-1\" \/>\n<meta property=\"og:locale\" content=\"fr_FR\" \/>\n<meta property=\"og:type\" content=\"article\" \/>\n<meta property=\"og:title\" content=\"Une invitation sp\u00e9ciale \u00e0 nous rejoindre pour la Journ\u00e9e mondiale de l\u2019\u00e9tudiant &#183; IFES Prayerline\" \/>\n<meta property=\"og:description\" content=\"Dans cette \u00e9dition sp\u00e9ciale de Prayerline, nous partageons des sujets de pri\u00e8re venant de membres du personnel et d\u2019\u00e9tudiants de pr\u00e8s de 80 pays pour la\" \/>\n<meta property=\"og:url\" content=\"https:\/\/ifesworld.org\/fr\/prayerline\/une-invitation-speciale-a-nous-rejoindre-pour-la-journee-mondiale-de-letudiant\/\" \/>\n<meta property=\"og:site_name\" content=\"IFES\" \/>\n<meta property=\"article:modified_time\" content=\"2022-10-18T09:33:34+00:00\" \/>\n<meta property=\"og:image\" content=\"https:\/\/ifesworld.org\/wp-content\/uploads\/2022\/09\/Wordpress-Banner_French.png\" \/>\n\t<meta property=\"og:image:width\" content=\"1025\" \/>\n\t<meta property=\"og:image:height\" content=\"400\" \/>\n\t<meta property=\"og:image:type\" content=\"image\/png\" \/>\n<meta name=\"twitter:card\" content=\"summary_large_image\" \/>\n<meta name=\"twitter:label1\" content=\"Dur\u00e9e de lecture estim\u00e9e\" \/>\n\t<meta name=\"twitter:data1\" content=\"2 minutes\" \/>\n<script type=\"application\/ld+json\" class=\"yoast-schema-graph\">{\"@context\":\"https:\/\/schema.org\",\"@graph\":[{\"@type\":\"WebPage\",\"@id\":\"https:\/\/ifesworld.org\/fr\/prayerline\/une-invitation-speciale-a-nous-rejoindre-pour-la-journee-mondiale-de-letudiant\/\",\"url\":\"https:\/\/ifesworld.org\/fr\/prayerline\/une-invitation-speciale-a-nous-rejoindre-pour-la-journee-mondiale-de-letudiant\/\",\"name\":\"Une invitation sp\u00e9ciale \u00e0 nous rejoindre pour la Journ\u00e9e mondiale de l\u2019\u00e9tudiant &#183; IFES Prayerline\",\"isPartOf\":{\"@id\":\"https:\/\/fru.ifesworld.org\/en\/#website\"},\"primaryImageOfPage\":{\"@id\":\"https:\/\/ifesworld.org\/fr\/prayerline\/une-invitation-speciale-a-nous-rejoindre-pour-la-journee-mondiale-de-letudiant\/#primaryimage\"},\"image\":{\"@id\":\"https:\/\/ifesworld.org\/fr\/prayerline\/une-invitation-speciale-a-nous-rejoindre-pour-la-journee-mondiale-de-letudiant\/#primaryimage\"},\"thumbnailUrl\":\"https:\/\/fru.ifesworld.org\/wp-content\/uploads\/2022\/10\/Capture-decran-2022-10-18-100147.jpg\",\"datePublished\":\"2022-10-18T09:06:11+00:00\",\"dateModified\":\"2022-10-18T09:33:34+00:00\",\"description\":\"Dans cette \u00e9dition sp\u00e9ciale de Prayerline, nous partageons des sujets de pri\u00e8re venant de membres du personnel et d\u2019\u00e9tudiants de pr\u00e8s de 80 pays pour la\",\"breadcrumb\":{\"@id\":\"https:\/\/ifesworld.org\/fr\/prayerline\/une-invitation-speciale-a-nous-rejoindre-pour-la-journee-mondiale-de-letudiant\/#breadcrumb\"},\"inLanguage\":\"fr-FR\",\"potentialAction\":[{\"@type\":\"ReadAction\",\"target\":[\"https:\/\/ifesworld.org\/fr\/prayerline\/une-invitation-speciale-a-nous-rejoindre-pour-la-journee-mondiale-de-letudiant\/\"]}]},{\"@type\":\"ImageObject\",\"inLanguage\":\"fr-FR\",\"@id\":\"https:\/\/ifesworld.org\/fr\/prayerline\/une-invitation-speciale-a-nous-rejoindre-pour-la-journee-mondiale-de-letudiant\/#primaryimage\",\"url\":\"https:\/\/fru.ifesworld.org\/wp-content\/uploads\/2022\/10\/Capture-decran-2022-10-18-100147.jpg\",\"contentUrl\":\"https:\/\/fru.ifesworld.org\/wp-content\/uploads\/2022\/10\/Capture-decran-2022-10-18-100147.jpg\"},{\"@type\":\"BreadcrumbList\",\"@id\":\"https:\/\/ifesworld.org\/fr\/prayerline\/une-invitation-speciale-a-nous-rejoindre-pour-la-journee-mondiale-de-letudiant\/#breadcrumb\",\"itemListElement\":[{\"@type\":\"ListItem\",\"position\":1,\"name\":\"Home\",\"item\":\"https:\/\/fru.ifesworld.org\/fr\/\"},{\"@type\":\"ListItem\",\"position\":2,\"name\":\"Prayerline\",\"item\":\"https:\/\/ifesworld.org\/en\/prayerline\/\"},{\"@type\":\"ListItem\",\"position\":3,\"name\":\"Une invitation sp\u00e9ciale \u00e0 nous rejoindre pour la Journ\u00e9e mondiale de l\u2019\u00e9tudiant\"}]},{\"@type\":\"WebSite\",\"@id\":\"https:\/\/fru.ifesworld.org\/en\/#website\",\"url\":\"https:\/\/fru.ifesworld.org\/en\/\",\"name\":\"IFES\",\"description\":\"A movement of students sharing and living out the good news of Jesus Christ. Locally. Nationally. Globally.\",\"publisher\":{\"@id\":\"https:\/\/fru.ifesworld.org\/en\/#organization\"},\"potentialAction\":[{\"@type\":\"SearchAction\",\"target\":{\"@type\":\"EntryPoint\",\"urlTemplate\":\"https:\/\/fru.ifesworld.org\/en\/?s={search_term_string}\"},\"query-input\":\"required name=search_term_string\"}],\"inLanguage\":\"fr-FR\"},{\"@type\":\"Organization\",\"@id\":\"https:\/\/fru.ifesworld.org\/en\/#organization\",\"name\":\"IFES \u00b7 International Fellowship of Evangelical Students\",\"url\":\"https:\/\/fru.ifesworld.org\/en\/\",\"logo\":{\"@type\":\"ImageObject\",\"inLanguage\":\"fr-FR\",\"@id\":\"https:\/\/fru.ifesworld.org\/en\/#\/schema\/logo\/image\/\",\"url\":\"https:\/\/fru.ifesworld.org\/wp-content\/uploads\/2019\/06\/ifeslogo.png\",\"contentUrl\":\"https:\/\/fru.ifesworld.org\/wp-content\/uploads\/2019\/06\/ifeslogo.png\",\"width\":262,\"height\":262,\"caption\":\"IFES \u00b7 International Fellowship of Evangelical Students\"},\"image\":{\"@id\":\"https:\/\/fru.ifesworld.org\/en\/#\/schema\/logo\/image\/\"}}]}<\/script>\n<!-- \/ Yoast SEO plugin. -->","yoast_head_json":{"title":"Une invitation sp\u00e9ciale \u00e0 nous rejoindre pour la Journ\u00e9e mondiale de l\u2019\u00e9tudiant &#183; IFES Prayerline","description":"Dans cette \u00e9dition sp\u00e9ciale de Prayerline, nous partageons des sujets de pri\u00e8re venant de membres du personnel et d\u2019\u00e9tudiants de pr\u00e8s de 80 pays pour la","robots":{"index":"noindex","follow":"follow","max-snippet":"max-snippet:-1","max-image-preview":"max-image-preview:large","max-video-preview":"max-video-preview:-1"},"og_locale":"fr_FR","og_type":"article","og_title":"Une invitation sp\u00e9ciale \u00e0 nous rejoindre pour la Journ\u00e9e mondiale de l\u2019\u00e9tudiant &#183; IFES Prayerline","og_description":"Dans cette \u00e9dition sp\u00e9ciale de Prayerline, nous partageons des sujets de pri\u00e8re venant de membres du personnel et d\u2019\u00e9tudiants de pr\u00e8s de 80 pays pour la","og_url":"https:\/\/ifesworld.org\/fr\/prayerline\/une-invitation-speciale-a-nous-rejoindre-pour-la-journee-mondiale-de-letudiant\/","og_site_name":"IFES","article_modified_time":"2022-10-18T09:33:34+00:00","og_image":[{"width":1025,"height":400,"url":"https:\/\/ifesworld.org\/wp-content\/uploads\/2022\/09\/Wordpress-Banner_French.png","type":"image\/png"}],"twitter_card":"summary_large_image","twitter_misc":{"Dur\u00e9e de lecture estim\u00e9e":"2 minutes"},"schema":{"@context":"https:\/\/schema.org","@graph":[{"@type":"WebPage","@id":"https:\/\/ifesworld.org\/fr\/prayerline\/une-invitation-speciale-a-nous-rejoindre-pour-la-journee-mondiale-de-letudiant\/","url":"https:\/\/ifesworld.org\/fr\/prayerline\/une-invitation-speciale-a-nous-rejoindre-pour-la-journee-mondiale-de-letudiant\/","name":"Une invitation sp\u00e9ciale \u00e0 nous rejoindre pour la Journ\u00e9e mondiale de l\u2019\u00e9tudiant &#183; IFES Prayerline","isPartOf":{"@id":"https:\/\/fru.ifesworld.org\/en\/#website"},"primaryImageOfPage":{"@id":"https:\/\/ifesworld.org\/fr\/prayerline\/une-invitation-speciale-a-nous-rejoindre-pour-la-journee-mondiale-de-letudiant\/#primaryimage"},"image":{"@id":"https:\/\/ifesworld.org\/fr\/prayerline\/une-invitation-speciale-a-nous-rejoindre-pour-la-journee-mondiale-de-letudiant\/#primaryimage"},"thumbnailUrl":"https:\/\/fru.ifesworld.org\/wp-content\/uploads\/2022\/10\/Capture-decran-2022-10-18-100147.jpg","datePublished":"2022-10-18T09:06:11+00:00","dateModified":"2022-10-18T09:33:34+00:00","description":"Dans cette \u00e9dition sp\u00e9ciale de Prayerline, nous partageons des sujets de pri\u00e8re venant de membres du personnel et d\u2019\u00e9tudiants de pr\u00e8s de 80 pays pour la","breadcrumb":{"@id":"https:\/\/ifesworld.org\/fr\/prayerline\/une-invitation-speciale-a-nous-rejoindre-pour-la-journee-mondiale-de-letudiant\/#breadcrumb"},"inLanguage":"fr-FR","potentialAction":[{"@type":"ReadAction","target":["https:\/\/ifesworld.org\/fr\/prayerline\/une-invitation-speciale-a-nous-rejoindre-pour-la-journee-mondiale-de-letudiant\/"]}]},{"@type":"ImageObject","inLanguage":"fr-FR","@id":"https:\/\/ifesworld.org\/fr\/prayerline\/une-invitation-speciale-a-nous-rejoindre-pour-la-journee-mondiale-de-letudiant\/#primaryimage","url":"https:\/\/fru.ifesworld.org\/wp-content\/uploads\/2022\/10\/Capture-decran-2022-10-18-100147.jpg","contentUrl":"https:\/\/fru.ifesworld.org\/wp-content\/uploads\/2022\/10\/Capture-decran-2022-10-18-100147.jpg"},{"@type":"BreadcrumbList","@id":"https:\/\/ifesworld.org\/fr\/prayerline\/une-invitation-speciale-a-nous-rejoindre-pour-la-journee-mondiale-de-letudiant\/#breadcrumb","itemListElement":[{"@type":"ListItem","position":1,"name":"Home","item":"https:\/\/fru.ifesworld.org\/fr\/"},{"@type":"ListItem","position":2,"name":"Prayerline","item":"https:\/\/ifesworld.org\/en\/prayerline\/"},{"@type":"ListItem","position":3,"name":"Une invitation sp\u00e9ciale \u00e0 nous rejoindre pour la Journ\u00e9e mondiale de l\u2019\u00e9tudiant"}]},{"@type":"WebSite","@id":"https:\/\/fru.ifesworld.org\/en\/#website","url":"https:\/\/fru.ifesworld.org\/en\/","name":"IFES","description":"A movement of students sharing and living out the good news of Jesus Christ. Locally. Nationally. Globally.","publisher":{"@id":"https:\/\/fru.ifesworld.org\/en\/#organization"},"potentialAction":[{"@type":"SearchAction","target":{"@type":"EntryPoint","urlTemplate":"https:\/\/fru.ifesworld.org\/en\/?s={search_term_string}"},"query-input":"required name=search_term_string"}],"inLanguage":"fr-FR"},{"@type":"Organization","@id":"https:\/\/fru.ifesworld.org\/en\/#organization","name":"IFES \u00b7 International Fellowship of Evangelical Students","url":"https:\/\/fru.ifesworld.org\/en\/","logo":{"@type":"ImageObject","inLanguage":"fr-FR","@id":"https:\/\/fru.ifesworld.org\/en\/#\/schema\/logo\/image\/","url":"https:\/\/fru.ifesworld.org\/wp-content\/uploads\/2019\/06\/ifeslogo.png","contentUrl":"https:\/\/fru.ifesworld.org\/wp-content\/uploads\/2019\/06\/ifeslogo.png","width":262,"height":262,"caption":"IFES \u00b7 International Fellowship of Evangelical Students"},"image":{"@id":"https:\/\/fru.ifesworld.org\/en\/#\/schema\/logo\/image\/"}}]}},"_links":{"self":[{"href":"https:\/\/fru.ifesworld.org\/fr\/wp-json\/wp\/v2\/prayerline\/20184"}],"collection":[{"href":"https:\/\/fru.ifesworld.org\/fr\/wp-json\/wp\/v2\/prayerline"}],"about":[{"href":"https:\/\/fru.ifesworld.org\/fr\/wp-json\/wp\/v2\/types\/prayerline"}],"wp:attachment":[{"href":"https:\/\/fru.ifesworld.org\/fr\/wp-json\/wp\/v2\/media?parent=20184"}],"wp:term":[{"taxonomy":"area","embeddable":true,"href":"https:\/\/fru.ifesworld.org\/fr\/wp-json\/wp\/v2\/area?post=20184"},{"taxonomy":"theme","embeddable":true,"href":"https:\/\/fru.ifesworld.org\/fr\/wp-json\/wp\/v2\/theme?post=20184"}],"curies":[{"name":"wp","href":"https:\/\/api.w.org\/{rel}","templated":true}]}}