{"id":17246,"date":"2021-11-09T06:30:00","date_gmt":"2021-11-09T06:30:00","guid":{"rendered":"https:\/\/fru.ifesworld.org\/?post_type=prayerline&#038;p=17246"},"modified":"2021-11-08T15:32:35","modified_gmt":"2021-11-08T15:32:35","slug":"continuer-a-croitre-ensemble","status":"publish","type":"prayerline","link":"https:\/\/fru.ifesworld.org\/fr\/prayerline\/continuer-a-croitre-ensemble\/","title":{"rendered":"Continuer \u00e0 cro\u00eetre, ensemble"},"content":{"rendered":"<div class=\"wp-block block-core-heading\">\n<h3 class=\"wp-block-heading\">Quelle est l\u2019int\u00e9r\u00eat de travailler ensemble au sein d\u2019une union internationale ?<\/h3>\n<\/div>\n\n<div class=\"wp-block block-core-paragraph\">\n<p>On peut avoir une id\u00e9e de l\u2019importance du r\u00e9seau mondial de l\u2019IFES pour les \u00e9tudiants en voyant le travail du personnel. Dans chaque partie du monde, ses membres d\u00e9montrent comment ce partenariat mondial permet aux \u00e9tudiants de vivre de tout leurs c\u0153urs pour J\u00e9sus, d\u2019avoir un impact dans l&rsquo;\u00c9glise et le monde pour le Christ. C\u2019est l\u00e0 la vision de la Grande mission : faire des disciples de toutes les nations. Et c\u2019est une vision bien plus percutante et \u00e0 la gloire de Dieu quand elle est pour toutes les nations, au lieu de se limiter \u00e0 nos propres fronti\u00e8res. N\u2019y a-t-il pas plus de puissance et de merveille dans la vision des desseins d\u2019un Sauveur qui peuvent se transposer dans les for\u00eats vierges, les bidonvilles et les banlieues, au-del\u00e0 des oc\u00e9ans et du fil barbel\u00e9 ?<\/p>\n<\/div>\n\n<div class=\"wp-block block-core-paragraph\">\n<p>Lena Welch, notre nouvelle directrice des minist\u00e8res support internationaux, en est un parfait exemple. Les minist\u00e8res internationaux de l\u2019IFES existent pour aider tous les mouvements \u00e0 apprendre les uns des autres tandis qu\u2019ils grandissent dans l\u2019interaction avec les \u00c9critures, le d\u00e9veloppement de la gouvernance, la collecte de soutien local et d\u2019autres domaines cl\u00e9s vitaux \u00e0 la sant\u00e9 des minist\u00e8res \u00e9tudiants nationaux. Ce panel de besoins et de solutions grandira seulement si Lena \u00e9coute nos mouvements et r\u00e9pond par de nouveaux moyens dont le r\u00e9seau mondial de l\u2019IFES les \u00e9quipera \u00e0 l\u2019avenir. Les ressources de l\u2019union sont mises en commun et redistribu\u00e9es afin que l\u2019ensemble de la communaut\u00e9 puisse \u00eatre \u00e9difi\u00e9e.<\/p>\n<\/div>\n\n<div class=\"wp-block block-core-paragraph\">\n<p>Des membres du personnel tels que Duncan Chiyani fournissent le soutien n\u00e9cessaire sur le terrain. Duncan a soutenu la r\u00e9implantation de mouvements en Eswatini et en Angola, mais \u00e9galement fourni une aide cruciale \u00e0 des responsables en Afrique du Sud. Il esp\u00e8re voir la r\u00e9implantation d\u2019un mouvement en Namibie dans les deux prochaines ann\u00e9es. Il dirige aussi une \u00e9quipe d\u00e9di\u00e9e \u00e0 l\u2019Interaction avec les \u00c9critures dans les 24 mouvements de l\u2019IFES qui composent la r\u00e9gion d\u2019Afrique anglophone et lusophone. La collaboration des mouvements nationaux que Duncan sert permet \u00e0 l&rsquo;\u0153uvre du minist\u00e8re \u00e9tudiant de conqu\u00e9rir de nouveaux territoires et d\u2019enraciner les individus dans l\u2019\u00c9criture.<\/p>\n<\/div>\n\n<div class=\"wp-block block-core-paragraph\">\n<p>Son travail avec les mouvements d\u2019Afrique du Sud montre comment l\u2019union de l\u2019IFES aide \u00e0 favoriser la croissance. C\u2019est dans ce contexte qu\u2019une initiative telle que <a href=\"https:\/\/www.reviveeurope.org\/\">Revive Europe<\/a> peut na\u00eetre. Revive est plus qu\u2019une simple conf\u00e9rence r\u00e9gionale : c\u2019est un cri \u00e0 Dieu pour une transformation de la g\u00e9n\u00e9ration \u00e9tudiante en Europe. Sarah Breuel et son \u00e9quipe permettent aux \u00e9tudiants de prier de mani\u00e8re directe, simple et ambitieuse pour un r\u00e9veil. Dans toute sa couleur et ferveur, Revive construit sur le r\u00e9seau existant des mouvements de l\u2019IFES pour \u00e9lever ce cri vers Dieu, pour un d\u00e9versement de vie \u00e9ternelle.<\/p>\n<\/div>\n\n<div class=\"wp-block block-core-paragraph\">\n<p>La vision mondiale a un plus grand impact qu&rsquo;une approche individuelle et monoculturelle. L\u2019union internationale et le personnel qui sert en son sein permettent aux mouvements de s\u2019\u00e9difier mutuellement au point de vue spirituel et pratique, et chaque coin du monde a quelque chose d\u2019essentiel \u00e0 donner.<\/p>\n<\/div>\n\n<div class=\"wp-block block-core-paragraph\">\n<p>Cette semaine, priez avec nous pour le personnel de l\u2019IFES et son travail pour notre r\u00e9seau mondial :<\/p>\n<\/div>\n\n<div class=\"wp-block block-core-list\">\n<ul><li>Priez que l\u2019IFES serve bien les mouvements nationaux et que la perspective de chaque mouvement soit entendue et valoris\u00e9e par le biais d\u2019une bonne communication.<\/li><li>Priez pour que de nouvelles initiatives \u00e0 la gloire de Dieu continuent d\u2019\u00eatre cr\u00e9\u00e9es \u00e0 travers la coordination du personnel de l\u2019IFES.<\/li><li>Priez que chaque ann\u00e9e, de plus en plus d\u2019\u00e9tudiants donnent leurs vies \u00e0 J\u00e9sus dans chaque mouvement.<\/li><\/ul>\n<\/div>","protected":false},"featured_media":17220,"template":"","area":[],"theme":[],"class_list":["post-17246","prayerline","type-prayerline","status-publish","has-post-thumbnail","hentry"],"acf":[],"yoast_head":"<!-- This site is optimized with the Yoast SEO plugin v22.6 - https:\/\/yoast.com\/wordpress\/plugins\/seo\/ -->\n<title>Continuer \u00e0 cro\u00eetre, ensemble &#183; IFES Prayerline<\/title>\n<meta name=\"description\" content=\"Quelle est l\u2019int\u00e9r\u00eat de travailler ensemble au sein d\u2019une union internationale ? On peut avoir une id\u00e9e de l\u2019importance du r\u00e9seau mondial de l\u2019IFES pour\" \/>\n<meta name=\"robots\" content=\"noindex, follow, max-snippet:-1, max-image-preview:large, max-video-preview:-1\" \/>\n<meta property=\"og:locale\" content=\"fr_FR\" \/>\n<meta property=\"og:type\" content=\"article\" \/>\n<meta property=\"og:title\" content=\"Continuer \u00e0 cro\u00eetre, ensemble &#183; IFES Prayerline\" \/>\n<meta property=\"og:description\" content=\"Quelle est l\u2019int\u00e9r\u00eat de travailler ensemble au sein d\u2019une union internationale ? On peut avoir une id\u00e9e de l\u2019importance du r\u00e9seau mondial de l\u2019IFES pour\" \/>\n<meta property=\"og:url\" content=\"https:\/\/ifesworld.org\/fr\/prayerline\/continuer-a-croitre-ensemble\/\" \/>\n<meta property=\"og:site_name\" content=\"IFES\" \/>\n<meta property=\"article:modified_time\" content=\"2021-11-08T15:32:35+00:00\" \/>\n<meta property=\"og:image\" content=\"https:\/\/ifesworld.org\/wp-content\/uploads\/2021\/11\/REVIVE20191231__XX_2130-scaled.jpg\" \/>\n\t<meta property=\"og:image:width\" content=\"2560\" \/>\n\t<meta property=\"og:image:height\" content=\"1707\" \/>\n\t<meta property=\"og:image:type\" content=\"image\/jpeg\" \/>\n<meta name=\"twitter:card\" content=\"summary_large_image\" \/>\n<meta name=\"twitter:label1\" content=\"Dur\u00e9e de lecture estim\u00e9e\" \/>\n\t<meta name=\"twitter:data1\" content=\"3 minutes\" \/>\n<script type=\"application\/ld+json\" class=\"yoast-schema-graph\">{\"@context\":\"https:\/\/schema.org\",\"@graph\":[{\"@type\":\"WebPage\",\"@id\":\"https:\/\/ifesworld.org\/fr\/prayerline\/continuer-a-croitre-ensemble\/\",\"url\":\"https:\/\/ifesworld.org\/fr\/prayerline\/continuer-a-croitre-ensemble\/\",\"name\":\"Continuer \u00e0 cro\u00eetre, ensemble &#183; IFES Prayerline\",\"isPartOf\":{\"@id\":\"https:\/\/fru.ifesworld.org\/en\/#website\"},\"primaryImageOfPage\":{\"@id\":\"https:\/\/ifesworld.org\/fr\/prayerline\/continuer-a-croitre-ensemble\/#primaryimage\"},\"image\":{\"@id\":\"https:\/\/ifesworld.org\/fr\/prayerline\/continuer-a-croitre-ensemble\/#primaryimage\"},\"thumbnailUrl\":\"https:\/\/fru.ifesworld.org\/wp-content\/uploads\/2021\/11\/REVIVE20191231__XX_2130-scaled.jpg\",\"datePublished\":\"2021-11-09T06:30:00+00:00\",\"dateModified\":\"2021-11-08T15:32:35+00:00\",\"description\":\"Quelle est l\u2019int\u00e9r\u00eat de travailler ensemble au sein d\u2019une union internationale ? On peut avoir une id\u00e9e de l\u2019importance du r\u00e9seau mondial de l\u2019IFES pour\",\"breadcrumb\":{\"@id\":\"https:\/\/ifesworld.org\/fr\/prayerline\/continuer-a-croitre-ensemble\/#breadcrumb\"},\"inLanguage\":\"fr-FR\",\"potentialAction\":[{\"@type\":\"ReadAction\",\"target\":[\"https:\/\/ifesworld.org\/fr\/prayerline\/continuer-a-croitre-ensemble\/\"]}]},{\"@type\":\"ImageObject\",\"inLanguage\":\"fr-FR\",\"@id\":\"https:\/\/ifesworld.org\/fr\/prayerline\/continuer-a-croitre-ensemble\/#primaryimage\",\"url\":\"https:\/\/fru.ifesworld.org\/wp-content\/uploads\/2021\/11\/REVIVE20191231__XX_2130-scaled.jpg\",\"contentUrl\":\"https:\/\/fru.ifesworld.org\/wp-content\/uploads\/2021\/11\/REVIVE20191231__XX_2130-scaled.jpg\",\"width\":2560,\"height\":1707},{\"@type\":\"BreadcrumbList\",\"@id\":\"https:\/\/ifesworld.org\/fr\/prayerline\/continuer-a-croitre-ensemble\/#breadcrumb\",\"itemListElement\":[{\"@type\":\"ListItem\",\"position\":1,\"name\":\"Home\",\"item\":\"https:\/\/fru.ifesworld.org\/fr\/\"},{\"@type\":\"ListItem\",\"position\":2,\"name\":\"Prayerline\",\"item\":\"https:\/\/ifesworld.org\/en\/prayerline\/\"},{\"@type\":\"ListItem\",\"position\":3,\"name\":\"Continuer \u00e0 cro\u00eetre, ensemble\"}]},{\"@type\":\"WebSite\",\"@id\":\"https:\/\/fru.ifesworld.org\/en\/#website\",\"url\":\"https:\/\/fru.ifesworld.org\/en\/\",\"name\":\"IFES\",\"description\":\"A movement of students sharing and living out the good news of Jesus Christ. Locally. Nationally. Globally.\",\"publisher\":{\"@id\":\"https:\/\/fru.ifesworld.org\/en\/#organization\"},\"potentialAction\":[{\"@type\":\"SearchAction\",\"target\":{\"@type\":\"EntryPoint\",\"urlTemplate\":\"https:\/\/fru.ifesworld.org\/en\/?s={search_term_string}\"},\"query-input\":\"required name=search_term_string\"}],\"inLanguage\":\"fr-FR\"},{\"@type\":\"Organization\",\"@id\":\"https:\/\/fru.ifesworld.org\/en\/#organization\",\"name\":\"IFES \u00b7 International Fellowship of Evangelical Students\",\"url\":\"https:\/\/fru.ifesworld.org\/en\/\",\"logo\":{\"@type\":\"ImageObject\",\"inLanguage\":\"fr-FR\",\"@id\":\"https:\/\/fru.ifesworld.org\/en\/#\/schema\/logo\/image\/\",\"url\":\"https:\/\/fru.ifesworld.org\/wp-content\/uploads\/2019\/06\/ifeslogo.png\",\"contentUrl\":\"https:\/\/fru.ifesworld.org\/wp-content\/uploads\/2019\/06\/ifeslogo.png\",\"width\":262,\"height\":262,\"caption\":\"IFES \u00b7 International Fellowship of Evangelical Students\"},\"image\":{\"@id\":\"https:\/\/fru.ifesworld.org\/en\/#\/schema\/logo\/image\/\"}}]}<\/script>\n<!-- \/ Yoast SEO plugin. -->","yoast_head_json":{"title":"Continuer \u00e0 cro\u00eetre, ensemble &#183; IFES Prayerline","description":"Quelle est l\u2019int\u00e9r\u00eat de travailler ensemble au sein d\u2019une union internationale ? On peut avoir une id\u00e9e de l\u2019importance du r\u00e9seau mondial de l\u2019IFES pour","robots":{"index":"noindex","follow":"follow","max-snippet":"max-snippet:-1","max-image-preview":"max-image-preview:large","max-video-preview":"max-video-preview:-1"},"og_locale":"fr_FR","og_type":"article","og_title":"Continuer \u00e0 cro\u00eetre, ensemble &#183; IFES Prayerline","og_description":"Quelle est l\u2019int\u00e9r\u00eat de travailler ensemble au sein d\u2019une union internationale ? On peut avoir une id\u00e9e de l\u2019importance du r\u00e9seau mondial de l\u2019IFES pour","og_url":"https:\/\/ifesworld.org\/fr\/prayerline\/continuer-a-croitre-ensemble\/","og_site_name":"IFES","article_modified_time":"2021-11-08T15:32:35+00:00","og_image":[{"width":2560,"height":1707,"url":"https:\/\/ifesworld.org\/wp-content\/uploads\/2021\/11\/REVIVE20191231__XX_2130-scaled.jpg","type":"image\/jpeg"}],"twitter_card":"summary_large_image","twitter_misc":{"Dur\u00e9e de lecture estim\u00e9e":"3 minutes"},"schema":{"@context":"https:\/\/schema.org","@graph":[{"@type":"WebPage","@id":"https:\/\/ifesworld.org\/fr\/prayerline\/continuer-a-croitre-ensemble\/","url":"https:\/\/ifesworld.org\/fr\/prayerline\/continuer-a-croitre-ensemble\/","name":"Continuer \u00e0 cro\u00eetre, ensemble &#183; IFES Prayerline","isPartOf":{"@id":"https:\/\/fru.ifesworld.org\/en\/#website"},"primaryImageOfPage":{"@id":"https:\/\/ifesworld.org\/fr\/prayerline\/continuer-a-croitre-ensemble\/#primaryimage"},"image":{"@id":"https:\/\/ifesworld.org\/fr\/prayerline\/continuer-a-croitre-ensemble\/#primaryimage"},"thumbnailUrl":"https:\/\/fru.ifesworld.org\/wp-content\/uploads\/2021\/11\/REVIVE20191231__XX_2130-scaled.jpg","datePublished":"2021-11-09T06:30:00+00:00","dateModified":"2021-11-08T15:32:35+00:00","description":"Quelle est l\u2019int\u00e9r\u00eat de travailler ensemble au sein d\u2019une union internationale ? On peut avoir une id\u00e9e de l\u2019importance du r\u00e9seau mondial de l\u2019IFES pour","breadcrumb":{"@id":"https:\/\/ifesworld.org\/fr\/prayerline\/continuer-a-croitre-ensemble\/#breadcrumb"},"inLanguage":"fr-FR","potentialAction":[{"@type":"ReadAction","target":["https:\/\/ifesworld.org\/fr\/prayerline\/continuer-a-croitre-ensemble\/"]}]},{"@type":"ImageObject","inLanguage":"fr-FR","@id":"https:\/\/ifesworld.org\/fr\/prayerline\/continuer-a-croitre-ensemble\/#primaryimage","url":"https:\/\/fru.ifesworld.org\/wp-content\/uploads\/2021\/11\/REVIVE20191231__XX_2130-scaled.jpg","contentUrl":"https:\/\/fru.ifesworld.org\/wp-content\/uploads\/2021\/11\/REVIVE20191231__XX_2130-scaled.jpg","width":2560,"height":1707},{"@type":"BreadcrumbList","@id":"https:\/\/ifesworld.org\/fr\/prayerline\/continuer-a-croitre-ensemble\/#breadcrumb","itemListElement":[{"@type":"ListItem","position":1,"name":"Home","item":"https:\/\/fru.ifesworld.org\/fr\/"},{"@type":"ListItem","position":2,"name":"Prayerline","item":"https:\/\/ifesworld.org\/en\/prayerline\/"},{"@type":"ListItem","position":3,"name":"Continuer \u00e0 cro\u00eetre, ensemble"}]},{"@type":"WebSite","@id":"https:\/\/fru.ifesworld.org\/en\/#website","url":"https:\/\/fru.ifesworld.org\/en\/","name":"IFES","description":"A movement of students sharing and living out the good news of Jesus Christ. Locally. Nationally. Globally.","publisher":{"@id":"https:\/\/fru.ifesworld.org\/en\/#organization"},"potentialAction":[{"@type":"SearchAction","target":{"@type":"EntryPoint","urlTemplate":"https:\/\/fru.ifesworld.org\/en\/?s={search_term_string}"},"query-input":"required name=search_term_string"}],"inLanguage":"fr-FR"},{"@type":"Organization","@id":"https:\/\/fru.ifesworld.org\/en\/#organization","name":"IFES \u00b7 International Fellowship of Evangelical Students","url":"https:\/\/fru.ifesworld.org\/en\/","logo":{"@type":"ImageObject","inLanguage":"fr-FR","@id":"https:\/\/fru.ifesworld.org\/en\/#\/schema\/logo\/image\/","url":"https:\/\/fru.ifesworld.org\/wp-content\/uploads\/2019\/06\/ifeslogo.png","contentUrl":"https:\/\/fru.ifesworld.org\/wp-content\/uploads\/2019\/06\/ifeslogo.png","width":262,"height":262,"caption":"IFES \u00b7 International Fellowship of Evangelical Students"},"image":{"@id":"https:\/\/fru.ifesworld.org\/en\/#\/schema\/logo\/image\/"}}]}},"_links":{"self":[{"href":"https:\/\/fru.ifesworld.org\/fr\/wp-json\/wp\/v2\/prayerline\/17246"}],"collection":[{"href":"https:\/\/fru.ifesworld.org\/fr\/wp-json\/wp\/v2\/prayerline"}],"about":[{"href":"https:\/\/fru.ifesworld.org\/fr\/wp-json\/wp\/v2\/types\/prayerline"}],"wp:featuredmedia":[{"embeddable":true,"href":"https:\/\/fru.ifesworld.org\/fr\/wp-json\/wp\/v2\/media\/17220"}],"wp:attachment":[{"href":"https:\/\/fru.ifesworld.org\/fr\/wp-json\/wp\/v2\/media?parent=17246"}],"wp:term":[{"taxonomy":"area","embeddable":true,"href":"https:\/\/fru.ifesworld.org\/fr\/wp-json\/wp\/v2\/area?post=17246"},{"taxonomy":"theme","embeddable":true,"href":"https:\/\/fru.ifesworld.org\/fr\/wp-json\/wp\/v2\/theme?post=17246"}],"curies":[{"name":"wp","href":"https:\/\/api.w.org\/{rel}","templated":true}]}}