{"id":16837,"date":"2021-10-12T09:52:17","date_gmt":"2021-10-12T08:52:17","guid":{"rendered":"https:\/\/fru.ifesworld.org\/?post_type=prayerline&#038;p=16837"},"modified":"2021-10-12T11:13:16","modified_gmt":"2021-10-12T10:13:16","slug":"le-scientifique-apologetique","status":"publish","type":"prayerline","link":"https:\/\/fru.ifesworld.org\/fr\/prayerline\/le-scientifique-apologetique\/","title":{"rendered":"Le scientifique apolog\u00e9tique"},"content":{"rendered":"<div class=\"wp-block block-core-paragraph\">\n<p>Dieu d\u00e9tenait les r\u00e9ponses. Jonas le savait.&nbsp;&nbsp;<\/p>\n<\/div>\n\n<div class=\"wp-block block-core-paragraph\">\n<p>Bien qu&rsquo;issu d&rsquo;une famille d&rsquo;ath\u00e9es et d&rsquo;agnostiques, il n&rsquo;avait jamais pu totalement nier l&rsquo;existence de Dieu. \u00c0 15\u202fans, il a entendu l&rsquo;\u00c9vangile dans une petite \u00e9glise de Tijuana, au Mexique, et a donn\u00e9 sa vie \u00e0 Christ.&nbsp;<\/p>\n<\/div>\n\n<div class=\"wp-block block-core-paragraph\">\n<p>\u00c0 mesure qu&rsquo;il grandissait dans sa&nbsp;foi, il avait commenc\u00e9 \u00e0 se poser des questions. Il n&rsquo;\u00e9tait pas aussi sceptique que sa famille, mais il s&rsquo;int\u00e9ressait beaucoup \u00e0 l&rsquo;apolog\u00e9tique. Il \u00e9tait frustr\u00e9 de n&rsquo;avoir personne avec qui partager cet int\u00e9r\u00eat. Dans son \u00c9glise, le fait de se poser des questions \u00e9tait consid\u00e9r\u00e9 comme un manque de foi. Jonas a donc appris \u00e0 garder ses interrogations pour lui.&nbsp;<\/p>\n<\/div>\n\n<div class=\"wp-block block-core-paragraph\">\n<p>Lorsqu&rsquo;il a commenc\u00e9 ses \u00e9tudes universitaire, Jonas a trouv\u00e9 des pairs. Il a contribu\u00e9 \u00e0 d\u00e9marrer le premier mouvement \u00e9tudiant en Basse-Californie,&nbsp;qui s&rsquo;est rapidement rattach\u00e9 au mouvement \u00e9tudiant national mexicain, COMPA. Ses amis de COMPA l&rsquo;ont incit\u00e9 \u00e0 chercher des r\u00e9ponses dans la Bible. Gr\u00e2ce \u00e0&nbsp;eux, il a \u00e9galement d\u00e9couvert des auteurs apolog\u00e9tiques comme C. S. Lewis et Francis Schaeffer. Jonas explique\u202f:&nbsp;<\/p>\n<\/div>\n\n<div class=\"wp-block block-core-quote\">\n<blockquote class=\"wp-block-quote is-layout-flow wp-block-quote-is-layout-flow\"><p><em>\u00ab\u202fJ&rsquo;ai \u00e9t\u00e9 tellement encourag\u00e9 de d\u00e9couvrir que la foi n&rsquo;est pas irrationnelle. Au contraire, j&rsquo;ai compris que l&rsquo;intelligence est un aspect int\u00e9gral de notre cons\u00e9cration \u00e0 Dieu, si nous voulons l&rsquo;aimer de tout notre \u00eatre.\u202f\u00bb<\/em>\u00a0<\/p><\/blockquote>\n<\/div>\n\n<div class=\"wp-block block-core-paragraph\">\n<p>Depuis qu&rsquo;il a termin\u00e9 ses \u00e9tudes universitaires, en 1998, il a aid\u00e9 d&rsquo;innombrables \u00e9tudiants \u00e0 trouver r\u00e9ponse \u00e0 des questions similaires. Il a \u00e9t\u00e9 leader \u00e9tudiant puis b\u00e9n\u00e9vole \u00e0 COMPA. Il a \u00e9galement d\u00e9marr\u00e9 de nouveaux groupes d&rsquo;apolog\u00e9tique dans la r\u00e9gion. Aujourd&rsquo;hui chercheur, il souhaite aider les \u00e9tudiants \u00e0 d\u00e9velopper une vision int\u00e9gr\u00e9e de la science et de la foi. Il est devenu un catalyseur du programme\u00a0<a href=\"https:\/\/lci.ifesworld.org\/fr\/\">Logos et Cosmos<\/a>, une initiative du minist\u00e8re\u00a0de l&rsquo;IFES\u00a0<em>Interagir avec l&rsquo;universit\u00e9<\/em>, et a b\u00e9n\u00e9fici\u00e9 d&rsquo;un mentorat, de ressources et de soutien pour concr\u00e9tiser ses id\u00e9es.\u00a0<\/p>\n<\/div>\n\n<div class=\"wp-block block-core-quote\">\n<blockquote class=\"wp-block-quote is-layout-flow wp-block-quote-is-layout-flow\"><p><em>\u00ab\u202fPar le biais de\u00a0Logos et Cosmos, je souhaite entrer en contact avec des \u00e9tudiants chr\u00e9tiens et non chr\u00e9tiens qui sont aux prises\u00a0avec des questions scientifiques ou pseudo-scientifiques au sujet de la foi, et les aider \u00e0 trouver des r\u00e9ponses et \u00e0 harmoniser leurs connaissances universitaires avec ce qu&rsquo;ils apprennent dans la Bible. J&rsquo;estime qu&rsquo;il est possible d&rsquo;avoir une vision int\u00e9gr\u00e9e de la r\u00e9alit\u00e9 tout en rendant justice \u00e0 la Bible et \u00e0 la science.\u202f\u00bb<\/em>\u00a0<\/p><\/blockquote>\n<\/div>\n\n<div class=\"wp-block block-core-paragraph\">\n<p>Jonas esp\u00e8re pouvoir cr\u00e9er des petits groupes et des cercles de lecture pour aborder les questions qui touchent \u00e0 la science et \u00e0 la foi. Il souhaite \u00e9galement utiliser ses travaux de recherche pour explorer les&nbsp;implications th\u00e9ologiques des math\u00e9matiques, en esp\u00e9rant que ce sera l&rsquo;occasion de partager sa foi avec ses coll\u00e8gues et ses \u00e9tudiants.&nbsp;&nbsp;<\/p>\n<\/div>\n\n<div class=\"wp-block block-core-paragraph\">\n<p>Cette semaine, priez avec nous pour Jonas et les autres catalyseurs qui int\u00e8grent leur foi au monde universitaire.&nbsp;<\/p>\n<\/div>\n\n<div class=\"wp-block block-core-list\">\n<ul><li>L&rsquo;universit\u00e9 o\u00f9 travaille Jonas est essentiellement ax\u00e9e sur la recherche et les \u00e9tudes&nbsp;du troisi\u00e8me cycle. Il est donc parfois difficile d&rsquo;y trouver des \u00e9tudiants de premier cycle. Priez que Dieu conduise Jonas vers des \u00e9tudiants&nbsp;de premier cycle en qu\u00eate de r\u00e9ponses spirituelles.&nbsp;&nbsp;<\/li><li>Priez que Jonas puisse avoir de nombreuses conversations spirituelles avec ses coll\u00e8gues par le bais de ses travaux de recherche.&nbsp;&nbsp;<\/li><li>Priez pour les \u00e9tudiants qui ont d&rsquo;importantes questions sur la foi. Priez qu&rsquo;ils rencontrent quelqu&rsquo;un comme Jonas, qui puisse les aider \u00e0 trouver des r\u00e9ponses dans les \u00c9critures.&nbsp;&nbsp;<\/li><\/ul>\n<\/div>\n\n<div class=\"wp-block block-core-paragraph\">\n<p>Vous voulez rencontrer Jonas\u202f? \u00c9coutez-le&nbsp;<a href=\"https:\/\/lci.ifesworld.org\/en\/blog\/introducing-you-to-one-of-our-catalysts-jonas-from-mexico\/\" target=\"_blank\" rel=\"noreferrer noopener\">expliquer<\/a>&nbsp;pourquoi il \u00e9tait ravi de rejoindre l&rsquo;Initiative Logos et Cosmos.&nbsp;<\/p>\n<\/div>","protected":false},"featured_media":0,"template":"","area":[954,1124],"theme":[1324],"class_list":["post-16837","prayerline","type-prayerline","status-publish","hentry","area-amerique-latine","area-mexique","theme-logos-et-cosmos"],"acf":[],"yoast_head":"<!-- This site is optimized with the Yoast SEO plugin v22.6 - https:\/\/yoast.com\/wordpress\/plugins\/seo\/ -->\n<title>Le scientifique apolog\u00e9tique &#183; IFES Prayerline<\/title>\n<meta name=\"description\" content=\"Dieu d\u00e9tenait les r\u00e9ponses. Jonas le savait.&nbsp;&nbsp; Bien qu&#039;issu d&#039;une famille d&#039;ath\u00e9es et d&#039;agnostiques, il n&#039;avait jamais pu totalement nier\" \/>\n<meta name=\"robots\" content=\"noindex, follow, max-snippet:-1, max-image-preview:large, max-video-preview:-1\" \/>\n<meta property=\"og:locale\" content=\"fr_FR\" \/>\n<meta property=\"og:type\" content=\"article\" \/>\n<meta property=\"og:title\" content=\"Le scientifique apolog\u00e9tique &#183; IFES Prayerline\" \/>\n<meta property=\"og:description\" content=\"Dieu d\u00e9tenait les r\u00e9ponses. Jonas le savait.&nbsp;&nbsp; Bien qu&#039;issu d&#039;une famille d&#039;ath\u00e9es et d&#039;agnostiques, il n&#039;avait jamais pu totalement nier\" \/>\n<meta property=\"og:url\" content=\"https:\/\/ifesworld.org\/fr\/prayerline\/le-scientifique-apologetique\/\" \/>\n<meta property=\"og:site_name\" content=\"IFES\" \/>\n<meta property=\"article:modified_time\" content=\"2021-10-12T10:13:16+00:00\" \/>\n<meta property=\"og:image\" content=\"https:\/\/ifesworld.org\/wp-content\/uploads\/2021\/10\/211012-LCI-Latin-America-scaled.jpg\" \/>\n\t<meta property=\"og:image:width\" content=\"2560\" \/>\n\t<meta property=\"og:image:height\" content=\"1920\" \/>\n\t<meta property=\"og:image:type\" content=\"image\/jpeg\" \/>\n<meta name=\"twitter:card\" content=\"summary_large_image\" \/>\n<meta name=\"twitter:label1\" content=\"Dur\u00e9e de lecture estim\u00e9e\" \/>\n\t<meta name=\"twitter:data1\" content=\"3 minutes\" \/>\n<script type=\"application\/ld+json\" class=\"yoast-schema-graph\">{\"@context\":\"https:\/\/schema.org\",\"@graph\":[{\"@type\":\"WebPage\",\"@id\":\"https:\/\/ifesworld.org\/fr\/prayerline\/le-scientifique-apologetique\/\",\"url\":\"https:\/\/ifesworld.org\/fr\/prayerline\/le-scientifique-apologetique\/\",\"name\":\"Le scientifique apolog\u00e9tique &#183; IFES Prayerline\",\"isPartOf\":{\"@id\":\"https:\/\/fru.ifesworld.org\/en\/#website\"},\"datePublished\":\"2021-10-12T08:52:17+00:00\",\"dateModified\":\"2021-10-12T10:13:16+00:00\",\"description\":\"Dieu d\u00e9tenait les r\u00e9ponses. Jonas le savait.&nbsp;&nbsp; Bien qu'issu d'une famille d'ath\u00e9es et d'agnostiques, il n'avait jamais pu totalement nier\",\"breadcrumb\":{\"@id\":\"https:\/\/ifesworld.org\/fr\/prayerline\/le-scientifique-apologetique\/#breadcrumb\"},\"inLanguage\":\"fr-FR\",\"potentialAction\":[{\"@type\":\"ReadAction\",\"target\":[\"https:\/\/ifesworld.org\/fr\/prayerline\/le-scientifique-apologetique\/\"]}]},{\"@type\":\"BreadcrumbList\",\"@id\":\"https:\/\/ifesworld.org\/fr\/prayerline\/le-scientifique-apologetique\/#breadcrumb\",\"itemListElement\":[{\"@type\":\"ListItem\",\"position\":1,\"name\":\"Home\",\"item\":\"https:\/\/fru.ifesworld.org\/fr\/\"},{\"@type\":\"ListItem\",\"position\":2,\"name\":\"Prayerline\",\"item\":\"https:\/\/ifesworld.org\/en\/prayerline\/\"},{\"@type\":\"ListItem\",\"position\":3,\"name\":\"Le scientifique apolog\u00e9tique\"}]},{\"@type\":\"WebSite\",\"@id\":\"https:\/\/fru.ifesworld.org\/en\/#website\",\"url\":\"https:\/\/fru.ifesworld.org\/en\/\",\"name\":\"IFES\",\"description\":\"A movement of students sharing and living out the good news of Jesus Christ. Locally. Nationally. Globally.\",\"publisher\":{\"@id\":\"https:\/\/fru.ifesworld.org\/en\/#organization\"},\"potentialAction\":[{\"@type\":\"SearchAction\",\"target\":{\"@type\":\"EntryPoint\",\"urlTemplate\":\"https:\/\/fru.ifesworld.org\/en\/?s={search_term_string}\"},\"query-input\":\"required name=search_term_string\"}],\"inLanguage\":\"fr-FR\"},{\"@type\":\"Organization\",\"@id\":\"https:\/\/fru.ifesworld.org\/en\/#organization\",\"name\":\"IFES \u00b7 International Fellowship of Evangelical Students\",\"url\":\"https:\/\/fru.ifesworld.org\/en\/\",\"logo\":{\"@type\":\"ImageObject\",\"inLanguage\":\"fr-FR\",\"@id\":\"https:\/\/fru.ifesworld.org\/en\/#\/schema\/logo\/image\/\",\"url\":\"https:\/\/fru.ifesworld.org\/wp-content\/uploads\/2019\/06\/ifeslogo.png\",\"contentUrl\":\"https:\/\/fru.ifesworld.org\/wp-content\/uploads\/2019\/06\/ifeslogo.png\",\"width\":262,\"height\":262,\"caption\":\"IFES \u00b7 International Fellowship of Evangelical Students\"},\"image\":{\"@id\":\"https:\/\/fru.ifesworld.org\/en\/#\/schema\/logo\/image\/\"}}]}<\/script>\n<!-- \/ Yoast SEO plugin. -->","yoast_head_json":{"title":"Le scientifique apolog\u00e9tique &#183; IFES Prayerline","description":"Dieu d\u00e9tenait les r\u00e9ponses. Jonas le savait.&nbsp;&nbsp; Bien qu'issu d'une famille d'ath\u00e9es et d'agnostiques, il n'avait jamais pu totalement nier","robots":{"index":"noindex","follow":"follow","max-snippet":"max-snippet:-1","max-image-preview":"max-image-preview:large","max-video-preview":"max-video-preview:-1"},"og_locale":"fr_FR","og_type":"article","og_title":"Le scientifique apolog\u00e9tique &#183; IFES Prayerline","og_description":"Dieu d\u00e9tenait les r\u00e9ponses. Jonas le savait.&nbsp;&nbsp; Bien qu'issu d'une famille d'ath\u00e9es et d'agnostiques, il n'avait jamais pu totalement nier","og_url":"https:\/\/ifesworld.org\/fr\/prayerline\/le-scientifique-apologetique\/","og_site_name":"IFES","article_modified_time":"2021-10-12T10:13:16+00:00","og_image":[{"width":2560,"height":1920,"url":"https:\/\/ifesworld.org\/wp-content\/uploads\/2021\/10\/211012-LCI-Latin-America-scaled.jpg","type":"image\/jpeg"}],"twitter_card":"summary_large_image","twitter_misc":{"Dur\u00e9e de lecture estim\u00e9e":"3 minutes"},"schema":{"@context":"https:\/\/schema.org","@graph":[{"@type":"WebPage","@id":"https:\/\/ifesworld.org\/fr\/prayerline\/le-scientifique-apologetique\/","url":"https:\/\/ifesworld.org\/fr\/prayerline\/le-scientifique-apologetique\/","name":"Le scientifique apolog\u00e9tique &#183; IFES Prayerline","isPartOf":{"@id":"https:\/\/fru.ifesworld.org\/en\/#website"},"datePublished":"2021-10-12T08:52:17+00:00","dateModified":"2021-10-12T10:13:16+00:00","description":"Dieu d\u00e9tenait les r\u00e9ponses. Jonas le savait.&nbsp;&nbsp; Bien qu'issu d'une famille d'ath\u00e9es et d'agnostiques, il n'avait jamais pu totalement nier","breadcrumb":{"@id":"https:\/\/ifesworld.org\/fr\/prayerline\/le-scientifique-apologetique\/#breadcrumb"},"inLanguage":"fr-FR","potentialAction":[{"@type":"ReadAction","target":["https:\/\/ifesworld.org\/fr\/prayerline\/le-scientifique-apologetique\/"]}]},{"@type":"BreadcrumbList","@id":"https:\/\/ifesworld.org\/fr\/prayerline\/le-scientifique-apologetique\/#breadcrumb","itemListElement":[{"@type":"ListItem","position":1,"name":"Home","item":"https:\/\/fru.ifesworld.org\/fr\/"},{"@type":"ListItem","position":2,"name":"Prayerline","item":"https:\/\/ifesworld.org\/en\/prayerline\/"},{"@type":"ListItem","position":3,"name":"Le scientifique apolog\u00e9tique"}]},{"@type":"WebSite","@id":"https:\/\/fru.ifesworld.org\/en\/#website","url":"https:\/\/fru.ifesworld.org\/en\/","name":"IFES","description":"A movement of students sharing and living out the good news of Jesus Christ. Locally. Nationally. Globally.","publisher":{"@id":"https:\/\/fru.ifesworld.org\/en\/#organization"},"potentialAction":[{"@type":"SearchAction","target":{"@type":"EntryPoint","urlTemplate":"https:\/\/fru.ifesworld.org\/en\/?s={search_term_string}"},"query-input":"required name=search_term_string"}],"inLanguage":"fr-FR"},{"@type":"Organization","@id":"https:\/\/fru.ifesworld.org\/en\/#organization","name":"IFES \u00b7 International Fellowship of Evangelical Students","url":"https:\/\/fru.ifesworld.org\/en\/","logo":{"@type":"ImageObject","inLanguage":"fr-FR","@id":"https:\/\/fru.ifesworld.org\/en\/#\/schema\/logo\/image\/","url":"https:\/\/fru.ifesworld.org\/wp-content\/uploads\/2019\/06\/ifeslogo.png","contentUrl":"https:\/\/fru.ifesworld.org\/wp-content\/uploads\/2019\/06\/ifeslogo.png","width":262,"height":262,"caption":"IFES \u00b7 International Fellowship of Evangelical Students"},"image":{"@id":"https:\/\/fru.ifesworld.org\/en\/#\/schema\/logo\/image\/"}}]}},"_links":{"self":[{"href":"https:\/\/fru.ifesworld.org\/fr\/wp-json\/wp\/v2\/prayerline\/16837"}],"collection":[{"href":"https:\/\/fru.ifesworld.org\/fr\/wp-json\/wp\/v2\/prayerline"}],"about":[{"href":"https:\/\/fru.ifesworld.org\/fr\/wp-json\/wp\/v2\/types\/prayerline"}],"wp:attachment":[{"href":"https:\/\/fru.ifesworld.org\/fr\/wp-json\/wp\/v2\/media?parent=16837"}],"wp:term":[{"taxonomy":"area","embeddable":true,"href":"https:\/\/fru.ifesworld.org\/fr\/wp-json\/wp\/v2\/area?post=16837"},{"taxonomy":"theme","embeddable":true,"href":"https:\/\/fru.ifesworld.org\/fr\/wp-json\/wp\/v2\/theme?post=16837"}],"curies":[{"name":"wp","href":"https:\/\/api.w.org\/{rel}","templated":true}]}}