{"id":15830,"date":"2021-06-01T10:34:26","date_gmt":"2021-06-01T09:34:26","guid":{"rendered":"https:\/\/fru.ifesworld.org\/?post_type=prayerline&#038;p=15830"},"modified":"2021-06-01T10:34:27","modified_gmt":"2021-06-01T09:34:27","slug":"entre-les-griffes-de-la-covid-19","status":"publish","type":"prayerline","link":"https:\/\/fru.ifesworld.org\/fr\/prayerline\/entre-les-griffes-de-la-covid-19\/","title":{"rendered":"Entre les griffes de la Covid-19\u00a0"},"content":{"rendered":"<div class=\"wp-block block-core-paragraph\">\n<p>Alors que d\u2019autres r\u00e9gions du monde se remettent lentement de la pand\u00e9mie, l\u2019Asie du Sud tombe de plus en plus dans les griffes d\u2019un virus insidieux. La situation est grave. Les professionnels de sant\u00e9 sont sollicit\u00e9s au-del\u00e0 de leurs limites et le mat\u00e9riel m\u00e9dical essentiel est manquant. Les h\u00f4pitaux sont \u00e0 saturation et n\u2019ont pas assez de mat\u00e9riel pour r\u00e9pondre \u00e0 l\u2019immense besoin.&nbsp;Un membre de l\u2019UESI Inde d\u00e9clare :&nbsp;&nbsp;<\/p>\n<\/div>\n\n<div class=\"wp-block block-core-quote is-style-default\">\n<blockquote class=\"wp-block-quote is-style-default is-layout-flow wp-block-quote-is-layout-flow\"><p><em>\u00ab\u202fC\u2019est avec des larmes que j\u2019ai r\u00e9pondu \u00e0 l\u2019appel d\u2019un dipl\u00f4m\u00e9 de l\u2019UESI en poste dans un h\u00f4pital rural du centre de l\u2019Inde, qui m\u2019a dit que son h\u00f4pital de 90 lits n\u2019avait m\u00eame pas un seul ventilateur.\u202f\u00bb<\/em>\u00a0<\/p><\/blockquote>\n<\/div>\n\n<div class=\"wp-block block-core-paragraph\">\n<p>Au 26 mai, plus de 1000 personnes en lien avec le mouvement UESI avaient \u00e9t\u00e9 infect\u00e9es par le virus, dont plusieurs \u00e9taient d\u00e9c\u00e9d\u00e9es.&nbsp;La situation s\u2019aggrave \u00e9galement dans d\u2019autres pays comme le N\u00e9pal, o\u00f9 de nombreuses personnes ne peuvent obtenir de l\u2019aide en raison d\u2019une r\u00e9partition in\u00e9gale des ressources, et o\u00f9 les h\u00f4pitaux facturent les soins de mani\u00e8re excessive.&nbsp;&nbsp;<\/p>\n<\/div>\n\n<div class=\"wp-block block-core-paragraph\">\n<p>Au milieu de cette crise, les mouvements de l\u2019IFES font de leur mieux pour \u00eatre le sel et la lumi\u00e8re, m\u00eame si beaucoup de leurs membres sont malades ou en deuil suite au d\u00e9c\u00e8s d\u2019\u00eatres chers. Partout en Inde, l\u2019UESI a montr\u00e9 un merveilleux t\u00e9moignage de l\u2019\u00e9glise. De nombreux dipl\u00f4m\u00e9s de l\u2019UESI ont ouvert leurs b\u00e2timents, \u00e9tabli des installations m\u00e9dicales de fortune, travaill\u00e9 comme soignants et fourni des provisions.&nbsp;<\/p>\n<\/div>\n\n<div class=\"wp-block block-core-paragraph\">\n<p>Les leaders de l\u2019IFES en Asie du Sud demandent de l\u2019aide. Il existe une course pour obtenir des concentrateurs d\u2019oxyg\u00e8ne dans la r\u00e9gion, et les anciens \u00e9tudiants de l\u2019IFES se mobilisent afin de faciliter l\u2019envoi de ce mat\u00e9riel aux h\u00f4pitaux et aux centres de soins de la COVID-19. La r\u00e9gion invite tous les professionnels de sant\u00e9 \u00e0 venir apporter de l\u2019aide pour faire face \u00e0 la crise. L\u2019IFES Asie du Sud peut faire en sorte que des \u00e9tudiants ou des dipl\u00f4m\u00e9s volontaires puissent servir dans le cadre d\u2019un engagement \u00e0 long ou \u00e0 court terme aux c\u00f4t\u00e9s des dipl\u00f4m\u00e9s locaux dans la r\u00e9gion.&nbsp;&nbsp;<\/p>\n<\/div>\n\n<div class=\"wp-block block-core-paragraph\">\n<p>Ce mouvement vous encourage \u00e9galement \u00e0 vous mettre en contact avec des groupes d\u2019\u00e9tudiants d\u2019Asie du Sud pour prier et se chargera de faciliter ces rencontres en ligne. Un membre du personnel de l\u2019UESI d\u00e9clare :&nbsp;<\/p>\n<\/div>\n\n<div class=\"wp-block block-core-quote is-style-default\">\n<blockquote class=\"wp-block-quote is-style-default is-layout-flow wp-block-quote-is-layout-flow\"><p><em>\u00ab\u202fJe crois vraiment que certaines de ces r\u00e9unions peuvent \u00eatre le point o\u00f9 les \u00e9tudiants d\u00e9couvrent leur appel \u00e0 la mission comme une r\u00e9ponse aux probl\u00e8mes qu\u2019ils voient, entendent et pour lesquels ils prient.\u202f\u00bb<\/em>\u00a0<\/p><\/blockquote>\n<\/div>\n\n<div class=\"wp-block block-core-paragraph\">\n<p>Pour en savoir plus sur la fa\u00e7on dont vous pouvez aider la situation en Asie du Sud, veuillez contacter Reji Daniel \u00e0 reji.betsy@gmail.com.&nbsp;&nbsp;<\/p>\n<\/div>\n\n<div class=\"wp-block block-core-paragraph\">\n<p>Priez avec nous cette semaine pour l\u2019Asie du Sud.&nbsp;<\/p>\n<\/div>\n\n<div class=\"wp-block block-core-list\">\n<ul><li>Priez pour l\u2019obtention plus de fonds pour acheter du mat\u00e9riel m\u00e9dical et priez pour une livraison rapide de ces fournitures car le d\u00e9lai de livraison des concentrateurs d\u2019oxyg\u00e8ne est maintenant de plus de quatre semaines.&nbsp;&nbsp;<\/li><li>Priez pour que Dieu renouvelle les forces des professionnels de sant\u00e9 qui sont en premi\u00e8re ligne, afin qu\u2019ils puissent continuer \u00e0 travailler&nbsp;sans s\u2019\u00e9puiser. Priez pour plusieurs anciens \u00e9tudiants de l\u2019IFES qui sont en mission m\u00e9dicale en Asie du Sud.&nbsp;&nbsp;<\/li><li>&nbsp;Priez pour que les h\u00f4pitaux gagnent miraculeusement plus de place pour soigner les malades gr\u00e2ce \u00e0 de meilleures infrastructures et \u00e0 des professionnels de sant\u00e9 qualifi\u00e9s.&nbsp;<\/li><li>Priez pour les mouvements IFES et les \u00e9glises en Asie du Sud, qui font face \u00e0 de nombreux d\u00e9fis pour prendre soin des malades.&nbsp;<\/li><\/ul>\n<\/div>\n\n<div class=\"wp-block block-core-paragraph\">\n<p>L\u2019IFES est en train d\u2019organiser une journ\u00e9e de pri\u00e8re sp\u00e9ciale le vendredi 16 juillet, au cours de laquelle nous porterons ce probl\u00e8me et d\u2019autres d\u00e9fis mondiaux actuels devant le Seigneur. Plus de d\u00e9tails sur la fa\u00e7on dont vous pouvez participer seront disponibles dans les prochaines Prayerlines.<\/p>\n<\/div>","protected":false},"featured_media":0,"template":"","area":[957,1159],"theme":[],"class_list":["post-15830","prayerline","type-prayerline","status-publish","hentry","area-asie-du-sud","area-inde"],"acf":[],"yoast_head":"<!-- This site is optimized with the Yoast SEO plugin v22.6 - https:\/\/yoast.com\/wordpress\/plugins\/seo\/ -->\n<title>Entre les griffes de la Covid-19\u00a0 &#183; IFES Prayerline<\/title>\n<meta name=\"description\" content=\"Alors que d\u2019autres r\u00e9gions du monde se remettent lentement de la pand\u00e9mie, l\u2019Asie du Sud tombe de plus en plus dans les griffes d\u2019un virus insidieux. La\" \/>\n<meta name=\"robots\" content=\"noindex, follow, max-snippet:-1, max-image-preview:large, max-video-preview:-1\" \/>\n<meta property=\"og:locale\" content=\"fr_FR\" \/>\n<meta property=\"og:type\" content=\"article\" \/>\n<meta property=\"og:title\" content=\"Entre les griffes de la Covid-19\u00a0 &#183; IFES Prayerline\" \/>\n<meta property=\"og:description\" content=\"Alors que d\u2019autres r\u00e9gions du monde se remettent lentement de la pand\u00e9mie, l\u2019Asie du Sud tombe de plus en plus dans les griffes d\u2019un virus insidieux. La\" \/>\n<meta property=\"og:url\" content=\"https:\/\/ifesworld.org\/fr\/prayerline\/entre-les-griffes-de-la-covid-19\/\" \/>\n<meta property=\"og:site_name\" content=\"IFES\" \/>\n<meta property=\"article:modified_time\" content=\"2021-06-01T09:34:27+00:00\" \/>\n<meta property=\"og:image\" content=\"https:\/\/ifesworld.org\/wp-content\/uploads\/2021\/06\/naveed-ahmed-9Dt4WutvwDs-unsplash-scaled.jpg\" \/>\n\t<meta property=\"og:image:width\" content=\"2560\" \/>\n\t<meta property=\"og:image:height\" content=\"1695\" \/>\n\t<meta property=\"og:image:type\" content=\"image\/jpeg\" \/>\n<meta name=\"twitter:card\" content=\"summary_large_image\" \/>\n<meta name=\"twitter:label1\" content=\"Dur\u00e9e de lecture estim\u00e9e\" \/>\n\t<meta name=\"twitter:data1\" content=\"3 minutes\" \/>\n<script type=\"application\/ld+json\" class=\"yoast-schema-graph\">{\"@context\":\"https:\/\/schema.org\",\"@graph\":[{\"@type\":\"WebPage\",\"@id\":\"https:\/\/ifesworld.org\/fr\/prayerline\/entre-les-griffes-de-la-covid-19\/\",\"url\":\"https:\/\/ifesworld.org\/fr\/prayerline\/entre-les-griffes-de-la-covid-19\/\",\"name\":\"Entre les griffes de la Covid-19\u00a0 &#183; IFES Prayerline\",\"isPartOf\":{\"@id\":\"https:\/\/fru.ifesworld.org\/en\/#website\"},\"datePublished\":\"2021-06-01T09:34:26+00:00\",\"dateModified\":\"2021-06-01T09:34:27+00:00\",\"description\":\"Alors que d\u2019autres r\u00e9gions du monde se remettent lentement de la pand\u00e9mie, l\u2019Asie du Sud tombe de plus en plus dans les griffes d\u2019un virus insidieux. La\",\"breadcrumb\":{\"@id\":\"https:\/\/ifesworld.org\/fr\/prayerline\/entre-les-griffes-de-la-covid-19\/#breadcrumb\"},\"inLanguage\":\"fr-FR\",\"potentialAction\":[{\"@type\":\"ReadAction\",\"target\":[\"https:\/\/ifesworld.org\/fr\/prayerline\/entre-les-griffes-de-la-covid-19\/\"]}]},{\"@type\":\"BreadcrumbList\",\"@id\":\"https:\/\/ifesworld.org\/fr\/prayerline\/entre-les-griffes-de-la-covid-19\/#breadcrumb\",\"itemListElement\":[{\"@type\":\"ListItem\",\"position\":1,\"name\":\"Home\",\"item\":\"https:\/\/fru.ifesworld.org\/fr\/\"},{\"@type\":\"ListItem\",\"position\":2,\"name\":\"Prayerline\",\"item\":\"https:\/\/ifesworld.org\/en\/prayerline\/\"},{\"@type\":\"ListItem\",\"position\":3,\"name\":\"Entre les griffes de la Covid-19\u00a0\"}]},{\"@type\":\"WebSite\",\"@id\":\"https:\/\/fru.ifesworld.org\/en\/#website\",\"url\":\"https:\/\/fru.ifesworld.org\/en\/\",\"name\":\"IFES\",\"description\":\"A movement of students sharing and living out the good news of Jesus Christ. Locally. Nationally. Globally.\",\"publisher\":{\"@id\":\"https:\/\/fru.ifesworld.org\/en\/#organization\"},\"potentialAction\":[{\"@type\":\"SearchAction\",\"target\":{\"@type\":\"EntryPoint\",\"urlTemplate\":\"https:\/\/fru.ifesworld.org\/en\/?s={search_term_string}\"},\"query-input\":\"required name=search_term_string\"}],\"inLanguage\":\"fr-FR\"},{\"@type\":\"Organization\",\"@id\":\"https:\/\/fru.ifesworld.org\/en\/#organization\",\"name\":\"IFES \u00b7 International Fellowship of Evangelical Students\",\"url\":\"https:\/\/fru.ifesworld.org\/en\/\",\"logo\":{\"@type\":\"ImageObject\",\"inLanguage\":\"fr-FR\",\"@id\":\"https:\/\/fru.ifesworld.org\/en\/#\/schema\/logo\/image\/\",\"url\":\"https:\/\/fru.ifesworld.org\/wp-content\/uploads\/2019\/06\/ifeslogo.png\",\"contentUrl\":\"https:\/\/fru.ifesworld.org\/wp-content\/uploads\/2019\/06\/ifeslogo.png\",\"width\":262,\"height\":262,\"caption\":\"IFES \u00b7 International Fellowship of Evangelical Students\"},\"image\":{\"@id\":\"https:\/\/fru.ifesworld.org\/en\/#\/schema\/logo\/image\/\"}}]}<\/script>\n<!-- \/ Yoast SEO plugin. -->","yoast_head_json":{"title":"Entre les griffes de la Covid-19\u00a0 &#183; IFES Prayerline","description":"Alors que d\u2019autres r\u00e9gions du monde se remettent lentement de la pand\u00e9mie, l\u2019Asie du Sud tombe de plus en plus dans les griffes d\u2019un virus insidieux. La","robots":{"index":"noindex","follow":"follow","max-snippet":"max-snippet:-1","max-image-preview":"max-image-preview:large","max-video-preview":"max-video-preview:-1"},"og_locale":"fr_FR","og_type":"article","og_title":"Entre les griffes de la Covid-19\u00a0 &#183; IFES Prayerline","og_description":"Alors que d\u2019autres r\u00e9gions du monde se remettent lentement de la pand\u00e9mie, l\u2019Asie du Sud tombe de plus en plus dans les griffes d\u2019un virus insidieux. La","og_url":"https:\/\/ifesworld.org\/fr\/prayerline\/entre-les-griffes-de-la-covid-19\/","og_site_name":"IFES","article_modified_time":"2021-06-01T09:34:27+00:00","og_image":[{"width":2560,"height":1695,"url":"https:\/\/ifesworld.org\/wp-content\/uploads\/2021\/06\/naveed-ahmed-9Dt4WutvwDs-unsplash-scaled.jpg","type":"image\/jpeg"}],"twitter_card":"summary_large_image","twitter_misc":{"Dur\u00e9e de lecture estim\u00e9e":"3 minutes"},"schema":{"@context":"https:\/\/schema.org","@graph":[{"@type":"WebPage","@id":"https:\/\/ifesworld.org\/fr\/prayerline\/entre-les-griffes-de-la-covid-19\/","url":"https:\/\/ifesworld.org\/fr\/prayerline\/entre-les-griffes-de-la-covid-19\/","name":"Entre les griffes de la Covid-19\u00a0 &#183; IFES Prayerline","isPartOf":{"@id":"https:\/\/fru.ifesworld.org\/en\/#website"},"datePublished":"2021-06-01T09:34:26+00:00","dateModified":"2021-06-01T09:34:27+00:00","description":"Alors que d\u2019autres r\u00e9gions du monde se remettent lentement de la pand\u00e9mie, l\u2019Asie du Sud tombe de plus en plus dans les griffes d\u2019un virus insidieux. La","breadcrumb":{"@id":"https:\/\/ifesworld.org\/fr\/prayerline\/entre-les-griffes-de-la-covid-19\/#breadcrumb"},"inLanguage":"fr-FR","potentialAction":[{"@type":"ReadAction","target":["https:\/\/ifesworld.org\/fr\/prayerline\/entre-les-griffes-de-la-covid-19\/"]}]},{"@type":"BreadcrumbList","@id":"https:\/\/ifesworld.org\/fr\/prayerline\/entre-les-griffes-de-la-covid-19\/#breadcrumb","itemListElement":[{"@type":"ListItem","position":1,"name":"Home","item":"https:\/\/fru.ifesworld.org\/fr\/"},{"@type":"ListItem","position":2,"name":"Prayerline","item":"https:\/\/ifesworld.org\/en\/prayerline\/"},{"@type":"ListItem","position":3,"name":"Entre les griffes de la Covid-19\u00a0"}]},{"@type":"WebSite","@id":"https:\/\/fru.ifesworld.org\/en\/#website","url":"https:\/\/fru.ifesworld.org\/en\/","name":"IFES","description":"A movement of students sharing and living out the good news of Jesus Christ. Locally. Nationally. Globally.","publisher":{"@id":"https:\/\/fru.ifesworld.org\/en\/#organization"},"potentialAction":[{"@type":"SearchAction","target":{"@type":"EntryPoint","urlTemplate":"https:\/\/fru.ifesworld.org\/en\/?s={search_term_string}"},"query-input":"required name=search_term_string"}],"inLanguage":"fr-FR"},{"@type":"Organization","@id":"https:\/\/fru.ifesworld.org\/en\/#organization","name":"IFES \u00b7 International Fellowship of Evangelical Students","url":"https:\/\/fru.ifesworld.org\/en\/","logo":{"@type":"ImageObject","inLanguage":"fr-FR","@id":"https:\/\/fru.ifesworld.org\/en\/#\/schema\/logo\/image\/","url":"https:\/\/fru.ifesworld.org\/wp-content\/uploads\/2019\/06\/ifeslogo.png","contentUrl":"https:\/\/fru.ifesworld.org\/wp-content\/uploads\/2019\/06\/ifeslogo.png","width":262,"height":262,"caption":"IFES \u00b7 International Fellowship of Evangelical Students"},"image":{"@id":"https:\/\/fru.ifesworld.org\/en\/#\/schema\/logo\/image\/"}}]}},"_links":{"self":[{"href":"https:\/\/fru.ifesworld.org\/fr\/wp-json\/wp\/v2\/prayerline\/15830"}],"collection":[{"href":"https:\/\/fru.ifesworld.org\/fr\/wp-json\/wp\/v2\/prayerline"}],"about":[{"href":"https:\/\/fru.ifesworld.org\/fr\/wp-json\/wp\/v2\/types\/prayerline"}],"wp:attachment":[{"href":"https:\/\/fru.ifesworld.org\/fr\/wp-json\/wp\/v2\/media?parent=15830"}],"wp:term":[{"taxonomy":"area","embeddable":true,"href":"https:\/\/fru.ifesworld.org\/fr\/wp-json\/wp\/v2\/area?post=15830"},{"taxonomy":"theme","embeddable":true,"href":"https:\/\/fru.ifesworld.org\/fr\/wp-json\/wp\/v2\/theme?post=15830"}],"curies":[{"name":"wp","href":"https:\/\/api.w.org\/{rel}","templated":true}]}}