{"id":14561,"date":"2021-01-05T05:30:00","date_gmt":"2021-01-05T05:30:00","guid":{"rendered":"https:\/\/fru.ifesworld.org\/?post_type=prayerline&#038;p=14561"},"modified":"2021-01-05T15:17:46","modified_gmt":"2021-01-05T15:17:46","slug":"chantez-a-leternel-un-cantique-nouveau","status":"publish","type":"prayerline","link":"https:\/\/fru.ifesworld.org\/fr\/prayerline\/chantez-a-leternel-un-cantique-nouveau\/","title":{"rendered":"Chantez \u00e0 l\u2019\u00c9ternel un cantique nouveau"},"content":{"rendered":"<div class=\"wp-block block-core-paragraph\">\n<p>Chers amis,&nbsp;&nbsp;<\/p>\n<\/div>\n\n<div class=\"wp-block block-core-paragraph\">\n<p>Les rares fois o\u00f9 je suis all\u00e9 dans un stade voir mon \u00e9quipe de football, j&rsquo;ai \u00e9t\u00e9 frapp\u00e9 par le fort sentiment d&rsquo;espoir et de communaut\u00e9 qui r\u00e8gne dans la foule des supporters. Au d\u00e9but du match, nous chantons et nous exprimons notre soutien avec beaucoup d&rsquo;enthousiasme. Mais lorsque l&rsquo;\u00e9quipe adverse marque un but, il y a de la d\u00e9ception et de la tristesse. Les supporters des adversaires finissent par pointer du doigt et se moquer : \u00ab\u202fVous ne chantez plus !\u202f\u00bb&nbsp;<\/p>\n<\/div>\n\n<div class=\"wp-block block-core-paragraph\">\n<p>L\u2019ann\u00e9e 2020 ressemblait un peu \u00e0 \u00e7a. Les projets et les opportunit\u00e9s se sont effondr\u00e9s autour de nous : les campus universitaires ont ferm\u00e9, les \u00e9tudiants n&rsquo;ont pas \u00e9t\u00e9 autoris\u00e9s \u00e0 se rencontrer, les portes des \u00e9glises ont \u00e9t\u00e9 closes et les voyages interrompus. Ici, au Royaume-Uni, le gouvernement a m\u00eame appliqu\u00e9 des restrictions sur la possibilit\u00e9 de chanter ensemble, m\u00eame lorsque les \u00e9glises ont pu se r\u00e9unir en pr\u00e9sentiel.&nbsp;&nbsp;<\/p>\n<\/div>\n\n<div class=\"wp-block block-core-paragraph\">\n<p>En effet, comme lors de ces matchs de football, beaucoup d&rsquo;entre nous ont perdu l&rsquo;envie de chanter. Notre joie s\u2019est retrouv\u00e9e noy\u00e9e sous des couches de frustration, d&rsquo;activit\u00e9s bouscul\u00e9es, de solitude ou de stress. Dans le cadre de l&rsquo;IFES, on aurait pu croire que le minist\u00e8re \u00e9tudiant serait compl\u00e8tement paralys\u00e9.&nbsp;&nbsp;<\/p>\n<\/div>\n\n<div class=\"wp-block block-core-paragraph\">\n<p>Mais les \u00e9tudiants ont \u00e9t\u00e9 les premiers \u00e0 s&rsquo;adapter. En tant que personnes n\u00e9es \u00e0 l\u2019\u00e8re digitale, les \u00e9tudiants sont devenus nos professeurs alors que nous nous adaptions aux nouveaux moyens de communication et d\u2019\u00e9change. Les \u00e9tudes bibliques et les groupes de pri\u00e8re ont migr\u00e9 en ligne, et m\u00eame les conf\u00e9rences nationales et les sessions de formation ont \u00e9t\u00e9 recon\u00e7ues pour devenir des \u00e9v\u00e9nements virtuels. Les \u00e9tudiants et les \u00e9quipiers ont avanc\u00e9 ensemble malgr\u00e9 leurs fragilit\u00e9s, invitant les autres \u00e0 s&rsquo;approcher du tr\u00f4ne de gr\u00e2ce de Dieu avec confiance. Et dans sa gr\u00e2ce, Dieu a entendu nos cris et nous a aid\u00e9 \u00e0 passer de la confusion vers une nouvelle direction. Notre mission continue.&nbsp;<\/p>\n<\/div>\n\n<div class=\"wp-block block-core-paragraph\">\n<p>En plein milieu de nos Bibles, dans un livre de chants, nous trouvons cet encouragement \u00e0 \u00ab\u202fchanter \u00e0 l&rsquo;\u00c9ternel un cantique nouveau\u202f\u00bb (Psaume 96:1). En effet, nous voyons souvent dans les Psaumes et dans toute l&rsquo;\u00c9criture comment les chants peuvent nous aider \u00e0 nous r\u00e9orienter, en nous rappelant \u00e0 nouveau l&rsquo;amour de Dieu et l&rsquo;appel que nous avons re\u00e7u de lui.&nbsp;<\/p>\n<\/div>\n\n<div class=\"wp-block block-core-paragraph\">\n<p>Au d\u00e9but de cette nouvelle ann\u00e9e, il nous est rappel\u00e9 que nous avons un Dieu qui fait toutes choses nouvelles (Apocalypse 21:5). All\u00e9luia ! Merci de prier avec moi pour que quoi qu&rsquo;il arrive en 2021, les \u00e9tudiants chr\u00e9tiens, les \u00e9quipiers et le personnel de l&rsquo;IFES chantent un nouveau chant \u00e0 l\u2019\u00c9TERNEL cette ann\u00e9e.&nbsp;<\/p>\n<\/div>\n\n<div class=\"wp-block block-core-list\">\n<ul><li>Priez pour les mouvements nationaux du monde entier qui s&rsquo;efforcent de rester en contact avec leurs \u00e9tudiants malgr\u00e9 les limitations en cours qui perturbent les approches normales du minist\u00e8re.&nbsp;&nbsp;<\/li><li>Priez pour la communaut\u00e9 IFES alors que nous commen\u00e7ons un nouveau chapitre : un nouveau leadership et la n\u00e9cessit\u00e9 de d\u00e9finir notre prochaine saison de minist\u00e8re, car la p\u00e9riode de notre vision des \u00ab\u202fPierres vivantes\u202f\u00bb est termin\u00e9e. Priez pour que nous soyons capables de discerner la voix de Dieu, en tirant des le\u00e7ons des exp\u00e9riences de 2020 qui peuvent fa\u00e7onner et am\u00e9liorer la mani\u00e8re dont nous exer\u00e7ons notre minist\u00e8re \u00e0 l&rsquo;avenir.&nbsp;<\/li><li>Priez pour que nous ne cessions jamais d&rsquo;\u00eatre \u00e9merveill\u00e9s par la bont\u00e9 de notre Dieu et son amour infini. Puissions-nous continuer \u00e0 chanter ses louanges jusqu&rsquo;au bout du monde.&nbsp;&nbsp;<\/li><\/ul>\n<\/div>\n\n<div class=\"wp-block block-core-paragraph\">\n<p>Votre fr\u00e8re en Christ,&nbsp;<\/p>\n<\/div>\n\n<div class=\"wp-block block-core-paragraph\">\n<p>Tim\u00a0Adams<\/p>\n<\/div>","protected":false},"featured_media":0,"template":"","area":[],"theme":[],"class_list":["post-14561","prayerline","type-prayerline","status-publish","hentry"],"acf":[],"yoast_head":"<!-- This site is optimized with the Yoast SEO plugin v22.6 - https:\/\/yoast.com\/wordpress\/plugins\/seo\/ -->\n<title>Chantez \u00e0 l\u2019\u00c9ternel un cantique nouveau &#183; IFES Prayerline<\/title>\n<meta name=\"description\" content=\"Chers amis,&nbsp;&nbsp; Les rares fois o\u00f9 je suis all\u00e9 dans un stade voir mon \u00e9quipe de football, j&#039;ai \u00e9t\u00e9 frapp\u00e9 par le fort sentiment d&#039;espoir et de\" \/>\n<meta name=\"robots\" content=\"noindex, follow, max-snippet:-1, max-image-preview:large, max-video-preview:-1\" \/>\n<meta property=\"og:locale\" content=\"fr_FR\" \/>\n<meta property=\"og:type\" content=\"article\" \/>\n<meta property=\"og:title\" content=\"Chantez \u00e0 l\u2019\u00c9ternel un cantique nouveau &#183; IFES Prayerline\" \/>\n<meta property=\"og:description\" content=\"Chers amis,&nbsp;&nbsp; Les rares fois o\u00f9 je suis all\u00e9 dans un stade voir mon \u00e9quipe de football, j&#039;ai \u00e9t\u00e9 frapp\u00e9 par le fort sentiment d&#039;espoir et de\" \/>\n<meta property=\"og:url\" content=\"https:\/\/ifesworld.org\/fr\/prayerline\/chantez-a-leternel-un-cantique-nouveau\/\" \/>\n<meta property=\"og:site_name\" content=\"IFES\" \/>\n<meta property=\"article:modified_time\" content=\"2021-01-05T15:17:46+00:00\" \/>\n<meta property=\"og:image\" content=\"https:\/\/ifesworld.org\/wp-content\/uploads\/2020\/12\/WhatsApp-Image-2021-01-04-at-17.03.06-e1609837873678.jpeg\" \/>\n\t<meta property=\"og:image:width\" content=\"1472\" \/>\n\t<meta property=\"og:image:height\" content=\"765\" \/>\n\t<meta property=\"og:image:type\" content=\"image\/jpeg\" \/>\n<meta name=\"twitter:card\" content=\"summary_large_image\" \/>\n<meta name=\"twitter:label1\" content=\"Dur\u00e9e de lecture estim\u00e9e\" \/>\n\t<meta name=\"twitter:data1\" content=\"3 minutes\" \/>\n<script type=\"application\/ld+json\" class=\"yoast-schema-graph\">{\"@context\":\"https:\/\/schema.org\",\"@graph\":[{\"@type\":\"WebPage\",\"@id\":\"https:\/\/ifesworld.org\/fr\/prayerline\/chantez-a-leternel-un-cantique-nouveau\/\",\"url\":\"https:\/\/ifesworld.org\/fr\/prayerline\/chantez-a-leternel-un-cantique-nouveau\/\",\"name\":\"Chantez \u00e0 l\u2019\u00c9ternel un cantique nouveau &#183; IFES Prayerline\",\"isPartOf\":{\"@id\":\"https:\/\/fru.ifesworld.org\/en\/#website\"},\"datePublished\":\"2021-01-05T05:30:00+00:00\",\"dateModified\":\"2021-01-05T15:17:46+00:00\",\"description\":\"Chers amis,&nbsp;&nbsp; Les rares fois o\u00f9 je suis all\u00e9 dans un stade voir mon \u00e9quipe de football, j'ai \u00e9t\u00e9 frapp\u00e9 par le fort sentiment d'espoir et de\",\"breadcrumb\":{\"@id\":\"https:\/\/ifesworld.org\/fr\/prayerline\/chantez-a-leternel-un-cantique-nouveau\/#breadcrumb\"},\"inLanguage\":\"fr-FR\",\"potentialAction\":[{\"@type\":\"ReadAction\",\"target\":[\"https:\/\/ifesworld.org\/fr\/prayerline\/chantez-a-leternel-un-cantique-nouveau\/\"]}]},{\"@type\":\"BreadcrumbList\",\"@id\":\"https:\/\/ifesworld.org\/fr\/prayerline\/chantez-a-leternel-un-cantique-nouveau\/#breadcrumb\",\"itemListElement\":[{\"@type\":\"ListItem\",\"position\":1,\"name\":\"Home\",\"item\":\"https:\/\/fru.ifesworld.org\/fr\/\"},{\"@type\":\"ListItem\",\"position\":2,\"name\":\"Prayerline\",\"item\":\"https:\/\/ifesworld.org\/en\/prayerline\/\"},{\"@type\":\"ListItem\",\"position\":3,\"name\":\"Chantez \u00e0 l\u2019\u00c9ternel un cantique nouveau\"}]},{\"@type\":\"WebSite\",\"@id\":\"https:\/\/fru.ifesworld.org\/en\/#website\",\"url\":\"https:\/\/fru.ifesworld.org\/en\/\",\"name\":\"IFES\",\"description\":\"A movement of students sharing and living out the good news of Jesus Christ. Locally. Nationally. Globally.\",\"publisher\":{\"@id\":\"https:\/\/fru.ifesworld.org\/en\/#organization\"},\"potentialAction\":[{\"@type\":\"SearchAction\",\"target\":{\"@type\":\"EntryPoint\",\"urlTemplate\":\"https:\/\/fru.ifesworld.org\/en\/?s={search_term_string}\"},\"query-input\":\"required name=search_term_string\"}],\"inLanguage\":\"fr-FR\"},{\"@type\":\"Organization\",\"@id\":\"https:\/\/fru.ifesworld.org\/en\/#organization\",\"name\":\"IFES \u00b7 International Fellowship of Evangelical Students\",\"url\":\"https:\/\/fru.ifesworld.org\/en\/\",\"logo\":{\"@type\":\"ImageObject\",\"inLanguage\":\"fr-FR\",\"@id\":\"https:\/\/fru.ifesworld.org\/en\/#\/schema\/logo\/image\/\",\"url\":\"https:\/\/fru.ifesworld.org\/wp-content\/uploads\/2019\/06\/ifeslogo.png\",\"contentUrl\":\"https:\/\/fru.ifesworld.org\/wp-content\/uploads\/2019\/06\/ifeslogo.png\",\"width\":262,\"height\":262,\"caption\":\"IFES \u00b7 International Fellowship of Evangelical Students\"},\"image\":{\"@id\":\"https:\/\/fru.ifesworld.org\/en\/#\/schema\/logo\/image\/\"}}]}<\/script>\n<!-- \/ Yoast SEO plugin. -->","yoast_head_json":{"title":"Chantez \u00e0 l\u2019\u00c9ternel un cantique nouveau &#183; IFES Prayerline","description":"Chers amis,&nbsp;&nbsp; Les rares fois o\u00f9 je suis all\u00e9 dans un stade voir mon \u00e9quipe de football, j'ai \u00e9t\u00e9 frapp\u00e9 par le fort sentiment d'espoir et de","robots":{"index":"noindex","follow":"follow","max-snippet":"max-snippet:-1","max-image-preview":"max-image-preview:large","max-video-preview":"max-video-preview:-1"},"og_locale":"fr_FR","og_type":"article","og_title":"Chantez \u00e0 l\u2019\u00c9ternel un cantique nouveau &#183; IFES Prayerline","og_description":"Chers amis,&nbsp;&nbsp; Les rares fois o\u00f9 je suis all\u00e9 dans un stade voir mon \u00e9quipe de football, j'ai \u00e9t\u00e9 frapp\u00e9 par le fort sentiment d'espoir et de","og_url":"https:\/\/ifesworld.org\/fr\/prayerline\/chantez-a-leternel-un-cantique-nouveau\/","og_site_name":"IFES","article_modified_time":"2021-01-05T15:17:46+00:00","og_image":[{"width":1472,"height":765,"url":"https:\/\/ifesworld.org\/wp-content\/uploads\/2020\/12\/WhatsApp-Image-2021-01-04-at-17.03.06-e1609837873678.jpeg","type":"image\/jpeg"}],"twitter_card":"summary_large_image","twitter_misc":{"Dur\u00e9e de lecture estim\u00e9e":"3 minutes"},"schema":{"@context":"https:\/\/schema.org","@graph":[{"@type":"WebPage","@id":"https:\/\/ifesworld.org\/fr\/prayerline\/chantez-a-leternel-un-cantique-nouveau\/","url":"https:\/\/ifesworld.org\/fr\/prayerline\/chantez-a-leternel-un-cantique-nouveau\/","name":"Chantez \u00e0 l\u2019\u00c9ternel un cantique nouveau &#183; IFES Prayerline","isPartOf":{"@id":"https:\/\/fru.ifesworld.org\/en\/#website"},"datePublished":"2021-01-05T05:30:00+00:00","dateModified":"2021-01-05T15:17:46+00:00","description":"Chers amis,&nbsp;&nbsp; Les rares fois o\u00f9 je suis all\u00e9 dans un stade voir mon \u00e9quipe de football, j'ai \u00e9t\u00e9 frapp\u00e9 par le fort sentiment d'espoir et de","breadcrumb":{"@id":"https:\/\/ifesworld.org\/fr\/prayerline\/chantez-a-leternel-un-cantique-nouveau\/#breadcrumb"},"inLanguage":"fr-FR","potentialAction":[{"@type":"ReadAction","target":["https:\/\/ifesworld.org\/fr\/prayerline\/chantez-a-leternel-un-cantique-nouveau\/"]}]},{"@type":"BreadcrumbList","@id":"https:\/\/ifesworld.org\/fr\/prayerline\/chantez-a-leternel-un-cantique-nouveau\/#breadcrumb","itemListElement":[{"@type":"ListItem","position":1,"name":"Home","item":"https:\/\/fru.ifesworld.org\/fr\/"},{"@type":"ListItem","position":2,"name":"Prayerline","item":"https:\/\/ifesworld.org\/en\/prayerline\/"},{"@type":"ListItem","position":3,"name":"Chantez \u00e0 l\u2019\u00c9ternel un cantique nouveau"}]},{"@type":"WebSite","@id":"https:\/\/fru.ifesworld.org\/en\/#website","url":"https:\/\/fru.ifesworld.org\/en\/","name":"IFES","description":"A movement of students sharing and living out the good news of Jesus Christ. Locally. Nationally. Globally.","publisher":{"@id":"https:\/\/fru.ifesworld.org\/en\/#organization"},"potentialAction":[{"@type":"SearchAction","target":{"@type":"EntryPoint","urlTemplate":"https:\/\/fru.ifesworld.org\/en\/?s={search_term_string}"},"query-input":"required name=search_term_string"}],"inLanguage":"fr-FR"},{"@type":"Organization","@id":"https:\/\/fru.ifesworld.org\/en\/#organization","name":"IFES \u00b7 International Fellowship of Evangelical Students","url":"https:\/\/fru.ifesworld.org\/en\/","logo":{"@type":"ImageObject","inLanguage":"fr-FR","@id":"https:\/\/fru.ifesworld.org\/en\/#\/schema\/logo\/image\/","url":"https:\/\/fru.ifesworld.org\/wp-content\/uploads\/2019\/06\/ifeslogo.png","contentUrl":"https:\/\/fru.ifesworld.org\/wp-content\/uploads\/2019\/06\/ifeslogo.png","width":262,"height":262,"caption":"IFES \u00b7 International Fellowship of Evangelical Students"},"image":{"@id":"https:\/\/fru.ifesworld.org\/en\/#\/schema\/logo\/image\/"}}]}},"_links":{"self":[{"href":"https:\/\/fru.ifesworld.org\/fr\/wp-json\/wp\/v2\/prayerline\/14561"}],"collection":[{"href":"https:\/\/fru.ifesworld.org\/fr\/wp-json\/wp\/v2\/prayerline"}],"about":[{"href":"https:\/\/fru.ifesworld.org\/fr\/wp-json\/wp\/v2\/types\/prayerline"}],"wp:attachment":[{"href":"https:\/\/fru.ifesworld.org\/fr\/wp-json\/wp\/v2\/media?parent=14561"}],"wp:term":[{"taxonomy":"area","embeddable":true,"href":"https:\/\/fru.ifesworld.org\/fr\/wp-json\/wp\/v2\/area?post=14561"},{"taxonomy":"theme","embeddable":true,"href":"https:\/\/fru.ifesworld.org\/fr\/wp-json\/wp\/v2\/theme?post=14561"}],"curies":[{"name":"wp","href":"https:\/\/api.w.org\/{rel}","templated":true}]}}