{"id":13645,"date":"2020-10-13T09:19:28","date_gmt":"2020-10-13T08:19:28","guid":{"rendered":"https:\/\/fru.ifesworld.org\/?post_type=prayerline&#038;p=13645"},"modified":"2020-10-13T15:06:16","modified_gmt":"2020-10-13T14:06:16","slug":"connectes-par-la-priere","status":"publish","type":"prayerline","link":"https:\/\/fru.ifesworld.org\/fr\/prayerline\/connectes-par-la-priere\/","title":{"rendered":"Connect\u00e9s par la pri\u00e8re"},"content":{"rendered":"<div class=\"wp-block block-core-paragraph\">\n<p><a href=\"https:\/\/fru.ifesworld.org\/fr\/jme\/\" target=\"_blank\" rel=\"noreferrer noopener\" aria-label=\"La Journ\u00e9e mondiale de l\u2019\u00e9tudiant (opens in a new tab)\">La Journ\u00e9e mondiale de l\u2019\u00e9tudiant<\/a> a lieu cette semaine ! Ce jour-l\u00e0, des milliers d&rsquo;\u00e9tudiants du monde entier se r\u00e9uniront pour prier pour l&rsquo;universit\u00e9 et nous vous invitons \u00e0 nous rejoindre.<\/p>\n<\/div>\n\n<div class=\"wp-block block-core-paragraph\">\n<p>Pour aider les mouvements \u00e0 prier pour leurs fr\u00e8res et s\u0153urs internationaux de mani\u00e8re personnelle, nous avons recueilli des sujets de pri\u00e8re de plusieurs groupes d\u2019\u00e9tudiants. Ci-dessous, nous partageons deux de ces sujets pour vous aider \u00e0 commencer \u00e0 prier.<\/p>\n<\/div>\n\n<div class=\"wp-block block-core-heading\">\n<h3 class=\"wp-block-heading\">BCSU Varna, Bulgarie<\/h3>\n<\/div>\n\n<div class=\"wp-block block-core-paragraph\">\n<p>Le christianisme est en comp\u00e9tition avec beaucoup d\u2019autres id\u00e9es, styles de vie et distractions, m\u00eame pour les \u00e9tudiants qui croient en Dieu. Le d\u00e9fi pour les chr\u00e9tiens est de voir la mission de Dieu comme une vraie priorit\u00e9 et ainsi vouloir y participer de mani\u00e8re intentionnelle.<\/p>\n<\/div>\n\n<div class=\"wp-block block-core-paragraph\">\n<p>Priez que de nouveaux \u00e9tudiants chr\u00e9tiens rejoignent notre petit groupe et acceptent l\u2019appel de Dieu \u00e0 \u00eatre et \u00e0 faire des disciples. Priez pour que les \u00e9tudiants mettent Dieu et Sa mission \u00e0 la premi\u00e8re place.<\/p>\n<\/div>\n\n<div class=\"wp-block block-core-heading\">\n<h3 class=\"wp-block-heading\">Lorena, Argentine<\/h3>\n<\/div>\n\n<div class=\"wp-block block-core-paragraph\">\n<p>Priez que Dieu envoie des mentors et des conseillers pour nos \u00e9tudiants \u00e0 l\u2019\u00e9cole secondaire.<\/p>\n<\/div>\n\n<div class=\"wp-block block-core-paragraph\">\n<p>Merci de prier pour que ceux qui finissent le lyc\u00e9e en isolation puissent profiter de cette \u00e9tape diff\u00e9remment et planifier leur avenir en pla\u00e7ant leur foi en J\u00e9sus. Priez pour ceux qui n\u2019ont pas pu commencer leurs \u00e9tudes universitaires, ou pour ceux qui ont d\u00fb les interrompre \u00e0 cause de la pand\u00e9mie ou du travail. Priez pour ceux qui ne peuvent pas assister \u00e0 nos \u00e9tudes sur l\u2019\u00e9vangile de Jean. Priez qu&rsquo;ils soient encourag\u00e9s et d\u00e9sirent lire la Parole de Dieu.<\/p>\n<\/div>\n\n<div class=\"wp-block block-core-paragraph\">\n<p>Vous voulez d\u00e9couvrir plus de sujets de pri\u00e8re pour vous aider \u00e0 prier ce jour-l\u00e0 ? <a href=\"https:\/\/fru.ifesworld.org\/fr\/jme\/\">Suivez ce lien<\/a> ajoutez-vous \u00e0 la carte de pri\u00e8re et trouvez <a href=\"https:\/\/fru.ifesworld.org\/fr\/jme-ressources#priez\">les sujets de pri\u00e8re<\/a> des \u00e9tudiants du monde entier. Alors que la journ\u00e9e s\u2019approche \u00e0 grands pas, n&rsquo;oubliez pas de prier pour que Dieu agisse de mani\u00e8re puissante alors que son \u00e9glise universelle se rassemble autour de son tr\u00f4ne.<\/p>\n<\/div>","protected":false},"featured_media":0,"template":"","area":[],"theme":[],"class_list":["post-13645","prayerline","type-prayerline","status-publish","hentry"],"acf":[],"yoast_head":"<!-- This site is optimized with the Yoast SEO plugin v22.6 - https:\/\/yoast.com\/wordpress\/plugins\/seo\/ -->\n<title>Connect\u00e9s par la pri\u00e8re &#183; IFES Prayerline<\/title>\n<meta name=\"description\" content=\"La Journ\u00e9e mondiale de l\u2019\u00e9tudiant a lieu cette semaine ! Ce jour-l\u00e0, des milliers d&#039;\u00e9tudiants du monde entier se r\u00e9uniront pour prier pour l&#039;universit\u00e9 et\" \/>\n<meta name=\"robots\" content=\"noindex, follow, max-snippet:-1, max-image-preview:large, max-video-preview:-1\" \/>\n<meta property=\"og:locale\" content=\"fr_FR\" \/>\n<meta property=\"og:type\" content=\"article\" \/>\n<meta property=\"og:title\" content=\"Connect\u00e9s par la pri\u00e8re &#183; IFES Prayerline\" \/>\n<meta property=\"og:description\" content=\"La Journ\u00e9e mondiale de l\u2019\u00e9tudiant a lieu cette semaine ! Ce jour-l\u00e0, des milliers d&#039;\u00e9tudiants du monde entier se r\u00e9uniront pour prier pour l&#039;universit\u00e9 et\" \/>\n<meta property=\"og:url\" content=\"https:\/\/ifesworld.org\/fr\/prayerline\/connectes-par-la-priere\/\" \/>\n<meta property=\"og:site_name\" content=\"IFES\" \/>\n<meta property=\"article:modified_time\" content=\"2020-10-13T14:06:16+00:00\" \/>\n<meta property=\"og:image\" content=\"https:\/\/ifesworld.org\/wp-content\/uploads\/2020\/10\/priscilla-du-preez-qwPACFMqhPg-unsplash-scaled.jpg\" \/>\n\t<meta property=\"og:image:width\" content=\"2560\" \/>\n\t<meta property=\"og:image:height\" content=\"1707\" \/>\n\t<meta property=\"og:image:type\" content=\"image\/jpeg\" \/>\n<meta name=\"twitter:card\" content=\"summary_large_image\" \/>\n<meta name=\"twitter:label1\" content=\"Dur\u00e9e de lecture estim\u00e9e\" \/>\n\t<meta name=\"twitter:data1\" content=\"2 minutes\" \/>\n<script type=\"application\/ld+json\" class=\"yoast-schema-graph\">{\"@context\":\"https:\/\/schema.org\",\"@graph\":[{\"@type\":\"WebPage\",\"@id\":\"https:\/\/ifesworld.org\/fr\/prayerline\/connectes-par-la-priere\/\",\"url\":\"https:\/\/ifesworld.org\/fr\/prayerline\/connectes-par-la-priere\/\",\"name\":\"Connect\u00e9s par la pri\u00e8re &#183; IFES Prayerline\",\"isPartOf\":{\"@id\":\"https:\/\/fru.ifesworld.org\/en\/#website\"},\"datePublished\":\"2020-10-13T08:19:28+00:00\",\"dateModified\":\"2020-10-13T14:06:16+00:00\",\"description\":\"La Journ\u00e9e mondiale de l\u2019\u00e9tudiant a lieu cette semaine ! Ce jour-l\u00e0, des milliers d'\u00e9tudiants du monde entier se r\u00e9uniront pour prier pour l'universit\u00e9 et\",\"breadcrumb\":{\"@id\":\"https:\/\/ifesworld.org\/fr\/prayerline\/connectes-par-la-priere\/#breadcrumb\"},\"inLanguage\":\"fr-FR\",\"potentialAction\":[{\"@type\":\"ReadAction\",\"target\":[\"https:\/\/ifesworld.org\/fr\/prayerline\/connectes-par-la-priere\/\"]}]},{\"@type\":\"BreadcrumbList\",\"@id\":\"https:\/\/ifesworld.org\/fr\/prayerline\/connectes-par-la-priere\/#breadcrumb\",\"itemListElement\":[{\"@type\":\"ListItem\",\"position\":1,\"name\":\"Home\",\"item\":\"https:\/\/fru.ifesworld.org\/fr\/\"},{\"@type\":\"ListItem\",\"position\":2,\"name\":\"Prayerline\",\"item\":\"https:\/\/ifesworld.org\/en\/prayerline\/\"},{\"@type\":\"ListItem\",\"position\":3,\"name\":\"Connect\u00e9s par la pri\u00e8re\"}]},{\"@type\":\"WebSite\",\"@id\":\"https:\/\/fru.ifesworld.org\/en\/#website\",\"url\":\"https:\/\/fru.ifesworld.org\/en\/\",\"name\":\"IFES\",\"description\":\"A movement of students sharing and living out the good news of Jesus Christ. Locally. Nationally. Globally.\",\"publisher\":{\"@id\":\"https:\/\/fru.ifesworld.org\/en\/#organization\"},\"potentialAction\":[{\"@type\":\"SearchAction\",\"target\":{\"@type\":\"EntryPoint\",\"urlTemplate\":\"https:\/\/fru.ifesworld.org\/en\/?s={search_term_string}\"},\"query-input\":\"required name=search_term_string\"}],\"inLanguage\":\"fr-FR\"},{\"@type\":\"Organization\",\"@id\":\"https:\/\/fru.ifesworld.org\/en\/#organization\",\"name\":\"IFES \u00b7 International Fellowship of Evangelical Students\",\"url\":\"https:\/\/fru.ifesworld.org\/en\/\",\"logo\":{\"@type\":\"ImageObject\",\"inLanguage\":\"fr-FR\",\"@id\":\"https:\/\/fru.ifesworld.org\/en\/#\/schema\/logo\/image\/\",\"url\":\"https:\/\/fru.ifesworld.org\/wp-content\/uploads\/2019\/06\/ifeslogo.png\",\"contentUrl\":\"https:\/\/fru.ifesworld.org\/wp-content\/uploads\/2019\/06\/ifeslogo.png\",\"width\":262,\"height\":262,\"caption\":\"IFES \u00b7 International Fellowship of Evangelical Students\"},\"image\":{\"@id\":\"https:\/\/fru.ifesworld.org\/en\/#\/schema\/logo\/image\/\"}}]}<\/script>\n<!-- \/ Yoast SEO plugin. -->","yoast_head_json":{"title":"Connect\u00e9s par la pri\u00e8re &#183; IFES Prayerline","description":"La Journ\u00e9e mondiale de l\u2019\u00e9tudiant a lieu cette semaine ! Ce jour-l\u00e0, des milliers d'\u00e9tudiants du monde entier se r\u00e9uniront pour prier pour l'universit\u00e9 et","robots":{"index":"noindex","follow":"follow","max-snippet":"max-snippet:-1","max-image-preview":"max-image-preview:large","max-video-preview":"max-video-preview:-1"},"og_locale":"fr_FR","og_type":"article","og_title":"Connect\u00e9s par la pri\u00e8re &#183; IFES Prayerline","og_description":"La Journ\u00e9e mondiale de l\u2019\u00e9tudiant a lieu cette semaine ! Ce jour-l\u00e0, des milliers d'\u00e9tudiants du monde entier se r\u00e9uniront pour prier pour l'universit\u00e9 et","og_url":"https:\/\/ifesworld.org\/fr\/prayerline\/connectes-par-la-priere\/","og_site_name":"IFES","article_modified_time":"2020-10-13T14:06:16+00:00","og_image":[{"width":2560,"height":1707,"url":"https:\/\/ifesworld.org\/wp-content\/uploads\/2020\/10\/priscilla-du-preez-qwPACFMqhPg-unsplash-scaled.jpg","type":"image\/jpeg"}],"twitter_card":"summary_large_image","twitter_misc":{"Dur\u00e9e de lecture estim\u00e9e":"2 minutes"},"schema":{"@context":"https:\/\/schema.org","@graph":[{"@type":"WebPage","@id":"https:\/\/ifesworld.org\/fr\/prayerline\/connectes-par-la-priere\/","url":"https:\/\/ifesworld.org\/fr\/prayerline\/connectes-par-la-priere\/","name":"Connect\u00e9s par la pri\u00e8re &#183; IFES Prayerline","isPartOf":{"@id":"https:\/\/fru.ifesworld.org\/en\/#website"},"datePublished":"2020-10-13T08:19:28+00:00","dateModified":"2020-10-13T14:06:16+00:00","description":"La Journ\u00e9e mondiale de l\u2019\u00e9tudiant a lieu cette semaine ! Ce jour-l\u00e0, des milliers d'\u00e9tudiants du monde entier se r\u00e9uniront pour prier pour l'universit\u00e9 et","breadcrumb":{"@id":"https:\/\/ifesworld.org\/fr\/prayerline\/connectes-par-la-priere\/#breadcrumb"},"inLanguage":"fr-FR","potentialAction":[{"@type":"ReadAction","target":["https:\/\/ifesworld.org\/fr\/prayerline\/connectes-par-la-priere\/"]}]},{"@type":"BreadcrumbList","@id":"https:\/\/ifesworld.org\/fr\/prayerline\/connectes-par-la-priere\/#breadcrumb","itemListElement":[{"@type":"ListItem","position":1,"name":"Home","item":"https:\/\/fru.ifesworld.org\/fr\/"},{"@type":"ListItem","position":2,"name":"Prayerline","item":"https:\/\/ifesworld.org\/en\/prayerline\/"},{"@type":"ListItem","position":3,"name":"Connect\u00e9s par la pri\u00e8re"}]},{"@type":"WebSite","@id":"https:\/\/fru.ifesworld.org\/en\/#website","url":"https:\/\/fru.ifesworld.org\/en\/","name":"IFES","description":"A movement of students sharing and living out the good news of Jesus Christ. Locally. Nationally. Globally.","publisher":{"@id":"https:\/\/fru.ifesworld.org\/en\/#organization"},"potentialAction":[{"@type":"SearchAction","target":{"@type":"EntryPoint","urlTemplate":"https:\/\/fru.ifesworld.org\/en\/?s={search_term_string}"},"query-input":"required name=search_term_string"}],"inLanguage":"fr-FR"},{"@type":"Organization","@id":"https:\/\/fru.ifesworld.org\/en\/#organization","name":"IFES \u00b7 International Fellowship of Evangelical Students","url":"https:\/\/fru.ifesworld.org\/en\/","logo":{"@type":"ImageObject","inLanguage":"fr-FR","@id":"https:\/\/fru.ifesworld.org\/en\/#\/schema\/logo\/image\/","url":"https:\/\/fru.ifesworld.org\/wp-content\/uploads\/2019\/06\/ifeslogo.png","contentUrl":"https:\/\/fru.ifesworld.org\/wp-content\/uploads\/2019\/06\/ifeslogo.png","width":262,"height":262,"caption":"IFES \u00b7 International Fellowship of Evangelical Students"},"image":{"@id":"https:\/\/fru.ifesworld.org\/en\/#\/schema\/logo\/image\/"}}]}},"_links":{"self":[{"href":"https:\/\/fru.ifesworld.org\/fr\/wp-json\/wp\/v2\/prayerline\/13645"}],"collection":[{"href":"https:\/\/fru.ifesworld.org\/fr\/wp-json\/wp\/v2\/prayerline"}],"about":[{"href":"https:\/\/fru.ifesworld.org\/fr\/wp-json\/wp\/v2\/types\/prayerline"}],"wp:attachment":[{"href":"https:\/\/fru.ifesworld.org\/fr\/wp-json\/wp\/v2\/media?parent=13645"}],"wp:term":[{"taxonomy":"area","embeddable":true,"href":"https:\/\/fru.ifesworld.org\/fr\/wp-json\/wp\/v2\/area?post=13645"},{"taxonomy":"theme","embeddable":true,"href":"https:\/\/fru.ifesworld.org\/fr\/wp-json\/wp\/v2\/theme?post=13645"}],"curies":[{"name":"wp","href":"https:\/\/api.w.org\/{rel}","templated":true}]}}