{"id":13115,"date":"2020-09-01T11:47:56","date_gmt":"2020-09-01T10:47:56","guid":{"rendered":"https:\/\/fru.ifesworld.org\/?post_type=prayerline&#038;p=13115"},"modified":"2020-09-01T11:47:56","modified_gmt":"2020-09-01T10:47:56","slug":"livf-liban-declare-que-dieu-est-fidele","status":"publish","type":"prayerline","link":"https:\/\/fru.ifesworld.org\/fr\/prayerline\/livf-liban-declare-que-dieu-est-fidele\/","title":{"rendered":"LIVF Liban d\u00e9clare que Dieu est fid\u00e8le"},"content":{"rendered":"<div class=\"wp-block block-core-paragraph\">\n<p>Trivinia se frotta les yeux alors que la lumi\u00e8re du soleil p\u00e9n\u00e9trait dans sa chambre. <em>C\u2019est l\u2019heure de se lever<\/em>, pensa-t-elle. Elle avait une heure de route pour aller \u00e0 l&rsquo;h\u00f4pital de Beyrouth o\u00f9 elle terminait sa formation. Comme tous les jours, elle fit face \u00e0 une circulation dense de la ville et admira l&rsquo;eau scintillante en passant devant le port.<\/p>\n<\/div>\n\n<div class=\"wp-block block-core-paragraph\">\n<p>C&rsquo;\u00e9tait une journ\u00e9e bien remplie et \u00e0 la fin, Trivinia \u00e9tait pr\u00eate \u00e0 se d\u00e9tendre. Elle r\u00e9fl\u00e9chit \u00e0 deux options. Elle pouvait soit passer la soir\u00e9e seule dans son appartement de Beyrouth, soit faire une heure de route en voiture pour aller chez ses parents. <em>Pourquoi rester ici toute seule ce soir ?<\/em> Pensa-t-elle. <em>Je vais rentrer \u00e0 la maison. <\/em>Elle ne savait pas que cette d\u00e9cision lui sauverait la vie. Une heure plus tard, son appartement, l&rsquo;h\u00f4pital et son universit\u00e9 furent d\u00e9truits par une \u00e9norme explosion dans le port.<\/p>\n<\/div>\n\n<div class=\"wp-block block-core-paragraph\">\n<p>Depuis ce jour-l\u00e0, Trivinia partage sa puissante histoire sur la protection de Dieu. Malgr\u00e9 les \u00e9normes souffrances auxquelles ils font face, elle et d&rsquo;autres \u00e9tudiants, dipl\u00f4m\u00e9s et responsables du mouvement LIVF d\u00e9clarent courageusement que Dieu est fid\u00e8le. Ils partagent leurs t\u00e9moignages o\u00f9 l\u2019ont voit comment Dieu pourvoit \u00e0 leurs besoins. De plus, ils aident la ville en mettant en relation des \u00e9tudiants traumatis\u00e9s avec des praticiens en psychologie et en partageant des informations sur les services d&rsquo;aide humanitaire. Un dipl\u00f4m\u00e9 qui est physioth\u00e9rapeute offre m\u00eame des s\u00e9ances gratuites \u00e0 ceux qui en ont besoin. Le mouvement a \u00e9galement re\u00e7u un soutien ext\u00e9rieur. Le secr\u00e9taire g\u00e9n\u00e9ral, Farah Bou Kheir, nous dit :<\/p>\n<\/div>\n\n<div class=\"wp-block block-core-quote is-style-default\">\n<blockquote class=\"wp-block-quote is-style-default is-layout-flow wp-block-quote-is-layout-flow\"><p>\u00ab Nous sommes reconnaissants pour tout le soutien que nous avons re\u00e7u des mouvements partenaires de l&rsquo;IFES, car cela nous permettra d&rsquo;atteindre les familles d\u00e9vast\u00e9es et de distribuer des bons alimentaires pour acheter leurs besoins sur les march\u00e9s voisins. Je suis \u00e9bloui par les pens\u00e9es et les pri\u00e8res de la famille IFES. Dieu est au contr\u00f4le. C&rsquo;est notre seul espoir.\u00a0\u00bb<\/p><\/blockquote>\n<\/div>\n\n<div class=\"wp-block block-core-paragraph\">\n<p>Malgr\u00e9 les efforts courageux de LIVF pour traverser cette crise, les besoins sont \u00e9crasants et les chr\u00e9tiens sont dans un profond chagrin. Merci de continuer \u00e0 prier pour Beyrouth.<\/p>\n<\/div>\n\n<div class=\"wp-block block-core-list\">\n<ul><li>Priez pour la nation libanaise, qui connaissait d\u00e9j\u00e0 la pauvret\u00e9, la d\u00e9valuation de la monnaie et la corruption avant l&rsquo;explosion. Avec la d\u00e9mission du gouvernement, le pays est plong\u00e9 dans l&rsquo;incertitude quant \u00e0 l&rsquo;avenir.<\/li><li>Priez pour ceux qui ont perdu des \u00eatres chers.<\/li><li>Priez pour les \u00e9tudiants qui doivent affronter les s\u00e9quelles de cette trag\u00e9die tout en se pr\u00e9parant pour la nouvelle ann\u00e9e acad\u00e9mique.<\/li><li>Priez pour LIVF alors qu&rsquo;ils servent leur entourage tout en faisant face \u00e0 leur propre chagrin. Priez pour que les personnes soient ouvertes \u00e0 l&rsquo;\u00c9vangile gr\u00e2ce au r\u00e9confort qu&rsquo;ils voient dans la vie des chr\u00e9tiens.<\/li><\/ul>\n<\/div>","protected":false},"featured_media":13113,"template":"","area":[1143,955],"theme":[],"class_list":["post-13115","prayerline","type-prayerline","status-publish","has-post-thumbnail","hentry","area-liban","area-moyen-orient-et-afrique-du-nord"],"acf":[],"yoast_head":"<!-- This site is optimized with the Yoast SEO plugin v22.6 - https:\/\/yoast.com\/wordpress\/plugins\/seo\/ -->\n<title>LIVF Liban d\u00e9clare que Dieu est fid\u00e8le &#183; IFES Prayerline<\/title>\n<meta name=\"description\" content=\"Trivinia se frotta les yeux alors que la lumi\u00e8re du soleil p\u00e9n\u00e9trait dans sa chambre. C\u2019est l\u2019heure de se lever, pensa-t-elle. Elle avait une heure de\" \/>\n<meta name=\"robots\" content=\"noindex, follow, max-snippet:-1, max-image-preview:large, max-video-preview:-1\" \/>\n<meta property=\"og:locale\" content=\"fr_FR\" \/>\n<meta property=\"og:type\" content=\"article\" \/>\n<meta property=\"og:title\" content=\"LIVF Liban d\u00e9clare que Dieu est fid\u00e8le &#183; IFES Prayerline\" \/>\n<meta property=\"og:description\" content=\"Trivinia se frotta les yeux alors que la lumi\u00e8re du soleil p\u00e9n\u00e9trait dans sa chambre. C\u2019est l\u2019heure de se lever, pensa-t-elle. Elle avait une heure de\" \/>\n<meta property=\"og:url\" content=\"https:\/\/ifesworld.org\/fr\/prayerline\/livf-liban-declare-que-dieu-est-fidele\/\" \/>\n<meta property=\"og:site_name\" content=\"IFES\" \/>\n<meta property=\"og:image\" content=\"https:\/\/ifesworld.org\/wp-content\/uploads\/2020\/08\/ramy-kabalan-8kavAHEDiPI-unsplash-crop2-1024x683.png\" \/>\n\t<meta property=\"og:image:width\" content=\"1024\" \/>\n\t<meta property=\"og:image:height\" content=\"683\" \/>\n\t<meta property=\"og:image:type\" content=\"image\/png\" \/>\n<meta name=\"twitter:card\" content=\"summary_large_image\" \/>\n<meta name=\"twitter:label1\" content=\"Dur\u00e9e de lecture estim\u00e9e\" \/>\n\t<meta name=\"twitter:data1\" content=\"2 minutes\" \/>\n<script type=\"application\/ld+json\" class=\"yoast-schema-graph\">{\"@context\":\"https:\/\/schema.org\",\"@graph\":[{\"@type\":\"WebPage\",\"@id\":\"https:\/\/ifesworld.org\/fr\/prayerline\/livf-liban-declare-que-dieu-est-fidele\/\",\"url\":\"https:\/\/ifesworld.org\/fr\/prayerline\/livf-liban-declare-que-dieu-est-fidele\/\",\"name\":\"LIVF Liban d\u00e9clare que Dieu est fid\u00e8le &#183; IFES Prayerline\",\"isPartOf\":{\"@id\":\"https:\/\/fru.ifesworld.org\/en\/#website\"},\"primaryImageOfPage\":{\"@id\":\"https:\/\/ifesworld.org\/fr\/prayerline\/livf-liban-declare-que-dieu-est-fidele\/#primaryimage\"},\"image\":{\"@id\":\"https:\/\/ifesworld.org\/fr\/prayerline\/livf-liban-declare-que-dieu-est-fidele\/#primaryimage\"},\"thumbnailUrl\":\"https:\/\/fru.ifesworld.org\/wp-content\/uploads\/2020\/08\/ramy-kabalan-8kavAHEDiPI-unsplash-crop2.png\",\"datePublished\":\"2020-09-01T10:47:56+00:00\",\"dateModified\":\"2020-09-01T10:47:56+00:00\",\"description\":\"Trivinia se frotta les yeux alors que la lumi\u00e8re du soleil p\u00e9n\u00e9trait dans sa chambre. C\u2019est l\u2019heure de se lever, pensa-t-elle. Elle avait une heure de\",\"breadcrumb\":{\"@id\":\"https:\/\/ifesworld.org\/fr\/prayerline\/livf-liban-declare-que-dieu-est-fidele\/#breadcrumb\"},\"inLanguage\":\"fr-FR\",\"potentialAction\":[{\"@type\":\"ReadAction\",\"target\":[\"https:\/\/ifesworld.org\/fr\/prayerline\/livf-liban-declare-que-dieu-est-fidele\/\"]}]},{\"@type\":\"ImageObject\",\"inLanguage\":\"fr-FR\",\"@id\":\"https:\/\/ifesworld.org\/fr\/prayerline\/livf-liban-declare-que-dieu-est-fidele\/#primaryimage\",\"url\":\"https:\/\/fru.ifesworld.org\/wp-content\/uploads\/2020\/08\/ramy-kabalan-8kavAHEDiPI-unsplash-crop2.png\",\"contentUrl\":\"https:\/\/fru.ifesworld.org\/wp-content\/uploads\/2020\/08\/ramy-kabalan-8kavAHEDiPI-unsplash-crop2.png\",\"width\":3840,\"height\":2560},{\"@type\":\"BreadcrumbList\",\"@id\":\"https:\/\/ifesworld.org\/fr\/prayerline\/livf-liban-declare-que-dieu-est-fidele\/#breadcrumb\",\"itemListElement\":[{\"@type\":\"ListItem\",\"position\":1,\"name\":\"Home\",\"item\":\"https:\/\/fru.ifesworld.org\/fr\/\"},{\"@type\":\"ListItem\",\"position\":2,\"name\":\"Prayerline\",\"item\":\"https:\/\/ifesworld.org\/en\/prayerline\/\"},{\"@type\":\"ListItem\",\"position\":3,\"name\":\"LIVF Liban d\u00e9clare que Dieu est fid\u00e8le\"}]},{\"@type\":\"WebSite\",\"@id\":\"https:\/\/fru.ifesworld.org\/en\/#website\",\"url\":\"https:\/\/fru.ifesworld.org\/en\/\",\"name\":\"IFES\",\"description\":\"A movement of students sharing and living out the good news of Jesus Christ. Locally. Nationally. Globally.\",\"publisher\":{\"@id\":\"https:\/\/fru.ifesworld.org\/en\/#organization\"},\"potentialAction\":[{\"@type\":\"SearchAction\",\"target\":{\"@type\":\"EntryPoint\",\"urlTemplate\":\"https:\/\/fru.ifesworld.org\/en\/?s={search_term_string}\"},\"query-input\":\"required name=search_term_string\"}],\"inLanguage\":\"fr-FR\"},{\"@type\":\"Organization\",\"@id\":\"https:\/\/fru.ifesworld.org\/en\/#organization\",\"name\":\"IFES \u00b7 International Fellowship of Evangelical Students\",\"url\":\"https:\/\/fru.ifesworld.org\/en\/\",\"logo\":{\"@type\":\"ImageObject\",\"inLanguage\":\"fr-FR\",\"@id\":\"https:\/\/fru.ifesworld.org\/en\/#\/schema\/logo\/image\/\",\"url\":\"https:\/\/fru.ifesworld.org\/wp-content\/uploads\/2019\/06\/ifeslogo.png\",\"contentUrl\":\"https:\/\/fru.ifesworld.org\/wp-content\/uploads\/2019\/06\/ifeslogo.png\",\"width\":262,\"height\":262,\"caption\":\"IFES \u00b7 International Fellowship of Evangelical Students\"},\"image\":{\"@id\":\"https:\/\/fru.ifesworld.org\/en\/#\/schema\/logo\/image\/\"}}]}<\/script>\n<!-- \/ Yoast SEO plugin. -->","yoast_head_json":{"title":"LIVF Liban d\u00e9clare que Dieu est fid\u00e8le &#183; IFES Prayerline","description":"Trivinia se frotta les yeux alors que la lumi\u00e8re du soleil p\u00e9n\u00e9trait dans sa chambre. C\u2019est l\u2019heure de se lever, pensa-t-elle. Elle avait une heure de","robots":{"index":"noindex","follow":"follow","max-snippet":"max-snippet:-1","max-image-preview":"max-image-preview:large","max-video-preview":"max-video-preview:-1"},"og_locale":"fr_FR","og_type":"article","og_title":"LIVF Liban d\u00e9clare que Dieu est fid\u00e8le &#183; IFES Prayerline","og_description":"Trivinia se frotta les yeux alors que la lumi\u00e8re du soleil p\u00e9n\u00e9trait dans sa chambre. C\u2019est l\u2019heure de se lever, pensa-t-elle. Elle avait une heure de","og_url":"https:\/\/ifesworld.org\/fr\/prayerline\/livf-liban-declare-que-dieu-est-fidele\/","og_site_name":"IFES","og_image":[{"width":1024,"height":683,"url":"https:\/\/ifesworld.org\/wp-content\/uploads\/2020\/08\/ramy-kabalan-8kavAHEDiPI-unsplash-crop2-1024x683.png","type":"image\/png"}],"twitter_card":"summary_large_image","twitter_misc":{"Dur\u00e9e de lecture estim\u00e9e":"2 minutes"},"schema":{"@context":"https:\/\/schema.org","@graph":[{"@type":"WebPage","@id":"https:\/\/ifesworld.org\/fr\/prayerline\/livf-liban-declare-que-dieu-est-fidele\/","url":"https:\/\/ifesworld.org\/fr\/prayerline\/livf-liban-declare-que-dieu-est-fidele\/","name":"LIVF Liban d\u00e9clare que Dieu est fid\u00e8le &#183; IFES Prayerline","isPartOf":{"@id":"https:\/\/fru.ifesworld.org\/en\/#website"},"primaryImageOfPage":{"@id":"https:\/\/ifesworld.org\/fr\/prayerline\/livf-liban-declare-que-dieu-est-fidele\/#primaryimage"},"image":{"@id":"https:\/\/ifesworld.org\/fr\/prayerline\/livf-liban-declare-que-dieu-est-fidele\/#primaryimage"},"thumbnailUrl":"https:\/\/fru.ifesworld.org\/wp-content\/uploads\/2020\/08\/ramy-kabalan-8kavAHEDiPI-unsplash-crop2.png","datePublished":"2020-09-01T10:47:56+00:00","dateModified":"2020-09-01T10:47:56+00:00","description":"Trivinia se frotta les yeux alors que la lumi\u00e8re du soleil p\u00e9n\u00e9trait dans sa chambre. C\u2019est l\u2019heure de se lever, pensa-t-elle. Elle avait une heure de","breadcrumb":{"@id":"https:\/\/ifesworld.org\/fr\/prayerline\/livf-liban-declare-que-dieu-est-fidele\/#breadcrumb"},"inLanguage":"fr-FR","potentialAction":[{"@type":"ReadAction","target":["https:\/\/ifesworld.org\/fr\/prayerline\/livf-liban-declare-que-dieu-est-fidele\/"]}]},{"@type":"ImageObject","inLanguage":"fr-FR","@id":"https:\/\/ifesworld.org\/fr\/prayerline\/livf-liban-declare-que-dieu-est-fidele\/#primaryimage","url":"https:\/\/fru.ifesworld.org\/wp-content\/uploads\/2020\/08\/ramy-kabalan-8kavAHEDiPI-unsplash-crop2.png","contentUrl":"https:\/\/fru.ifesworld.org\/wp-content\/uploads\/2020\/08\/ramy-kabalan-8kavAHEDiPI-unsplash-crop2.png","width":3840,"height":2560},{"@type":"BreadcrumbList","@id":"https:\/\/ifesworld.org\/fr\/prayerline\/livf-liban-declare-que-dieu-est-fidele\/#breadcrumb","itemListElement":[{"@type":"ListItem","position":1,"name":"Home","item":"https:\/\/fru.ifesworld.org\/fr\/"},{"@type":"ListItem","position":2,"name":"Prayerline","item":"https:\/\/ifesworld.org\/en\/prayerline\/"},{"@type":"ListItem","position":3,"name":"LIVF Liban d\u00e9clare que Dieu est fid\u00e8le"}]},{"@type":"WebSite","@id":"https:\/\/fru.ifesworld.org\/en\/#website","url":"https:\/\/fru.ifesworld.org\/en\/","name":"IFES","description":"A movement of students sharing and living out the good news of Jesus Christ. Locally. Nationally. Globally.","publisher":{"@id":"https:\/\/fru.ifesworld.org\/en\/#organization"},"potentialAction":[{"@type":"SearchAction","target":{"@type":"EntryPoint","urlTemplate":"https:\/\/fru.ifesworld.org\/en\/?s={search_term_string}"},"query-input":"required name=search_term_string"}],"inLanguage":"fr-FR"},{"@type":"Organization","@id":"https:\/\/fru.ifesworld.org\/en\/#organization","name":"IFES \u00b7 International Fellowship of Evangelical Students","url":"https:\/\/fru.ifesworld.org\/en\/","logo":{"@type":"ImageObject","inLanguage":"fr-FR","@id":"https:\/\/fru.ifesworld.org\/en\/#\/schema\/logo\/image\/","url":"https:\/\/fru.ifesworld.org\/wp-content\/uploads\/2019\/06\/ifeslogo.png","contentUrl":"https:\/\/fru.ifesworld.org\/wp-content\/uploads\/2019\/06\/ifeslogo.png","width":262,"height":262,"caption":"IFES \u00b7 International Fellowship of Evangelical Students"},"image":{"@id":"https:\/\/fru.ifesworld.org\/en\/#\/schema\/logo\/image\/"}}]}},"_links":{"self":[{"href":"https:\/\/fru.ifesworld.org\/fr\/wp-json\/wp\/v2\/prayerline\/13115"}],"collection":[{"href":"https:\/\/fru.ifesworld.org\/fr\/wp-json\/wp\/v2\/prayerline"}],"about":[{"href":"https:\/\/fru.ifesworld.org\/fr\/wp-json\/wp\/v2\/types\/prayerline"}],"wp:featuredmedia":[{"embeddable":true,"href":"https:\/\/fru.ifesworld.org\/fr\/wp-json\/wp\/v2\/media\/13113"}],"wp:attachment":[{"href":"https:\/\/fru.ifesworld.org\/fr\/wp-json\/wp\/v2\/media?parent=13115"}],"wp:term":[{"taxonomy":"area","embeddable":true,"href":"https:\/\/fru.ifesworld.org\/fr\/wp-json\/wp\/v2\/area?post=13115"},{"taxonomy":"theme","embeddable":true,"href":"https:\/\/fru.ifesworld.org\/fr\/wp-json\/wp\/v2\/theme?post=13115"}],"curies":[{"name":"wp","href":"https:\/\/api.w.org\/{rel}","templated":true}]}}