{"id":11161,"date":"2020-02-18T10:27:50","date_gmt":"2020-02-18T10:27:50","guid":{"rendered":"https:\/\/fru.ifesworld.org\/?post_type=prayerline&#038;p=11161"},"modified":"2020-02-18T10:27:50","modified_gmt":"2020-02-18T10:27:50","slug":"pousser-les-etudiants-a-voir-plus-grand","status":"publish","type":"prayerline","link":"https:\/\/fru.ifesworld.org\/fr\/prayerline\/pousser-les-etudiants-a-voir-plus-grand\/","title":{"rendered":"Pousser les \u00e9tudiants \u00e0 voir plus grand"},"content":{"rendered":"<div class=\"wp-block block-core-paragraph\">\n<p>En Sierra Leone, les \u00e9lections des associations \u00e9tudiantes sont souvent violentes. L\u2019ann\u00e9e derni\u00e8re, les \u00e9tudiants du SLEFES, le mouvement local de l\u2019IFES, ont lanc\u00e9 avec succ\u00e8s une compagne pour la non-violence \u00e0 l\u2019approche des \u00e9lections dans leur universit\u00e9.<\/p>\n<\/div>\n\n<div class=\"wp-block block-core-paragraph\">\n<p>Ailleurs, les \u00e9tudiants du SLEFES ont \u00e9lev\u00e9 leur voix contre les pratiques frauduleuses, r\u00e9pandues en p\u00e9riode d\u2019examens, en encourageant leurs camarades \u00e0 \u00e9tudier et obtenir des notes qu\u2019ils m\u00e9ritaient. Sur un autre campus, les \u00e9tudiants du mouvement ont initi\u00e9 un projet visant \u00e0 fournir des ressources documentaires hors ligne aux \u00e9tudiants sur place, car la connexion \u00e0 l\u2019internet \u00e9tait probl\u00e9matique.<\/p>\n<\/div>\n\n<div class=\"wp-block block-core-paragraph\">\n<p>Quel est le point commun \u00e0 ces histoires&nbsp;?<\/p>\n<\/div>\n\n<div class=\"wp-block block-core-paragraph\">\n<p>Elles sont toutes des exemples d\u2019\u00e9tudiants qui voient plus grand, ou qui \u00ab&nbsp;interagissent avec l\u2019universit\u00e9&nbsp;\u00bb.<\/p>\n<\/div>\n\n<div class=\"wp-block block-core-paragraph\">\n<p>Matthew travaille avec le SLEFES depuis neuf ans. Il a toujours pens\u00e9 que le minist\u00e8re sur le campus se r\u00e9sumait \u00e0 l\u2019\u00e9vang\u00e9lisation parmi les \u00e9tudiants. Mais \u00e0 travers le cours de l\u2019IFES <a href=\"https:\/\/fru.ifesworld.org\/fr\/universite\/\">Interagir avec l\u2019universit\u00e9<\/a>, il a per\u00e7u la plus grande port\u00e9e du minist\u00e8re \u00e0 l\u2019universit\u00e9&nbsp;: chaque individu sur le campus a besoin de l\u2019\u00e9vangile&nbsp;: les \u00e9tudiants, les professeurs, la facult\u00e9, le personnel. Et c\u2019est le r\u00f4le du chr\u00e9tien d\u2019apporter une perspective biblique dans chaque conversation, chaque discipline, chaque programme.<\/p>\n<\/div>\n\n<div class=\"wp-block block-core-paragraph\">\n<p>Matthew \u00e9crit :<\/p>\n<\/div>\n\n<div class=\"wp-block block-core-quote\">\n<blockquote class=\"wp-block-quote is-layout-flow wp-block-quote-is-layout-flow\"><p>\u00ab&nbsp;Le cours Interagir avec l\u2019universit\u00e9 m\u2019a ouvert les yeux sur la fa\u00e7on dont les \u00e9tudiants chr\u00e9tiens peuvent \u00eatre impliqu\u00e9s dans les conversations en cours au sein de leurs universit\u00e9s. A pr\u00e9sent, j\u2019aide les \u00e9tudiants du SLEFES \u00e0 s\u2019engager de mani\u00e8re cr\u00e9ative et biblique dans les discussions qui ont lieu sur leurs campus.&nbsp;\u00bb<\/p><\/blockquote>\n<\/div>\n\n<div class=\"wp-block block-core-list\">\n<ul><li>Remerciez Dieu pour le cours Interagir avec l\u2019universit\u00e9 et la fa\u00e7on dont il a aid\u00e9 Matthew \u00e0 mieux \u00e9quiper les \u00e9tudiants du SLEFES pour vivre fid\u00e8lement, en tant que disciples de J\u00e9sus, dans chaque aspect de la vie \u00e0 l\u2019universit\u00e9.<\/li><li>Priez qu\u2019\u00e0 travers ces initiatives du SLEFES, les \u00e9tudiants, les professeurs, la facult\u00e9 et le personnel (tout comme la vie sur le campus de mani\u00e8re g\u00e9n\u00e9rale) soient transform\u00e9s par l\u2019\u00e9vangile.<\/li><li>Priez que le nouveau <a href=\"https:\/\/fru.ifesworld.org\/fr\/universite\/#elearningcourse\">cours en ligne \u00ab\u00a0Interagir avec l\u2019universit\u00e9\u00a0\u00bb<\/a>, qui d\u00e9bute en mars, soit utile \u00e0 beaucoup de personnes impliqu\u00e9es dans le minist\u00e8re \u00e9tudiant de l\u2019IFES \u00e0 travers le monde.<\/li><\/ul>\n<\/div>","protected":false},"featured_media":11104,"template":"","area":[950,1023],"theme":[],"class_list":["post-11161","prayerline","type-prayerline","status-publish","has-post-thumbnail","hentry","area-afrique-anglophone-et-lusophone","area-sierra-leone-afrique-anglophone-et-lusophone"],"acf":[],"yoast_head":"<!-- This site is optimized with the Yoast SEO plugin v22.6 - https:\/\/yoast.com\/wordpress\/plugins\/seo\/ -->\n<title>Pousser les \u00e9tudiants \u00e0 voir plus grand &#183; IFES Prayerline<\/title>\n<meta name=\"description\" content=\"En Sierra Leone, les \u00e9lections des associations \u00e9tudiantes sont souvent violentes. L\u2019ann\u00e9e derni\u00e8re, les \u00e9tudiants du SLEFES, le mouvement local de\" \/>\n<meta name=\"robots\" content=\"noindex, follow, max-snippet:-1, max-image-preview:large, max-video-preview:-1\" \/>\n<meta property=\"og:locale\" content=\"fr_FR\" \/>\n<meta property=\"og:type\" content=\"article\" \/>\n<meta property=\"og:title\" content=\"Pousser les \u00e9tudiants \u00e0 voir plus grand &#183; IFES Prayerline\" \/>\n<meta property=\"og:description\" content=\"En Sierra Leone, les \u00e9lections des associations \u00e9tudiantes sont souvent violentes. L\u2019ann\u00e9e derni\u00e8re, les \u00e9tudiants du SLEFES, le mouvement local de\" \/>\n<meta property=\"og:url\" content=\"https:\/\/ifesworld.org\/fr\/prayerline\/pousser-les-etudiants-a-voir-plus-grand\/\" \/>\n<meta property=\"og:site_name\" content=\"IFES\" \/>\n<meta property=\"og:image\" content=\"https:\/\/ifesworld.org\/wp-content\/uploads\/2020\/02\/200218-PL-SLEEFES3.jpg\" \/>\n\t<meta property=\"og:image:width\" content=\"1200\" \/>\n\t<meta property=\"og:image:height\" content=\"675\" \/>\n\t<meta property=\"og:image:type\" content=\"image\/jpeg\" \/>\n<meta name=\"twitter:card\" content=\"summary_large_image\" \/>\n<meta name=\"twitter:label1\" content=\"Dur\u00e9e de lecture estim\u00e9e\" \/>\n\t<meta name=\"twitter:data1\" content=\"2 minutes\" \/>\n<script type=\"application\/ld+json\" class=\"yoast-schema-graph\">{\"@context\":\"https:\/\/schema.org\",\"@graph\":[{\"@type\":\"WebPage\",\"@id\":\"https:\/\/ifesworld.org\/fr\/prayerline\/pousser-les-etudiants-a-voir-plus-grand\/\",\"url\":\"https:\/\/ifesworld.org\/fr\/prayerline\/pousser-les-etudiants-a-voir-plus-grand\/\",\"name\":\"Pousser les \u00e9tudiants \u00e0 voir plus grand &#183; IFES Prayerline\",\"isPartOf\":{\"@id\":\"https:\/\/fru.ifesworld.org\/en\/#website\"},\"primaryImageOfPage\":{\"@id\":\"https:\/\/ifesworld.org\/fr\/prayerline\/pousser-les-etudiants-a-voir-plus-grand\/#primaryimage\"},\"image\":{\"@id\":\"https:\/\/ifesworld.org\/fr\/prayerline\/pousser-les-etudiants-a-voir-plus-grand\/#primaryimage\"},\"thumbnailUrl\":\"https:\/\/fru.ifesworld.org\/wp-content\/uploads\/2020\/02\/200218-PL-SLEEFES3.jpg\",\"datePublished\":\"2020-02-18T10:27:50+00:00\",\"dateModified\":\"2020-02-18T10:27:50+00:00\",\"description\":\"En Sierra Leone, les \u00e9lections des associations \u00e9tudiantes sont souvent violentes. L\u2019ann\u00e9e derni\u00e8re, les \u00e9tudiants du SLEFES, le mouvement local de\",\"breadcrumb\":{\"@id\":\"https:\/\/ifesworld.org\/fr\/prayerline\/pousser-les-etudiants-a-voir-plus-grand\/#breadcrumb\"},\"inLanguage\":\"fr-FR\",\"potentialAction\":[{\"@type\":\"ReadAction\",\"target\":[\"https:\/\/ifesworld.org\/fr\/prayerline\/pousser-les-etudiants-a-voir-plus-grand\/\"]}]},{\"@type\":\"ImageObject\",\"inLanguage\":\"fr-FR\",\"@id\":\"https:\/\/ifesworld.org\/fr\/prayerline\/pousser-les-etudiants-a-voir-plus-grand\/#primaryimage\",\"url\":\"https:\/\/fru.ifesworld.org\/wp-content\/uploads\/2020\/02\/200218-PL-SLEEFES3.jpg\",\"contentUrl\":\"https:\/\/fru.ifesworld.org\/wp-content\/uploads\/2020\/02\/200218-PL-SLEEFES3.jpg\",\"width\":1200,\"height\":675},{\"@type\":\"BreadcrumbList\",\"@id\":\"https:\/\/ifesworld.org\/fr\/prayerline\/pousser-les-etudiants-a-voir-plus-grand\/#breadcrumb\",\"itemListElement\":[{\"@type\":\"ListItem\",\"position\":1,\"name\":\"Home\",\"item\":\"https:\/\/fru.ifesworld.org\/fr\/\"},{\"@type\":\"ListItem\",\"position\":2,\"name\":\"Prayerline\",\"item\":\"https:\/\/ifesworld.org\/en\/prayerline\/\"},{\"@type\":\"ListItem\",\"position\":3,\"name\":\"Pousser les \u00e9tudiants \u00e0 voir plus grand\"}]},{\"@type\":\"WebSite\",\"@id\":\"https:\/\/fru.ifesworld.org\/en\/#website\",\"url\":\"https:\/\/fru.ifesworld.org\/en\/\",\"name\":\"IFES\",\"description\":\"A movement of students sharing and living out the good news of Jesus Christ. Locally. Nationally. Globally.\",\"publisher\":{\"@id\":\"https:\/\/fru.ifesworld.org\/en\/#organization\"},\"potentialAction\":[{\"@type\":\"SearchAction\",\"target\":{\"@type\":\"EntryPoint\",\"urlTemplate\":\"https:\/\/fru.ifesworld.org\/en\/?s={search_term_string}\"},\"query-input\":\"required name=search_term_string\"}],\"inLanguage\":\"fr-FR\"},{\"@type\":\"Organization\",\"@id\":\"https:\/\/fru.ifesworld.org\/en\/#organization\",\"name\":\"IFES \u00b7 International Fellowship of Evangelical Students\",\"url\":\"https:\/\/fru.ifesworld.org\/en\/\",\"logo\":{\"@type\":\"ImageObject\",\"inLanguage\":\"fr-FR\",\"@id\":\"https:\/\/fru.ifesworld.org\/en\/#\/schema\/logo\/image\/\",\"url\":\"https:\/\/fru.ifesworld.org\/wp-content\/uploads\/2019\/06\/ifeslogo.png\",\"contentUrl\":\"https:\/\/fru.ifesworld.org\/wp-content\/uploads\/2019\/06\/ifeslogo.png\",\"width\":262,\"height\":262,\"caption\":\"IFES \u00b7 International Fellowship of Evangelical Students\"},\"image\":{\"@id\":\"https:\/\/fru.ifesworld.org\/en\/#\/schema\/logo\/image\/\"}}]}<\/script>\n<!-- \/ Yoast SEO plugin. -->","yoast_head_json":{"title":"Pousser les \u00e9tudiants \u00e0 voir plus grand &#183; IFES Prayerline","description":"En Sierra Leone, les \u00e9lections des associations \u00e9tudiantes sont souvent violentes. L\u2019ann\u00e9e derni\u00e8re, les \u00e9tudiants du SLEFES, le mouvement local de","robots":{"index":"noindex","follow":"follow","max-snippet":"max-snippet:-1","max-image-preview":"max-image-preview:large","max-video-preview":"max-video-preview:-1"},"og_locale":"fr_FR","og_type":"article","og_title":"Pousser les \u00e9tudiants \u00e0 voir plus grand &#183; IFES Prayerline","og_description":"En Sierra Leone, les \u00e9lections des associations \u00e9tudiantes sont souvent violentes. L\u2019ann\u00e9e derni\u00e8re, les \u00e9tudiants du SLEFES, le mouvement local de","og_url":"https:\/\/ifesworld.org\/fr\/prayerline\/pousser-les-etudiants-a-voir-plus-grand\/","og_site_name":"IFES","og_image":[{"width":1200,"height":675,"url":"https:\/\/ifesworld.org\/wp-content\/uploads\/2020\/02\/200218-PL-SLEEFES3.jpg","type":"image\/jpeg"}],"twitter_card":"summary_large_image","twitter_misc":{"Dur\u00e9e de lecture estim\u00e9e":"2 minutes"},"schema":{"@context":"https:\/\/schema.org","@graph":[{"@type":"WebPage","@id":"https:\/\/ifesworld.org\/fr\/prayerline\/pousser-les-etudiants-a-voir-plus-grand\/","url":"https:\/\/ifesworld.org\/fr\/prayerline\/pousser-les-etudiants-a-voir-plus-grand\/","name":"Pousser les \u00e9tudiants \u00e0 voir plus grand &#183; IFES Prayerline","isPartOf":{"@id":"https:\/\/fru.ifesworld.org\/en\/#website"},"primaryImageOfPage":{"@id":"https:\/\/ifesworld.org\/fr\/prayerline\/pousser-les-etudiants-a-voir-plus-grand\/#primaryimage"},"image":{"@id":"https:\/\/ifesworld.org\/fr\/prayerline\/pousser-les-etudiants-a-voir-plus-grand\/#primaryimage"},"thumbnailUrl":"https:\/\/fru.ifesworld.org\/wp-content\/uploads\/2020\/02\/200218-PL-SLEEFES3.jpg","datePublished":"2020-02-18T10:27:50+00:00","dateModified":"2020-02-18T10:27:50+00:00","description":"En Sierra Leone, les \u00e9lections des associations \u00e9tudiantes sont souvent violentes. L\u2019ann\u00e9e derni\u00e8re, les \u00e9tudiants du SLEFES, le mouvement local de","breadcrumb":{"@id":"https:\/\/ifesworld.org\/fr\/prayerline\/pousser-les-etudiants-a-voir-plus-grand\/#breadcrumb"},"inLanguage":"fr-FR","potentialAction":[{"@type":"ReadAction","target":["https:\/\/ifesworld.org\/fr\/prayerline\/pousser-les-etudiants-a-voir-plus-grand\/"]}]},{"@type":"ImageObject","inLanguage":"fr-FR","@id":"https:\/\/ifesworld.org\/fr\/prayerline\/pousser-les-etudiants-a-voir-plus-grand\/#primaryimage","url":"https:\/\/fru.ifesworld.org\/wp-content\/uploads\/2020\/02\/200218-PL-SLEEFES3.jpg","contentUrl":"https:\/\/fru.ifesworld.org\/wp-content\/uploads\/2020\/02\/200218-PL-SLEEFES3.jpg","width":1200,"height":675},{"@type":"BreadcrumbList","@id":"https:\/\/ifesworld.org\/fr\/prayerline\/pousser-les-etudiants-a-voir-plus-grand\/#breadcrumb","itemListElement":[{"@type":"ListItem","position":1,"name":"Home","item":"https:\/\/fru.ifesworld.org\/fr\/"},{"@type":"ListItem","position":2,"name":"Prayerline","item":"https:\/\/ifesworld.org\/en\/prayerline\/"},{"@type":"ListItem","position":3,"name":"Pousser les \u00e9tudiants \u00e0 voir plus grand"}]},{"@type":"WebSite","@id":"https:\/\/fru.ifesworld.org\/en\/#website","url":"https:\/\/fru.ifesworld.org\/en\/","name":"IFES","description":"A movement of students sharing and living out the good news of Jesus Christ. Locally. Nationally. Globally.","publisher":{"@id":"https:\/\/fru.ifesworld.org\/en\/#organization"},"potentialAction":[{"@type":"SearchAction","target":{"@type":"EntryPoint","urlTemplate":"https:\/\/fru.ifesworld.org\/en\/?s={search_term_string}"},"query-input":"required name=search_term_string"}],"inLanguage":"fr-FR"},{"@type":"Organization","@id":"https:\/\/fru.ifesworld.org\/en\/#organization","name":"IFES \u00b7 International Fellowship of Evangelical Students","url":"https:\/\/fru.ifesworld.org\/en\/","logo":{"@type":"ImageObject","inLanguage":"fr-FR","@id":"https:\/\/fru.ifesworld.org\/en\/#\/schema\/logo\/image\/","url":"https:\/\/fru.ifesworld.org\/wp-content\/uploads\/2019\/06\/ifeslogo.png","contentUrl":"https:\/\/fru.ifesworld.org\/wp-content\/uploads\/2019\/06\/ifeslogo.png","width":262,"height":262,"caption":"IFES \u00b7 International Fellowship of Evangelical Students"},"image":{"@id":"https:\/\/fru.ifesworld.org\/en\/#\/schema\/logo\/image\/"}}]}},"_links":{"self":[{"href":"https:\/\/fru.ifesworld.org\/fr\/wp-json\/wp\/v2\/prayerline\/11161"}],"collection":[{"href":"https:\/\/fru.ifesworld.org\/fr\/wp-json\/wp\/v2\/prayerline"}],"about":[{"href":"https:\/\/fru.ifesworld.org\/fr\/wp-json\/wp\/v2\/types\/prayerline"}],"wp:featuredmedia":[{"embeddable":true,"href":"https:\/\/fru.ifesworld.org\/fr\/wp-json\/wp\/v2\/media\/11104"}],"wp:attachment":[{"href":"https:\/\/fru.ifesworld.org\/fr\/wp-json\/wp\/v2\/media?parent=11161"}],"wp:term":[{"taxonomy":"area","embeddable":true,"href":"https:\/\/fru.ifesworld.org\/fr\/wp-json\/wp\/v2\/area?post=11161"},{"taxonomy":"theme","embeddable":true,"href":"https:\/\/fru.ifesworld.org\/fr\/wp-json\/wp\/v2\/theme?post=11161"}],"curies":[{"name":"wp","href":"https:\/\/api.w.org\/{rel}","templated":true}]}}