{"id":273,"date":"2019-04-17T08:04:43","date_gmt":"2019-04-17T08:04:43","guid":{"rendered":"https:\/\/fru.ifesworld.org\/landing\/journee-mondiale-de-letudiant\/"},"modified":"2024-06-03T21:05:40","modified_gmt":"2024-06-03T20:05:40","slug":"jme","status":"publish","type":"page","link":"https:\/\/fru.ifesworld.org\/fr\/jme\/","title":{"rendered":""},"content":{"rendered":"<div class=\"wp-block block-core-heading\">\n<h3 class=\"wp-block-heading\">La <strong>Journ\u00e9e mondiale de l\u2019\u00e9tudiant<\/strong> repr\u00e9sente <strong>48 heures<\/strong> de pri\u00e8re qui unissent chaque ann\u00e9e des milliers de personnes autour du monde. Etudiants, personnel et partenaires se rejoignent pour prier pour les \u00e9tudiants autour du monde et c\u00e9l\u00e9brer tout ce que Dieu fait \u00e0 travers le minist\u00e8re local de l\u2019IFES.&nbsp;&nbsp;<\/h3>\n<\/div>\n\n<div class=\"wp-block block-core-cover aligncenter\">\n<div class=\"wp-block-cover aligncenter is-light wp-duotone-unset-4\" style=\"min-height:300px;aspect-ratio:unset;aspect-ratio:unset;\"><span aria-hidden=\"true\" class=\"wp-block-cover__background has-white-background-color has-background-dim-90 has-background-dim\"><\/span><div class=\"wp-block-cover__inner-container is-layout-flow wp-block-cover-is-layout-flow\"><div class=\"wp-block block-core-columns\">\n<div class=\"wp-block-columns is-layout-flex wp-container-core-columns-is-layout-1 wp-block-columns-is-layout-flex\">\n<div class=\"wp-block-column is-layout-flow wp-block-column-is-layout-flow\"><div class=\"wp-block block-core-media-text\">\n<div class=\"wp-block-media-text is-stacked-on-mobile\"><figure class=\"wp-block-media-text__media\"><img loading=\"lazy\" decoding=\"async\" width=\"608\" height=\"323\" src=\"https:\/\/fru.ifesworld.org\/wp-content\/uploads\/2024\/05\/image.png\" alt=\"\" class=\"wp-image-37690 size-full\" srcset=\"https:\/\/fru.ifesworld.org\/wp-content\/uploads\/2024\/05\/image.png 608w, https:\/\/fru.ifesworld.org\/wp-content\/uploads\/2024\/05\/image-300x159.png 300w\" sizes=\"(max-width: 608px) 100vw, 608px\" \/><\/figure><div class=\"wp-block-media-text__content\"><div class=\"wp-block block-core-heading wp-elements-36ea75acc617cc5223314aa1c29dad6f wp-elements-dad42c0c4e21448a503018ff52f75837\">\n<h2 class=\"wp-block-heading has-world-student-day-color has-text-color has-link-color wp-elements-36ea75acc617cc5223314aa1c29dad6f\">L\u2019ann\u00e9e derni\u00e8re, <strong>25 311 <\/strong>personnes de <strong>138 <\/strong>pays et territoires se sont unies pour prier que les \u00e9tudiants du monde entier, le 20 octobre.<\/h2>\n<\/div><\/div><\/div>\n<\/div><\/div>\n<\/div>\n<\/div><\/div><\/div>\n<\/div>\n\n<div class=\"wp-block block-core-columns\">\n<div class=\"wp-block-columns is-layout-flex wp-container-core-columns-is-layout-2 wp-block-columns-is-layout-flex\">\n<div class=\"wp-block-column has-world-student-day-background-color has-background is-layout-flow wp-block-column-is-layout-flow\"><div class=\"wp-block block-core-heading wp-elements-257934a98e2b3f388f55266ed23ccad3 wp-elements-73d63efa305ed230463e2df676c838a0\">\n<h2 class=\"wp-block-heading has-text-align-center has-white-color has-text-color has-link-color has-md-font-size wp-elements-257934a98e2b3f388f55266ed23ccad3\">La Journ\u00e9e mondiale de l\u2019\u00e9tudiant 2024 aura lieu le vendredi<strong> 18 octobre<\/strong>.\u00a0<\/h2>\n<\/div>\n\n<div class=\"wp-block block-core-paragraph aligncenter wp-elements-0823585f014d8418253220f00626ccb1 wp-elements-3e75b5aad1a0cb8e04562b98c051f6d9\">\n<p class=\"has-text-align-center has-white-color has-text-color has-link-color has-md-font-size wp-elements-0823585f014d8418253220f00626ccb1\">Cette ann\u00e9e, nous avons pour th\u00e8me\u202f:<strong> Le sanctuaire\u00a0<\/strong><\/p>\n<\/div>\n\n<div class=\"wp-block block-acf-ifesbutton aligncenter\">\n<div class=\"aligncenter\">\n    <a id=\"btn-block_e23981b4e11e44be455139b709dbc765\" target=\"\" href=\"https:\/\/calendar.google.com\/calendar\/render?action=TEMPLATE&#038;dates=20241018T120000Z%2F20231020T100000Z&#038;text=World%20Student%20Day\" class=\"btn btn--tertiary\">\n        <span>\n        Save the date        <\/span>\n    <\/a>\n<\/div>\n\n<\/div>\n\n<div class=\"wp-block block-core-separator\">\n<hr class=\"wp-block-separator has-text-color has-white-color has-alpha-channel-opacity has-white-background-color has-background\"\/>\n<\/div>\n\n<div class=\"wp-block block-core-heading wp-elements-a81758f1932a6bba84f31139120505ae wp-elements-6980f148ef14a8c5b7879c5e2fde56de\">\n<h4 class=\"wp-block-heading has-text-align-center has-white-color has-text-color has-link-color wp-elements-a81758f1932a6bba84f31139120505ae\">Dans un monde agit\u00e9 et rugissant, nous avons besoin de temps de calme \u2013 pour faire taire le bruit, faire une pause \u2013 et de renouveler notre confiance que Dieu est notre rempart, notre refuge et un secours toujours offert.&nbsp;&nbsp;<\/h4>\n<\/div>\n\n<div class=\"wp-block block-core-heading wp-elements-0955c3ef5e9a4e1205f6bdd0237d31a0 wp-elements-7acf59b19ad3ab4e19403ad35af3d5e6\">\n<h4 class=\"wp-block-heading has-text-align-center has-white-color has-text-color has-link-color wp-elements-0955c3ef5e9a4e1205f6bdd0237d31a0\">Le <strong>18 octobre<\/strong>, nous prierons que les \u00e9tudiants autour du monde puissent entrer dans cette tranquillit\u00e9. Les temp\u00eates sont nombreuses\u202f: les conflits physiques, les soci\u00e9t\u00e9s divis\u00e9es, l\u2019incertitude \u00e9conomique, la pression des pairs, les lourdes charges universitaires.&nbsp;&nbsp;<\/h4>\n<\/div>\n\n<div class=\"wp-block block-core-heading wp-elements-298ce2d2154a70adfba7d54b1e2a73d8 wp-elements-9ee5cddb4ae46d1e00dfb69e79155f3f\">\n<h4 class=\"wp-block-heading has-text-align-center has-white-color has-text-color has-link-color wp-elements-298ce2d2154a70adfba7d54b1e2a73d8\">Rejoignez-nous pour prier que les \u00e9tudiants puissent s\u2019arr\u00eater et trouver refuge en Christ pour que le nom de Dieu soit honor\u00e9 parmi les nations.&nbsp;<\/h4>\n<\/div>\n\n<div class=\"wp-block block-core-separator\">\n<hr class=\"wp-block-separator has-text-color has-white-color has-alpha-channel-opacity has-white-background-color has-background\"\/>\n<\/div>\n\n<div class=\"wp-block block-core-quote\">\n<blockquote class=\"wp-block-quote is-layout-flow wp-block-quote-is-layout-flow\"><div class=\"wp-block block-core-heading wp-elements-86a68cf5f252acc04fa2c0ba37379c8d wp-elements-c0bdda4d65e107ffeb79dff1d4689dc2\">\n<h4 class=\"wp-block-heading has-text-align-center has-white-color has-text-color has-link-color wp-elements-86a68cf5f252acc04fa2c0ba37379c8d\">\u00ab Arr\u00eatez\u202f! dit-il, reconnaissez-moi pour Dieu. &nbsp;<br>Je serai glorifi\u00e9 par les peuples, je serai glorifi\u00e9 sur la terre. \u00bb &nbsp;<\/h4>\n<\/div>\n\n<div class=\"wp-block block-core-heading wp-elements-ad2604d0b347caae89b6870d2ae51793 wp-elements-4c28763d99531b64303bb38e77abdfa6\">\n<h4 class=\"wp-block-heading has-text-align-center has-white-color has-text-color has-link-color wp-elements-ad2604d0b347caae89b6870d2ae51793\"><strong>Psaume 46.11<\/strong>&nbsp;<\/h4>\n<\/div><\/blockquote>\n<\/div><\/div>\n<\/div>\n<\/div>\n\n<div class=\"wp-block block-core-heading\">\n<h2 class=\"wp-block-heading\"><strong>Vous joindrez-vous \u00e0 nous cette ann\u00e9e ?\u00a0\u00a0<\/strong><\/h2>\n<\/div>\n\n<div class=\"wp-block block-core-heading\">\n<h4 class=\"wp-block-heading\">Inscrivez-vous pour recevoir toutes les derni\u00e8res nouvelles et ressources\u202f:\u00a0\u00a0<\/h4>\n<\/div>\n\n<div class=\"wp-block block-acf-subscriptionsignup alignwide\">\n<section id=\"subscription-signup-block_c20ef0365aff2b3e7401b8939c965380\" class=\"alignwide subscription-signup subscription--prayerline side-padding--md\">\n    <div class=\"signup__content container--adaptive-md align--center text--center\">\n\n      \n      <script>(function() {\n\twindow.mc4wp = window.mc4wp || {\n\t\tlisteners: [],\n\t\tforms: {\n\t\t\ton: function(evt, cb) {\n\t\t\t\twindow.mc4wp.listeners.push(\n\t\t\t\t\t{\n\t\t\t\t\t\tevent   : evt,\n\t\t\t\t\t\tcallback: cb\n\t\t\t\t\t}\n\t\t\t\t);\n\t\t\t}\n\t\t}\n\t}\n})();\n<\/script><!-- Mailchimp for WordPress v4.9.13 - https:\/\/wordpress.org\/plugins\/mailchimp-for-wp\/ --><form id=\"mc4wp-form-1\" class=\"mc4wp-form mc4wp-form-3199\" method=\"post\" data-id=\"3199\" data-name=\"\" ><div class=\"mc4wp-form-fields\"><div class=\"signup__form container--full-width flex flex--wrap flex--center\">\r\n<div class=\"form__input signup__fname\">\r\n\t<label class=\"form__label sr-only\" for=\"signup-fname\">Pr\u00e9nom:<\/label>\r\n\t<input id=\"signup-fname\" type=\"text\" name=\"FNAME\" placeholder=\"Pr\u00e9nom\" \/>\r\n<\/div>\r\n<div class=\"form__input signup__lname\">\r\n\t<label class=\"form__label sr-only\" for=\"signup-lname\">Nom:<\/label>\r\n\t<input id=\"signup-lname\" type=\"text\" name=\"LNAME\" placeholder=\"Nom\" \/>\r\n<\/div>\r\n<div class=\"form__input signup__email\">\r\n\t<label class=\"form__label sr-only\" for=\"signup-email\">Adresse e-mail:<\/label>\r\n\t<input id=\"signup-email\" type=\"text\" name=\"EMAIL\" placeholder=\"Adresse e-mail\" \/>\r\n<\/div>\r\n<span class=\"btn btn--primary form__submit\">\r\n\t<input type=\"submit\">\r\n\t<span>Subscribe<\/span>\r\n<\/span>\r\n<\/div>\r\n<input type=\"hidden\" name=\"list\" value=\"prayerline\" \/>\r\n\r\n<\/div><label style=\"display: none !important;\">Leave this field empty if you&rsquo;re human: <input type=\"text\" name=\"_mc4wp_honeypot\" value=\"\" tabindex=\"-1\" autocomplete=\"off\" \/><\/label><input type=\"hidden\" name=\"_mc4wp_timestamp\" value=\"1777561462\" \/><input type=\"hidden\" name=\"_mc4wp_form_id\" value=\"3199\" \/><input type=\"hidden\" name=\"_mc4wp_form_element_id\" value=\"mc4wp-form-1\" \/><div class=\"mc4wp-response\"><\/div><\/form><!-- \/ Mailchimp for WordPress Plugin -->      \n          <\/div>\n<\/section>\n<\/div>\n\n<div class=\"wp-block block-core-heading\">\n<h4 class=\"wp-block-heading\">Et si vous savez d\u00e9j\u00e0 que vous y participerez,<a href=\"https:\/\/fru.ifesworld.org\/fr\/jme-carte\/\"> ajoutez votre nom \u00e0 la carte\u202f:<\/a><\/h4>\n<\/div>\n\n<div class=\"wp-block block-acf-spacer\">\n<div id=\"spacer-block_9bccb1934110e00381da5c1a82ba3c24\" class=\"\">\n    <div aria-hidden=\"true\" class=\"wp-block-spacer spacer--md\"><\/div>\n<\/div>\n<\/div>\n\n<div class=\"wp-block block-acf-worldstudentdaymap alignwide\">\n<div id=\"wsd__map-block_790e9e48819abc1a7d74cc701799608b\" class=\"wsd__map alignwide\">\n    <div id=\"map\"><\/div>\n<\/div>\n<\/div>\n\n<div class=\"wp-block block-acf-ifesbutton alignleft\">\n<div class=\"alignleft\">\n    <a id=\"btn-block_0de7f1b1f7385eb1788b48d8a158a2b0\" target=\"_blank\" href=\"https:\/\/fru.ifesworld.org\/fr\/jme-carte\/\" class=\"btn btn--world-student-day\">\n        <span>\n        Inscription sur la carte de pri\u00e8re        <\/span>\n    <\/a>\n<\/div>\n\n<\/div>\n\n<div class=\"wp-block block-core-paragraph\">\n<p><strong>Laissez-vous inspirer \u2013 d\u00e9couvrez comment les \u00e9tudiants et les mouvements sur six continents ont marqu\u00e9 la Journ\u00e9e mondiale de l\u2019\u00e9tudiant l\u2019ann\u00e9e derni\u00e8re\u202f:\u00a0<\/strong><\/p>\n<\/div>\n\n<div class=\"wp-block block-core-html\">\n<div style=\"position: relative; width: 100%; height: 0; padding-top: 56.2500%;\n padding-bottom: 0; box-shadow: 0 2px 8px 0 rgba(63,69,81,0.16); margin-top: 1.6em; margin-bottom: 0.9em; overflow: hidden;\n border-radius: 8px; will-change: transform;\">\n  <iframe loading=\"lazy\" style=\"position: absolute; width: 100%; height: 100%; top: 0; left: 0; border: none; padding: 0;margin: 0;\"\n    src=\"https:&#x2F;&#x2F;www.canva.com&#x2F;design&#x2F;DAFyGGTRMok&#x2F;view?embed\" allowfullscreen=\"allowfullscreen\" allow=\"fullscreen\">\n  <\/iframe>\n<\/div>\n<a href=\"https:&#x2F;&#x2F;www.canva.com&#x2F;design&#x2F;DAFyGGTRMok&#x2F;view?utm_content=DAFyGGTRMok&amp;utm_campaign=designshare&amp;utm_medium=embeds&amp;utm_source=link\" target=\"_blank\" rel=\"noopener\">\n<\/div>\n\n<div class=\"wp-block block-acf-spacer\">\n<div id=\"spacer-block_9bccb1934110e00381da5c1a82ba3c24\" class=\"\">\n    <div aria-hidden=\"true\" class=\"wp-block-spacer spacer--md\"><\/div>\n<\/div>\n<\/div>\n\n<div class=\"wp-block block-acf-ifesbutton\">\n<div class=\"\">\n    <a id=\"btn-block_9fa882e91654531b0de752dfa39adb98\" target=\"_blank\" href=\"https:\/\/www.instagram.com\/explore\/tags\/ifeswsd\/\" class=\"btn btn--world-student-day\">\n        <span>\n        Journ\u00e9e mondiale de l&rsquo;\u00e9tudiant sur Instagram        <\/span>\n    <\/a>\n<\/div>\n\n<\/div>\n\n<div class=\"wp-block block-core-paragraph\">\n<p>Pour en savoir plus sur l\u2019\u00e9v\u00e9nement de l\u2019ann\u00e9e derni\u00e8re, vous pouvez encore consulter les cartes de pri\u00e8re envoy\u00e9es par les \u00e9tudiants, le personnel et les mouvements, ainsi que le guide de m\u00e9ditation et la playlist \u00ab\u202fPers\u00e9v\u00e9rer\u202f\u00bb.&nbsp;&nbsp;<\/p>\n<\/div>\n\n<div class=\"wp-block block-acf-ifesbutton\">\n<div class=\"\">\n    <a id=\"btn-block_ecb3a7717acba4c356b0d396fd4b81ef\" target=\"_blank\" href=\"https:\/\/fru.ifesworld.org\/fr\/prayerline\/jme-2023\/\" class=\"btn btn--primary\">\n        <span>\n        Cartes de pri\u00e8re        <\/span>\n    <\/a>\n<\/div>\n\n<\/div>\n\n<div class=\"wp-block block-core-paragraph\">\n<p>En attendant, continuez \u00e0 prier pour le minist\u00e8re parmi les \u00e9tudiants en exploitant les num\u00e9ros bimensuels de <a href=\"https:\/\/fru.ifesworld.org\/fr\/prayerline\/?switch_language=fr\">Prayerline<\/a>, un aper\u00e7u du minist\u00e8re \u00e9tudiant dans un pays donn\u00e9, accompagn\u00e9 de sujets de pri\u00e8re.\u00a0\u00a0<\/p>\n<\/div>\n\n<div class=\"wp-block block-core-heading\">\n<h1 class=\"wp-block-heading has-text-align-center has-primary-color has-text-color\" id=\"histoires-recentes-qui-vous-aideront-a-prier\">Histoires r\u00e9centes qui vous aideront \u00e0 prier<\/h1>\n<\/div>\n\n<div class=\"wp-block block-acf-prayerline alignwide\"><section id=\"post-list-latest-post-block_b20e5300a30878c190527d80c49d335e\" class='alignwide latest-post-list list--prayerline'>\n            <ul class='post-list items--3 flex flex--wrap flex--center-x no-style'>\n<li class=\"post__item flex flex--column\">\n    <article id=\"post-38112\" class=\"article-thumbnail article--prayerline article--eurasia\">\n      <a href=\"https:\/\/fru.ifesworld.org\/fr\/prayerline\/des-voyages-profonds\/\" class=\"post__link\" rel=\"bookmark\">\n        <figure class=\"post__image  image--absolute--center image--absolute--mask\">\n          <img loading=\"lazy\" decoding=\"async\" width=\"740\" height=\"436\" src=\"https:\/\/fru.ifesworld.org\/wp-content\/uploads\/2024\/06\/5-e1718102954752-1024x604.jpg\" class=\"attachment-large size-large wp-post-image\" alt=\"\" srcset=\"https:\/\/fru.ifesworld.org\/wp-content\/uploads\/2024\/06\/5-e1718102954752-1024x604.jpg 1024w, https:\/\/fru.ifesworld.org\/wp-content\/uploads\/2024\/06\/5-e1718102954752-300x177.jpg 300w, https:\/\/fru.ifesworld.org\/wp-content\/uploads\/2024\/06\/5-e1718102954752-768x453.jpg 768w, https:\/\/fru.ifesworld.org\/wp-content\/uploads\/2024\/06\/5-e1718102954752-1536x906.jpg 1536w, https:\/\/fru.ifesworld.org\/wp-content\/uploads\/2024\/06\/5-e1718102954752.jpg 1600w\" sizes=\"(max-width: 740px) 100vw, 740px\" \/>         <\/figure>\n        <header class=\"post__content flex flex--column flex--end\">\n          <h1 class=\"post__title flex flex--column\">\n                          <span class=\"post__area\">G\u00e9orgie:<\/span>\n                         Des voyages profonds             <i class=\"icon-container icon--praying-hands-solid\">\n                <svg class=\"icon\">\n                    <use xlink:href=\"#praying-hands-solid\"><\/use>\n                <\/svg>\n             <\/i>\n          <\/h1>\n        <\/header>\n      <\/a>\n    <\/article>\n<\/li>\n\n\n<li class=\"post__item flex flex--column\">\n    <article id=\"post-37328\" class=\"article-thumbnail article--prayerline article--francophone-africa\">\n      <a href=\"https:\/\/fru.ifesworld.org\/fr\/prayerline\/briser-le-silence\/\" class=\"post__link\" rel=\"bookmark\">\n        <figure class=\"post__image  image--absolute--center image--absolute--mask\">\n          <img loading=\"lazy\" decoding=\"async\" width=\"740\" height=\"419\" src=\"https:\/\/fru.ifesworld.org\/wp-content\/uploads\/2024\/05\/IMG-20240111-WA0103-e1716473129187.jpg\" class=\"attachment-large size-large wp-post-image\" alt=\"\" srcset=\"https:\/\/fru.ifesworld.org\/wp-content\/uploads\/2024\/05\/IMG-20240111-WA0103-e1716473129187.jpg 995w, https:\/\/fru.ifesworld.org\/wp-content\/uploads\/2024\/05\/IMG-20240111-WA0103-e1716473129187-300x169.jpg 300w, https:\/\/fru.ifesworld.org\/wp-content\/uploads\/2024\/05\/IMG-20240111-WA0103-e1716473129187-768x435.jpg 768w\" sizes=\"(max-width: 740px) 100vw, 740px\" \/>         <\/figure>\n        <header class=\"post__content flex flex--column flex--end\">\n          <h1 class=\"post__title flex flex--column\">\n                          <span class=\"post__area\">la R\u00e9publique d\u00e9mocratique du Congo:<\/span>\n                         Briser le silence             <i class=\"icon-container icon--praying-hands-solid\">\n                <svg class=\"icon\">\n                    <use xlink:href=\"#praying-hands-solid\"><\/use>\n                <\/svg>\n             <\/i>\n          <\/h1>\n        <\/header>\n      <\/a>\n    <\/article>\n<\/li>\n\n\n<li class=\"post__item flex flex--column\">\n    <article id=\"post-36729\" class=\"article-thumbnail article--prayerline article--mena\">\n      <a href=\"https:\/\/fru.ifesworld.org\/fr\/prayerline\/du-cafe-et-un-feu\/\" class=\"post__link\" rel=\"bookmark\">\n        <figure class=\"post__image  image--absolute--center image--absolute--mask\">\n          <img loading=\"lazy\" decoding=\"async\" width=\"740\" height=\"361\" src=\"https:\/\/fru.ifesworld.org\/wp-content\/uploads\/2024\/05\/joris-voeten-gL84ogFsV6s-unsplash-e1716542153366-1024x500.jpg\" class=\"attachment-large size-large wp-post-image\" alt=\"\" srcset=\"https:\/\/fru.ifesworld.org\/wp-content\/uploads\/2024\/05\/joris-voeten-gL84ogFsV6s-unsplash-e1716542153366-1024x500.jpg 1024w, https:\/\/fru.ifesworld.org\/wp-content\/uploads\/2024\/05\/joris-voeten-gL84ogFsV6s-unsplash-e1716542153366-300x146.jpg 300w, https:\/\/fru.ifesworld.org\/wp-content\/uploads\/2024\/05\/joris-voeten-gL84ogFsV6s-unsplash-e1716542153366-768x375.jpg 768w, https:\/\/fru.ifesworld.org\/wp-content\/uploads\/2024\/05\/joris-voeten-gL84ogFsV6s-unsplash-e1716542153366-1536x750.jpg 1536w, https:\/\/fru.ifesworld.org\/wp-content\/uploads\/2024\/05\/joris-voeten-gL84ogFsV6s-unsplash-e1716542153366.jpg 1920w\" sizes=\"(max-width: 740px) 100vw, 740px\" \/>         <\/figure>\n        <header class=\"post__content flex flex--column flex--end\">\n          <h1 class=\"post__title flex flex--column\">\n                          <span class=\"post__area\">Moyen-Orient et Afrique du Nord:<\/span>\n                         Du caf\u00e9 et un feu\u00a0             <i class=\"icon-container icon--praying-hands-solid\">\n                <svg class=\"icon\">\n                    <use xlink:href=\"#praying-hands-solid\"><\/use>\n                <\/svg>\n             <\/i>\n          <\/h1>\n        <\/header>\n      <\/a>\n    <\/article>\n<\/li>\n\n<\/ul><\/section><\/div>\n\n<div class=\"wp-block block-acf-ifesbutton aligncenter text--center\">\n<div class=\"aligncenter\">\n    <a id=\"btn-block_e1b32762c8586f5b154bc2ab80a77a8b\" target=\"\" href=\"\/fr\/prier\" class=\"text--center btn btn--cta-link\">\n        <span>\n                    <span class=\"icon\"><svg class=\"icon\"><use xlink:href=\"#chevron-circle-right-solid\"\/><\/svg><\/span>\n        D\u2019autres mani\u00e8res de prier avec nous        <\/span>\n    <\/a>\n<\/div>\n\n<\/div>\n\n<div class=\"wp-block block-acf-spacer\">\n<div id=\"spacer-block_9bccb1934110e00381da5c1a82ba3c24\" class=\"\">\n    <div aria-hidden=\"true\" class=\"wp-block-spacer spacer--md\"><\/div>\n<\/div>\n<\/div>","protected":false},"excerpt":{"rendered":"<p>La Journ\u00e9e mondiale de l\u2019\u00e9tudiant repr\u00e9sente 48 heures de pri\u00e8re qui unissent chaque ann\u00e9e des milliers de personnes autour du monde. Etudiants, personnel et partenaires se rejoignent pour prier pour les \u00e9tudiants autour du monde et c\u00e9l\u00e9brer tout ce que Dieu fait \u00e0 travers le minist\u00e8re local de l\u2019IFES.&nbsp;&nbsp; La Journ\u00e9e mondiale de l\u2019\u00e9tudiant 2024&#8230;<\/p>\n","protected":false},"author":2,"featured_media":37687,"parent":0,"menu_order":0,"comment_status":"closed","ping_status":"closed","template":"","meta":{"_acf_changed":false,"inline_featured_image":false,"footnotes":""},"area":[],"theme":[],"class_list":["post-273","page","type-page","status-publish","has-post-thumbnail","hentry"],"acf":[],"yoast_head":"<!-- This site is optimized with the Yoast SEO plugin v22.6 - https:\/\/yoast.com\/wordpress\/plugins\/seo\/ -->\n<title>IFES  &#183; Vendredi 20 octobre 2023<\/title>\n<meta name=\"description\" content=\"La Journ\u00e9e mondiale de l&#039;\u00e9tudiant est une journ\u00e9e annuelle qui unit notre mouvement international en vue de c\u00e9l\u00e9brer tout ce que Dieu fait \u00e0 travers l&#039;IFES et prier les uns pour les autres, ainsi que pour les besoins et les opportunit\u00e9s de l\u2019ann\u00e9e \u00e0 venir.\" \/>\n<meta name=\"robots\" content=\"noindex, follow, max-snippet:-1, max-image-preview:large, max-video-preview:-1\" \/>\n<meta property=\"og:locale\" content=\"fr_FR\" \/>\n<meta property=\"og:type\" content=\"article\" \/>\n<meta property=\"og:title\" content=\"IFES  &#183; Vendredi 20 octobre 2023\" \/>\n<meta property=\"og:description\" content=\"La Journ\u00e9e mondiale de l&#039;\u00e9tudiant est une journ\u00e9e annuelle qui unit notre mouvement international en vue de c\u00e9l\u00e9brer tout ce que Dieu fait \u00e0 travers l&#039;IFES et prier les uns pour les autres, ainsi que pour les besoins et les opportunit\u00e9s de l\u2019ann\u00e9e \u00e0 venir.\" \/>\n<meta property=\"og:url\" content=\"https:\/\/ifesworld.org\/fr\/jme\/\" \/>\n<meta property=\"og:site_name\" content=\"IFES\" \/>\n<meta property=\"article:modified_time\" content=\"2024-06-03T20:05:40+00:00\" \/>\n<meta property=\"og:image\" content=\"https:\/\/ifesworld.org\/wp-content\/uploads\/2024\/05\/wsd-banner-scaled.jpg\" \/>\n\t<meta property=\"og:image:width\" content=\"2560\" \/>\n\t<meta property=\"og:image:height\" content=\"1280\" \/>\n\t<meta property=\"og:image:type\" content=\"image\/jpeg\" \/>\n<meta name=\"twitter:card\" content=\"summary_large_image\" \/>\n<meta name=\"twitter:label1\" content=\"Dur\u00e9e de lecture estim\u00e9e\" \/>\n\t<meta name=\"twitter:data1\" content=\"3 minutes\" \/>\n<script type=\"application\/ld+json\" class=\"yoast-schema-graph\">{\"@context\":\"https:\/\/schema.org\",\"@graph\":[{\"@type\":\"WebPage\",\"@id\":\"https:\/\/ifesworld.org\/fr\/jme\/\",\"url\":\"https:\/\/ifesworld.org\/fr\/jme\/\",\"name\":\"IFES &#183; Vendredi 20 octobre 2023\",\"isPartOf\":{\"@id\":\"https:\/\/fru.ifesworld.org\/en\/#website\"},\"primaryImageOfPage\":{\"@id\":\"https:\/\/ifesworld.org\/fr\/jme\/#primaryimage\"},\"image\":{\"@id\":\"https:\/\/ifesworld.org\/fr\/jme\/#primaryimage\"},\"thumbnailUrl\":\"https:\/\/fru.ifesworld.org\/wp-content\/uploads\/2024\/05\/wsd-banner-scaled.jpg\",\"datePublished\":\"2019-04-17T08:04:43+00:00\",\"dateModified\":\"2024-06-03T20:05:40+00:00\",\"description\":\"La Journ\u00e9e mondiale de l'\u00e9tudiant est une journ\u00e9e annuelle qui unit notre mouvement international en vue de c\u00e9l\u00e9brer tout ce que Dieu fait \u00e0 travers l'IFES et prier les uns pour les autres, ainsi que pour les besoins et les opportunit\u00e9s de l\u2019ann\u00e9e \u00e0 venir.\",\"inLanguage\":\"fr-FR\",\"potentialAction\":[{\"@type\":\"ReadAction\",\"target\":[\"https:\/\/ifesworld.org\/fr\/jme\/\"]}]},{\"@type\":\"ImageObject\",\"inLanguage\":\"fr-FR\",\"@id\":\"https:\/\/ifesworld.org\/fr\/jme\/#primaryimage\",\"url\":\"https:\/\/fru.ifesworld.org\/wp-content\/uploads\/2024\/05\/wsd-banner-scaled.jpg\",\"contentUrl\":\"https:\/\/fru.ifesworld.org\/wp-content\/uploads\/2024\/05\/wsd-banner-scaled.jpg\",\"width\":2560,\"height\":1280,\"caption\":\"world student day\"},{\"@type\":\"WebSite\",\"@id\":\"https:\/\/fru.ifesworld.org\/en\/#website\",\"url\":\"https:\/\/fru.ifesworld.org\/en\/\",\"name\":\"IFES\",\"description\":\"A movement of students sharing and living out the good news of Jesus Christ. Locally. Nationally. Globally.\",\"publisher\":{\"@id\":\"https:\/\/fru.ifesworld.org\/en\/#organization\"},\"potentialAction\":[{\"@type\":\"SearchAction\",\"target\":{\"@type\":\"EntryPoint\",\"urlTemplate\":\"https:\/\/fru.ifesworld.org\/en\/?s={search_term_string}\"},\"query-input\":\"required name=search_term_string\"}],\"inLanguage\":\"fr-FR\"},{\"@type\":\"Organization\",\"@id\":\"https:\/\/fru.ifesworld.org\/en\/#organization\",\"name\":\"IFES \u00b7 International Fellowship of Evangelical Students\",\"url\":\"https:\/\/fru.ifesworld.org\/en\/\",\"logo\":{\"@type\":\"ImageObject\",\"inLanguage\":\"fr-FR\",\"@id\":\"https:\/\/fru.ifesworld.org\/en\/#\/schema\/logo\/image\/\",\"url\":\"https:\/\/fru.ifesworld.org\/wp-content\/uploads\/2019\/06\/ifeslogo.png\",\"contentUrl\":\"https:\/\/fru.ifesworld.org\/wp-content\/uploads\/2019\/06\/ifeslogo.png\",\"width\":262,\"height\":262,\"caption\":\"IFES \u00b7 International Fellowship of Evangelical Students\"},\"image\":{\"@id\":\"https:\/\/fru.ifesworld.org\/en\/#\/schema\/logo\/image\/\"}}]}<\/script>\n<!-- \/ Yoast SEO plugin. -->","yoast_head_json":{"title":"IFES  &#183; Vendredi 20 octobre 2023","description":"La Journ\u00e9e mondiale de l'\u00e9tudiant est une journ\u00e9e annuelle qui unit notre mouvement international en vue de c\u00e9l\u00e9brer tout ce que Dieu fait \u00e0 travers l'IFES et prier les uns pour les autres, ainsi que pour les besoins et les opportunit\u00e9s de l\u2019ann\u00e9e \u00e0 venir.","robots":{"index":"noindex","follow":"follow","max-snippet":"max-snippet:-1","max-image-preview":"max-image-preview:large","max-video-preview":"max-video-preview:-1"},"og_locale":"fr_FR","og_type":"article","og_title":"IFES  &#183; Vendredi 20 octobre 2023","og_description":"La Journ\u00e9e mondiale de l'\u00e9tudiant est une journ\u00e9e annuelle qui unit notre mouvement international en vue de c\u00e9l\u00e9brer tout ce que Dieu fait \u00e0 travers l'IFES et prier les uns pour les autres, ainsi que pour les besoins et les opportunit\u00e9s de l\u2019ann\u00e9e \u00e0 venir.","og_url":"https:\/\/ifesworld.org\/fr\/jme\/","og_site_name":"IFES","article_modified_time":"2024-06-03T20:05:40+00:00","og_image":[{"width":2560,"height":1280,"url":"https:\/\/ifesworld.org\/wp-content\/uploads\/2024\/05\/wsd-banner-scaled.jpg","type":"image\/jpeg"}],"twitter_card":"summary_large_image","twitter_misc":{"Dur\u00e9e de lecture estim\u00e9e":"3 minutes"},"schema":{"@context":"https:\/\/schema.org","@graph":[{"@type":"WebPage","@id":"https:\/\/ifesworld.org\/fr\/jme\/","url":"https:\/\/ifesworld.org\/fr\/jme\/","name":"IFES &#183; Vendredi 20 octobre 2023","isPartOf":{"@id":"https:\/\/fru.ifesworld.org\/en\/#website"},"primaryImageOfPage":{"@id":"https:\/\/ifesworld.org\/fr\/jme\/#primaryimage"},"image":{"@id":"https:\/\/ifesworld.org\/fr\/jme\/#primaryimage"},"thumbnailUrl":"https:\/\/fru.ifesworld.org\/wp-content\/uploads\/2024\/05\/wsd-banner-scaled.jpg","datePublished":"2019-04-17T08:04:43+00:00","dateModified":"2024-06-03T20:05:40+00:00","description":"La Journ\u00e9e mondiale de l'\u00e9tudiant est une journ\u00e9e annuelle qui unit notre mouvement international en vue de c\u00e9l\u00e9brer tout ce que Dieu fait \u00e0 travers l'IFES et prier les uns pour les autres, ainsi que pour les besoins et les opportunit\u00e9s de l\u2019ann\u00e9e \u00e0 venir.","inLanguage":"fr-FR","potentialAction":[{"@type":"ReadAction","target":["https:\/\/ifesworld.org\/fr\/jme\/"]}]},{"@type":"ImageObject","inLanguage":"fr-FR","@id":"https:\/\/ifesworld.org\/fr\/jme\/#primaryimage","url":"https:\/\/fru.ifesworld.org\/wp-content\/uploads\/2024\/05\/wsd-banner-scaled.jpg","contentUrl":"https:\/\/fru.ifesworld.org\/wp-content\/uploads\/2024\/05\/wsd-banner-scaled.jpg","width":2560,"height":1280,"caption":"world student day"},{"@type":"WebSite","@id":"https:\/\/fru.ifesworld.org\/en\/#website","url":"https:\/\/fru.ifesworld.org\/en\/","name":"IFES","description":"A movement of students sharing and living out the good news of Jesus Christ. Locally. Nationally. Globally.","publisher":{"@id":"https:\/\/fru.ifesworld.org\/en\/#organization"},"potentialAction":[{"@type":"SearchAction","target":{"@type":"EntryPoint","urlTemplate":"https:\/\/fru.ifesworld.org\/en\/?s={search_term_string}"},"query-input":"required name=search_term_string"}],"inLanguage":"fr-FR"},{"@type":"Organization","@id":"https:\/\/fru.ifesworld.org\/en\/#organization","name":"IFES \u00b7 International Fellowship of Evangelical Students","url":"https:\/\/fru.ifesworld.org\/en\/","logo":{"@type":"ImageObject","inLanguage":"fr-FR","@id":"https:\/\/fru.ifesworld.org\/en\/#\/schema\/logo\/image\/","url":"https:\/\/fru.ifesworld.org\/wp-content\/uploads\/2019\/06\/ifeslogo.png","contentUrl":"https:\/\/fru.ifesworld.org\/wp-content\/uploads\/2019\/06\/ifeslogo.png","width":262,"height":262,"caption":"IFES \u00b7 International Fellowship of Evangelical Students"},"image":{"@id":"https:\/\/fru.ifesworld.org\/en\/#\/schema\/logo\/image\/"}}]}},"_links":{"self":[{"href":"https:\/\/fru.ifesworld.org\/fr\/wp-json\/wp\/v2\/pages\/273"}],"collection":[{"href":"https:\/\/fru.ifesworld.org\/fr\/wp-json\/wp\/v2\/pages"}],"about":[{"href":"https:\/\/fru.ifesworld.org\/fr\/wp-json\/wp\/v2\/types\/page"}],"author":[{"embeddable":true,"href":"https:\/\/fru.ifesworld.org\/fr\/wp-json\/wp\/v2\/users\/2"}],"replies":[{"embeddable":true,"href":"https:\/\/fru.ifesworld.org\/fr\/wp-json\/wp\/v2\/comments?post=273"}],"version-history":[{"count":103,"href":"https:\/\/fru.ifesworld.org\/fr\/wp-json\/wp\/v2\/pages\/273\/revisions"}],"predecessor-version":[{"id":37907,"href":"https:\/\/fru.ifesworld.org\/fr\/wp-json\/wp\/v2\/pages\/273\/revisions\/37907"}],"wp:featuredmedia":[{"embeddable":true,"href":"https:\/\/fru.ifesworld.org\/fr\/wp-json\/wp\/v2\/media\/37687"}],"wp:attachment":[{"href":"https:\/\/fru.ifesworld.org\/fr\/wp-json\/wp\/v2\/media?parent=273"}],"wp:term":[{"taxonomy":"area","embeddable":true,"href":"https:\/\/fru.ifesworld.org\/fr\/wp-json\/wp\/v2\/area?post=273"},{"taxonomy":"theme","embeddable":true,"href":"https:\/\/fru.ifesworld.org\/fr\/wp-json\/wp\/v2\/theme?post=273"}],"curies":[{"name":"wp","href":"https:\/\/api.w.org\/{rel}","templated":true}]}}