{"id":244,"date":"2019-04-17T07:42:46","date_gmt":"2019-04-17T07:42:46","guid":{"rendered":"https:\/\/fru.ifesworld.org\/landing\/notre-monde\/"},"modified":"2022-03-21T15:52:23","modified_gmt":"2022-03-21T15:52:23","slug":"monde","status":"publish","type":"page","link":"https:\/\/fru.ifesworld.org\/fr\/monde\/","title":{"rendered":"Explorer les mouvements de l&rsquo;IFES dans le monde"},"content":{"rendered":"<div class=\"wp-block block-acf-regionlistmap alignwide\">\n<section id=\"region-list-block_5cf66673244b0\" class=\"alignwide region-list-container\">\n    <img decoding=\"async\" class=\"region-list__map\" src=\"\/wp-content\/themes\/ifes\/assets\/images\/svg\/IFES_World_Connect_Map.svg\">\n    <div class=\"region-list__container flex full-width full-height\">\n        <ul class=\"region-list no-style\">\n          <li class=\"region region--south-pacific\"><a class=\"btn btn--south-pacific\" href=\"https:\/\/fru.ifesworld.org\/fr\/region\/pacifiquesud\/\"><span>Pacifique sud<\/span><\/a><\/li><li class=\"region region--east-asia\"><a class=\"btn btn--east-asia\" href=\"https:\/\/fru.ifesworld.org\/fr\/region\/asiedelest\/\"><span>Asie de l\u2019Est<\/span><\/a><\/li><li class=\"region region--south-asia\"><a class=\"btn btn--south-asia\" href=\"https:\/\/fru.ifesworld.org\/fr\/region\/asiedusud\/\"><span>Asie du Sud<\/span><\/a><\/li><li class=\"region region--eurasia\"><a class=\"btn btn--eurasia\" href=\"https:\/\/fru.ifesworld.org\/fr\/region\/eurasie\/\"><span>Eurasie<\/span><\/a><\/li><li class=\"region region--epsa\"><a class=\"btn btn--epsa\" href=\"https:\/\/fru.ifesworld.org\/fr\/region\/epsa\/\"><span>EPSA<\/span><\/a><\/li><li class=\"region region--mena\"><a class=\"btn btn--mena\" href=\"https:\/\/fru.ifesworld.org\/fr\/region\/mena\/\"><span>MENA<\/span><\/a><\/li><li class=\"region region--caribbean\"><a class=\"btn btn--caribbean\" href=\"https:\/\/fru.ifesworld.org\/fr\/region\/caraibe\/\"><span>Cara\u00efbe<\/span><\/a><\/li><li class=\"region region--europe\"><a class=\"btn btn--europe\" href=\"https:\/\/fru.ifesworld.org\/fr\/region\/europe\/\"><span>Europe<\/span><\/a><\/li><li class=\"region region--latin-america\"><a class=\"btn btn--latin-america\" href=\"https:\/\/fru.ifesworld.org\/fr\/region\/ameriquelatine\/\"><span>Am\u00e9rique latine<\/span><\/a><\/li><li class=\"region region--north-america\"><a class=\"btn btn--north-america\" href=\"https:\/\/fru.ifesworld.org\/fr\/region\/ameriquedunord\/\"><span>Am\u00e9rique du Nord<\/span><\/a><\/li><li class=\"region region--francophone-africa\"><a class=\"btn btn--francophone-africa\" href=\"https:\/\/fru.ifesworld.org\/fr\/region\/afriquefrancophone\/\"><span>Afrique francophone<\/span><\/a><\/li>        <\/ul>\n    <\/div>\n<\/section>\n\n<\/div>\n\n<div class=\"wp-block block-core-heading h2\">\n<h1 class=\"has-text-align-center h2 wp-block-heading\">HISTOIRES R\u00c9CENTES QUI VOUS AIDERONT \u00c0 PRIER<\/h1>\n<\/div>\n\n<div class=\"wp-block block-acf-prayerline alignwide\"><section id=\"post-list-latest-post-block_5cf8f9a41a24c\" class='alignwide latest-post-list list--prayerline'>\n            <ul class='post-list items--4 flex flex--wrap flex--center-x no-style'>\n<li class=\"post__item flex flex--column\">\n    <article id=\"post-38112\" class=\"article-thumbnail article--prayerline article--eurasia\">\n      <a href=\"https:\/\/fru.ifesworld.org\/fr\/prayerline\/des-voyages-profonds\/\" class=\"post__link\" rel=\"bookmark\">\n        <figure class=\"post__image  image--absolute--center image--absolute--mask\">\n          <img loading=\"lazy\" decoding=\"async\" width=\"740\" height=\"436\" src=\"https:\/\/fru.ifesworld.org\/wp-content\/uploads\/2024\/06\/5-e1718102954752-1024x604.jpg\" class=\"attachment-large size-large wp-post-image\" alt=\"\" srcset=\"https:\/\/fru.ifesworld.org\/wp-content\/uploads\/2024\/06\/5-e1718102954752-1024x604.jpg 1024w, https:\/\/fru.ifesworld.org\/wp-content\/uploads\/2024\/06\/5-e1718102954752-300x177.jpg 300w, https:\/\/fru.ifesworld.org\/wp-content\/uploads\/2024\/06\/5-e1718102954752-768x453.jpg 768w, https:\/\/fru.ifesworld.org\/wp-content\/uploads\/2024\/06\/5-e1718102954752-1536x906.jpg 1536w, https:\/\/fru.ifesworld.org\/wp-content\/uploads\/2024\/06\/5-e1718102954752.jpg 1600w\" sizes=\"(max-width: 740px) 100vw, 740px\" \/>         <\/figure>\n        <header class=\"post__content flex flex--column flex--end\">\n          <h1 class=\"post__title flex flex--column\">\n                          <span class=\"post__area\">G\u00e9orgie:<\/span>\n                         Des voyages profonds             <i class=\"icon-container icon--praying-hands-solid\">\n                <svg class=\"icon\">\n                    <use xlink:href=\"#praying-hands-solid\"><\/use>\n                <\/svg>\n             <\/i>\n          <\/h1>\n        <\/header>\n      <\/a>\n    <\/article>\n<\/li>\n\n\n<li class=\"post__item flex flex--column\">\n    <article id=\"post-37328\" class=\"article-thumbnail article--prayerline article--francophone-africa\">\n      <a href=\"https:\/\/fru.ifesworld.org\/fr\/prayerline\/briser-le-silence\/\" class=\"post__link\" rel=\"bookmark\">\n        <figure class=\"post__image  image--absolute--center image--absolute--mask\">\n          <img loading=\"lazy\" decoding=\"async\" width=\"740\" height=\"419\" src=\"https:\/\/fru.ifesworld.org\/wp-content\/uploads\/2024\/05\/IMG-20240111-WA0103-e1716473129187.jpg\" class=\"attachment-large size-large wp-post-image\" alt=\"\" srcset=\"https:\/\/fru.ifesworld.org\/wp-content\/uploads\/2024\/05\/IMG-20240111-WA0103-e1716473129187.jpg 995w, https:\/\/fru.ifesworld.org\/wp-content\/uploads\/2024\/05\/IMG-20240111-WA0103-e1716473129187-300x169.jpg 300w, https:\/\/fru.ifesworld.org\/wp-content\/uploads\/2024\/05\/IMG-20240111-WA0103-e1716473129187-768x435.jpg 768w\" sizes=\"(max-width: 740px) 100vw, 740px\" \/>         <\/figure>\n        <header class=\"post__content flex flex--column flex--end\">\n          <h1 class=\"post__title flex flex--column\">\n                          <span class=\"post__area\">la R\u00e9publique d\u00e9mocratique du Congo:<\/span>\n                         Briser le silence             <i class=\"icon-container icon--praying-hands-solid\">\n                <svg class=\"icon\">\n                    <use xlink:href=\"#praying-hands-solid\"><\/use>\n                <\/svg>\n             <\/i>\n          <\/h1>\n        <\/header>\n      <\/a>\n    <\/article>\n<\/li>\n\n\n<li class=\"post__item flex flex--column\">\n    <article id=\"post-36729\" class=\"article-thumbnail article--prayerline article--mena\">\n      <a href=\"https:\/\/fru.ifesworld.org\/fr\/prayerline\/du-cafe-et-un-feu\/\" class=\"post__link\" rel=\"bookmark\">\n        <figure class=\"post__image  image--absolute--center image--absolute--mask\">\n          <img loading=\"lazy\" decoding=\"async\" width=\"740\" height=\"361\" src=\"https:\/\/fru.ifesworld.org\/wp-content\/uploads\/2024\/05\/joris-voeten-gL84ogFsV6s-unsplash-e1716542153366-1024x500.jpg\" class=\"attachment-large size-large wp-post-image\" alt=\"\" srcset=\"https:\/\/fru.ifesworld.org\/wp-content\/uploads\/2024\/05\/joris-voeten-gL84ogFsV6s-unsplash-e1716542153366-1024x500.jpg 1024w, https:\/\/fru.ifesworld.org\/wp-content\/uploads\/2024\/05\/joris-voeten-gL84ogFsV6s-unsplash-e1716542153366-300x146.jpg 300w, https:\/\/fru.ifesworld.org\/wp-content\/uploads\/2024\/05\/joris-voeten-gL84ogFsV6s-unsplash-e1716542153366-768x375.jpg 768w, https:\/\/fru.ifesworld.org\/wp-content\/uploads\/2024\/05\/joris-voeten-gL84ogFsV6s-unsplash-e1716542153366-1536x750.jpg 1536w, https:\/\/fru.ifesworld.org\/wp-content\/uploads\/2024\/05\/joris-voeten-gL84ogFsV6s-unsplash-e1716542153366.jpg 1920w\" sizes=\"(max-width: 740px) 100vw, 740px\" \/>         <\/figure>\n        <header class=\"post__content flex flex--column flex--end\">\n          <h1 class=\"post__title flex flex--column\">\n                          <span class=\"post__area\">Moyen-Orient et Afrique du Nord:<\/span>\n                         Du caf\u00e9 et un feu\u00a0             <i class=\"icon-container icon--praying-hands-solid\">\n                <svg class=\"icon\">\n                    <use xlink:href=\"#praying-hands-solid\"><\/use>\n                <\/svg>\n             <\/i>\n          <\/h1>\n        <\/header>\n      <\/a>\n    <\/article>\n<\/li>\n\n\n<li class=\"post__item flex flex--column\">\n    <article id=\"post-36302\" class=\"article-thumbnail article--prayerline article--south-asia\">\n      <a href=\"https:\/\/fru.ifesworld.org\/fr\/prayerline\/quand-les-disciples-isoles-trouvent-une-communaute\/\" class=\"post__link\" rel=\"bookmark\">\n        <figure class=\"post__image  image--absolute--center image--absolute--mask\">\n                   <\/figure>\n        <header class=\"post__content flex flex--column flex--end\">\n          <h1 class=\"post__title flex flex--column\">\n                          <span class=\"post__area\">Bangladesh:<\/span>\n                         Quand les disciples isol\u00e9s trouvent une communaut\u00e9             <i class=\"icon-container icon--praying-hands-solid\">\n                <svg class=\"icon\">\n                    <use xlink:href=\"#praying-hands-solid\"><\/use>\n                <\/svg>\n             <\/i>\n          <\/h1>\n        <\/header>\n      <\/a>\n    <\/article>\n<\/li>\n\n<\/ul><\/section><\/div>\n\n<div class=\"wp-block block-acf-subscriptionsignup alignwide\">\n<section id=\"subscription-signup-block_5cf91a18e2c64\" class=\"alignwide subscription-signup subscription--prayerline side-padding--md\">\n    <div class=\"signup__content container--adaptive-md align--center text--center\">\n\n      \n      <script>(function() {\n\twindow.mc4wp = window.mc4wp || {\n\t\tlisteners: [],\n\t\tforms: {\n\t\t\ton: function(evt, cb) {\n\t\t\t\twindow.mc4wp.listeners.push(\n\t\t\t\t\t{\n\t\t\t\t\t\tevent   : evt,\n\t\t\t\t\t\tcallback: cb\n\t\t\t\t\t}\n\t\t\t\t);\n\t\t\t}\n\t\t}\n\t}\n})();\n<\/script><!-- Mailchimp for WordPress v4.9.13 - https:\/\/wordpress.org\/plugins\/mailchimp-for-wp\/ --><form id=\"mc4wp-form-1\" class=\"mc4wp-form mc4wp-form-3199\" method=\"post\" data-id=\"3199\" data-name=\"\" ><div class=\"mc4wp-form-fields\"><div class=\"signup__form container--full-width flex flex--wrap flex--center\">\r\n<div class=\"form__input signup__fname\">\r\n\t<label class=\"form__label sr-only\" for=\"signup-fname\">Pr\u00e9nom:<\/label>\r\n\t<input id=\"signup-fname\" type=\"text\" name=\"FNAME\" placeholder=\"Pr\u00e9nom\" \/>\r\n<\/div>\r\n<div class=\"form__input signup__lname\">\r\n\t<label class=\"form__label sr-only\" for=\"signup-lname\">Nom:<\/label>\r\n\t<input id=\"signup-lname\" type=\"text\" name=\"LNAME\" placeholder=\"Nom\" \/>\r\n<\/div>\r\n<div class=\"form__input signup__email\">\r\n\t<label class=\"form__label sr-only\" for=\"signup-email\">Adresse e-mail:<\/label>\r\n\t<input id=\"signup-email\" type=\"text\" name=\"EMAIL\" placeholder=\"Adresse e-mail\" \/>\r\n<\/div>\r\n<span class=\"btn btn--primary form__submit\">\r\n\t<input type=\"submit\">\r\n\t<span>Inscrivez-vous \u00e0 Prayerline<\/span>\r\n<\/span>\r\n<\/div>\r\n<input type=\"hidden\" name=\"list\" value=\"prayerline\" \/>\r\n\r\n<\/div><label style=\"display: none !important;\">Leave this field empty if you&rsquo;re human: <input type=\"text\" name=\"_mc4wp_honeypot\" value=\"\" tabindex=\"-1\" autocomplete=\"off\" \/><\/label><input type=\"hidden\" name=\"_mc4wp_timestamp\" value=\"1777569978\" \/><input type=\"hidden\" name=\"_mc4wp_form_id\" value=\"3199\" \/><input type=\"hidden\" name=\"_mc4wp_form_element_id\" value=\"mc4wp-form-1\" \/><div class=\"mc4wp-response\"><\/div><\/form><!-- \/ Mailchimp for WordPress Plugin -->      \n          <\/div>\n<\/section>\n<\/div>\n\n<div class=\"wp-block block-core-block\"><div class=\"wp-block block-acf-globalministrylist alignfull\">\n<section id=\"latest-post-block_5cf6970b18fd6\" class=\"alignfull global-ministry-list-container side-padding--md\">\n            <header class=\"margin-bottom--xl margin-top--xl\">\n            <h2 class=\"h1 title\">En savoir plus sur notre travail :<\/h2>\n        <\/header>\n    \n    <ul class=\"global-ministry-list flex flex--wrap flex--center-x margin-bottom--xl container container--adaptive items--5\">\n\n    <li class=\"ministry ministry__item flex flex--column\">\n                <article>\n                    <a href=\"https:\/\/ifesworld.org\/fr\/pioneer\/\" class=\"ministry__link\">\n                      <figure class=\"ministry__image  image--absolute--center image--absolute--mask\">\n                        <img loading=\"lazy\" decoding=\"async\" width=\"300\" height=\"169\" src=\"https:\/\/fru.ifesworld.org\/wp-content\/uploads\/2019\/06\/Pioneering-300x169.jpg\" class=\"attachment-medium size-medium\" alt=\"\" srcset=\"https:\/\/fru.ifesworld.org\/wp-content\/uploads\/2019\/06\/Pioneering-300x169.jpg 300w, https:\/\/fru.ifesworld.org\/wp-content\/uploads\/2019\/06\/Pioneering-768x432.jpg 768w, https:\/\/fru.ifesworld.org\/wp-content\/uploads\/2019\/06\/Pioneering-1024x576.jpg 1024w, https:\/\/fru.ifesworld.org\/wp-content\/uploads\/2019\/06\/Pioneering.jpg 1200w\" sizes=\"(max-width: 300px) 100vw, 300px\" \/>\n                       <\/figure>\n                      <div class=\"ministry__content flex flex--column flex--end\">\n                        <h1 class=\"ministry__title flex flex--column\">\n                           <i class=\"icon-container icon--arrow-circle-right-solid\">\n                              <svg class=\"icon\">\n                                  <use xlink:href=\"#arrow-circle-right-solid\"><\/use>\n                              <\/svg>\n                           <\/i><span>\u00c9tablir un t\u00e9moignage parmi les \u00e9tudiants\n                        <\/span><\/h1>\n                      <\/div>\n                    <\/a>\n                <\/article>\n            <\/li><li class=\"ministry ministry__item flex flex--column\">\n                <article>\n                    <a href=\"https:\/\/ifesworld.org\/fr\/evangelism\/\" class=\"ministry__link\">\n                      <figure class=\"ministry__image  image--absolute--center image--absolute--mask\">\n                        <img loading=\"lazy\" decoding=\"async\" width=\"300\" height=\"169\" src=\"https:\/\/fru.ifesworld.org\/wp-content\/uploads\/2019\/06\/Evangelism-300x169.jpg\" class=\"attachment-medium size-medium\" alt=\"Evangelism\" srcset=\"https:\/\/fru.ifesworld.org\/wp-content\/uploads\/2019\/06\/Evangelism-300x169.jpg 300w, https:\/\/fru.ifesworld.org\/wp-content\/uploads\/2019\/06\/Evangelism-768x432.jpg 768w, https:\/\/fru.ifesworld.org\/wp-content\/uploads\/2019\/06\/Evangelism-1024x576.jpg 1024w, https:\/\/fru.ifesworld.org\/wp-content\/uploads\/2019\/06\/Evangelism.jpg 1200w\" sizes=\"(max-width: 300px) 100vw, 300px\" \/>\n                       <\/figure>\n                      <div class=\"ministry__content flex flex--column flex--end\">\n                        <h1 class=\"ministry__title flex flex--column\">\n                           <i class=\"icon-container icon--arrow-circle-right-solid\">\n                              <svg class=\"icon\">\n                                  <use xlink:href=\"#arrow-circle-right-solid\"><\/use>\n                              <\/svg>\n                           <\/i><span>Inspirer l&rsquo;\u00e9vang\u00e9lisation \u00e0 l&rsquo;universit\u00e9\n                        <\/span><\/h1>\n                      <\/div>\n                    <\/a>\n                <\/article>\n            <\/li><li class=\"ministry ministry__item flex flex--column\">\n                <article>\n                    <a href=\"https:\/\/ifesworld.org\/fr\/university\/\" class=\"ministry__link\">\n                      <figure class=\"ministry__image  image--absolute--center image--absolute--mask\">\n                        <img loading=\"lazy\" decoding=\"async\" width=\"300\" height=\"169\" src=\"https:\/\/fru.ifesworld.org\/wp-content\/uploads\/2019\/06\/Engage-the-university-300x169.jpg\" class=\"attachment-medium size-medium\" alt=\"Engage the university\" srcset=\"https:\/\/fru.ifesworld.org\/wp-content\/uploads\/2019\/06\/Engage-the-university-300x169.jpg 300w, https:\/\/fru.ifesworld.org\/wp-content\/uploads\/2019\/06\/Engage-the-university-768x432.jpg 768w, https:\/\/fru.ifesworld.org\/wp-content\/uploads\/2019\/06\/Engage-the-university-1024x576.jpg 1024w, https:\/\/fru.ifesworld.org\/wp-content\/uploads\/2019\/06\/Engage-the-university.jpg 1200w\" sizes=\"(max-width: 300px) 100vw, 300px\" \/>\n                       <\/figure>\n                      <div class=\"ministry__content flex flex--column flex--end\">\n                        <h1 class=\"ministry__title flex flex--column\">\n                           <i class=\"icon-container icon--arrow-circle-right-solid\">\n                              <svg class=\"icon\">\n                                  <use xlink:href=\"#arrow-circle-right-solid\"><\/use>\n                              <\/svg>\n                           <\/i><span>Interagir avec l&rsquo;Universit\u00e9\n                        <\/span><\/h1>\n                      <\/div>\n                    <\/a>\n                <\/article>\n            <\/li><li class=\"ministry ministry__item flex flex--column\">\n                <article>\n                    <a href=\"https:\/\/ifesworld.org\/fr\/leadership\/\" class=\"ministry__link\">\n                      <figure class=\"ministry__image  image--absolute--center image--absolute--mask\">\n                        <img loading=\"lazy\" decoding=\"async\" width=\"300\" height=\"169\" src=\"https:\/\/fru.ifesworld.org\/wp-content\/uploads\/2019\/06\/Leadership-1-300x169.jpg\" class=\"attachment-medium size-medium\" alt=\"Leadership\" srcset=\"https:\/\/fru.ifesworld.org\/wp-content\/uploads\/2019\/06\/Leadership-1-300x169.jpg 300w, https:\/\/fru.ifesworld.org\/wp-content\/uploads\/2019\/06\/Leadership-1-768x432.jpg 768w, https:\/\/fru.ifesworld.org\/wp-content\/uploads\/2019\/06\/Leadership-1-1024x576.jpg 1024w, https:\/\/fru.ifesworld.org\/wp-content\/uploads\/2019\/06\/Leadership-1.jpg 1200w\" sizes=\"(max-width: 300px) 100vw, 300px\" \/>\n                       <\/figure>\n                      <div class=\"ministry__content flex flex--column flex--end\">\n                        <h1 class=\"ministry__title flex flex--column\">\n                           <i class=\"icon-container icon--arrow-circle-right-solid\">\n                              <svg class=\"icon\">\n                                  <use xlink:href=\"#arrow-circle-right-solid\"><\/use>\n                              <\/svg>\n                           <\/i><span>Former les leaders de demain\n                        <\/span><\/h1>\n                      <\/div>\n                    <\/a>\n                <\/article>\n            <\/li><li class=\"ministry ministry__item flex flex--column\">\n                <article>\n                    <a href=\"https:\/\/ifesworld.org\/fr\/strengthen\/\" class=\"ministry__link\">\n                      <figure class=\"ministry__image  image--absolute--center image--absolute--mask\">\n                        <img loading=\"lazy\" decoding=\"async\" width=\"300\" height=\"169\" src=\"https:\/\/fru.ifesworld.org\/wp-content\/uploads\/2019\/06\/National-movements-300x169.jpg\" class=\"attachment-medium size-medium\" alt=\"National movements\" srcset=\"https:\/\/fru.ifesworld.org\/wp-content\/uploads\/2019\/06\/National-movements-300x169.jpg 300w, https:\/\/fru.ifesworld.org\/wp-content\/uploads\/2019\/06\/National-movements-768x432.jpg 768w, https:\/\/fru.ifesworld.org\/wp-content\/uploads\/2019\/06\/National-movements-1024x576.jpg 1024w, https:\/\/fru.ifesworld.org\/wp-content\/uploads\/2019\/06\/National-movements.jpg 1200w\" sizes=\"(max-width: 300px) 100vw, 300px\" \/>\n                       <\/figure>\n                      <div class=\"ministry__content flex flex--column flex--end\">\n                        <h1 class=\"ministry__title flex flex--column\">\n                           <i class=\"icon-container icon--arrow-circle-right-solid\">\n                              <svg class=\"icon\">\n                                  <use xlink:href=\"#arrow-circle-right-solid\"><\/use>\n                              <\/svg>\n                           <\/i><span>Renforcer les mouvements \u00e9tudiants nationaux\n                        <\/span><\/h1>\n                      <\/div>\n                    <\/a>\n                <\/article>\n            <\/li>    <\/ul>\n    <\/section>\n<\/div><\/div>","protected":false},"excerpt":{"rendered":"<p>HISTOIRES R\u00c9CENTES QUI VOUS AIDERONT \u00c0 PRIER<\/p>\n","protected":false},"author":2,"featured_media":0,"parent":0,"menu_order":0,"comment_status":"closed","ping_status":"closed","template":"","meta":{"_acf_changed":false,"inline_featured_image":false,"footnotes":""},"area":[],"theme":[],"class_list":["post-244","page","type-page","status-publish","hentry"],"acf":[],"yoast_head":"<!-- This site is optimized with the Yoast SEO plugin v22.6 - https:\/\/yoast.com\/wordpress\/plugins\/seo\/ -->\n<title>Explorer les mouvements de l&#039;IFES dans le monde &#183; IFES<\/title>\n<meta name=\"description\" content=\"HISTOIRES R\u00c9CENTES QUI VOUS AIDERONT \u00c0 PRIER\" \/>\n<meta name=\"robots\" content=\"noindex, follow, max-snippet:-1, max-image-preview:large, max-video-preview:-1\" \/>\n<meta property=\"og:locale\" content=\"fr_FR\" \/>\n<meta property=\"og:type\" content=\"article\" \/>\n<meta property=\"og:title\" content=\"Explorer les mouvements de l&#039;IFES dans le monde &#183; IFES\" \/>\n<meta property=\"og:description\" content=\"HISTOIRES R\u00c9CENTES QUI VOUS AIDERONT \u00c0 PRIER\" \/>\n<meta property=\"og:url\" content=\"https:\/\/ifesworld.org\/fr\/monde\/\" \/>\n<meta property=\"og:site_name\" content=\"IFES\" \/>\n<meta property=\"article:modified_time\" content=\"2022-03-21T15:52:23+00:00\" \/>\n<meta name=\"twitter:card\" content=\"summary_large_image\" \/>\n<meta name=\"twitter:label1\" content=\"Dur\u00e9e de lecture estim\u00e9e\" \/>\n\t<meta name=\"twitter:data1\" content=\"1 minute\" \/>\n<script type=\"application\/ld+json\" class=\"yoast-schema-graph\">{\"@context\":\"https:\/\/schema.org\",\"@graph\":[{\"@type\":\"WebPage\",\"@id\":\"https:\/\/ifesworld.org\/fr\/monde\/\",\"url\":\"https:\/\/ifesworld.org\/fr\/monde\/\",\"name\":\"Explorer les mouvements de l'IFES dans le monde &#183; IFES\",\"isPartOf\":{\"@id\":\"https:\/\/fru.ifesworld.org\/en\/#website\"},\"datePublished\":\"2019-04-17T07:42:46+00:00\",\"dateModified\":\"2022-03-21T15:52:23+00:00\",\"description\":\"HISTOIRES R\u00c9CENTES QUI VOUS AIDERONT \u00c0 PRIER\",\"breadcrumb\":{\"@id\":\"https:\/\/ifesworld.org\/fr\/monde\/#breadcrumb\"},\"inLanguage\":\"fr-FR\",\"potentialAction\":[{\"@type\":\"ReadAction\",\"target\":[\"https:\/\/ifesworld.org\/fr\/monde\/\"]}]},{\"@type\":\"BreadcrumbList\",\"@id\":\"https:\/\/ifesworld.org\/fr\/monde\/#breadcrumb\",\"itemListElement\":[{\"@type\":\"ListItem\",\"position\":1,\"name\":\"Home\",\"item\":\"https:\/\/fru.ifesworld.org\/fr\/\"},{\"@type\":\"ListItem\",\"position\":2,\"name\":\"Explorer les mouvements de l&rsquo;IFES dans le monde\"}]},{\"@type\":\"WebSite\",\"@id\":\"https:\/\/fru.ifesworld.org\/en\/#website\",\"url\":\"https:\/\/fru.ifesworld.org\/en\/\",\"name\":\"IFES\",\"description\":\"A movement of students sharing and living out the good news of Jesus Christ. Locally. Nationally. Globally.\",\"publisher\":{\"@id\":\"https:\/\/fru.ifesworld.org\/en\/#organization\"},\"potentialAction\":[{\"@type\":\"SearchAction\",\"target\":{\"@type\":\"EntryPoint\",\"urlTemplate\":\"https:\/\/fru.ifesworld.org\/en\/?s={search_term_string}\"},\"query-input\":\"required name=search_term_string\"}],\"inLanguage\":\"fr-FR\"},{\"@type\":\"Organization\",\"@id\":\"https:\/\/fru.ifesworld.org\/en\/#organization\",\"name\":\"IFES \u00b7 International Fellowship of Evangelical Students\",\"url\":\"https:\/\/fru.ifesworld.org\/en\/\",\"logo\":{\"@type\":\"ImageObject\",\"inLanguage\":\"fr-FR\",\"@id\":\"https:\/\/fru.ifesworld.org\/en\/#\/schema\/logo\/image\/\",\"url\":\"https:\/\/fru.ifesworld.org\/wp-content\/uploads\/2019\/06\/ifeslogo.png\",\"contentUrl\":\"https:\/\/fru.ifesworld.org\/wp-content\/uploads\/2019\/06\/ifeslogo.png\",\"width\":262,\"height\":262,\"caption\":\"IFES \u00b7 International Fellowship of Evangelical Students\"},\"image\":{\"@id\":\"https:\/\/fru.ifesworld.org\/en\/#\/schema\/logo\/image\/\"}}]}<\/script>\n<!-- \/ Yoast SEO plugin. -->","yoast_head_json":{"title":"Explorer les mouvements de l'IFES dans le monde &#183; IFES","description":"HISTOIRES R\u00c9CENTES QUI VOUS AIDERONT \u00c0 PRIER","robots":{"index":"noindex","follow":"follow","max-snippet":"max-snippet:-1","max-image-preview":"max-image-preview:large","max-video-preview":"max-video-preview:-1"},"og_locale":"fr_FR","og_type":"article","og_title":"Explorer les mouvements de l'IFES dans le monde &#183; IFES","og_description":"HISTOIRES R\u00c9CENTES QUI VOUS AIDERONT \u00c0 PRIER","og_url":"https:\/\/ifesworld.org\/fr\/monde\/","og_site_name":"IFES","article_modified_time":"2022-03-21T15:52:23+00:00","twitter_card":"summary_large_image","twitter_misc":{"Dur\u00e9e de lecture estim\u00e9e":"1 minute"},"schema":{"@context":"https:\/\/schema.org","@graph":[{"@type":"WebPage","@id":"https:\/\/ifesworld.org\/fr\/monde\/","url":"https:\/\/ifesworld.org\/fr\/monde\/","name":"Explorer les mouvements de l'IFES dans le monde &#183; IFES","isPartOf":{"@id":"https:\/\/fru.ifesworld.org\/en\/#website"},"datePublished":"2019-04-17T07:42:46+00:00","dateModified":"2022-03-21T15:52:23+00:00","description":"HISTOIRES R\u00c9CENTES QUI VOUS AIDERONT \u00c0 PRIER","breadcrumb":{"@id":"https:\/\/ifesworld.org\/fr\/monde\/#breadcrumb"},"inLanguage":"fr-FR","potentialAction":[{"@type":"ReadAction","target":["https:\/\/ifesworld.org\/fr\/monde\/"]}]},{"@type":"BreadcrumbList","@id":"https:\/\/ifesworld.org\/fr\/monde\/#breadcrumb","itemListElement":[{"@type":"ListItem","position":1,"name":"Home","item":"https:\/\/fru.ifesworld.org\/fr\/"},{"@type":"ListItem","position":2,"name":"Explorer les mouvements de l&rsquo;IFES dans le monde"}]},{"@type":"WebSite","@id":"https:\/\/fru.ifesworld.org\/en\/#website","url":"https:\/\/fru.ifesworld.org\/en\/","name":"IFES","description":"A movement of students sharing and living out the good news of Jesus Christ. Locally. Nationally. Globally.","publisher":{"@id":"https:\/\/fru.ifesworld.org\/en\/#organization"},"potentialAction":[{"@type":"SearchAction","target":{"@type":"EntryPoint","urlTemplate":"https:\/\/fru.ifesworld.org\/en\/?s={search_term_string}"},"query-input":"required name=search_term_string"}],"inLanguage":"fr-FR"},{"@type":"Organization","@id":"https:\/\/fru.ifesworld.org\/en\/#organization","name":"IFES \u00b7 International Fellowship of Evangelical Students","url":"https:\/\/fru.ifesworld.org\/en\/","logo":{"@type":"ImageObject","inLanguage":"fr-FR","@id":"https:\/\/fru.ifesworld.org\/en\/#\/schema\/logo\/image\/","url":"https:\/\/fru.ifesworld.org\/wp-content\/uploads\/2019\/06\/ifeslogo.png","contentUrl":"https:\/\/fru.ifesworld.org\/wp-content\/uploads\/2019\/06\/ifeslogo.png","width":262,"height":262,"caption":"IFES \u00b7 International Fellowship of Evangelical Students"},"image":{"@id":"https:\/\/fru.ifesworld.org\/en\/#\/schema\/logo\/image\/"}}]}},"_links":{"self":[{"href":"https:\/\/fru.ifesworld.org\/fr\/wp-json\/wp\/v2\/pages\/244"}],"collection":[{"href":"https:\/\/fru.ifesworld.org\/fr\/wp-json\/wp\/v2\/pages"}],"about":[{"href":"https:\/\/fru.ifesworld.org\/fr\/wp-json\/wp\/v2\/types\/page"}],"author":[{"embeddable":true,"href":"https:\/\/fru.ifesworld.org\/fr\/wp-json\/wp\/v2\/users\/2"}],"replies":[{"embeddable":true,"href":"https:\/\/fru.ifesworld.org\/fr\/wp-json\/wp\/v2\/comments?post=244"}],"version-history":[{"count":7,"href":"https:\/\/fru.ifesworld.org\/fr\/wp-json\/wp\/v2\/pages\/244\/revisions"}],"predecessor-version":[{"id":10956,"href":"https:\/\/fru.ifesworld.org\/fr\/wp-json\/wp\/v2\/pages\/244\/revisions\/10956"}],"wp:attachment":[{"href":"https:\/\/fru.ifesworld.org\/fr\/wp-json\/wp\/v2\/media?parent=244"}],"wp:term":[{"taxonomy":"area","embeddable":true,"href":"https:\/\/fru.ifesworld.org\/fr\/wp-json\/wp\/v2\/area?post=244"},{"taxonomy":"theme","embeddable":true,"href":"https:\/\/fru.ifesworld.org\/fr\/wp-json\/wp\/v2\/theme?post=244"}],"curies":[{"name":"wp","href":"https:\/\/api.w.org\/{rel}","templated":true}]}}