{"id":849,"date":"2019-03-05T10:22:50","date_gmt":"2019-03-05T10:22:50","guid":{"rendered":"https:\/\/fru.ifesworld.org\/conexion\/leurope-a-besoin-de-connaitre-jesus\/"},"modified":"2019-07-03T13:23:59","modified_gmt":"2019-07-03T13:23:59","slug":"leurope-a-besoin-de-connaitre-jesus","status":"publish","type":"conexion","link":"https:\/\/fru.ifesworld.org\/fr\/blog\/leurope-a-besoin-de-connaitre-jesus\/","title":{"rendered":"L\u2019Europe a besoin de conna\u00eetre J\u00e9sus\u00a0!"},"content":{"rendered":"<p>Priscilla \u00e9tait parmi les 1 700 \u00e9tudiants pr\u00e9sents. Avec ses amis du GBU Italie, ils avaient rejoint des \u00e9tudiants de 47 autres pays. C\u2019\u00e9tait le congr\u00e8s d\u2019\u00e9vang\u00e9lisation \u00e9tudiant de l\u2019IFES Europe, <em>Presence, <\/em>qui a eu lieu \u00e0 P\u00e2ques 2017<em>.<\/em> Presque deux ans apr\u00e8s, nous lui avons demand\u00e9 de r\u00e9fl\u00e9chir \u00e0 l\u2019impact \u00e0 long terme de sa participation <em>\u00e0 Presence<\/em>. Elle nous fait part de ses r\u00e9flexions\u00a0:<\/p>\n<h4>L\u2019histoire de Priscilla<\/h4>\n<p>\u00ab\u00a0Je m\u2019attendais \u00e0 une exp\u00e9rience merveilleuse. Mais pas \u00e0 quelque chose <em>d\u2019aussi<\/em> \u00e9difiant, que ce soit pour moi comme pour mon groupe de l\u2019IFES (GBU) de Milan.<\/p>\n<p>Le sentiment d\u2019unit\u00e9 avec les autres \u00e9tudiants alors que nous priions ensemble en diff\u00e9rentes langues \u00e9tait extraordinaire. C\u2019\u00e9tait incroyable de se rendre compte de la taille de l\u2019IFES, de prendre conscience que nous faisons d\u2019un projet international d\u2019une telle envergure.<\/p>\n<figure class=\"wp-caption\"><img decoding=\"async\" src=\"https:\/\/fru.ifesworld.org\/wp-content\/uploads\/2019\/05\/25326-1ajxhfqcpfkuocrbtlkpp8q.jpeg\" data-width=\"1280\" data-height=\"720\" \/><figcaption class=\"wp-caption-text\">IFES world<\/figcaption><\/figure>\n<p>Mais le moment le plus marquant pour moi a \u00e9t\u00e9 d\u2019entendre un homme donner son t\u00e9moignage le dernier soir. Il avait grandi dans une famille musulmane au Moyen-Orient. Pour ses \u00e9tudes, il a pass\u00e9 quelques mois en France en tant qu\u2019\u00e9tudiant international. Il y a rencontr\u00e9 des \u00e9tudiants chr\u00e9tiens et il s\u2019est mis \u00e0 lire la Bible avec eux. Trois semaines seulement avant de quitter la France, il a donn\u00e9 sa vie \u00e0 Christ.<\/p>\n<p>Cet homme travaille aujourd\u2019hui aupr\u00e8s des \u00e9tudiants de l\u2019IFES au Moyen-Orient.<\/p>\n<p>Apr\u00e8s avoir entendu son histoire, j\u2019ai eu la conviction que ne nous devions pas gaspiller les opportunit\u00e9s que nous avons d\u2019atteindre les \u00e9tudiants internationaux. Nous avons l\u2019habitude de prier pour les missionnaires dans le monde entier, mais qu\u2019en est-il des centaines de personnes autour de nous qui viennent du monde entier\u00a0? Elles ont besoin de conna\u00eetre J\u00e9sus\u00a0! Et elles peuvent avoir un t\u00e9moignage puissant dans leur communaut\u00e9 lorsqu\u2019elles rentrent chez elles. M\u00eame si elles ne passent pas beaucoup de temps dans notre pays, cela peut \u00eatre suffisant.<\/p>\n<figure class=\"wp-caption\"><img decoding=\"async\" src=\"https:\/\/fru.ifesworld.org\/wp-content\/uploads\/2019\/05\/38522-1k9nvg0wuyn-_smyopgh-mw.jpeg\" data-width=\"1280\" data-height=\"720\" \/><figcaption class=\"wp-caption-text\"><a href=\"https:\/\/gbu.it\/en\/\" target=\"_blank\" rel=\"noopener noreferrer\">GBU Italy<\/a><\/figcaption><\/figure>\n<h4>Un nouveau\u00a0c\u0153ur<\/h4>\n<p>Avec mes amis, nous sommes revenus de <em>Presence<\/em> renouvel\u00e9s spirituellement, plein d\u2019id\u00e9es et avec un nouveau c\u0153ur pour les \u00e9tudiants internationaux. Depuis, nous avons commenc\u00e9 \u00e0 animer des \u00e9tudes bibliques en anglais et en italien. Dans mon universit\u00e9, il y a beaucoup d\u2019\u00e9tudiants internationaux. La plupart viennent de Chine, d\u2019Inde, du Pakistan, d\u2019Am\u00e9rique du Sud et d\u2019autres pays d\u2019Europe. Ils ont divers arri\u00e8re-plans religieux. Nous constatons g\u00e9n\u00e9ralement qu\u2019ils ne savent pas grand chose du christianisme, mais ils sont plus dispos\u00e9s \u00e0 parler des choses spirituelles que nos amis italiens. Parfois leurs questions me surprennent. Ils sont curieux. Il n\u2019ont pas de probl\u00e8me \u00e0 parler de leur \u00e2me et du p\u00e9ch\u00e9.<\/p>\n<p>Avant <em>Presence<\/em>, je m\u2019int\u00e9ressais aux \u00e9tudiants internationaux, mais j\u2019avais de l\u2019appr\u00e9hension \u00e0 cause de la barri\u00e8re linguistique, et je ne savais pas trop quelle approche adopter. Depuis <em>Presence<\/em>, nous avons d\u00e9cid\u00e9 de ne plus nous pr\u00e9occuper de ces choses. Notre anglais n\u2019est pas parfait et nos \u00e9tudes bibliques ne sont pas toujours les meilleures, mais l\u2019important, c\u2019est que les \u00e9tudiants internationaux se sentent aim\u00e9s et les bienvenus.<\/p>\n<figure class=\"wp-caption\"><img decoding=\"async\" src=\"https:\/\/fru.ifesworld.org\/wp-content\/uploads\/2019\/05\/0b6e8-1fpeadmd0qrgob_d4lnqcda.jpeg\" data-width=\"1280\" data-height=\"719\" \/><figcaption class=\"wp-caption-text\"><a href=\"https:\/\/gbu.it\/en\/\" target=\"_blank\" rel=\"noopener noreferrer\">GBU Italy<\/a><\/figcaption><\/figure>\n<p>Nous avons commenc\u00e9 \u00e0 organiser des \u00e9v\u00e9nements d\u2019\u00e9vang\u00e9lisation chaque mois\u00a0: g\u00e9n\u00e9ralement des soir\u00e9es \u00e0 th\u00e8me, comme les ann\u00e9es \u201950, soir\u00e9e pizza, soir\u00e9e cin\u00e9, le Sud de l\u2019Italie\u2026 Nous essayons de pr\u00e9voir une personne qui traduit tout en anglais, et nous continuons \u00e0 r\u00e9fl\u00e9chir \u00e0 la fa\u00e7on dont nous pouvons g\u00e9rer la nourriture, les jeux, la musique et la pr\u00e9sentation de l\u2019\u00c9vangile de la mani\u00e8re la plus efficace possible. Nous avons parfois eu jusqu\u2019\u00e0 60 \u00e9tudiants\u00a0! Nous avons \u00e9galement entrepris d\u2019aller \u00e0 la rencontre des \u00e9tudiants sur le campus. En ce moment, nous sommes en train de cr\u00e9er un petit guide de survie \u00e0 l\u2019universit\u00e9, dans lequel nous donnons quelques informations sur le GBU.<\/p>\n<h4>Une aventure qui en vaut la\u00a0peine<\/h4>\n<p>Je voudrais dire aux groupes de l\u2019IFES qui n\u2019ont encore jamais essay\u00e9 d\u2019atteindre les \u00e9tudiants internationaux d\u2019en prendre le risque, parce que \u00e7a en vaut vraiment la peine. C\u2019est une excellente occasion de d\u00e9couvrir d\u2019autres cultures et de tester votre foi. Priez pour votre universit\u00e9 et laissez-vous surprendre\u00a0!<\/p>\n<figure class=\"wp-caption\"><img decoding=\"async\" src=\"https:\/\/fru.ifesworld.org\/wp-content\/uploads\/2019\/05\/79f7c-1i_ge_fziiozx-_yxdsijfg.jpeg\" data-width=\"1280\" data-height=\"720\" \/><figcaption class=\"wp-caption-text\"><a href=\"https:\/\/gbu.it\/en\/\" target=\"_blank\" rel=\"noopener noreferrer\">GBU Italy<\/a><\/figcaption><\/figure>\n<p>Et aux \u00e9tudiants de l\u2019IFES en Europe qui envisagent de se rendre au prochain congr\u00e8s d\u2019\u00e9vang\u00e9lisation europ\u00e9en <em>Revive<\/em>, je dirais, ALLEZ-Y\u00a0! En rentrant chez nous, nous avons r\u00e9alis\u00e9 \u00e0 quel point <em>Presence<\/em> avait resserr\u00e9 nos liens en tant que groupe. Nous sommes devenus une v\u00e9ritable \u00e9quipe, tous anim\u00e9s du m\u00eame but et de la m\u00eame vision, du m\u00eame amour pour les \u00e9tudiants. <em>Presence<\/em> a \u00e9t\u00e9 une sacr\u00e9e aventure et nous en avons ramen\u00e9 des t\u00e9moignages que nous racontons encore aujourd\u2019hui.\u00a0\u00bb<\/p>\n<h4>Nous vous pr\u00e9sentons\u00a0:\u00a0Revive<\/h4>\n<p>L\u2019impact de <em>Presence<\/em> s\u2019est fait sentir dans toute la r\u00e9gion\u00a0: les \u00e9tudiants sont tomb\u00e9s encore plus amoureux de J\u00e9sus et aspirent \u00e0 l\u2019annoncer sur le campus. Suite \u00e0 <em>Presence<\/em>, de nombreuses semaines d\u2019\u00e9vang\u00e9lisation ont eu lieu dans de nouvelles villes. Mais l\u2019IFES Europe aspire \u00e0 toujours plus. Elle d\u00e9sire voir le r\u00e9veil. Chez les \u00e9tudiants chr\u00e9tiens. Dans ses universit\u00e9s. Dans ses nations. <em>Revive<\/em>, le prochain congr\u00e8s d\u2019\u00e9vang\u00e9lisation europ\u00e9en, aura lieu en Allemagne, du 27 d\u00e9cembre 2019 au 1er janvier 2020.<\/p>\n<ul>\n<li>Pour r\u00e9server votre place ou en savoir plus, c\u2019est par ici\u00a0: <a href=\"https:\/\/www.reviveeurope.org\/\" target=\"_blank\" rel=\"noopener noreferrer\">reviveeurope.org<\/a><\/li>\n<li><a href=\"http:\/\/bit.ly\/2TSFLow\" target=\"_blank\" rel=\"noopener noreferrer\">Participez aux 40 semaines de pri\u00e8re pour le r\u00e9veil en Europe\u00a0: ifes.world\/prayforeurope<\/a><\/li>\n<\/ul>\n","protected":false},"featured_media":1001,"template":"","area":[952,1065],"theme":[1256,1259],"class_list":["post-849","conexion","type-conexion","status-publish","has-post-thumbnail","hentry","area-europe-2","area-italie","theme-ministere-parmi-les-etudiants-internationaux","theme-mon-histoire"],"acf":[],"yoast_head":"<!-- This site is optimized with the Yoast SEO plugin v22.6 - https:\/\/yoast.com\/wordpress\/plugins\/seo\/ -->\n<title>L\u2019Europe a besoin de conna\u00eetre J\u00e9sus\u00a0! &#183; IFES Conexi\u00f3n Blog<\/title>\n<meta name=\"description\" content=\"Priscilla \u00e9tait parmi les 1 700 \u00e9tudiants pr\u00e9sents. Avec ses amis du GBU Italie, ils avaient rejoint des \u00e9tudiants de 47 autres pays. C\u2019\u00e9tait le congr\u00e8s\" \/>\n<meta name=\"robots\" content=\"noindex, follow, max-snippet:-1, max-image-preview:large, max-video-preview:-1\" \/>\n<meta property=\"og:locale\" content=\"fr_FR\" \/>\n<meta property=\"og:type\" content=\"article\" \/>\n<meta property=\"og:title\" content=\"L\u2019Europe a besoin de conna\u00eetre J\u00e9sus\u00a0! &#183; IFES Conexi\u00f3n Blog\" \/>\n<meta property=\"og:description\" content=\"Priscilla \u00e9tait parmi les 1 700 \u00e9tudiants pr\u00e9sents. Avec ses amis du GBU Italie, ils avaient rejoint des \u00e9tudiants de 47 autres pays. C\u2019\u00e9tait le congr\u00e8s\" \/>\n<meta property=\"og:url\" content=\"https:\/\/ifesworld.org\/fr\/blog\/leurope-a-besoin-de-connaitre-jesus\/\" \/>\n<meta property=\"og:site_name\" content=\"IFES\" \/>\n<meta property=\"article:modified_time\" content=\"2019-07-03T13:23:59+00:00\" \/>\n<meta property=\"og:image\" content=\"https:\/\/ifesworld.org\/wp-content\/uploads\/2019\/05\/96235-1vjx5kyfyi3fiybiq5t_z3q.jpeg\" \/>\n\t<meta property=\"og:image:width\" content=\"1102\" \/>\n\t<meta property=\"og:image:height\" content=\"348\" \/>\n\t<meta property=\"og:image:type\" content=\"image\/jpeg\" \/>\n<meta name=\"twitter:card\" content=\"summary_large_image\" \/>\n<meta name=\"twitter:label1\" content=\"Dur\u00e9e de lecture estim\u00e9e\" \/>\n\t<meta name=\"twitter:data1\" content=\"5 minutes\" \/>\n<script type=\"application\/ld+json\" class=\"yoast-schema-graph\">{\"@context\":\"https:\/\/schema.org\",\"@graph\":[{\"@type\":\"WebPage\",\"@id\":\"https:\/\/ifesworld.org\/fr\/blog\/leurope-a-besoin-de-connaitre-jesus\/\",\"url\":\"https:\/\/ifesworld.org\/fr\/blog\/leurope-a-besoin-de-connaitre-jesus\/\",\"name\":\"L\u2019Europe a besoin de conna\u00eetre J\u00e9sus\u00a0! &#183; IFES Conexi\u00f3n Blog\",\"isPartOf\":{\"@id\":\"https:\/\/fru.ifesworld.org\/en\/#website\"},\"primaryImageOfPage\":{\"@id\":\"https:\/\/ifesworld.org\/fr\/blog\/leurope-a-besoin-de-connaitre-jesus\/#primaryimage\"},\"image\":{\"@id\":\"https:\/\/ifesworld.org\/fr\/blog\/leurope-a-besoin-de-connaitre-jesus\/#primaryimage\"},\"thumbnailUrl\":\"https:\/\/fru.ifesworld.org\/wp-content\/uploads\/2019\/05\/96235-1vjx5kyfyi3fiybiq5t_z3q.jpeg\",\"datePublished\":\"2019-03-05T10:22:50+00:00\",\"dateModified\":\"2019-07-03T13:23:59+00:00\",\"description\":\"Priscilla \u00e9tait parmi les 1 700 \u00e9tudiants pr\u00e9sents. Avec ses amis du GBU Italie, ils avaient rejoint des \u00e9tudiants de 47 autres pays. C\u2019\u00e9tait le congr\u00e8s\",\"breadcrumb\":{\"@id\":\"https:\/\/ifesworld.org\/fr\/blog\/leurope-a-besoin-de-connaitre-jesus\/#breadcrumb\"},\"inLanguage\":\"fr-FR\",\"potentialAction\":[{\"@type\":\"ReadAction\",\"target\":[\"https:\/\/ifesworld.org\/fr\/blog\/leurope-a-besoin-de-connaitre-jesus\/\"]}]},{\"@type\":\"ImageObject\",\"inLanguage\":\"fr-FR\",\"@id\":\"https:\/\/ifesworld.org\/fr\/blog\/leurope-a-besoin-de-connaitre-jesus\/#primaryimage\",\"url\":\"https:\/\/fru.ifesworld.org\/wp-content\/uploads\/2019\/05\/96235-1vjx5kyfyi3fiybiq5t_z3q.jpeg\",\"contentUrl\":\"https:\/\/fru.ifesworld.org\/wp-content\/uploads\/2019\/05\/96235-1vjx5kyfyi3fiybiq5t_z3q.jpeg\",\"width\":1102,\"height\":348},{\"@type\":\"BreadcrumbList\",\"@id\":\"https:\/\/ifesworld.org\/fr\/blog\/leurope-a-besoin-de-connaitre-jesus\/#breadcrumb\",\"itemListElement\":[{\"@type\":\"ListItem\",\"position\":1,\"name\":\"Home\",\"item\":\"https:\/\/fru.ifesworld.org\/fr\/\"},{\"@type\":\"ListItem\",\"position\":2,\"name\":\"Conexi\u00f3n\",\"item\":\"https:\/\/ifesworld.org\/es\/blog\/\"},{\"@type\":\"ListItem\",\"position\":3,\"name\":\"L\u2019Europe a besoin de conna\u00eetre J\u00e9sus\u00a0!\"}]},{\"@type\":\"WebSite\",\"@id\":\"https:\/\/fru.ifesworld.org\/en\/#website\",\"url\":\"https:\/\/fru.ifesworld.org\/en\/\",\"name\":\"IFES\",\"description\":\"A movement of students sharing and living out the good news of Jesus Christ. Locally. Nationally. Globally.\",\"publisher\":{\"@id\":\"https:\/\/fru.ifesworld.org\/en\/#organization\"},\"potentialAction\":[{\"@type\":\"SearchAction\",\"target\":{\"@type\":\"EntryPoint\",\"urlTemplate\":\"https:\/\/fru.ifesworld.org\/en\/?s={search_term_string}\"},\"query-input\":\"required name=search_term_string\"}],\"inLanguage\":\"fr-FR\"},{\"@type\":\"Organization\",\"@id\":\"https:\/\/fru.ifesworld.org\/en\/#organization\",\"name\":\"IFES \u00b7 International Fellowship of Evangelical Students\",\"url\":\"https:\/\/fru.ifesworld.org\/en\/\",\"logo\":{\"@type\":\"ImageObject\",\"inLanguage\":\"fr-FR\",\"@id\":\"https:\/\/fru.ifesworld.org\/en\/#\/schema\/logo\/image\/\",\"url\":\"https:\/\/fru.ifesworld.org\/wp-content\/uploads\/2019\/06\/ifeslogo.png\",\"contentUrl\":\"https:\/\/fru.ifesworld.org\/wp-content\/uploads\/2019\/06\/ifeslogo.png\",\"width\":262,\"height\":262,\"caption\":\"IFES \u00b7 International Fellowship of Evangelical Students\"},\"image\":{\"@id\":\"https:\/\/fru.ifesworld.org\/en\/#\/schema\/logo\/image\/\"}}]}<\/script>\n<!-- \/ Yoast SEO plugin. -->","yoast_head_json":{"title":"L\u2019Europe a besoin de conna\u00eetre J\u00e9sus\u00a0! &#183; IFES Conexi\u00f3n Blog","description":"Priscilla \u00e9tait parmi les 1 700 \u00e9tudiants pr\u00e9sents. Avec ses amis du GBU Italie, ils avaient rejoint des \u00e9tudiants de 47 autres pays. C\u2019\u00e9tait le congr\u00e8s","robots":{"index":"noindex","follow":"follow","max-snippet":"max-snippet:-1","max-image-preview":"max-image-preview:large","max-video-preview":"max-video-preview:-1"},"og_locale":"fr_FR","og_type":"article","og_title":"L\u2019Europe a besoin de conna\u00eetre J\u00e9sus\u00a0! &#183; IFES Conexi\u00f3n Blog","og_description":"Priscilla \u00e9tait parmi les 1 700 \u00e9tudiants pr\u00e9sents. Avec ses amis du GBU Italie, ils avaient rejoint des \u00e9tudiants de 47 autres pays. C\u2019\u00e9tait le congr\u00e8s","og_url":"https:\/\/ifesworld.org\/fr\/blog\/leurope-a-besoin-de-connaitre-jesus\/","og_site_name":"IFES","article_modified_time":"2019-07-03T13:23:59+00:00","og_image":[{"width":1102,"height":348,"url":"https:\/\/ifesworld.org\/wp-content\/uploads\/2019\/05\/96235-1vjx5kyfyi3fiybiq5t_z3q.jpeg","type":"image\/jpeg"}],"twitter_card":"summary_large_image","twitter_misc":{"Dur\u00e9e de lecture estim\u00e9e":"5 minutes"},"schema":{"@context":"https:\/\/schema.org","@graph":[{"@type":"WebPage","@id":"https:\/\/ifesworld.org\/fr\/blog\/leurope-a-besoin-de-connaitre-jesus\/","url":"https:\/\/ifesworld.org\/fr\/blog\/leurope-a-besoin-de-connaitre-jesus\/","name":"L\u2019Europe a besoin de conna\u00eetre J\u00e9sus\u00a0! &#183; IFES Conexi\u00f3n Blog","isPartOf":{"@id":"https:\/\/fru.ifesworld.org\/en\/#website"},"primaryImageOfPage":{"@id":"https:\/\/ifesworld.org\/fr\/blog\/leurope-a-besoin-de-connaitre-jesus\/#primaryimage"},"image":{"@id":"https:\/\/ifesworld.org\/fr\/blog\/leurope-a-besoin-de-connaitre-jesus\/#primaryimage"},"thumbnailUrl":"https:\/\/fru.ifesworld.org\/wp-content\/uploads\/2019\/05\/96235-1vjx5kyfyi3fiybiq5t_z3q.jpeg","datePublished":"2019-03-05T10:22:50+00:00","dateModified":"2019-07-03T13:23:59+00:00","description":"Priscilla \u00e9tait parmi les 1 700 \u00e9tudiants pr\u00e9sents. Avec ses amis du GBU Italie, ils avaient rejoint des \u00e9tudiants de 47 autres pays. C\u2019\u00e9tait le congr\u00e8s","breadcrumb":{"@id":"https:\/\/ifesworld.org\/fr\/blog\/leurope-a-besoin-de-connaitre-jesus\/#breadcrumb"},"inLanguage":"fr-FR","potentialAction":[{"@type":"ReadAction","target":["https:\/\/ifesworld.org\/fr\/blog\/leurope-a-besoin-de-connaitre-jesus\/"]}]},{"@type":"ImageObject","inLanguage":"fr-FR","@id":"https:\/\/ifesworld.org\/fr\/blog\/leurope-a-besoin-de-connaitre-jesus\/#primaryimage","url":"https:\/\/fru.ifesworld.org\/wp-content\/uploads\/2019\/05\/96235-1vjx5kyfyi3fiybiq5t_z3q.jpeg","contentUrl":"https:\/\/fru.ifesworld.org\/wp-content\/uploads\/2019\/05\/96235-1vjx5kyfyi3fiybiq5t_z3q.jpeg","width":1102,"height":348},{"@type":"BreadcrumbList","@id":"https:\/\/ifesworld.org\/fr\/blog\/leurope-a-besoin-de-connaitre-jesus\/#breadcrumb","itemListElement":[{"@type":"ListItem","position":1,"name":"Home","item":"https:\/\/fru.ifesworld.org\/fr\/"},{"@type":"ListItem","position":2,"name":"Conexi\u00f3n","item":"https:\/\/ifesworld.org\/es\/blog\/"},{"@type":"ListItem","position":3,"name":"L\u2019Europe a besoin de conna\u00eetre J\u00e9sus\u00a0!"}]},{"@type":"WebSite","@id":"https:\/\/fru.ifesworld.org\/en\/#website","url":"https:\/\/fru.ifesworld.org\/en\/","name":"IFES","description":"A movement of students sharing and living out the good news of Jesus Christ. Locally. Nationally. Globally.","publisher":{"@id":"https:\/\/fru.ifesworld.org\/en\/#organization"},"potentialAction":[{"@type":"SearchAction","target":{"@type":"EntryPoint","urlTemplate":"https:\/\/fru.ifesworld.org\/en\/?s={search_term_string}"},"query-input":"required name=search_term_string"}],"inLanguage":"fr-FR"},{"@type":"Organization","@id":"https:\/\/fru.ifesworld.org\/en\/#organization","name":"IFES \u00b7 International Fellowship of Evangelical Students","url":"https:\/\/fru.ifesworld.org\/en\/","logo":{"@type":"ImageObject","inLanguage":"fr-FR","@id":"https:\/\/fru.ifesworld.org\/en\/#\/schema\/logo\/image\/","url":"https:\/\/fru.ifesworld.org\/wp-content\/uploads\/2019\/06\/ifeslogo.png","contentUrl":"https:\/\/fru.ifesworld.org\/wp-content\/uploads\/2019\/06\/ifeslogo.png","width":262,"height":262,"caption":"IFES \u00b7 International Fellowship of Evangelical Students"},"image":{"@id":"https:\/\/fru.ifesworld.org\/en\/#\/schema\/logo\/image\/"}}]}},"_links":{"self":[{"href":"https:\/\/fru.ifesworld.org\/fr\/wp-json\/wp\/v2\/conexion\/849"}],"collection":[{"href":"https:\/\/fru.ifesworld.org\/fr\/wp-json\/wp\/v2\/conexion"}],"about":[{"href":"https:\/\/fru.ifesworld.org\/fr\/wp-json\/wp\/v2\/types\/conexion"}],"wp:featuredmedia":[{"embeddable":true,"href":"https:\/\/fru.ifesworld.org\/fr\/wp-json\/wp\/v2\/media\/1001"}],"wp:attachment":[{"href":"https:\/\/fru.ifesworld.org\/fr\/wp-json\/wp\/v2\/media?parent=849"}],"wp:term":[{"taxonomy":"area","embeddable":true,"href":"https:\/\/fru.ifesworld.org\/fr\/wp-json\/wp\/v2\/area?post=849"},{"taxonomy":"theme","embeddable":true,"href":"https:\/\/fru.ifesworld.org\/fr\/wp-json\/wp\/v2\/theme?post=849"}],"curies":[{"name":"wp","href":"https:\/\/api.w.org\/{rel}","templated":true}]}}