{"id":835,"date":"2018-10-02T11:00:15","date_gmt":"2018-10-02T10:00:15","guid":{"rendered":"https:\/\/fru.ifesworld.org\/conexion\/prendre-position-pour-jesus-au-travail\/"},"modified":"2019-07-03T13:52:55","modified_gmt":"2019-07-03T13:52:55","slug":"prendre-position-pour-jesus-au-travail","status":"publish","type":"conexion","link":"https:\/\/fru.ifesworld.org\/fr\/blog\/prendre-position-pour-jesus-au-travail\/","title":{"rendered":"Prendre position pour J\u00e9sus au travail"},"content":{"rendered":"<p>Dima est un dipl\u00f4m\u00e9 ukrainien de 23 ans. Il se passionne pour la politique et souhaiterait utiliser sa carri\u00e8re pour t\u00e9moigner aux autres de sa foi en J\u00e9sus.<\/p>\n<p>Toutefois, se tailler une place en politique n\u2019est pas chose facile\u00a0: la corruption est tr\u00e8s r\u00e9pandue et il ne sait pas toujours quoi dire ou comment agir. Il n\u2019y a qu\u2019un seul autre croyant au parlement ukrainien, c\u2019est pourquoi Dima dispose de tr\u00e8s peu de soutien.<\/p>\n<p>Il n\u2019est pas le seul r\u00e9cent dipl\u00f4m\u00e9 dans cette situation. Son histoire refl\u00e8te celle de milliers d\u2019autres croyants qui font leur entr\u00e9e sur le march\u00e9 du travail. Ils sont dou\u00e9s, motiv\u00e9s et pr\u00eats \u00e0 travailler pour la gloire de Dieu, mais ils n\u2019ont pas toujours le soutien n\u00e9cessaire pour composer avec les nombreux d\u00e9fis associ\u00e9s \u00e0 leur milieu professionnel.<\/p>\n<p>C\u2019est la raison pour laquelle le programme Impact des dipl\u00f4m\u00e9s de l\u2019IFES existe.<\/p>\n<h4>Conserver sa saveur au\u00a0travail<\/h4>\n<p>L\u2019Impact des dipl\u00f4m\u00e9s offre un soutien aux jeunes adultes chr\u00e9tiens d\u2019Europe et d\u2019Eurasie dans leur transition entre l\u2019universit\u00e9 et le monde du travail. Son but est de les aider \u00e0 cro\u00eetre en maturit\u00e9 et \u00e0 devenir des ambassadeurs du Christ plus efficaces sur leur lieu de travail, dans leur milieu professionnel et dans la soci\u00e9t\u00e9 en g\u00e9n\u00e9ral.<\/p>\n<p>Il intervient par le biais d\u2019un r\u00e9seau de groupes de mentorat appel\u00e9 Cross-Current (\u00e0 contre-courant). Certains groupes sont ax\u00e9s sur des professions en particulier (droit, \u00e9conomie, science politique, commerce et administration, sciences), tandis que d\u2019autres se forment autour de lieux sp\u00e9cifiques (Belfast, Helsinki, Novosibirsk, Kiev, Tirana, Bucarest, Chisinau, Cluj et Flandre). Les dipl\u00f4m\u00e9s se joignent \u00e0 un groupe pour une dur\u00e9e de trois ans\u00a0; on leur apprend \u00e0 puiser dans la sagesse biblique pour g\u00e9rer diff\u00e9rents enjeux reli\u00e9s \u00e0 leur vie et leur milieu professionnel. Ils ont \u00e9galement l\u2019opportunit\u00e9 de rencontrer d\u2019autres croyants dans leur profession.<\/p>\n<figure class=\"wp-caption\"><img decoding=\"async\" src=\"https:\/\/fru.ifesworld.org\/wp-content\/uploads\/2019\/05\/047c2-1qbbxzwvvst083s5bmrculq.jpeg\" data-width=\"1500\" data-height=\"1125\" \/><figcaption class=\"wp-caption-text\"><a href=\"http:\/\/www.graduateimpact.org\/\" target=\"_blank\" rel=\"noopener noreferrer\">gradimpact.org<\/a><\/figcaption><\/figure>\n<h4>Lutter avec les questions importantes<\/h4>\n<p>Dima a d\u00e9couvert Impact des dipl\u00f4m\u00e9s gr\u00e2ce \u00e0 son coll\u00e8gue chr\u00e9tien au parlement. Cet ami s\u2019\u00e9tait pr\u00e9c\u00e9demment joint \u00e0 un groupe Cross-Current pour croyants impliqu\u00e9s dans la politique et il a encourag\u00e9 Dima \u00e0 se joindre \u00e0 lui. Voici ce que raconte Dima \u00e0 ce sujet\u00a0:<\/p>\n<blockquote><p>\u00ab\u00a0Je me trouvais \u00e0 l\u2019\u00e9tranger pour la premi\u00e8re fois et j\u2019ai rencontr\u00e9 des gens formidables qui m\u2019ont encourag\u00e9 \u00e0 pers\u00e9v\u00e9rer dans ma d\u00e9marche. J\u2019ai ainsi d\u00e9couvert des gens qui partageaient mes valeurs et qui provenaient d\u2019autres endroits dans le monde\u00a0; nous avons pass\u00e9 des moments b\u00e9nis ensemble. Notre groupe Cross-Current ax\u00e9 sur la politique m\u2019est d\u2019un r\u00e9el soutien dans la poursuite de mon appel.\u00a0\u00bb<\/p><\/blockquote>\n<p>Impact des gradu\u00e9s est venu \u00e9galement en aide \u00e0 deux jeunes avocats d\u2019Europe de l\u2019Est. Ils travaillent dans un contexte o\u00f9 toute transaction doit \u00eatre accompagn\u00e9e d\u2019un \u00ab\u00a0tarif de facilitation\u00a0\u00bb. Faire partie du groupe de juristes Cross-Current les a encourag\u00e9s \u00e0 trouver de nouvelles mani\u00e8res de pratiquer le droit en \u00e9liminant les pots-de-vin.<\/p>\n<p>D\u2019autres dipl\u00f4m\u00e9s luttent pour savoir comment se d\u00e9marquer dans le monde du travail s\u00e9culier. Que devrais-je r\u00e9pondre quand mes coll\u00e8gues critiquent ouvertement mon patron\u00a0? Comment travailler fort sans que mon emploi devienne une idole dans ma vie\u00a0? En quoi ma foi est-elle pertinente dans ma vie en tant que professionnel\u00a0?<\/p>\n<p>Au cours des derniers dix ans, Impact des dipl\u00f4m\u00e9s a aid\u00e9 plus de 300 jeunes adultes tels que Dima \u00e0 lutter avec ces questions importantes en vue d\u2019exercer une r\u00e9elle influence en tant que chr\u00e9tiens dans leur milieu de travail.<\/p>\n<hr \/>\n<h4>Impliquez-vous\u00a0:<\/h4>\n<ul>\n<li>Dipl\u00f4m\u00e9s d\u2019Europe et d\u2019Eurasie, renseignez-vous davantage et joignez-vous \u00e0 un groupe \u00e0\u00a0: <a href=\"http:\/\/www.graduateimpact.org\/\" target=\"_blank\" rel=\"noopener noreferrer\">www.graduateimpact.org<\/a><\/li>\n<li>Dans une autre r\u00e9gion\u00a0? N\u2019h\u00e9sitez pas \u00e0 d\u00e9marrer un groupe avec un coll\u00e8gue dipl\u00f4m\u00e9 du m\u00eame milieu professionnel en vue de vous soutenir mutuellement. Parlez-en avec votre mouvement national ou envoyez-nous un mot \u00e0 ce sujet \u00e0 <a href=\"mailto:admin@graduateimpact.org\" target=\"_blank\" rel=\"noopener noreferrer\">admin@graduateimpact.org<\/a> pour recevoir des conseils et du soutien.<\/li>\n<li><a href=\"https:\/\/give.ifesworld.org\/customgiving?t=1&amp;d=ER000_PGRAD&amp;s=18UKCX&amp;a=0\" target=\"_blank\" rel=\"noopener noreferrer\">Faites un don pour soutenir ce minist\u00e8re<\/a><\/li>\n<\/ul>\n<hr \/>\n<h3>Priez avec nous\u00a0:<\/h3>\n<p>Chaque semaine, l\u2019IFES envoie un court e-mail avec des histoires concernant des \u00e9tudiants et des membres du personnel de l\u2019IFES dans le monde pour inspirer vos pri\u00e8res.<br \/>\nJoignez-vous \u00e0 nous\u00a0: <a href=\"https:\/\/ifes.typeform.com\/to\/XrIkiL\" target=\"_blank\" rel=\"noopener noreferrer\"><strong>ifes.world\/priez<\/strong><\/a><\/p>\n","protected":false},"featured_media":986,"template":"","area":[951,952],"theme":[1251],"class_list":["post-835","conexion","type-conexion","status-publish","has-post-thumbnail","hentry","area-eurasie","area-europe-2","theme-impact-des-diplomes"],"acf":[],"yoast_head":"<!-- This site is optimized with the Yoast SEO plugin v22.6 - https:\/\/yoast.com\/wordpress\/plugins\/seo\/ -->\n<title>Prendre position pour J\u00e9sus au travail &#183; IFES Conexi\u00f3n Blog<\/title>\n<meta name=\"description\" content=\"Dima est un dipl\u00f4m\u00e9 ukrainien de 23 ans. Il se passionne pour la politique et souhaiterait utiliser sa carri\u00e8re pour t\u00e9moigner aux autres de sa foi en\" \/>\n<meta name=\"robots\" content=\"noindex, follow, max-snippet:-1, max-image-preview:large, max-video-preview:-1\" \/>\n<meta property=\"og:locale\" content=\"fr_FR\" \/>\n<meta property=\"og:type\" content=\"article\" \/>\n<meta property=\"og:title\" content=\"Prendre position pour J\u00e9sus au travail &#183; IFES Conexi\u00f3n Blog\" \/>\n<meta property=\"og:description\" content=\"Dima est un dipl\u00f4m\u00e9 ukrainien de 23 ans. Il se passionne pour la politique et souhaiterait utiliser sa carri\u00e8re pour t\u00e9moigner aux autres de sa foi en\" \/>\n<meta property=\"og:url\" content=\"https:\/\/ifesworld.org\/fr\/blog\/prendre-position-pour-jesus-au-travail\/\" \/>\n<meta property=\"og:site_name\" content=\"IFES\" \/>\n<meta property=\"article:modified_time\" content=\"2019-07-03T13:52:55+00:00\" \/>\n<meta property=\"og:image\" content=\"https:\/\/ifesworld.org\/wp-content\/uploads\/2019\/05\/ae287-1eg2mfl0sgrkfmd_usga_8q.jpeg\" \/>\n\t<meta property=\"og:image:width\" content=\"1200\" \/>\n\t<meta property=\"og:image:height\" content=\"800\" \/>\n\t<meta property=\"og:image:type\" content=\"image\/jpeg\" \/>\n<meta name=\"twitter:card\" content=\"summary_large_image\" \/>\n<meta name=\"twitter:label1\" content=\"Dur\u00e9e de lecture estim\u00e9e\" \/>\n\t<meta name=\"twitter:data1\" content=\"4 minutes\" \/>\n<script type=\"application\/ld+json\" class=\"yoast-schema-graph\">{\"@context\":\"https:\/\/schema.org\",\"@graph\":[{\"@type\":\"WebPage\",\"@id\":\"https:\/\/ifesworld.org\/fr\/blog\/prendre-position-pour-jesus-au-travail\/\",\"url\":\"https:\/\/ifesworld.org\/fr\/blog\/prendre-position-pour-jesus-au-travail\/\",\"name\":\"Prendre position pour J\u00e9sus au travail &#183; IFES Conexi\u00f3n Blog\",\"isPartOf\":{\"@id\":\"https:\/\/fru.ifesworld.org\/en\/#website\"},\"primaryImageOfPage\":{\"@id\":\"https:\/\/ifesworld.org\/fr\/blog\/prendre-position-pour-jesus-au-travail\/#primaryimage\"},\"image\":{\"@id\":\"https:\/\/ifesworld.org\/fr\/blog\/prendre-position-pour-jesus-au-travail\/#primaryimage\"},\"thumbnailUrl\":\"https:\/\/fru.ifesworld.org\/wp-content\/uploads\/2019\/05\/ae287-1eg2mfl0sgrkfmd_usga_8q.jpeg\",\"datePublished\":\"2018-10-02T10:00:15+00:00\",\"dateModified\":\"2019-07-03T13:52:55+00:00\",\"description\":\"Dima est un dipl\u00f4m\u00e9 ukrainien de 23 ans. Il se passionne pour la politique et souhaiterait utiliser sa carri\u00e8re pour t\u00e9moigner aux autres de sa foi en\",\"breadcrumb\":{\"@id\":\"https:\/\/ifesworld.org\/fr\/blog\/prendre-position-pour-jesus-au-travail\/#breadcrumb\"},\"inLanguage\":\"fr-FR\",\"potentialAction\":[{\"@type\":\"ReadAction\",\"target\":[\"https:\/\/ifesworld.org\/fr\/blog\/prendre-position-pour-jesus-au-travail\/\"]}]},{\"@type\":\"ImageObject\",\"inLanguage\":\"fr-FR\",\"@id\":\"https:\/\/ifesworld.org\/fr\/blog\/prendre-position-pour-jesus-au-travail\/#primaryimage\",\"url\":\"https:\/\/fru.ifesworld.org\/wp-content\/uploads\/2019\/05\/ae287-1eg2mfl0sgrkfmd_usga_8q.jpeg\",\"contentUrl\":\"https:\/\/fru.ifesworld.org\/wp-content\/uploads\/2019\/05\/ae287-1eg2mfl0sgrkfmd_usga_8q.jpeg\",\"width\":1200,\"height\":800},{\"@type\":\"BreadcrumbList\",\"@id\":\"https:\/\/ifesworld.org\/fr\/blog\/prendre-position-pour-jesus-au-travail\/#breadcrumb\",\"itemListElement\":[{\"@type\":\"ListItem\",\"position\":1,\"name\":\"Home\",\"item\":\"https:\/\/fru.ifesworld.org\/fr\/\"},{\"@type\":\"ListItem\",\"position\":2,\"name\":\"Conexi\u00f3n\",\"item\":\"https:\/\/ifesworld.org\/es\/blog\/\"},{\"@type\":\"ListItem\",\"position\":3,\"name\":\"Prendre position pour J\u00e9sus au travail\"}]},{\"@type\":\"WebSite\",\"@id\":\"https:\/\/fru.ifesworld.org\/en\/#website\",\"url\":\"https:\/\/fru.ifesworld.org\/en\/\",\"name\":\"IFES\",\"description\":\"A movement of students sharing and living out the good news of Jesus Christ. Locally. Nationally. Globally.\",\"publisher\":{\"@id\":\"https:\/\/fru.ifesworld.org\/en\/#organization\"},\"potentialAction\":[{\"@type\":\"SearchAction\",\"target\":{\"@type\":\"EntryPoint\",\"urlTemplate\":\"https:\/\/fru.ifesworld.org\/en\/?s={search_term_string}\"},\"query-input\":\"required name=search_term_string\"}],\"inLanguage\":\"fr-FR\"},{\"@type\":\"Organization\",\"@id\":\"https:\/\/fru.ifesworld.org\/en\/#organization\",\"name\":\"IFES \u00b7 International Fellowship of Evangelical Students\",\"url\":\"https:\/\/fru.ifesworld.org\/en\/\",\"logo\":{\"@type\":\"ImageObject\",\"inLanguage\":\"fr-FR\",\"@id\":\"https:\/\/fru.ifesworld.org\/en\/#\/schema\/logo\/image\/\",\"url\":\"https:\/\/fru.ifesworld.org\/wp-content\/uploads\/2019\/06\/ifeslogo.png\",\"contentUrl\":\"https:\/\/fru.ifesworld.org\/wp-content\/uploads\/2019\/06\/ifeslogo.png\",\"width\":262,\"height\":262,\"caption\":\"IFES \u00b7 International Fellowship of Evangelical Students\"},\"image\":{\"@id\":\"https:\/\/fru.ifesworld.org\/en\/#\/schema\/logo\/image\/\"}}]}<\/script>\n<!-- \/ Yoast SEO plugin. -->","yoast_head_json":{"title":"Prendre position pour J\u00e9sus au travail &#183; IFES Conexi\u00f3n Blog","description":"Dima est un dipl\u00f4m\u00e9 ukrainien de 23 ans. Il se passionne pour la politique et souhaiterait utiliser sa carri\u00e8re pour t\u00e9moigner aux autres de sa foi en","robots":{"index":"noindex","follow":"follow","max-snippet":"max-snippet:-1","max-image-preview":"max-image-preview:large","max-video-preview":"max-video-preview:-1"},"og_locale":"fr_FR","og_type":"article","og_title":"Prendre position pour J\u00e9sus au travail &#183; IFES Conexi\u00f3n Blog","og_description":"Dima est un dipl\u00f4m\u00e9 ukrainien de 23 ans. Il se passionne pour la politique et souhaiterait utiliser sa carri\u00e8re pour t\u00e9moigner aux autres de sa foi en","og_url":"https:\/\/ifesworld.org\/fr\/blog\/prendre-position-pour-jesus-au-travail\/","og_site_name":"IFES","article_modified_time":"2019-07-03T13:52:55+00:00","og_image":[{"width":1200,"height":800,"url":"https:\/\/ifesworld.org\/wp-content\/uploads\/2019\/05\/ae287-1eg2mfl0sgrkfmd_usga_8q.jpeg","type":"image\/jpeg"}],"twitter_card":"summary_large_image","twitter_misc":{"Dur\u00e9e de lecture estim\u00e9e":"4 minutes"},"schema":{"@context":"https:\/\/schema.org","@graph":[{"@type":"WebPage","@id":"https:\/\/ifesworld.org\/fr\/blog\/prendre-position-pour-jesus-au-travail\/","url":"https:\/\/ifesworld.org\/fr\/blog\/prendre-position-pour-jesus-au-travail\/","name":"Prendre position pour J\u00e9sus au travail &#183; IFES Conexi\u00f3n Blog","isPartOf":{"@id":"https:\/\/fru.ifesworld.org\/en\/#website"},"primaryImageOfPage":{"@id":"https:\/\/ifesworld.org\/fr\/blog\/prendre-position-pour-jesus-au-travail\/#primaryimage"},"image":{"@id":"https:\/\/ifesworld.org\/fr\/blog\/prendre-position-pour-jesus-au-travail\/#primaryimage"},"thumbnailUrl":"https:\/\/fru.ifesworld.org\/wp-content\/uploads\/2019\/05\/ae287-1eg2mfl0sgrkfmd_usga_8q.jpeg","datePublished":"2018-10-02T10:00:15+00:00","dateModified":"2019-07-03T13:52:55+00:00","description":"Dima est un dipl\u00f4m\u00e9 ukrainien de 23 ans. Il se passionne pour la politique et souhaiterait utiliser sa carri\u00e8re pour t\u00e9moigner aux autres de sa foi en","breadcrumb":{"@id":"https:\/\/ifesworld.org\/fr\/blog\/prendre-position-pour-jesus-au-travail\/#breadcrumb"},"inLanguage":"fr-FR","potentialAction":[{"@type":"ReadAction","target":["https:\/\/ifesworld.org\/fr\/blog\/prendre-position-pour-jesus-au-travail\/"]}]},{"@type":"ImageObject","inLanguage":"fr-FR","@id":"https:\/\/ifesworld.org\/fr\/blog\/prendre-position-pour-jesus-au-travail\/#primaryimage","url":"https:\/\/fru.ifesworld.org\/wp-content\/uploads\/2019\/05\/ae287-1eg2mfl0sgrkfmd_usga_8q.jpeg","contentUrl":"https:\/\/fru.ifesworld.org\/wp-content\/uploads\/2019\/05\/ae287-1eg2mfl0sgrkfmd_usga_8q.jpeg","width":1200,"height":800},{"@type":"BreadcrumbList","@id":"https:\/\/ifesworld.org\/fr\/blog\/prendre-position-pour-jesus-au-travail\/#breadcrumb","itemListElement":[{"@type":"ListItem","position":1,"name":"Home","item":"https:\/\/fru.ifesworld.org\/fr\/"},{"@type":"ListItem","position":2,"name":"Conexi\u00f3n","item":"https:\/\/ifesworld.org\/es\/blog\/"},{"@type":"ListItem","position":3,"name":"Prendre position pour J\u00e9sus au travail"}]},{"@type":"WebSite","@id":"https:\/\/fru.ifesworld.org\/en\/#website","url":"https:\/\/fru.ifesworld.org\/en\/","name":"IFES","description":"A movement of students sharing and living out the good news of Jesus Christ. Locally. Nationally. Globally.","publisher":{"@id":"https:\/\/fru.ifesworld.org\/en\/#organization"},"potentialAction":[{"@type":"SearchAction","target":{"@type":"EntryPoint","urlTemplate":"https:\/\/fru.ifesworld.org\/en\/?s={search_term_string}"},"query-input":"required name=search_term_string"}],"inLanguage":"fr-FR"},{"@type":"Organization","@id":"https:\/\/fru.ifesworld.org\/en\/#organization","name":"IFES \u00b7 International Fellowship of Evangelical Students","url":"https:\/\/fru.ifesworld.org\/en\/","logo":{"@type":"ImageObject","inLanguage":"fr-FR","@id":"https:\/\/fru.ifesworld.org\/en\/#\/schema\/logo\/image\/","url":"https:\/\/fru.ifesworld.org\/wp-content\/uploads\/2019\/06\/ifeslogo.png","contentUrl":"https:\/\/fru.ifesworld.org\/wp-content\/uploads\/2019\/06\/ifeslogo.png","width":262,"height":262,"caption":"IFES \u00b7 International Fellowship of Evangelical Students"},"image":{"@id":"https:\/\/fru.ifesworld.org\/en\/#\/schema\/logo\/image\/"}}]}},"_links":{"self":[{"href":"https:\/\/fru.ifesworld.org\/fr\/wp-json\/wp\/v2\/conexion\/835"}],"collection":[{"href":"https:\/\/fru.ifesworld.org\/fr\/wp-json\/wp\/v2\/conexion"}],"about":[{"href":"https:\/\/fru.ifesworld.org\/fr\/wp-json\/wp\/v2\/types\/conexion"}],"wp:featuredmedia":[{"embeddable":true,"href":"https:\/\/fru.ifesworld.org\/fr\/wp-json\/wp\/v2\/media\/986"}],"wp:attachment":[{"href":"https:\/\/fru.ifesworld.org\/fr\/wp-json\/wp\/v2\/media?parent=835"}],"wp:term":[{"taxonomy":"area","embeddable":true,"href":"https:\/\/fru.ifesworld.org\/fr\/wp-json\/wp\/v2\/area?post=835"},{"taxonomy":"theme","embeddable":true,"href":"https:\/\/fru.ifesworld.org\/fr\/wp-json\/wp\/v2\/theme?post=835"}],"curies":[{"name":"wp","href":"https:\/\/api.w.org\/{rel}","templated":true}]}}