{"id":821,"date":"2018-05-15T15:33:41","date_gmt":"2018-05-15T14:33:41","guid":{"rendered":"https:\/\/fru.ifesworld.org\/conexion\/a-la-recherche-dallah-jai-trouve-jesus\/"},"modified":"2019-07-03T14:50:38","modified_gmt":"2019-07-03T14:50:38","slug":"a-la-recherche-dallah-jai-trouve-jesus","status":"publish","type":"conexion","link":"https:\/\/fru.ifesworld.org\/fr\/blog\/a-la-recherche-dallah-jai-trouve-jesus\/","title":{"rendered":"\u00c0 la recherche d\u2019Allah, j\u2019ai trouv\u00e9 J\u00e9sus"},"content":{"rendered":"<p>C\u2019\u00e9tait une amiti\u00e9 improbable. Nabeel \u00e9tait un musulman fervent\u00a0; David un chr\u00e9tien engag\u00e9.<\/p>\n<p>Bien que David ne sache rien de l\u2019islam, il \u00e9tait convaincu que J\u00e9sus est pour tout le monde et priait courageusement qu\u2019un jour Nabeel vienne \u00e0 la foi en J\u00e9sus.<\/p>\n<p>Dans le best-seller<em> \u00c0 la recherche d\u2019Allah, j\u2019ai trouv\u00e9 J\u00e9sus <\/em>(Seeking Allah, Finding Jesus), Nabeel Qureshi raconte l\u2019histoire de son cheminement radical de l\u2019islam au christianisme, et du t\u00e9moignage fid\u00e8le de son ami \u00e9tudiant, David Wood.<\/p>\n<h4>Fr\u00e8res<\/h4>\n<p>Nabeel et David se sont tout de suite bien entendus. Ils se sont rencontr\u00e9s au d\u00e9but de leurs \u00e9tudes, par le biais de leur groupe universitaire d\u2019art oratoire et de d\u00e9bat, en 2001. Ils se sont mis \u00e0 \u00e9tudier ensemble, \u00e0 manger ensemble et \u00e0 partager les choses de la vie. Ils parlaient de leurs cours, de leur famille et de leurs week-ends. Et ils parlaient de leur foi. Au d\u00e9part, aucun d\u2019entre eux ne savait grand chose de la religion de l\u2019autre. Mais ils ont vite appris. Leurs discussions \u00e9taient intenses et parfois enflamm\u00e9es, mais leur amiti\u00e9 \u00e9tait telle qu\u2019elle pouvait r\u00e9sister m\u00eame aux plus virulents de leurs d\u00e9saccords. Nabeel \u00e9crit\u00a0:<\/p>\n<blockquote><p>\u00ab\u00a0\u2026 peu importaient les tensions dans notre relation, car nous partagions tout de nos vies\u2026 Une relation superficielle aurait pu se briser sous la tension de nos d\u00e9saccords, mais comme nous partagions tout de nos vies, nous \u00e9tions oblig\u00e9s de nous r\u00e9concilier. Bien entendu, au-del\u00e0 de la simple proximit\u00e9, nous avions de l\u2019affection l\u2019un pour l\u2019autre, et nous prenions soin l\u2019un de l\u2019autre. Comme de v\u00e9ritables fr\u00e8res, m\u00eame apr\u00e8s nos plus grands clashs, nos conflits les plus durs, nous restions des fr\u00e8res.\u00a0\u00bb<\/p><\/blockquote>\n<p>Naturellement, David savait qu\u2019il allait falloir plus que de l\u2019amiti\u00e9 et des discussions pour que Nabeel devienne chr\u00e9tien. Il allait falloir un miracle. Alors il a continu\u00e9 \u00e0 prier.<\/p>\n<h4>Prier pour l\u2019impossible<\/h4>\n<p>\u00ab\u00a0Seigneur, r\u00e9v\u00e8le \u00e0 Nabeel la v\u00e9rit\u00e9\u00a0!\u00a0\u00bb Les semaines pass\u00e9es \u00e0 prier pour son ami se sont transform\u00e9es en mois, puis en ann\u00e9es. Nabeel \u00e9tait tout \u00e0 fait d\u00e9termin\u00e9 et convaincu qu\u2019il ne deviendrait jamais chr\u00e9tien, et qu\u2019il ne le <em>pourrait<\/em> pas. Les apparentes perc\u00e9es \u00e9taient suivies de semaines de r\u00e9sistance in\u00e9branlable. La conversion de Nabeel semblait totalement invraisemblable.<\/p>\n<p>Mais quelque chose a chang\u00e9 suite \u00e0 une certaine soir\u00e9e pass\u00e9e \u00e0 d\u00e9battre des preuves de la mort de J\u00e9sus sur la croix. Nabeel a plus tard \u00e9crit\u00a0:<\/p>\n<blockquote><p>\u00ab\u00a0C\u2019\u00e9tait comme si, soudainement, un voile de certitude s\u2019\u00e9tait lev\u00e9, et que je voyais le potentiel du monde sous un nouveau jour. C\u2019\u00e9tait comme j\u2019avais port\u00e9 des lunettes teint\u00e9es toute ma vie, et que je les enlevais pour la premi\u00e8re fois. Tout semblait diff\u00e9rent, et je voulais examiner tout \u00e7a avec le plus grand soin. Peut-\u00eatre, me disais-je avec la plus grande prudence, devais-je me mettre \u00e0 envisager la vague possibilit\u00e9 que le message chr\u00e9tien puisse \u00eatre vrai.\u00a0\u00bb<\/p><\/blockquote>\n<p>Quatre ans se sont \u00e9coul\u00e9s avant que Nabeel ne parvienne \u00e0 la conclusion que tout cela <em>\u00e9tait<\/em> effectivement vrai, et choisisse de donner sa vie \u00e0 Christ. Pour David, ce fut un long cheminement de pri\u00e8re, de pers\u00e9v\u00e9rance et d\u2019attente.<\/p>\n<h4>L\u2019amour qui pers\u00e9v\u00e8re<\/h4>\n<p>Pendant ces quatre longues ann\u00e9es, pourquoi David n\u2019a-t-il pas baiss\u00e9 les bras et perdu espoir\u00a0?<\/p>\n<p>C\u2019est pourtant ce que certains chr\u00e9tiens l\u2019incitaient \u00e0 faire. Ils lui ont dit qu\u2019il devait plut\u00f4t concentrer ses efforts sur d\u2019autres personnes qui seraient peut-\u00eatre plus ouvertes, ou qui se convertiraient plus rapidement. Mais la motivation ultime de David n\u2019\u00e9tait pas que Nabeel se convertisse au christianisme. C\u2019\u00e9tait l\u2019amour\u00a0:<\/p>\n<blockquote><p>\u00ab\u00a0On pr\u00eache l\u2019\u00c9vangile parce qu\u2019on les aime, pas parce qu\u2019ils sont un objectif d\u2019\u00e9vang\u00e9lisation. On pr\u00eache l\u2019\u00c9vangile parce que l\u2019on veut ce qu\u2019il y a de meilleur pour eux\u00a0; on veut qu\u2019eux aussi aient une relation avec le Christ, tout comme nous.\u00a0\u00bb<\/p><\/blockquote>\n<p>Il aurait \u00e9t\u00e9 plus facile d\u2019\u00e9viter les discussions houleuses. C\u2019est ce que beaucoup d\u2019entre nous faisons. Mais ce n\u2019est pas vraiment de l\u2019amour. David explique\u00a0:<\/p>\n<blockquote><p>\u00ab\u00a0Si vous vous pr\u00e9occupez vraiment de vos amis musulmans, ne devriez-vous pas vouloir qu\u2019ils sachent la v\u00e9rit\u00e9\u00a0? Il nous arrive parfois de faire le choix de ne pas leur en parler parce que nous ne voulons pas les heurter, mais cela revient \u00e0 dire que leur ressenti est plus important que le fait de conna\u00eetre la v\u00e9rit\u00e9 au sujet de Dieu.\u00a0\u00bb<\/p><\/blockquote>\n<h4>Dieu utilise des personnes ordinaires<\/h4>\n<p>David Wood n\u2019\u00e9tait qu\u2019un \u00e9tudiant chr\u00e9tien ordinaire. Il ne connaissait pas toujours les r\u00e9ponses\u00a0; il ne disait pas toujours ce qu\u2019il fallait, mais Dieu l\u2019a utilis\u00e9 de mani\u00e8re extraordinaire pour toucher Nabeel.<\/p>\n<p>Beaucoup d\u2019entre nous nous consid\u00e9rons mal \u00e9quip\u00e9s pour annoncer l\u2019\u00c9vangile aux musulmans\u00a0; nous ne connaissons pas les questions cl\u00e9s et ne savons pas par o\u00f9 commencer. Nabeel \u00e9crit\u00a0:<\/p>\n<blockquote><p>\u00ab\u00a0J\u2019ai rencontr\u00e9 des personnes qui, apr\u00e8s avoir lu cette histoire, se sont dit qu\u2019elles devaient tout conna\u00eetre de l\u2019islam avant de s\u2019adresser \u00e0 des musulmans. Ce n\u2019est pas vrai. David ne savait pratiquement rien de l\u2019islam quand nous avons commenc\u00e9 \u00e0 discuter. Avant de se lier d\u2019amiti\u00e9 avec des musulmans, il ne faut pas n\u00e9cessairement avoir une connaissance approfondie de l\u2019islam, mais la volont\u00e9 de d\u00e9couvrir ce qui est important pour nos amis musulmans et le d\u00e9sir d\u2019investir le temps n\u00e9cessaire pour apprendre et discuter de ces choses \u00e0 mesure que la relation progresse.\u00a0\u00bb<\/p><\/blockquote>\n<p>Y a-t-il des musulmans sur votre campus ou dans votre rue\u00a0? Comment pourriez-vous apprendre \u00e0 mieux les conna\u00eetre\u00a0? Pour qui pourriez-vous commencer \u00e0 prier\u00a0? Profitons au maximum des opportunit\u00e9s que Dieu nous donne, parce qu\u2019il utilise <em>r\u00e9ellement<\/em> des chr\u00e9tiens ordinaires pour amener les musulmans \u00e0 le conna\u00eetre.<\/p>\n<h4>La suite<\/h4>\n<p>Nabeel est venu \u00e0 exercer un minist\u00e8re public international, t\u00e9moignant de la v\u00e9rit\u00e9 du Christ ressuscit\u00e9. Son ouvrage<em> \u00c0 la recherche d\u2019Allah, j\u2019ai trouv\u00e9 J\u00e9sus<\/em> s\u2019est vendu \u00e0 450 000 exemplaires et a \u00e9t\u00e9 traduit en 28 langues. Nabeel a eu un impact consid\u00e9rable sur des milliers de personnes, chr\u00e9tiens et musulmans, \u00e0 travers ses livres, ses conf\u00e9rences et ses d\u00e9bats publics. Il nous a quitt\u00e9s au mois de septembre 2017, apr\u00e8s une longue ann\u00e9e de bataille contre le cancer. Pour en savoir plus \u00e0 son sujet, allez sur\u00a0: <a href=\"http:\/\/www.nabeelqureshi.com\/\" target=\"_blank\" rel=\"noopener noreferrer\">nabeelqureshi.com<\/a>.<\/p>\n<p>David dirige aujourd\u2019hui un minist\u00e8re apolog\u00e9tique, Actes <a href=\"http:\/\/www.acts17.net\/\" target=\"_blank\" rel=\"noopener noreferrer\">17<\/a>. Il continue \u00e0 partager l\u2019\u00c9vangile avec des musulmans et a particip\u00e9 \u00e0 de nombreux d\u00e9bats publics, bien souvent face \u00e0 une audience universitaire.<\/p>\n<hr \/>\n<h4>Lire la\u00a0suite<\/h4>\n<p>Au cours des prochaines semaines, nous partagerons d\u2019autres t\u00e9moignages sur le minist\u00e8re parmi les musulmans, issus de diff\u00e9rents mouvements de l\u2019IFES dans le monde. Pour les recevoir chaque semaine dans votre bo\u00eete mail, avec des sujets de pri\u00e8re d\u2019un peu partout dans le monde, inscrivez-vous ici.<\/p>\n<figure><\/figure>\n","protected":false},"featured_media":931,"template":"","area":[1154],"theme":[1258],"class_list":["post-821","conexion","type-conexion","status-publish","has-post-thumbnail","hentry","area-etats-unis","theme-ministere-parmi-les-musulmans"],"acf":[],"yoast_head":"<!-- This site is optimized with the Yoast SEO plugin v22.6 - https:\/\/yoast.com\/wordpress\/plugins\/seo\/ -->\n<title>\u00c0 la recherche d\u2019Allah, j\u2019ai trouv\u00e9 J\u00e9sus &#183; IFES Conexi\u00f3n Blog<\/title>\n<meta name=\"description\" content=\"C\u2019\u00e9tait une amiti\u00e9 improbable. Nabeel \u00e9tait un musulman fervent\u00a0; David un chr\u00e9tien engag\u00e9. Bien que David ne sache rien de l\u2019islam, il \u00e9tait convaincu\" \/>\n<meta name=\"robots\" content=\"noindex, follow, max-snippet:-1, max-image-preview:large, max-video-preview:-1\" \/>\n<meta property=\"og:locale\" content=\"fr_FR\" \/>\n<meta property=\"og:type\" content=\"article\" \/>\n<meta property=\"og:title\" content=\"\u00c0 la recherche d\u2019Allah, j\u2019ai trouv\u00e9 J\u00e9sus &#183; IFES Conexi\u00f3n Blog\" \/>\n<meta property=\"og:description\" content=\"C\u2019\u00e9tait une amiti\u00e9 improbable. Nabeel \u00e9tait un musulman fervent\u00a0; David un chr\u00e9tien engag\u00e9. Bien que David ne sache rien de l\u2019islam, il \u00e9tait convaincu\" \/>\n<meta property=\"og:url\" content=\"https:\/\/ifesworld.org\/fr\/blog\/a-la-recherche-dallah-jai-trouve-jesus\/\" \/>\n<meta property=\"og:site_name\" content=\"IFES\" \/>\n<meta property=\"article:modified_time\" content=\"2019-07-03T14:50:38+00:00\" \/>\n<meta property=\"og:image\" content=\"https:\/\/ifesworld.org\/wp-content\/uploads\/2019\/05\/7f949-1szettteoyob4vlyljty2rq.jpeg\" \/>\n\t<meta property=\"og:image:width\" content=\"1200\" \/>\n\t<meta property=\"og:image:height\" content=\"675\" \/>\n\t<meta property=\"og:image:type\" content=\"image\/jpeg\" \/>\n<meta name=\"twitter:card\" content=\"summary_large_image\" \/>\n<meta name=\"twitter:label1\" content=\"Dur\u00e9e de lecture estim\u00e9e\" \/>\n\t<meta name=\"twitter:data1\" content=\"6 minutes\" \/>\n<script type=\"application\/ld+json\" class=\"yoast-schema-graph\">{\"@context\":\"https:\/\/schema.org\",\"@graph\":[{\"@type\":\"WebPage\",\"@id\":\"https:\/\/ifesworld.org\/fr\/blog\/a-la-recherche-dallah-jai-trouve-jesus\/\",\"url\":\"https:\/\/ifesworld.org\/fr\/blog\/a-la-recherche-dallah-jai-trouve-jesus\/\",\"name\":\"\u00c0 la recherche d\u2019Allah, j\u2019ai trouv\u00e9 J\u00e9sus &#183; IFES Conexi\u00f3n Blog\",\"isPartOf\":{\"@id\":\"https:\/\/fru.ifesworld.org\/en\/#website\"},\"primaryImageOfPage\":{\"@id\":\"https:\/\/ifesworld.org\/fr\/blog\/a-la-recherche-dallah-jai-trouve-jesus\/#primaryimage\"},\"image\":{\"@id\":\"https:\/\/ifesworld.org\/fr\/blog\/a-la-recherche-dallah-jai-trouve-jesus\/#primaryimage\"},\"thumbnailUrl\":\"https:\/\/fru.ifesworld.org\/wp-content\/uploads\/2019\/05\/7f949-1szettteoyob4vlyljty2rq.jpeg\",\"datePublished\":\"2018-05-15T14:33:41+00:00\",\"dateModified\":\"2019-07-03T14:50:38+00:00\",\"description\":\"C\u2019\u00e9tait une amiti\u00e9 improbable. Nabeel \u00e9tait un musulman fervent\u00a0; David un chr\u00e9tien engag\u00e9. Bien que David ne sache rien de l\u2019islam, il \u00e9tait convaincu\",\"breadcrumb\":{\"@id\":\"https:\/\/ifesworld.org\/fr\/blog\/a-la-recherche-dallah-jai-trouve-jesus\/#breadcrumb\"},\"inLanguage\":\"fr-FR\",\"potentialAction\":[{\"@type\":\"ReadAction\",\"target\":[\"https:\/\/ifesworld.org\/fr\/blog\/a-la-recherche-dallah-jai-trouve-jesus\/\"]}]},{\"@type\":\"ImageObject\",\"inLanguage\":\"fr-FR\",\"@id\":\"https:\/\/ifesworld.org\/fr\/blog\/a-la-recherche-dallah-jai-trouve-jesus\/#primaryimage\",\"url\":\"https:\/\/fru.ifesworld.org\/wp-content\/uploads\/2019\/05\/7f949-1szettteoyob4vlyljty2rq.jpeg\",\"contentUrl\":\"https:\/\/fru.ifesworld.org\/wp-content\/uploads\/2019\/05\/7f949-1szettteoyob4vlyljty2rq.jpeg\",\"width\":1200,\"height\":675},{\"@type\":\"BreadcrumbList\",\"@id\":\"https:\/\/ifesworld.org\/fr\/blog\/a-la-recherche-dallah-jai-trouve-jesus\/#breadcrumb\",\"itemListElement\":[{\"@type\":\"ListItem\",\"position\":1,\"name\":\"Home\",\"item\":\"https:\/\/fru.ifesworld.org\/fr\/\"},{\"@type\":\"ListItem\",\"position\":2,\"name\":\"Conexi\u00f3n\",\"item\":\"https:\/\/ifesworld.org\/es\/blog\/\"},{\"@type\":\"ListItem\",\"position\":3,\"name\":\"\u00c0 la recherche d\u2019Allah, j\u2019ai trouv\u00e9 J\u00e9sus\"}]},{\"@type\":\"WebSite\",\"@id\":\"https:\/\/fru.ifesworld.org\/en\/#website\",\"url\":\"https:\/\/fru.ifesworld.org\/en\/\",\"name\":\"IFES\",\"description\":\"A movement of students sharing and living out the good news of Jesus Christ. Locally. Nationally. Globally.\",\"publisher\":{\"@id\":\"https:\/\/fru.ifesworld.org\/en\/#organization\"},\"potentialAction\":[{\"@type\":\"SearchAction\",\"target\":{\"@type\":\"EntryPoint\",\"urlTemplate\":\"https:\/\/fru.ifesworld.org\/en\/?s={search_term_string}\"},\"query-input\":\"required name=search_term_string\"}],\"inLanguage\":\"fr-FR\"},{\"@type\":\"Organization\",\"@id\":\"https:\/\/fru.ifesworld.org\/en\/#organization\",\"name\":\"IFES \u00b7 International Fellowship of Evangelical Students\",\"url\":\"https:\/\/fru.ifesworld.org\/en\/\",\"logo\":{\"@type\":\"ImageObject\",\"inLanguage\":\"fr-FR\",\"@id\":\"https:\/\/fru.ifesworld.org\/en\/#\/schema\/logo\/image\/\",\"url\":\"https:\/\/fru.ifesworld.org\/wp-content\/uploads\/2019\/06\/ifeslogo.png\",\"contentUrl\":\"https:\/\/fru.ifesworld.org\/wp-content\/uploads\/2019\/06\/ifeslogo.png\",\"width\":262,\"height\":262,\"caption\":\"IFES \u00b7 International Fellowship of Evangelical Students\"},\"image\":{\"@id\":\"https:\/\/fru.ifesworld.org\/en\/#\/schema\/logo\/image\/\"}}]}<\/script>\n<!-- \/ Yoast SEO plugin. -->","yoast_head_json":{"title":"\u00c0 la recherche d\u2019Allah, j\u2019ai trouv\u00e9 J\u00e9sus &#183; IFES Conexi\u00f3n Blog","description":"C\u2019\u00e9tait une amiti\u00e9 improbable. Nabeel \u00e9tait un musulman fervent\u00a0; David un chr\u00e9tien engag\u00e9. Bien que David ne sache rien de l\u2019islam, il \u00e9tait convaincu","robots":{"index":"noindex","follow":"follow","max-snippet":"max-snippet:-1","max-image-preview":"max-image-preview:large","max-video-preview":"max-video-preview:-1"},"og_locale":"fr_FR","og_type":"article","og_title":"\u00c0 la recherche d\u2019Allah, j\u2019ai trouv\u00e9 J\u00e9sus &#183; IFES Conexi\u00f3n Blog","og_description":"C\u2019\u00e9tait une amiti\u00e9 improbable. Nabeel \u00e9tait un musulman fervent\u00a0; David un chr\u00e9tien engag\u00e9. Bien que David ne sache rien de l\u2019islam, il \u00e9tait convaincu","og_url":"https:\/\/ifesworld.org\/fr\/blog\/a-la-recherche-dallah-jai-trouve-jesus\/","og_site_name":"IFES","article_modified_time":"2019-07-03T14:50:38+00:00","og_image":[{"width":1200,"height":675,"url":"https:\/\/ifesworld.org\/wp-content\/uploads\/2019\/05\/7f949-1szettteoyob4vlyljty2rq.jpeg","type":"image\/jpeg"}],"twitter_card":"summary_large_image","twitter_misc":{"Dur\u00e9e de lecture estim\u00e9e":"6 minutes"},"schema":{"@context":"https:\/\/schema.org","@graph":[{"@type":"WebPage","@id":"https:\/\/ifesworld.org\/fr\/blog\/a-la-recherche-dallah-jai-trouve-jesus\/","url":"https:\/\/ifesworld.org\/fr\/blog\/a-la-recherche-dallah-jai-trouve-jesus\/","name":"\u00c0 la recherche d\u2019Allah, j\u2019ai trouv\u00e9 J\u00e9sus &#183; IFES Conexi\u00f3n Blog","isPartOf":{"@id":"https:\/\/fru.ifesworld.org\/en\/#website"},"primaryImageOfPage":{"@id":"https:\/\/ifesworld.org\/fr\/blog\/a-la-recherche-dallah-jai-trouve-jesus\/#primaryimage"},"image":{"@id":"https:\/\/ifesworld.org\/fr\/blog\/a-la-recherche-dallah-jai-trouve-jesus\/#primaryimage"},"thumbnailUrl":"https:\/\/fru.ifesworld.org\/wp-content\/uploads\/2019\/05\/7f949-1szettteoyob4vlyljty2rq.jpeg","datePublished":"2018-05-15T14:33:41+00:00","dateModified":"2019-07-03T14:50:38+00:00","description":"C\u2019\u00e9tait une amiti\u00e9 improbable. Nabeel \u00e9tait un musulman fervent\u00a0; David un chr\u00e9tien engag\u00e9. Bien que David ne sache rien de l\u2019islam, il \u00e9tait convaincu","breadcrumb":{"@id":"https:\/\/ifesworld.org\/fr\/blog\/a-la-recherche-dallah-jai-trouve-jesus\/#breadcrumb"},"inLanguage":"fr-FR","potentialAction":[{"@type":"ReadAction","target":["https:\/\/ifesworld.org\/fr\/blog\/a-la-recherche-dallah-jai-trouve-jesus\/"]}]},{"@type":"ImageObject","inLanguage":"fr-FR","@id":"https:\/\/ifesworld.org\/fr\/blog\/a-la-recherche-dallah-jai-trouve-jesus\/#primaryimage","url":"https:\/\/fru.ifesworld.org\/wp-content\/uploads\/2019\/05\/7f949-1szettteoyob4vlyljty2rq.jpeg","contentUrl":"https:\/\/fru.ifesworld.org\/wp-content\/uploads\/2019\/05\/7f949-1szettteoyob4vlyljty2rq.jpeg","width":1200,"height":675},{"@type":"BreadcrumbList","@id":"https:\/\/ifesworld.org\/fr\/blog\/a-la-recherche-dallah-jai-trouve-jesus\/#breadcrumb","itemListElement":[{"@type":"ListItem","position":1,"name":"Home","item":"https:\/\/fru.ifesworld.org\/fr\/"},{"@type":"ListItem","position":2,"name":"Conexi\u00f3n","item":"https:\/\/ifesworld.org\/es\/blog\/"},{"@type":"ListItem","position":3,"name":"\u00c0 la recherche d\u2019Allah, j\u2019ai trouv\u00e9 J\u00e9sus"}]},{"@type":"WebSite","@id":"https:\/\/fru.ifesworld.org\/en\/#website","url":"https:\/\/fru.ifesworld.org\/en\/","name":"IFES","description":"A movement of students sharing and living out the good news of Jesus Christ. Locally. Nationally. Globally.","publisher":{"@id":"https:\/\/fru.ifesworld.org\/en\/#organization"},"potentialAction":[{"@type":"SearchAction","target":{"@type":"EntryPoint","urlTemplate":"https:\/\/fru.ifesworld.org\/en\/?s={search_term_string}"},"query-input":"required name=search_term_string"}],"inLanguage":"fr-FR"},{"@type":"Organization","@id":"https:\/\/fru.ifesworld.org\/en\/#organization","name":"IFES \u00b7 International Fellowship of Evangelical Students","url":"https:\/\/fru.ifesworld.org\/en\/","logo":{"@type":"ImageObject","inLanguage":"fr-FR","@id":"https:\/\/fru.ifesworld.org\/en\/#\/schema\/logo\/image\/","url":"https:\/\/fru.ifesworld.org\/wp-content\/uploads\/2019\/06\/ifeslogo.png","contentUrl":"https:\/\/fru.ifesworld.org\/wp-content\/uploads\/2019\/06\/ifeslogo.png","width":262,"height":262,"caption":"IFES \u00b7 International Fellowship of Evangelical Students"},"image":{"@id":"https:\/\/fru.ifesworld.org\/en\/#\/schema\/logo\/image\/"}}]}},"_links":{"self":[{"href":"https:\/\/fru.ifesworld.org\/fr\/wp-json\/wp\/v2\/conexion\/821"}],"collection":[{"href":"https:\/\/fru.ifesworld.org\/fr\/wp-json\/wp\/v2\/conexion"}],"about":[{"href":"https:\/\/fru.ifesworld.org\/fr\/wp-json\/wp\/v2\/types\/conexion"}],"wp:featuredmedia":[{"embeddable":true,"href":"https:\/\/fru.ifesworld.org\/fr\/wp-json\/wp\/v2\/media\/931"}],"wp:attachment":[{"href":"https:\/\/fru.ifesworld.org\/fr\/wp-json\/wp\/v2\/media?parent=821"}],"wp:term":[{"taxonomy":"area","embeddable":true,"href":"https:\/\/fru.ifesworld.org\/fr\/wp-json\/wp\/v2\/area?post=821"},{"taxonomy":"theme","embeddable":true,"href":"https:\/\/fru.ifesworld.org\/fr\/wp-json\/wp\/v2\/theme?post=821"}],"curies":[{"name":"wp","href":"https:\/\/api.w.org\/{rel}","templated":true}]}}