{"id":817,"date":"2018-04-23T11:19:45","date_gmt":"2018-04-23T10:19:45","guid":{"rendered":"https:\/\/fru.ifesworld.org\/conexion\/avoir-soif-de-verite\/"},"modified":"2019-05-20T09:45:38","modified_gmt":"2019-05-20T09:45:38","slug":"avoir-soif-de-verite","status":"publish","type":"conexion","link":"https:\/\/fru.ifesworld.org\/fr\/blog\/avoir-soif-de-verite\/","title":{"rendered":"Avoir soif de v\u00e9rit\u00e9"},"content":{"rendered":"<h4>Les \u00e9tudiants du Ghana parlent de J\u00e9sus aux \u00e9tudiants musulmans<\/h4>\n<p>Au cours de l\u2019ann\u00e9e \u00e9coul\u00e9e, les \u00e9tudiants chr\u00e9tiens de GHAFES Ghana ont fourni des efforts concert\u00e9s et strat\u00e9giques sans pr\u00e9c\u00e9dent en vue d\u2019atteindre les \u00e9tudiants musulmans sur leurs campus. Soutenus par une <a href=\"https:\/\/fru.ifesworld.org\/fr\/innovation-evang%C3%A9lisation-cr%C3%A9ative\" target=\"_blank\" rel=\"noopener noreferrer\">bourse Innovation de l\u2019IFES<\/a>, ils ont organis\u00e9 diff\u00e9rentes activit\u00e9s, incluant des \u00e9tudes bibliques d\u2019exploration, des sessions de questions et r\u00e9ponses et des d\u00e9bats publics. Nous avons entendu parler du projet par l\u2019un des leaders du groupe qui nous a fourni quelques informations suppl\u00e9mentaires.<\/p>\n<h4>Qu\u2019est-ce qui a motiv\u00e9 les \u00e9tudiants de votre mouvement \u00e0 prendre l\u2019initiative de cette campagne aupr\u00e8s des musulmans\u00a0?<\/h4>\n<p>L\u2019islam constitue la religion dont le taux de croissance est le 2e plus rapide apr\u00e8s le christianisme, avec une croissance estim\u00e9e de 1,6 milliards d\u2019adh\u00e9rents en 2010, et la possibilit\u00e9 d\u2019atteindre 2,8 milliards en l\u2019an 2050. Toute tentative de r\u00e9pondre \u00e0 la Grande commission lanc\u00e9e en Matthieu 28.18\u201320 sans plan strat\u00e9gique visant \u00e0 atteindre les musulmans comporte de s\u00e9rieuses lacunes. L\u2019influx d\u2019\u00e9tudiants musulmans au niveau international ne cesse de cro\u00eetre actuellement\u200a\u2014\u200acertains d\u2019entre eux provenant de pays vraiment ferm\u00e9s. Il est triste de constater combien de chr\u00e9tiens sont devenus des islamophobes. Nous estimons, toutefois, que des conversations intentionnelles au sujet de l\u2019\u00c9vangile doivent \u00eatre entam\u00e9es avec nos amis musulmans pour qui le Seigneur J\u00e9sus est mort\u00a0; cela constitue une r\u00e9elle priorit\u00e9 \u00e0 nos yeux.<\/p>\n<p>Nous souhaitons \u00e9galement favoriser une meilleure compr\u00e9hension r\u00e9ciproque et une r\u00e9elle amiti\u00e9 entre nous. Hans K\u00fcng, le th\u00e9ologien suisse, a affirm\u00e9\u00a0: <em>\u00ab\u00a0Aucune paix mondiale n\u2019est possible sans la paix entre les religions\u00a0; aucune paix entre les religions n\u2019est possible sans un dialogue entre les religions\u00a0; et aucun dialogue n\u2019est possible entre les religions sans une connaissance suffisante de l\u2019autre chez l\u2019un et l\u2019autre.\u00a0\u00bb<\/em> L\u2019universit\u00e9 est le lieu par excellence o\u00f9 un sain dialogue peut et devrait \u00eatre entam\u00e9 et nous voulons faire la promotion de cela.<\/p>\n<h4><strong>Quelles diff\u00e9rentes approches sont utilis\u00e9es actuellement pour atteindre les \u00e9tudiants musulmans\u00a0?<\/strong><\/h4>\n<p>L\u2019\u00e9vang\u00e9lisation sur le campus se fait selon plusieurs volets. En tout premier lieu, il y a la formation. Il nous faut en apprendre davantage sur l\u2019islam et d\u00e9couvrir comment engager des conversations au sujet de l\u2019\u00c9vangile avec nos amis musulmans. Nous devons savoir comment r\u00e9pondre \u00e0 leurs questions. Nous proc\u00e9dons \u00e9galement \u00e0 des recherches pour d\u00e9couvrir quelles sont les questions que les musulmans se posent au sujet du christianisme et de J\u00e9sus.<\/p>\n<p>En mati\u00e8re d\u2019approches sp\u00e9cifiques, il y a une vari\u00e9t\u00e9 d\u2019options\u00a0: l\u2019\u00e9vang\u00e9lisation un-\u00e0-un, les groupes d\u2019\u00e9tude biblique de d\u00e9couverte, la distribution de tracts d\u2019\u00e9vang\u00e9lisation et l\u2019utilisation de diff\u00e9rents logiciels ou plateformes\u00a0; il y a aussi l\u2019organisation de d\u00e9bats, de conf\u00e9rences radio et d\u2019\u00e9v\u00e9nements de questions et r\u00e9ponses. Nous nous effor\u00e7ons aussi de fournir aux \u00e9tudiants musulmans qui viennent \u00e0 la foi en J\u00e9sus le soutien dont ils ont besoin.<\/p>\n<h4><strong>Pourquoi est-ce si important d\u2019offrir un tel soutien aux \u00e9tudiants musulmans qui adh\u00e9rent \u00e0 la foi chr\u00e9tienne\u00a0?<\/strong><\/h4>\n<p>Les musulmans qui se convertissent au christianisme font face \u00e0 de nombreux d\u00e9fis. Certains d\u2019entre eux seront rejet\u00e9s par leur communaut\u00e9, leurs amis et les membres de leur famille. Nous avons fait la connaissance d\u2019un nouveau croyant d\u2019arri\u00e8re-plan musulman r\u00e9cemment et nous le rencontrons chaque semaine pour l\u2019aider \u00e0 s\u2019ancrer solidement dans la foi. Nous travaillons actuellement \u00e0 mettre en place des syst\u00e8mes de soutien assurant que ses frais de scolarit\u00e9 seront pay\u00e9s et que ses besoins sociaux sont rencontr\u00e9s. Merci de prier pour lui\u00a0!<\/p>\n<h4><strong>Comment se sont d\u00e9roul\u00e9s les grands \u00e9v\u00e9nements en question\u00a0?<\/strong><\/h4>\n<p>Nous avons organis\u00e9 des d\u00e9bats et des conf\u00e9rences sur des sujets tels que\u00a0:<\/p>\n<ul>\n<li><em>Le concept de paix dans le christianisme et l\u2019islam.<\/em><\/li>\n<li><em>J\u00e9sus \u00e9tait-il un simple homme, un proph\u00e8te ou Dieu\u00a0?<\/em><\/li>\n<li><em>La r\u00e9surrection est-elle un mythe ou la v\u00e9rit\u00e9\u00a0?<\/em><\/li>\n<li><em>La Bible parle-t-elle du proph\u00e8te Mahomet\u00a0?<\/em><\/li>\n<li><em>La Bible ou le Coran\u00a0: lequel de ces livres est authentique\u00a0?<\/em><\/li>\n<\/ul>\n<p>La participation \u00e0 ces activit\u00e9s a \u00e9t\u00e9 incroyable. Nous avons r\u00e9ussi \u00e0 atteindre plus de 800 \u00e9tudiants par le biais de ces \u00e9v\u00e9nements. Les auditoriums o\u00f9 ils se tenaient \u00e9taient bond\u00e9s 15 minutes avant le d\u00e9but de l\u2019activit\u00e9. Nous avons invit\u00e9 des conf\u00e9renciers chr\u00e9tiens et musulmans \u00e0 pr\u00e9senter des expos\u00e9s, suivis d\u2019une p\u00e9riode de questions et r\u00e9ponses \u00e0 la fin. On pouvait voir la soif de v\u00e9rit\u00e9 dans les yeux des \u00e9tudiants r\u00e9unis pour la circonstance. Le mod\u00e9rateur pour l\u2019un des dialogues (le directeur du d\u00e9partement d\u2019enseignement de l\u2019histoire) a dit\u00a0: \u00ab\u00a0Je n\u2019ai jamais rien vu de pareil au Ghana auparavant.\u00a0\u00bb<\/p>\n<h4><strong>Quelle a \u00e9t\u00e9 la r\u00e9action des \u00e9tudiants \u00e0 ces \u00e9v\u00e9nements\u00a0?<\/strong><\/h4>\n<p>Un \u00e9tudiant musulman a partag\u00e9 ainsi ses pens\u00e9es\u00a0:<\/p>\n<blockquote><p>\u00ab\u00a0Tout cela a \u00e9largi mes horizons. Voir ainsi les deux grandes religions pr\u00e9senter leur point de vue sur le concept de paix et sur l\u2019identit\u00e9 de J\u00e9sus \u00e9tait plut\u00f4t remarquable. Cela a permis aux gens dans l\u2019auditoire de trouver des r\u00e9ponses aux doutes qu\u2019ils entretenaient.\u00a0\u00bb<\/p><\/blockquote>\n<p>Les \u00e9tudiants chr\u00e9tiens ont comment\u00e9 cela ainsi\u00a0;<\/p>\n<blockquote><p>\u00ab\u00a0J\u2019\u00e9tais \u00e9merveill\u00e9 de voir que les \u00e9tudiants musulmans avaient rempli l\u2019auditorium. Je pense que l\u2019assistance \u00e9tait compos\u00e9e \u00e0 80 % de musulmans et 20 % de chr\u00e9tiens.\u00a0\u00bb<\/p><\/blockquote>\n<blockquote><p>\u00ab\u00a0Cette activit\u00e9 a vraiment ranim\u00e9 ma passion pour l\u2019\u00e9vang\u00e9lisation et j\u2019ai aussi appris des choses qui me permettront de fournir des r\u00e9ponses aux questions de mes amis musulmans.\u00a0\u00bb<\/p><\/blockquote>\n<blockquote><p>\u00ab\u00a0J\u2019ai eu le courage de discuter avec certains musulmans pour la premi\u00e8re fois de ma vie. La crainte et les st\u00e9r\u00e9otypes que j\u2019entretenais jusque-l\u00e0 ont compl\u00e8tement disparu.\u00a0\u00bb<\/p><\/blockquote>\n<h4><strong>Quelle est votre pri\u00e8re pour l\u2019ann\u00e9e \u00e0 venir\u00a0?<\/strong><\/h4>\n<p>Nous remercions Dieu pour cette initiative d\u2019\u00e9vang\u00e9lisation strat\u00e9gique et innovatrice sur nos campus. Nous demandons \u00e0 Dieu que les fruits r\u00e9colt\u00e9s lors de cet effort soient durables et qu\u2019ils contribuent \u00e0 transformer le c\u0153ur de nombreux musulmans \u00e0 l\u2019\u00e9gard du Seigneur.<\/p>\n<hr \/>\n<p>Ce projet a \u00e9t\u00e9 rendu possible gr\u00e2ce au soutien financier du fonds Innovation de l\u2019IFES. Renseignez-vous sur ce projet d\u2019Innovation et faites la demande d\u2019une bourse Innovation, <a href=\"https:\/\/fru.ifesworld.org\/fr\/innovation-evang%C3%A9lisation-cr%C3%A9ative\" target=\"_blank\" rel=\"noopener noreferrer\">sur le site Internet de l\u2019IFES<\/a>\u00a0. Les demandes de subvention pour l\u2019Innovation 2018 sont accept\u00e9es jusqu\u2019au jeudi 31 mai.<\/p>\n","protected":false},"featured_media":934,"template":"","area":[],"theme":[],"class_list":["post-817","conexion","type-conexion","status-publish","has-post-thumbnail","hentry"],"acf":[],"yoast_head":"<!-- This site is optimized with the Yoast SEO plugin v22.6 - https:\/\/yoast.com\/wordpress\/plugins\/seo\/ -->\n<title>Avoir soif de v\u00e9rit\u00e9 &#183; IFES Conexi\u00f3n Blog<\/title>\n<meta name=\"description\" content=\"Les \u00e9tudiants du Ghana parlent de J\u00e9sus aux \u00e9tudiants musulmans Au cours de l\u2019ann\u00e9e \u00e9coul\u00e9e, les \u00e9tudiants chr\u00e9tiens de GHAFES Ghana ont fourni des\" \/>\n<meta name=\"robots\" content=\"noindex, follow, max-snippet:-1, max-image-preview:large, max-video-preview:-1\" \/>\n<meta property=\"og:locale\" content=\"fr_FR\" \/>\n<meta property=\"og:type\" content=\"article\" \/>\n<meta property=\"og:title\" content=\"Avoir soif de v\u00e9rit\u00e9 &#183; IFES Conexi\u00f3n Blog\" \/>\n<meta property=\"og:description\" content=\"Les \u00e9tudiants du Ghana parlent de J\u00e9sus aux \u00e9tudiants musulmans Au cours de l\u2019ann\u00e9e \u00e9coul\u00e9e, les \u00e9tudiants chr\u00e9tiens de GHAFES Ghana ont fourni des\" \/>\n<meta property=\"og:url\" content=\"https:\/\/ifesworld.org\/fr\/blog\/avoir-soif-de-verite\/\" \/>\n<meta property=\"og:site_name\" content=\"IFES\" \/>\n<meta property=\"article:modified_time\" content=\"2019-05-20T09:45:38+00:00\" \/>\n<meta property=\"og:image\" content=\"https:\/\/ifesworld.org\/wp-content\/uploads\/2019\/05\/2547b-1yjrdgkl2wo3fyay1u1k1pa.jpeg\" \/>\n\t<meta property=\"og:image:width\" content=\"1200\" \/>\n\t<meta property=\"og:image:height\" content=\"675\" \/>\n\t<meta property=\"og:image:type\" content=\"image\/jpeg\" \/>\n<meta name=\"twitter:card\" content=\"summary_large_image\" \/>\n<meta name=\"twitter:label1\" content=\"Dur\u00e9e de lecture estim\u00e9e\" \/>\n\t<meta name=\"twitter:data1\" content=\"6 minutes\" \/>\n<script type=\"application\/ld+json\" class=\"yoast-schema-graph\">{\"@context\":\"https:\/\/schema.org\",\"@graph\":[{\"@type\":\"WebPage\",\"@id\":\"https:\/\/ifesworld.org\/fr\/blog\/avoir-soif-de-verite\/\",\"url\":\"https:\/\/ifesworld.org\/fr\/blog\/avoir-soif-de-verite\/\",\"name\":\"Avoir soif de v\u00e9rit\u00e9 &#183; IFES Conexi\u00f3n Blog\",\"isPartOf\":{\"@id\":\"https:\/\/fru.ifesworld.org\/en\/#website\"},\"primaryImageOfPage\":{\"@id\":\"https:\/\/ifesworld.org\/fr\/blog\/avoir-soif-de-verite\/#primaryimage\"},\"image\":{\"@id\":\"https:\/\/ifesworld.org\/fr\/blog\/avoir-soif-de-verite\/#primaryimage\"},\"thumbnailUrl\":\"https:\/\/fru.ifesworld.org\/wp-content\/uploads\/2019\/05\/2547b-1yjrdgkl2wo3fyay1u1k1pa.jpeg\",\"datePublished\":\"2018-04-23T10:19:45+00:00\",\"dateModified\":\"2019-05-20T09:45:38+00:00\",\"description\":\"Les \u00e9tudiants du Ghana parlent de J\u00e9sus aux \u00e9tudiants musulmans Au cours de l\u2019ann\u00e9e \u00e9coul\u00e9e, les \u00e9tudiants chr\u00e9tiens de GHAFES Ghana ont fourni des\",\"breadcrumb\":{\"@id\":\"https:\/\/ifesworld.org\/fr\/blog\/avoir-soif-de-verite\/#breadcrumb\"},\"inLanguage\":\"fr-FR\",\"potentialAction\":[{\"@type\":\"ReadAction\",\"target\":[\"https:\/\/ifesworld.org\/fr\/blog\/avoir-soif-de-verite\/\"]}]},{\"@type\":\"ImageObject\",\"inLanguage\":\"fr-FR\",\"@id\":\"https:\/\/ifesworld.org\/fr\/blog\/avoir-soif-de-verite\/#primaryimage\",\"url\":\"https:\/\/fru.ifesworld.org\/wp-content\/uploads\/2019\/05\/2547b-1yjrdgkl2wo3fyay1u1k1pa.jpeg\",\"contentUrl\":\"https:\/\/fru.ifesworld.org\/wp-content\/uploads\/2019\/05\/2547b-1yjrdgkl2wo3fyay1u1k1pa.jpeg\",\"width\":1200,\"height\":675},{\"@type\":\"BreadcrumbList\",\"@id\":\"https:\/\/ifesworld.org\/fr\/blog\/avoir-soif-de-verite\/#breadcrumb\",\"itemListElement\":[{\"@type\":\"ListItem\",\"position\":1,\"name\":\"Home\",\"item\":\"https:\/\/fru.ifesworld.org\/fr\/\"},{\"@type\":\"ListItem\",\"position\":2,\"name\":\"Conexi\u00f3n\",\"item\":\"https:\/\/ifesworld.org\/es\/blog\/\"},{\"@type\":\"ListItem\",\"position\":3,\"name\":\"Avoir soif de v\u00e9rit\u00e9\"}]},{\"@type\":\"WebSite\",\"@id\":\"https:\/\/fru.ifesworld.org\/en\/#website\",\"url\":\"https:\/\/fru.ifesworld.org\/en\/\",\"name\":\"IFES\",\"description\":\"A movement of students sharing and living out the good news of Jesus Christ. Locally. Nationally. Globally.\",\"publisher\":{\"@id\":\"https:\/\/fru.ifesworld.org\/en\/#organization\"},\"potentialAction\":[{\"@type\":\"SearchAction\",\"target\":{\"@type\":\"EntryPoint\",\"urlTemplate\":\"https:\/\/fru.ifesworld.org\/en\/?s={search_term_string}\"},\"query-input\":\"required name=search_term_string\"}],\"inLanguage\":\"fr-FR\"},{\"@type\":\"Organization\",\"@id\":\"https:\/\/fru.ifesworld.org\/en\/#organization\",\"name\":\"IFES \u00b7 International Fellowship of Evangelical Students\",\"url\":\"https:\/\/fru.ifesworld.org\/en\/\",\"logo\":{\"@type\":\"ImageObject\",\"inLanguage\":\"fr-FR\",\"@id\":\"https:\/\/fru.ifesworld.org\/en\/#\/schema\/logo\/image\/\",\"url\":\"https:\/\/fru.ifesworld.org\/wp-content\/uploads\/2019\/06\/ifeslogo.png\",\"contentUrl\":\"https:\/\/fru.ifesworld.org\/wp-content\/uploads\/2019\/06\/ifeslogo.png\",\"width\":262,\"height\":262,\"caption\":\"IFES \u00b7 International Fellowship of Evangelical Students\"},\"image\":{\"@id\":\"https:\/\/fru.ifesworld.org\/en\/#\/schema\/logo\/image\/\"}}]}<\/script>\n<!-- \/ Yoast SEO plugin. -->","yoast_head_json":{"title":"Avoir soif de v\u00e9rit\u00e9 &#183; IFES Conexi\u00f3n Blog","description":"Les \u00e9tudiants du Ghana parlent de J\u00e9sus aux \u00e9tudiants musulmans Au cours de l\u2019ann\u00e9e \u00e9coul\u00e9e, les \u00e9tudiants chr\u00e9tiens de GHAFES Ghana ont fourni des","robots":{"index":"noindex","follow":"follow","max-snippet":"max-snippet:-1","max-image-preview":"max-image-preview:large","max-video-preview":"max-video-preview:-1"},"og_locale":"fr_FR","og_type":"article","og_title":"Avoir soif de v\u00e9rit\u00e9 &#183; IFES Conexi\u00f3n Blog","og_description":"Les \u00e9tudiants du Ghana parlent de J\u00e9sus aux \u00e9tudiants musulmans Au cours de l\u2019ann\u00e9e \u00e9coul\u00e9e, les \u00e9tudiants chr\u00e9tiens de GHAFES Ghana ont fourni des","og_url":"https:\/\/ifesworld.org\/fr\/blog\/avoir-soif-de-verite\/","og_site_name":"IFES","article_modified_time":"2019-05-20T09:45:38+00:00","og_image":[{"width":1200,"height":675,"url":"https:\/\/ifesworld.org\/wp-content\/uploads\/2019\/05\/2547b-1yjrdgkl2wo3fyay1u1k1pa.jpeg","type":"image\/jpeg"}],"twitter_card":"summary_large_image","twitter_misc":{"Dur\u00e9e de lecture estim\u00e9e":"6 minutes"},"schema":{"@context":"https:\/\/schema.org","@graph":[{"@type":"WebPage","@id":"https:\/\/ifesworld.org\/fr\/blog\/avoir-soif-de-verite\/","url":"https:\/\/ifesworld.org\/fr\/blog\/avoir-soif-de-verite\/","name":"Avoir soif de v\u00e9rit\u00e9 &#183; IFES Conexi\u00f3n Blog","isPartOf":{"@id":"https:\/\/fru.ifesworld.org\/en\/#website"},"primaryImageOfPage":{"@id":"https:\/\/ifesworld.org\/fr\/blog\/avoir-soif-de-verite\/#primaryimage"},"image":{"@id":"https:\/\/ifesworld.org\/fr\/blog\/avoir-soif-de-verite\/#primaryimage"},"thumbnailUrl":"https:\/\/fru.ifesworld.org\/wp-content\/uploads\/2019\/05\/2547b-1yjrdgkl2wo3fyay1u1k1pa.jpeg","datePublished":"2018-04-23T10:19:45+00:00","dateModified":"2019-05-20T09:45:38+00:00","description":"Les \u00e9tudiants du Ghana parlent de J\u00e9sus aux \u00e9tudiants musulmans Au cours de l\u2019ann\u00e9e \u00e9coul\u00e9e, les \u00e9tudiants chr\u00e9tiens de GHAFES Ghana ont fourni des","breadcrumb":{"@id":"https:\/\/ifesworld.org\/fr\/blog\/avoir-soif-de-verite\/#breadcrumb"},"inLanguage":"fr-FR","potentialAction":[{"@type":"ReadAction","target":["https:\/\/ifesworld.org\/fr\/blog\/avoir-soif-de-verite\/"]}]},{"@type":"ImageObject","inLanguage":"fr-FR","@id":"https:\/\/ifesworld.org\/fr\/blog\/avoir-soif-de-verite\/#primaryimage","url":"https:\/\/fru.ifesworld.org\/wp-content\/uploads\/2019\/05\/2547b-1yjrdgkl2wo3fyay1u1k1pa.jpeg","contentUrl":"https:\/\/fru.ifesworld.org\/wp-content\/uploads\/2019\/05\/2547b-1yjrdgkl2wo3fyay1u1k1pa.jpeg","width":1200,"height":675},{"@type":"BreadcrumbList","@id":"https:\/\/ifesworld.org\/fr\/blog\/avoir-soif-de-verite\/#breadcrumb","itemListElement":[{"@type":"ListItem","position":1,"name":"Home","item":"https:\/\/fru.ifesworld.org\/fr\/"},{"@type":"ListItem","position":2,"name":"Conexi\u00f3n","item":"https:\/\/ifesworld.org\/es\/blog\/"},{"@type":"ListItem","position":3,"name":"Avoir soif de v\u00e9rit\u00e9"}]},{"@type":"WebSite","@id":"https:\/\/fru.ifesworld.org\/en\/#website","url":"https:\/\/fru.ifesworld.org\/en\/","name":"IFES","description":"A movement of students sharing and living out the good news of Jesus Christ. Locally. Nationally. Globally.","publisher":{"@id":"https:\/\/fru.ifesworld.org\/en\/#organization"},"potentialAction":[{"@type":"SearchAction","target":{"@type":"EntryPoint","urlTemplate":"https:\/\/fru.ifesworld.org\/en\/?s={search_term_string}"},"query-input":"required name=search_term_string"}],"inLanguage":"fr-FR"},{"@type":"Organization","@id":"https:\/\/fru.ifesworld.org\/en\/#organization","name":"IFES \u00b7 International Fellowship of Evangelical Students","url":"https:\/\/fru.ifesworld.org\/en\/","logo":{"@type":"ImageObject","inLanguage":"fr-FR","@id":"https:\/\/fru.ifesworld.org\/en\/#\/schema\/logo\/image\/","url":"https:\/\/fru.ifesworld.org\/wp-content\/uploads\/2019\/06\/ifeslogo.png","contentUrl":"https:\/\/fru.ifesworld.org\/wp-content\/uploads\/2019\/06\/ifeslogo.png","width":262,"height":262,"caption":"IFES \u00b7 International Fellowship of Evangelical Students"},"image":{"@id":"https:\/\/fru.ifesworld.org\/en\/#\/schema\/logo\/image\/"}}]}},"_links":{"self":[{"href":"https:\/\/fru.ifesworld.org\/fr\/wp-json\/wp\/v2\/conexion\/817"}],"collection":[{"href":"https:\/\/fru.ifesworld.org\/fr\/wp-json\/wp\/v2\/conexion"}],"about":[{"href":"https:\/\/fru.ifesworld.org\/fr\/wp-json\/wp\/v2\/types\/conexion"}],"wp:featuredmedia":[{"embeddable":true,"href":"https:\/\/fru.ifesworld.org\/fr\/wp-json\/wp\/v2\/media\/934"}],"wp:attachment":[{"href":"https:\/\/fru.ifesworld.org\/fr\/wp-json\/wp\/v2\/media?parent=817"}],"wp:term":[{"taxonomy":"area","embeddable":true,"href":"https:\/\/fru.ifesworld.org\/fr\/wp-json\/wp\/v2\/area?post=817"},{"taxonomy":"theme","embeddable":true,"href":"https:\/\/fru.ifesworld.org\/fr\/wp-json\/wp\/v2\/theme?post=817"}],"curies":[{"name":"wp","href":"https:\/\/api.w.org\/{rel}","templated":true}]}}