{"id":774,"date":"2017-08-02T15:05:54","date_gmt":"2017-08-02T14:05:54","guid":{"rendered":"https:\/\/fru.ifesworld.org\/conexion\/un-mot-de-conclusion-se-mettre-a-lecoute-de-dieu\/"},"modified":"2019-05-20T14:07:56","modified_gmt":"2019-05-20T14:07:56","slug":"un-mot-de-conclusion-se-mettre-a-lecoute-de-dieu","status":"publish","type":"conexion","link":"https:\/\/fru.ifesworld.org\/fr\/blog\/un-mot-de-conclusion-se-mettre-a-lecoute-de-dieu\/","title":{"rendered":"Un mot de conclusion : Se mettre \u00e0 l\u2019\u00e9coute de Dieu"},"content":{"rendered":"<h4>Le\u00e7ons entourant le repos du minist\u00e8re.<\/h4>\n<p>Dans le monde chaotique actuel et nos vies hyperactives, nous nous sentons parfois oppress\u00e9s par toutes sortes d\u2019activit\u00e9s et de plus en plus d\u00e9concentr\u00e9s. Il nous faut r\u00e9server du temps pour nous mettre \u00e0 l\u2019\u00e9coute de Dieu et l\u2019invoquer en comptant sur le fait qu\u2019il va r\u00e9pondre. Et parce que Dieu nous parle de plusieurs mani\u00e8res, nous devons nous montrer attentifs pour savoir discerner ce qu\u2019il nous dit. Il nous faut \u00e9couter Dieu nous parler \u00e0 travers son Esprit saint, dans les paroles qu\u2019il nous a adress\u00e9es dans l\u2019\u00c9criture et aussi \u00e0 travers le monde qui nous entoure.<\/p>\n<p>David Bahena (Secr\u00e9taire r\u00e9gional de l\u2019IFES pour l\u2019Am\u00e9rique latine) a eu plusieurs rencontres percutantes avec le Seigneur au cours des neuf derniers mois, depuis qu\u2019il a entam\u00e9 des \u00e9tudes sup\u00e9rieures au Fuller Theological Seminary, en Californie, aux \u00c9tats-Unis. Je lui ai demand\u00e9 de nous partager quelques pens\u00e9es \u00e0 ce sujet.<\/p>\n<p>Daniel Bourdann\u00e9<br \/>\nSecr\u00e9taire g\u00e9n\u00e9ral de l\u2019IFES<\/p>\n<hr \/>\n<h3><strong>Repos, d\u00e9tente et renouvellement int\u00e9rieur<\/strong><\/h3>\n<p>Apr\u00e8s plusieurs ann\u00e9es de service dans le minist\u00e8re, il est tr\u00e8s facile de devenir un \u00ab\u00a0bureaucrate\u00a0\u00bb de l\u2019\u00c9vangile, de faire les choses de mani\u00e8re machinale et d\u2019oublier ce pourquoi et pour qui nous menons nos activit\u00e9s de minist\u00e8re. \u00c0 cause de la somme de travail \u00e0 accomplir et de l\u2019urgence de la mission, nous avons souvent tendance \u00e0 n\u00e9gliger notre sant\u00e9, notre famille et notre relation avec le Seigneur. Nous nous retrouvons compl\u00e8tement vid\u00e9s, voire au bord de l\u2019\u00e9puisement professionnel, avec une famille d\u00e9molie, frustr\u00e9e et malade. Les cong\u00e9s sabbatiques jouent ainsi un r\u00f4le tr\u00e8s important. C\u2019est un temps pour le repos, la d\u00e9tente et le renouvellement int\u00e9rieur. C\u2019est \u00e9galement un temps pour \u00e9couter la voix de Dieu, celle des membres de notre famille et notre petite voix int\u00e9rieure.<\/p>\n<p>Je remercie Dieu pour le fait que durant mon cong\u00e9 sabbatique, nous avons eu de nombreuses occasions en tant que famille de marcher ensemble, de renouer et nous retrouver, et d\u2019avoir des conversations significatives les uns avec les autres. C\u2019\u00e9taient l\u00e0 des exp\u00e9riences qui vont nous accompagner en tant que famille durant la prochaine \u00e9tape de notre ob\u00e9issance.<\/p>\n<p>Nous avons \u00e9galement approfondi et red\u00e9couvert la richesse de l\u2019hospitalit\u00e9 et de la vie communautaire. Ce fut l\u00e0 sans conteste l\u2019un des temps forts et l\u2019une des le\u00e7ons majeures de ce cong\u00e9 sabbatique. Nous avons beaucoup re\u00e7u et appris de la communaut\u00e9 acad\u00e9mique de Fuller, de la communaut\u00e9 eccl\u00e9siale d\u2019Eagle Rock et de la communaut\u00e9 d\u2019amis et de voisins \u00e0 Providence Mission Homes.<\/p>\n<h3><strong>Rythmes de vie et de minist\u00e8re<\/strong><\/h3>\n<p>Nous avons appris \u00e0 \u00eatre attentifs aux rythmes de la vie et du minist\u00e8re. Notre cong\u00e9 sabbatique s\u2019est d\u00e9roul\u00e9 en trois \u00e9tapes distinctes\u00a0: d\u2019abord, nous avons travers\u00e9 une p\u00e9riode de maladie et de fatigue\u00a0; puis nous avons commenc\u00e9 \u00e0 go\u00fbter un certain repos et \u00e0 nous d\u00e9tendre\u00a0; et finalement, nous avons fait l\u2019exp\u00e9rience d\u2019un temps de c\u00e9l\u00e9bration et de joie. \u00c0 travers cela, nous avons compris qu\u2019il n\u2019est uniquement possible de retrouver la joie, la sant\u00e9 et le bien-\u00eatre int\u00e9rieur dans la vie qu\u2019en suivant les rythmes naturels de la vie et du minist\u00e8re. Le repos constitue sans aucun doute le plus grand d\u00e9fi. Il faut une bonne dose d\u2019humilit\u00e9, de courage et de saine th\u00e9ologie pour \u00eatre capable de se reposer.<\/p>\n<p>Finalement, nous sommes devenus plus conscients de la r\u00e9alit\u00e9 actuelle du monde et de notre propension \u00e0 nous laisser troubler par un tel contexte. Nous sommes arriv\u00e9s aux \u00c9tats-Unis durant la campagne pr\u00e9sidentielle, suivie de la nomination d\u2019un nouveau pr\u00e9sident. Nous avons \u00e9t\u00e9 t\u00e9moins de la douleur, du sentiment d\u2019injustice et de l\u2019incertitude des familles immigrantes. Il y a eu des conversations douloureuses \u00e0 l\u2019\u00e9cole des enfants, \u00e0 notre \u00e9glise et au s\u00e9minaire. Mais en m\u00eame temps, notre esp\u00e9rance a \u00e9t\u00e9 raviv\u00e9e en voyant les \u00c9glises, les \u00e9coles et les organisations de la soci\u00e9t\u00e9 civile se porter \u00e0 la d\u00e9fense des plus vuln\u00e9rables.<\/p>\n<p>Je suis entr\u00e9 dans ce cong\u00e9 sabbatique apr\u00e8s 20 ans de minist\u00e8re avec beaucoup d\u2019appr\u00e9hensions et d\u2019inqui\u00e9tudes pour mon avenir et ma sant\u00e9 physique, \u00e9motionnelle, spirituelle et financi\u00e8re. Le passage biblique qui m\u2019a soutenu alors a \u00e9t\u00e9 1 Pierre 1.3\u20135\u00a0:<\/p>\n<blockquote><p>\u00ab\u00a0B\u00e9ni soit Dieu, le P\u00e8re de notre Seigneur J\u00e9sus-Christ. Dans sa grande compassion, il nous a fait na\u00eetre \u00e0 une vie nouvelle, pour nous donner une esp\u00e9rance vivante par la r\u00e9surrection de J\u00e9sus-Christ. Car il a pr\u00e9par\u00e9 pour nous un h\u00e9ritage qui ne peut ni se d\u00e9truire, ni se corrompre, ni perdre sa beaut\u00e9. Il le tient en r\u00e9serve pour vous dans les cieux, vous qu\u2019il garde, par sa puissance, au moyen de la foi, en vue du salut qui est pr\u00eat \u00e0 \u00eatre r\u00e9v\u00e9l\u00e9 au moment de la fin.\u00a0\u00bb (Bible du\u00a0Semeur)<\/p><\/blockquote>\n<p>Dieu m\u2019a rappel\u00e9 ainsi que nous avons d\u00e9j\u00e0 tout ce dont nous avons besoin pour notre vie et notre minist\u00e8re pour cette nouvelle d\u00e9cennie. Il nous a accord\u00e9 un h\u00e9ritage indestructible, libre de toute contamination et immuable, de telle sorte que le minist\u00e8re demeurera florissant m\u00eame au milieu du d\u00e9sert avec ses d\u00e9fis et ses dangers. De cette mani\u00e8re, Dieu a renouvel\u00e9 notre confiance en lui et il nous a invit\u00e9s \u00e0 participer au travail qu\u2019il accomplit dans ce minist\u00e8re.<\/p>\n","protected":false},"featured_media":1002,"template":"","area":[],"theme":[],"class_list":["post-774","conexion","type-conexion","status-publish","has-post-thumbnail","hentry"],"acf":[],"yoast_head":"<!-- This site is optimized with the Yoast SEO plugin v22.6 - https:\/\/yoast.com\/wordpress\/plugins\/seo\/ -->\n<title>Un mot de conclusion : Se mettre \u00e0 l\u2019\u00e9coute de Dieu &#183; IFES Conexi\u00f3n Blog<\/title>\n<meta name=\"description\" content=\"Le\u00e7ons entourant le repos du minist\u00e8re. Dans le monde chaotique actuel et nos vies hyperactives, nous nous sentons parfois oppress\u00e9s par toutes sortes\" \/>\n<meta name=\"robots\" content=\"noindex, follow, max-snippet:-1, max-image-preview:large, max-video-preview:-1\" \/>\n<meta property=\"og:locale\" content=\"fr_FR\" \/>\n<meta property=\"og:type\" content=\"article\" \/>\n<meta property=\"og:title\" content=\"Un mot de conclusion : Se mettre \u00e0 l\u2019\u00e9coute de Dieu &#183; IFES Conexi\u00f3n Blog\" \/>\n<meta property=\"og:description\" content=\"Le\u00e7ons entourant le repos du minist\u00e8re. Dans le monde chaotique actuel et nos vies hyperactives, nous nous sentons parfois oppress\u00e9s par toutes sortes\" \/>\n<meta property=\"og:url\" content=\"https:\/\/ifesworld.org\/fr\/blog\/un-mot-de-conclusion-se-mettre-a-lecoute-de-dieu\/\" \/>\n<meta property=\"og:site_name\" content=\"IFES\" \/>\n<meta property=\"article:modified_time\" content=\"2019-05-20T14:07:56+00:00\" \/>\n<meta property=\"og:image\" content=\"https:\/\/ifesworld.org\/wp-content\/uploads\/2019\/05\/cd9f5-11kwrq8-1-gfij2pvdbqa1w.jpeg\" \/>\n\t<meta property=\"og:image:width\" content=\"2560\" \/>\n\t<meta property=\"og:image:height\" content=\"1440\" \/>\n\t<meta property=\"og:image:type\" content=\"image\/jpeg\" \/>\n<meta name=\"twitter:card\" content=\"summary_large_image\" \/>\n<meta name=\"twitter:label1\" content=\"Dur\u00e9e de lecture estim\u00e9e\" \/>\n\t<meta name=\"twitter:data1\" content=\"5 minutes\" \/>\n<script type=\"application\/ld+json\" class=\"yoast-schema-graph\">{\"@context\":\"https:\/\/schema.org\",\"@graph\":[{\"@type\":\"WebPage\",\"@id\":\"https:\/\/ifesworld.org\/fr\/blog\/un-mot-de-conclusion-se-mettre-a-lecoute-de-dieu\/\",\"url\":\"https:\/\/ifesworld.org\/fr\/blog\/un-mot-de-conclusion-se-mettre-a-lecoute-de-dieu\/\",\"name\":\"Un mot de conclusion : Se mettre \u00e0 l\u2019\u00e9coute de Dieu &#183; IFES Conexi\u00f3n Blog\",\"isPartOf\":{\"@id\":\"https:\/\/fru.ifesworld.org\/en\/#website\"},\"primaryImageOfPage\":{\"@id\":\"https:\/\/ifesworld.org\/fr\/blog\/un-mot-de-conclusion-se-mettre-a-lecoute-de-dieu\/#primaryimage\"},\"image\":{\"@id\":\"https:\/\/ifesworld.org\/fr\/blog\/un-mot-de-conclusion-se-mettre-a-lecoute-de-dieu\/#primaryimage\"},\"thumbnailUrl\":\"https:\/\/fru.ifesworld.org\/wp-content\/uploads\/2019\/05\/cd9f5-11kwrq8-1-gfij2pvdbqa1w.jpeg\",\"datePublished\":\"2017-08-02T14:05:54+00:00\",\"dateModified\":\"2019-05-20T14:07:56+00:00\",\"description\":\"Le\u00e7ons entourant le repos du minist\u00e8re. Dans le monde chaotique actuel et nos vies hyperactives, nous nous sentons parfois oppress\u00e9s par toutes sortes\",\"breadcrumb\":{\"@id\":\"https:\/\/ifesworld.org\/fr\/blog\/un-mot-de-conclusion-se-mettre-a-lecoute-de-dieu\/#breadcrumb\"},\"inLanguage\":\"fr-FR\",\"potentialAction\":[{\"@type\":\"ReadAction\",\"target\":[\"https:\/\/ifesworld.org\/fr\/blog\/un-mot-de-conclusion-se-mettre-a-lecoute-de-dieu\/\"]}]},{\"@type\":\"ImageObject\",\"inLanguage\":\"fr-FR\",\"@id\":\"https:\/\/ifesworld.org\/fr\/blog\/un-mot-de-conclusion-se-mettre-a-lecoute-de-dieu\/#primaryimage\",\"url\":\"https:\/\/fru.ifesworld.org\/wp-content\/uploads\/2019\/05\/cd9f5-11kwrq8-1-gfij2pvdbqa1w.jpeg\",\"contentUrl\":\"https:\/\/fru.ifesworld.org\/wp-content\/uploads\/2019\/05\/cd9f5-11kwrq8-1-gfij2pvdbqa1w.jpeg\",\"width\":2560,\"height\":1440},{\"@type\":\"BreadcrumbList\",\"@id\":\"https:\/\/ifesworld.org\/fr\/blog\/un-mot-de-conclusion-se-mettre-a-lecoute-de-dieu\/#breadcrumb\",\"itemListElement\":[{\"@type\":\"ListItem\",\"position\":1,\"name\":\"Home\",\"item\":\"https:\/\/fru.ifesworld.org\/fr\/\"},{\"@type\":\"ListItem\",\"position\":2,\"name\":\"Conexi\u00f3n\",\"item\":\"https:\/\/ifesworld.org\/es\/blog\/\"},{\"@type\":\"ListItem\",\"position\":3,\"name\":\"Un mot de conclusion : Se mettre \u00e0 l\u2019\u00e9coute de Dieu\"}]},{\"@type\":\"WebSite\",\"@id\":\"https:\/\/fru.ifesworld.org\/en\/#website\",\"url\":\"https:\/\/fru.ifesworld.org\/en\/\",\"name\":\"IFES\",\"description\":\"A movement of students sharing and living out the good news of Jesus Christ. Locally. Nationally. Globally.\",\"publisher\":{\"@id\":\"https:\/\/fru.ifesworld.org\/en\/#organization\"},\"potentialAction\":[{\"@type\":\"SearchAction\",\"target\":{\"@type\":\"EntryPoint\",\"urlTemplate\":\"https:\/\/fru.ifesworld.org\/en\/?s={search_term_string}\"},\"query-input\":\"required name=search_term_string\"}],\"inLanguage\":\"fr-FR\"},{\"@type\":\"Organization\",\"@id\":\"https:\/\/fru.ifesworld.org\/en\/#organization\",\"name\":\"IFES \u00b7 International Fellowship of Evangelical Students\",\"url\":\"https:\/\/fru.ifesworld.org\/en\/\",\"logo\":{\"@type\":\"ImageObject\",\"inLanguage\":\"fr-FR\",\"@id\":\"https:\/\/fru.ifesworld.org\/en\/#\/schema\/logo\/image\/\",\"url\":\"https:\/\/fru.ifesworld.org\/wp-content\/uploads\/2019\/06\/ifeslogo.png\",\"contentUrl\":\"https:\/\/fru.ifesworld.org\/wp-content\/uploads\/2019\/06\/ifeslogo.png\",\"width\":262,\"height\":262,\"caption\":\"IFES \u00b7 International Fellowship of Evangelical Students\"},\"image\":{\"@id\":\"https:\/\/fru.ifesworld.org\/en\/#\/schema\/logo\/image\/\"}}]}<\/script>\n<!-- \/ Yoast SEO plugin. -->","yoast_head_json":{"title":"Un mot de conclusion : Se mettre \u00e0 l\u2019\u00e9coute de Dieu &#183; IFES Conexi\u00f3n Blog","description":"Le\u00e7ons entourant le repos du minist\u00e8re. Dans le monde chaotique actuel et nos vies hyperactives, nous nous sentons parfois oppress\u00e9s par toutes sortes","robots":{"index":"noindex","follow":"follow","max-snippet":"max-snippet:-1","max-image-preview":"max-image-preview:large","max-video-preview":"max-video-preview:-1"},"og_locale":"fr_FR","og_type":"article","og_title":"Un mot de conclusion : Se mettre \u00e0 l\u2019\u00e9coute de Dieu &#183; IFES Conexi\u00f3n Blog","og_description":"Le\u00e7ons entourant le repos du minist\u00e8re. Dans le monde chaotique actuel et nos vies hyperactives, nous nous sentons parfois oppress\u00e9s par toutes sortes","og_url":"https:\/\/ifesworld.org\/fr\/blog\/un-mot-de-conclusion-se-mettre-a-lecoute-de-dieu\/","og_site_name":"IFES","article_modified_time":"2019-05-20T14:07:56+00:00","og_image":[{"width":2560,"height":1440,"url":"https:\/\/ifesworld.org\/wp-content\/uploads\/2019\/05\/cd9f5-11kwrq8-1-gfij2pvdbqa1w.jpeg","type":"image\/jpeg"}],"twitter_card":"summary_large_image","twitter_misc":{"Dur\u00e9e de lecture estim\u00e9e":"5 minutes"},"schema":{"@context":"https:\/\/schema.org","@graph":[{"@type":"WebPage","@id":"https:\/\/ifesworld.org\/fr\/blog\/un-mot-de-conclusion-se-mettre-a-lecoute-de-dieu\/","url":"https:\/\/ifesworld.org\/fr\/blog\/un-mot-de-conclusion-se-mettre-a-lecoute-de-dieu\/","name":"Un mot de conclusion : Se mettre \u00e0 l\u2019\u00e9coute de Dieu &#183; IFES Conexi\u00f3n Blog","isPartOf":{"@id":"https:\/\/fru.ifesworld.org\/en\/#website"},"primaryImageOfPage":{"@id":"https:\/\/ifesworld.org\/fr\/blog\/un-mot-de-conclusion-se-mettre-a-lecoute-de-dieu\/#primaryimage"},"image":{"@id":"https:\/\/ifesworld.org\/fr\/blog\/un-mot-de-conclusion-se-mettre-a-lecoute-de-dieu\/#primaryimage"},"thumbnailUrl":"https:\/\/fru.ifesworld.org\/wp-content\/uploads\/2019\/05\/cd9f5-11kwrq8-1-gfij2pvdbqa1w.jpeg","datePublished":"2017-08-02T14:05:54+00:00","dateModified":"2019-05-20T14:07:56+00:00","description":"Le\u00e7ons entourant le repos du minist\u00e8re. Dans le monde chaotique actuel et nos vies hyperactives, nous nous sentons parfois oppress\u00e9s par toutes sortes","breadcrumb":{"@id":"https:\/\/ifesworld.org\/fr\/blog\/un-mot-de-conclusion-se-mettre-a-lecoute-de-dieu\/#breadcrumb"},"inLanguage":"fr-FR","potentialAction":[{"@type":"ReadAction","target":["https:\/\/ifesworld.org\/fr\/blog\/un-mot-de-conclusion-se-mettre-a-lecoute-de-dieu\/"]}]},{"@type":"ImageObject","inLanguage":"fr-FR","@id":"https:\/\/ifesworld.org\/fr\/blog\/un-mot-de-conclusion-se-mettre-a-lecoute-de-dieu\/#primaryimage","url":"https:\/\/fru.ifesworld.org\/wp-content\/uploads\/2019\/05\/cd9f5-11kwrq8-1-gfij2pvdbqa1w.jpeg","contentUrl":"https:\/\/fru.ifesworld.org\/wp-content\/uploads\/2019\/05\/cd9f5-11kwrq8-1-gfij2pvdbqa1w.jpeg","width":2560,"height":1440},{"@type":"BreadcrumbList","@id":"https:\/\/ifesworld.org\/fr\/blog\/un-mot-de-conclusion-se-mettre-a-lecoute-de-dieu\/#breadcrumb","itemListElement":[{"@type":"ListItem","position":1,"name":"Home","item":"https:\/\/fru.ifesworld.org\/fr\/"},{"@type":"ListItem","position":2,"name":"Conexi\u00f3n","item":"https:\/\/ifesworld.org\/es\/blog\/"},{"@type":"ListItem","position":3,"name":"Un mot de conclusion : Se mettre \u00e0 l\u2019\u00e9coute de Dieu"}]},{"@type":"WebSite","@id":"https:\/\/fru.ifesworld.org\/en\/#website","url":"https:\/\/fru.ifesworld.org\/en\/","name":"IFES","description":"A movement of students sharing and living out the good news of Jesus Christ. Locally. Nationally. Globally.","publisher":{"@id":"https:\/\/fru.ifesworld.org\/en\/#organization"},"potentialAction":[{"@type":"SearchAction","target":{"@type":"EntryPoint","urlTemplate":"https:\/\/fru.ifesworld.org\/en\/?s={search_term_string}"},"query-input":"required name=search_term_string"}],"inLanguage":"fr-FR"},{"@type":"Organization","@id":"https:\/\/fru.ifesworld.org\/en\/#organization","name":"IFES \u00b7 International Fellowship of Evangelical Students","url":"https:\/\/fru.ifesworld.org\/en\/","logo":{"@type":"ImageObject","inLanguage":"fr-FR","@id":"https:\/\/fru.ifesworld.org\/en\/#\/schema\/logo\/image\/","url":"https:\/\/fru.ifesworld.org\/wp-content\/uploads\/2019\/06\/ifeslogo.png","contentUrl":"https:\/\/fru.ifesworld.org\/wp-content\/uploads\/2019\/06\/ifeslogo.png","width":262,"height":262,"caption":"IFES \u00b7 International Fellowship of Evangelical Students"},"image":{"@id":"https:\/\/fru.ifesworld.org\/en\/#\/schema\/logo\/image\/"}}]}},"_links":{"self":[{"href":"https:\/\/fru.ifesworld.org\/fr\/wp-json\/wp\/v2\/conexion\/774"}],"collection":[{"href":"https:\/\/fru.ifesworld.org\/fr\/wp-json\/wp\/v2\/conexion"}],"about":[{"href":"https:\/\/fru.ifesworld.org\/fr\/wp-json\/wp\/v2\/types\/conexion"}],"wp:featuredmedia":[{"embeddable":true,"href":"https:\/\/fru.ifesworld.org\/fr\/wp-json\/wp\/v2\/media\/1002"}],"wp:attachment":[{"href":"https:\/\/fru.ifesworld.org\/fr\/wp-json\/wp\/v2\/media?parent=774"}],"wp:term":[{"taxonomy":"area","embeddable":true,"href":"https:\/\/fru.ifesworld.org\/fr\/wp-json\/wp\/v2\/area?post=774"},{"taxonomy":"theme","embeddable":true,"href":"https:\/\/fru.ifesworld.org\/fr\/wp-json\/wp\/v2\/theme?post=774"}],"curies":[{"name":"wp","href":"https:\/\/api.w.org\/{rel}","templated":true}]}}