{"id":3559,"date":"2019-06-11T10:16:42","date_gmt":"2019-06-11T10:16:42","guid":{"rendered":"https:\/\/fru.ifesworld.org\/?post_type=conexion&#038;p=3559"},"modified":"2019-07-03T13:06:29","modified_gmt":"2019-07-03T13:06:29","slug":"lorsque-samba-a-fait-la-rencontre-dun-homme-nomme-jesus","status":"publish","type":"conexion","link":"https:\/\/fru.ifesworld.org\/fr\/blog\/lorsque-samba-a-fait-la-rencontre-dun-homme-nomme-jesus\/","title":{"rendered":"Lorsque Samba a fait la rencontre d\u2019un homme nomm\u00e9 J\u00e9sus"},"content":{"rendered":"<p><span class=\"TextRun SCXW246445114 BCX0\" lang=\"FR-FR\" xml:lang=\"FR-FR\" data-contrast=\"none\"><span class=\"NormalTextRun SCXW246445114 BCX0\">J\u00e9sus ; le nom lui semblait familier. Samba* s&rsquo;est souvenu d\u2019un groupe de chr\u00e9tiens qui avait visit\u00e9 un jour son village du Mali pour parler d\u2019un homme du nom de J\u00e9sus. Ils avaient racont\u00e9 ses miracles. Ils avaient mentionn\u00e9 qu\u2019il avait promis de revenir. Samba n\u2019\u00e9tait qu\u2019un enfant \u00e0 l\u2019\u00e9poque. Il d\u00e9sirait en apprendre davantage sur ce J\u00e9sus, mais son p\u00e8re lui avait dit de ne plus penser \u00e0 ces choses.<\/span><\/span><span class=\"EOP SCXW246445114 BCX0\" data-ccp-props=\"{&quot;201341983&quot;:2,&quot;335559739&quot;:120,&quot;335559740&quot;:240}\">&nbsp;<\/span><\/p>\n\n<div class=\"wp-block block-core-heading\">\n<h4 class=\"wp-block-heading\">\n\nUne semence de d\u00e9ception&nbsp;\n\n<\/h4>\n<\/div>\n\n<p><span class=\"TextRun SCXW151401334 BCX0\" lang=\"FR-FR\" xml:lang=\"FR-FR\" data-contrast=\"none\"><span class=\"NormalTextRun SCXW151401334 BCX0\">Mais en grandissant, Samba a constat\u00e9 qu\u2019il ne pouvait s&#8217;emp\u00eacher d\u2019y penser. De m\u00eame qu\u2019\u00e0 la religion en g\u00e9n\u00e9ral. Il se posait de plus en plus de questions \u00e0 propos de l\u2019islam. \u00ab\u202fTu es musulman, mon gar\u00e7on. Ce n&rsquo;est pas bien d\u2019abandonner la religion de ton p\u00e8re\u202f\u00bb, lui a dit son p\u00e8re. Samba \u00e9tait particuli\u00e8rement troubl\u00e9 lorsqu\u2019il r\u00e9fl\u00e9chissait \u00e0 la mort et \u00e0 ce qui l\u2019attendait apr\u00e8s. Et \u00e0 ce sujet, ses parents ne pouvaient lui offrir aucune garantie. Allait-il accomplir suffisamment de bonnes actions pour entrer au ciel ? Ils ne lui offraient aucune certitude \u00e0 ce sujet non plus. Une semence de d\u00e9ception a alors pris racine dans son c\u0153ur.<\/span><\/span><span class=\"EOP SCXW151401334 BCX0\" data-ccp-props=\"{&quot;201341983&quot;:2,&quot;335559739&quot;:120,&quot;335559740&quot;:240}\">&nbsp;<\/span><\/p>\n\n<div class=\"wp-block block-core-heading\">\n<h4 class=\"wp-block-heading\">\n\nLa rencontre de Daniel&nbsp;\n\n<\/h4>\n<\/div>\n\n<p><span data-contrast=\"none\">Puis, en 2013. Samba a fait la rencontre de Daniel. Ils \u00e9taient des camarades de classe et ils devinrent bient\u00f4t des amis. Daniel \u00e9tait chr\u00e9tien. Son mode de vie a vivement impressionn\u00e9 Samba \u2013 son comportement, ses attitudes. Ils ont souvent eu des discussions sur la religion. Daniel a fr\u00e9quemment insist\u00e9 sur le fait que Samba pouvait \u00eatre pardonn\u00e9 et sauv\u00e9 en donnant sa vie \u00e0 J\u00e9sus et il a essay\u00e9 de le persuader de le faire. Samba refusa, cherchant \u00e0 d\u00e9fendre l\u2019islam et ses enseignements. Mais il \u00e9tait beaucoup moins convaincu int\u00e9rieurement que ce qu\u2019il laissait para\u00eetre. Il enviait le fait que son ami chr\u00e9tien affichait une telle assurance de son salut. Il aspirait \u00e0 vivre une m\u00eame sinc\u00e9rit\u00e9 dans la foi et un amour authentique envers autrui comme Daniel.<\/span><span data-ccp-props=\"{&quot;201341983&quot;:2,&quot;335559739&quot;:120,&quot;335559740&quot;:240}\">&nbsp;<\/span><\/p>\n<p><span data-contrast=\"none\">Il a continu\u00e9 \u00e0 se questionner. Sa d\u00e9ception ne faisait que grandir.<\/span><span data-ccp-props=\"{&quot;201341983&quot;:2,&quot;335559739&quot;:120,&quot;335559740&quot;:240}\">&nbsp;<\/span><\/p>\n<p><span data-contrast=\"none\">Samba s&rsquo;est alors souvenu de certains versets bibliques que Daniel avait partag\u00e9s avec lui :<\/span><span data-ccp-props=\"{&quot;201341983&quot;:2,&quot;335559739&quot;:120,&quot;335559740&quot;:240}\">&nbsp;<\/span><\/p>\n\n<div class=\"wp-block block-core-quote\">\n<blockquote class=\"wp-block-quote is-layout-flow wp-block-quote-is-layout-flow\"><p> \u00ab\u202fTous ceux que le P\u00e8re me donne viendront \u00e0 moi, et je ne repousserai pas celui qui vient \u00e0 moi.\u202f\u00bb Jean 6.37 (BDS)&nbsp; <\/p><\/blockquote>\n<\/div>\n\n<p><span class=\"TextRun SCXW134671407 BCX0\" lang=\"FR-FR\" xml:lang=\"FR-FR\" data-contrast=\"none\"><span class=\"NormalTextRun SCXW134671407 BCX0\">Pourquoi continuer \u00e0 pratiquer l\u2019islam dans ces circonstances ? se demandait-il. Pourquoi demeurer incertain lorsque je pourrais avoir l&rsquo;assurance de mon salut d\u00e8s aujourd\u2019hui en donnant ma vie au Christ ?<\/span><\/span><span class=\"TextRun SCXW134671407 BCX0\" lang=\"FR-FR\" xml:lang=\"FR-FR\" data-contrast=\"none\"><span class=\"NormalTextRun SCXW134671407 BCX0\">&nbsp;<\/span><\/span><span class=\"TextRun SCXW134671407 BCX0\" lang=\"FR-FR\" xml:lang=\"FR-FR\" data-contrast=\"none\"><span class=\"NormalTextRun SCXW134671407 BCX0\">Il se sentait pouss\u00e9 int\u00e9rieurement \u00e0 prendre cette d\u00e9cision risqu\u00e9e mais transformatrice.<\/span><\/span><span class=\"EOP SCXW134671407 BCX0\" data-ccp-props=\"{&quot;201341983&quot;:2,&quot;335559739&quot;:120,&quot;335559740&quot;:240}\">&nbsp;<\/span><\/p>\n\n<div class=\"wp-block block-core-heading\">\n<h4 class=\"wp-block-heading\">\n\nUn tournant&nbsp;\n\n<\/h4>\n<\/div>\n\n<p><span data-contrast=\"none\">Un jour, en mai 2018, Samba s\u2019empara de son t\u00e9l\u00e9phone et il appela Daniel qui, \u00e0 ce moment, travaillait aupr\u00e8s d\u2019\u00e9tudiants d\u2019un pays voisin. \u00ab\u202fJ\u2019en ai assez de vivre dans le doute. Je souhaite devenir chr\u00e9tien. Je veux donner ma vie au Christ.\u202f\u00bb<\/span><span data-ccp-props=\"{&quot;201341983&quot;:2,&quot;335559739&quot;:120,&quot;335559740&quot;:240}\">&nbsp;<\/span><\/p>\n<p><span data-contrast=\"none\">Samba, \u00e9tudiant en gestion, est d\u00e9sormais un membre actif de son groupe GBU local. Depuis qu\u2019il a d\u00e9cid\u00e9 de suivre J\u00e9sus, il jouit d\u2019une nouvelle libert\u00e9 et de la paix int\u00e9rieure.<\/span><\/p>\n\n<div class=\"wp-block block-core-quote\">\n<blockquote class=\"wp-block-quote is-layout-flow wp-block-quote-is-layout-flow\"><p> \u00ab\u202fAvant de donner ma vie \u00e0 J\u00e9sus, je nourrissais beaucoup d\u2019inqui\u00e9tudes. Mais depuis que j\u2019ai donn\u00e9 ma vie \u00e0 J\u00e9sus, une grande joie m\u2019anime.\u202f\u00bb&nbsp; <\/p><\/blockquote>\n<\/div>\n\n<p><span data-contrast=\"none\">Il a inform\u00e9 sa famille de sa d\u00e9cision et pour le moment, ils ne le pers\u00e9cutent pas. Toutefois, avec le peu de chr\u00e9tiens qui l\u2019entourent, la route risque d\u2019\u00eatre solidaire pour lui dans l\u2019avenir.<\/span><span data-ccp-props=\"{&quot;201341983&quot;:2,&quot;335559739&quot;:120,&quot;335559740&quot;:240}\">&nbsp;<\/span><\/p>\n<p><span data-contrast=\"none\">Priez pour lui afin qu\u2019il demeurer fid\u00e8le au Christ. Priez \u00e9galement pour ceux qui sont d\u00e9\u00e7us de l\u2019islam, afin que, comme Samba, il en viennent en conna\u00eetre le Christ.<\/span><span data-ccp-props=\"{&quot;201341983&quot;:2,&quot;335559739&quot;:120,&quot;335559740&quot;:240}\">&nbsp;<\/span><\/p>\n<p><span data-contrast=\"none\">*Pseudonyme<\/span><span data-ccp-props=\"{&quot;201341983&quot;:2,&quot;335559739&quot;:120,&quot;335559740&quot;:240}\">&nbsp;<\/span><\/p>","protected":false},"featured_media":3503,"template":"","area":[953,1102],"theme":[1259],"class_list":["post-3559","conexion","type-conexion","status-publish","has-post-thumbnail","hentry","area-afrique-francophone","area-mali-afrique-francophone","theme-mon-histoire"],"acf":[],"yoast_head":"<!-- This site is optimized with the Yoast SEO plugin v22.6 - https:\/\/yoast.com\/wordpress\/plugins\/seo\/ -->\n<title>Lorsque Samba a fait la rencontre d\u2019un homme nomm\u00e9 J\u00e9sus &#183; IFES Conexi\u00f3n Blog<\/title>\n<meta name=\"description\" content=\"J\u00e9sus ; le nom lui semblait familier. Samba* s&#039;est souvenu d\u2019un groupe de chr\u00e9tiens qui avait visit\u00e9 un jour son village du Mali pour parler d\u2019un homme du\" \/>\n<meta name=\"robots\" content=\"noindex, follow, max-snippet:-1, max-image-preview:large, max-video-preview:-1\" \/>\n<meta property=\"og:locale\" content=\"fr_FR\" \/>\n<meta property=\"og:type\" content=\"article\" \/>\n<meta property=\"og:title\" content=\"Lorsque Samba a fait la rencontre d\u2019un homme nomm\u00e9 J\u00e9sus &#183; IFES Conexi\u00f3n Blog\" \/>\n<meta property=\"og:description\" content=\"J\u00e9sus ; le nom lui semblait familier. Samba* s&#039;est souvenu d\u2019un groupe de chr\u00e9tiens qui avait visit\u00e9 un jour son village du Mali pour parler d\u2019un homme du\" \/>\n<meta property=\"og:url\" content=\"https:\/\/ifesworld.org\/fr\/blog\/lorsque-samba-a-fait-la-rencontre-dun-homme-nomme-jesus\/\" \/>\n<meta property=\"og:site_name\" content=\"IFES\" \/>\n<meta property=\"article:modified_time\" content=\"2019-07-03T13:06:29+00:00\" \/>\n<meta property=\"og:image\" content=\"https:\/\/ifesworld.org\/wp-content\/uploads\/2019\/06\/190611-joshua-oluwagbemiga-697804-unsplash.jpg\" \/>\n\t<meta property=\"og:image:width\" content=\"1280\" \/>\n\t<meta property=\"og:image:height\" content=\"720\" \/>\n\t<meta property=\"og:image:type\" content=\"image\/jpeg\" \/>\n<meta name=\"twitter:card\" content=\"summary_large_image\" \/>\n<meta name=\"twitter:label1\" content=\"Dur\u00e9e de lecture estim\u00e9e\" \/>\n\t<meta name=\"twitter:data1\" content=\"3 minutes\" \/>\n<script type=\"application\/ld+json\" class=\"yoast-schema-graph\">{\"@context\":\"https:\/\/schema.org\",\"@graph\":[{\"@type\":\"WebPage\",\"@id\":\"https:\/\/ifesworld.org\/fr\/blog\/lorsque-samba-a-fait-la-rencontre-dun-homme-nomme-jesus\/\",\"url\":\"https:\/\/ifesworld.org\/fr\/blog\/lorsque-samba-a-fait-la-rencontre-dun-homme-nomme-jesus\/\",\"name\":\"Lorsque Samba a fait la rencontre d\u2019un homme nomm\u00e9 J\u00e9sus &#183; IFES Conexi\u00f3n Blog\",\"isPartOf\":{\"@id\":\"https:\/\/fru.ifesworld.org\/en\/#website\"},\"primaryImageOfPage\":{\"@id\":\"https:\/\/ifesworld.org\/fr\/blog\/lorsque-samba-a-fait-la-rencontre-dun-homme-nomme-jesus\/#primaryimage\"},\"image\":{\"@id\":\"https:\/\/ifesworld.org\/fr\/blog\/lorsque-samba-a-fait-la-rencontre-dun-homme-nomme-jesus\/#primaryimage\"},\"thumbnailUrl\":\"https:\/\/fru.ifesworld.org\/wp-content\/uploads\/2019\/06\/190611-joshua-oluwagbemiga-697804-unsplash.jpg\",\"datePublished\":\"2019-06-11T10:16:42+00:00\",\"dateModified\":\"2019-07-03T13:06:29+00:00\",\"description\":\"J\u00e9sus ; le nom lui semblait familier. Samba* s'est souvenu d\u2019un groupe de chr\u00e9tiens qui avait visit\u00e9 un jour son village du Mali pour parler d\u2019un homme du\",\"breadcrumb\":{\"@id\":\"https:\/\/ifesworld.org\/fr\/blog\/lorsque-samba-a-fait-la-rencontre-dun-homme-nomme-jesus\/#breadcrumb\"},\"inLanguage\":\"fr-FR\",\"potentialAction\":[{\"@type\":\"ReadAction\",\"target\":[\"https:\/\/ifesworld.org\/fr\/blog\/lorsque-samba-a-fait-la-rencontre-dun-homme-nomme-jesus\/\"]}]},{\"@type\":\"ImageObject\",\"inLanguage\":\"fr-FR\",\"@id\":\"https:\/\/ifesworld.org\/fr\/blog\/lorsque-samba-a-fait-la-rencontre-dun-homme-nomme-jesus\/#primaryimage\",\"url\":\"https:\/\/fru.ifesworld.org\/wp-content\/uploads\/2019\/06\/190611-joshua-oluwagbemiga-697804-unsplash.jpg\",\"contentUrl\":\"https:\/\/fru.ifesworld.org\/wp-content\/uploads\/2019\/06\/190611-joshua-oluwagbemiga-697804-unsplash.jpg\",\"width\":1280,\"height\":720,\"caption\":\"190611-Mali\"},{\"@type\":\"BreadcrumbList\",\"@id\":\"https:\/\/ifesworld.org\/fr\/blog\/lorsque-samba-a-fait-la-rencontre-dun-homme-nomme-jesus\/#breadcrumb\",\"itemListElement\":[{\"@type\":\"ListItem\",\"position\":1,\"name\":\"Home\",\"item\":\"https:\/\/fru.ifesworld.org\/fr\/\"},{\"@type\":\"ListItem\",\"position\":2,\"name\":\"Conexi\u00f3n\",\"item\":\"https:\/\/ifesworld.org\/es\/blog\/\"},{\"@type\":\"ListItem\",\"position\":3,\"name\":\"Lorsque Samba a fait la rencontre d\u2019un homme nomm\u00e9 J\u00e9sus\"}]},{\"@type\":\"WebSite\",\"@id\":\"https:\/\/fru.ifesworld.org\/en\/#website\",\"url\":\"https:\/\/fru.ifesworld.org\/en\/\",\"name\":\"IFES\",\"description\":\"A movement of students sharing and living out the good news of Jesus Christ. Locally. Nationally. Globally.\",\"publisher\":{\"@id\":\"https:\/\/fru.ifesworld.org\/en\/#organization\"},\"potentialAction\":[{\"@type\":\"SearchAction\",\"target\":{\"@type\":\"EntryPoint\",\"urlTemplate\":\"https:\/\/fru.ifesworld.org\/en\/?s={search_term_string}\"},\"query-input\":\"required name=search_term_string\"}],\"inLanguage\":\"fr-FR\"},{\"@type\":\"Organization\",\"@id\":\"https:\/\/fru.ifesworld.org\/en\/#organization\",\"name\":\"IFES \u00b7 International Fellowship of Evangelical Students\",\"url\":\"https:\/\/fru.ifesworld.org\/en\/\",\"logo\":{\"@type\":\"ImageObject\",\"inLanguage\":\"fr-FR\",\"@id\":\"https:\/\/fru.ifesworld.org\/en\/#\/schema\/logo\/image\/\",\"url\":\"https:\/\/fru.ifesworld.org\/wp-content\/uploads\/2019\/06\/ifeslogo.png\",\"contentUrl\":\"https:\/\/fru.ifesworld.org\/wp-content\/uploads\/2019\/06\/ifeslogo.png\",\"width\":262,\"height\":262,\"caption\":\"IFES \u00b7 International Fellowship of Evangelical Students\"},\"image\":{\"@id\":\"https:\/\/fru.ifesworld.org\/en\/#\/schema\/logo\/image\/\"}}]}<\/script>\n<!-- \/ Yoast SEO plugin. -->","yoast_head_json":{"title":"Lorsque Samba a fait la rencontre d\u2019un homme nomm\u00e9 J\u00e9sus &#183; IFES Conexi\u00f3n Blog","description":"J\u00e9sus ; le nom lui semblait familier. Samba* s'est souvenu d\u2019un groupe de chr\u00e9tiens qui avait visit\u00e9 un jour son village du Mali pour parler d\u2019un homme du","robots":{"index":"noindex","follow":"follow","max-snippet":"max-snippet:-1","max-image-preview":"max-image-preview:large","max-video-preview":"max-video-preview:-1"},"og_locale":"fr_FR","og_type":"article","og_title":"Lorsque Samba a fait la rencontre d\u2019un homme nomm\u00e9 J\u00e9sus &#183; IFES Conexi\u00f3n Blog","og_description":"J\u00e9sus ; le nom lui semblait familier. Samba* s'est souvenu d\u2019un groupe de chr\u00e9tiens qui avait visit\u00e9 un jour son village du Mali pour parler d\u2019un homme du","og_url":"https:\/\/ifesworld.org\/fr\/blog\/lorsque-samba-a-fait-la-rencontre-dun-homme-nomme-jesus\/","og_site_name":"IFES","article_modified_time":"2019-07-03T13:06:29+00:00","og_image":[{"width":1280,"height":720,"url":"https:\/\/ifesworld.org\/wp-content\/uploads\/2019\/06\/190611-joshua-oluwagbemiga-697804-unsplash.jpg","type":"image\/jpeg"}],"twitter_card":"summary_large_image","twitter_misc":{"Dur\u00e9e de lecture estim\u00e9e":"3 minutes"},"schema":{"@context":"https:\/\/schema.org","@graph":[{"@type":"WebPage","@id":"https:\/\/ifesworld.org\/fr\/blog\/lorsque-samba-a-fait-la-rencontre-dun-homme-nomme-jesus\/","url":"https:\/\/ifesworld.org\/fr\/blog\/lorsque-samba-a-fait-la-rencontre-dun-homme-nomme-jesus\/","name":"Lorsque Samba a fait la rencontre d\u2019un homme nomm\u00e9 J\u00e9sus &#183; IFES Conexi\u00f3n Blog","isPartOf":{"@id":"https:\/\/fru.ifesworld.org\/en\/#website"},"primaryImageOfPage":{"@id":"https:\/\/ifesworld.org\/fr\/blog\/lorsque-samba-a-fait-la-rencontre-dun-homme-nomme-jesus\/#primaryimage"},"image":{"@id":"https:\/\/ifesworld.org\/fr\/blog\/lorsque-samba-a-fait-la-rencontre-dun-homme-nomme-jesus\/#primaryimage"},"thumbnailUrl":"https:\/\/fru.ifesworld.org\/wp-content\/uploads\/2019\/06\/190611-joshua-oluwagbemiga-697804-unsplash.jpg","datePublished":"2019-06-11T10:16:42+00:00","dateModified":"2019-07-03T13:06:29+00:00","description":"J\u00e9sus ; le nom lui semblait familier. Samba* s'est souvenu d\u2019un groupe de chr\u00e9tiens qui avait visit\u00e9 un jour son village du Mali pour parler d\u2019un homme du","breadcrumb":{"@id":"https:\/\/ifesworld.org\/fr\/blog\/lorsque-samba-a-fait-la-rencontre-dun-homme-nomme-jesus\/#breadcrumb"},"inLanguage":"fr-FR","potentialAction":[{"@type":"ReadAction","target":["https:\/\/ifesworld.org\/fr\/blog\/lorsque-samba-a-fait-la-rencontre-dun-homme-nomme-jesus\/"]}]},{"@type":"ImageObject","inLanguage":"fr-FR","@id":"https:\/\/ifesworld.org\/fr\/blog\/lorsque-samba-a-fait-la-rencontre-dun-homme-nomme-jesus\/#primaryimage","url":"https:\/\/fru.ifesworld.org\/wp-content\/uploads\/2019\/06\/190611-joshua-oluwagbemiga-697804-unsplash.jpg","contentUrl":"https:\/\/fru.ifesworld.org\/wp-content\/uploads\/2019\/06\/190611-joshua-oluwagbemiga-697804-unsplash.jpg","width":1280,"height":720,"caption":"190611-Mali"},{"@type":"BreadcrumbList","@id":"https:\/\/ifesworld.org\/fr\/blog\/lorsque-samba-a-fait-la-rencontre-dun-homme-nomme-jesus\/#breadcrumb","itemListElement":[{"@type":"ListItem","position":1,"name":"Home","item":"https:\/\/fru.ifesworld.org\/fr\/"},{"@type":"ListItem","position":2,"name":"Conexi\u00f3n","item":"https:\/\/ifesworld.org\/es\/blog\/"},{"@type":"ListItem","position":3,"name":"Lorsque Samba a fait la rencontre d\u2019un homme nomm\u00e9 J\u00e9sus"}]},{"@type":"WebSite","@id":"https:\/\/fru.ifesworld.org\/en\/#website","url":"https:\/\/fru.ifesworld.org\/en\/","name":"IFES","description":"A movement of students sharing and living out the good news of Jesus Christ. Locally. Nationally. Globally.","publisher":{"@id":"https:\/\/fru.ifesworld.org\/en\/#organization"},"potentialAction":[{"@type":"SearchAction","target":{"@type":"EntryPoint","urlTemplate":"https:\/\/fru.ifesworld.org\/en\/?s={search_term_string}"},"query-input":"required name=search_term_string"}],"inLanguage":"fr-FR"},{"@type":"Organization","@id":"https:\/\/fru.ifesworld.org\/en\/#organization","name":"IFES \u00b7 International Fellowship of Evangelical Students","url":"https:\/\/fru.ifesworld.org\/en\/","logo":{"@type":"ImageObject","inLanguage":"fr-FR","@id":"https:\/\/fru.ifesworld.org\/en\/#\/schema\/logo\/image\/","url":"https:\/\/fru.ifesworld.org\/wp-content\/uploads\/2019\/06\/ifeslogo.png","contentUrl":"https:\/\/fru.ifesworld.org\/wp-content\/uploads\/2019\/06\/ifeslogo.png","width":262,"height":262,"caption":"IFES \u00b7 International Fellowship of Evangelical Students"},"image":{"@id":"https:\/\/fru.ifesworld.org\/en\/#\/schema\/logo\/image\/"}}]}},"_links":{"self":[{"href":"https:\/\/fru.ifesworld.org\/fr\/wp-json\/wp\/v2\/conexion\/3559"}],"collection":[{"href":"https:\/\/fru.ifesworld.org\/fr\/wp-json\/wp\/v2\/conexion"}],"about":[{"href":"https:\/\/fru.ifesworld.org\/fr\/wp-json\/wp\/v2\/types\/conexion"}],"wp:featuredmedia":[{"embeddable":true,"href":"https:\/\/fru.ifesworld.org\/fr\/wp-json\/wp\/v2\/media\/3503"}],"wp:attachment":[{"href":"https:\/\/fru.ifesworld.org\/fr\/wp-json\/wp\/v2\/media?parent=3559"}],"wp:term":[{"taxonomy":"area","embeddable":true,"href":"https:\/\/fru.ifesworld.org\/fr\/wp-json\/wp\/v2\/area?post=3559"},{"taxonomy":"theme","embeddable":true,"href":"https:\/\/fru.ifesworld.org\/fr\/wp-json\/wp\/v2\/theme?post=3559"}],"curies":[{"name":"wp","href":"https:\/\/api.w.org\/{rel}","templated":true}]}}