{"id":20406,"date":"2022-11-03T16:01:56","date_gmt":"2022-11-03T16:01:56","guid":{"rendered":"https:\/\/fru.ifesworld.org\/?post_type=conexion&#038;p=20406"},"modified":"2022-11-04T16:00:43","modified_gmt":"2022-11-04T16:00:43","slug":"panaf-une-conference-pour-la-vision-de-lafrique-francophone","status":"publish","type":"conexion","link":"https:\/\/fru.ifesworld.org\/fr\/blog\/panaf-une-conference-pour-la-vision-de-lafrique-francophone\/","title":{"rendered":"PANAF : une conf\u00e9rence pour la vision de l\u2019Afrique francophone\u00a0"},"content":{"rendered":"<div class=\"wp-block block-core-paragraph\">\n<p>Ce mois d\u2019ao\u00fbt a marqu\u00e9 un moment important : le retour de la conf\u00e9rence PANAFRICAINE, ou PANAF. Cette conf\u00e9rence triennale a accueilli 300 \u00e9tudiants et dipl\u00f4m\u00e9s de 19 mouvements nationaux issus de la r\u00e9gion d\u2019Afrique francophone, aussi appel\u00e9e GBUAF. Cette ann\u00e9e, l\u2019\u00e9v\u00e9nement s\u2019est tenu afin que les \u00e9tudiants puissent partager leurs exp\u00e9riences, tisser des liens et acqu\u00e9rir les comp\u00e9tences n\u00e9cessaires pour \u00eatre des t\u00e9moins efficaces sur leurs campus.&nbsp;&nbsp;<\/p>\n<\/div>\n\n<div class=\"wp-block block-core-paragraph\">\n<p><\/p>\n<\/div>\n\n<div class=\"wp-block block-core-embed wp-embed-aspect-16-9 wp-has-aspect-ratio\">\n<figure class=\"wp-block-embed is-type-video is-provider-youtube wp-block-embed-youtube wp-embed-aspect-16-9 wp-has-aspect-ratio\"><div class=\"wp-block-embed__wrapper\">\n<iframe loading=\"lazy\" title=\"TEASER PANAF 2022\" width=\"740\" height=\"416\" src=\"https:\/\/www.youtube.com\/embed\/GqE7-gHA3R4?feature=oembed&#038;cc_load_policy=1\" frameborder=\"0\" allow=\"accelerometer; autoplay; clipboard-write; encrypted-media; gyroscope; picture-in-picture\" allowfullscreen><\/iframe>\n<\/div><\/figure>\n<\/div>\n\n<div class=\"wp-block block-core-paragraph\">\n<p><strong>C\u00e9l\u00e9brer, imaginer, se recentrer<\/strong>&nbsp;<\/p>\n<\/div>\n\n<div class=\"wp-block block-core-paragraph\">\n<p>\u00c9ric Makon, de l\u2019\u00e9quipe du personnel r\u00e9gional des GBUAF, explique combien la PANAF est importante. \u00ab\u202fIl s\u2019agit de notre principale rencontre\u202f\u00bb, dit-il. \u00ab\u202fElle rassemble des gens de diverses nations et exp\u00e9riences afin de prier et partager les r\u00e9alit\u00e9s du minist\u00e8re dans leurs contextes. L\u2019enseignement et les ateliers donnent de la perspective pour les prochaines ann\u00e9es de minist\u00e8re dans cette partie du continent. Tout le monde rentre dans son pays avec de nouvelles structures \u00e0 implanter et beaucoup de nouvelles id\u00e9es. La PANAF est un rassemblement visionnaire.\u202f\u00bb&nbsp;<\/p>\n<\/div>\n\n<div class=\"wp-block block-core-paragraph\">\n<p>Emmanuel Bagumako vient du Burundi, le pays dans lequel la PANAF a \u00e9t\u00e9 organis\u00e9e cette ann\u00e9e <a href=\"https:\/\/www.facebook.com\/IFES.UGBB\" target=\"_blank\" rel=\"noreferrer noopener\">par les UGBB, le mouvement national de l\u2019IFES<\/a>. Il fait aussi partie de l\u2019\u00e9quipe r\u00e9gionale. Il explique que \u00ab\u202fc\u2019est une c\u00e9l\u00e9bration du fait que l\u2019IFES est pr\u00e9sente dans 19 pays d\u2019Afrique francophone. Nous nous rassemblons pour c\u00e9l\u00e9brer Dieu, communier ensemble et recentrer notre attention. Nous discutons de nos forces, de nos d\u00e9fis et nous r\u00eavons ensemble. Nous passons toute une semaine \u00e0 \u00e9couter Dieu et \u00e0 nous pr\u00e9parer pour le futur.\u202f\u00bb&nbsp;<\/p>\n<\/div>\n\n<div class=\"wp-block block-core-paragraph\">\n<p>Dans cette vid\u00e9o, James, un b\u00e9n\u00e9vole des GBU (<a href=\"https:\/\/www.gburdc.org\/\" target=\"_blank\" rel=\"noreferrer noopener\">le mouvement national en RDC<\/a>) dans la province du Nord Kivu, partage son point de vue sur ce que repr\u00e9sente r\u00e9ellement le fait de participer \u00e0 la PANAF.&nbsp;<\/p>\n<\/div>\n\n<div class=\"wp-block block-core-embed wp-embed-aspect-16-9 wp-has-aspect-ratio\">\n<figure class=\"wp-block-embed is-type-video is-provider-youtube wp-block-embed-youtube wp-embed-aspect-16-9 wp-has-aspect-ratio\"><div class=\"wp-block-embed__wrapper\">\n<iframe loading=\"lazy\" title=\"James Nzanzu about Panaf 2022\" width=\"740\" height=\"416\" src=\"https:\/\/www.youtube.com\/embed\/oLKPEpJxcLs?feature=oembed&#038;cc_load_policy=1\" frameborder=\"0\" allow=\"accelerometer; autoplay; clipboard-write; encrypted-media; gyroscope; picture-in-picture\" allowfullscreen><\/iframe>\n<\/div><\/figure>\n<\/div>\n\n<div class=\"wp-block block-core-paragraph\">\n<p>Les magnifiques louanges chant\u00e9es en kirundi, une langue du Burundi, \u00e9tait l\u2019un des \u00e9l\u00e9ments phares. Odette est une \u00e9tudiante du GBEEN Niger. \u00ab\u202fM\u00eame si je ne pouvais pas comprendre les paroles\u202f\u00bb, partage-t-elle, \u00ab\u202fcela nous donne un avant-go\u00fbt de ce qui va se passer au ciel. Il y aura tant de tribus diff\u00e9rentes en train de louer Dieu ensemble !\u202f\u00bb \u00c0 d\u2019autres moments, c\u2019\u00e9tait \u00e9mouvant d\u2019\u00eatre parmi des centaines de participants en train de chanter les m\u00eames chants connus de tous et chant\u00e9s dans leurs rencontres \u00e9tudiantes habituelles, m\u00eame s&rsquo;ils ne s\u2019\u00e9taient jamais rencontr\u00e9s, venant de pays diff\u00e9rents.&nbsp;<\/p>\n<\/div>\n\n<div class=\"wp-block block-core-heading\">\n<h2 class=\"wp-block-heading\">Aider les \u00e9tudiants \u00e0 poursuivre leur appel&nbsp;<\/h2>\n<\/div>\n\n<div class=\"wp-block block-core-paragraph\">\n<p>La PANAF encourage les \u00e9tudiants \u00e0 comprendre o\u00f9 Dieu les appelle. Innocent est b\u00e9n\u00e9vole pour les UGBB Burundi et coordinateur de niveau 1 pour <a href=\"https:\/\/lci.ifesworld.org\/fr\/\" target=\"_blank\" rel=\"noreferrer noopener\">l\u2019Initiative Logos et Cosmos de l&rsquo;IFES<\/a>. La chance de rencontrer d\u2019autres personnes travaillant dans la science a \u00e9t\u00e9 pour lui le plus pr\u00e9cieux des aboutissements. Elles lui ont lanc\u00e9 le d\u00e9fi non seulement d\u2019exceller dans la connaissance scientifique, mais aussi de r\u00e9fl\u00e9chir aux liens potentiels avec la th\u00e9ologie et les probl\u00e8mes soci\u00e9taux. \u00ab\u202fUne question m\u2019est venue\u202f\u00bb, dit-il : \u00ab Comment la recherche peut-elle servir la soci\u00e9t\u00e9 au mieux pour glorifier Dieu ? Je me suis donc engag\u00e9 \u00e0 apprendre humblement, \u00e0 me laisser inspirer ainsi qu\u2019\u00e0 grandir vis-\u00e0-vis de ce que nous apprenons ici, de sorte que je puisse apprendre comment je peux \u00eatre utile au mouvement ici, \u00e0 l\u2019\u00e9glise et \u00e0 la soci\u00e9t\u00e9 au Burundi en particulier, dans d\u2019autres contextes africains et dans le monde en g\u00e9n\u00e9ral.\u202f\u00bb&nbsp;&nbsp;<\/p>\n<\/div>\n\n<div class=\"wp-block block-core-paragraph\">\n<p>En plus de constituer une nouvelle pr\u00e9sentation de l\u2019IFES, pour les responsables \u00e9tudiants, la PANAF \u00e9tait une occasion bien n\u00e9cessaire d\u2019\u00eatre encourag\u00e9, rafraichi et de profiter de la communion fraternelle. Odette est une responsable \u00e9tudiante qui se sent seule. \u00ab\u202fParfois, j\u2019ai l\u2019impression que nous sommes les seuls dans le monde \u00e0 faire ce que nous faisons\u202f\u00bb, dit-elle. \u00ab\u202fMais la chose la plus importante que j\u2019ai apprise, c\u2019est que je ne suis pas seule. Le fait de savoir que nous sommes une famille qui travaille ensemble fortifie ma foi.\u202f\u00bb Pour d\u2019autres participants, la conf\u00e9rence s\u2019est r\u00e9v\u00e9l\u00e9e aussi \u00e9clairante qu\u2019encourageante. \u00ab\u202fJe comprends que ma vie n\u2019est pas compartiment\u00e9e\u202f\u00bb, partage Lucien, qui vient des <a href=\"https:\/\/www.facebook.com\/groups\/gbeeg\/\" target=\"_blank\" rel=\"noreferrer noopener\">GBEEC, le mouvement national en Guin\u00e9e<\/a>. \u00ab\u202fL\u2019appel divin a r\u00e9sonn\u00e9 dans mon c\u0153ur. Je suis d\u00e9termin\u00e9 \u00e0 vivre pour le Seigneur \u00e0 l&rsquo;universit\u00e9, dans l&rsquo;\u00e9glise et dans la soci\u00e9t\u00e9.\u202f\u00bb&nbsp;<\/p>\n<\/div>\n\n<div class=\"wp-block block-core-heading\">\n<h2 class=\"wp-block-heading\">Les uns pour les autres et pour le monde&nbsp;<\/h2>\n<\/div>\n\n<div class=\"wp-block block-core-paragraph\">\n<p>L\u2019exp\u00e9rience de la PANAF aide \u00e9galement chaque mouvement national \u00e0 grandir d\u2019un point de vue organisationnel en entrant en contact avec d\u2019autres mouvements. \u00ab\u202fC\u2019est vraiment tr\u00e8s utile d\u2019entendre comment d\u2019autres font, quelles sont les initiatives qui fonctionnent et qui peuvent se traduire dans un autre contexte\u202f\u00bb, dit Emmanuel. Le fait d\u2019accueillir la PANAF a \u00e9galement chang\u00e9 la fa\u00e7on dont les UGBB sont vus par les agents du gouvernement local. \u00ab\u202fAuparavant, ils nous trouvaient tr\u00e8s simples et insignifiants\u202f\u00bb, dit Emmanuel. \u00ab\u202fMais, avec la pr\u00e9sence de repr\u00e9sentants de 19 pays et le contenu de ce que nous faisons, ils comprennent. Ils voient l\u2019importance du minist\u00e8re pour le Burundi en g\u00e9n\u00e9ral.\u202f\u00bb&nbsp;&nbsp;<\/p>\n<\/div>\n\n<div class=\"wp-block block-core-paragraph\">\n<p>La PANAF aide aussi la r\u00e9gion \u00e0 s\u2019impliquer les uns envers les autres pour faire face \u00e0 leurs plus grands d\u00e9fis. Selon Armand Dzadu, le secr\u00e9taire g\u00e9n\u00e9ral des <a href=\"https:\/\/gbust.org\/\" target=\"_blank\" rel=\"noreferrer noopener\">GBU au Togo<\/a>, \u00ab\u202ftout le d\u00e9fi est de savoir comment former efficacement des \u00e9tudiants qui comprennent les probl\u00e8mes et aient un impact sur la soci\u00e9t\u00e9. Nous disons que l&rsquo;\u00c9glise en Afrique est large, mais pas grande. Nous avons beaucoup d\u2019\u00e9glises et de communaut\u00e9s, mais nous sentons qu&rsquo;il n\u2019y a pas de r\u00e9el impact dans les gouvernements ou sur les march\u00e9s. L&rsquo;\u00c9glise s\u2019\u00e9tend mais n\u2019est pas toujours solide. Nous esp\u00e9rons que ce genre de conf\u00e9rence pourrait aider \u00e0 susciter des pasteurs et \u00e0 les impliquer, ainsi qu\u2019\u00e0 dialoguer avec nos universit\u00e9s d&rsquo;un point de vue acad\u00e9mique, ce qui conduirait \u00e0 la transformation des communaut\u00e9s.\u202f\u00bb&nbsp;<\/p>\n<\/div>\n\n<div class=\"wp-block block-core-paragraph\">\n<p>Au niveau r\u00e9gional, l\u2019impact de la PANAF r\u00e9sonne d\u2019une autre mani\u00e8re. La PANAF construit des r\u00e9seaux parmi les \u00e9quipiers et les \u00e9tudiants de tout le continent. Cette ann\u00e9e, elle a \u00e9galement aid\u00e9 \u00e0 stimuler le soutien des dipl\u00f4m\u00e9s pour le minist\u00e8re, car des dipl\u00f4m\u00e9s de diff\u00e9rents pays ont eu l\u2019occasion d\u2019entrer en contact et de r\u00e9fl\u00e9chir ensemble \u00e0 ce qu\u2019ils pouvaient faire dans leurs diverses sph\u00e8res d\u2019influence : \u00e9glises, gouvernements et autres organisations. C\u2019est une bonne nouvelle pour les mouvements \u00e9tudiants, comme Emmanuel l\u2019explique : \u00ab\u202fNous voyons actuellement un retour des dipl\u00f4m\u00e9s. Le soutien de ce groupe avait consid\u00e9rablement chut\u00e9, mais ils ont maintenant le d\u00e9sir de revenir au mouvement et de le soutenir. Nous sommes si reconnaissants pour cette conf\u00e9rence !\u202f\u00bb&nbsp;<\/p>\n<\/div>\n\n<div class=\"wp-block block-core-paragraph\">\n<p>En effet, le dialogue entre les g\u00e9n\u00e9rations ne peut qu\u2019\u00eatre enrichissant au sein du Conseil d\u2019administration. Le professeur Abel Ndjerareou, de <a href=\"https:\/\/www.facebook.com\/ujc.tchad\/\" target=\"_blank\" rel=\"noreferrer noopener\">l\u2019UJC (le mouvement au Tchad)<\/a> est l\u2019un des dipl\u00f4m\u00e9s qui avait particip\u00e9 \u00e0 la conf\u00e9rence en 2019. Il a partag\u00e9 ce qui suit :&nbsp;&nbsp;<\/p>\n<\/div>\n\n<div class=\"wp-block block-core-paragraph\">\n<p>\u00ab\u202fChaque fois que je me retrouve dans une r\u00e9union des GBU, je me sens rajeunir. Premi\u00e8rement, parce que cela me rappelle ma jeunesse &#8230; deuxi\u00e8mement, parce que l\u2019\u00e9nergie des jeunes est tr\u00e8s contagieuse. Enfin, parce qu\u2019ils me donnent l\u2019espoir que cette grande \u0153uvre que sont les GBU continuera m\u00eame apr\u00e8s notre d\u00e9part.\u202f\u00bb&nbsp;<\/p>\n<\/div>\n\n<div class=\"wp-block block-core-paragraph\">\n<p>La vision de l\u2019Afrique francophone, dans laquelle de nombreux \u00e9tudiants qui grandissent en communaut\u00e9s de disciples et ont un impact \u00e0 l&rsquo;universit\u00e9, dans l&rsquo;\u00c9glise et la soci\u00e9t\u00e9 pour la gloire de Dieu, n\u2019a pas vu le jour \u00e0 cette \u00e9dition de la PANAF. Cependant, \u00e0 chaque occasion de se rassembler et de louer, partager, chanter et d\u2019apprendre les uns des autres, elle devient plus facile \u00e0 voir.&nbsp;<\/p>\n<\/div>\n\n<div class=\"wp-block block-core-paragraph\">\n<p>Vous pouvez regarder le webinaire, diffus\u00e9 en direct depuis la PANAF\u201922 en particulier pour les partenaires de l\u2019IFES\/USA, <a href=\"https:\/\/www.youtube.com\/watch?v=tuggX71-Oh0\" target=\"_blank\" rel=\"noreferrer noopener\">ici<\/a>.&nbsp;<\/p>\n<\/div>\n\n<div class=\"wp-block block-core-paragraph\">\n<p><strong>Pour en savoir plus sur les 19 mouvements nationaux repr\u00e9sent\u00e9s \u00e0 la conf\u00e9rence PANAF, vous pouvez voir la r\u00e9gion en chiffres sur le site internet des GBUAF <\/strong><a href=\"http:\/\/gbuaf.org\/les-gbuaf\/le-gbuaf-en-chiffres\/\" target=\"_blank\" rel=\"noreferrer noopener\"><strong>ici<\/strong><\/a><strong>.<\/strong>&nbsp;<\/p>\n<\/div>","protected":false},"featured_media":0,"template":"","area":[953],"theme":[],"class_list":["post-20406","conexion","type-conexion","status-publish","hentry","area-afrique-francophone"],"acf":[],"yoast_head":"<!-- This site is optimized with the Yoast SEO plugin v22.6 - https:\/\/yoast.com\/wordpress\/plugins\/seo\/ -->\n<title>PANAF : une conf\u00e9rence pour la vision de l\u2019Afrique francophone\u00a0 &#183; IFES Conexi\u00f3n Blog<\/title>\n<meta name=\"description\" content=\"Ce mois d\u2019ao\u00fbt a marqu\u00e9 un moment important : le retour de la conf\u00e9rence PANAFRICAINE, ou PANAF. Cette conf\u00e9rence triennale a accueilli 300 \u00e9tudiants et\" \/>\n<meta name=\"robots\" content=\"noindex, follow, max-snippet:-1, max-image-preview:large, max-video-preview:-1\" \/>\n<meta property=\"og:locale\" content=\"fr_FR\" \/>\n<meta property=\"og:type\" content=\"article\" \/>\n<meta property=\"og:title\" content=\"PANAF : une conf\u00e9rence pour la vision de l\u2019Afrique francophone\u00a0 &#183; IFES Conexi\u00f3n Blog\" \/>\n<meta property=\"og:description\" content=\"Ce mois d\u2019ao\u00fbt a marqu\u00e9 un moment important : le retour de la conf\u00e9rence PANAFRICAINE, ou PANAF. Cette conf\u00e9rence triennale a accueilli 300 \u00e9tudiants et\" \/>\n<meta property=\"og:url\" content=\"https:\/\/ifesworld.org\/fr\/blog\/panaf-une-conference-pour-la-vision-de-lafrique-francophone\/\" \/>\n<meta property=\"og:site_name\" content=\"IFES\" \/>\n<meta property=\"article:modified_time\" content=\"2022-11-04T16:00:43+00:00\" \/>\n<meta property=\"og:image\" content=\"https:\/\/ifesworld.org\/wp-content\/uploads\/2022\/11\/IMG_3563-scaled.jpg\" \/>\n\t<meta property=\"og:image:width\" content=\"2560\" \/>\n\t<meta property=\"og:image:height\" content=\"1707\" \/>\n\t<meta property=\"og:image:type\" content=\"image\/jpeg\" \/>\n<meta name=\"twitter:card\" content=\"summary_large_image\" \/>\n<meta name=\"twitter:label1\" content=\"Dur\u00e9e de lecture estim\u00e9e\" \/>\n\t<meta name=\"twitter:data1\" content=\"6 minutes\" \/>\n<script type=\"application\/ld+json\" class=\"yoast-schema-graph\">{\"@context\":\"https:\/\/schema.org\",\"@graph\":[{\"@type\":\"WebPage\",\"@id\":\"https:\/\/ifesworld.org\/fr\/blog\/panaf-une-conference-pour-la-vision-de-lafrique-francophone\/\",\"url\":\"https:\/\/ifesworld.org\/fr\/blog\/panaf-une-conference-pour-la-vision-de-lafrique-francophone\/\",\"name\":\"PANAF : une conf\u00e9rence pour la vision de l\u2019Afrique francophone\u00a0 &#183; IFES Conexi\u00f3n Blog\",\"isPartOf\":{\"@id\":\"https:\/\/fru.ifesworld.org\/en\/#website\"},\"datePublished\":\"2022-11-03T16:01:56+00:00\",\"dateModified\":\"2022-11-04T16:00:43+00:00\",\"description\":\"Ce mois d\u2019ao\u00fbt a marqu\u00e9 un moment important : le retour de la conf\u00e9rence PANAFRICAINE, ou PANAF. Cette conf\u00e9rence triennale a accueilli 300 \u00e9tudiants et\",\"breadcrumb\":{\"@id\":\"https:\/\/ifesworld.org\/fr\/blog\/panaf-une-conference-pour-la-vision-de-lafrique-francophone\/#breadcrumb\"},\"inLanguage\":\"fr-FR\",\"potentialAction\":[{\"@type\":\"ReadAction\",\"target\":[\"https:\/\/ifesworld.org\/fr\/blog\/panaf-une-conference-pour-la-vision-de-lafrique-francophone\/\"]}]},{\"@type\":\"BreadcrumbList\",\"@id\":\"https:\/\/ifesworld.org\/fr\/blog\/panaf-une-conference-pour-la-vision-de-lafrique-francophone\/#breadcrumb\",\"itemListElement\":[{\"@type\":\"ListItem\",\"position\":1,\"name\":\"Home\",\"item\":\"https:\/\/fru.ifesworld.org\/fr\/\"},{\"@type\":\"ListItem\",\"position\":2,\"name\":\"Conexi\u00f3n\",\"item\":\"https:\/\/ifesworld.org\/es\/blog\/\"},{\"@type\":\"ListItem\",\"position\":3,\"name\":\"PANAF : une conf\u00e9rence pour la vision de l\u2019Afrique francophone\u00a0\"}]},{\"@type\":\"WebSite\",\"@id\":\"https:\/\/fru.ifesworld.org\/en\/#website\",\"url\":\"https:\/\/fru.ifesworld.org\/en\/\",\"name\":\"IFES\",\"description\":\"A movement of students sharing and living out the good news of Jesus Christ. Locally. Nationally. Globally.\",\"publisher\":{\"@id\":\"https:\/\/fru.ifesworld.org\/en\/#organization\"},\"potentialAction\":[{\"@type\":\"SearchAction\",\"target\":{\"@type\":\"EntryPoint\",\"urlTemplate\":\"https:\/\/fru.ifesworld.org\/en\/?s={search_term_string}\"},\"query-input\":\"required name=search_term_string\"}],\"inLanguage\":\"fr-FR\"},{\"@type\":\"Organization\",\"@id\":\"https:\/\/fru.ifesworld.org\/en\/#organization\",\"name\":\"IFES \u00b7 International Fellowship of Evangelical Students\",\"url\":\"https:\/\/fru.ifesworld.org\/en\/\",\"logo\":{\"@type\":\"ImageObject\",\"inLanguage\":\"fr-FR\",\"@id\":\"https:\/\/fru.ifesworld.org\/en\/#\/schema\/logo\/image\/\",\"url\":\"https:\/\/fru.ifesworld.org\/wp-content\/uploads\/2019\/06\/ifeslogo.png\",\"contentUrl\":\"https:\/\/fru.ifesworld.org\/wp-content\/uploads\/2019\/06\/ifeslogo.png\",\"width\":262,\"height\":262,\"caption\":\"IFES \u00b7 International Fellowship of Evangelical Students\"},\"image\":{\"@id\":\"https:\/\/fru.ifesworld.org\/en\/#\/schema\/logo\/image\/\"}}]}<\/script>\n<!-- \/ Yoast SEO plugin. -->","yoast_head_json":{"title":"PANAF : une conf\u00e9rence pour la vision de l\u2019Afrique francophone\u00a0 &#183; IFES Conexi\u00f3n Blog","description":"Ce mois d\u2019ao\u00fbt a marqu\u00e9 un moment important : le retour de la conf\u00e9rence PANAFRICAINE, ou PANAF. Cette conf\u00e9rence triennale a accueilli 300 \u00e9tudiants et","robots":{"index":"noindex","follow":"follow","max-snippet":"max-snippet:-1","max-image-preview":"max-image-preview:large","max-video-preview":"max-video-preview:-1"},"og_locale":"fr_FR","og_type":"article","og_title":"PANAF : une conf\u00e9rence pour la vision de l\u2019Afrique francophone\u00a0 &#183; IFES Conexi\u00f3n Blog","og_description":"Ce mois d\u2019ao\u00fbt a marqu\u00e9 un moment important : le retour de la conf\u00e9rence PANAFRICAINE, ou PANAF. Cette conf\u00e9rence triennale a accueilli 300 \u00e9tudiants et","og_url":"https:\/\/ifesworld.org\/fr\/blog\/panaf-une-conference-pour-la-vision-de-lafrique-francophone\/","og_site_name":"IFES","article_modified_time":"2022-11-04T16:00:43+00:00","og_image":[{"width":2560,"height":1707,"url":"https:\/\/ifesworld.org\/wp-content\/uploads\/2022\/11\/IMG_3563-scaled.jpg","type":"image\/jpeg"}],"twitter_card":"summary_large_image","twitter_misc":{"Dur\u00e9e de lecture estim\u00e9e":"6 minutes"},"schema":{"@context":"https:\/\/schema.org","@graph":[{"@type":"WebPage","@id":"https:\/\/ifesworld.org\/fr\/blog\/panaf-une-conference-pour-la-vision-de-lafrique-francophone\/","url":"https:\/\/ifesworld.org\/fr\/blog\/panaf-une-conference-pour-la-vision-de-lafrique-francophone\/","name":"PANAF : une conf\u00e9rence pour la vision de l\u2019Afrique francophone\u00a0 &#183; IFES Conexi\u00f3n Blog","isPartOf":{"@id":"https:\/\/fru.ifesworld.org\/en\/#website"},"datePublished":"2022-11-03T16:01:56+00:00","dateModified":"2022-11-04T16:00:43+00:00","description":"Ce mois d\u2019ao\u00fbt a marqu\u00e9 un moment important : le retour de la conf\u00e9rence PANAFRICAINE, ou PANAF. Cette conf\u00e9rence triennale a accueilli 300 \u00e9tudiants et","breadcrumb":{"@id":"https:\/\/ifesworld.org\/fr\/blog\/panaf-une-conference-pour-la-vision-de-lafrique-francophone\/#breadcrumb"},"inLanguage":"fr-FR","potentialAction":[{"@type":"ReadAction","target":["https:\/\/ifesworld.org\/fr\/blog\/panaf-une-conference-pour-la-vision-de-lafrique-francophone\/"]}]},{"@type":"BreadcrumbList","@id":"https:\/\/ifesworld.org\/fr\/blog\/panaf-une-conference-pour-la-vision-de-lafrique-francophone\/#breadcrumb","itemListElement":[{"@type":"ListItem","position":1,"name":"Home","item":"https:\/\/fru.ifesworld.org\/fr\/"},{"@type":"ListItem","position":2,"name":"Conexi\u00f3n","item":"https:\/\/ifesworld.org\/es\/blog\/"},{"@type":"ListItem","position":3,"name":"PANAF : une conf\u00e9rence pour la vision de l\u2019Afrique francophone\u00a0"}]},{"@type":"WebSite","@id":"https:\/\/fru.ifesworld.org\/en\/#website","url":"https:\/\/fru.ifesworld.org\/en\/","name":"IFES","description":"A movement of students sharing and living out the good news of Jesus Christ. Locally. Nationally. Globally.","publisher":{"@id":"https:\/\/fru.ifesworld.org\/en\/#organization"},"potentialAction":[{"@type":"SearchAction","target":{"@type":"EntryPoint","urlTemplate":"https:\/\/fru.ifesworld.org\/en\/?s={search_term_string}"},"query-input":"required name=search_term_string"}],"inLanguage":"fr-FR"},{"@type":"Organization","@id":"https:\/\/fru.ifesworld.org\/en\/#organization","name":"IFES \u00b7 International Fellowship of Evangelical Students","url":"https:\/\/fru.ifesworld.org\/en\/","logo":{"@type":"ImageObject","inLanguage":"fr-FR","@id":"https:\/\/fru.ifesworld.org\/en\/#\/schema\/logo\/image\/","url":"https:\/\/fru.ifesworld.org\/wp-content\/uploads\/2019\/06\/ifeslogo.png","contentUrl":"https:\/\/fru.ifesworld.org\/wp-content\/uploads\/2019\/06\/ifeslogo.png","width":262,"height":262,"caption":"IFES \u00b7 International Fellowship of Evangelical Students"},"image":{"@id":"https:\/\/fru.ifesworld.org\/en\/#\/schema\/logo\/image\/"}}]}},"_links":{"self":[{"href":"https:\/\/fru.ifesworld.org\/fr\/wp-json\/wp\/v2\/conexion\/20406"}],"collection":[{"href":"https:\/\/fru.ifesworld.org\/fr\/wp-json\/wp\/v2\/conexion"}],"about":[{"href":"https:\/\/fru.ifesworld.org\/fr\/wp-json\/wp\/v2\/types\/conexion"}],"wp:attachment":[{"href":"https:\/\/fru.ifesworld.org\/fr\/wp-json\/wp\/v2\/media?parent=20406"}],"wp:term":[{"taxonomy":"area","embeddable":true,"href":"https:\/\/fru.ifesworld.org\/fr\/wp-json\/wp\/v2\/area?post=20406"},{"taxonomy":"theme","embeddable":true,"href":"https:\/\/fru.ifesworld.org\/fr\/wp-json\/wp\/v2\/theme?post=20406"}],"curies":[{"name":"wp","href":"https:\/\/api.w.org\/{rel}","templated":true}]}}