{"id":11521,"date":"2020-03-04T10:06:59","date_gmt":"2020-03-04T10:06:59","guid":{"rendered":"https:\/\/fru.ifesworld.org\/?post_type=conexion&#038;p=11521"},"modified":"2020-03-04T10:07:00","modified_gmt":"2020-03-04T10:07:00","slug":"un-moment-decisif-pour-ali","status":"publish","type":"conexion","link":"https:\/\/fru.ifesworld.org\/fr\/blog\/un-moment-decisif-pour-ali\/","title":{"rendered":"Un moment d\u00e9cisif pour Ali"},"content":{"rendered":"<div class=\"wp-block block-core-paragraph\">\n<p>En f\u00e9vrier 2019, nous avons partag\u00e9 <a href=\"https:\/\/fru.ifesworld.org\/fr\/prayerline\/lorsque-les-reves-deviennent-realite\/\">l\u2019histoire d\u2019Ali<\/a>, un \u00e9tudiant de Nouvelle-Cal\u00e9donie qui cultivait le r\u00eave de voir s\u2019\u00e9tablir un minist\u00e8re \u00e9tudiant pionnier dans son pays. Un an plus tard, que se passe-t-il en Nouvelle-Cal\u00e9donie ?<\/p>\n<\/div>\n\n<div class=\"wp-block block-core-paragraph\">\n<p>Un groupe d\u2019\u00e9tudiant a grandi pour former deux groupes distincts. Les \u00e9tudiants se sont rencontr\u00e9s r\u00e9guli\u00e8rement sur deux campus pour l\u2019\u00e9tude biblique et la pri\u00e8re. L\u2019an dernier, les deux groupes ont \u00e9galement travaill\u00e9 ensemble pour organiser un \u00e9v\u00e9nement d\u2019\u00e9vang\u00e9lisation ayant pour th\u00e8me la cr\u00e9ation et la science. Peu d\u2019\u00e9tudiants avaient entendu parler du GBU-NC jusqu\u2019ici, et cet \u00e9v\u00e9nement a permis d&rsquo;augmenter sa visibilit\u00e9 \u00e0 la fois parmi les \u00e9tudiants chr\u00e9tiens et non chr\u00e9tiens.<\/p>\n<\/div>\n\n<div class=\"wp-block block-core-paragraph\">\n<p>Ali a fait une pause d\u2019une ann\u00e9e l&rsquo;an dernier pour trouver un emploi. Mais il a r\u00e9cemment d\u00e9cid\u00e9 de revenir sur le campus et de poursuivre ses \u00e9tudes universitaires en vue d\u2019aider le GBU-NC \u00e0 solidifier ses bases. Pourquoi ?<\/p>\n<\/div>\n\n<div class=\"wp-block block-core-quote\">\n<blockquote class=\"wp-block-quote is-layout-flow wp-block-quote-is-layout-flow\"><p><a href=\"https:\/\/fru.ifesworld.org\/fr\/assembleemondiale\/\"><strong>L\u2019Assembl\u00e9e mondiale<\/strong><\/a> a \u00e9t\u00e9 un moment d\u00e9cisif pour lui. Tout au long de l\u2019Assembl\u00e9e mondiale, le Seigneur m&rsquo;a fait voir l\u2019importance du minist\u00e8re parmi les \u00e9tudiants en Nouvelle-Cal\u00e9donie et il m\u2019a rappel\u00e9 la responsabilit\u00e9 qu\u2019il m\u2019avait confi\u00e9e en m\u2019y envoyant comme \u00e9tudiant. Aujourd\u2019hui, je suis heureux de reprendre mes \u00e9tudes et d\u2019\u00eatre finalement capable de m\u2019investir davantage dans le minist\u00e8re aupr\u00e8s des \u00e9tudiants.<\/p><\/blockquote>\n<\/div>\n\n<div class=\"wp-block block-core-paragraph\">\n<p>Un autre leader \u00e9tudiant a \u00e9t\u00e9 r\u00e9cemment en mesure de participer \u00e0 la rencontre de formation nationale de l\u2019AFES Australie et il est tr\u00e8s d\u00e9sireux de continuer \u00e0 s\u2019investir dans le travail pionnier. Le mouvement se trouve encore au stade pionnier et il aura besoin d\u2019\u00eatre soutenu gr\u00e2ce \u00e0 des opportunit\u00e9s de formation offertes par l\u2019IFES, \u00e0 l\u2019appui des \u00e9quipiers locaux, des structures de leadership et des \u00e9tudiants tels qu\u2019Ali, pr\u00eats \u00e0 prendre l\u2019initiative de tenter des approches nouvelles. Veuillez vous joindre \u00e0 Ali dans la pri\u00e8re afin que ces besoins soient combl\u00e9s et qu\u2019un jour, le mouvements puisse s\u2019affilier l\u2019IFES.<\/p>\n<\/div>\n\n<div class=\"wp-block block-core-separator\">\n<hr class=\"wp-block-separator\"\/>\n<\/div>\n\n<div class=\"wp-block block-core-paragraph\">\n<p>Donnez aujourd\u2019hui pour soutenir les initiatives pionni\u00e8res de l\u2019IFES sur les campus non atteints \u00e0 travers le monde:<\/p>\n<\/div>\n\n<div class=\"wp-block block-acf-giveform\">    <section id=\"giveform-block-block_5e5e37282cbf1\" class=\"give-form bg--alt margin-bottom--xl\">\n        <h2 class=\"h1\">JE SOUHAITE DONNER \u00c0<\/h2>\n        <a id=\"give-login-link\" href=\"https:\/\/give.ifesworld.org\/login\" target=\"_blank\" class=\"btn btn--cta-link\"><span><span class=\"icon\"><svg class=\"icon\"><use xlink:href=\"#chevron-circle-right-solid\"><\/use><\/svg><\/span>Se connecter \u00e0 votre compte de donateur<\/span><\/a>\n        <form class=\"give__form container--full-width flex flex--column\"\n              action=\"https:\/\/give.ifesworld.org\/customgiving?utm_source=ifesworld.org&#038;utm_medium=referral&#038;\" method=\"GET\"\n              target=\"_blank\">\n            <div class=\"give_designation margin-top\">\n                <label for=\"code\" class=\"screen-reader-text\">Soutenir l\u2019IFES dans une r\u00e9gion particuli\u00e8re<\/label>\n                <select id=\"code\" name=\"code\" required>\n                                        <option value=\"IN000_PPION\">\u00c9tablir un t\u00e9moignage parmi les \u00e9tudiants<\/option>\n                                        <option value=\"GF000_PMAIN\">L\u00e0 o\u00f9 les besoins sont les plus grands<\/option>\n                                                      <\/select>\n            <\/div>\n                                    <div class=\"amount-selection grid-4 margin-top\">\n                <div class=\"grid__item form__input--radio\">\n                                        <input type=\"radio\" id=\"give-10\" name=\"give-radio-amount\" value=\"10\" class=\"sr-only\"  >\n                    <label class=\"h1\" for=\"give-10\"><span class=\"js-currency__symbol\">$<\/span>10<\/label>\n                <\/div>\n\n                <div class=\"grid__item form__input--radio\">\n                    <input type=\"radio\" id=\"give-25\" name=\"give-radio-amount\" value=\"25\" class=\"sr-only\" checked >\n                    <label class=\"h1\" for=\"give-25\"><span class=\"js-currency__symbol\">$<\/span>25<\/label>\n                <\/div>\n\n                <div class=\"grid__item form__input--radio\">\n                    <input type=\"radio\" id=\"give-50\" name=\"give-radio-amount\" value=\"50\" class=\"sr-only\"  >\n                    <label class=\"h1\" for=\"give-50\"><span class=\"js-currency__symbol\">$<\/span>50<\/label>\n                <\/div>\n\n                <div class=\"grid__item form__input--radio\">\n                    <input type=\"radio\" id=\"give-100\" name=\"give-radio-amount\" value=\"100\" class=\"sr-only\"  >\n                    <label class=\"h1\" for=\"give-100\"><span class=\"js-currency__symbol\">$<\/span>100<\/label>\n                <\/div>\n            <\/div>\n\n            <div class=\"amount-currency margin-top grid-4\">\n                <div class=\"form__input--amount\">\n                    <label for=\"a\" class=\"screen-reader-text\">Specify donation amount<\/label>\n                    <span class=\"currency flex flex--center-y\"><span class=\"js-currency__symbol\">$<\/span><\/span>\n                    <input type=\"number\" id=\"a\" name=\"a\" class=\"amount\" required value=\"25\">\n                <\/div>\n                <div class=\"form__input--currency select\">\n                    <label for=\"c\" class=\"screen-reader-text\">S\u00e9lectionnez votre devise<\/label>\n                    <select id=\"c\" name=\"c\">\n                                                <option value=\"USD\" data-symbol=\"$\"  selected=\"selected\">USD <\/option>\n                                                <option value=\"GBP\" data-symbol=\"&pound;\" >GBP <\/option>\n                                                <option value=\"EUR\" data-symbol=\"&euro;\" >EUR <\/option>\n                                          <\/select>\n                <\/div>\n            <\/div>\n            <div class=\"donation-frequency grid-2 margin-top\">\n                            <div class=\"grid__item form__input--radio\">\n                    <input type=\"radio\" id=\"donate-once\"  name=\"r\" value=\"0\" class=\"sr-only\" >\n                    <label class=\"h1\" for=\"donate-once\">Faire un don ponctuel<\/label>\n                <\/div>\n                <div class=\"grid__item form__input--radio\">\n                    <input type=\"radio\" id=\"donate-monthly\" checked name=\"r\" value=\"1\" class=\"sr-only\" >\n                    <label class=\"h1\" for=\"donate-monthly\">Faire un don mensuel<\/label>\n                <\/div>\n            <\/div>\n\n\n            <div class=\"give-form__footer margin-top--lg\">\n                <div class=\"give-form__continue flex flex--column flex--space-between\">\n                    <div class=\"btn btn--primary btn--full-width form__submit\">\n                        <input type=\"submit\" id=\"submit\" value=\"continuer\"\/>\n                        <span>continuer<\/span>\n                    <\/div>\n                                    <\/div>\n                          <\/div>\n                          <input type=\"hidden\" name=\"t\" value=\"1\"\/>\n            <input type=\"hidden\" name=\"s\" value=\"IFESWEBSITE\"\/>\n            <input type=\"hidden\" name=\"utm_source\" value=\"ifesworld.org\"\/>\n            <input type=\"hidden\" name=\"utm_medium\" value=\"referral\"\/>\n            <input type=\"hidden\" id=\"d\" name=\"d\" value=\"IN000_PPION\" required\/>\n\n        <\/form>\n    <\/section>\n\n<\/div>","protected":false},"featured_media":11520,"template":"","area":[1180,958],"theme":[1230],"class_list":["post-11521","conexion","type-conexion","status-publish","has-post-thumbnail","hentry","area-nouvelle-caledonie","area-pacifique-sud","theme-defricher-de-nouveaux-territoires"],"acf":[],"yoast_head":"<!-- This site is optimized with the Yoast SEO plugin v22.6 - https:\/\/yoast.com\/wordpress\/plugins\/seo\/ -->\n<title>Un moment d\u00e9cisif pour Ali &#183; IFES Conexi\u00f3n Blog<\/title>\n<meta name=\"description\" content=\"En f\u00e9vrier 2019, nous avons partag\u00e9 l\u2019histoire d\u2019Ali, un \u00e9tudiant de Nouvelle-Cal\u00e9donie qui cultivait le r\u00eave de voir s\u2019\u00e9tablir un minist\u00e8re \u00e9tudiant\" \/>\n<meta name=\"robots\" content=\"noindex, follow, max-snippet:-1, max-image-preview:large, max-video-preview:-1\" \/>\n<meta property=\"og:locale\" content=\"fr_FR\" \/>\n<meta property=\"og:type\" content=\"article\" \/>\n<meta property=\"og:title\" content=\"Un moment d\u00e9cisif pour Ali &#183; IFES Conexi\u00f3n Blog\" \/>\n<meta property=\"og:description\" content=\"En f\u00e9vrier 2019, nous avons partag\u00e9 l\u2019histoire d\u2019Ali, un \u00e9tudiant de Nouvelle-Cal\u00e9donie qui cultivait le r\u00eave de voir s\u2019\u00e9tablir un minist\u00e8re \u00e9tudiant\" \/>\n<meta property=\"og:url\" content=\"https:\/\/ifesworld.org\/fr\/blog\/un-moment-decisif-pour-ali\/\" \/>\n<meta property=\"og:site_name\" content=\"IFES\" \/>\n<meta property=\"article:modified_time\" content=\"2020-03-04T10:07:00+00:00\" \/>\n<meta property=\"og:image\" content=\"https:\/\/ifesworld.org\/wp-content\/uploads\/2020\/03\/200304-Con-NC.jpg\" \/>\n\t<meta property=\"og:image:width\" content=\"1200\" \/>\n\t<meta property=\"og:image:height\" content=\"675\" \/>\n\t<meta property=\"og:image:type\" content=\"image\/jpeg\" \/>\n<meta name=\"twitter:card\" content=\"summary_large_image\" \/>\n<meta name=\"twitter:label1\" content=\"Dur\u00e9e de lecture estim\u00e9e\" \/>\n\t<meta name=\"twitter:data1\" content=\"2 minutes\" \/>\n<script type=\"application\/ld+json\" class=\"yoast-schema-graph\">{\"@context\":\"https:\/\/schema.org\",\"@graph\":[{\"@type\":\"WebPage\",\"@id\":\"https:\/\/ifesworld.org\/fr\/blog\/un-moment-decisif-pour-ali\/\",\"url\":\"https:\/\/ifesworld.org\/fr\/blog\/un-moment-decisif-pour-ali\/\",\"name\":\"Un moment d\u00e9cisif pour Ali &#183; IFES Conexi\u00f3n Blog\",\"isPartOf\":{\"@id\":\"https:\/\/fru.ifesworld.org\/en\/#website\"},\"primaryImageOfPage\":{\"@id\":\"https:\/\/ifesworld.org\/fr\/blog\/un-moment-decisif-pour-ali\/#primaryimage\"},\"image\":{\"@id\":\"https:\/\/ifesworld.org\/fr\/blog\/un-moment-decisif-pour-ali\/#primaryimage\"},\"thumbnailUrl\":\"https:\/\/fru.ifesworld.org\/wp-content\/uploads\/2020\/03\/200304-Con-NC.jpg\",\"datePublished\":\"2020-03-04T10:06:59+00:00\",\"dateModified\":\"2020-03-04T10:07:00+00:00\",\"description\":\"En f\u00e9vrier 2019, nous avons partag\u00e9 l\u2019histoire d\u2019Ali, un \u00e9tudiant de Nouvelle-Cal\u00e9donie qui cultivait le r\u00eave de voir s\u2019\u00e9tablir un minist\u00e8re \u00e9tudiant\",\"breadcrumb\":{\"@id\":\"https:\/\/ifesworld.org\/fr\/blog\/un-moment-decisif-pour-ali\/#breadcrumb\"},\"inLanguage\":\"fr-FR\",\"potentialAction\":[{\"@type\":\"ReadAction\",\"target\":[\"https:\/\/ifesworld.org\/fr\/blog\/un-moment-decisif-pour-ali\/\"]}]},{\"@type\":\"ImageObject\",\"inLanguage\":\"fr-FR\",\"@id\":\"https:\/\/ifesworld.org\/fr\/blog\/un-moment-decisif-pour-ali\/#primaryimage\",\"url\":\"https:\/\/fru.ifesworld.org\/wp-content\/uploads\/2020\/03\/200304-Con-NC.jpg\",\"contentUrl\":\"https:\/\/fru.ifesworld.org\/wp-content\/uploads\/2020\/03\/200304-Con-NC.jpg\",\"width\":1200,\"height\":675},{\"@type\":\"BreadcrumbList\",\"@id\":\"https:\/\/ifesworld.org\/fr\/blog\/un-moment-decisif-pour-ali\/#breadcrumb\",\"itemListElement\":[{\"@type\":\"ListItem\",\"position\":1,\"name\":\"Home\",\"item\":\"https:\/\/fru.ifesworld.org\/fr\/\"},{\"@type\":\"ListItem\",\"position\":2,\"name\":\"Conexi\u00f3n\",\"item\":\"https:\/\/ifesworld.org\/es\/blog\/\"},{\"@type\":\"ListItem\",\"position\":3,\"name\":\"Un moment d\u00e9cisif pour Ali\"}]},{\"@type\":\"WebSite\",\"@id\":\"https:\/\/fru.ifesworld.org\/en\/#website\",\"url\":\"https:\/\/fru.ifesworld.org\/en\/\",\"name\":\"IFES\",\"description\":\"A movement of students sharing and living out the good news of Jesus Christ. Locally. Nationally. Globally.\",\"publisher\":{\"@id\":\"https:\/\/fru.ifesworld.org\/en\/#organization\"},\"potentialAction\":[{\"@type\":\"SearchAction\",\"target\":{\"@type\":\"EntryPoint\",\"urlTemplate\":\"https:\/\/fru.ifesworld.org\/en\/?s={search_term_string}\"},\"query-input\":\"required name=search_term_string\"}],\"inLanguage\":\"fr-FR\"},{\"@type\":\"Organization\",\"@id\":\"https:\/\/fru.ifesworld.org\/en\/#organization\",\"name\":\"IFES \u00b7 International Fellowship of Evangelical Students\",\"url\":\"https:\/\/fru.ifesworld.org\/en\/\",\"logo\":{\"@type\":\"ImageObject\",\"inLanguage\":\"fr-FR\",\"@id\":\"https:\/\/fru.ifesworld.org\/en\/#\/schema\/logo\/image\/\",\"url\":\"https:\/\/fru.ifesworld.org\/wp-content\/uploads\/2019\/06\/ifeslogo.png\",\"contentUrl\":\"https:\/\/fru.ifesworld.org\/wp-content\/uploads\/2019\/06\/ifeslogo.png\",\"width\":262,\"height\":262,\"caption\":\"IFES \u00b7 International Fellowship of Evangelical Students\"},\"image\":{\"@id\":\"https:\/\/fru.ifesworld.org\/en\/#\/schema\/logo\/image\/\"}}]}<\/script>\n<!-- \/ Yoast SEO plugin. -->","yoast_head_json":{"title":"Un moment d\u00e9cisif pour Ali &#183; IFES Conexi\u00f3n Blog","description":"En f\u00e9vrier 2019, nous avons partag\u00e9 l\u2019histoire d\u2019Ali, un \u00e9tudiant de Nouvelle-Cal\u00e9donie qui cultivait le r\u00eave de voir s\u2019\u00e9tablir un minist\u00e8re \u00e9tudiant","robots":{"index":"noindex","follow":"follow","max-snippet":"max-snippet:-1","max-image-preview":"max-image-preview:large","max-video-preview":"max-video-preview:-1"},"og_locale":"fr_FR","og_type":"article","og_title":"Un moment d\u00e9cisif pour Ali &#183; IFES Conexi\u00f3n Blog","og_description":"En f\u00e9vrier 2019, nous avons partag\u00e9 l\u2019histoire d\u2019Ali, un \u00e9tudiant de Nouvelle-Cal\u00e9donie qui cultivait le r\u00eave de voir s\u2019\u00e9tablir un minist\u00e8re \u00e9tudiant","og_url":"https:\/\/ifesworld.org\/fr\/blog\/un-moment-decisif-pour-ali\/","og_site_name":"IFES","article_modified_time":"2020-03-04T10:07:00+00:00","og_image":[{"width":1200,"height":675,"url":"https:\/\/ifesworld.org\/wp-content\/uploads\/2020\/03\/200304-Con-NC.jpg","type":"image\/jpeg"}],"twitter_card":"summary_large_image","twitter_misc":{"Dur\u00e9e de lecture estim\u00e9e":"2 minutes"},"schema":{"@context":"https:\/\/schema.org","@graph":[{"@type":"WebPage","@id":"https:\/\/ifesworld.org\/fr\/blog\/un-moment-decisif-pour-ali\/","url":"https:\/\/ifesworld.org\/fr\/blog\/un-moment-decisif-pour-ali\/","name":"Un moment d\u00e9cisif pour Ali &#183; IFES Conexi\u00f3n Blog","isPartOf":{"@id":"https:\/\/fru.ifesworld.org\/en\/#website"},"primaryImageOfPage":{"@id":"https:\/\/ifesworld.org\/fr\/blog\/un-moment-decisif-pour-ali\/#primaryimage"},"image":{"@id":"https:\/\/ifesworld.org\/fr\/blog\/un-moment-decisif-pour-ali\/#primaryimage"},"thumbnailUrl":"https:\/\/fru.ifesworld.org\/wp-content\/uploads\/2020\/03\/200304-Con-NC.jpg","datePublished":"2020-03-04T10:06:59+00:00","dateModified":"2020-03-04T10:07:00+00:00","description":"En f\u00e9vrier 2019, nous avons partag\u00e9 l\u2019histoire d\u2019Ali, un \u00e9tudiant de Nouvelle-Cal\u00e9donie qui cultivait le r\u00eave de voir s\u2019\u00e9tablir un minist\u00e8re \u00e9tudiant","breadcrumb":{"@id":"https:\/\/ifesworld.org\/fr\/blog\/un-moment-decisif-pour-ali\/#breadcrumb"},"inLanguage":"fr-FR","potentialAction":[{"@type":"ReadAction","target":["https:\/\/ifesworld.org\/fr\/blog\/un-moment-decisif-pour-ali\/"]}]},{"@type":"ImageObject","inLanguage":"fr-FR","@id":"https:\/\/ifesworld.org\/fr\/blog\/un-moment-decisif-pour-ali\/#primaryimage","url":"https:\/\/fru.ifesworld.org\/wp-content\/uploads\/2020\/03\/200304-Con-NC.jpg","contentUrl":"https:\/\/fru.ifesworld.org\/wp-content\/uploads\/2020\/03\/200304-Con-NC.jpg","width":1200,"height":675},{"@type":"BreadcrumbList","@id":"https:\/\/ifesworld.org\/fr\/blog\/un-moment-decisif-pour-ali\/#breadcrumb","itemListElement":[{"@type":"ListItem","position":1,"name":"Home","item":"https:\/\/fru.ifesworld.org\/fr\/"},{"@type":"ListItem","position":2,"name":"Conexi\u00f3n","item":"https:\/\/ifesworld.org\/es\/blog\/"},{"@type":"ListItem","position":3,"name":"Un moment d\u00e9cisif pour Ali"}]},{"@type":"WebSite","@id":"https:\/\/fru.ifesworld.org\/en\/#website","url":"https:\/\/fru.ifesworld.org\/en\/","name":"IFES","description":"A movement of students sharing and living out the good news of Jesus Christ. Locally. Nationally. Globally.","publisher":{"@id":"https:\/\/fru.ifesworld.org\/en\/#organization"},"potentialAction":[{"@type":"SearchAction","target":{"@type":"EntryPoint","urlTemplate":"https:\/\/fru.ifesworld.org\/en\/?s={search_term_string}"},"query-input":"required name=search_term_string"}],"inLanguage":"fr-FR"},{"@type":"Organization","@id":"https:\/\/fru.ifesworld.org\/en\/#organization","name":"IFES \u00b7 International Fellowship of Evangelical Students","url":"https:\/\/fru.ifesworld.org\/en\/","logo":{"@type":"ImageObject","inLanguage":"fr-FR","@id":"https:\/\/fru.ifesworld.org\/en\/#\/schema\/logo\/image\/","url":"https:\/\/fru.ifesworld.org\/wp-content\/uploads\/2019\/06\/ifeslogo.png","contentUrl":"https:\/\/fru.ifesworld.org\/wp-content\/uploads\/2019\/06\/ifeslogo.png","width":262,"height":262,"caption":"IFES \u00b7 International Fellowship of Evangelical Students"},"image":{"@id":"https:\/\/fru.ifesworld.org\/en\/#\/schema\/logo\/image\/"}}]}},"_links":{"self":[{"href":"https:\/\/fru.ifesworld.org\/fr\/wp-json\/wp\/v2\/conexion\/11521"}],"collection":[{"href":"https:\/\/fru.ifesworld.org\/fr\/wp-json\/wp\/v2\/conexion"}],"about":[{"href":"https:\/\/fru.ifesworld.org\/fr\/wp-json\/wp\/v2\/types\/conexion"}],"wp:featuredmedia":[{"embeddable":true,"href":"https:\/\/fru.ifesworld.org\/fr\/wp-json\/wp\/v2\/media\/11520"}],"wp:attachment":[{"href":"https:\/\/fru.ifesworld.org\/fr\/wp-json\/wp\/v2\/media?parent=11521"}],"wp:term":[{"taxonomy":"area","embeddable":true,"href":"https:\/\/fru.ifesworld.org\/fr\/wp-json\/wp\/v2\/area?post=11521"},{"taxonomy":"theme","embeddable":true,"href":"https:\/\/fru.ifesworld.org\/fr\/wp-json\/wp\/v2\/theme?post=11521"}],"curies":[{"name":"wp","href":"https:\/\/api.w.org\/{rel}","templated":true}]}}