{"id":1556,"date":"2017-05-11T11:01:30","date_gmt":"2017-05-11T10:01:30","guid":{"rendered":"http:\/\/wordworldes.home.blog\/2017\/05\/11\/la-etica-el-contexto-y-el-texto-biblico-myrto-theocharous\/"},"modified":"2019-12-16T14:43:11","modified_gmt":"2019-12-16T14:43:11","slug":"la-etica-el-contexto-y-el-texto-biblico-myrto-theocharous","status":"publish","type":"word_world","link":"https:\/\/fru.ifesworld.org\/es\/journal\/la-etica-el-contexto-y-el-texto-biblico-myrto-theocharous\/","title":{"rendered":"La \u00e9tica, el contexto y el texto b\u00edblico"},"content":{"rendered":"<p><strong>Introducci\u00f3n<\/strong><\/p>\n<p>En cierto sentido, no hay una lectura contextual del texto b\u00edblico. Toda interpretaci\u00f3n es contextual, ya que cada int\u00e9rprete est\u00e1 formado por las experiencias de unos contextos religiosos, sociales y econ\u00f3micos espec\u00edficos. Sin embargo, cuando la gente se refiere a la necesidad de la interpretaci\u00f3n \u201ccontextual\u201d se suelen referir a la necesidad de que el texto se interprete de forma ind\u00edgena, es decir, en un contexto no occidental. Esta necesidad fue la que sintieron los l\u00edderes africanos y fue la que les llev\u00f3 a la creaci\u00f3n de la <em>Africa Study Bible <\/em>(<em>La Biblia de Estudio Africana<\/em>): \u201cLas investigaciones claramente mostraron que el significado de las palabras y las expresiones en el ingl\u00e9s moderno de los Estados Unidos o bien del Reino Unido, no siempre resultaban claras para los africanos angloparlantes.\u201d<a href=\"#_ftn1\">[1]<\/a><\/p>\n<p>Como muestra la cita, la necesidad de una \u201cinterpretaci\u00f3n contextual\u201d, como se entiende dicha expresi\u00f3n, surge cuando la interpretaci\u00f3n de un contexto espec\u00edfico (Contexto A) se impone o se adopta sin cr\u00edtica en otro contexto (Contexto B), de tal forma que puede enturbiar el significado del texto para el Contexto B, silenciando la voz interpretativa del Contexto B y eliminando sus particularidades. En este sentido, la interpretaci\u00f3n contextual de la Biblia no solo se trata de la aplicaci\u00f3n del significado universal puro recuperado por el Contexto A y aplicado al Contexto B, sino que se busca que el Contexto B contribuya a la producci\u00f3n de significado del texto.<\/p>\n<p>Con excusa de la celebraci\u00f3n de la creaci\u00f3n de la <em>Africa Study Bible<\/em>, me gustar\u00eda compartir algunos pensamientos acerca de la interpretaci\u00f3n b\u00edblica contextual, en ning\u00fan modo ser\u00e9 exhaustivo, pero albergo la esperanza de crear cierta reflexi\u00f3n sobre el asunto.<\/p>\n<h4>\u00bfQu\u00e9 es el contexto?<\/h4>\n<p>En primer lugar, el contexto o el ambiente en el que la gente existe no es un ente est\u00e1tico. Es una realidad fluida y hasta porosa. La televisi\u00f3n, el cine, los libros traducidos, Facebook y Twitter hacen que los elementos culturales permeen de un contexto a otro, por lo que debemos ser conscientes de que continuamente se absorben elementos culturales ajenos. El contexto, por tanto, no es una entidad fija. Dado que el contexto es algo dif\u00edcil de definir, la interpretaci\u00f3n contextual resulta igual de dif\u00edcil.<\/p>\n<p>Es m\u00e1s, el contexto no es una entidad homog\u00e9nea, por lo que es imposible que una interpretaci\u00f3n hable por y para todas las personas y para todas las comunidades dentro del contexto propio. Aunque hay muchos elementos estereot\u00edpicos que representan una unidad contextual, la verdad es que en todos los contextos existe la diversidad. Por ejemplo, el contexto griego es distinto en los c\u00edrculos protestantes, cat\u00f3licos y ortodoxos. La experiencia de un griego jud\u00edo o un negro griego es extremadamente diferente a la experiencia de otros griegos, hasta el punto que la \u201cgrieguedad\u201d de dichas personas se ve cuestionada por los grupos dominantes. Por tanto, \u201cla ambivalencia de la identidad \u00e9tnica hace que la idea de la teolog\u00eda contextual sea tambi\u00e9n ambivalente.\u201d<a href=\"#_ftn2\">[2]<\/a><\/p>\n<p>En ocasiones, se tiene la impresi\u00f3n de que la interpretaci\u00f3n contextual debe involucrarse en preservar una imagen rom\u00e1ntica y tradicional del contexto propio, en lugar de responder a los r\u00e1pidos cambios contempor\u00e1neos dentro de dicho contexto. Como dice Ott, \u201cla contextualizaci\u00f3n debe centrarse principalmente en la comprensi\u00f3n y la respuesta adecuada a los r\u00e1pidos cambios sociales actuales, centr\u00e1ndose menos en la conservaci\u00f3n o la transformaci\u00f3n de la \u2018cultura tradicional\u2019 del pasado.\u201d<a href=\"#_ftn3\">[3]<\/a> La interpretaci\u00f3n contextual griega, por poner un ejemplo, que est\u00e1 basada o promueve una idea purista de lo griego no est\u00e1 en contacto con las realidades griegas. El contexto polim\u00f3rfico griego debe ser afrontado de cara, con los ojos abiertos y sin temor, viendo c\u00f3mo est\u00e1n las cosas y no c\u00f3mo deber\u00edan ser seg\u00fan las aspiraciones o los deseos de algunos grupos que pueden estar muy alejados de las realidades que est\u00e1n sobre el terreno. Las complejidades del contexto nos piden que consideremos las \u00e9ticas de la interpretaci\u00f3n contextual.<\/p>\n<h4>La \u00e9tica en la interpretaci\u00f3n contextual<\/h4>\n<p>Como ya he mencionado, una comprensi\u00f3n o una presentaci\u00f3n purista de un contexto puede llevar a equ\u00edvocos y, de hecho, perpet\u00faa los errores que la interpretaci\u00f3n contextual est\u00e1 esforz\u00e1ndose por corregir en primera instancia. Al contrario, la interpretaci\u00f3n contextual debe ser activa en la cr\u00edtica de las narrativas dominantes que son opresivas y que ignoran las particularidades silenciadas, no solo por el contexto externo, sino por el interno (Contexto B1 contra Contexto B2).<\/p>\n<p>Adem\u00e1s, la interpretaci\u00f3n contextual \u00e9tica deber\u00eda asumir la responsabilidad de los efectos que su lectura tiene sobre su p\u00fablico. En otras palabras, el int\u00e9rprete tiene una responsabilidad \u00e9tica por la recepci\u00f3n de su texto y deber\u00eda ser consciente del hecho de que la recepci\u00f3n tampoco es neutra sino que alimenta ideolog\u00edas particulares. Por tanto, lo que pudiera ser una lectura inofensiva en un contexto podr\u00eda resultar ser altamente inflamable en otro. Hasta la lectura m\u00e1s \u201cimparcial\u201d de un texto que dice haber hecho una interpretaci\u00f3n neutra, cr\u00edtica e hist\u00f3rica sigue teniendo una \u201crecepci\u00f3n\u201d que deber\u00e1 ser analizada como tal. \u00bfRecibe un texto \u201ccalmado\u201d de tal forma que se conserva el estatus quo, eligiendo hacer una concesi\u00f3n silenciosa a su contexto? \u00bfO acaso desata en nuestro presente las voces retadoras del texto que buscan la emancipaci\u00f3n, la justicia y que son prof\u00e9ticas y cr\u00edticas con la sociedad?<a href=\"#_ftn4\">[4]<\/a> Por tanto, no revelo nada al decir que el juicio negativo sobre la formaci\u00f3n del juda\u00edsmo surge del modelo de la historia de Israel de Julius Wellhausen, que deriva de una forma prof\u00e9tica pura y vibrante hasta llegar a un sistema de sacerdocio sectario, deteriorado y sin vida.<a href=\"#_ftn5\">[5]<\/a> En otras palabras, el int\u00e9rprete contextual debe estar atento a las ideolog\u00edas nacionales que sus eruditos puedan estar creando y debe aceptar la cr\u00edtica y la exposici\u00f3n de sus puntos ciegos por parte de distintas comunidades. Las ideolog\u00edas est\u00e1n presentes en todos los niveles del mundo acad\u00e9mico, desde la pr\u00e1ctica cient\u00edfica m\u00e1s b\u00e1sica de la traducci\u00f3n en s\u00ed, al an\u00e1lisis de textos y la selecci\u00f3n de los datos.<\/p>\n<p>Otra dimensi\u00f3n \u00e9tica de la interpretaci\u00f3n contextual se centra en la relaci\u00f3n entre contextos. En primer lugar, no debemos negar la realidad de las desigualdades contextuales. Algunos contextos est\u00e1n excluidos de la conversaci\u00f3n global por motivos econ\u00f3micos. Un ejemplo de ello es la falta de recursos para la investigaci\u00f3n. A la hora de publicar, los editores suelen pedir que el autor interact\u00fae con un monogr\u00e1fico u otro y, en muchos casos, estas fuentes tienen precios desorbitados o ni siquiera est\u00e1n disponibles en su pa\u00eds. Para muchos acad\u00e9micos es necesario salir de su pa\u00eds para poder obtener algunos de estos trabajos. Aunque esto resulta m\u00e1s f\u00e1cil en la Europa de hoy, es extremadamente dif\u00edcil para otros pa\u00edses que afrontan restricciones de visados y que tienen que pagar billetes caros. Lo mismo es aplicable a las participaciones en conferencias internacionales. Por tanto, el estatus de acad\u00e9mico, se puede convertir en un privilegio econ\u00f3mico.<\/p>\n<p>Los contextos que disfrutan de este privilegio suelen implicarse en lo que se ha llamado la \u201cMcDonaldizaci\u00f3n\u201d<a href=\"#_ftn6\">[6]<\/a> del ministerio o de la teolog\u00eda, en lugar de centrarse en ayudar a igualar las oportunidades entre los contextos. Por tanto, a pesar de tener una motivaci\u00f3n inocente, el Contexto A inundar\u00e1 al Contexto B con enormes cantidades de libros y otros recursos de una teolog\u00eda en particular que desea propagar. Este m\u00e9todo se considera m\u00e1s eficiente que la aceptaci\u00f3n de los contextos teol\u00f3gicos locales. En lugar de unirse a los esfuerzos locales en un nivel igualitario, este m\u00e9todo prefiere exportar su producto de confianza al mundo. Es parte de un modelo m\u00e1s amplio por el cual se trasplantan los modelos propios de iglesia y de ministerio al contexto global.<a href=\"#_ftn7\">[7]<\/a> La diferencia es sutil, pero, en esencia, se considera que el Contexto B es consumidor en lugar de compa\u00f1ero o colaborador.<\/p>\n<p>Sin embargo, el fomento de las relaciones igualitarias y rec\u00edprocas entre contextos es un ideal muy superior a la diseminaci\u00f3n en s\u00ed de un producto supuestamente eficiente. (V\u00e9ase, por ejemplo, las metas de Pablo para las relaciones con las iglesias en 2 Corintios 8:13\u201315.) Lo segundo suele hacerse a expensas de lo primero. Ott apela a los destinatarios de estas exportaciones que deben discernir en lugar de esperar que los exportadores sean los que cambien sus aproximaciones.<a href=\"#_ftn8\">[8]<\/a> Habla de una \u201cglocalizaci\u00f3n\u201d o de un modelo h\u00edbrido que implique la asimilaci\u00f3n cr\u00edtica de elementos globales en el entorno local y el rechazo de otros. Lo local se mantiene dominante y retiene el control.<a href=\"#_ftn9\">[9]<\/a><\/p>\n<p>La interpretaci\u00f3n contextual no es una interpretaci\u00f3n nacionalista. La erudici\u00f3n suele producirse como compensaci\u00f3n de una sensaci\u00f3n de inferioridad en la identidad propia y alaba en sobremanera el contexto propio mientras demoniza lo for\u00e1neo. Tampoco fomenta la igualdad en las relaciones entre contextos. En su lugar, una aproximaci\u00f3n de unidad y reconciliaci\u00f3n deber\u00eda ser una prioridad. La interpretaci\u00f3n contextual no debe causar ni perpetuar el aislamiento de los int\u00e9rpretes de la conversaci\u00f3n global ni debe levantar muros entre los contextos. A su vez, la lectura contextual deber\u00e1 ser reconciliadora y ello no implica que el Contexto B no pueda criticar al Contexto A. Entre otras cosas, la cr\u00edtica deber\u00eda centrarse espec\u00edficamente en si las interpretaciones del Contexto A fueron conciliadoras o si abusaban de su poder en relaci\u00f3n con otros contextos. Mientras uno sirve a su comunidad local y se esfuerza por ser sensible a los asuntos contextuales, sigue siendo ciudadano del mundo y heredero de un contexto que no se ha desarrollado en el vac\u00edo, sino que se ha formado parcialmente por las fuerzas globales. Por tanto, los contextos son y deben ser inter-dependientes y responder unos ante otros.<\/p>\n<p>Al igual que lo particular y lo universal tambi\u00e9n son inter-dependientes. La teolog\u00eda africana, por ejemplo, no se produce para ser relevante exclusivamente en su particularidad. Uno debe cuidarse de pensar que la comunidad erudita africana solo afronta asuntos africanos y por tanto tan solo resulta relevante y \u00fatil a los africanos. Mientras esta particularidad es significativa y, de hecho, resulta inevitable, tambi\u00e9n es informativa y contribuye al conocimiento universal. Comprender la condici\u00f3n humana solo es posible por medio del camino de las particularidades y su aceptaci\u00f3n. Solo al atender a las particularidades podemos discernir patrones universales.<\/p>\n<h4>El contexto del\u00a0texto<\/h4>\n<p>El texto que leemos tambi\u00e9n se produce en medio de un contexto y todos somos ajenos al mismo. El hecho de no solo traducir el lenguaje y las expresiones idiom\u00e1ticas, sino aplicando el texto a nuestro contexto actual es un proceso serio y complejo. \u00bfSe pretende que los elementos culturales del texto sean aplicables eternamente? \u00bfO acaso somos capaces de distinguir lo cultural de lo universal? \u00bfPodemos diferenciar ambos con facilidad? \u00bfDebemos seguir los intentos de <em>desmitologizar<\/em> de Rudolph Bultmann quien elimina la uni\u00f3n cultural del mensaje pastoral de la Palabra para hacer que el mensaje sea m\u00e1s relevante en estos tiempos?<a href=\"#_ftn10\">[10]<\/a> \u00bfQui\u00e9n decide qu\u00e9 es universal? Por ejemplo, \u00bfes la presencia de demonios un elemento cultural o universal?<a href=\"#_ftn11\">[11]<\/a> \u00bfNo deber\u00edan las lecturas <em>desmitologizadas<\/em> del texto ser analizadas tambi\u00e9n en busca de los elementos del contexto cultural o ideol\u00f3gico del <em>desmitologizador<\/em>?<\/p>\n<p>La complejidad impl\u00edcita en afrontar lo \u201cajeno\u201d del texto nos advierte que no nos quedamos de pie sobre el texto como cirujanos en un quir\u00f3fano, permitiendo as\u00ed que nuestra cultura determine qu\u00e9 tiene valor en el mismo. Tampoco debemos negar nuestro tiempo, aplicando el texto sin consideraciones y sin una apropiaci\u00f3n inteligente. Se debe mantener el di\u00e1logo cuando traemos nuestra cultura ante la luz del texto, a la vez que nuestra propia luz brilla sobre el texto, es decir, se debe producir una \u201cfusi\u00f3n de horizontes\u201d, como lo definir\u00eda Hans-Georg Gadamer. De forma simult\u00e1nea, debemos escuchar \u201clo que dice el Esp\u00edritu\u201d a <em>otras<\/em> iglesias en <em>otros<\/em> contextos y debemos responder los unos ante los otros.<\/p>\n<h4>Conclusi\u00f3n<\/h4>\n<p>A la luz de las consideraciones expuestas anteriormente, uno podr\u00eda empezar a definir lo que es, o deber\u00eda ser, la interpretaci\u00f3n contextual. La interpretaci\u00f3n contextual suele implicar que los int\u00e9rpretes del Contexto B est\u00e9n atentos a ciertos elementos del texto que han sido ignorados por el Contexto A. No presupone impl\u00edcitamente un m\u00e9todo de lectura diferente del texto que es ajeno al que se practique en el Contexto A. En ocasiones, sencillamente implica que otro par de ojos observen el mismo texto y permitan que las partes ignoradas que preocupan a los int\u00e9rpretes del Contexto B suban a la superficie. Como dijeron los escritores de la <em>Africa Study Bible<\/em>, \u201cCon frecuencia, las culturas africanas est\u00e1n m\u00e1s cerca a la cultura b\u00edblica que las culturas del Am\u00e9rica del Norte y Europa. Por lo que es un \u00e1rea en la que la iglesia africana puede hablar con propiedad acerca del impacto y del significado de las Escrituras a la iglesia mundial.\u201d<a href=\"#_ftn12\">[12]<\/a><\/p>\n<p>Con frecuencia esta atenci\u00f3n a ciertos elementos que suelen ignorarse surge de una concienciaci\u00f3n de las necesidades y los problemas locales que no son tan pronunciados en los contextos occidentales. Una sociedad agricultora, por ejemplo, tendr\u00e1 una relaci\u00f3n m\u00e1s directa con la tierra, con los cambios de las estaciones y las distintas amenazas para las cosechas que una sociedad urbana que no participa de los problemas cotidianos de la agricultura.<a href=\"#_ftn13\">[13]<\/a> Con frecuencia, este tipo de contexto estar\u00e1 m\u00e1s cercano a los temas que afronta el texto b\u00edblico, y las preguntas del int\u00e9rprete podr\u00e1n alinearse mucho m\u00e1s con los temas que plantea el texto.<\/p>\n<p>La interpretaci\u00f3n contextual es una imitaci\u00f3n de lo que hace el texto en primer instancia. Los escritores b\u00edblicos escribieron al respecto de lo que la gente necesitaba o\u00edr para arrepentirse, sobrevivir y vivir bien en medio de sus contextos espec\u00edficos. Vieron en el testimonio recibido por su comunidad lo que otros escritores o las generaciones previas no pudieron observar, o simplemente pasaron por alto. Seg\u00fan mediaban entre el texto y el contexto, este testimonio se mantuvo vivo y activo entre \u00e9pocas.<\/p>\n<hr \/>\n<h4>Responda<\/h4>\n<ul>\n<li>\u00bfQu\u00e9 piensa? Puede marcar el texto de este art\u00edculo para hacer un comentario o a\u00f1adir su respuesta m\u00e1s abajo.<\/li>\n<li>\u00bfPor qu\u00e9 no se re\u00fane en un grupo para hablar acerca de este n\u00famero de <em>Palabra y Mundo<\/em> usando nuestras preguntas para debatir?<\/li>\n<\/ul>\n\n<div class=\"wp-block block-acf-ifesbutton\">\n<div class=\"\">\n    <a id=\"btn-block_5df797e50b4d5\" target=\"\" href=\"http:\/\/ifesworld.org\/wp-content\/uploads\/2019\/08\/IFES-Palabra-y-Mundo-N\u00famero-2-La-lectura-de-la-biblia-en-contexto.pdf\" class=\"btn btn--cta-link\">\n        <span>\n                    <span class=\"icon\"><svg class=\"icon\"><use xlink:href=\"#chevron-circle-right-solid\"\/><\/svg><\/span>\n        Descargar N\u00famero 2 de Palabra y Mundo (PDF)        <\/span>\n    <\/a>\n<\/div>\n\n<\/div>\n\n<div class=\"wp-block block-core-heading\">\n<h3 class=\"wp-block-heading\">Preguntas para debatir<\/h3>\n<\/div>\n\n<p aria-level=\"4\"><b><span data-contrast=\"none\">La Biblia y la influencia cultural<\/span><\/b><span data-ccp-props=\"{&quot;201341983&quot;:1,&quot;335551550&quot;:6,&quot;335551620&quot;:6,&quot;335559738&quot;:240,&quot;335559739&quot;:240,&quot;335559740&quot;:240}\">&nbsp;<\/span><\/p>\n<p><i><span data-contrast=\"none\">Lecturas:<\/span><\/i><span data-ccp-props=\"{&quot;201341983&quot;:2,&quot;335551550&quot;:6,&quot;335551620&quot;:6,&quot;335559740&quot;:240}\">&nbsp;<\/span><\/p>\n<ul>\n<li data-leveltext=\"\uf0b7\" data-font=\"Symbol\" data-listid=\"27\" aria-setsize=\"-1\" data-aria-posinset=\"0\" data-aria-level=\"1\"><span data-contrast=\"none\">Myrto Theocharous, \u201cLa&nbsp;<\/span><span data-contrast=\"none\">\u00c9tica,&nbsp;<\/span><span data-contrast=\"none\">el&nbsp;<\/span><span data-contrast=\"none\">Contexto y el Texto B\u00edblico\u201d<\/span><span data-ccp-props=\"{&quot;201341983&quot;:2,&quot;335551550&quot;:6,&quot;335551620&quot;:6,&quot;335559740&quot;:240}\">&nbsp;<\/span><\/li>\n<\/ul>\n<p><span data-contrast=\"none\">Myrto Theocharous nos advierte que la forma en la que leemos la Biblia en un lugar puede verse impuesto a los creyentes en otro lugar.&nbsp;<\/span><span data-ccp-props=\"{&quot;201341983&quot;:2,&quot;335551550&quot;:6,&quot;335551620&quot;:6,&quot;335559740&quot;:240}\">&nbsp;<\/span><\/p>\n<ol>\n<li data-leveltext=\"%1.\" data-font=\"\" data-listid=\"22\" aria-setsize=\"-1\" data-aria-posinset=\"1\" data-aria-level=\"1\"><span data-contrast=\"none\">\u00bfSe ha visto muy influenciada la iglesia de su pa\u00eds por los cristianos de otro pa\u00eds? En caso afirmativo, \u00bfen qu\u00e9 les ha beneficiado esta influencia? \u00bfEn qu\u00e9 les ha da\u00f1ado esta influencia?<\/span><span data-ccp-props=\"{&quot;201341983&quot;:2,&quot;335551550&quot;:6,&quot;335551620&quot;:6,&quot;335559740&quot;:240}\">&nbsp;<\/span><\/li>\n<li data-leveltext=\"%1.\" data-font=\"\" data-listid=\"22\" aria-setsize=\"-1\" data-aria-posinset=\"1\" data-aria-level=\"1\"><span data-contrast=\"none\">O, en caso contrario, \u00bfhan tenido los cristianos de su pa\u00eds una gran influencia sobre la vida en las iglesias de otros pa\u00edses? En caso afirmativo, \u00bfen qu\u00e9 ha ayudado a los dem\u00e1s esta influencia? \u00bfC\u00f3mo les ha da\u00f1ado?<\/span><span data-ccp-props=\"{&quot;201341983&quot;:2,&quot;335551550&quot;:6,&quot;335551620&quot;:6,&quot;335559740&quot;:240}\">&nbsp;<\/span><\/li>\n<li data-leveltext=\"%1.\" data-font=\"\" data-listid=\"22\" aria-setsize=\"-1\" data-aria-posinset=\"1\" data-aria-level=\"1\"><span data-contrast=\"none\">\u00bfEn qu\u00e9 ocasiones se ha entrometido su trasfondo en la forma en la que escucha la Palabra de Dios?<\/span><span data-ccp-props=\"{&quot;201341983&quot;:2,&quot;335551550&quot;:6,&quot;335551620&quot;:6,&quot;335559740&quot;:240}\">&nbsp;<\/span><\/li>\n<li data-leveltext=\"%1.\" data-font=\"\" data-listid=\"22\" aria-setsize=\"-1\" data-aria-posinset=\"1\" data-aria-level=\"1\"><span data-contrast=\"none\">\u00bfEn qu\u00e9 ocasiones su trasfondo le ha permitido escuchar la palabra de Dios de formas en las que personas de otros trasfondos probablemente no lo hagan?<\/span><span data-ccp-props=\"{&quot;201341983&quot;:2,&quot;335551550&quot;:6,&quot;335551620&quot;:6,&quot;335559740&quot;:240}\">&nbsp;<\/span><\/li>\n<li data-leveltext=\"%1.\" data-font=\"\" data-listid=\"22\" aria-setsize=\"-1\" data-aria-posinset=\"1\" data-aria-level=\"1\"><span data-contrast=\"none\">Como hermanos y hermanas en Cristo procedentes de muchos pa\u00edses, \u00bfC\u00f3mo podemos relacionarnos mejor como un cuerpo con muchos miembros? (1 Corintios 12:12-31).<\/span><span data-ccp-props=\"{&quot;201341983&quot;:2,&quot;335551550&quot;:6,&quot;335551620&quot;:6,&quot;335559740&quot;:240}\">&nbsp;<\/span><\/li>\n<\/ol>\n<p><strong>Escuchar la lectura de la Biblia en voz alta<\/strong><\/p>\n<p><em>Escuche:&nbsp;<\/em><\/p>\n<ul>\n<li data-leveltext=\"\uf0b7\" data-font=\"Symbol\" data-listid=\"27\" aria-setsize=\"-1\" data-aria-posinset=\"0\" data-aria-level=\"1\"><span data-contrast=\"none\">Haga que una persona lea un pasaje de la Biblia mientras que los dem\u00e1s escuchan sin mirar la Biblia.&nbsp;<\/span><span data-ccp-props=\"{&quot;201341983&quot;:2,&quot;335551550&quot;:6,&quot;335551620&quot;:6,&quot;335559740&quot;:240}\">&nbsp;<\/span><\/li>\n<\/ul>\n<p><span data-contrast=\"none\">Durante una gran parte de la historia de la iglesia \u2013 y en una gran parte del mundo de hoy en d\u00eda&nbsp; \u2013 la Biblia se escucha m\u00e1s de lo que se lee. La lectura p\u00fablica de la Biblia en la iglesia era, y sigue siendo la principal forma en la que se recibe la Biblia.&nbsp;<\/span><span data-ccp-props=\"{&quot;201341983&quot;:2,&quot;335551550&quot;:6,&quot;335551620&quot;:6,&quot;335559740&quot;:240}\">&nbsp;<\/span><\/p>\n<p>1. \u00bfC\u00f3mo cambia la forma en la que lo recibe al escuchar c\u00f3mo lo leen en voz alta?<\/p>\n<p>Pida que lean el pasaje al menos una vez m\u00e1s.<\/p>\n<p>2. \u00bfQu\u00e9 nota cuando lo escucha de nuevo?<\/p>\n<p><strong>Escuchar la Biblia en grabaciones de audio y nuevo medios<\/strong><\/p>\n<p><em>Escuche:<\/em><\/p>\n<ul>\n<li>Escuche un pasaje de la Biblia en una grabaci\u00f3n de audio o mediante alguna otra tecnolog\u00eda.<\/li>\n<\/ul>\n<p>Escuchar la Biblia no es solo una experiencia del pasado. Est\u00e1 creciendo hoy en d\u00eda a trav\u00e9s de las grabaciones de audio y otras tecnolog\u00edas en las que hay un retorno a la tradici\u00f3n oral.<\/p>\n<p>1. \u00bfQu\u00e9 hace con mayor frecuencia? \u00bfEscucha la Biblia o la lee?<\/p>\n<p>2. Cuando escucha este pasaje en un audio o en alg\u00fan otro soporte tecnol\u00f3gico, \u00bfc\u00f3mo cambia la forma en la que escucha la Palabra de Dios?<\/p>\n<ul>\n<li>Escuche el pasaje de nuevo.<\/li>\n<\/ul>\n<p>3. \u00bfQu\u00e9 nota cuando lo escucha repetido?<\/p>\n\n<div class=\"wp-block block-core-heading\">\n<h3 class=\"wp-block-heading\">Lecturas adicionales&nbsp;<\/h3>\n<\/div>\n\n<p><span data-contrast=\"none\">Las siguientes obras se refieren a la lectura de la Biblia en contexto. Los autores de esta edici\u00f3n de&nbsp;<\/span><i><span data-contrast=\"none\">Palabra y Mundo&nbsp;<\/span><\/i><span data-contrast=\"none\">han sugerido la mayor\u00eda de estos t\u00edtulos. Estas obras proceden de una gama de tradiciones cristianas.<\/span><span data-ccp-props=\"{&quot;201341983&quot;:2,&quot;335559740&quot;:220}\">&nbsp;<\/span><\/p>\n<h4 aria-level=\"2\"><span data-contrast=\"auto\">Ingl\u00e9s<\/span><span data-ccp-props=\"{&quot;201341983&quot;:2,&quot;335559739&quot;:120,&quot;335559740&quot;:220}\">&nbsp;<\/span><\/h4>\n<p><span data-contrast=\"none\">Adeyemo,&nbsp;Tokunboh, ed.&nbsp;<\/span><i><span data-contrast=\"none\">Africa Bible Commentary<\/span><\/i><span data-contrast=\"none\">.&nbsp;<\/span><span data-contrast=\"none\">Nairobi, Kenya:&nbsp;WordAlive&nbsp;Publishers; Grand Rapids, Mich.: Zondervan, 2006.<\/span><span data-ccp-props=\"{&quot;201341983&quot;:2,&quot;335559685&quot;:720,&quot;335559740&quot;:220,&quot;335559991&quot;:720}\">&nbsp;<\/span><\/p>\n<p><span data-contrast=\"none\">Brueggemann, Walter. \u201cFutures in Old Testament Theology: Dialogic Engagement.\u201d&nbsp;<\/span><i><span data-contrast=\"none\">Horizons in Biblical Theology<\/span><\/i><span data-contrast=\"none\">&nbsp;37, no. 1 (2015): 32\u201349.<\/span><span data-ccp-props=\"{&quot;201341983&quot;:2,&quot;335559685&quot;:720,&quot;335559740&quot;:220,&quot;335559991&quot;:720}\">&nbsp;<\/span><\/p>\n<p><span data-contrast=\"none\">Coffey, John.&nbsp;<\/span><i><span data-contrast=\"none\">Exodus and Liberation: Deliverance Politics from John Calvin to Martin Luther King Jr.<\/span><\/i><span data-contrast=\"none\">&nbsp;New York: Oxford University Press, 2014.<\/span><span data-ccp-props=\"{&quot;201341983&quot;:2,&quot;335559685&quot;:720,&quot;335559740&quot;:220,&quot;335559991&quot;:720}\">&nbsp;<\/span><\/p>\n<p><span data-contrast=\"none\">Davis, Ellen F.&nbsp;<\/span><i><span data-contrast=\"none\">Scripture, Culture, and Agriculture: An Agrarian Reading of the Bible<\/span><\/i><span data-contrast=\"none\">. Cambridge: Cambridge University Press, 2009.<\/span><span data-ccp-props=\"{&quot;201341983&quot;:2,&quot;335559685&quot;:720,&quot;335559740&quot;:220,&quot;335559991&quot;:720}\">&nbsp;<\/span><\/p>\n<p><span data-contrast=\"none\">Dykstra, Laurel.&nbsp;<\/span><i><span data-contrast=\"none\">Set Them Free: The Other Side of Exodus<\/span><\/i><span data-contrast=\"none\">. Maryknoll, NY: Orbis Books, 2002.<\/span><span data-ccp-props=\"{&quot;201341983&quot;:2,&quot;335559685&quot;:720,&quot;335559740&quot;:220,&quot;335559991&quot;:720}\">&nbsp;<\/span><\/p>\n<p><span data-contrast=\"none\">Ekblad, Bob.&nbsp;<\/span><i><span data-contrast=\"none\">Reading the Bible with the Damned<\/span><\/i><span data-contrast=\"none\">. Louisville, Ky.: Westminster John Knox Press, 2005.<\/span><span data-ccp-props=\"{&quot;201341983&quot;:2,&quot;335559685&quot;:720,&quot;335559740&quot;:220,&quot;335559991&quot;:720}\">&nbsp;<\/span><\/p>\n<p><span data-contrast=\"none\">Escobar, Samuel.&nbsp;<\/span><i><span data-contrast=\"none\">A Time for Mission: The Challenge for Global Christianity<\/span><\/i><span data-contrast=\"none\">.&nbsp;<\/span><span data-contrast=\"none\">New ed. Nottingham: Inter-Varsity&nbsp;Press, 2011.<\/span><span data-ccp-props=\"{&quot;201341983&quot;:2,&quot;335559685&quot;:720,&quot;335559740&quot;:220,&quot;335559991&quot;:720}\">&nbsp;<\/span><\/p>\n<p><span data-contrast=\"none\">\u2014\u2014\u2014. \u201cDoing Theology on Christ\u2019s Road.\u201d In&nbsp;<\/span><i><span data-contrast=\"none\">Global Theology in Evangelical Perspective: Exploring the Contextual Nature of Theology and Mission<\/span><\/i><span data-contrast=\"none\">, edited by Jeffrey P Greenman and Gene L Green. Downers Grove, Ill.: IVP Academic, 2012.<\/span><span data-ccp-props=\"{&quot;201341983&quot;:2,&quot;335559685&quot;:720,&quot;335559740&quot;:220,&quot;335559991&quot;:720}\">&nbsp;<\/span><\/p>\n<p><span data-contrast=\"none\">\u2014\u2014\u2014.&nbsp;<\/span><i><span data-contrast=\"none\">The New Global Mission: The Gospel from Everywhere to Everyone<\/span><\/i><span data-contrast=\"none\">. Downers Grove, Ill.: IVP Academic, 2003.<\/span><span data-ccp-props=\"{&quot;201341983&quot;:2,&quot;335559685&quot;:720,&quot;335559740&quot;:220,&quot;335559991&quot;:720}\">&nbsp;<\/span><\/p>\n<p><span data-contrast=\"none\">\u2014\u2014\u2014. \u201cThe Social Impact of the Gospel.\u201d In&nbsp;<\/span><i><span data-contrast=\"none\">Is Revolution&nbsp;Change?<\/span><\/i><span data-contrast=\"none\">,&nbsp;edited by Brian Griffiths. London: Inter-Varsity Press, 1972.<\/span><span data-ccp-props=\"{&quot;201341983&quot;:2,&quot;335559685&quot;:720,&quot;335559740&quot;:220,&quot;335559991&quot;:720}\">&nbsp;<\/span><\/p>\n<p><span data-contrast=\"none\">Green, Gene L, Stephen T Pardue, and K&nbsp;K&nbsp;Yeo, eds.&nbsp;<\/span><i><span data-contrast=\"none\">Jesus without Borders: Christology in the Majority World<\/span><\/i><span data-contrast=\"none\">. Majority World Theology Series 1. Grand Rapids: Eerdmans; Carlisle: Langham Global Library, 2015.<\/span><span data-ccp-props=\"{&quot;201341983&quot;:2,&quot;335559685&quot;:720,&quot;335559740&quot;:220,&quot;335559991&quot;:720}\">&nbsp;<\/span><\/p>\n<p><span data-contrast=\"none\">\u2014\u2014\u2014, eds.&nbsp;<\/span><i><span data-contrast=\"none\">The Trinity among the Nations: The Doctrine of God in the Majority World<\/span><\/i><span data-contrast=\"none\">. Majority World Theology Series 2. Grand Rapids, Mich.: Eerdmans; Carlisle, Cumbria: Langham Global Library, 2015.<\/span><span data-ccp-props=\"{&quot;201341983&quot;:2,&quot;335559685&quot;:720,&quot;335559740&quot;:220,&quot;335559991&quot;:720}\">&nbsp;<\/span><\/p>\n<p><span data-contrast=\"none\">Greenman, Jeffrey P, and Gene L Green, eds.&nbsp;<\/span><i><span data-contrast=\"none\">Global Theology in Evangelical Perspective: Exploring the Contextual Nature of Theology and Mission<\/span><\/i><span data-contrast=\"none\">. Downers Grove, Ill.: IVP Academic, 2012.<\/span><span data-ccp-props=\"{&quot;201341983&quot;:2,&quot;335559685&quot;:720,&quot;335559740&quot;:220,&quot;335559991&quot;:720}\">&nbsp;<\/span><\/p>\n<p><span data-contrast=\"none\">Griffiths, Brian, ed.&nbsp;<\/span><i><span data-contrast=\"none\">Is Revolution Change?<\/span><\/i><span data-contrast=\"none\">&nbsp;<\/span><span data-contrast=\"none\">London: Inter-Varsity Press, 1972.<\/span><span data-ccp-props=\"{&quot;201341983&quot;:2,&quot;335559685&quot;:720,&quot;335559740&quot;:220,&quot;335559991&quot;:720}\">&nbsp;<\/span><\/p>\n<p><span data-contrast=\"none\">Judge, E A.&nbsp;<\/span><i><span data-contrast=\"none\">The Social Pattern of the Christian Groups in the First Century: Some Prolegomena to the Study of New Testament Ideas of Social Obligation<\/span><\/i><span data-contrast=\"none\">. London: Tyndale Press, 1960.<\/span><span data-ccp-props=\"{&quot;201341983&quot;:2,&quot;335559685&quot;:720,&quot;335559740&quot;:220,&quot;335559991&quot;:720}\">&nbsp;<\/span><\/p>\n<p><span data-contrast=\"none\">McLean, Bradley H.&nbsp;<\/span><i><span data-contrast=\"none\">Biblical Interpretation and Philosophical Hermeneutics<\/span><\/i><span data-contrast=\"none\">. Cambridge: Cambridge University Press, 2012.<\/span><span data-ccp-props=\"{&quot;201341983&quot;:2,&quot;335559685&quot;:720,&quot;335559740&quot;:220,&quot;335559991&quot;:720}\">&nbsp;<\/span><\/p>\n<p><span data-contrast=\"none\">Neville, Robert C, Amos Yong, and Peter Heltzel, eds.&nbsp;<\/span><i><span data-contrast=\"none\">Theology in Global Context: Essays in&nbsp;Honour&nbsp;of Robert Cummings Neville<\/span><\/i><span data-contrast=\"none\">. London: T&amp;T Clark, 2004.<\/span><span data-ccp-props=\"{&quot;201341983&quot;:2,&quot;335559685&quot;:720,&quot;335559740&quot;:220,&quot;335559991&quot;:720}\">&nbsp;<\/span><\/p>\n<p><span data-contrast=\"none\">Oden, Thomas C.&nbsp;<\/span><i><span data-contrast=\"none\">A Change of Heart: A Personal and Theological Memoir<\/span><\/i><span data-contrast=\"none\">. Downers Grove, Ill.: IVP Academic, 2014.<\/span><span data-ccp-props=\"{&quot;201341983&quot;:2,&quot;335559685&quot;:720,&quot;335559740&quot;:220,&quot;335559991&quot;:720}\">&nbsp;<\/span><\/p>\n<p><span data-contrast=\"none\">\u2014\u2014\u2014, ed.&nbsp;<\/span><i><span data-contrast=\"none\">Ancient Christian Commentary on Scripture<\/span><\/i><span data-contrast=\"none\">. Downers Grove, Ill.: InterVarsity Press, 1998-.<\/span><span data-ccp-props=\"{&quot;201341983&quot;:2,&quot;335559685&quot;:720,&quot;335559740&quot;:220,&quot;335559991&quot;:720}\">&nbsp;<\/span><\/p>\n<p><span data-contrast=\"none\">\u2014\u2014\u2014.&nbsp;<\/span><i><span data-contrast=\"none\">How Africa Shaped the Christian Mind: Rediscovering the African Seedbed of Western Christianity<\/span><\/i><span data-contrast=\"none\">. Downers Grove, Ill.: IVP, 2007.<\/span><span data-ccp-props=\"{&quot;201341983&quot;:2,&quot;335559685&quot;:720,&quot;335559740&quot;:220,&quot;335559991&quot;:720}\">&nbsp;<\/span><\/p>\n<p><span data-contrast=\"none\">Ott, Craig. \u201cGlobalization and Contextualization: Reframing the Task of Contextualization in the Twenty-First Century.\u201d&nbsp;<\/span><i><span data-contrast=\"none\">Missiology<\/span><\/i><span data-contrast=\"none\">&nbsp;43, no. 1 (2015): 43\u201358.<\/span><span data-ccp-props=\"{&quot;201341983&quot;:2,&quot;335559685&quot;:720,&quot;335559740&quot;:220,&quot;335559991&quot;:720}\">&nbsp;<\/span><\/p>\n<p><span data-contrast=\"none\">Padilla, C Ren\u00e9. \u201cMy Theological Pilgrimage.\u201d&nbsp;<\/span><i><span data-contrast=\"none\">Journal of Latin American Theology<\/span><\/i><span data-contrast=\"none\">&nbsp;2 (2009).<\/span><span data-ccp-props=\"{&quot;201341983&quot;:2,&quot;335559685&quot;:720,&quot;335559740&quot;:220,&quot;335559991&quot;:720}\">&nbsp;<\/span><\/p>\n<p><span data-contrast=\"none\">\u2014\u2014\u2014. \u201cRevolution and Revelation.\u201d In&nbsp;<\/span><i><span data-contrast=\"none\">Is Revolution&nbsp;Change?<\/span><\/i><span data-contrast=\"none\">,&nbsp;edited by Brian Griffiths. London: Inter-Varsity Press, 1972.<\/span><span data-ccp-props=\"{&quot;201341983&quot;:2,&quot;335559685&quot;:720,&quot;335559740&quot;:220,&quot;335559991&quot;:720}\">&nbsp;<\/span><\/p>\n<p><span data-contrast=\"none\">Parratt, John, ed.&nbsp;<\/span><i><span data-contrast=\"none\">An Introduction to Third World Theologies<\/span><\/i><span data-contrast=\"none\">. Cambridge: Cambridge University Press, 2004.<\/span><span data-ccp-props=\"{&quot;201341983&quot;:2,&quot;335559685&quot;:720,&quot;335559740&quot;:220,&quot;335559991&quot;:720}\">&nbsp;<\/span><\/p>\n<p><span data-contrast=\"none\">Patte, Daniel, ed.&nbsp;<\/span><i><span data-contrast=\"none\">Global Bible Commentary<\/span><\/i><span data-contrast=\"none\">.&nbsp;<\/span><span data-contrast=\"none\">Nashville: Abingdon Press, 2004.<\/span><span data-ccp-props=\"{&quot;201341983&quot;:2,&quot;335559685&quot;:720,&quot;335559740&quot;:220,&quot;335559991&quot;:720}\">&nbsp;<\/span><\/p>\n<p><span data-contrast=\"none\">Richards, E Randolph, and Brandon J O\u2019Brien.&nbsp;<\/span><i><span data-contrast=\"none\">Misreading Scripture with Western Eyes: Removing Cultural Blinders to Better Understand the Bible<\/span><\/i><span data-contrast=\"none\">. Downers Grove, Ill.: IVP Books, 2012.<\/span><span data-ccp-props=\"{&quot;201341983&quot;:2,&quot;335559685&quot;:720,&quot;335559740&quot;:220,&quot;335559991&quot;:720}\">&nbsp;<\/span><\/p>\n<p><span data-contrast=\"none\">Ritzer, George.&nbsp;<\/span><i><span data-contrast=\"none\">The McDonaldization of Society<\/span><\/i><span data-contrast=\"none\">. 8th ed. Los Angeles: SAGE, 2015.<\/span><span data-ccp-props=\"{&quot;201341983&quot;:2,&quot;335559685&quot;:720,&quot;335559740&quot;:220,&quot;335559991&quot;:720}\">&nbsp;<\/span><\/p>\n<p><span data-contrast=\"none\">Schmid, Konrad. \u201cWhat Is the Difference Between Historical and Theological Exegesis?\u201d Translated by Peter Altmann, 2011.<\/span><span data-ccp-props=\"{&quot;201341983&quot;:2,&quot;335559685&quot;:720,&quot;335559740&quot;:220,&quot;335559991&quot;:720}\">&nbsp;<\/span><\/p>\n<p><span data-contrast=\"none\">Selby, Gary S.&nbsp;<\/span><i><span data-contrast=\"none\">Martin Luther King and the Rhetoric of Freedom: The Exodus Narrative in America\u2019s Struggle for Civil Rights<\/span><\/i><span data-contrast=\"none\">. Studies in Rhetoric and Religion 5. Waco, Tex.: Baylor University Press, 2008.<\/span><span data-ccp-props=\"{&quot;201341983&quot;:2,&quot;335559685&quot;:720,&quot;335559740&quot;:220,&quot;335559991&quot;:720}\">&nbsp;<\/span><\/p>\n<p><span data-contrast=\"none\">Stott, John. \u201cCulture and the Bible.\u201d&nbsp;<\/span><i><span data-contrast=\"none\">InterVarsity Christian Fellowship: International Student Ministry<\/span><\/i><span data-contrast=\"none\">, December 16, 2013. http:\/\/ism.intervarsity.org\/resource\/culture-and-bible.<\/span><span data-ccp-props=\"{&quot;201341983&quot;:2,&quot;335559685&quot;:720,&quot;335559740&quot;:220,&quot;335559991&quot;:720}\">&nbsp;<\/span><\/p>\n<p><span data-contrast=\"none\">Sweeney, Marvin A.&nbsp;<\/span><i><span data-contrast=\"none\">Tanak: A Theological and Critical Introduction to the Jewish Bible<\/span><\/i><span data-contrast=\"none\">. Minneapolis: Fortress Press, 2012.<\/span><span data-ccp-props=\"{&quot;201341983&quot;:2,&quot;335559685&quot;:720,&quot;335559740&quot;:220,&quot;335559991&quot;:720}\">&nbsp;<\/span><\/p>\n<p><span data-contrast=\"none\">Tennent, Timothy C.&nbsp;<\/span><i><span data-contrast=\"none\">Theology in the Context of World Christianity: How the Global Church Is Influencing the Way We Think about and Discuss Theology<\/span><\/i><span data-contrast=\"none\">. Grand Rapids, Mich.: Zondervan, 2007.<\/span><span data-ccp-props=\"{&quot;201341983&quot;:2,&quot;335559685&quot;:720,&quot;335559740&quot;:220,&quot;335559991&quot;:720}\">&nbsp;<\/span><\/p>\n<p><span data-contrast=\"none\">Ti\u00e9nou, Tite, and John&nbsp;Jusu, eds.&nbsp;<\/span><i><span data-contrast=\"none\">Africa Study Bible<\/span><\/i><span data-contrast=\"none\">.&nbsp;<\/span><span data-contrast=\"none\">Wheaton, Ill.: Oasis International, 2017.<\/span><span data-ccp-props=\"{&quot;201341983&quot;:2,&quot;335559685&quot;:720,&quot;335559740&quot;:220,&quot;335559991&quot;:720}\">&nbsp;<\/span><\/p>\n<p><span data-contrast=\"none\">Volf, Miroslav.&nbsp;<\/span><i><span data-contrast=\"none\">Captive to the Word of God: Engaging the Scriptures for Contemporary Theological Reflection<\/span><\/i><span data-contrast=\"none\">. Grand Rapids, Mich.: Eerdmans, 2010.<\/span><span data-ccp-props=\"{&quot;201341983&quot;:2,&quot;335559685&quot;:720,&quot;335559740&quot;:220,&quot;335559991&quot;:720}\">&nbsp;<\/span><\/p>\n<p><span data-contrast=\"none\">Walzer, Michael.&nbsp;<\/span><i><span data-contrast=\"none\">Exodus and Revolution<\/span><\/i><span data-contrast=\"none\">. New York: Basic Books, 1984.<\/span><span data-ccp-props=\"{&quot;201341983&quot;:2,&quot;335559685&quot;:720,&quot;335559740&quot;:220,&quot;335559991&quot;:720}\">&nbsp;<\/span><\/p>\n<p><span data-contrast=\"none\">Warrior, Robert. \u201cCanaanites, Cowboys, and Indians: Deliverance, Conquest, and Liberation Theology Today.\u201d&nbsp;<\/span><i><span data-contrast=\"none\">Christianity &amp; Crisis<\/span><\/i><span data-contrast=\"none\">&nbsp;49, no. 12 (September 11, 1989): 261\u201365.<\/span><span data-ccp-props=\"{&quot;201341983&quot;:2,&quot;335559685&quot;:720,&quot;335559740&quot;:220,&quot;335559991&quot;:720}\">&nbsp;<\/span><\/p>\n<p><span data-contrast=\"none\">Wintle, Brian C, ed.&nbsp;<\/span><i><span data-contrast=\"none\">South Asia Bible Commentary<\/span><\/i><span data-contrast=\"none\">. Grand Rapids, Mich.: Zondervan, 2015.<\/span><span data-ccp-props=\"{&quot;201341983&quot;:2,&quot;335559685&quot;:720,&quot;335559740&quot;:220,&quot;335559991&quot;:720}\">&nbsp;<\/span><\/p>\n<p><span data-contrast=\"none\">Yeo, K&nbsp;K. \u201cChinese&nbsp;Christologies: Images of Christ and Chinese Cultures.\u201d In&nbsp;<\/span><i><span data-contrast=\"none\">The&nbsp;Oxford Handbook of Christology<\/span><\/i><span data-contrast=\"none\">, edited by Francesca&nbsp;Aran&nbsp;Murphy, 393\u2013407. Oxford: Oxford University Press, 2015.<\/span><span data-ccp-props=\"{&quot;201341983&quot;:2,&quot;335559685&quot;:720,&quot;335559740&quot;:220,&quot;335559991&quot;:720}\">&nbsp;<\/span><\/p>\n<p><span data-contrast=\"none\">\u2014\u2014\u2014. \u201cCulture and Intersubjectivity as Criteria of Negotiating Meanings in Cross-Cultural Interpretations.\u201d In&nbsp;<\/span><i><span data-contrast=\"none\">The&nbsp;Meanings We Choose: Hermeneutical Ethics, Indeterminacy and the Conflict of Interpretations<\/span><\/i><span data-contrast=\"none\">, edited by Charles H Cosgrove, 81\u2013100. Journal for the Study of the Old Testament. Supplement Series 411. London: T&amp;T Clark, 2004.<\/span><span data-ccp-props=\"{&quot;201341983&quot;:2,&quot;335559685&quot;:720,&quot;335559740&quot;:220,&quot;335559991&quot;:720}\">&nbsp;<\/span><\/p>\n<p><span data-contrast=\"none\">\u2014\u2014\u2014. \u201cIntroduction: Trinity 101: Kaleidoscopic Views of God in the Majority World.\u201d In&nbsp;<\/span><i><span data-contrast=\"none\">The&nbsp;Trinity among the Nations: The Doctrine of God in the Majority World<\/span><\/i><span data-contrast=\"none\">, edited by Gene L Green, Stephen T Pardue, and K&nbsp;K&nbsp;Yeo, 1\u201317. Majority World Theology Series 2. Grand Rapids, Mich.: Eerdmans; Carlisle, Cumbria: Langham Global Library, 2015.<\/span><span data-ccp-props=\"{&quot;201341983&quot;:2,&quot;335559685&quot;:720,&quot;335559740&quot;:220,&quot;335559991&quot;:720}\">&nbsp;<\/span><\/p>\n<p><span data-contrast=\"none\">\u2014\u2014\u2014.&nbsp;<\/span><i><span data-contrast=\"none\">Musing with Confucius and Paul: Toward a Chinese Christian Theology<\/span><\/i><span data-contrast=\"none\">. Eugene, Ore.: Cascade Books, 2008.<\/span><span data-ccp-props=\"{&quot;201341983&quot;:2,&quot;335559685&quot;:720,&quot;335559740&quot;:220,&quot;335559991&quot;:720}\">&nbsp;<\/span><\/p>\n<p><span data-contrast=\"none\">\u2014\u2014\u2014.&nbsp;<\/span><i><span data-contrast=\"none\">What Has Jerusalem to Do with Beijing? Biblical Interpretation from a Chinese Perspective<\/span><\/i><span data-contrast=\"none\">. Harrisburg, Penn.: Trinity Press International, 1998.<\/span><span data-ccp-props=\"{&quot;201341983&quot;:2,&quot;335559685&quot;:720,&quot;335559740&quot;:220,&quot;335559991&quot;:720}\">&nbsp;<\/span><\/p>\n<h4 aria-level=\"2\"><span data-contrast=\"auto\">Franc\u00e9s<\/span><span data-ccp-props=\"{&quot;201341983&quot;:2,&quot;335559739&quot;:120,&quot;335559740&quot;:220}\">&nbsp;<\/span><\/h4>\n<p><span data-contrast=\"none\">Adeyemo,&nbsp;Tokunboh,&nbsp;<\/span><span data-contrast=\"none\">et<\/span><span data-contrast=\"none\">&nbsp;Solomon Andria,&nbsp;eds.&nbsp;<\/span><i><span data-contrast=\"none\">Commentaire biblique contemporain<\/span><\/i><span data-contrast=\"none\">. Marne-la-Vall\u00e9e : \u00c9d. Farel, 2008.<\/span><span data-ccp-props=\"{&quot;201341983&quot;:2,&quot;335559685&quot;:720,&quot;335559740&quot;:220,&quot;335559991&quot;:720}\">&nbsp;<\/span><\/p>\n<p><span data-contrast=\"none\">Angers, Dominique.&nbsp;<\/span><i><span data-contrast=\"none\">La m\u00e9ditation biblique \u00e0 l\u2019\u00e8re num\u00e9rique<\/span><\/i><span data-contrast=\"none\">. Marne-la-Vall\u00e9e : Farel \u00e9d., 2012.<\/span><span data-ccp-props=\"{&quot;201341983&quot;:2,&quot;335559685&quot;:720,&quot;335559740&quot;:220,&quot;335559991&quot;:720}\">&nbsp;<\/span><\/p>\n<p><span data-contrast=\"none\">Berthoud, Pierre,&nbsp;<\/span><span data-contrast=\"none\">et<\/span><span data-contrast=\"none\">&nbsp;Paul Wells,&nbsp;eds.&nbsp;<\/span><i><span data-contrast=\"none\">Texte et historicit\u00e9<\/span><\/i><i><span data-contrast=\"none\">\u202f<\/span><\/i><i><span data-contrast=\"none\">: r\u00e9cit biblique et histoire<\/span><\/i><span data-contrast=\"none\">.&nbsp;<\/span><span data-contrast=\"none\">Cl\u00e9on-d\u2019Andran:&nbsp;\u00c9d.&nbsp;Excelsis, 2006.<\/span><span data-ccp-props=\"{&quot;201341983&quot;:2,&quot;335559685&quot;:720,&quot;335559740&quot;:220,&quot;335559991&quot;:720}\">&nbsp;<\/span><\/p>\n<p><span data-contrast=\"none\">Blandenier, Patrick.&nbsp;<\/span><i><span data-contrast=\"none\">Les pauvres avec nous<\/span><\/i><i><span data-contrast=\"none\">\u202f<\/span><\/i><i><span data-contrast=\"none\">: la lutte contre la pauvret\u00e9 selon la Bible et dans l\u2019histoire de l\u2019Eglise<\/span><\/i><span data-contrast=\"none\">. Valence : Ligue pour la lecture de la Bible, 2006.<\/span><span data-ccp-props=\"{&quot;201341983&quot;:2,&quot;335559685&quot;:720,&quot;335559740&quot;:220,&quot;335559991&quot;:720}\">&nbsp;<\/span><\/p>\n<p><span data-contrast=\"none\">Blocher, Henri.&nbsp;<\/span><i><span data-contrast=\"none\">La Bible au microscope<\/span><\/i><span data-contrast=\"none\">. Vol. 2. Vaux-sur-Seine :&nbsp;\u00c9difac, 2010.<\/span><span data-ccp-props=\"{&quot;201341983&quot;:2,&quot;335559685&quot;:720,&quot;335559740&quot;:220,&quot;335559991&quot;:720}\">&nbsp;<\/span><\/p>\n<p><span data-contrast=\"none\">\u2014\u2014\u2014.&nbsp;<\/span><i><span data-contrast=\"none\">La Bible au microscope<\/span><\/i><i><span data-contrast=\"none\">\u202f<\/span><\/i><i><span data-contrast=\"none\">:&nbsp;ex\u00e9g\u0300ese&nbsp;et th\u00e9ologie biblique<\/span><\/i><span data-contrast=\"none\">. Vaux-sur-Seine : Editions&nbsp;\u00c9difac, 2006.<\/span><span data-ccp-props=\"{&quot;201341983&quot;:2,&quot;335559685&quot;:720,&quot;335559740&quot;:220,&quot;335559991&quot;:720}\">&nbsp;<\/span><\/p>\n<p><span data-contrast=\"none\">Brisebois, Mireille.&nbsp;<\/span><i><span data-contrast=\"none\">Des m\u00e9thodes pour mieux lire la Bible<\/span><\/i><i><span data-contrast=\"none\">\u202f<\/span><\/i><i><span data-contrast=\"none\">: l\u2019ex\u00e9g\u00e8se historico-critique<\/span><\/i><span data-contrast=\"none\">. Montr\u00e9al : Soci\u00e9t\u00e9 catholique de la Bible, 1983.<\/span><span data-ccp-props=\"{&quot;201341983&quot;:2,&quot;335559685&quot;:720,&quot;335559740&quot;:220,&quot;335559991&quot;:720}\">&nbsp;<\/span><\/p>\n<p><span data-contrast=\"none\">Courthial, Pierre,&nbsp;<\/span><span data-contrast=\"none\">et<\/span><span data-contrast=\"none\">&nbsp;Paul Wells,&nbsp;eds.&nbsp;<\/span><i><span data-contrast=\"none\">Dieu parle<\/span><\/i><i><span data-contrast=\"none\">&nbsp;<\/span><\/i><i><span data-contrast=\"none\">! \u00e9tudes sur la Bible et son interpr\u00e9tation en hommage \u00e0 Pierre&nbsp;Courthial<\/span><\/i><span data-contrast=\"none\">. Aix-en-Provence : \u00c9d.&nbsp;Kerygma, 1984.<\/span><span data-ccp-props=\"{&quot;201341983&quot;:2,&quot;335559685&quot;:720,&quot;335559740&quot;:220,&quot;335559991&quot;:720}\">&nbsp;<\/span><\/p>\n<p><span data-contrast=\"none\">Escobar, Samuel.&nbsp;<\/span><i><span data-contrast=\"none\">La mission<\/span><\/i><span data-contrast=\"none\">. Marne-la-vall\u00e9e : Farel, 2006.<\/span><span data-ccp-props=\"{&quot;201341983&quot;:2,&quot;335559685&quot;:720,&quot;335559740&quot;:220,&quot;335559991&quot;:720}\">&nbsp;<\/span><\/p>\n<p><span data-contrast=\"none\">Fee, Gordon D.,&nbsp;<\/span><span data-contrast=\"none\">et<\/span><span data-contrast=\"none\">&nbsp;Douglas K. Stuart.&nbsp;<\/span><i><span data-contrast=\"none\">Un nouveau regard sur la Bible<\/span><\/i><span data-contrast=\"none\">. Deerfield, Fla. : Editions Vida, 1990.<\/span><span data-ccp-props=\"{&quot;201341983&quot;:2,&quot;335559685&quot;:720,&quot;335559740&quot;:220,&quot;335559991&quot;:720}\">&nbsp;<\/span><\/p>\n<p><span data-contrast=\"none\">Hoggarth, Pauline.&nbsp;<\/span><i><span data-contrast=\"none\">La graine et le sol<\/span><\/i><i><span data-contrast=\"none\">\u202f<\/span><\/i><i><span data-contrast=\"none\">: une parole qui lib\u00e8re<\/span><\/i><span data-contrast=\"none\">. Champs-sur-Marne (Seine-et-Marne) : Farel, 2012.<\/span><span data-ccp-props=\"{&quot;201341983&quot;:2,&quot;335559685&quot;:720,&quot;335559740&quot;:220,&quot;335559991&quot;:720}\">&nbsp;<\/span><\/p>\n<p><span data-contrast=\"none\">Imbert, Yannick. \u201cL\u2019instrumentalisation Des Ecritures Par Les Id\u00e9ologies.\u201d&nbsp;<\/span><i><span data-contrast=\"none\">La Revue R\u00e9form\u00e9e<\/span><\/i><span data-contrast=\"none\">&nbsp;268, no. 44 (2013).<\/span><span data-ccp-props=\"{&quot;201341983&quot;:2,&quot;335559685&quot;:720,&quot;335559740&quot;:220,&quot;335559991&quot;:720}\">&nbsp;<\/span><\/p>\n<p><span data-contrast=\"none\">Kuen, Alfred.&nbsp;<\/span><i><span data-contrast=\"none\">Comment \u00e9tudier la Bible<\/span><\/i><span data-contrast=\"none\">. Marpent : \u00c9ditions BLF, 2001.<\/span><span data-ccp-props=\"{&quot;201341983&quot;:2,&quot;335559685&quot;:720,&quot;335559740&quot;:220,&quot;335559991&quot;:720}\">&nbsp;<\/span><\/p>\n<p><span data-contrast=\"none\">\u2014\u2014\u2014.&nbsp;<\/span><i><span data-contrast=\"none\">Comment interpr\u00e9ter la Bible<\/span><\/i><span data-contrast=\"none\">.&nbsp;Saint-L\u00e9gier, Suisse :&nbsp;Emm\u00e4us, 1991.<\/span><span data-ccp-props=\"{&quot;201341983&quot;:2,&quot;335559685&quot;:720,&quot;335559740&quot;:220,&quot;335559991&quot;:720}\">&nbsp;<\/span><\/p>\n<p><span data-contrast=\"none\">\u2014\u2014\u2014.&nbsp;<\/span><i><span data-contrast=\"none\">Comment lire la Bible<\/span><\/i><span data-contrast=\"none\">. Vennes sur Lausanne : Ligue pour la lecture de la Bible, 1978.<\/span><span data-ccp-props=\"{&quot;201341983&quot;:2,&quot;335559685&quot;:720,&quot;335559740&quot;:220,&quot;335559991&quot;:720}\">&nbsp;<\/span><\/p>\n<p><span data-contrast=\"none\">Marguerat, Daniel, Yvan Bourquin, Marcel Durrer,&nbsp;<\/span><span data-contrast=\"none\">et<\/span><span data-contrast=\"none\">&nbsp;Florence Clerc.&nbsp;<\/span><i><span data-contrast=\"none\">Pour lire les r\u00e9cits bibliques<\/span><\/i><i><span data-contrast=\"none\">\u202f<\/span><\/i><i><span data-contrast=\"none\">: initiation \u00e0 l\u2019analyse narrative<\/span><\/i><span data-contrast=\"none\">. Paris : Les \u00c9d.&nbsp;du&nbsp;Cerf; Gen\u00e8ve : Labor et&nbsp;fides, 2009.<\/span><span data-ccp-props=\"{&quot;201341983&quot;:2,&quot;335559685&quot;:720,&quot;335559740&quot;:220,&quot;335559991&quot;:720}\">&nbsp;<\/span><\/p>\n<p><span data-contrast=\"none\">Nisus, Alain,&nbsp;ed.&nbsp;<\/span><i><span data-contrast=\"none\">L\u2019amour de la sagesse<\/span><\/i><i><span data-contrast=\"none\">\u202f<\/span><\/i><i><span data-contrast=\"none\">: Hommage \u00e0 Henri Blocher<\/span><\/i><span data-contrast=\"none\">. Vaux-sur-Seine :&nbsp;\u00c9difac, 2012.<\/span><span data-ccp-props=\"{&quot;201341983&quot;:2,&quot;335559685&quot;:720,&quot;335559740&quot;:220,&quot;335559991&quot;:720}\">&nbsp;<\/span><\/p>\n<p><span data-contrast=\"none\">Padilla, C. Ren\u00e9. \u201cL\u2019interpr\u00e9tation de la Parole.\u201d In&nbsp;<\/span><i><span data-contrast=\"none\">L\u2019\u00c9vangile et le monde urbanis\u00e9<\/span><\/i><span data-contrast=\"none\">, 5e \u00e9dition. Montr\u00e9al : Direction Chr\u00e9tienne, 2009.<\/span><span data-ccp-props=\"{&quot;201341983&quot;:2,&quot;335559685&quot;:720,&quot;335559740&quot;:220,&quot;335559991&quot;:720}\">&nbsp;<\/span><\/p>\n<p><span data-contrast=\"none\">Padilla, Ren\u00e9, Samuel Escobar,&nbsp;<\/span><span data-contrast=\"none\">et<\/span><span data-contrast=\"none\">&nbsp;Hans Ferdinand&nbsp;B\u00fcrki.&nbsp;<\/span><i><span data-contrast=\"none\">\u00c9vangile, culture et id\u00e9ologies<\/span><\/i><span data-contrast=\"none\">. Lausanne : Presses bibliques universitaires, 1977.<\/span><span data-ccp-props=\"{&quot;201341983&quot;:2,&quot;335559685&quot;:720,&quot;335559740&quot;:220,&quot;335559991&quot;:720}\">&nbsp;<\/span><\/p>\n<p><span data-contrast=\"none\">Romerowski, Sylvain.&nbsp;<\/span><i><span data-contrast=\"none\">Les sciences du langage et l\u2019\u00e9tude de la Bible<\/span><\/i><span data-contrast=\"none\">. Charols :&nbsp;Excelsis, 2011.<\/span><span data-ccp-props=\"{&quot;201341983&quot;:2,&quot;335559685&quot;:720,&quot;335559740&quot;:220,&quot;335559991&quot;:720}\">&nbsp;<\/span><\/p>\n<p><span data-contrast=\"none\">Smith, Glenn. \u201cLa mission de Dieu et la vocation \u00e9volutive de l\u2019\u00c9glise au Qu\u00e9bec.\u201d In&nbsp;<\/span><i><span data-contrast=\"none\">L\u2019\u00c9vangile et le monde urbanis\u00e9<\/span><\/i><span data-contrast=\"none\">, 5e \u00e9dition. Montr\u00e9al : Direction Chr\u00e9tienne, 2009.<\/span><span data-ccp-props=\"{&quot;201341983&quot;:2,&quot;335559685&quot;:720,&quot;335559740&quot;:220,&quot;335559991&quot;:720}\">&nbsp;<\/span><\/p>\n<p><span data-contrast=\"none\">Smith, Sandra,&nbsp;<\/span><span data-contrast=\"none\">et<\/span><span data-contrast=\"none\">&nbsp;Glenn Smith.&nbsp;<\/span><i><span data-contrast=\"none\">La m\u00e9thode inductive d\u2019\u00e9tude biblique<\/span><\/i><span data-contrast=\"none\">. Montr\u00e9al : Direction Chr\u00e9tienne, 2014.<\/span><span data-ccp-props=\"{&quot;201341983&quot;:2,&quot;335559685&quot;:720,&quot;335559740&quot;:220,&quot;335559991&quot;:720}\">&nbsp;<\/span><\/p>\n<p><span data-contrast=\"none\">Wiher, Hannes,&nbsp;ed.&nbsp;<\/span><i><span data-contrast=\"none\">Bible et mission<\/span><\/i><span data-contrast=\"none\">. Vol. 2. Charols :&nbsp;Excelsis, 2012.<\/span><span data-ccp-props=\"{&quot;201341983&quot;:2,&quot;335559685&quot;:720,&quot;335559740&quot;:220,&quot;335559991&quot;:720}\">&nbsp;<\/span><\/p>\n<p><span data-contrast=\"none\">\u2014\u2014\u2014,&nbsp;ed.&nbsp;<\/span><i><span data-contrast=\"none\">Bible et mission<\/span><\/i><i><span data-contrast=\"none\">\u202f<\/span><\/i><i><span data-contrast=\"none\">: vers une th\u00e9ologie \u00e9vang\u00e9lique de la mission<\/span><\/i><span data-contrast=\"none\">. Charols :&nbsp;Excelsis, 2012.<\/span><span data-ccp-props=\"{&quot;201341983&quot;:2,&quot;335559685&quot;:720,&quot;335559740&quot;:220,&quot;335559991&quot;:720}\">&nbsp;<\/span><\/p>\n<p><span data-contrast=\"none\">\u2014\u2014\u2014,&nbsp;ed.&nbsp;<\/span><i><span data-contrast=\"none\">La mission de l\u2019\u00c9glise au XXIe si\u00e8cle les nouveaux d\u00e9fis<\/span><\/i><span data-contrast=\"none\">.&nbsp;<\/span><span data-contrast=\"none\">Charols :&nbsp;Excelsis, 2010.<\/span><span data-ccp-props=\"{&quot;201341983&quot;:2,&quot;335559685&quot;:720,&quot;335559740&quot;:220,&quot;335559991&quot;:720}\">&nbsp;<\/span><\/p>\n<p><span data-contrast=\"none\">Wright, Christopher Joseph Herbert.&nbsp;<\/span><i><span data-contrast=\"none\">La mission de Dieu<\/span><\/i><i><span data-contrast=\"none\">\u202f<\/span><\/i><i><span data-contrast=\"none\">: fil conducteur du r\u00e9cit biblique<\/span><\/i><span data-contrast=\"none\">.&nbsp;<\/span><span data-contrast=\"none\">Charols&nbsp;:&nbsp;Excelsis, 2012.<\/span><span data-ccp-props=\"{&quot;201341983&quot;:2,&quot;335559685&quot;:720,&quot;335559740&quot;:220,&quot;335559991&quot;:720}\">&nbsp;<\/span><\/p>\n<h4 aria-level=\"2\">Espa\u00f1ol<\/h4>\n<p><span data-contrast=\"none\">Arana Quiroz, Pedro.&nbsp;<\/span><i><span data-contrast=\"none\">Progreso, t\u00e9cnica y hombre: algunas reflexiones hist\u00f3rico-b\u00edblicas pronunciadas en diversas universidades latinoamericanas<\/span><\/i><span data-contrast=\"none\">. Barcelona: Ediciones Evang\u00e9licas Europeas, 1973.<\/span><span data-ccp-props=\"{&quot;201341983&quot;:2,&quot;335559685&quot;:720,&quot;335559740&quot;:220,&quot;335559991&quot;:720}\">&nbsp;<\/span><\/p>\n<p><span data-contrast=\"none\">\u2014\u2014\u2014.&nbsp;<\/span><i><span data-contrast=\"none\">Providencia y revoluci\u00f3n<\/span><\/i><span data-contrast=\"none\">. Lima, Per\u00fa: El Estandarte de la Verdad, 1970.<\/span><span data-ccp-props=\"{&quot;201341983&quot;:2,&quot;335559685&quot;:720,&quot;335559740&quot;:220,&quot;335559991&quot;:720}\">&nbsp;<\/span><\/p>\n<p><span data-contrast=\"none\">Atiencia, Jorge, Samuel Escobar,&nbsp;<\/span><span data-contrast=\"none\">y<\/span><span data-contrast=\"none\">&nbsp;John&nbsp;Stott.&nbsp;<\/span><i><span data-contrast=\"none\">As\u00ed leo la Biblia: c\u00f3mo se forman maestros de la Palabra<\/span><\/i><span data-contrast=\"none\">. Barcelona; Buenos Aires: Certeza Unida, 1999.<\/span><span data-ccp-props=\"{&quot;201341983&quot;:2,&quot;335559685&quot;:720,&quot;335559740&quot;:220,&quot;335559991&quot;:720}\">&nbsp;<\/span><\/p>\n<p><span data-contrast=\"none\">Escobar, Samuel.&nbsp;<\/span><i><span data-contrast=\"none\">C\u00f3mo comprender la misi\u00f3n<\/span><\/i><span data-contrast=\"none\">. Barcelona: Certeza Unida, 2008.<\/span><span data-ccp-props=\"{&quot;201341983&quot;:2,&quot;335559685&quot;:720,&quot;335559740&quot;:220,&quot;335559991&quot;:720}\">&nbsp;<\/span><\/p>\n<p><span data-contrast=\"none\">\u2014\u2014\u2014.&nbsp;<\/span><i><span data-contrast=\"none\">Di\u00e1logo entre Cristo y Marx y otros ensayos<\/span><\/i><span data-contrast=\"none\">. Ed.&nbsp;rev.&nbsp;Lima: AGEUP, 1969.<\/span><span data-ccp-props=\"{&quot;201341983&quot;:2,&quot;335559685&quot;:720,&quot;335559740&quot;:220,&quot;335559991&quot;:720}\">&nbsp;<\/span><\/p>\n<p><span data-contrast=\"none\">Escobar, Samuel, C Ren\u00e9 Padilla,&nbsp;<\/span><span data-contrast=\"none\">y<\/span><span data-contrast=\"none\">&nbsp;Edwin Yamauchi.&nbsp;<\/span><i><span data-contrast=\"none\">\u00bfQui\u00e9n es Cristo hoy?<\/span><\/i><span data-contrast=\"none\">&nbsp;Buenos Aires: Ediciones Certeza, 1971.<\/span><span data-ccp-props=\"{&quot;201341983&quot;:2,&quot;335559685&quot;:720,&quot;335559740&quot;:220,&quot;335559991&quot;:720}\">&nbsp;<\/span><\/p>\n<p><span data-contrast=\"none\">Padilla, C Ren\u00e9.&nbsp;<\/span><i><span data-contrast=\"none\">Misi\u00f3n integral: ensayos sobre el Reino de Dios y la iglesia<\/span><\/i><span data-contrast=\"none\">. Barcelona: Ediciones Kair\u00f3s, 2015.<\/span><span data-ccp-props=\"{&quot;201341983&quot;:2,&quot;335559685&quot;:720,&quot;335559740&quot;:220,&quot;335559991&quot;:720}\">&nbsp;<\/span><\/p>\n<p><span data-contrast=\"none\">Salinas, Daniel.&nbsp;<\/span><i><span data-contrast=\"none\">Nuestra fe: Integrando la Palabra en la vida cotidiana<\/span><\/i><span data-contrast=\"none\">. Certeza M\u00e9xico, 2013.<\/span><span data-ccp-props=\"{&quot;201341983&quot;:2,&quot;335559685&quot;:720,&quot;335559740&quot;:220,&quot;335559991&quot;:720}\">&nbsp;<\/span><\/p>\n<p><span data-contrast=\"none\">Wright, Christopher J H,&nbsp;<\/span><span data-contrast=\"none\">y<\/span><span data-contrast=\"none\">&nbsp;Jonathan Lamb.&nbsp;<\/span><i><span data-contrast=\"none\">La versatilidad de la Biblia<\/span><\/i><span data-contrast=\"none\">.&nbsp;<\/span><span data-contrast=\"none\">Lima, Per\u00fa:&nbsp;Ediciones&nbsp;Puma, 2015.<\/span><span data-ccp-props=\"{&quot;201341983&quot;:2,&quot;335559685&quot;:720,&quot;335559740&quot;:220,&quot;335559991&quot;:720}\">&nbsp;<\/span><\/p>\n<h4 aria-level=\"2\"><span data-contrast=\"auto\">Otras lenguas<\/span><span data-ccp-props=\"{&quot;201341983&quot;:2,&quot;335559739&quot;:120,&quot;335559740&quot;:220}\">&nbsp;<\/span><\/h4>\n<p><span data-contrast=\"none\">Schmid, Konrad. \u201cSind die Historisch-Kritischen kritischer geworden? \u00dcberlegungen zu Stellung und Potential der Bibelwissenschaften.\u201d&nbsp;<\/span><i><span data-contrast=\"none\">Jahrbuch f\u00fcr biblische Theologie, Schmid<\/span><\/i><span data-contrast=\"none\">&nbsp;25 (2011): 63\u201378.<\/span><span data-ccp-props=\"{&quot;201341983&quot;:2,&quot;335559685&quot;:720,&quot;335559740&quot;:220,&quot;335559991&quot;:720}\">&nbsp;<\/span><\/p>\n<p><span data-contrast=\"none\">\u6768\u514b\u52e4<\/span><span data-contrast=\"none\">&nbsp;= K&nbsp;K&nbsp;Yeo.&nbsp;<\/span><span data-contrast=\"none\">\u5e84\u5b50\u4e0e\u96c5\u5404<\/span><span data-contrast=\"none\">:&nbsp;<\/span><span data-contrast=\"none\">\u9690\u55bb\u751f\u547d<\/span><span data-contrast=\"none\">,&nbsp;<\/span><span data-contrast=\"none\">\u9068\u6e38\u5929\u6069<\/span><span data-contrast=\"none\">&nbsp;=&nbsp;Zhuangzi&nbsp;and James.&nbsp;<\/span><span data-contrast=\"none\">\u4e0a\u6d77\u5e02<\/span><span data-contrast=\"none\">&nbsp;= Shanghai:&nbsp;<\/span><span data-contrast=\"none\">\u534e\u4e1c\u5e08\u8303\u5927\u5b66\u51fa\u7248\u793e<\/span><span data-contrast=\"none\">, 2012.<\/span><span data-ccp-props=\"{&quot;201341983&quot;:2,&quot;335559685&quot;:720,&quot;335559740&quot;:220,&quot;335559991&quot;:720}\">&nbsp;<\/span><\/p>\n\n<div class=\"wp-block block-core-heading\">\n<h3 class=\"wp-block-heading\">Notas al&nbsp;pie<\/h3>\n<\/div>\n\n<p>[1] Africa Study Bible, 91.<\/p>\n<p>[2] Craig Ott, \u201cGlobalization and Contextualization: Reframing the Task of Contextualization in the Twenty-first Century,\u201d Missiology 43 (2015): 52.<\/p>\n<p>[3] Ib\u00edd., 51.<\/p>\n<p>[4] V\u00e9ase Walter Brueggemann, \u201cFutures in Old Testament Theology: Dialogic Engagement,\u201d Horizons in Biblical Theology 37 (2015): 32-49.<\/p>\n<p>[5] Marvin A. Sweeney, <em>Tanak: A Theological and Critical Introduction to the Jewish Bible<\/em> (Filadelfia: Fortress Press, 2011), 6-7, 50-52.<\/p>\n<p>[6] El t\u00e9rmino fue acu\u00f1ado en 1993 por George Ritzer en The McDonaldization of Society (8\u00aa edici\u00f3n; Londres:<\/p>\n<p>Sage Publications Inc., 2014). Ott lo aplica al ministerio en \u201cGlobalization and Contextualization,\u201d 45.<\/p>\n<p>[7] Ott, \u201cGlobalization and Contextualization,\u201d 43-58.<\/p>\n<p>[8] Ib\u00edd., 47-48.<\/p>\n<p>[9] Ib\u00edd., 48-49.<\/p>\n<p>[10] V\u00e9ase el debate acerca de este m\u00e9todo, yuxtapuesto con los m\u00e9todos de Karl Barth en el texto de Konrad Schmid, \u201cWhat is the Difference Between Historical and Theological Exegesis en Academia.edu, una traducci\u00f3n al ingl\u00e9s por Peter Altmann de \u201cSind die Historisch-Kritischen kritischer geworden? \u00dcberlegungen zu Stellung und Potential der Bibelwissenschaften,\u201d JBT 25 (2011), 63-78. Vea tambi\u00e9n la evaluaci\u00f3n de Paul Ricoeur sobre Bultmann en Essays on Biblical Interpretation (ed. Lewis S. Mudge; Filadelfia: Fortress Press, 1980), 36-46.<\/p>\n<p>[11] V\u00e9ase el \u00e9nfasis sobre el s\u00edmbolo de Satan\u00e1s en las Notas de Aplicaci\u00f3n en la p\u00e1gina A14 de la <em>Africa Study Bible<\/em>:<\/p>\n<p>\u201cEstos s\u00edmbolos les recuerdan a los lectores acerca de la salvaguarda de la fe y el gran poder de Dios para derrotar a Satan\u00e1s.\u201d<\/p>","protected":false},"featured_media":1561,"template":"","area":[],"theme":[],"class_list":["post-1556","word_world","type-word_world","status-publish","has-post-thumbnail","hentry"],"acf":[],"yoast_head":"<!-- This site is optimized with the Yoast SEO plugin v22.6 - https:\/\/yoast.com\/wordpress\/plugins\/seo\/ -->\n<title>La \u00e9tica, el contexto y el texto b\u00edblico &#183; IFES<\/title>\n<meta name=\"description\" content=\"Introducci\u00f3n En cierto sentido, no hay una lectura contextual del texto b\u00edblico. Toda interpretaci\u00f3n es contextual, ya que cada int\u00e9rprete est\u00e1 formado\" \/>\n<meta name=\"robots\" content=\"noindex, follow, max-snippet:-1, max-image-preview:large, max-video-preview:-1\" \/>\n<meta property=\"og:locale\" content=\"es_ES\" \/>\n<meta property=\"og:type\" content=\"article\" \/>\n<meta property=\"og:title\" content=\"La \u00e9tica, el contexto y el texto b\u00edblico &#183; IFES\" \/>\n<meta property=\"og:description\" content=\"Introducci\u00f3n En cierto sentido, no hay una lectura contextual del texto b\u00edblico. Toda interpretaci\u00f3n es contextual, ya que cada int\u00e9rprete est\u00e1 formado\" \/>\n<meta property=\"og:url\" content=\"https:\/\/ifesworld.org\/es\/journal\/la-etica-el-contexto-y-el-texto-biblico-myrto-theocharous\/\" \/>\n<meta property=\"og:site_name\" content=\"IFES\" \/>\n<meta property=\"article:modified_time\" content=\"2019-12-16T14:43:11+00:00\" \/>\n<meta property=\"og:image\" content=\"https:\/\/ifesworld.org\/wp-content\/uploads\/2019\/05\/4fd77-1n-elnqay4kpgz7lzq_s6ca.jpeg\" \/>\n\t<meta property=\"og:image:width\" content=\"1200\" \/>\n\t<meta property=\"og:image:height\" content=\"800\" \/>\n\t<meta property=\"og:image:type\" content=\"image\/jpeg\" \/>\n<meta name=\"twitter:card\" content=\"summary_large_image\" \/>\n<meta name=\"twitter:label1\" content=\"Tiempo de lectura\" \/>\n\t<meta name=\"twitter:data1\" content=\"25 minutos\" \/>\n<script type=\"application\/ld+json\" class=\"yoast-schema-graph\">{\"@context\":\"https:\/\/schema.org\",\"@graph\":[{\"@type\":\"WebPage\",\"@id\":\"https:\/\/ifesworld.org\/es\/journal\/la-etica-el-contexto-y-el-texto-biblico-myrto-theocharous\/\",\"url\":\"https:\/\/ifesworld.org\/es\/journal\/la-etica-el-contexto-y-el-texto-biblico-myrto-theocharous\/\",\"name\":\"La \u00e9tica, el contexto y el texto b\u00edblico &#183; IFES\",\"isPartOf\":{\"@id\":\"https:\/\/fru.ifesworld.org\/en\/#website\"},\"primaryImageOfPage\":{\"@id\":\"https:\/\/ifesworld.org\/es\/journal\/la-etica-el-contexto-y-el-texto-biblico-myrto-theocharous\/#primaryimage\"},\"image\":{\"@id\":\"https:\/\/ifesworld.org\/es\/journal\/la-etica-el-contexto-y-el-texto-biblico-myrto-theocharous\/#primaryimage\"},\"thumbnailUrl\":\"https:\/\/fru.ifesworld.org\/wp-content\/uploads\/2019\/05\/4fd77-1n-elnqay4kpgz7lzq_s6ca.jpeg\",\"datePublished\":\"2017-05-11T10:01:30+00:00\",\"dateModified\":\"2019-12-16T14:43:11+00:00\",\"description\":\"Introducci\u00f3n En cierto sentido, no hay una lectura contextual del texto b\u00edblico. Toda interpretaci\u00f3n es contextual, ya que cada int\u00e9rprete est\u00e1 formado\",\"breadcrumb\":{\"@id\":\"https:\/\/ifesworld.org\/es\/journal\/la-etica-el-contexto-y-el-texto-biblico-myrto-theocharous\/#breadcrumb\"},\"inLanguage\":\"es\",\"potentialAction\":[{\"@type\":\"ReadAction\",\"target\":[\"https:\/\/ifesworld.org\/es\/journal\/la-etica-el-contexto-y-el-texto-biblico-myrto-theocharous\/\"]}]},{\"@type\":\"ImageObject\",\"inLanguage\":\"es\",\"@id\":\"https:\/\/ifesworld.org\/es\/journal\/la-etica-el-contexto-y-el-texto-biblico-myrto-theocharous\/#primaryimage\",\"url\":\"https:\/\/fru.ifesworld.org\/wp-content\/uploads\/2019\/05\/4fd77-1n-elnqay4kpgz7lzq_s6ca.jpeg\",\"contentUrl\":\"https:\/\/fru.ifesworld.org\/wp-content\/uploads\/2019\/05\/4fd77-1n-elnqay4kpgz7lzq_s6ca.jpeg\",\"width\":1200,\"height\":800},{\"@type\":\"BreadcrumbList\",\"@id\":\"https:\/\/ifesworld.org\/es\/journal\/la-etica-el-contexto-y-el-texto-biblico-myrto-theocharous\/#breadcrumb\",\"itemListElement\":[{\"@type\":\"ListItem\",\"position\":1,\"name\":\"Home\",\"item\":\"https:\/\/ifesworld.org\/es\/\"},{\"@type\":\"ListItem\",\"position\":2,\"name\":\"Word & World\",\"item\":\"https:\/\/ifesworld.org\/en\/journal\/\"},{\"@type\":\"ListItem\",\"position\":3,\"name\":\"La \u00e9tica, el contexto y el texto b\u00edblico\"}]},{\"@type\":\"WebSite\",\"@id\":\"https:\/\/fru.ifesworld.org\/en\/#website\",\"url\":\"https:\/\/fru.ifesworld.org\/en\/\",\"name\":\"IFES\",\"description\":\"A movement of students sharing and living out the good news of Jesus Christ. Locally. Nationally. Globally.\",\"publisher\":{\"@id\":\"https:\/\/fru.ifesworld.org\/en\/#organization\"},\"potentialAction\":[{\"@type\":\"SearchAction\",\"target\":{\"@type\":\"EntryPoint\",\"urlTemplate\":\"https:\/\/fru.ifesworld.org\/en\/?s={search_term_string}\"},\"query-input\":\"required name=search_term_string\"}],\"inLanguage\":\"es\"},{\"@type\":\"Organization\",\"@id\":\"https:\/\/fru.ifesworld.org\/en\/#organization\",\"name\":\"IFES \u00b7 International Fellowship of Evangelical Students\",\"url\":\"https:\/\/fru.ifesworld.org\/en\/\",\"logo\":{\"@type\":\"ImageObject\",\"inLanguage\":\"es\",\"@id\":\"https:\/\/fru.ifesworld.org\/en\/#\/schema\/logo\/image\/\",\"url\":\"https:\/\/fru.ifesworld.org\/wp-content\/uploads\/2019\/06\/ifeslogo.png\",\"contentUrl\":\"https:\/\/fru.ifesworld.org\/wp-content\/uploads\/2019\/06\/ifeslogo.png\",\"width\":262,\"height\":262,\"caption\":\"IFES \u00b7 International Fellowship of Evangelical Students\"},\"image\":{\"@id\":\"https:\/\/fru.ifesworld.org\/en\/#\/schema\/logo\/image\/\"}}]}<\/script>\n<!-- \/ Yoast SEO plugin. -->","yoast_head_json":{"title":"La \u00e9tica, el contexto y el texto b\u00edblico &#183; IFES","description":"Introducci\u00f3n En cierto sentido, no hay una lectura contextual del texto b\u00edblico. Toda interpretaci\u00f3n es contextual, ya que cada int\u00e9rprete est\u00e1 formado","robots":{"index":"noindex","follow":"follow","max-snippet":"max-snippet:-1","max-image-preview":"max-image-preview:large","max-video-preview":"max-video-preview:-1"},"og_locale":"es_ES","og_type":"article","og_title":"La \u00e9tica, el contexto y el texto b\u00edblico &#183; IFES","og_description":"Introducci\u00f3n En cierto sentido, no hay una lectura contextual del texto b\u00edblico. Toda interpretaci\u00f3n es contextual, ya que cada int\u00e9rprete est\u00e1 formado","og_url":"https:\/\/ifesworld.org\/es\/journal\/la-etica-el-contexto-y-el-texto-biblico-myrto-theocharous\/","og_site_name":"IFES","article_modified_time":"2019-12-16T14:43:11+00:00","og_image":[{"width":1200,"height":800,"url":"https:\/\/ifesworld.org\/wp-content\/uploads\/2019\/05\/4fd77-1n-elnqay4kpgz7lzq_s6ca.jpeg","type":"image\/jpeg"}],"twitter_card":"summary_large_image","twitter_misc":{"Tiempo de lectura":"25 minutos"},"schema":{"@context":"https:\/\/schema.org","@graph":[{"@type":"WebPage","@id":"https:\/\/ifesworld.org\/es\/journal\/la-etica-el-contexto-y-el-texto-biblico-myrto-theocharous\/","url":"https:\/\/ifesworld.org\/es\/journal\/la-etica-el-contexto-y-el-texto-biblico-myrto-theocharous\/","name":"La \u00e9tica, el contexto y el texto b\u00edblico &#183; IFES","isPartOf":{"@id":"https:\/\/fru.ifesworld.org\/en\/#website"},"primaryImageOfPage":{"@id":"https:\/\/ifesworld.org\/es\/journal\/la-etica-el-contexto-y-el-texto-biblico-myrto-theocharous\/#primaryimage"},"image":{"@id":"https:\/\/ifesworld.org\/es\/journal\/la-etica-el-contexto-y-el-texto-biblico-myrto-theocharous\/#primaryimage"},"thumbnailUrl":"https:\/\/fru.ifesworld.org\/wp-content\/uploads\/2019\/05\/4fd77-1n-elnqay4kpgz7lzq_s6ca.jpeg","datePublished":"2017-05-11T10:01:30+00:00","dateModified":"2019-12-16T14:43:11+00:00","description":"Introducci\u00f3n En cierto sentido, no hay una lectura contextual del texto b\u00edblico. Toda interpretaci\u00f3n es contextual, ya que cada int\u00e9rprete est\u00e1 formado","breadcrumb":{"@id":"https:\/\/ifesworld.org\/es\/journal\/la-etica-el-contexto-y-el-texto-biblico-myrto-theocharous\/#breadcrumb"},"inLanguage":"es","potentialAction":[{"@type":"ReadAction","target":["https:\/\/ifesworld.org\/es\/journal\/la-etica-el-contexto-y-el-texto-biblico-myrto-theocharous\/"]}]},{"@type":"ImageObject","inLanguage":"es","@id":"https:\/\/ifesworld.org\/es\/journal\/la-etica-el-contexto-y-el-texto-biblico-myrto-theocharous\/#primaryimage","url":"https:\/\/fru.ifesworld.org\/wp-content\/uploads\/2019\/05\/4fd77-1n-elnqay4kpgz7lzq_s6ca.jpeg","contentUrl":"https:\/\/fru.ifesworld.org\/wp-content\/uploads\/2019\/05\/4fd77-1n-elnqay4kpgz7lzq_s6ca.jpeg","width":1200,"height":800},{"@type":"BreadcrumbList","@id":"https:\/\/ifesworld.org\/es\/journal\/la-etica-el-contexto-y-el-texto-biblico-myrto-theocharous\/#breadcrumb","itemListElement":[{"@type":"ListItem","position":1,"name":"Home","item":"https:\/\/ifesworld.org\/es\/"},{"@type":"ListItem","position":2,"name":"Word & World","item":"https:\/\/ifesworld.org\/en\/journal\/"},{"@type":"ListItem","position":3,"name":"La \u00e9tica, el contexto y el texto b\u00edblico"}]},{"@type":"WebSite","@id":"https:\/\/fru.ifesworld.org\/en\/#website","url":"https:\/\/fru.ifesworld.org\/en\/","name":"IFES","description":"A movement of students sharing and living out the good news of Jesus Christ. Locally. Nationally. Globally.","publisher":{"@id":"https:\/\/fru.ifesworld.org\/en\/#organization"},"potentialAction":[{"@type":"SearchAction","target":{"@type":"EntryPoint","urlTemplate":"https:\/\/fru.ifesworld.org\/en\/?s={search_term_string}"},"query-input":"required name=search_term_string"}],"inLanguage":"es"},{"@type":"Organization","@id":"https:\/\/fru.ifesworld.org\/en\/#organization","name":"IFES \u00b7 International Fellowship of Evangelical Students","url":"https:\/\/fru.ifesworld.org\/en\/","logo":{"@type":"ImageObject","inLanguage":"es","@id":"https:\/\/fru.ifesworld.org\/en\/#\/schema\/logo\/image\/","url":"https:\/\/fru.ifesworld.org\/wp-content\/uploads\/2019\/06\/ifeslogo.png","contentUrl":"https:\/\/fru.ifesworld.org\/wp-content\/uploads\/2019\/06\/ifeslogo.png","width":262,"height":262,"caption":"IFES \u00b7 International Fellowship of Evangelical Students"},"image":{"@id":"https:\/\/fru.ifesworld.org\/en\/#\/schema\/logo\/image\/"}}]}},"_links":{"self":[{"href":"https:\/\/fru.ifesworld.org\/es\/wp-json\/wp\/v2\/word_world\/1556"}],"collection":[{"href":"https:\/\/fru.ifesworld.org\/es\/wp-json\/wp\/v2\/word_world"}],"about":[{"href":"https:\/\/fru.ifesworld.org\/es\/wp-json\/wp\/v2\/types\/word_world"}],"wp:featuredmedia":[{"embeddable":true,"href":"https:\/\/fru.ifesworld.org\/es\/wp-json\/wp\/v2\/media\/1561"}],"wp:attachment":[{"href":"https:\/\/fru.ifesworld.org\/es\/wp-json\/wp\/v2\/media?parent=1556"}],"wp:term":[{"taxonomy":"area","embeddable":true,"href":"https:\/\/fru.ifesworld.org\/es\/wp-json\/wp\/v2\/area?post=1556"},{"taxonomy":"theme","embeddable":true,"href":"https:\/\/fru.ifesworld.org\/es\/wp-json\/wp\/v2\/theme?post=1556"}],"curies":[{"name":"wp","href":"https:\/\/api.w.org\/{rel}","templated":true}]}}