{"id":37329,"date":"2024-05-28T10:48:38","date_gmt":"2024-05-28T09:48:38","guid":{"rendered":"https:\/\/fru.ifesworld.org\/?post_type=prayerline&#038;p=37329"},"modified":"2024-05-28T10:48:39","modified_gmt":"2024-05-28T09:48:39","slug":"rompiendo-el-silencio","status":"publish","type":"prayerline","link":"https:\/\/fru.ifesworld.org\/es\/prayerline\/rompiendo-el-silencio\/","title":{"rendered":"Rompiendo el silencio"},"content":{"rendered":"<div class=\"wp-block block-core-paragraph\">\n<p>Sarah Obotela, una estudiante de m\u00e1ster en la Rep\u00fablica Democr\u00e1tica del Congo (RDC), describe c\u00f3mo vio a Dios obrando durante el congreso que hab\u00eda organizado para ayudar a los estudiantes a procesar el trauma de la guerra.&nbsp;<\/p>\n<\/div>\n\n<div class=\"wp-block block-core-quote\">\n<blockquote class=\"wp-block-quote is-layout-flow wp-block-quote-is-layout-flow\"><div class=\"wp-block block-core-paragraph wp-elements-72c17ee1776ca0474d967449b3c4f5a1 wp-elements-32ff36f40649cba6185a809befbcbc75\">\n<p class=\"has-francophone-africa-color has-text-color has-link-color wp-elements-72c17ee1776ca0474d967449b3c4f5a1\"><em>\u201cLos momentos de un silencio profundo se vieron seguidos por oleadas de l\u00e1grimas y llanto de dolor. Cuando los estudiantes compartieron sus sentimientos, fuimos testigos de la liberaci\u00f3n del odio, la ira y el resentimiento. Muchos al fin pudieron romper su silencio y verbalizaron sus experiencias traum\u00e1ticas.\u201d<\/em>&nbsp;<\/p>\n<\/div><\/blockquote>\n<\/div>\n\n<div class=\"wp-block block-core-paragraph\">\n<p>Desde su independencia en 1960, la Rep\u00fablica Democr\u00e1tica del Congo ha sufrido d\u00e9cadas de conflictos y violencia que contin\u00faan hoy en d\u00eda en el este. Aunque muchos civiles han huido y se han establecido en zonas m\u00e1s tranquilas del pa\u00eds, sufren de estr\u00e9s postraum\u00e1tico.&nbsp;&nbsp;&nbsp;&nbsp;&nbsp;&nbsp;<\/p>\n<\/div>\n\n<div class=\"wp-block block-core-heading\">\n<h3 class=\"wp-block-heading\"><strong><strong>Viendo lo invisible<\/strong>&nbsp;&nbsp;<\/strong><\/h3>\n<\/div>\n\n<div class=\"wp-block block-core-paragraph\">\n<p>Sarah sinti\u00f3 que muchos estudiantes soportaban la carga del sufrimiento invisible del estr\u00e9s postraum\u00e1tico, estaban emocionalmente dolidos, se sent\u00edan muertos por dentro y abandonados por Dios, no obstante, eran incapaces de hablar de ello.&nbsp;&nbsp;<\/p>\n<\/div>\n\n<div class=\"wp-block block-core-verse\">\n<pre class=\"wp-block-verse\"><strong>\u201cSi no podemos acabar con la guerra, al menos cuidemos de quienes est\u00e1n sufriendo sus efectos negativos,\u201d<\/strong> prometi\u00f3.&nbsp;<\/pre>\n<\/div>\n\n<div class=\"wp-block block-core-paragraph\">\n<p>Adem\u00e1s de estudiar para su m\u00e1ster en sociolog\u00eda en la Universidad de Kisangani, Sarah trabaja a tiempo parcial para su movimiento nacional, <a href=\"https:\/\/www.facebook.com\/rdcongogbu\" target=\"_blank\" rel=\"noreferrer noopener\">Groupes Bibliques Universitaires (GBU)<\/a>. Mediante la <a href=\"https:\/\/lci.ifesworld.org\/\" target=\"_blank\" rel=\"noreferrer noopener\">Iniciativa Logos y Cosmos (ILC) de IFES<\/a>, est\u00e1 dirigiendo un proyecto innovador principal que combina las aproximaciones psicol\u00f3gicas y teol\u00f3gicas a la salud mental.&nbsp;<\/p>\n<\/div>\n\n<div class=\"wp-block block-core-heading\">\n<h3 class=\"wp-block-heading\"><strong>Reconociendo el dolor<\/strong>&nbsp;<\/h3>\n<\/div>\n\n<div class=\"wp-block block-core-paragraph\">\n<p>Habiendo identificado y entrevistado a cerca de 30 estudiantes con estr\u00e9s postraum\u00e1tico en Kisingani, organiz\u00f3 un evento p\u00fablico el pasado mes de septiembre, Los expertos en teolog\u00eda, psicolog\u00eda y sociolog\u00eda compartieron sus perspectivas para que las v\u00edctimas puedan empezar a reconocer el estr\u00e9s postraum\u00e1tico y su impacto.&nbsp;&nbsp;<\/p>\n<\/div>\n\n<div class=\"wp-block block-core-paragraph\">\n<p>M\u00e1s de 40 estudiantes escucharon acerca de los s\u00edntomas psicol\u00f3gicos (tales como pesadillas recurrentes, flashbacks y emociones negativas), impactos sociales (como evitar grupos o temor a hablar) y problemas teol\u00f3gicos (como dudar de la gracia o el poder de Dios, renunciar a la fe o girar hacia el fetichismo).&nbsp;&nbsp;<\/p>\n<\/div>\n\n<div class=\"wp-block block-core-paragraph\">\n<p>Todos los que reconocieron dicho trauma en sus propias vidas recibieron visitas de seguimiento de Sarah y de un equipo de voluntarios de GBU, acompa\u00f1ados de psic\u00f3logos y pastores.&nbsp;<\/p>\n<\/div>\n\n<div class=\"wp-block block-core-heading\">\n<h3 class=\"wp-block-heading\"><strong>Rompiendo el silencio<\/strong>&nbsp;<\/h3>\n<\/div>\n\n<div class=\"wp-block block-core-paragraph\">\n<p>Habiendo sentado las bases y forjado la confianza, era el momento de romper el silencio.&nbsp;<\/p>\n<\/div>\n\n<div class=\"wp-block block-core-paragraph\">\n<p>En marzo, cerca de 25 estudiantes aceptaron la invitaci\u00f3n de Sarah a un congreso privado de un solo d\u00eda, en el que se vieron animados a compartir sus historias. Sarah estaba encantada de ver que hasta 15 personas describieron sus experiencias traum\u00e1ticas con valent\u00eda:<\/p>\n<\/div>\n\n<div class=\"wp-block block-core-verse\">\n<pre class=\"wp-block-verse\"><strong>\u201cFue un paso importante hacia poder separarse de las pesadillas y los recuerdos.\u201d\u00a0<\/strong><\/pre>\n<\/div>\n\n<div class=\"wp-block block-core-paragraph\">\n<p>Las l\u00e1grimas y los llantos fueron seguidos de momentos de alegr\u00eda cuando el d\u00eda acab\u00f3 con una cena, juegos, charlas y risas. El silencio se rompi\u00f3 de verdad\u00a0<\/p>\n<\/div>\n\n<div class=\"wp-block block-core-paragraph\">\n<p>Sarah ve a Dios en su obra tambi\u00e9n:\u00a0\u00a0<\/p>\n<\/div>\n\n<div class=\"wp-block block-core-quote\">\n<blockquote class=\"wp-block-quote is-layout-flow wp-block-quote-is-layout-flow\"><div class=\"wp-block block-core-paragraph wp-elements-ca2a368bce27eac7a9a4a3d9f213f880 wp-elements-3a4e8bc4610e09247ff543b4c1f57d98\">\n<p class=\"has-francophone-africa-color has-text-color has-link-color wp-elements-ca2a368bce27eac7a9a4a3d9f213f880\"><em>\u201cHa sido una aventura hermosa: me ha permitido ponerme en contacto con personas vulnerables y da\u00f1adas. He podido escucharles, interactuar con ellos, llorar con ellos y compartir el dolor de sus corazones. He comprendido que mi misi\u00f3n real es estar con gente que necesita ver a Cristo en nosotros.\u201d<\/em>&nbsp;<\/p>\n<\/div><\/blockquote>\n<\/div>\n\n<div class=\"wp-block block-core-heading\">\n<h3 class=\"wp-block-heading\">Orar&nbsp;<\/h3>\n<\/div>\n\n<div class=\"wp-block block-core-list\">\n<ul><div class=\"wp-block block-core-list-item\">\n<li>Demos gracias por Sarah y su <a href=\"https:\/\/lci.ifesworld.org\/en\/projects-in-francophone-africa\/\" target=\"_blank\" rel=\"noreferrer noopener\">proyecto ILC<\/a> \u2013 que ha podido ofrecerle el amor de Cristo a las v\u00edctimas de la guerra de una forma tan pr\u00e1ctica. Ora por su sanidad completa.\u00a0<\/li>\n<\/div>\n\n<div class=\"wp-block block-core-list-item\">\n<li>Ora por Sarah que concluir\u00e1 su proyecto con la publicaci\u00f3n de un art\u00edculo, para que su obra aliente el cuidado hol\u00edstico dentro de GBU y en la universidad en general.&nbsp;<\/li>\n<\/div>\n\n<div class=\"wp-block block-core-list-item\">\n<li>Ora por la paz en la Rep\u00fablica Democr\u00e1tica del Congo y por el ministerio de GBU en este contexto tan dif\u00edcil. P\u00eddele al Se\u00f1or que proporcione para tres obreros a tiempo completo para que sus +8000 estudiantes y alumnos puedan recibir m\u00e1s apoyo&nbsp;<\/li>\n<\/div><\/ul>\n<\/div>","protected":false},"featured_media":37307,"template":"","area":[707,853],"theme":[],"class_list":["post-37329","prayerline","type-prayerline","status-publish","has-post-thumbnail","hentry","area-africa-francofona","area-la-republica-democratica-del-congo"],"acf":[],"yoast_head":"<!-- This site is optimized with the Yoast SEO plugin v22.6 - https:\/\/yoast.com\/wordpress\/plugins\/seo\/ -->\n<title>Rompiendo el silencio &#183; IFES Prayerline<\/title>\n<meta name=\"description\" content=\"Sarah Obotela, una estudiante de m\u00e1ster en la Rep\u00fablica Democr\u00e1tica del Congo (RDC), describe c\u00f3mo vio a Dios obrando durante el congreso que hab\u00eda\" \/>\n<meta name=\"robots\" content=\"noindex, follow, max-snippet:-1, max-image-preview:large, max-video-preview:-1\" \/>\n<meta property=\"og:locale\" content=\"es_ES\" \/>\n<meta property=\"og:type\" content=\"article\" \/>\n<meta property=\"og:title\" content=\"Rompiendo el silencio &#183; IFES Prayerline\" \/>\n<meta property=\"og:description\" content=\"Sarah Obotela, una estudiante de m\u00e1ster en la Rep\u00fablica Democr\u00e1tica del Congo (RDC), describe c\u00f3mo vio a Dios obrando durante el congreso que hab\u00eda\" \/>\n<meta property=\"og:url\" content=\"https:\/\/ifesworld.org\/es\/prayerline\/rompiendo-el-silencio\/\" \/>\n<meta property=\"og:site_name\" content=\"IFES\" \/>\n<meta property=\"article:modified_time\" content=\"2024-05-28T09:48:39+00:00\" \/>\n<meta property=\"og:image\" content=\"https:\/\/ifesworld.org\/wp-content\/uploads\/2024\/05\/IMG-20240111-WA0103-e1716473129187.jpg\" \/>\n\t<meta property=\"og:image:width\" content=\"995\" \/>\n\t<meta property=\"og:image:height\" content=\"563\" \/>\n\t<meta property=\"og:image:type\" content=\"image\/jpeg\" \/>\n<meta name=\"twitter:card\" content=\"summary_large_image\" \/>\n<meta name=\"twitter:label1\" content=\"Tiempo de lectura\" \/>\n\t<meta name=\"twitter:data1\" content=\"3 minutos\" \/>\n<script type=\"application\/ld+json\" class=\"yoast-schema-graph\">{\"@context\":\"https:\/\/schema.org\",\"@graph\":[{\"@type\":\"WebPage\",\"@id\":\"https:\/\/ifesworld.org\/es\/prayerline\/rompiendo-el-silencio\/\",\"url\":\"https:\/\/ifesworld.org\/es\/prayerline\/rompiendo-el-silencio\/\",\"name\":\"Rompiendo el silencio &#183; IFES Prayerline\",\"isPartOf\":{\"@id\":\"https:\/\/fru.ifesworld.org\/en\/#website\"},\"primaryImageOfPage\":{\"@id\":\"https:\/\/ifesworld.org\/es\/prayerline\/rompiendo-el-silencio\/#primaryimage\"},\"image\":{\"@id\":\"https:\/\/ifesworld.org\/es\/prayerline\/rompiendo-el-silencio\/#primaryimage\"},\"thumbnailUrl\":\"https:\/\/fru.ifesworld.org\/wp-content\/uploads\/2024\/05\/IMG-20240111-WA0103-e1716473129187.jpg\",\"datePublished\":\"2024-05-28T09:48:38+00:00\",\"dateModified\":\"2024-05-28T09:48:39+00:00\",\"description\":\"Sarah Obotela, una estudiante de m\u00e1ster en la Rep\u00fablica Democr\u00e1tica del Congo (RDC), describe c\u00f3mo vio a Dios obrando durante el congreso que hab\u00eda\",\"breadcrumb\":{\"@id\":\"https:\/\/ifesworld.org\/es\/prayerline\/rompiendo-el-silencio\/#breadcrumb\"},\"inLanguage\":\"es\",\"potentialAction\":[{\"@type\":\"ReadAction\",\"target\":[\"https:\/\/ifesworld.org\/es\/prayerline\/rompiendo-el-silencio\/\"]}]},{\"@type\":\"ImageObject\",\"inLanguage\":\"es\",\"@id\":\"https:\/\/ifesworld.org\/es\/prayerline\/rompiendo-el-silencio\/#primaryimage\",\"url\":\"https:\/\/fru.ifesworld.org\/wp-content\/uploads\/2024\/05\/IMG-20240111-WA0103-e1716473129187.jpg\",\"contentUrl\":\"https:\/\/fru.ifesworld.org\/wp-content\/uploads\/2024\/05\/IMG-20240111-WA0103-e1716473129187.jpg\",\"width\":995,\"height\":563},{\"@type\":\"BreadcrumbList\",\"@id\":\"https:\/\/ifesworld.org\/es\/prayerline\/rompiendo-el-silencio\/#breadcrumb\",\"itemListElement\":[{\"@type\":\"ListItem\",\"position\":1,\"name\":\"Home\",\"item\":\"https:\/\/ifesworld.org\/es\/\"},{\"@type\":\"ListItem\",\"position\":2,\"name\":\"Prayerline\",\"item\":\"https:\/\/ifesworld.org\/en\/prayerline\/\"},{\"@type\":\"ListItem\",\"position\":3,\"name\":\"Rompiendo el silencio\"}]},{\"@type\":\"WebSite\",\"@id\":\"https:\/\/fru.ifesworld.org\/en\/#website\",\"url\":\"https:\/\/fru.ifesworld.org\/en\/\",\"name\":\"IFES\",\"description\":\"A movement of students sharing and living out the good news of Jesus Christ. Locally. Nationally. Globally.\",\"publisher\":{\"@id\":\"https:\/\/fru.ifesworld.org\/en\/#organization\"},\"potentialAction\":[{\"@type\":\"SearchAction\",\"target\":{\"@type\":\"EntryPoint\",\"urlTemplate\":\"https:\/\/fru.ifesworld.org\/en\/?s={search_term_string}\"},\"query-input\":\"required name=search_term_string\"}],\"inLanguage\":\"es\"},{\"@type\":\"Organization\",\"@id\":\"https:\/\/fru.ifesworld.org\/en\/#organization\",\"name\":\"IFES \u00b7 International Fellowship of Evangelical Students\",\"url\":\"https:\/\/fru.ifesworld.org\/en\/\",\"logo\":{\"@type\":\"ImageObject\",\"inLanguage\":\"es\",\"@id\":\"https:\/\/fru.ifesworld.org\/en\/#\/schema\/logo\/image\/\",\"url\":\"https:\/\/fru.ifesworld.org\/wp-content\/uploads\/2019\/06\/ifeslogo.png\",\"contentUrl\":\"https:\/\/fru.ifesworld.org\/wp-content\/uploads\/2019\/06\/ifeslogo.png\",\"width\":262,\"height\":262,\"caption\":\"IFES \u00b7 International Fellowship of Evangelical Students\"},\"image\":{\"@id\":\"https:\/\/fru.ifesworld.org\/en\/#\/schema\/logo\/image\/\"}}]}<\/script>\n<!-- \/ Yoast SEO plugin. -->","yoast_head_json":{"title":"Rompiendo el silencio &#183; IFES Prayerline","description":"Sarah Obotela, una estudiante de m\u00e1ster en la Rep\u00fablica Democr\u00e1tica del Congo (RDC), describe c\u00f3mo vio a Dios obrando durante el congreso que hab\u00eda","robots":{"index":"noindex","follow":"follow","max-snippet":"max-snippet:-1","max-image-preview":"max-image-preview:large","max-video-preview":"max-video-preview:-1"},"og_locale":"es_ES","og_type":"article","og_title":"Rompiendo el silencio &#183; IFES Prayerline","og_description":"Sarah Obotela, una estudiante de m\u00e1ster en la Rep\u00fablica Democr\u00e1tica del Congo (RDC), describe c\u00f3mo vio a Dios obrando durante el congreso que hab\u00eda","og_url":"https:\/\/ifesworld.org\/es\/prayerline\/rompiendo-el-silencio\/","og_site_name":"IFES","article_modified_time":"2024-05-28T09:48:39+00:00","og_image":[{"width":995,"height":563,"url":"https:\/\/ifesworld.org\/wp-content\/uploads\/2024\/05\/IMG-20240111-WA0103-e1716473129187.jpg","type":"image\/jpeg"}],"twitter_card":"summary_large_image","twitter_misc":{"Tiempo de lectura":"3 minutos"},"schema":{"@context":"https:\/\/schema.org","@graph":[{"@type":"WebPage","@id":"https:\/\/ifesworld.org\/es\/prayerline\/rompiendo-el-silencio\/","url":"https:\/\/ifesworld.org\/es\/prayerline\/rompiendo-el-silencio\/","name":"Rompiendo el silencio &#183; IFES Prayerline","isPartOf":{"@id":"https:\/\/fru.ifesworld.org\/en\/#website"},"primaryImageOfPage":{"@id":"https:\/\/ifesworld.org\/es\/prayerline\/rompiendo-el-silencio\/#primaryimage"},"image":{"@id":"https:\/\/ifesworld.org\/es\/prayerline\/rompiendo-el-silencio\/#primaryimage"},"thumbnailUrl":"https:\/\/fru.ifesworld.org\/wp-content\/uploads\/2024\/05\/IMG-20240111-WA0103-e1716473129187.jpg","datePublished":"2024-05-28T09:48:38+00:00","dateModified":"2024-05-28T09:48:39+00:00","description":"Sarah Obotela, una estudiante de m\u00e1ster en la Rep\u00fablica Democr\u00e1tica del Congo (RDC), describe c\u00f3mo vio a Dios obrando durante el congreso que hab\u00eda","breadcrumb":{"@id":"https:\/\/ifesworld.org\/es\/prayerline\/rompiendo-el-silencio\/#breadcrumb"},"inLanguage":"es","potentialAction":[{"@type":"ReadAction","target":["https:\/\/ifesworld.org\/es\/prayerline\/rompiendo-el-silencio\/"]}]},{"@type":"ImageObject","inLanguage":"es","@id":"https:\/\/ifesworld.org\/es\/prayerline\/rompiendo-el-silencio\/#primaryimage","url":"https:\/\/fru.ifesworld.org\/wp-content\/uploads\/2024\/05\/IMG-20240111-WA0103-e1716473129187.jpg","contentUrl":"https:\/\/fru.ifesworld.org\/wp-content\/uploads\/2024\/05\/IMG-20240111-WA0103-e1716473129187.jpg","width":995,"height":563},{"@type":"BreadcrumbList","@id":"https:\/\/ifesworld.org\/es\/prayerline\/rompiendo-el-silencio\/#breadcrumb","itemListElement":[{"@type":"ListItem","position":1,"name":"Home","item":"https:\/\/ifesworld.org\/es\/"},{"@type":"ListItem","position":2,"name":"Prayerline","item":"https:\/\/ifesworld.org\/en\/prayerline\/"},{"@type":"ListItem","position":3,"name":"Rompiendo el silencio"}]},{"@type":"WebSite","@id":"https:\/\/fru.ifesworld.org\/en\/#website","url":"https:\/\/fru.ifesworld.org\/en\/","name":"IFES","description":"A movement of students sharing and living out the good news of Jesus Christ. Locally. Nationally. Globally.","publisher":{"@id":"https:\/\/fru.ifesworld.org\/en\/#organization"},"potentialAction":[{"@type":"SearchAction","target":{"@type":"EntryPoint","urlTemplate":"https:\/\/fru.ifesworld.org\/en\/?s={search_term_string}"},"query-input":"required name=search_term_string"}],"inLanguage":"es"},{"@type":"Organization","@id":"https:\/\/fru.ifesworld.org\/en\/#organization","name":"IFES \u00b7 International Fellowship of Evangelical Students","url":"https:\/\/fru.ifesworld.org\/en\/","logo":{"@type":"ImageObject","inLanguage":"es","@id":"https:\/\/fru.ifesworld.org\/en\/#\/schema\/logo\/image\/","url":"https:\/\/fru.ifesworld.org\/wp-content\/uploads\/2019\/06\/ifeslogo.png","contentUrl":"https:\/\/fru.ifesworld.org\/wp-content\/uploads\/2019\/06\/ifeslogo.png","width":262,"height":262,"caption":"IFES \u00b7 International Fellowship of Evangelical Students"},"image":{"@id":"https:\/\/fru.ifesworld.org\/en\/#\/schema\/logo\/image\/"}}]}},"_links":{"self":[{"href":"https:\/\/fru.ifesworld.org\/es\/wp-json\/wp\/v2\/prayerline\/37329"}],"collection":[{"href":"https:\/\/fru.ifesworld.org\/es\/wp-json\/wp\/v2\/prayerline"}],"about":[{"href":"https:\/\/fru.ifesworld.org\/es\/wp-json\/wp\/v2\/types\/prayerline"}],"wp:featuredmedia":[{"embeddable":true,"href":"https:\/\/fru.ifesworld.org\/es\/wp-json\/wp\/v2\/media\/37307"}],"wp:attachment":[{"href":"https:\/\/fru.ifesworld.org\/es\/wp-json\/wp\/v2\/media?parent=37329"}],"wp:term":[{"taxonomy":"area","embeddable":true,"href":"https:\/\/fru.ifesworld.org\/es\/wp-json\/wp\/v2\/area?post=37329"},{"taxonomy":"theme","embeddable":true,"href":"https:\/\/fru.ifesworld.org\/es\/wp-json\/wp\/v2\/theme?post=37329"}],"curies":[{"name":"wp","href":"https:\/\/api.w.org\/{rel}","templated":true}]}}