{"id":2237,"date":"2018-12-04T13:00:00","date_gmt":"2018-12-04T13:00:00","guid":{"rendered":"https:\/\/fru.ifesworld.org\/prayerline\/postre-gratis-y-grandes-conversaciones-durante-la-semana-de-misiones\/"},"modified":"2019-05-29T14:22:05","modified_gmt":"2019-05-29T14:22:05","slug":"postre-gratis-y-grandes-conversaciones-durante-la-semana-de-misiones","status":"publish","type":"prayerline","link":"https:\/\/fru.ifesworld.org\/es\/prayerline\/postre-gratis-y-grandes-conversaciones-durante-la-semana-de-misiones\/","title":{"rendered":"Postre gratis y grandes conversaciones durante la semana de misiones"},"content":{"rendered":"<p>Neil forma parte de un peque\u00f1o equipo que impulsa la obra pionera estudiantil en Malta. Comparti\u00f3 sobre la semana de misiones que vivieron recientemente.<\/p>\n<p>\u00abLlamamos a otra puerta. Nadie respondi\u00f3. Otra vez. No hab\u00eda sido una buena tarde. Ten\u00edamos que repartir folletos del evento de esa noche, una velada con postre gratis y charla con el tema &#8216;\u00bfEst\u00e1 muerta la verdad?&#8217;. Pero el lugar estaba desierto.<\/p>\n<p>Solo quedaban tres apartamentos. Cuando nos acercamos a uno, una chica oy\u00f3 nuestra conversaci\u00f3n y espet\u00f3: &#8216;\u00bfAcab\u00f3 de o\u00edr mis dos palabras favoritas?&#8217;. Nos re\u00edmos y le dijimos que s\u00ed, que hab\u00eda postre gratis. Arianne vino al evento esa noche. Result\u00f3 que se hab\u00eda convertido hac\u00eda un a\u00f1o. Esa noche supuso el inicio de algo nuevo para ella. Asisti\u00f3 a otros eventos de la semana, ayud\u00f3 a repartir folletos e incluso reparti\u00f3 copias de los estudios b\u00edblicos Uncover a gente con la que hab\u00eda hablado. Verla tan involucrada ha sido un gran impulso.<\/p>\n<p>Tambi\u00e9n vino otro estudiante esa semana, Matthias. Ya hab\u00eda asisti\u00f3 a los eventos el a\u00f1o pasado. Se pas\u00f3 un buen rato conversando con el ponente. Todo parec\u00eda encajarle y casi se sent\u00eda atra\u00eddo por ello, pero no pod\u00eda sacarse de la mente la pregunta de la existencia de Dios. Por favor, ora para que Dios trabaje en su coraz\u00f3n\u00bb.<\/p>\n<p>Ora para que Arianne siga creciendo en su fe y comparta el evangelio con otras personas.<\/p>\n<p>Ora por Matthias y otros estudiantes que est\u00e1n buscando, para que acudan al curso de seguimiento que se est\u00e1 llevando a cabo actualmente y conozcan a Jes\u00fas durante los estudios de Uncover Juan.<\/p>\n<p>Ora por Neil y su peque\u00f1o equipo, para que perseveren en medio del contexto cat\u00f3lico romano en que muchos estudiantes se muestran ap\u00e1ticos hacia el cristianismo evang\u00e9lico.<\/p>\n<p>*No es su nombre real.<\/p>\n<p>\u00a1Gracias por orar con nosotros!<\/p>\n","protected":false},"featured_media":2804,"template":"","area":[706,827],"theme":[1233],"class_list":["post-2237","prayerline","type-prayerline","status-publish","has-post-thumbnail","hentry","area-europa","area-malta-europa","theme-evangelizacion"],"acf":[],"yoast_head":"<!-- This site is optimized with the Yoast SEO plugin v22.6 - https:\/\/yoast.com\/wordpress\/plugins\/seo\/ -->\n<title>Postre gratis y grandes conversaciones durante la semana de misiones &#183; IFES Prayerline<\/title>\n<meta name=\"description\" content=\"Neil forma parte de un peque\u00f1o equipo que impulsa la obra pionera estudiantil en Malta. Comparti\u00f3 sobre la semana de misiones que vivieron recientemente.\" \/>\n<meta name=\"robots\" content=\"noindex, follow, max-snippet:-1, max-image-preview:large, max-video-preview:-1\" \/>\n<meta property=\"og:locale\" content=\"es_ES\" \/>\n<meta property=\"og:type\" content=\"article\" \/>\n<meta property=\"og:title\" content=\"Postre gratis y grandes conversaciones durante la semana de misiones &#183; IFES Prayerline\" \/>\n<meta property=\"og:description\" content=\"Neil forma parte de un peque\u00f1o equipo que impulsa la obra pionera estudiantil en Malta. Comparti\u00f3 sobre la semana de misiones que vivieron recientemente.\" \/>\n<meta property=\"og:url\" content=\"https:\/\/ifesworld.org\/es\/prayerline\/postre-gratis-y-grandes-conversaciones-durante-la-semana-de-misiones\/\" \/>\n<meta property=\"og:site_name\" content=\"IFES\" \/>\n<meta property=\"article:modified_time\" content=\"2019-05-29T14:22:05+00:00\" \/>\n<meta property=\"og:image\" content=\"https:\/\/ifesworld.org\/wp-content\/uploads\/2018\/12\/181204-Malta.jpg\" \/>\n\t<meta property=\"og:image:width\" content=\"1125\" \/>\n\t<meta property=\"og:image:height\" content=\"720\" \/>\n\t<meta property=\"og:image:type\" content=\"image\/jpeg\" \/>\n<meta name=\"twitter:card\" content=\"summary_large_image\" \/>\n<meta name=\"twitter:label1\" content=\"Tiempo de lectura\" \/>\n\t<meta name=\"twitter:data1\" content=\"2 minutos\" \/>\n<script type=\"application\/ld+json\" class=\"yoast-schema-graph\">{\"@context\":\"https:\/\/schema.org\",\"@graph\":[{\"@type\":\"WebPage\",\"@id\":\"https:\/\/ifesworld.org\/es\/prayerline\/postre-gratis-y-grandes-conversaciones-durante-la-semana-de-misiones\/\",\"url\":\"https:\/\/ifesworld.org\/es\/prayerline\/postre-gratis-y-grandes-conversaciones-durante-la-semana-de-misiones\/\",\"name\":\"Postre gratis y grandes conversaciones durante la semana de misiones &#183; IFES Prayerline\",\"isPartOf\":{\"@id\":\"https:\/\/fru.ifesworld.org\/en\/#website\"},\"primaryImageOfPage\":{\"@id\":\"https:\/\/ifesworld.org\/es\/prayerline\/postre-gratis-y-grandes-conversaciones-durante-la-semana-de-misiones\/#primaryimage\"},\"image\":{\"@id\":\"https:\/\/ifesworld.org\/es\/prayerline\/postre-gratis-y-grandes-conversaciones-durante-la-semana-de-misiones\/#primaryimage\"},\"thumbnailUrl\":\"https:\/\/fru.ifesworld.org\/wp-content\/uploads\/2018\/12\/181204-Malta.jpg\",\"datePublished\":\"2018-12-04T13:00:00+00:00\",\"dateModified\":\"2019-05-29T14:22:05+00:00\",\"description\":\"Neil forma parte de un peque\u00f1o equipo que impulsa la obra pionera estudiantil en Malta. Comparti\u00f3 sobre la semana de misiones que vivieron recientemente.\",\"breadcrumb\":{\"@id\":\"https:\/\/ifesworld.org\/es\/prayerline\/postre-gratis-y-grandes-conversaciones-durante-la-semana-de-misiones\/#breadcrumb\"},\"inLanguage\":\"es\",\"potentialAction\":[{\"@type\":\"ReadAction\",\"target\":[\"https:\/\/ifesworld.org\/es\/prayerline\/postre-gratis-y-grandes-conversaciones-durante-la-semana-de-misiones\/\"]}]},{\"@type\":\"ImageObject\",\"inLanguage\":\"es\",\"@id\":\"https:\/\/ifesworld.org\/es\/prayerline\/postre-gratis-y-grandes-conversaciones-durante-la-semana-de-misiones\/#primaryimage\",\"url\":\"https:\/\/fru.ifesworld.org\/wp-content\/uploads\/2018\/12\/181204-Malta.jpg\",\"contentUrl\":\"https:\/\/fru.ifesworld.org\/wp-content\/uploads\/2018\/12\/181204-Malta.jpg\",\"width\":1125,\"height\":720,\"caption\":\"181204 Malta\"},{\"@type\":\"BreadcrumbList\",\"@id\":\"https:\/\/ifesworld.org\/es\/prayerline\/postre-gratis-y-grandes-conversaciones-durante-la-semana-de-misiones\/#breadcrumb\",\"itemListElement\":[{\"@type\":\"ListItem\",\"position\":1,\"name\":\"Home\",\"item\":\"https:\/\/ifesworld.org\/es\/\"},{\"@type\":\"ListItem\",\"position\":2,\"name\":\"Prayerline\",\"item\":\"https:\/\/ifesworld.org\/en\/prayerline\/\"},{\"@type\":\"ListItem\",\"position\":3,\"name\":\"Postre gratis y grandes conversaciones durante la semana de misiones\"}]},{\"@type\":\"WebSite\",\"@id\":\"https:\/\/fru.ifesworld.org\/en\/#website\",\"url\":\"https:\/\/fru.ifesworld.org\/en\/\",\"name\":\"IFES\",\"description\":\"A movement of students sharing and living out the good news of Jesus Christ. Locally. Nationally. Globally.\",\"publisher\":{\"@id\":\"https:\/\/fru.ifesworld.org\/en\/#organization\"},\"potentialAction\":[{\"@type\":\"SearchAction\",\"target\":{\"@type\":\"EntryPoint\",\"urlTemplate\":\"https:\/\/fru.ifesworld.org\/en\/?s={search_term_string}\"},\"query-input\":\"required name=search_term_string\"}],\"inLanguage\":\"es\"},{\"@type\":\"Organization\",\"@id\":\"https:\/\/fru.ifesworld.org\/en\/#organization\",\"name\":\"IFES \u00b7 International Fellowship of Evangelical Students\",\"url\":\"https:\/\/fru.ifesworld.org\/en\/\",\"logo\":{\"@type\":\"ImageObject\",\"inLanguage\":\"es\",\"@id\":\"https:\/\/fru.ifesworld.org\/en\/#\/schema\/logo\/image\/\",\"url\":\"https:\/\/fru.ifesworld.org\/wp-content\/uploads\/2019\/06\/ifeslogo.png\",\"contentUrl\":\"https:\/\/fru.ifesworld.org\/wp-content\/uploads\/2019\/06\/ifeslogo.png\",\"width\":262,\"height\":262,\"caption\":\"IFES \u00b7 International Fellowship of Evangelical Students\"},\"image\":{\"@id\":\"https:\/\/fru.ifesworld.org\/en\/#\/schema\/logo\/image\/\"}}]}<\/script>\n<!-- \/ Yoast SEO plugin. -->","yoast_head_json":{"title":"Postre gratis y grandes conversaciones durante la semana de misiones &#183; IFES Prayerline","description":"Neil forma parte de un peque\u00f1o equipo que impulsa la obra pionera estudiantil en Malta. Comparti\u00f3 sobre la semana de misiones que vivieron recientemente.","robots":{"index":"noindex","follow":"follow","max-snippet":"max-snippet:-1","max-image-preview":"max-image-preview:large","max-video-preview":"max-video-preview:-1"},"og_locale":"es_ES","og_type":"article","og_title":"Postre gratis y grandes conversaciones durante la semana de misiones &#183; IFES Prayerline","og_description":"Neil forma parte de un peque\u00f1o equipo que impulsa la obra pionera estudiantil en Malta. Comparti\u00f3 sobre la semana de misiones que vivieron recientemente.","og_url":"https:\/\/ifesworld.org\/es\/prayerline\/postre-gratis-y-grandes-conversaciones-durante-la-semana-de-misiones\/","og_site_name":"IFES","article_modified_time":"2019-05-29T14:22:05+00:00","og_image":[{"width":1125,"height":720,"url":"https:\/\/ifesworld.org\/wp-content\/uploads\/2018\/12\/181204-Malta.jpg","type":"image\/jpeg"}],"twitter_card":"summary_large_image","twitter_misc":{"Tiempo de lectura":"2 minutos"},"schema":{"@context":"https:\/\/schema.org","@graph":[{"@type":"WebPage","@id":"https:\/\/ifesworld.org\/es\/prayerline\/postre-gratis-y-grandes-conversaciones-durante-la-semana-de-misiones\/","url":"https:\/\/ifesworld.org\/es\/prayerline\/postre-gratis-y-grandes-conversaciones-durante-la-semana-de-misiones\/","name":"Postre gratis y grandes conversaciones durante la semana de misiones &#183; IFES Prayerline","isPartOf":{"@id":"https:\/\/fru.ifesworld.org\/en\/#website"},"primaryImageOfPage":{"@id":"https:\/\/ifesworld.org\/es\/prayerline\/postre-gratis-y-grandes-conversaciones-durante-la-semana-de-misiones\/#primaryimage"},"image":{"@id":"https:\/\/ifesworld.org\/es\/prayerline\/postre-gratis-y-grandes-conversaciones-durante-la-semana-de-misiones\/#primaryimage"},"thumbnailUrl":"https:\/\/fru.ifesworld.org\/wp-content\/uploads\/2018\/12\/181204-Malta.jpg","datePublished":"2018-12-04T13:00:00+00:00","dateModified":"2019-05-29T14:22:05+00:00","description":"Neil forma parte de un peque\u00f1o equipo que impulsa la obra pionera estudiantil en Malta. Comparti\u00f3 sobre la semana de misiones que vivieron recientemente.","breadcrumb":{"@id":"https:\/\/ifesworld.org\/es\/prayerline\/postre-gratis-y-grandes-conversaciones-durante-la-semana-de-misiones\/#breadcrumb"},"inLanguage":"es","potentialAction":[{"@type":"ReadAction","target":["https:\/\/ifesworld.org\/es\/prayerline\/postre-gratis-y-grandes-conversaciones-durante-la-semana-de-misiones\/"]}]},{"@type":"ImageObject","inLanguage":"es","@id":"https:\/\/ifesworld.org\/es\/prayerline\/postre-gratis-y-grandes-conversaciones-durante-la-semana-de-misiones\/#primaryimage","url":"https:\/\/fru.ifesworld.org\/wp-content\/uploads\/2018\/12\/181204-Malta.jpg","contentUrl":"https:\/\/fru.ifesworld.org\/wp-content\/uploads\/2018\/12\/181204-Malta.jpg","width":1125,"height":720,"caption":"181204 Malta"},{"@type":"BreadcrumbList","@id":"https:\/\/ifesworld.org\/es\/prayerline\/postre-gratis-y-grandes-conversaciones-durante-la-semana-de-misiones\/#breadcrumb","itemListElement":[{"@type":"ListItem","position":1,"name":"Home","item":"https:\/\/ifesworld.org\/es\/"},{"@type":"ListItem","position":2,"name":"Prayerline","item":"https:\/\/ifesworld.org\/en\/prayerline\/"},{"@type":"ListItem","position":3,"name":"Postre gratis y grandes conversaciones durante la semana de misiones"}]},{"@type":"WebSite","@id":"https:\/\/fru.ifesworld.org\/en\/#website","url":"https:\/\/fru.ifesworld.org\/en\/","name":"IFES","description":"A movement of students sharing and living out the good news of Jesus Christ. Locally. Nationally. Globally.","publisher":{"@id":"https:\/\/fru.ifesworld.org\/en\/#organization"},"potentialAction":[{"@type":"SearchAction","target":{"@type":"EntryPoint","urlTemplate":"https:\/\/fru.ifesworld.org\/en\/?s={search_term_string}"},"query-input":"required name=search_term_string"}],"inLanguage":"es"},{"@type":"Organization","@id":"https:\/\/fru.ifesworld.org\/en\/#organization","name":"IFES \u00b7 International Fellowship of Evangelical Students","url":"https:\/\/fru.ifesworld.org\/en\/","logo":{"@type":"ImageObject","inLanguage":"es","@id":"https:\/\/fru.ifesworld.org\/en\/#\/schema\/logo\/image\/","url":"https:\/\/fru.ifesworld.org\/wp-content\/uploads\/2019\/06\/ifeslogo.png","contentUrl":"https:\/\/fru.ifesworld.org\/wp-content\/uploads\/2019\/06\/ifeslogo.png","width":262,"height":262,"caption":"IFES \u00b7 International Fellowship of Evangelical Students"},"image":{"@id":"https:\/\/fru.ifesworld.org\/en\/#\/schema\/logo\/image\/"}}]}},"_links":{"self":[{"href":"https:\/\/fru.ifesworld.org\/es\/wp-json\/wp\/v2\/prayerline\/2237"}],"collection":[{"href":"https:\/\/fru.ifesworld.org\/es\/wp-json\/wp\/v2\/prayerline"}],"about":[{"href":"https:\/\/fru.ifesworld.org\/es\/wp-json\/wp\/v2\/types\/prayerline"}],"wp:featuredmedia":[{"embeddable":true,"href":"https:\/\/fru.ifesworld.org\/es\/wp-json\/wp\/v2\/media\/2804"}],"wp:attachment":[{"href":"https:\/\/fru.ifesworld.org\/es\/wp-json\/wp\/v2\/media?parent=2237"}],"wp:term":[{"taxonomy":"area","embeddable":true,"href":"https:\/\/fru.ifesworld.org\/es\/wp-json\/wp\/v2\/area?post=2237"},{"taxonomy":"theme","embeddable":true,"href":"https:\/\/fru.ifesworld.org\/es\/wp-json\/wp\/v2\/theme?post=2237"}],"curies":[{"name":"wp","href":"https:\/\/api.w.org\/{rel}","templated":true}]}}