{"id":2235,"date":"2018-03-27T22:00:00","date_gmt":"2018-03-27T22:00:00","guid":{"rendered":"https:\/\/fru.ifesworld.org\/prayerline\/ora-por-los-estudiantes-ruandeses-que-alcanzan-a-sus-amigos\/"},"modified":"2019-06-05T15:00:00","modified_gmt":"2019-06-05T15:00:00","slug":"ora-por-los-estudiantes-ruandeses-que-alcanzan-a-sus-amigos","status":"publish","type":"prayerline","link":"https:\/\/fru.ifesworld.org\/es\/prayerline\/ora-por-los-estudiantes-ruandeses-que-alcanzan-a-sus-amigos\/","title":{"rendered":"Ora por los estudiantes ruandeses que alcanzan a sus amigos"},"content":{"rendered":"<p>Son las 5 de la tarde de un lunes. Los estudiantes de GBUR Ruanda est\u00e1n dirigi\u00e9ndose a una peque\u00f1a sala en su campus. Orar\u00e1n juntos durante 30 minutos. Oran por su campus. Oran por sus amigos. Oran por valent\u00eda para hablar. Sus oraciones son especialmente conmovedoras porque cuando se terminen los 30 minutos, ir\u00e1n directamente a reunirse con un amigo y compartir el Evangelio con \u00e9l. Da miedo, pero es emocionante ver c\u00f3mo Dios abre puertas:<\/p>\n\n<div class=\"wp-block block-core-quote\">\n<blockquote class=\"wp-block-quote is-layout-flow wp-block-quote-is-layout-flow\"><p> \u00abDamos gracias a Dios porque los estudiantes est\u00e1n aceptando las buenas nuevas. Estamos orando para que Dios siga abriendo los corazones para que crean en el Se\u00f1or Jes\u00fas.\u00bb <\/p><\/blockquote>\n<\/div>\n\n<p>Esta iniciativa es parte de su concentraci\u00f3n en la evangelizaci\u00f3n durante este semestre. Quieren alcanzar a todos los estudiantes en el campus con las buenas nuevas de Jes\u00fas.<\/p>\n<p>Dos conferencias misioneras recientes otorgaron a los estudiantes de GBUR la oportunidad de discutir los retos que afrontan cuando conectan con la universidad con el Evangelio. Discutieron las estrategias para superar los retos y oraron para que pudieran tener una vida de evangelizaci\u00f3n.<\/p>\n<p>Cuatro estudiantes confesaron su fe en una de estas conferencias. Una de las estudiantes, Angel, comparti\u00f3 su historia:<\/p>\n\n<div class=\"wp-block block-core-quote\">\n<blockquote class=\"wp-block-quote is-layout-flow wp-block-quote-is-layout-flow\"><p> \u00abSolo vine a la conferencia porque me invit\u00f3 una amiga, pero no cre\u00eda en Jes\u00fas. Esa semana abr\u00ed la Biblia por primera vez. Escuch\u00e9 c\u00f3mo describ\u00edan a Jes\u00fas como el camino, la verdad y la vida, y descubr\u00ed que es nuestro \u00fanico camino a Dios. Esta conferencia me ayud\u00f3 tanto.\u00bb <\/p><\/blockquote>\n<\/div>\n\n<p>\u00danete a nosotros en oraci\u00f3n:<\/p>\n<ul>\n<li>Por Angel y los dem\u00e1s nuevos cristianos, que sean fortalecidos en su fe y que sigan andando con Jes\u00fas.<\/li>\n<li>Por los estudiantes de GBUR, para que sigan orando por su campus.<\/li>\n<li>Para que Dios abra puertas a estas conversaciones acerca del Evangelio, abriendo los corazones de muchos que no le conocen.<\/li>\n<\/ul>\n<p>\u00a1Gracias por orar con nosotros!<\/p>","protected":false},"featured_media":3190,"template":"","area":[707,862],"theme":[],"class_list":["post-2235","prayerline","type-prayerline","status-publish","has-post-thumbnail","hentry","area-africa-francofona","area-ruanda"],"acf":[],"yoast_head":"<!-- This site is optimized with the Yoast SEO plugin v22.6 - https:\/\/yoast.com\/wordpress\/plugins\/seo\/ -->\n<title>Ora por los estudiantes ruandeses que alcanzan a sus amigos &#183; IFES Prayerline<\/title>\n<meta name=\"description\" content=\"Son las 5 de la tarde de un lunes. Los estudiantes de GBUR Ruanda est\u00e1n dirigi\u00e9ndose a una peque\u00f1a sala en su campus. Orar\u00e1n juntos durante 30 minutos.\" \/>\n<meta name=\"robots\" content=\"noindex, follow, max-snippet:-1, max-image-preview:large, max-video-preview:-1\" \/>\n<meta property=\"og:locale\" content=\"es_ES\" \/>\n<meta property=\"og:type\" content=\"article\" \/>\n<meta property=\"og:title\" content=\"Ora por los estudiantes ruandeses que alcanzan a sus amigos &#183; IFES Prayerline\" \/>\n<meta property=\"og:description\" content=\"Son las 5 de la tarde de un lunes. Los estudiantes de GBUR Ruanda est\u00e1n dirigi\u00e9ndose a una peque\u00f1a sala en su campus. Orar\u00e1n juntos durante 30 minutos.\" \/>\n<meta property=\"og:url\" content=\"https:\/\/ifesworld.org\/es\/prayerline\/ora-por-los-estudiantes-ruandeses-que-alcanzan-a-sus-amigos\/\" \/>\n<meta property=\"og:site_name\" content=\"IFES\" \/>\n<meta property=\"article:modified_time\" content=\"2019-06-05T15:00:00+00:00\" \/>\n<meta property=\"og:image\" content=\"https:\/\/ifesworld.org\/wp-content\/uploads\/2018\/03\/180327-Rwanda.jpg\" \/>\n\t<meta property=\"og:image:width\" content=\"1280\" \/>\n\t<meta property=\"og:image:height\" content=\"720\" \/>\n\t<meta property=\"og:image:type\" content=\"image\/jpeg\" \/>\n<meta name=\"twitter:card\" content=\"summary_large_image\" \/>\n<meta name=\"twitter:label1\" content=\"Tiempo de lectura\" \/>\n\t<meta name=\"twitter:data1\" content=\"2 minutos\" \/>\n<script type=\"application\/ld+json\" class=\"yoast-schema-graph\">{\"@context\":\"https:\/\/schema.org\",\"@graph\":[{\"@type\":\"WebPage\",\"@id\":\"https:\/\/ifesworld.org\/es\/prayerline\/ora-por-los-estudiantes-ruandeses-que-alcanzan-a-sus-amigos\/\",\"url\":\"https:\/\/ifesworld.org\/es\/prayerline\/ora-por-los-estudiantes-ruandeses-que-alcanzan-a-sus-amigos\/\",\"name\":\"Ora por los estudiantes ruandeses que alcanzan a sus amigos &#183; IFES Prayerline\",\"isPartOf\":{\"@id\":\"https:\/\/fru.ifesworld.org\/en\/#website\"},\"primaryImageOfPage\":{\"@id\":\"https:\/\/ifesworld.org\/es\/prayerline\/ora-por-los-estudiantes-ruandeses-que-alcanzan-a-sus-amigos\/#primaryimage\"},\"image\":{\"@id\":\"https:\/\/ifesworld.org\/es\/prayerline\/ora-por-los-estudiantes-ruandeses-que-alcanzan-a-sus-amigos\/#primaryimage\"},\"thumbnailUrl\":\"https:\/\/fru.ifesworld.org\/wp-content\/uploads\/2018\/03\/180327-Rwanda.jpg\",\"datePublished\":\"2018-03-27T22:00:00+00:00\",\"dateModified\":\"2019-06-05T15:00:00+00:00\",\"description\":\"Son las 5 de la tarde de un lunes. Los estudiantes de GBUR Ruanda est\u00e1n dirigi\u00e9ndose a una peque\u00f1a sala en su campus. Orar\u00e1n juntos durante 30 minutos.\",\"breadcrumb\":{\"@id\":\"https:\/\/ifesworld.org\/es\/prayerline\/ora-por-los-estudiantes-ruandeses-que-alcanzan-a-sus-amigos\/#breadcrumb\"},\"inLanguage\":\"es\",\"potentialAction\":[{\"@type\":\"ReadAction\",\"target\":[\"https:\/\/ifesworld.org\/es\/prayerline\/ora-por-los-estudiantes-ruandeses-que-alcanzan-a-sus-amigos\/\"]}]},{\"@type\":\"ImageObject\",\"inLanguage\":\"es\",\"@id\":\"https:\/\/ifesworld.org\/es\/prayerline\/ora-por-los-estudiantes-ruandeses-que-alcanzan-a-sus-amigos\/#primaryimage\",\"url\":\"https:\/\/fru.ifesworld.org\/wp-content\/uploads\/2018\/03\/180327-Rwanda.jpg\",\"contentUrl\":\"https:\/\/fru.ifesworld.org\/wp-content\/uploads\/2018\/03\/180327-Rwanda.jpg\",\"width\":1280,\"height\":720,\"caption\":\"180327-Rwanda\"},{\"@type\":\"BreadcrumbList\",\"@id\":\"https:\/\/ifesworld.org\/es\/prayerline\/ora-por-los-estudiantes-ruandeses-que-alcanzan-a-sus-amigos\/#breadcrumb\",\"itemListElement\":[{\"@type\":\"ListItem\",\"position\":1,\"name\":\"Home\",\"item\":\"https:\/\/ifesworld.org\/es\/\"},{\"@type\":\"ListItem\",\"position\":2,\"name\":\"Prayerline\",\"item\":\"https:\/\/ifesworld.org\/en\/prayerline\/\"},{\"@type\":\"ListItem\",\"position\":3,\"name\":\"Ora por los estudiantes ruandeses que alcanzan a sus amigos\"}]},{\"@type\":\"WebSite\",\"@id\":\"https:\/\/fru.ifesworld.org\/en\/#website\",\"url\":\"https:\/\/fru.ifesworld.org\/en\/\",\"name\":\"IFES\",\"description\":\"A movement of students sharing and living out the good news of Jesus Christ. Locally. Nationally. Globally.\",\"publisher\":{\"@id\":\"https:\/\/fru.ifesworld.org\/en\/#organization\"},\"potentialAction\":[{\"@type\":\"SearchAction\",\"target\":{\"@type\":\"EntryPoint\",\"urlTemplate\":\"https:\/\/fru.ifesworld.org\/en\/?s={search_term_string}\"},\"query-input\":\"required name=search_term_string\"}],\"inLanguage\":\"es\"},{\"@type\":\"Organization\",\"@id\":\"https:\/\/fru.ifesworld.org\/en\/#organization\",\"name\":\"IFES \u00b7 International Fellowship of Evangelical Students\",\"url\":\"https:\/\/fru.ifesworld.org\/en\/\",\"logo\":{\"@type\":\"ImageObject\",\"inLanguage\":\"es\",\"@id\":\"https:\/\/fru.ifesworld.org\/en\/#\/schema\/logo\/image\/\",\"url\":\"https:\/\/fru.ifesworld.org\/wp-content\/uploads\/2019\/06\/ifeslogo.png\",\"contentUrl\":\"https:\/\/fru.ifesworld.org\/wp-content\/uploads\/2019\/06\/ifeslogo.png\",\"width\":262,\"height\":262,\"caption\":\"IFES \u00b7 International Fellowship of Evangelical Students\"},\"image\":{\"@id\":\"https:\/\/fru.ifesworld.org\/en\/#\/schema\/logo\/image\/\"}}]}<\/script>\n<!-- \/ Yoast SEO plugin. -->","yoast_head_json":{"title":"Ora por los estudiantes ruandeses que alcanzan a sus amigos &#183; IFES Prayerline","description":"Son las 5 de la tarde de un lunes. Los estudiantes de GBUR Ruanda est\u00e1n dirigi\u00e9ndose a una peque\u00f1a sala en su campus. Orar\u00e1n juntos durante 30 minutos.","robots":{"index":"noindex","follow":"follow","max-snippet":"max-snippet:-1","max-image-preview":"max-image-preview:large","max-video-preview":"max-video-preview:-1"},"og_locale":"es_ES","og_type":"article","og_title":"Ora por los estudiantes ruandeses que alcanzan a sus amigos &#183; IFES Prayerline","og_description":"Son las 5 de la tarde de un lunes. Los estudiantes de GBUR Ruanda est\u00e1n dirigi\u00e9ndose a una peque\u00f1a sala en su campus. Orar\u00e1n juntos durante 30 minutos.","og_url":"https:\/\/ifesworld.org\/es\/prayerline\/ora-por-los-estudiantes-ruandeses-que-alcanzan-a-sus-amigos\/","og_site_name":"IFES","article_modified_time":"2019-06-05T15:00:00+00:00","og_image":[{"width":1280,"height":720,"url":"https:\/\/ifesworld.org\/wp-content\/uploads\/2018\/03\/180327-Rwanda.jpg","type":"image\/jpeg"}],"twitter_card":"summary_large_image","twitter_misc":{"Tiempo de lectura":"2 minutos"},"schema":{"@context":"https:\/\/schema.org","@graph":[{"@type":"WebPage","@id":"https:\/\/ifesworld.org\/es\/prayerline\/ora-por-los-estudiantes-ruandeses-que-alcanzan-a-sus-amigos\/","url":"https:\/\/ifesworld.org\/es\/prayerline\/ora-por-los-estudiantes-ruandeses-que-alcanzan-a-sus-amigos\/","name":"Ora por los estudiantes ruandeses que alcanzan a sus amigos &#183; IFES Prayerline","isPartOf":{"@id":"https:\/\/fru.ifesworld.org\/en\/#website"},"primaryImageOfPage":{"@id":"https:\/\/ifesworld.org\/es\/prayerline\/ora-por-los-estudiantes-ruandeses-que-alcanzan-a-sus-amigos\/#primaryimage"},"image":{"@id":"https:\/\/ifesworld.org\/es\/prayerline\/ora-por-los-estudiantes-ruandeses-que-alcanzan-a-sus-amigos\/#primaryimage"},"thumbnailUrl":"https:\/\/fru.ifesworld.org\/wp-content\/uploads\/2018\/03\/180327-Rwanda.jpg","datePublished":"2018-03-27T22:00:00+00:00","dateModified":"2019-06-05T15:00:00+00:00","description":"Son las 5 de la tarde de un lunes. Los estudiantes de GBUR Ruanda est\u00e1n dirigi\u00e9ndose a una peque\u00f1a sala en su campus. Orar\u00e1n juntos durante 30 minutos.","breadcrumb":{"@id":"https:\/\/ifesworld.org\/es\/prayerline\/ora-por-los-estudiantes-ruandeses-que-alcanzan-a-sus-amigos\/#breadcrumb"},"inLanguage":"es","potentialAction":[{"@type":"ReadAction","target":["https:\/\/ifesworld.org\/es\/prayerline\/ora-por-los-estudiantes-ruandeses-que-alcanzan-a-sus-amigos\/"]}]},{"@type":"ImageObject","inLanguage":"es","@id":"https:\/\/ifesworld.org\/es\/prayerline\/ora-por-los-estudiantes-ruandeses-que-alcanzan-a-sus-amigos\/#primaryimage","url":"https:\/\/fru.ifesworld.org\/wp-content\/uploads\/2018\/03\/180327-Rwanda.jpg","contentUrl":"https:\/\/fru.ifesworld.org\/wp-content\/uploads\/2018\/03\/180327-Rwanda.jpg","width":1280,"height":720,"caption":"180327-Rwanda"},{"@type":"BreadcrumbList","@id":"https:\/\/ifesworld.org\/es\/prayerline\/ora-por-los-estudiantes-ruandeses-que-alcanzan-a-sus-amigos\/#breadcrumb","itemListElement":[{"@type":"ListItem","position":1,"name":"Home","item":"https:\/\/ifesworld.org\/es\/"},{"@type":"ListItem","position":2,"name":"Prayerline","item":"https:\/\/ifesworld.org\/en\/prayerline\/"},{"@type":"ListItem","position":3,"name":"Ora por los estudiantes ruandeses que alcanzan a sus amigos"}]},{"@type":"WebSite","@id":"https:\/\/fru.ifesworld.org\/en\/#website","url":"https:\/\/fru.ifesworld.org\/en\/","name":"IFES","description":"A movement of students sharing and living out the good news of Jesus Christ. Locally. Nationally. Globally.","publisher":{"@id":"https:\/\/fru.ifesworld.org\/en\/#organization"},"potentialAction":[{"@type":"SearchAction","target":{"@type":"EntryPoint","urlTemplate":"https:\/\/fru.ifesworld.org\/en\/?s={search_term_string}"},"query-input":"required name=search_term_string"}],"inLanguage":"es"},{"@type":"Organization","@id":"https:\/\/fru.ifesworld.org\/en\/#organization","name":"IFES \u00b7 International Fellowship of Evangelical Students","url":"https:\/\/fru.ifesworld.org\/en\/","logo":{"@type":"ImageObject","inLanguage":"es","@id":"https:\/\/fru.ifesworld.org\/en\/#\/schema\/logo\/image\/","url":"https:\/\/fru.ifesworld.org\/wp-content\/uploads\/2019\/06\/ifeslogo.png","contentUrl":"https:\/\/fru.ifesworld.org\/wp-content\/uploads\/2019\/06\/ifeslogo.png","width":262,"height":262,"caption":"IFES \u00b7 International Fellowship of Evangelical Students"},"image":{"@id":"https:\/\/fru.ifesworld.org\/en\/#\/schema\/logo\/image\/"}}]}},"_links":{"self":[{"href":"https:\/\/fru.ifesworld.org\/es\/wp-json\/wp\/v2\/prayerline\/2235"}],"collection":[{"href":"https:\/\/fru.ifesworld.org\/es\/wp-json\/wp\/v2\/prayerline"}],"about":[{"href":"https:\/\/fru.ifesworld.org\/es\/wp-json\/wp\/v2\/types\/prayerline"}],"wp:featuredmedia":[{"embeddable":true,"href":"https:\/\/fru.ifesworld.org\/es\/wp-json\/wp\/v2\/media\/3190"}],"wp:attachment":[{"href":"https:\/\/fru.ifesworld.org\/es\/wp-json\/wp\/v2\/media?parent=2235"}],"wp:term":[{"taxonomy":"area","embeddable":true,"href":"https:\/\/fru.ifesworld.org\/es\/wp-json\/wp\/v2\/area?post=2235"},{"taxonomy":"theme","embeddable":true,"href":"https:\/\/fru.ifesworld.org\/es\/wp-json\/wp\/v2\/theme?post=2235"}],"curies":[{"name":"wp","href":"https:\/\/api.w.org\/{rel}","templated":true}]}}