{"id":20188,"date":"2022-10-18T10:19:29","date_gmt":"2022-10-18T09:19:29","guid":{"rendered":"https:\/\/fru.ifesworld.org\/?post_type=prayerline&#038;p=20188"},"modified":"2022-10-18T10:31:24","modified_gmt":"2022-10-18T09:31:24","slug":"una-invitacion-especial-para-unirte-a-nosotros-en-el-dia-mundial-del-estudiante","status":"publish","type":"prayerline","link":"https:\/\/fru.ifesworld.org\/es\/prayerline\/una-invitacion-especial-para-unirte-a-nosotros-en-el-dia-mundial-del-estudiante\/","title":{"rendered":"Una invitaci\u00f3n especial para unirte a nosotros en el D\u00eda Mundial del Estudiante"},"content":{"rendered":"<div class=\"wp-block block-core-paragraph\">\n<p>En esta edici\u00f3n especial de Prayerline, compartiremos peticiones de oraci\u00f3n de obreros y estudiantes de casi 80 pa\u00edses para que oremos en el D\u00eda Mundial del Estudiante de este a\u00f1o.&nbsp;&nbsp;<\/p>\n<\/div>\n\n<div class=\"wp-block block-core-paragraph\">\n<p>Te damos las gracias por tu fidelidad orando todo el a\u00f1o por los estudiantes del mundo por medio de Prayerline. Este ministerio no puede continuar sin tu fiel intercesi\u00f3n. Si no has hecho planes a\u00fan para ello, nos encantar\u00eda que te unieras a nosotros este a\u00f1o cuando oremos para que Dios renueve nuestra pasi\u00f3n por el Evangelio y nuestras fuerzas en el ministerio estudiantil en los campus de todo el mundo.\u00a0<\/p>\n<\/div>\n\n\n<figure class=\"wp-block-image size-full\"><img decoding=\"async\" src=\"https:\/\/fru.ifesworld.org\/wp-content\/uploads\/2022\/10\/Capture-decran-2022-10-18-101657.jpg\" alt=\"\" class=\"wp-image-20189\"\/><\/figure>\n\n\n<div class=\"wp-block block-core-paragraph\">\n<p><\/p>\n<\/div>\n\n<div class=\"wp-block block-core-columns\">\n<div class=\"wp-block-columns is-layout-flex wp-container-core-columns-is-layout-1 wp-block-columns-is-layout-flex\">\n<div class=\"wp-block-column is-layout-flow wp-block-column-is-layout-flow\"><div class=\"wp-block block-acf-ifesbutton\">\n<div class=\"\">\n    <a id=\"btn-block_634e6f3bbba0c\" target=\"_blank\" href=\"https:\/\/fru.ifesworld.org\/es\/prayerline\/ora-por-los-estudiantes-de-todo-el-mundo\/\" class=\"btn btn--world-student-day\">\n        <span>\n        Ver todas las peticiones        <\/span>\n    <\/a>\n<\/div>\n\n<\/div><\/div>\n\n\n\n<div class=\"wp-block-column is-layout-flow wp-block-column-is-layout-flow\"><div class=\"wp-block block-acf-ifesbutton\">\n<div class=\"\">\n    <a id=\"btn-block_634e6f69bba0d\" target=\"_blank\" href=\"https:\/\/fru.ifesworld.org\/es\/dme-add\/\" class=\"btn btn--world-student-day\">\n        <span>\n        A\u00f1\u00e1dete en el mapa        <\/span>\n    <\/a>\n<\/div>\n\n<\/div><\/div>\n\n\n\n<div class=\"wp-block-column is-layout-flow wp-block-column-is-layout-flow\"><div class=\"wp-block block-acf-ifesbutton\">\n<div class=\"\">\n    <a id=\"btn-block_634e6f79bba0e\" target=\"_blank\" href=\"https:\/\/fru.ifesworld.org\/es\/recursos\/\" class=\"btn btn--world-student-day\">\n        <span>\n        Prep\u00e1rate para orar        <\/span>\n    <\/a>\n<\/div>\n\n<\/div><\/div>\n<\/div>\n<\/div>\n\n<div class=\"wp-block block-core-paragraph\">\n<p>Cuando nos apoyamos los unos a los otros en oraci\u00f3n, nos levantamos ante Dios que es grande para escucharnos y recibirnos con gozo. Esperamos formar parte de algo especial el viernes y esperamos que te puedas a unir a nosotros tambi\u00e9n.\u00a0\u00a0<\/p>\n<\/div>\n\n<div class=\"wp-block block-core-verse\">\n<pre class=\"wp-block-verse\">\u201c\u00a1Voy a hacer algo nuevo! \u2018Ya est\u00e1 sucediendo, \u00bfno se dan cuenta? Estoy abriendo un camino en el desierto, y r\u00edos en lugares desolados\u00bb Isa\u00edas 43:19&nbsp;<\/pre>\n<\/div>","protected":false},"featured_media":0,"template":"","area":[],"theme":[],"class_list":["post-20188","prayerline","type-prayerline","status-publish","hentry"],"acf":[],"yoast_head":"<!-- This site is optimized with the Yoast SEO plugin v22.6 - https:\/\/yoast.com\/wordpress\/plugins\/seo\/ -->\n<title>Una invitaci\u00f3n especial para unirte a nosotros en el D\u00eda Mundial del Estudiante &#183; IFES Prayerline<\/title>\n<meta name=\"description\" content=\"En esta edici\u00f3n especial de Prayerline, compartiremos peticiones de oraci\u00f3n de obreros y estudiantes de casi 80 pa\u00edses para que oremos en el D\u00eda Mundial\" \/>\n<meta name=\"robots\" content=\"noindex, follow, max-snippet:-1, max-image-preview:large, max-video-preview:-1\" \/>\n<meta property=\"og:locale\" content=\"es_ES\" \/>\n<meta property=\"og:type\" content=\"article\" \/>\n<meta property=\"og:title\" content=\"Una invitaci\u00f3n especial para unirte a nosotros en el D\u00eda Mundial del Estudiante &#183; IFES Prayerline\" \/>\n<meta property=\"og:description\" content=\"En esta edici\u00f3n especial de Prayerline, compartiremos peticiones de oraci\u00f3n de obreros y estudiantes de casi 80 pa\u00edses para que oremos en el D\u00eda Mundial\" \/>\n<meta property=\"og:url\" content=\"https:\/\/ifesworld.org\/es\/prayerline\/una-invitacion-especial-para-unirte-a-nosotros-en-el-dia-mundial-del-estudiante\/\" \/>\n<meta property=\"og:site_name\" content=\"IFES\" \/>\n<meta property=\"article:modified_time\" content=\"2022-10-18T09:31:24+00:00\" \/>\n<meta property=\"og:image\" content=\"https:\/\/ifesworld.org\/wp-content\/uploads\/2022\/09\/Wordpress-Banner_Spanish.png\" \/>\n\t<meta property=\"og:image:width\" content=\"1025\" \/>\n\t<meta property=\"og:image:height\" content=\"400\" \/>\n\t<meta property=\"og:image:type\" content=\"image\/png\" \/>\n<meta name=\"twitter:card\" content=\"summary_large_image\" \/>\n<meta name=\"twitter:label1\" content=\"Tiempo de lectura\" \/>\n\t<meta name=\"twitter:data1\" content=\"1 minuto\" \/>\n<script type=\"application\/ld+json\" class=\"yoast-schema-graph\">{\"@context\":\"https:\/\/schema.org\",\"@graph\":[{\"@type\":\"WebPage\",\"@id\":\"https:\/\/ifesworld.org\/es\/prayerline\/una-invitacion-especial-para-unirte-a-nosotros-en-el-dia-mundial-del-estudiante\/\",\"url\":\"https:\/\/ifesworld.org\/es\/prayerline\/una-invitacion-especial-para-unirte-a-nosotros-en-el-dia-mundial-del-estudiante\/\",\"name\":\"Una invitaci\u00f3n especial para unirte a nosotros en el D\u00eda Mundial del Estudiante &#183; IFES Prayerline\",\"isPartOf\":{\"@id\":\"https:\/\/fru.ifesworld.org\/en\/#website\"},\"primaryImageOfPage\":{\"@id\":\"https:\/\/ifesworld.org\/es\/prayerline\/una-invitacion-especial-para-unirte-a-nosotros-en-el-dia-mundial-del-estudiante\/#primaryimage\"},\"image\":{\"@id\":\"https:\/\/ifesworld.org\/es\/prayerline\/una-invitacion-especial-para-unirte-a-nosotros-en-el-dia-mundial-del-estudiante\/#primaryimage\"},\"thumbnailUrl\":\"https:\/\/fru.ifesworld.org\/wp-content\/uploads\/2022\/10\/Capture-decran-2022-10-18-101657.jpg\",\"datePublished\":\"2022-10-18T09:19:29+00:00\",\"dateModified\":\"2022-10-18T09:31:24+00:00\",\"description\":\"En esta edici\u00f3n especial de Prayerline, compartiremos peticiones de oraci\u00f3n de obreros y estudiantes de casi 80 pa\u00edses para que oremos en el D\u00eda Mundial\",\"breadcrumb\":{\"@id\":\"https:\/\/ifesworld.org\/es\/prayerline\/una-invitacion-especial-para-unirte-a-nosotros-en-el-dia-mundial-del-estudiante\/#breadcrumb\"},\"inLanguage\":\"es\",\"potentialAction\":[{\"@type\":\"ReadAction\",\"target\":[\"https:\/\/ifesworld.org\/es\/prayerline\/una-invitacion-especial-para-unirte-a-nosotros-en-el-dia-mundial-del-estudiante\/\"]}]},{\"@type\":\"ImageObject\",\"inLanguage\":\"es\",\"@id\":\"https:\/\/ifesworld.org\/es\/prayerline\/una-invitacion-especial-para-unirte-a-nosotros-en-el-dia-mundial-del-estudiante\/#primaryimage\",\"url\":\"https:\/\/fru.ifesworld.org\/wp-content\/uploads\/2022\/10\/Capture-decran-2022-10-18-101657.jpg\",\"contentUrl\":\"https:\/\/fru.ifesworld.org\/wp-content\/uploads\/2022\/10\/Capture-decran-2022-10-18-101657.jpg\"},{\"@type\":\"BreadcrumbList\",\"@id\":\"https:\/\/ifesworld.org\/es\/prayerline\/una-invitacion-especial-para-unirte-a-nosotros-en-el-dia-mundial-del-estudiante\/#breadcrumb\",\"itemListElement\":[{\"@type\":\"ListItem\",\"position\":1,\"name\":\"Home\",\"item\":\"https:\/\/ifesworld.org\/es\/\"},{\"@type\":\"ListItem\",\"position\":2,\"name\":\"Prayerline\",\"item\":\"https:\/\/ifesworld.org\/en\/prayerline\/\"},{\"@type\":\"ListItem\",\"position\":3,\"name\":\"Una invitaci\u00f3n especial para unirte a nosotros en el D\u00eda Mundial del Estudiante\"}]},{\"@type\":\"WebSite\",\"@id\":\"https:\/\/fru.ifesworld.org\/en\/#website\",\"url\":\"https:\/\/fru.ifesworld.org\/en\/\",\"name\":\"IFES\",\"description\":\"A movement of students sharing and living out the good news of Jesus Christ. Locally. Nationally. Globally.\",\"publisher\":{\"@id\":\"https:\/\/fru.ifesworld.org\/en\/#organization\"},\"potentialAction\":[{\"@type\":\"SearchAction\",\"target\":{\"@type\":\"EntryPoint\",\"urlTemplate\":\"https:\/\/fru.ifesworld.org\/en\/?s={search_term_string}\"},\"query-input\":\"required name=search_term_string\"}],\"inLanguage\":\"es\"},{\"@type\":\"Organization\",\"@id\":\"https:\/\/fru.ifesworld.org\/en\/#organization\",\"name\":\"IFES \u00b7 International Fellowship of Evangelical Students\",\"url\":\"https:\/\/fru.ifesworld.org\/en\/\",\"logo\":{\"@type\":\"ImageObject\",\"inLanguage\":\"es\",\"@id\":\"https:\/\/fru.ifesworld.org\/en\/#\/schema\/logo\/image\/\",\"url\":\"https:\/\/fru.ifesworld.org\/wp-content\/uploads\/2019\/06\/ifeslogo.png\",\"contentUrl\":\"https:\/\/fru.ifesworld.org\/wp-content\/uploads\/2019\/06\/ifeslogo.png\",\"width\":262,\"height\":262,\"caption\":\"IFES \u00b7 International Fellowship of Evangelical Students\"},\"image\":{\"@id\":\"https:\/\/fru.ifesworld.org\/en\/#\/schema\/logo\/image\/\"}}]}<\/script>\n<!-- \/ Yoast SEO plugin. -->","yoast_head_json":{"title":"Una invitaci\u00f3n especial para unirte a nosotros en el D\u00eda Mundial del Estudiante &#183; IFES Prayerline","description":"En esta edici\u00f3n especial de Prayerline, compartiremos peticiones de oraci\u00f3n de obreros y estudiantes de casi 80 pa\u00edses para que oremos en el D\u00eda Mundial","robots":{"index":"noindex","follow":"follow","max-snippet":"max-snippet:-1","max-image-preview":"max-image-preview:large","max-video-preview":"max-video-preview:-1"},"og_locale":"es_ES","og_type":"article","og_title":"Una invitaci\u00f3n especial para unirte a nosotros en el D\u00eda Mundial del Estudiante &#183; IFES Prayerline","og_description":"En esta edici\u00f3n especial de Prayerline, compartiremos peticiones de oraci\u00f3n de obreros y estudiantes de casi 80 pa\u00edses para que oremos en el D\u00eda Mundial","og_url":"https:\/\/ifesworld.org\/es\/prayerline\/una-invitacion-especial-para-unirte-a-nosotros-en-el-dia-mundial-del-estudiante\/","og_site_name":"IFES","article_modified_time":"2022-10-18T09:31:24+00:00","og_image":[{"width":1025,"height":400,"url":"https:\/\/ifesworld.org\/wp-content\/uploads\/2022\/09\/Wordpress-Banner_Spanish.png","type":"image\/png"}],"twitter_card":"summary_large_image","twitter_misc":{"Tiempo de lectura":"1 minuto"},"schema":{"@context":"https:\/\/schema.org","@graph":[{"@type":"WebPage","@id":"https:\/\/ifesworld.org\/es\/prayerline\/una-invitacion-especial-para-unirte-a-nosotros-en-el-dia-mundial-del-estudiante\/","url":"https:\/\/ifesworld.org\/es\/prayerline\/una-invitacion-especial-para-unirte-a-nosotros-en-el-dia-mundial-del-estudiante\/","name":"Una invitaci\u00f3n especial para unirte a nosotros en el D\u00eda Mundial del Estudiante &#183; IFES Prayerline","isPartOf":{"@id":"https:\/\/fru.ifesworld.org\/en\/#website"},"primaryImageOfPage":{"@id":"https:\/\/ifesworld.org\/es\/prayerline\/una-invitacion-especial-para-unirte-a-nosotros-en-el-dia-mundial-del-estudiante\/#primaryimage"},"image":{"@id":"https:\/\/ifesworld.org\/es\/prayerline\/una-invitacion-especial-para-unirte-a-nosotros-en-el-dia-mundial-del-estudiante\/#primaryimage"},"thumbnailUrl":"https:\/\/fru.ifesworld.org\/wp-content\/uploads\/2022\/10\/Capture-decran-2022-10-18-101657.jpg","datePublished":"2022-10-18T09:19:29+00:00","dateModified":"2022-10-18T09:31:24+00:00","description":"En esta edici\u00f3n especial de Prayerline, compartiremos peticiones de oraci\u00f3n de obreros y estudiantes de casi 80 pa\u00edses para que oremos en el D\u00eda Mundial","breadcrumb":{"@id":"https:\/\/ifesworld.org\/es\/prayerline\/una-invitacion-especial-para-unirte-a-nosotros-en-el-dia-mundial-del-estudiante\/#breadcrumb"},"inLanguage":"es","potentialAction":[{"@type":"ReadAction","target":["https:\/\/ifesworld.org\/es\/prayerline\/una-invitacion-especial-para-unirte-a-nosotros-en-el-dia-mundial-del-estudiante\/"]}]},{"@type":"ImageObject","inLanguage":"es","@id":"https:\/\/ifesworld.org\/es\/prayerline\/una-invitacion-especial-para-unirte-a-nosotros-en-el-dia-mundial-del-estudiante\/#primaryimage","url":"https:\/\/fru.ifesworld.org\/wp-content\/uploads\/2022\/10\/Capture-decran-2022-10-18-101657.jpg","contentUrl":"https:\/\/fru.ifesworld.org\/wp-content\/uploads\/2022\/10\/Capture-decran-2022-10-18-101657.jpg"},{"@type":"BreadcrumbList","@id":"https:\/\/ifesworld.org\/es\/prayerline\/una-invitacion-especial-para-unirte-a-nosotros-en-el-dia-mundial-del-estudiante\/#breadcrumb","itemListElement":[{"@type":"ListItem","position":1,"name":"Home","item":"https:\/\/ifesworld.org\/es\/"},{"@type":"ListItem","position":2,"name":"Prayerline","item":"https:\/\/ifesworld.org\/en\/prayerline\/"},{"@type":"ListItem","position":3,"name":"Una invitaci\u00f3n especial para unirte a nosotros en el D\u00eda Mundial del Estudiante"}]},{"@type":"WebSite","@id":"https:\/\/fru.ifesworld.org\/en\/#website","url":"https:\/\/fru.ifesworld.org\/en\/","name":"IFES","description":"A movement of students sharing and living out the good news of Jesus Christ. Locally. Nationally. Globally.","publisher":{"@id":"https:\/\/fru.ifesworld.org\/en\/#organization"},"potentialAction":[{"@type":"SearchAction","target":{"@type":"EntryPoint","urlTemplate":"https:\/\/fru.ifesworld.org\/en\/?s={search_term_string}"},"query-input":"required name=search_term_string"}],"inLanguage":"es"},{"@type":"Organization","@id":"https:\/\/fru.ifesworld.org\/en\/#organization","name":"IFES \u00b7 International Fellowship of Evangelical Students","url":"https:\/\/fru.ifesworld.org\/en\/","logo":{"@type":"ImageObject","inLanguage":"es","@id":"https:\/\/fru.ifesworld.org\/en\/#\/schema\/logo\/image\/","url":"https:\/\/fru.ifesworld.org\/wp-content\/uploads\/2019\/06\/ifeslogo.png","contentUrl":"https:\/\/fru.ifesworld.org\/wp-content\/uploads\/2019\/06\/ifeslogo.png","width":262,"height":262,"caption":"IFES \u00b7 International Fellowship of Evangelical Students"},"image":{"@id":"https:\/\/fru.ifesworld.org\/en\/#\/schema\/logo\/image\/"}}]}},"_links":{"self":[{"href":"https:\/\/fru.ifesworld.org\/es\/wp-json\/wp\/v2\/prayerline\/20188"}],"collection":[{"href":"https:\/\/fru.ifesworld.org\/es\/wp-json\/wp\/v2\/prayerline"}],"about":[{"href":"https:\/\/fru.ifesworld.org\/es\/wp-json\/wp\/v2\/types\/prayerline"}],"wp:attachment":[{"href":"https:\/\/fru.ifesworld.org\/es\/wp-json\/wp\/v2\/media?parent=20188"}],"wp:term":[{"taxonomy":"area","embeddable":true,"href":"https:\/\/fru.ifesworld.org\/es\/wp-json\/wp\/v2\/area?post=20188"},{"taxonomy":"theme","embeddable":true,"href":"https:\/\/fru.ifesworld.org\/es\/wp-json\/wp\/v2\/theme?post=20188"}],"curies":[{"name":"wp","href":"https:\/\/api.w.org\/{rel}","templated":true}]}}