{"id":18677,"date":"2022-04-26T08:55:05","date_gmt":"2022-04-26T07:55:05","guid":{"rendered":"https:\/\/fru.ifesworld.org\/?post_type=prayerline&#038;p=18677"},"modified":"2022-04-26T08:58:04","modified_gmt":"2022-04-26T07:58:04","slug":"los-jovenes-lideres-que-estan-surgiendo-en-paises-cerrados-necesitan-fuerzas-para-seguir-adelante","status":"publish","type":"prayerline","link":"https:\/\/fru.ifesworld.org\/es\/prayerline\/los-jovenes-lideres-que-estan-surgiendo-en-paises-cerrados-necesitan-fuerzas-para-seguir-adelante\/","title":{"rendered":"Los j\u00f3venes l\u00edderes que est\u00e1n surgiendo en pa\u00edses cerrados necesitan fuerzas para seguir adelante"},"content":{"rendered":"<div class=\"wp-block block-core-paragraph\">\n<p>Algunos pa\u00edses de Oriente Medio llevan muchos a\u00f1os pasando por una crisis humanitaria extrema. El pa\u00eds al que dedicamos Prayerline esta semana ha estado envuelto en un conflicto desde hace mucho tiempo, con diferentes grupos ocupando el poder en diferentes regiones. Una gran proporci\u00f3n de la poblaci\u00f3n necesita ayuda alimentaria. La mayor\u00eda de las personas no tiene electricidad y las facciones m\u00e1s poderosas del islam extremista se est\u00e1n expandiendo y amenazando la seguridad de todos los habitantes del pa\u00eds.&nbsp;<\/p>\n<\/div>\n\n<div class=\"wp-block block-core-paragraph\">\n<p>No obstante, hay vida en medio del desierto. Dios ha estado obrando y llamando a personas a seguirlo. La iglesia clandestina est\u00e1 creciendo y el ministerio estudiantil est\u00e1 floreciendo. Hay cuatro obreros de IFES trabajando en este pa\u00eds.&nbsp;<\/p>\n<\/div>\n\n<div class=\"wp-block block-core-paragraph\">\n<p>Hace poco, el secretario general del movimiento estudiantil de este pa\u00eds fue expuesto, amenazado y se vio obligado a huir del pa\u00eds. Esto fue el catalizador para que unos diez hermanos se reunieran en una conferencia de formaci\u00f3n para ser fortalecidos y capacitados para seguir con el ministerio estudiantil. Estudiaron la Biblia de forma intensiva durante varios d\u00edas. Uno de los asistentes, que es conocido entre sus vecinos por hablar de Jes\u00fas, se regocij\u00f3 porque recibi\u00f3 \u201cuna formaci\u00f3n completa de la Biblia entera. Ahora tengo m\u00e1s seguridad en lo que creo y mi fe se ha visto fortalecida\u201d.&nbsp;<\/p>\n<\/div>\n\n<div class=\"wp-block block-core-paragraph\">\n<p>El Secretario Regional de IFES <a href=\"https:\/\/fru.ifesworld.org\/es\/region\/mena\/\" target=\"_blank\" rel=\"noreferrer noopener\">MENA<\/a>, Jamil, comparte que fue \u201cuna experiencia maravillosa estar en presencia de estos hermanos tan deseosos, animados, valientes y fervorosos en su amor por Jes\u00fas y su deseo de compartir el evangelio\u201d.&nbsp;<\/p>\n<\/div>\n\n<div class=\"wp-block block-core-paragraph\">\n<p>Leamos uno de los muchos testimonios que se compartieron en el encuentro:&nbsp;&nbsp;<\/p>\n<\/div>\n\n<div class=\"wp-block block-core-paragraph\">\n<p>\u201cHace poco me detuvo la polic\u00eda. Un oficial encontr\u00f3 un trozo de papel en el coche con unas palabras escritas en \u00e1rabe, del libro de Isa\u00edas:&nbsp;&nbsp;<\/p>\n<\/div>\n\n<div class=\"wp-block block-core-paragraph\">\n<p>\u2018As\u00ed que no temas, porque yo estoy contigo; no te angusties, porque yo soy tu Dios. Te fortalecer\u00e9 y te ayudar\u00e9; te sostendr\u00e9 con mi diestra victoriosa\u2019.&nbsp;<\/p>\n<\/div>\n\n<div class=\"wp-block block-core-paragraph\">\n<p>\u201cEl papel no mencionaba de d\u00f3nde estaban sacadas estas palabras. Sent\u00ed una mezcla de emociones al o\u00edr al oficial leer el vers\u00edculo en alto; el mismo hombre al que le hab\u00edan ordenado que me detuviera estaba ofreci\u00e9ndome consuelo y tranquilidad sin darse cuenta al leer este vers\u00edculo.&nbsp;<\/p>\n<\/div>\n\n<div class=\"wp-block block-core-paragraph\">\n<p>\u201cPas\u00e9 una semana en la comisar\u00eda. Mientras estuve all\u00ed, la polic\u00eda fue a mi casa, se llev\u00f3 mi ordenador y le dijo a mi esposa que me dejara. Ella respondi\u00f3 que lo \u00fanico que ve en m\u00ed es amor, cari\u00f1o y compasi\u00f3n por los dem\u00e1s. Al final decidieron que me llevar\u00edan a un centro de detenci\u00f3n, lejos de la ciudad. No hay ning\u00fan registro de tu detenci\u00f3n all\u00ed y no puedes comunicarte con nadie en el exterior. Es un lugar de tortura y hay gente que pasa all\u00ed meses o a\u00f1os o que incluso desaparece del todo. Sin embargo, cuando \u00edbamos de camino hacia all\u00ed, el inspector recibi\u00f3 una llamada dici\u00e9ndole que se diera la vuelta y volviera a la comisar\u00eda.&nbsp;&nbsp;<\/p>\n<\/div>\n\n<div class=\"wp-block block-core-paragraph\">\n<p>\u201cYo no sab\u00eda qu\u00e9 hab\u00eda ocurrido, pero una vez de vuelta en la comisar\u00eda, el inspector me dijo: \u2018Nos has causado problemas\u2019. Le ped\u00ed disculpas por ello. Seis horas m\u00e1s tarde el inspector me pidi\u00f3 a m\u00ed disculpas por las molestias y me dijo que me pod\u00eda marchar.&nbsp;<\/p>\n<\/div>\n\n<div class=\"wp-block block-core-paragraph\">\n<p>\u201cNo s\u00e9 por qu\u00e9 ten\u00eda ese trozo de papel en el coche. Reparto muchos folletos y Nuevos Testamentos a la gente con la que me encuentro. Me alegro de que ese inspector de polic\u00eda haya podido leer una copia de esas palabras de Isa\u00edas\u201d.&nbsp;<\/p>\n<\/div>\n\n<div class=\"wp-block block-core-paragraph\">\n<p>Ora por estos l\u00edderes estrat\u00e9gicos de este pa\u00eds:&nbsp;<\/p>\n<\/div>\n\n<div class=\"wp-block block-core-list\">\n<ul><li>Ora por la seguridad de los obreros. El hermano que comparti\u00f3 el testimonio anterior pas\u00f3 dos o tres meses en un pa\u00eds m\u00e1s seguro, pero ahora ha regresado a su pa\u00eds natal diciendo que \u201csi muero, morir\u00e9 en mi pa\u00eds\u201d.\u00a0<\/li><li>Da gracias a Dios porque \u00c9l ha mantenido con bien a los asistentes del encuentro, porque han crecido espiritualmente y porque han tenido un encuentro provechoso. Ora para que la cosecha entre los estudiantes sea grande durante los pr\u00f3ximos meses.\u00a0<\/li><li>Ora para que la esperanza, paz y luz de Jes\u00fas se manifiesten en Oriente Medio.\u00a0<\/li><\/ul>\n<\/div>","protected":false},"featured_media":0,"template":"","area":[709],"theme":[],"class_list":["post-18677","prayerline","type-prayerline","status-publish","hentry","area-medio-oriente-y-africa-del-norte"],"acf":[],"yoast_head":"<!-- This site is optimized with the Yoast SEO plugin v22.6 - https:\/\/yoast.com\/wordpress\/plugins\/seo\/ -->\n<title>Los j\u00f3venes l\u00edderes que est\u00e1n surgiendo en pa\u00edses cerrados necesitan fuerzas para seguir adelante &#183; IFES Prayerline<\/title>\n<meta name=\"description\" content=\"Algunos pa\u00edses de Oriente Medio llevan muchos a\u00f1os pasando por una crisis humanitaria extrema. El pa\u00eds al que dedicamos Prayerline esta semana ha estado\" \/>\n<meta name=\"robots\" content=\"noindex, follow, max-snippet:-1, max-image-preview:large, max-video-preview:-1\" \/>\n<meta property=\"og:locale\" content=\"es_ES\" \/>\n<meta property=\"og:type\" content=\"article\" \/>\n<meta property=\"og:title\" content=\"Los j\u00f3venes l\u00edderes que est\u00e1n surgiendo en pa\u00edses cerrados necesitan fuerzas para seguir adelante &#183; IFES Prayerline\" \/>\n<meta property=\"og:description\" content=\"Algunos pa\u00edses de Oriente Medio llevan muchos a\u00f1os pasando por una crisis humanitaria extrema. El pa\u00eds al que dedicamos Prayerline esta semana ha estado\" \/>\n<meta property=\"og:url\" content=\"https:\/\/ifesworld.org\/es\/prayerline\/los-jovenes-lideres-que-estan-surgiendo-en-paises-cerrados-necesitan-fuerzas-para-seguir-adelante\/\" \/>\n<meta property=\"og:site_name\" content=\"IFES\" \/>\n<meta property=\"article:modified_time\" content=\"2022-04-26T07:58:04+00:00\" \/>\n<meta property=\"og:image\" content=\"https:\/\/ifesworld.org\/wp-content\/uploads\/2022\/04\/papaioannou-kostas-tysecUm5HJA-unsplash-scaled.jpg\" \/>\n\t<meta property=\"og:image:width\" content=\"2560\" \/>\n\t<meta property=\"og:image:height\" content=\"1701\" \/>\n\t<meta property=\"og:image:type\" content=\"image\/jpeg\" \/>\n<meta name=\"twitter:card\" content=\"summary_large_image\" \/>\n<meta name=\"twitter:label1\" content=\"Tiempo de lectura\" \/>\n\t<meta name=\"twitter:data1\" content=\"3 minutos\" \/>\n<script type=\"application\/ld+json\" class=\"yoast-schema-graph\">{\"@context\":\"https:\/\/schema.org\",\"@graph\":[{\"@type\":\"WebPage\",\"@id\":\"https:\/\/ifesworld.org\/es\/prayerline\/los-jovenes-lideres-que-estan-surgiendo-en-paises-cerrados-necesitan-fuerzas-para-seguir-adelante\/\",\"url\":\"https:\/\/ifesworld.org\/es\/prayerline\/los-jovenes-lideres-que-estan-surgiendo-en-paises-cerrados-necesitan-fuerzas-para-seguir-adelante\/\",\"name\":\"Los j\u00f3venes l\u00edderes que est\u00e1n surgiendo en pa\u00edses cerrados necesitan fuerzas para seguir adelante &#183; IFES Prayerline\",\"isPartOf\":{\"@id\":\"https:\/\/fru.ifesworld.org\/en\/#website\"},\"datePublished\":\"2022-04-26T07:55:05+00:00\",\"dateModified\":\"2022-04-26T07:58:04+00:00\",\"description\":\"Algunos pa\u00edses de Oriente Medio llevan muchos a\u00f1os pasando por una crisis humanitaria extrema. El pa\u00eds al que dedicamos Prayerline esta semana ha estado\",\"breadcrumb\":{\"@id\":\"https:\/\/ifesworld.org\/es\/prayerline\/los-jovenes-lideres-que-estan-surgiendo-en-paises-cerrados-necesitan-fuerzas-para-seguir-adelante\/#breadcrumb\"},\"inLanguage\":\"es\",\"potentialAction\":[{\"@type\":\"ReadAction\",\"target\":[\"https:\/\/ifesworld.org\/es\/prayerline\/los-jovenes-lideres-que-estan-surgiendo-en-paises-cerrados-necesitan-fuerzas-para-seguir-adelante\/\"]}]},{\"@type\":\"BreadcrumbList\",\"@id\":\"https:\/\/ifesworld.org\/es\/prayerline\/los-jovenes-lideres-que-estan-surgiendo-en-paises-cerrados-necesitan-fuerzas-para-seguir-adelante\/#breadcrumb\",\"itemListElement\":[{\"@type\":\"ListItem\",\"position\":1,\"name\":\"Home\",\"item\":\"https:\/\/ifesworld.org\/es\/\"},{\"@type\":\"ListItem\",\"position\":2,\"name\":\"Prayerline\",\"item\":\"https:\/\/ifesworld.org\/en\/prayerline\/\"},{\"@type\":\"ListItem\",\"position\":3,\"name\":\"Los j\u00f3venes l\u00edderes que est\u00e1n surgiendo en pa\u00edses cerrados necesitan fuerzas para seguir adelante\"}]},{\"@type\":\"WebSite\",\"@id\":\"https:\/\/fru.ifesworld.org\/en\/#website\",\"url\":\"https:\/\/fru.ifesworld.org\/en\/\",\"name\":\"IFES\",\"description\":\"A movement of students sharing and living out the good news of Jesus Christ. Locally. Nationally. Globally.\",\"publisher\":{\"@id\":\"https:\/\/fru.ifesworld.org\/en\/#organization\"},\"potentialAction\":[{\"@type\":\"SearchAction\",\"target\":{\"@type\":\"EntryPoint\",\"urlTemplate\":\"https:\/\/fru.ifesworld.org\/en\/?s={search_term_string}\"},\"query-input\":\"required name=search_term_string\"}],\"inLanguage\":\"es\"},{\"@type\":\"Organization\",\"@id\":\"https:\/\/fru.ifesworld.org\/en\/#organization\",\"name\":\"IFES \u00b7 International Fellowship of Evangelical Students\",\"url\":\"https:\/\/fru.ifesworld.org\/en\/\",\"logo\":{\"@type\":\"ImageObject\",\"inLanguage\":\"es\",\"@id\":\"https:\/\/fru.ifesworld.org\/en\/#\/schema\/logo\/image\/\",\"url\":\"https:\/\/fru.ifesworld.org\/wp-content\/uploads\/2019\/06\/ifeslogo.png\",\"contentUrl\":\"https:\/\/fru.ifesworld.org\/wp-content\/uploads\/2019\/06\/ifeslogo.png\",\"width\":262,\"height\":262,\"caption\":\"IFES \u00b7 International Fellowship of Evangelical Students\"},\"image\":{\"@id\":\"https:\/\/fru.ifesworld.org\/en\/#\/schema\/logo\/image\/\"}}]}<\/script>\n<!-- \/ Yoast SEO plugin. -->","yoast_head_json":{"title":"Los j\u00f3venes l\u00edderes que est\u00e1n surgiendo en pa\u00edses cerrados necesitan fuerzas para seguir adelante &#183; IFES Prayerline","description":"Algunos pa\u00edses de Oriente Medio llevan muchos a\u00f1os pasando por una crisis humanitaria extrema. El pa\u00eds al que dedicamos Prayerline esta semana ha estado","robots":{"index":"noindex","follow":"follow","max-snippet":"max-snippet:-1","max-image-preview":"max-image-preview:large","max-video-preview":"max-video-preview:-1"},"og_locale":"es_ES","og_type":"article","og_title":"Los j\u00f3venes l\u00edderes que est\u00e1n surgiendo en pa\u00edses cerrados necesitan fuerzas para seguir adelante &#183; IFES Prayerline","og_description":"Algunos pa\u00edses de Oriente Medio llevan muchos a\u00f1os pasando por una crisis humanitaria extrema. El pa\u00eds al que dedicamos Prayerline esta semana ha estado","og_url":"https:\/\/ifesworld.org\/es\/prayerline\/los-jovenes-lideres-que-estan-surgiendo-en-paises-cerrados-necesitan-fuerzas-para-seguir-adelante\/","og_site_name":"IFES","article_modified_time":"2022-04-26T07:58:04+00:00","og_image":[{"width":2560,"height":1701,"url":"https:\/\/ifesworld.org\/wp-content\/uploads\/2022\/04\/papaioannou-kostas-tysecUm5HJA-unsplash-scaled.jpg","type":"image\/jpeg"}],"twitter_card":"summary_large_image","twitter_misc":{"Tiempo de lectura":"3 minutos"},"schema":{"@context":"https:\/\/schema.org","@graph":[{"@type":"WebPage","@id":"https:\/\/ifesworld.org\/es\/prayerline\/los-jovenes-lideres-que-estan-surgiendo-en-paises-cerrados-necesitan-fuerzas-para-seguir-adelante\/","url":"https:\/\/ifesworld.org\/es\/prayerline\/los-jovenes-lideres-que-estan-surgiendo-en-paises-cerrados-necesitan-fuerzas-para-seguir-adelante\/","name":"Los j\u00f3venes l\u00edderes que est\u00e1n surgiendo en pa\u00edses cerrados necesitan fuerzas para seguir adelante &#183; IFES Prayerline","isPartOf":{"@id":"https:\/\/fru.ifesworld.org\/en\/#website"},"datePublished":"2022-04-26T07:55:05+00:00","dateModified":"2022-04-26T07:58:04+00:00","description":"Algunos pa\u00edses de Oriente Medio llevan muchos a\u00f1os pasando por una crisis humanitaria extrema. El pa\u00eds al que dedicamos Prayerline esta semana ha estado","breadcrumb":{"@id":"https:\/\/ifesworld.org\/es\/prayerline\/los-jovenes-lideres-que-estan-surgiendo-en-paises-cerrados-necesitan-fuerzas-para-seguir-adelante\/#breadcrumb"},"inLanguage":"es","potentialAction":[{"@type":"ReadAction","target":["https:\/\/ifesworld.org\/es\/prayerline\/los-jovenes-lideres-que-estan-surgiendo-en-paises-cerrados-necesitan-fuerzas-para-seguir-adelante\/"]}]},{"@type":"BreadcrumbList","@id":"https:\/\/ifesworld.org\/es\/prayerline\/los-jovenes-lideres-que-estan-surgiendo-en-paises-cerrados-necesitan-fuerzas-para-seguir-adelante\/#breadcrumb","itemListElement":[{"@type":"ListItem","position":1,"name":"Home","item":"https:\/\/ifesworld.org\/es\/"},{"@type":"ListItem","position":2,"name":"Prayerline","item":"https:\/\/ifesworld.org\/en\/prayerline\/"},{"@type":"ListItem","position":3,"name":"Los j\u00f3venes l\u00edderes que est\u00e1n surgiendo en pa\u00edses cerrados necesitan fuerzas para seguir adelante"}]},{"@type":"WebSite","@id":"https:\/\/fru.ifesworld.org\/en\/#website","url":"https:\/\/fru.ifesworld.org\/en\/","name":"IFES","description":"A movement of students sharing and living out the good news of Jesus Christ. Locally. Nationally. Globally.","publisher":{"@id":"https:\/\/fru.ifesworld.org\/en\/#organization"},"potentialAction":[{"@type":"SearchAction","target":{"@type":"EntryPoint","urlTemplate":"https:\/\/fru.ifesworld.org\/en\/?s={search_term_string}"},"query-input":"required name=search_term_string"}],"inLanguage":"es"},{"@type":"Organization","@id":"https:\/\/fru.ifesworld.org\/en\/#organization","name":"IFES \u00b7 International Fellowship of Evangelical Students","url":"https:\/\/fru.ifesworld.org\/en\/","logo":{"@type":"ImageObject","inLanguage":"es","@id":"https:\/\/fru.ifesworld.org\/en\/#\/schema\/logo\/image\/","url":"https:\/\/fru.ifesworld.org\/wp-content\/uploads\/2019\/06\/ifeslogo.png","contentUrl":"https:\/\/fru.ifesworld.org\/wp-content\/uploads\/2019\/06\/ifeslogo.png","width":262,"height":262,"caption":"IFES \u00b7 International Fellowship of Evangelical Students"},"image":{"@id":"https:\/\/fru.ifesworld.org\/en\/#\/schema\/logo\/image\/"}}]}},"_links":{"self":[{"href":"https:\/\/fru.ifesworld.org\/es\/wp-json\/wp\/v2\/prayerline\/18677"}],"collection":[{"href":"https:\/\/fru.ifesworld.org\/es\/wp-json\/wp\/v2\/prayerline"}],"about":[{"href":"https:\/\/fru.ifesworld.org\/es\/wp-json\/wp\/v2\/types\/prayerline"}],"wp:attachment":[{"href":"https:\/\/fru.ifesworld.org\/es\/wp-json\/wp\/v2\/media?parent=18677"}],"wp:term":[{"taxonomy":"area","embeddable":true,"href":"https:\/\/fru.ifesworld.org\/es\/wp-json\/wp\/v2\/area?post=18677"},{"taxonomy":"theme","embeddable":true,"href":"https:\/\/fru.ifesworld.org\/es\/wp-json\/wp\/v2\/theme?post=18677"}],"curies":[{"name":"wp","href":"https:\/\/api.w.org\/{rel}","templated":true}]}}