{"id":17968,"date":"2022-02-15T10:34:53","date_gmt":"2022-02-15T10:34:53","guid":{"rendered":"https:\/\/fru.ifesworld.org\/?post_type=prayerline&#038;p=17968"},"modified":"2022-02-15T10:34:54","modified_gmt":"2022-02-15T10:34:54","slug":"la-lucha-contra-la-trata-de-personas-con-la-compasion-del-evangelio","status":"publish","type":"prayerline","link":"https:\/\/fru.ifesworld.org\/es\/prayerline\/la-lucha-contra-la-trata-de-personas-con-la-compasion-del-evangelio\/","title":{"rendered":"La lucha contra la trata de personas con la compasi\u00f3n del evangelio"},"content":{"rendered":"<div class=\"wp-block block-core-paragraph\">\n<p>En diciembre de 2019, <a href=\"https:\/\/www.psfcfiji.org\/\" target=\"_blank\" rel=\"noreferrer noopener\">PSFC, el movimiento estudiantil de Fiji<\/a>, fue invitado a colaborar con una iniciativa en contra de la trata humana, a nivel nacional, regional y global. \u00a1Una tarea inmensa! Invitaron a PSFC a unirse a un grupo de trabajo junto a organizaciones de alto calibre, financiado por la Uni\u00f3n Europea, para erradicar la trata de personas desde Fiji, como parte de <a href=\"https:\/\/www.iom.int\/news\/project-launched-protect-rights-victims-trafficking-fiji\" target=\"_blank\" rel=\"noreferrer noopener\">un proyecto de dos a\u00f1os de duraci\u00f3n<\/a>. Fiji se est\u00e1 convirtiendo cada vez m\u00e1s en el origen, lugar de tr\u00e1nsito y pa\u00eds de destino de la trata de personas y hay muchos migrantes que se introducen o pasan por Fiji para ser explotados.&nbsp;<\/p>\n<\/div>\n\n<div class=\"wp-block block-core-paragraph\">\n<p>Es una iniciativa muy importante y a la vez enorme, pero Taniela, Secretario General de PSCF, no se inmuta. \u201cEstoy muy contento de que hayamos accedido a colaborar en este proyecto,\u201d nos cuenta. \u201cMe ha abierto los ojos a la realidad de un problema que tenemos justo delante de nosotros. He visto casos de estudiantes universitarios que han sido v\u00edctimas y otros que han sido responsables de la trata. Es preocupante porque el n\u00famero de actividades de este tipo aument\u00f3 durante el confinamiento por la pandemia\u201d.&nbsp;<\/p>\n<\/div>\n\n<div class=\"wp-block block-core-paragraph\">\n<p>\u00bfC\u00f3mo puede un movimiento cristiano de estudiantes cambiar las cosas? Alguien de otra organizaci\u00f3n le pregunt\u00f3 en una ocasi\u00f3n a Taniela qu\u00e9 pod\u00eda ofrecer PSFC en la lucha contra la trata de personas. Respondi\u00f3 de la forma m\u00e1s directa y contundente posible: \u201cA Jes\u00fas\u201d. Explic\u00f3 que la trata de personas en \u00faltima instancia es un problema del coraz\u00f3n de las personas. Si no cambia el coraz\u00f3n, todos nuestros esfuerzos son en vano.&nbsp;&nbsp;<\/p>\n<\/div>\n\n<div class=\"wp-block block-core-paragraph\">\n<p>Conscientes de que el n\u00famero de casos de trata de personas ha aumentado desde que empez\u00f3 la pandemia, los estudiantes de PSFC han lanzado un proyecto para mitigar el impacto del confinamiento, \u201ccomo parte de nuestra respuesta en la lucha contra la trata de personas,\u201d explica Taniela. \u201c5 panes y 2 peces\u201d fue una idea que surgi\u00f3 en un estudio b\u00edblico normal y corriente entre estudiantes. Los estudiantes estaban hablando de Jes\u00fas alimentando a los 5.000 en Marcos 6 y vieron una oportunidad.&nbsp;&nbsp;<\/p>\n<\/div>\n\n<div class=\"wp-block block-core-paragraph\">\n<p>El plan es distribuir paquetes de comida por un valor de 100 $ cada uno a los estudiantes internacionales. Se han identificado a 43 estudiantes y PSCF est\u00e1 en contacto con las universidades para saber si hay m\u00e1s estudiantes que potencialmente pudieran recibir los paquetes. Esperan distribuir los primeros paquetes este mes. Esta iniciativa tiene el potencial de sacar a estos estudiantes de una situaci\u00f3n desesperada y mantenerlos a flote, y as\u00ed hacerlos menos vulnerables a la trata de personas. La iniciativa muestra el mismo tipo de compasi\u00f3n que tuvo Jes\u00fas de la multitud en Marcos 6, \u201cporque eran como ovejas sin pastor\u201d (Marcos 6:34).&nbsp;<\/p>\n<\/div>\n\n<div class=\"wp-block block-core-paragraph\">\n<p>Grace es una representante estudiantil y una l\u00edder clave en el proyecto. Comparte su experiencia lanzando este proyecto:&nbsp;<\/p>\n<\/div>\n\n<div class=\"wp-block block-core-paragraph\">\n<p>\u201cMi perspectiva ha cambiado al enterarme de la situaci\u00f3n en la que se encuentran otros estudiantes. Muchos tienen un cr\u00e9dito que cubre las tasas universitarias, el alquiler y los gastos. La cantidad se redujo durante la pandemia y los estudiantes no pod\u00edan pagar el alquiler. Su \u00fanica opci\u00f3n era que vivieran juntos en grupos de cuatro o cinco estudiantes. Para aquellos cuyos padres hab\u00edan perdido su trabajo, el cr\u00e9dito reducido ten\u00eda que apoyar a la familia entera.&nbsp;<\/p>\n<\/div>\n\n<div class=\"wp-block block-core-paragraph\">\n<p>\u201cHace poco recib\u00ed un mensaje de una buena amiga de las Islas Salom\u00f3n, pidi\u00e9ndome ayuda econ\u00f3mica. Me enter\u00e9 de que todos los estudiantes de las Islas Salom\u00f3n que recib\u00edan una ayuda para estudiar no hab\u00edan recibido nada desde hac\u00eda dos semanas. Uno de sus mensajes simplemente dec\u00eda: \u2018Estoy sin dinero y tengo hambre\u2019. Se me rompi\u00f3 el coraz\u00f3n y se me saltaron las l\u00e1grimas al leer este tipo de mensajes de los estudiantes que est\u00e1n estudiando un pa\u00eds que no es el suyo. Pero sirvo a un Dios que ve y conoce el significado de cada l\u00e1grima que se derrama. Quiz\u00e1s yo no pueda ayudarlos a todos, pero mis oraciones siempre est\u00e1n con ellos\u201d.&nbsp;<\/p>\n<\/div>\n\n<div class=\"wp-block block-core-paragraph\">\n<p>Ora por las v\u00edctimas de la trata de personas en Fiji y por los estudiantes de PSFC:&nbsp;<\/p>\n<\/div>\n\n<div class=\"wp-block block-core-list\">\n<ul><li>Ora para que Dios guarde a los estudiantes de la trata de personas. Ora por aquellos que ya est\u00e1n en esa situaci\u00f3n tan terrible, que puedan salir de ella. Ora para que los que responsables puedan ser juzgados.&nbsp;<\/li><li>Ora para que el proyecto de 5 panes y 2 peces pueda traer esperanza y estabilidad a los estudiantes.&nbsp;&nbsp;<\/li><li>Ora para que el proyecto impida que las personas acaben envueltas en la trata de personas y por el trabajo que realiza PSFC para proclamar el evangelio. Ora para que el proyecto transforme vidas y que el coraz\u00f3n de las personas se vuelva hacia Cristo.&nbsp;<\/li><\/ul>\n<\/div>","protected":false},"featured_media":0,"template":"","area":[921,712],"theme":[],"class_list":["post-17968","prayerline","type-prayerline","status-publish","hentry","area-fiji-pacifico-sur","area-pacifico-sur"],"acf":[],"yoast_head":"<!-- This site is optimized with the Yoast SEO plugin v22.6 - https:\/\/yoast.com\/wordpress\/plugins\/seo\/ -->\n<title>La lucha contra la trata de personas con la compasi\u00f3n del evangelio &#183; IFES Prayerline<\/title>\n<meta name=\"description\" content=\"En diciembre de 2019, PSFC, el movimiento estudiantil de Fiji, fue invitado a colaborar con una iniciativa en contra de la trata humana, a nivel nacional,\" \/>\n<meta name=\"robots\" content=\"noindex, follow, max-snippet:-1, max-image-preview:large, max-video-preview:-1\" \/>\n<meta property=\"og:locale\" content=\"es_ES\" \/>\n<meta property=\"og:type\" content=\"article\" \/>\n<meta property=\"og:title\" content=\"La lucha contra la trata de personas con la compasi\u00f3n del evangelio &#183; IFES Prayerline\" \/>\n<meta property=\"og:description\" content=\"En diciembre de 2019, PSFC, el movimiento estudiantil de Fiji, fue invitado a colaborar con una iniciativa en contra de la trata humana, a nivel nacional,\" \/>\n<meta property=\"og:url\" content=\"https:\/\/ifesworld.org\/es\/prayerline\/la-lucha-contra-la-trata-de-personas-con-la-compasion-del-evangelio\/\" \/>\n<meta property=\"og:site_name\" content=\"IFES\" \/>\n<meta property=\"article:modified_time\" content=\"2022-02-15T10:34:54+00:00\" \/>\n<meta property=\"og:image\" content=\"https:\/\/ifesworld.org\/wp-content\/uploads\/2022\/02\/Screenshot-2022-02-15-at-10.28.15.png\" \/>\n\t<meta property=\"og:image:width\" content=\"988\" \/>\n\t<meta property=\"og:image:height\" content=\"1500\" \/>\n\t<meta property=\"og:image:type\" content=\"image\/png\" \/>\n<meta name=\"twitter:card\" content=\"summary_large_image\" \/>\n<meta name=\"twitter:label1\" content=\"Tiempo de lectura\" \/>\n\t<meta name=\"twitter:data1\" content=\"4 minutos\" \/>\n<script type=\"application\/ld+json\" class=\"yoast-schema-graph\">{\"@context\":\"https:\/\/schema.org\",\"@graph\":[{\"@type\":\"WebPage\",\"@id\":\"https:\/\/ifesworld.org\/es\/prayerline\/la-lucha-contra-la-trata-de-personas-con-la-compasion-del-evangelio\/\",\"url\":\"https:\/\/ifesworld.org\/es\/prayerline\/la-lucha-contra-la-trata-de-personas-con-la-compasion-del-evangelio\/\",\"name\":\"La lucha contra la trata de personas con la compasi\u00f3n del evangelio &#183; IFES Prayerline\",\"isPartOf\":{\"@id\":\"https:\/\/fru.ifesworld.org\/en\/#website\"},\"datePublished\":\"2022-02-15T10:34:53+00:00\",\"dateModified\":\"2022-02-15T10:34:54+00:00\",\"description\":\"En diciembre de 2019, PSFC, el movimiento estudiantil de Fiji, fue invitado a colaborar con una iniciativa en contra de la trata humana, a nivel nacional,\",\"breadcrumb\":{\"@id\":\"https:\/\/ifesworld.org\/es\/prayerline\/la-lucha-contra-la-trata-de-personas-con-la-compasion-del-evangelio\/#breadcrumb\"},\"inLanguage\":\"es\",\"potentialAction\":[{\"@type\":\"ReadAction\",\"target\":[\"https:\/\/ifesworld.org\/es\/prayerline\/la-lucha-contra-la-trata-de-personas-con-la-compasion-del-evangelio\/\"]}]},{\"@type\":\"BreadcrumbList\",\"@id\":\"https:\/\/ifesworld.org\/es\/prayerline\/la-lucha-contra-la-trata-de-personas-con-la-compasion-del-evangelio\/#breadcrumb\",\"itemListElement\":[{\"@type\":\"ListItem\",\"position\":1,\"name\":\"Home\",\"item\":\"https:\/\/ifesworld.org\/es\/\"},{\"@type\":\"ListItem\",\"position\":2,\"name\":\"Prayerline\",\"item\":\"https:\/\/ifesworld.org\/en\/prayerline\/\"},{\"@type\":\"ListItem\",\"position\":3,\"name\":\"La lucha contra la trata de personas con la compasi\u00f3n del evangelio\"}]},{\"@type\":\"WebSite\",\"@id\":\"https:\/\/fru.ifesworld.org\/en\/#website\",\"url\":\"https:\/\/fru.ifesworld.org\/en\/\",\"name\":\"IFES\",\"description\":\"A movement of students sharing and living out the good news of Jesus Christ. Locally. Nationally. Globally.\",\"publisher\":{\"@id\":\"https:\/\/fru.ifesworld.org\/en\/#organization\"},\"potentialAction\":[{\"@type\":\"SearchAction\",\"target\":{\"@type\":\"EntryPoint\",\"urlTemplate\":\"https:\/\/fru.ifesworld.org\/en\/?s={search_term_string}\"},\"query-input\":\"required name=search_term_string\"}],\"inLanguage\":\"es\"},{\"@type\":\"Organization\",\"@id\":\"https:\/\/fru.ifesworld.org\/en\/#organization\",\"name\":\"IFES \u00b7 International Fellowship of Evangelical Students\",\"url\":\"https:\/\/fru.ifesworld.org\/en\/\",\"logo\":{\"@type\":\"ImageObject\",\"inLanguage\":\"es\",\"@id\":\"https:\/\/fru.ifesworld.org\/en\/#\/schema\/logo\/image\/\",\"url\":\"https:\/\/fru.ifesworld.org\/wp-content\/uploads\/2019\/06\/ifeslogo.png\",\"contentUrl\":\"https:\/\/fru.ifesworld.org\/wp-content\/uploads\/2019\/06\/ifeslogo.png\",\"width\":262,\"height\":262,\"caption\":\"IFES \u00b7 International Fellowship of Evangelical Students\"},\"image\":{\"@id\":\"https:\/\/fru.ifesworld.org\/en\/#\/schema\/logo\/image\/\"}}]}<\/script>\n<!-- \/ Yoast SEO plugin. -->","yoast_head_json":{"title":"La lucha contra la trata de personas con la compasi\u00f3n del evangelio &#183; IFES Prayerline","description":"En diciembre de 2019, PSFC, el movimiento estudiantil de Fiji, fue invitado a colaborar con una iniciativa en contra de la trata humana, a nivel nacional,","robots":{"index":"noindex","follow":"follow","max-snippet":"max-snippet:-1","max-image-preview":"max-image-preview:large","max-video-preview":"max-video-preview:-1"},"og_locale":"es_ES","og_type":"article","og_title":"La lucha contra la trata de personas con la compasi\u00f3n del evangelio &#183; IFES Prayerline","og_description":"En diciembre de 2019, PSFC, el movimiento estudiantil de Fiji, fue invitado a colaborar con una iniciativa en contra de la trata humana, a nivel nacional,","og_url":"https:\/\/ifesworld.org\/es\/prayerline\/la-lucha-contra-la-trata-de-personas-con-la-compasion-del-evangelio\/","og_site_name":"IFES","article_modified_time":"2022-02-15T10:34:54+00:00","og_image":[{"width":988,"height":1500,"url":"https:\/\/ifesworld.org\/wp-content\/uploads\/2022\/02\/Screenshot-2022-02-15-at-10.28.15.png","type":"image\/png"}],"twitter_card":"summary_large_image","twitter_misc":{"Tiempo de lectura":"4 minutos"},"schema":{"@context":"https:\/\/schema.org","@graph":[{"@type":"WebPage","@id":"https:\/\/ifesworld.org\/es\/prayerline\/la-lucha-contra-la-trata-de-personas-con-la-compasion-del-evangelio\/","url":"https:\/\/ifesworld.org\/es\/prayerline\/la-lucha-contra-la-trata-de-personas-con-la-compasion-del-evangelio\/","name":"La lucha contra la trata de personas con la compasi\u00f3n del evangelio &#183; IFES Prayerline","isPartOf":{"@id":"https:\/\/fru.ifesworld.org\/en\/#website"},"datePublished":"2022-02-15T10:34:53+00:00","dateModified":"2022-02-15T10:34:54+00:00","description":"En diciembre de 2019, PSFC, el movimiento estudiantil de Fiji, fue invitado a colaborar con una iniciativa en contra de la trata humana, a nivel nacional,","breadcrumb":{"@id":"https:\/\/ifesworld.org\/es\/prayerline\/la-lucha-contra-la-trata-de-personas-con-la-compasion-del-evangelio\/#breadcrumb"},"inLanguage":"es","potentialAction":[{"@type":"ReadAction","target":["https:\/\/ifesworld.org\/es\/prayerline\/la-lucha-contra-la-trata-de-personas-con-la-compasion-del-evangelio\/"]}]},{"@type":"BreadcrumbList","@id":"https:\/\/ifesworld.org\/es\/prayerline\/la-lucha-contra-la-trata-de-personas-con-la-compasion-del-evangelio\/#breadcrumb","itemListElement":[{"@type":"ListItem","position":1,"name":"Home","item":"https:\/\/ifesworld.org\/es\/"},{"@type":"ListItem","position":2,"name":"Prayerline","item":"https:\/\/ifesworld.org\/en\/prayerline\/"},{"@type":"ListItem","position":3,"name":"La lucha contra la trata de personas con la compasi\u00f3n del evangelio"}]},{"@type":"WebSite","@id":"https:\/\/fru.ifesworld.org\/en\/#website","url":"https:\/\/fru.ifesworld.org\/en\/","name":"IFES","description":"A movement of students sharing and living out the good news of Jesus Christ. Locally. Nationally. Globally.","publisher":{"@id":"https:\/\/fru.ifesworld.org\/en\/#organization"},"potentialAction":[{"@type":"SearchAction","target":{"@type":"EntryPoint","urlTemplate":"https:\/\/fru.ifesworld.org\/en\/?s={search_term_string}"},"query-input":"required name=search_term_string"}],"inLanguage":"es"},{"@type":"Organization","@id":"https:\/\/fru.ifesworld.org\/en\/#organization","name":"IFES \u00b7 International Fellowship of Evangelical Students","url":"https:\/\/fru.ifesworld.org\/en\/","logo":{"@type":"ImageObject","inLanguage":"es","@id":"https:\/\/fru.ifesworld.org\/en\/#\/schema\/logo\/image\/","url":"https:\/\/fru.ifesworld.org\/wp-content\/uploads\/2019\/06\/ifeslogo.png","contentUrl":"https:\/\/fru.ifesworld.org\/wp-content\/uploads\/2019\/06\/ifeslogo.png","width":262,"height":262,"caption":"IFES \u00b7 International Fellowship of Evangelical Students"},"image":{"@id":"https:\/\/fru.ifesworld.org\/en\/#\/schema\/logo\/image\/"}}]}},"_links":{"self":[{"href":"https:\/\/fru.ifesworld.org\/es\/wp-json\/wp\/v2\/prayerline\/17968"}],"collection":[{"href":"https:\/\/fru.ifesworld.org\/es\/wp-json\/wp\/v2\/prayerline"}],"about":[{"href":"https:\/\/fru.ifesworld.org\/es\/wp-json\/wp\/v2\/types\/prayerline"}],"wp:attachment":[{"href":"https:\/\/fru.ifesworld.org\/es\/wp-json\/wp\/v2\/media?parent=17968"}],"wp:term":[{"taxonomy":"area","embeddable":true,"href":"https:\/\/fru.ifesworld.org\/es\/wp-json\/wp\/v2\/area?post=17968"},{"taxonomy":"theme","embeddable":true,"href":"https:\/\/fru.ifesworld.org\/es\/wp-json\/wp\/v2\/theme?post=17968"}],"curies":[{"name":"wp","href":"https:\/\/api.w.org\/{rel}","templated":true}]}}