{"id":16325,"date":"2021-08-17T06:22:00","date_gmt":"2021-08-17T05:22:00","guid":{"rendered":"https:\/\/fru.ifesworld.org\/?post_type=prayerline&#038;p=16325"},"modified":"2021-08-16T18:23:29","modified_gmt":"2021-08-16T17:23:29","slug":"entre-dos-mundos","status":"publish","type":"prayerline","link":"https:\/\/fru.ifesworld.org\/es\/prayerline\/entre-dos-mundos\/","title":{"rendered":"Entre dos mundos"},"content":{"rendered":"<div class=\"wp-block block-core-paragraph\">\n<p>Mar\u00eda quer\u00eda que su carrera profesional valiera la pena.&nbsp;Estaba muy contenta de trabajar en la divisi\u00f3n de tecnolog\u00eda financiera de un importante banco de Ciudad de M\u00e9xico.&nbsp;Y quer\u00eda que la influencia que ten\u00eda en su trabajo fuera una oportunidad para presentar el evangelio.&nbsp;&nbsp;<\/p>\n<\/div>\n\n<div class=\"wp-block block-core-paragraph\">\n<p>Pero hablar de su fe en el trabajo no era f\u00e1cil.&nbsp;Y en cuanto su jefe descubri\u00f3 que era una cristiana practicante, las cosas empezaron a cambiar.&nbsp;Comenzaron a ignorarla cuando hab\u00eda oportunidades de ascensos.&nbsp;Adem\u00e1s, cuando intentaba iniciar una conversaci\u00f3n sobre temas espirituales, enseguida sus colegas se mostraban desinteresados.&nbsp;A Mar\u00eda se le ocurri\u00f3 que quiz\u00e1s la estaban considerando como una persona cerrada porque hablaba seriamente sobre su fe.&nbsp;<\/p>\n<\/div>\n\n<div class=\"wp-block block-core-paragraph\">\n<p>Por eso, le hubiera encantado poder recibir consejos de su iglesia.&nbsp;Pero sus amigos cristianos no la comprend\u00edan.&nbsp;A menudo evitaba las preguntas tales como cu\u00e1ndo se casar\u00eda y por qu\u00e9 pasaba tanto tiempo en el trabajo.&nbsp;Pero ella deseaba que pudieran ver c\u00f3mo Dios pod\u00eda usar su carrera profesional para alcanzar a las personas.&nbsp;&nbsp;<\/p>\n<\/div>\n\n<div class=\"wp-block block-core-paragraph\">\n<p>Mar\u00eda se encontraba en medio de un dilema.&nbsp;Por un lado, su fe no era la bienvenida en su trabajo y, por otro lado, su iglesia no comprend\u00eda su carrera.&nbsp;Este es un dilema que atraviesan muchos graduados que tienen carreras dif\u00edciles despu\u00e9s de la universidad.&nbsp;Pero cuando los graduados logran combinar su fe y su trabajo, la sociedad resulta beneficiada.&nbsp;El programa&nbsp;<a href=\"https:\/\/www.cross-current.org\/\" target=\"_blank\" rel=\"noreferrer noopener\">Cross-Current<\/a>&nbsp;de El Impacto de los Graduados de IFES desea que los graduados entiendan eso.&nbsp;<\/p>\n<\/div>\n\n<div class=\"wp-block block-core-quote\">\n<blockquote class=\"wp-block-quote is-layout-flow wp-block-quote-is-layout-flow\"><p><em>\u00abTienen una gran oportunidad porque pueden hablar con ambos mundos.\u00a0Conocen los matices de la fe cristiana y son competentes en sus propias profesiones.\u00a0Tienen credibilidad.\u00a0Y si no combinan las dos cosas, si no ven la conexi\u00f3n, ni lo ven como algo bueno, entonces es una oportunidad perdida\u00bb.<\/em><\/p><cite><em>Adrian\u00a0Petrice, Coordinador de Europa, El Impacto de los Graduados\u00a0\u00a0<\/em><\/cite><\/blockquote>\n<\/div>\n\n<div class=\"wp-block block-core-paragraph\">\n<p>Dios est\u00e1 obrando a trav\u00e9s de Cross-Current.&nbsp;Se trata de un ministerio que comenz\u00f3 en Europa y Eurasia, pero que ahora cuenta con 21 grupos delegados, algunos de ellos fuera de estas regiones.&nbsp;Durante la pandemia, varias personas de estas zonas se pusieron en contacto con los l\u00edderes de El Impacto de los Graduados.&nbsp;Pidieron que los formen para ser capaces de lanzar grupos delegados en su regi\u00f3n.&nbsp;Ahora hay m\u00e1s de 40 grupos en todo el mundo.&nbsp;<\/p>\n<\/div>\n\n<div class=\"wp-block block-core-paragraph\">\n<p>En estos grupos, los graduados est\u00e1n descubriendo que Dios puede utilizar sus carreras profesionales para su gloria.&nbsp;Algunos trabajan en puestos de gran influencia pol\u00edtica, acad\u00e9mica o econ\u00f3mica.&nbsp;Algunos han participado en la elaboraci\u00f3n de estrategias anticorrupci\u00f3n de sus gobiernos.&nbsp;Algunos trabajan para ONG de gran alcance internacional, o desarrollan tecnolog\u00edas que cambiar\u00e1n la vida cotidiana.&nbsp;Mientras viven conforme a su fe, el poder redentor de Dios est\u00e1 cambiando no s\u00f3lo sus lugares de trabajo, sino tambi\u00e9n sus sociedades.&nbsp;&nbsp;&nbsp;<\/p>\n<\/div>\n\n<div class=\"wp-block block-core-paragraph\">\n<p>Ora con nosotros esta semana por el emocionante trabajo que se realiza a trav\u00e9s de Cross-Current.&nbsp;&nbsp;<\/p>\n<\/div>\n\n<div class=\"wp-block block-core-list\">\n<ul><li>Ora por los nuevos grupos delegados en lugares como M\u00e9xico, \u00c1frica y Canad\u00e1.&nbsp;Ora para que haya m\u00e1s l\u00edderes que acompa\u00f1en a los graduados a trav\u00e9s del programa Cross-Current.&nbsp;&nbsp;<\/li><\/ul>\n<\/div>\n\n<div class=\"wp-block block-core-list\">\n<ul><li>La financiaci\u00f3n de Cross-Current&nbsp;finalizar\u00e1 en septiembre.&nbsp;Ora por la continuidad de las financiaciones para que se pueda alcanzar a m\u00e1s graduados.&nbsp;<\/li><li>Ora por los graduados cristianos de todo el mundo que quieren combinar su fe con su trabajo.&nbsp;Ora para que comprendan el poderoso rol que tienen en la difusi\u00f3n del evangelio.&nbsp;&nbsp;&nbsp;<\/li><li>Ora por los graduados que sienten que pr\u00e1cticamente viven en el trabajo durante la pandemia.&nbsp;Ora para que se sientan renovados y llenos de prop\u00f3sito durante este tiempo desafiante.&nbsp;&nbsp;&nbsp;<\/li><\/ul>\n<\/div>\n\n<div class=\"wp-block block-core-paragraph\">\n<p><em>La investigaci\u00f3n de Cross-Current&nbsp;apareci\u00f3 recientemente en&nbsp;<\/em><a href=\"https:\/\/evangelicalfocus.com\/europe\/12003\/young-christian-professionals-in-europe-consider-their-values-at-work-counter-cultural-and-risky-for-their-career\" target=\"_blank\" rel=\"noreferrer noopener\"><em>Evangelical Focus.<\/em><\/a><em>&nbsp;Descubre m\u00e1s acerca de los retos a los que se enfrentan los graduados una vez que terminan la universidad y lo que Cross-Current&nbsp;est\u00e1 haciendo para ayudarlos.<\/em>&nbsp;<\/p>\n<\/div>","protected":false},"featured_media":0,"template":"","area":[],"theme":[],"class_list":["post-16325","prayerline","type-prayerline","status-publish","hentry"],"acf":[],"yoast_head":"<!-- This site is optimized with the Yoast SEO plugin v22.6 - https:\/\/yoast.com\/wordpress\/plugins\/seo\/ -->\n<title>Entre dos mundos &#183; IFES Prayerline<\/title>\n<meta name=\"description\" content=\"Mar\u00eda quer\u00eda que su carrera profesional valiera la pena.&nbsp;Estaba muy contenta de trabajar en la divisi\u00f3n de tecnolog\u00eda financiera de un importante\" \/>\n<meta name=\"robots\" content=\"noindex, follow, max-snippet:-1, max-image-preview:large, max-video-preview:-1\" \/>\n<meta property=\"og:locale\" content=\"es_ES\" \/>\n<meta property=\"og:type\" content=\"article\" \/>\n<meta property=\"og:title\" content=\"Entre dos mundos &#183; IFES Prayerline\" \/>\n<meta property=\"og:description\" content=\"Mar\u00eda quer\u00eda que su carrera profesional valiera la pena.&nbsp;Estaba muy contenta de trabajar en la divisi\u00f3n de tecnolog\u00eda financiera de un importante\" \/>\n<meta property=\"og:url\" content=\"https:\/\/ifesworld.org\/es\/prayerline\/entre-dos-mundos\/\" \/>\n<meta property=\"og:site_name\" content=\"IFES\" \/>\n<meta property=\"article:modified_time\" content=\"2021-08-16T17:23:29+00:00\" \/>\n<meta property=\"og:image\" content=\"https:\/\/ifesworld.org\/wp-content\/uploads\/2021\/08\/grad-impact.jpg\" \/>\n\t<meta property=\"og:image:width\" content=\"1100\" \/>\n\t<meta property=\"og:image:height\" content=\"512\" \/>\n\t<meta property=\"og:image:type\" content=\"image\/jpeg\" \/>\n<meta name=\"twitter:card\" content=\"summary_large_image\" \/>\n<meta name=\"twitter:label1\" content=\"Tiempo de lectura\" \/>\n\t<meta name=\"twitter:data1\" content=\"3 minutos\" \/>\n<script type=\"application\/ld+json\" class=\"yoast-schema-graph\">{\"@context\":\"https:\/\/schema.org\",\"@graph\":[{\"@type\":\"WebPage\",\"@id\":\"https:\/\/ifesworld.org\/es\/prayerline\/entre-dos-mundos\/\",\"url\":\"https:\/\/ifesworld.org\/es\/prayerline\/entre-dos-mundos\/\",\"name\":\"Entre dos mundos &#183; IFES Prayerline\",\"isPartOf\":{\"@id\":\"https:\/\/fru.ifesworld.org\/en\/#website\"},\"datePublished\":\"2021-08-17T05:22:00+00:00\",\"dateModified\":\"2021-08-16T17:23:29+00:00\",\"description\":\"Mar\u00eda quer\u00eda que su carrera profesional valiera la pena.&nbsp;Estaba muy contenta de trabajar en la divisi\u00f3n de tecnolog\u00eda financiera de un importante\",\"breadcrumb\":{\"@id\":\"https:\/\/ifesworld.org\/es\/prayerline\/entre-dos-mundos\/#breadcrumb\"},\"inLanguage\":\"es\",\"potentialAction\":[{\"@type\":\"ReadAction\",\"target\":[\"https:\/\/ifesworld.org\/es\/prayerline\/entre-dos-mundos\/\"]}]},{\"@type\":\"BreadcrumbList\",\"@id\":\"https:\/\/ifesworld.org\/es\/prayerline\/entre-dos-mundos\/#breadcrumb\",\"itemListElement\":[{\"@type\":\"ListItem\",\"position\":1,\"name\":\"Home\",\"item\":\"https:\/\/ifesworld.org\/es\/\"},{\"@type\":\"ListItem\",\"position\":2,\"name\":\"Prayerline\",\"item\":\"https:\/\/ifesworld.org\/en\/prayerline\/\"},{\"@type\":\"ListItem\",\"position\":3,\"name\":\"Entre dos mundos\"}]},{\"@type\":\"WebSite\",\"@id\":\"https:\/\/fru.ifesworld.org\/en\/#website\",\"url\":\"https:\/\/fru.ifesworld.org\/en\/\",\"name\":\"IFES\",\"description\":\"A movement of students sharing and living out the good news of Jesus Christ. Locally. Nationally. Globally.\",\"publisher\":{\"@id\":\"https:\/\/fru.ifesworld.org\/en\/#organization\"},\"potentialAction\":[{\"@type\":\"SearchAction\",\"target\":{\"@type\":\"EntryPoint\",\"urlTemplate\":\"https:\/\/fru.ifesworld.org\/en\/?s={search_term_string}\"},\"query-input\":\"required name=search_term_string\"}],\"inLanguage\":\"es\"},{\"@type\":\"Organization\",\"@id\":\"https:\/\/fru.ifesworld.org\/en\/#organization\",\"name\":\"IFES \u00b7 International Fellowship of Evangelical Students\",\"url\":\"https:\/\/fru.ifesworld.org\/en\/\",\"logo\":{\"@type\":\"ImageObject\",\"inLanguage\":\"es\",\"@id\":\"https:\/\/fru.ifesworld.org\/en\/#\/schema\/logo\/image\/\",\"url\":\"https:\/\/fru.ifesworld.org\/wp-content\/uploads\/2019\/06\/ifeslogo.png\",\"contentUrl\":\"https:\/\/fru.ifesworld.org\/wp-content\/uploads\/2019\/06\/ifeslogo.png\",\"width\":262,\"height\":262,\"caption\":\"IFES \u00b7 International Fellowship of Evangelical Students\"},\"image\":{\"@id\":\"https:\/\/fru.ifesworld.org\/en\/#\/schema\/logo\/image\/\"}}]}<\/script>\n<!-- \/ Yoast SEO plugin. -->","yoast_head_json":{"title":"Entre dos mundos &#183; IFES Prayerline","description":"Mar\u00eda quer\u00eda que su carrera profesional valiera la pena.&nbsp;Estaba muy contenta de trabajar en la divisi\u00f3n de tecnolog\u00eda financiera de un importante","robots":{"index":"noindex","follow":"follow","max-snippet":"max-snippet:-1","max-image-preview":"max-image-preview:large","max-video-preview":"max-video-preview:-1"},"og_locale":"es_ES","og_type":"article","og_title":"Entre dos mundos &#183; IFES Prayerline","og_description":"Mar\u00eda quer\u00eda que su carrera profesional valiera la pena.&nbsp;Estaba muy contenta de trabajar en la divisi\u00f3n de tecnolog\u00eda financiera de un importante","og_url":"https:\/\/ifesworld.org\/es\/prayerline\/entre-dos-mundos\/","og_site_name":"IFES","article_modified_time":"2021-08-16T17:23:29+00:00","og_image":[{"width":1100,"height":512,"url":"https:\/\/ifesworld.org\/wp-content\/uploads\/2021\/08\/grad-impact.jpg","type":"image\/jpeg"}],"twitter_card":"summary_large_image","twitter_misc":{"Tiempo de lectura":"3 minutos"},"schema":{"@context":"https:\/\/schema.org","@graph":[{"@type":"WebPage","@id":"https:\/\/ifesworld.org\/es\/prayerline\/entre-dos-mundos\/","url":"https:\/\/ifesworld.org\/es\/prayerline\/entre-dos-mundos\/","name":"Entre dos mundos &#183; IFES Prayerline","isPartOf":{"@id":"https:\/\/fru.ifesworld.org\/en\/#website"},"datePublished":"2021-08-17T05:22:00+00:00","dateModified":"2021-08-16T17:23:29+00:00","description":"Mar\u00eda quer\u00eda que su carrera profesional valiera la pena.&nbsp;Estaba muy contenta de trabajar en la divisi\u00f3n de tecnolog\u00eda financiera de un importante","breadcrumb":{"@id":"https:\/\/ifesworld.org\/es\/prayerline\/entre-dos-mundos\/#breadcrumb"},"inLanguage":"es","potentialAction":[{"@type":"ReadAction","target":["https:\/\/ifesworld.org\/es\/prayerline\/entre-dos-mundos\/"]}]},{"@type":"BreadcrumbList","@id":"https:\/\/ifesworld.org\/es\/prayerline\/entre-dos-mundos\/#breadcrumb","itemListElement":[{"@type":"ListItem","position":1,"name":"Home","item":"https:\/\/ifesworld.org\/es\/"},{"@type":"ListItem","position":2,"name":"Prayerline","item":"https:\/\/ifesworld.org\/en\/prayerline\/"},{"@type":"ListItem","position":3,"name":"Entre dos mundos"}]},{"@type":"WebSite","@id":"https:\/\/fru.ifesworld.org\/en\/#website","url":"https:\/\/fru.ifesworld.org\/en\/","name":"IFES","description":"A movement of students sharing and living out the good news of Jesus Christ. Locally. Nationally. Globally.","publisher":{"@id":"https:\/\/fru.ifesworld.org\/en\/#organization"},"potentialAction":[{"@type":"SearchAction","target":{"@type":"EntryPoint","urlTemplate":"https:\/\/fru.ifesworld.org\/en\/?s={search_term_string}"},"query-input":"required name=search_term_string"}],"inLanguage":"es"},{"@type":"Organization","@id":"https:\/\/fru.ifesworld.org\/en\/#organization","name":"IFES \u00b7 International Fellowship of Evangelical Students","url":"https:\/\/fru.ifesworld.org\/en\/","logo":{"@type":"ImageObject","inLanguage":"es","@id":"https:\/\/fru.ifesworld.org\/en\/#\/schema\/logo\/image\/","url":"https:\/\/fru.ifesworld.org\/wp-content\/uploads\/2019\/06\/ifeslogo.png","contentUrl":"https:\/\/fru.ifesworld.org\/wp-content\/uploads\/2019\/06\/ifeslogo.png","width":262,"height":262,"caption":"IFES \u00b7 International Fellowship of Evangelical Students"},"image":{"@id":"https:\/\/fru.ifesworld.org\/en\/#\/schema\/logo\/image\/"}}]}},"_links":{"self":[{"href":"https:\/\/fru.ifesworld.org\/es\/wp-json\/wp\/v2\/prayerline\/16325"}],"collection":[{"href":"https:\/\/fru.ifesworld.org\/es\/wp-json\/wp\/v2\/prayerline"}],"about":[{"href":"https:\/\/fru.ifesworld.org\/es\/wp-json\/wp\/v2\/types\/prayerline"}],"wp:attachment":[{"href":"https:\/\/fru.ifesworld.org\/es\/wp-json\/wp\/v2\/media?parent=16325"}],"wp:term":[{"taxonomy":"area","embeddable":true,"href":"https:\/\/fru.ifesworld.org\/es\/wp-json\/wp\/v2\/area?post=16325"},{"taxonomy":"theme","embeddable":true,"href":"https:\/\/fru.ifesworld.org\/es\/wp-json\/wp\/v2\/theme?post=16325"}],"curies":[{"name":"wp","href":"https:\/\/api.w.org\/{rel}","templated":true}]}}