{"id":6466,"date":"2019-06-25T14:16:57","date_gmt":"2019-06-25T14:16:57","guid":{"rendered":"https:\/\/fru.ifesworld.org\/?page_id=6466"},"modified":"2019-09-04T14:55:05","modified_gmt":"2019-09-04T14:55:05","slug":"asamblea-mundial-2019-mensajeros-de-esperanza","status":"publish","type":"page","link":"https:\/\/fru.ifesworld.org\/es\/asamblea-mundial-2019-mensajeros-de-esperanza\/","title":{"rendered":"Asamblea mundial 2019: Mensajeros de esperanza"},"content":{"rendered":"<div class=\"wp-block block-core-group alignfull no-padding-top\">\n<div class=\"wp-block-group alignfull has-white-background-color has-background no-padding-top\"><div class=\"wp-block-group__inner-container\"><div class=\"wp-block-group__inner-container is-layout-flow wp-block-group-is-layout-flow\"><div class=\"wp-block block-core-paragraph\">\n<p class=\"has-text-color has-md-font-size has-accent-color\"> En el cap\u00edtulo final del Evangelio de Lucas, leemos la historia de dos disc\u00edpulos en el camino de Ema\u00fas.&nbsp;Jes\u00fas hab\u00eda sido crucificado unos d\u00edas antes.&nbsp;Ahora la tumba estaba vac\u00eda y sus disc\u00edpulos se enfrentaban a una oposici\u00f3n tremenda e intentaban entender qu\u00e9 hab\u00eda ocurrido.&nbsp; <\/p>\n<\/div>\n\n<div class=\"wp-block block-core-paragraph\">\n<p> Jes\u00fas les sali\u00f3 al encuentro, los acompa\u00f1\u00f3 en el camino y abri\u00f3 las Escrituras con ellos.&nbsp;Ese encuentro les restaur\u00f3 la esperanza y transform\u00f3 la vida.&nbsp; <\/p>\n<\/div>\n\n<div class=\"wp-block block-core-paragraph\">\n<p> Ve estas series de exposiciones de la Biblia por parte de estudiantes, personal e invitados de \u00c1frica, Asia, Europa y las Am\u00e9ricas. Oramos para que esta jornada internacional \u00fanica con Jes\u00fas les transmita una sensaci\u00f3n renovada de esperanza en \u00e9l y un entendimiento m\u00e1s profundo del llamado a ser mensajeros de esperanza en el mundo de hoy.&nbsp; <\/p>\n<\/div>\n\n<div class=\"wp-block block-acf-ifesbutton\">\n<div class=\"\">\n    <a id=\"btn-block_5d0cf405e5ef8\" target=\"\" href=\"https:\/\/fru.ifesworld.org\/en\/worldassembly\/\" class=\"btn btn--cta-link\">\n        <span>\n                    <span class=\"icon\"><svg class=\"icon\"><use xlink:href=\"#chevron-circle-right-solid\"\/><\/svg><\/span>\n        Descubrir m\u00e1s sobre la asamblea mundial de ifes 2019         <\/span>\n    <\/a>\n<\/div>\n\n<\/div><\/div><\/div>\n<\/div><\/div>\n\n<div class=\"wp-block block-core-group alignfull\">\n<div class=\"wp-block-group alignfull has-white-dark-background-color has-background\"><div class=\"wp-block-group__inner-container\"><div class=\"wp-block-group__inner-container is-layout-flow wp-block-group-is-layout-flow\"><div class=\"wp-block block-core-heading\">\n<h1 class=\"wp-block-heading\"><strong><em>LUCAS 24:13-35 \u00b7 CAMINANDO CON JES\u00daS Y UNOS CON OTROS<\/em><\/strong>&nbsp; <\/h1>\n<\/div>\n\n<div class=\"wp-block block-core-heading\">\n<h4 class=\"wp-block-heading\"> <strong>Sabine Kalthoff, secretaria para el Compromiso con las Escrituras<\/strong>&nbsp; <\/h4>\n<\/div>\n\n<div class=\"wp-block block-acf-spacer\">\n<div id=\"spacer-block_5d1e6c007e730\" class=\"\">\n    <div aria-hidden=\"true\" class=\"wp-block-spacer spacer--md\"><\/div>\n<\/div>\n<\/div>\n\n<div class=\"wp-block block-core-columns has-2-columns\">\n<div class=\"wp-block-columns has-2-columns is-layout-flex wp-container-core-columns-is-layout-1 wp-block-columns-is-layout-flex\">\n<div class=\"wp-block-column is-layout-flow wp-block-column-is-layout-flow\"><div class=\"wp-block block-core-embed-youtube wp-embed-aspect-16-9 wp-has-aspect-ratio\">\n<figure class=\"wp-block-embed-youtube wp-block-embed is-type-video is-provider-youtube wp-embed-aspect-16-9 wp-has-aspect-ratio\"><div class=\"wp-block-embed__wrapper\">\n<iframe loading=\"lazy\" title=\"Lucas 24:13-35 \u00b7 Caminando con Jes\u00fas y unos con otros\" width=\"740\" height=\"416\" src=\"https:\/\/www.youtube.com\/embed\/R-xBdz3WxJ0?feature=oembed&#038;cc_load_policy=1\" frameborder=\"0\" allow=\"accelerometer; autoplay; encrypted-media; gyroscope; picture-in-picture\" allowfullscreen><\/iframe>\n<\/div><\/figure>\n<\/div><\/div>\n\n\n\n<div class=\"wp-block-column is-layout-flow wp-block-column-is-layout-flow\"><div class=\"wp-block block-core-paragraph\">\n<p> \u00bfD\u00f3nde est\u00e1s en tu camino con Jes\u00fas? \u00danete a nosotros en nuestro camino de la Asamblea Mundial. Analizaremos c\u00f3mo camina el Cristo resucitado con sus disc\u00edpulos y los cambia abri\u00e9ndoles las Escrituras y revel\u00e1ndose a s\u00ed mismo.&nbsp; <\/p>\n<\/div><\/div>\n<\/div>\n<\/div><\/div><\/div>\n<\/div><\/div>\n\n<div class=\"wp-block block-core-group alignfull\">\n<div class=\"wp-block-group alignfull has-white-background-color has-background\"><div class=\"wp-block-group__inner-container\"><div class=\"wp-block-group__inner-container is-layout-flow wp-block-group-is-layout-flow\"><div class=\"wp-block block-core-heading\">\n<h1 class=\"wp-block-heading\"><strong><em>LA ESPERANZA EN LA GRAN NARRATIVA DE DIOS<\/em><\/strong>&nbsp; <\/h1>\n<\/div>\n\n<div class=\"wp-block block-core-heading\">\n<h4 class=\"wp-block-heading\"> <strong>Dr. Chris Wright, director de Ministerios Internacionales de Langham Partnership<\/strong> <\/h4>\n<\/div>\n\n<div class=\"wp-block block-core-columns has-2-columns\">\n<div class=\"wp-block-columns has-2-columns is-layout-flex wp-container-core-columns-is-layout-2 wp-block-columns-is-layout-flex\">\n<div class=\"wp-block-column is-layout-flow wp-block-column-is-layout-flow\"><div class=\"wp-block block-acf-spacer\">\n<div id=\"spacer-block_5d6fd00dbce2e\" class=\"\">\n    <div aria-hidden=\"true\" class=\"wp-block-spacer spacer--md\"><\/div>\n<\/div>\n<\/div>\n\n<div class=\"wp-block block-core-embed-youtube wp-embed-aspect-16-9 wp-has-aspect-ratio\">\n<figure class=\"wp-block-embed-youtube wp-block-embed is-type-video is-provider-youtube wp-embed-aspect-16-9 wp-has-aspect-ratio\"><div class=\"wp-block-embed__wrapper\">\n<iframe loading=\"lazy\" title=\"La esperanza en la gran narrativa de Dios\" width=\"740\" height=\"416\" src=\"https:\/\/www.youtube.com\/embed\/cEB9Ye0gNYU?feature=oembed&#038;cc_load_policy=1\" frameborder=\"0\" allow=\"accelerometer; autoplay; encrypted-media; gyroscope; picture-in-picture\" allowfullscreen><\/iframe>\n<\/div><\/figure>\n<\/div><\/div>\n\n\n\n<div class=\"wp-block-column is-layout-flow wp-block-column-is-layout-flow\"><div class=\"wp-block block-core-paragraph\">\n<p>Escucha c\u00f3mo exploramos la gran narrativa de la Biblia: una historia; una historia real; la historia de Dios y nuestra historia. El lugar donde se responden las preguntas. El lugar donde podemos encontrarnos con Dios mismo.&nbsp; <\/p>\n<\/div><\/div>\n<\/div>\n<\/div><\/div><\/div>\n<\/div><\/div>\n\n<div class=\"wp-block block-core-group alignfull\">\n<div class=\"wp-block-group alignfull has-white-dark-background-color has-background\"><div class=\"wp-block-group__inner-container\"><div class=\"wp-block-group__inner-container is-layout-flow wp-block-group-is-layout-flow\"><div class=\"wp-block block-core-heading\">\n<h1 class=\"wp-block-heading\"> <strong><em>LUCAS 24:13-35 \u00b7 REORIENTADOS POR JES\u00daS<\/em><\/strong>&nbsp; <\/h1>\n<\/div>\n\n<div class=\"wp-block block-core-heading\">\n<h4 class=\"wp-block-heading\"> <strong>Alejandra Ortiz, equipo regional de COMPA y liderazgo de COMPA M\u00e9xico<\/strong>&nbsp; <\/h4>\n<\/div>\n\n<div class=\"wp-block block-core-columns has-2-columns\">\n<div class=\"wp-block-columns has-2-columns is-layout-flex wp-container-core-columns-is-layout-3 wp-block-columns-is-layout-flex\">\n<div class=\"wp-block-column is-layout-flow wp-block-column-is-layout-flow\"><div class=\"wp-block block-acf-spacer\">\n<div id=\"spacer-block_5d6fd00dbce2f\" class=\"\">\n    <div aria-hidden=\"true\" class=\"wp-block-spacer spacer--md\"><\/div>\n<\/div>\n<\/div>\n\n<div class=\"wp-block block-core-embed-youtube wp-embed-aspect-16-9 wp-has-aspect-ratio\">\n<figure class=\"wp-block-embed-youtube wp-block-embed is-type-video is-provider-youtube wp-embed-aspect-16-9 wp-has-aspect-ratio\"><div class=\"wp-block-embed__wrapper\">\n<iframe loading=\"lazy\" title=\"Lucas 24:13-35 \u00b7 Reorientados por Jes\u00fas\" width=\"740\" height=\"416\" src=\"https:\/\/www.youtube.com\/embed\/OiCXAPeM4gw?feature=oembed&#038;cc_load_policy=1\" frameborder=\"0\" allow=\"accelerometer; autoplay; encrypted-media; gyroscope; picture-in-picture\" allowfullscreen><\/iframe>\n<\/div><\/figure>\n<\/div><\/div>\n\n\n\n<div class=\"wp-block-column is-layout-flow wp-block-column-is-layout-flow\"><div class=\"wp-block block-core-paragraph\">\n<p> En medio de las dudas y el des\u00e1nimo, los disc\u00edpulos se encontraron con Jes\u00fas. A medida que caminaron, conversaron y partieron el pan con \u00e9l, su perspectiva sobre la realidad se transform\u00f3 de cabo a rabo: fueron reorientados y recibieron un nuevo enfoque y direcci\u00f3n. Recorre el camino de Ema\u00fas con nosotros y los disc\u00edpulos para que las palabras de Jes\u00fas reorienten tu perspectiva sobre la realidad.&nbsp;<\/p>\n<\/div><\/div>\n<\/div>\n<\/div><\/div><\/div>\n<\/div><\/div>\n\n<div class=\"wp-block block-core-group alignfull\">\n<div class=\"wp-block-group alignfull has-white-background-color has-background\"><div class=\"wp-block-group__inner-container\"><div class=\"wp-block-group__inner-container is-layout-flow wp-block-group-is-layout-flow\"><div class=\"wp-block block-core-heading\">\n<h1 class=\"wp-block-heading\"><strong><em>LUCAS 7:11-30 \u00b7 EN LA ENCRUCIJADA<\/em><\/strong>&nbsp; <\/h1>\n<\/div>\n\n<div class=\"wp-block block-core-heading\">\n<h4 class=\"wp-block-heading\"><strong>Dr. Chris Wright, director de Ministerios Internacionales de Langham Partnership<\/strong>&nbsp; <\/h4>\n<\/div>\n\n<div class=\"wp-block block-core-columns has-2-columns\">\n<div class=\"wp-block-columns has-2-columns is-layout-flex wp-container-core-columns-is-layout-4 wp-block-columns-is-layout-flex\">\n<div class=\"wp-block-column is-layout-flow wp-block-column-is-layout-flow\"><div class=\"wp-block block-acf-spacer\">\n<div id=\"spacer-block_5d6fd00dbce31\" class=\"\">\n    <div aria-hidden=\"true\" class=\"wp-block-spacer spacer--md\"><\/div>\n<\/div>\n<\/div>\n\n<div class=\"wp-block block-core-embed-youtube wp-embed-aspect-16-9 wp-has-aspect-ratio\">\n<figure class=\"wp-block-embed-youtube wp-block-embed is-type-video is-provider-youtube wp-embed-aspect-16-9 wp-has-aspect-ratio\"><div class=\"wp-block-embed__wrapper\">\n<iframe loading=\"lazy\" title=\"Lucas 7:11-30 \u00b7 En la encrucijada\" width=\"740\" height=\"416\" src=\"https:\/\/www.youtube.com\/embed\/TNAPKyc4uqQ?feature=oembed&#038;cc_load_policy=1\" frameborder=\"0\" allow=\"accelerometer; autoplay; encrypted-media; gyroscope; picture-in-picture\" allowfullscreen><\/iframe>\n<\/div><\/figure>\n<\/div><\/div>\n\n\n\n<div class=\"wp-block-column is-layout-flow wp-block-column-is-layout-flow\"><div class=\"wp-block block-core-paragraph\">\n<p>Juan el Bautista estaba en prisi\u00f3n. Su vida se complicaba. \u00bfEra parte del plan de Dios? \u00bfSer\u00eda Jes\u00fas quien realmente dec\u00eda ser? Explora con nosotros c\u00f3mo la respuesta de Jes\u00fas le ofrece seguridad, esperanza y una misi\u00f3n para cambiar el mundo.&nbsp; <\/p>\n<\/div><\/div>\n<\/div>\n<\/div><\/div><\/div>\n<\/div><\/div>\n\n<div class=\"wp-block block-core-group alignfull\">\n<div class=\"wp-block-group alignfull has-white-dark-background-color has-background\"><div class=\"wp-block-group__inner-container\"><div class=\"wp-block-group__inner-container is-layout-flow wp-block-group-is-layout-flow\"><div class=\"wp-block block-core-heading\">\n<h1 class=\"wp-block-heading\"> <strong><em>LUCAS 9:18-27<\/em><\/strong>&nbsp; <\/h1>\n<\/div>\n\n<div class=\"wp-block block-core-heading\">\n<h4 class=\"wp-block-heading\"> <strong>Joshua Castillo, estudiante de Inter-Varsity Canad\u00e1<\/strong>&nbsp; <\/h4>\n<\/div>\n\n<div class=\"wp-block block-core-columns has-2-columns\">\n<div class=\"wp-block-columns has-2-columns is-layout-flex wp-container-core-columns-is-layout-5 wp-block-columns-is-layout-flex\">\n<div class=\"wp-block-column is-layout-flow wp-block-column-is-layout-flow\"><div class=\"wp-block block-acf-spacer\">\n<div id=\"spacer-block_5d2241a6ff362\" class=\"\">\n    <div aria-hidden=\"true\" class=\"wp-block-spacer spacer--md\"><\/div>\n<\/div>\n<\/div>\n\n<div class=\"wp-block block-core-embed-youtube wp-embed-aspect-16-9 wp-has-aspect-ratio\">\n<figure class=\"wp-block-embed-youtube wp-block-embed is-type-video is-provider-youtube wp-embed-aspect-16-9 wp-has-aspect-ratio\"><div class=\"wp-block-embed__wrapper\">\n<iframe loading=\"lazy\" title=\"Lucas 9:18-27 \u00b7 Joshua Castillo\" width=\"740\" height=\"416\" src=\"https:\/\/www.youtube.com\/embed\/Ym_1KnurXdI?feature=oembed&#038;cc_load_policy=1\" frameborder=\"0\" allow=\"accelerometer; autoplay; encrypted-media; gyroscope; picture-in-picture\" allowfullscreen><\/iframe>\n<\/div><\/figure>\n<\/div><\/div>\n\n\n\n<div class=\"wp-block-column is-layout-flow wp-block-column-is-layout-flow\"><div class=\"wp-block block-core-paragraph\">\n<p> \u00bfQui\u00e9n dices que es Jes\u00fas? Las multitudes ofrecen respuestas contradictorias; \u00a1pero Pedro sabe la respuesta final! \u00bfVerdad? Jes\u00fas nos lleva a un camino para descubrir m\u00e1s sobre su identidad y desaf\u00eda nuestros conocimientos sobre lo que significa ser sus disc\u00edpulos.&nbsp; <\/p>\n<\/div><\/div>\n<\/div>\n<\/div><\/div><\/div>\n<\/div><\/div>\n\n<div class=\"wp-block block-core-group alignfull\">\n<div class=\"wp-block-group alignfull has-white-background-color has-background\"><div class=\"wp-block-group__inner-container\"><div class=\"wp-block-group__inner-container is-layout-flow wp-block-group-is-layout-flow\"><div class=\"wp-block block-core-heading\">\n<h1 class=\"wp-block-heading\"> <strong><em>LUCAS 9:28-45<\/em><\/strong>&nbsp; <\/h1>\n<\/div>\n\n<div class=\"wp-block block-core-heading\">\n<h4 class=\"wp-block-heading\"><strong>Vera Minorova, estudiante de CCX Rusia<\/strong><\/h4>\n<\/div>\n\n<div class=\"wp-block block-core-columns has-2-columns\">\n<div class=\"wp-block-columns has-2-columns is-layout-flex wp-container-core-columns-is-layout-6 wp-block-columns-is-layout-flex\">\n<div class=\"wp-block-column is-layout-flow wp-block-column-is-layout-flow\"><div class=\"wp-block block-acf-spacer\">\n<div id=\"spacer-block_5d2241c8ff363\" class=\"\">\n    <div aria-hidden=\"true\" class=\"wp-block-spacer spacer--md\"><\/div>\n<\/div>\n<\/div>\n\n<div class=\"wp-block block-core-embed-youtube wp-embed-aspect-16-9 wp-has-aspect-ratio\">\n<figure class=\"wp-block-embed-youtube wp-block-embed is-type-video is-provider-youtube wp-embed-aspect-16-9 wp-has-aspect-ratio\"><div class=\"wp-block-embed__wrapper\">\n<iframe loading=\"lazy\" title=\"Lucas 9:28-45 \u00b7 Vera Minorova\" width=\"740\" height=\"416\" src=\"https:\/\/www.youtube.com\/embed\/cz1d9wl23o8?feature=oembed&#038;cc_load_policy=1\" frameborder=\"0\" allow=\"accelerometer; autoplay; encrypted-media; gyroscope; picture-in-picture\" allowfullscreen><\/iframe>\n<\/div><\/figure>\n<\/div><\/div>\n\n\n\n<div class=\"wp-block-column is-layout-flow wp-block-column-is-layout-flow\"><div class=\"wp-block block-core-paragraph\">\n<p>Los disc\u00edpulos siguen sin comprender del todo qui\u00e9n es Jes\u00fas ni cu\u00e1l es su misi\u00f3n. Pero Jes\u00fas se acerca a ellos en su quebranto, falta de fe e incapacidad y les muestra su gloria. \u00bfSeremos los que obedecen el llamado de Dios a sus seguidores para o\u00edr a su Hijo amado?&nbsp;<\/p>\n<\/div><\/div>\n<\/div>\n<\/div><\/div><\/div>\n<\/div><\/div>\n\n<div class=\"wp-block block-core-group alignfull\">\n<div class=\"wp-block-group alignfull has-white-dark-background-color has-background\"><div class=\"wp-block-group__inner-container\"><div class=\"wp-block-group__inner-container is-layout-flow wp-block-group-is-layout-flow\"><div class=\"wp-block block-core-heading\">\n<h1 class=\"wp-block-heading\"> <strong><em>LUCAS 9:46-62<\/em><\/strong>&nbsp; <\/h1>\n<\/div>\n\n<div class=\"wp-block block-core-heading\">\n<h4 class=\"wp-block-heading\"> <strong>Nanna Kildahl Mathiasen, estudiante de KFS Dinamarca<\/strong>&nbsp; <\/h4>\n<\/div>\n\n<div class=\"wp-block block-core-columns has-2-columns\">\n<div class=\"wp-block-columns has-2-columns is-layout-flex wp-container-core-columns-is-layout-7 wp-block-columns-is-layout-flex\">\n<div class=\"wp-block-column is-layout-flow wp-block-column-is-layout-flow\"><div class=\"wp-block block-acf-spacer\">\n<div id=\"spacer-block_5d2241e6ff364\" class=\"\">\n    <div aria-hidden=\"true\" class=\"wp-block-spacer spacer--md\"><\/div>\n<\/div>\n<\/div>\n\n<div class=\"wp-block block-core-embed-youtube wp-embed-aspect-16-9 wp-has-aspect-ratio\">\n<figure class=\"wp-block-embed-youtube wp-block-embed is-type-video is-provider-youtube wp-embed-aspect-16-9 wp-has-aspect-ratio\"><div class=\"wp-block-embed__wrapper\">\n<iframe loading=\"lazy\" title=\"Lucas 9:46-62 \u00b7 Nanna Kildahl Mathiasen\" width=\"740\" height=\"416\" src=\"https:\/\/www.youtube.com\/embed\/iAbJvFzz7H8?feature=oembed&#038;cc_load_policy=1\" frameborder=\"0\" allow=\"accelerometer; autoplay; encrypted-media; gyroscope; picture-in-picture\" allowfullscreen><\/iframe>\n<\/div><\/figure>\n<\/div><\/div>\n\n\n\n<div class=\"wp-block-column is-layout-flow wp-block-column-is-layout-flow\"><div class=\"wp-block block-core-paragraph\">\n<p>El reino de Dios es un Reino de sorpresas. Los disc\u00edpulos ten\u00edan grandes expectativas sobre lo que significaba seguir a Jes\u00fas. Pero \u00e9l, que se convirti\u00f3 en ni\u00f1o y marginado, les mostr\u00f3 un camino distinto. Hoy nos llama a seguirlo y proclamar su Reino de sorpresas.&nbsp; <\/p>\n<\/div><\/div>\n<\/div>\n<\/div><\/div><\/div>\n<\/div><\/div>\n\n<div class=\"wp-block block-core-group alignfull\">\n<div class=\"wp-block-group alignfull has-white-background-color has-background\"><div class=\"wp-block-group__inner-container\"><div class=\"wp-block-group__inner-container is-layout-flow wp-block-group-is-layout-flow\"><div class=\"wp-block block-core-heading\">\n<h1 class=\"wp-block-heading\"> <strong><em>HECHOS 1.1-11 \u00b7 ESTA HISTORIA TODAV\u00cdA NO SE HA ACABADO<\/em><\/strong> <\/h1>\n<\/div>\n\n<div class=\"wp-block block-core-heading\">\n<h4 class=\"wp-block-heading\"> <strong>Alex Nanlohy, secretario general asociado de PERKANTAS Indonesia<\/strong>&nbsp; <\/h4>\n<\/div>\n\n<div class=\"wp-block block-acf-spacer\">\n<div id=\"spacer-block_5d2468ab5a5ff\" class=\"\">\n    <div aria-hidden=\"true\" class=\"wp-block-spacer spacer--md\"><\/div>\n<\/div>\n<\/div>\n\n<div class=\"wp-block block-core-columns has-2-columns\">\n<div class=\"wp-block-columns has-2-columns is-layout-flex wp-container-core-columns-is-layout-8 wp-block-columns-is-layout-flex\">\n<div class=\"wp-block-column is-layout-flow wp-block-column-is-layout-flow\"><div class=\"wp-block block-core-embed-youtube wp-embed-aspect-16-9 wp-has-aspect-ratio\">\n<figure class=\"wp-block-embed-youtube wp-block-embed is-type-video is-provider-youtube wp-embed-aspect-16-9 wp-has-aspect-ratio\"><div class=\"wp-block-embed__wrapper\">\n<iframe loading=\"lazy\" title=\"Hechos 1.1-11 \u00b7 Alex Nanlohy\" width=\"740\" height=\"416\" src=\"https:\/\/www.youtube.com\/embed\/3fsnvHtzmqU?feature=oembed&#038;cc_load_policy=1\" frameborder=\"0\" allow=\"accelerometer; autoplay; encrypted-media; gyroscope; picture-in-picture\" allowfullscreen><\/iframe>\n<\/div><\/figure>\n<\/div><\/div>\n\n\n\n<div class=\"wp-block-column is-layout-flow wp-block-column-is-layout-flow\"><div class=\"wp-block block-core-paragraph\">\n<p>\u00bfCu\u00e1l fue el siguiente paso para los disc\u00edpulos? \u00bfCu\u00e1l es el nuestro? La historia continua cuando los disc\u00edpulos reciben el poder del Esp\u00edritu de Jes\u00fas para ser testigos hasta los confines de la tierra. \u00bfQu\u00e9 significa esa historia alrededor del mundo? \u00bfQu\u00e9 implica en Indonesia? \u00bfQu\u00e9 significa para ti?  <\/p>\n<\/div><\/div>\n<\/div>\n<\/div><\/div><\/div>\n<\/div><\/div>\n\n<div class=\"wp-block block-core-group alignfull\">\n<div class=\"wp-block-group alignfull has-white-dark-background-color has-background\"><div class=\"wp-block-group__inner-container\"><div class=\"wp-block-group__inner-container is-layout-flow wp-block-group-is-layout-flow\"><div class=\"wp-block block-core-heading\">\n<h1 class=\"wp-block-heading\"> <strong><em>HECHOS 1.1-11 \u00b7 \u00bfQU\u00c9 ES LA ESPERANZA?<\/em><\/strong>&nbsp; <\/h1>\n<\/div>\n\n<div class=\"wp-block block-core-heading\">\n<h4 class=\"wp-block-heading\"> <strong>Janna Louie, graduada de InterVarsity\/USA y directora de \u00e1rea de los ministerios de profesorado<\/strong>&nbsp; <\/h4>\n<\/div>\n\n<div class=\"wp-block block-acf-spacer\">\n<div id=\"spacer-block_5d2469cb5a600\" class=\"\">\n    <div aria-hidden=\"true\" class=\"wp-block-spacer spacer--md\"><\/div>\n<\/div>\n<\/div>\n\n<div class=\"wp-block block-core-columns has-2-columns\">\n<div class=\"wp-block-columns has-2-columns is-layout-flex wp-container-core-columns-is-layout-9 wp-block-columns-is-layout-flex\">\n<div class=\"wp-block-column is-layout-flow wp-block-column-is-layout-flow\"><div class=\"wp-block block-core-embed-youtube wp-embed-aspect-16-9 wp-has-aspect-ratio\">\n<figure class=\"wp-block-embed-youtube wp-block-embed is-type-video is-provider-youtube wp-embed-aspect-16-9 wp-has-aspect-ratio\"><div class=\"wp-block-embed__wrapper\">\n<iframe loading=\"lazy\" title=\"Hechos 1.1-11 \u00b7 Janna Louie\" width=\"740\" height=\"416\" src=\"https:\/\/www.youtube.com\/embed\/9Fy21X_2c7c?feature=oembed&#038;cc_load_policy=1\" frameborder=\"0\" allow=\"accelerometer; autoplay; encrypted-media; gyroscope; picture-in-picture\" allowfullscreen><\/iframe>\n<\/div><\/figure>\n<\/div><\/div>\n\n\n\n<div class=\"wp-block-column is-layout-flow wp-block-column-is-layout-flow\"><div class=\"wp-block block-core-paragraph\">\n<p>\u00danete a nosotros para investigar nuestro llamado como seguidores de Jes\u00fas con el poder del Esp\u00edritu Santo para emprender acciones en lugares de dolor y desesperanza para llevarles la esperanza del Cristo resucitado.&nbsp; <\/p>\n<\/div><\/div>\n<\/div>\n<\/div><\/div><\/div>\n<\/div><\/div>\n\n<div class=\"wp-block block-core-group alignfull\">\n<div class=\"wp-block-group alignfull has-white-background-color has-background\"><div class=\"wp-block-group__inner-container\"><div class=\"wp-block-group__inner-container is-layout-flow wp-block-group-is-layout-flow\"><div class=\"wp-block block-core-heading\">\n<h1 class=\"wp-block-heading\"> <strong><em>HECHOS 3.1-26 \u00b7 NUESTRA MISI\u00d3N COMO AGENTES DE ESPERANZA<\/em><\/strong>&nbsp; <\/h1>\n<\/div>\n\n<div class=\"wp-block block-core-heading\">\n<h4 class=\"wp-block-heading\"> <strong>Dr. Mamusha Fenta, expositor b\u00edblico y conferenciante en \u00c1frica Oriental<\/strong>&nbsp; <\/h4>\n<\/div>\n\n<div class=\"wp-block block-acf-spacer\">\n<div id=\"spacer-block_5d25ea93bcee9\" class=\"\">\n    <div aria-hidden=\"true\" class=\"wp-block-spacer spacer--md\"><\/div>\n<\/div>\n<\/div>\n\n<div class=\"wp-block block-core-columns has-2-columns\">\n<div class=\"wp-block-columns has-2-columns is-layout-flex wp-container-core-columns-is-layout-10 wp-block-columns-is-layout-flex\">\n<div class=\"wp-block-column is-layout-flow wp-block-column-is-layout-flow\"><div class=\"wp-block block-core-embed-youtube wp-embed-aspect-16-9 wp-has-aspect-ratio\">\n<figure class=\"wp-block-embed-youtube wp-block-embed is-type-video is-provider-youtube wp-embed-aspect-16-9 wp-has-aspect-ratio\"><div class=\"wp-block-embed__wrapper\">\n<iframe loading=\"lazy\" title=\"Hechos 3.1-26 \u00b7 Mamusha Fenta\" width=\"740\" height=\"416\" src=\"https:\/\/www.youtube.com\/embed\/QvR85_DMiZQ?feature=oembed&#038;cc_load_policy=1\" frameborder=\"0\" allow=\"accelerometer; autoplay; encrypted-media; gyroscope; picture-in-picture\" allowfullscreen><\/iframe>\n<\/div><\/figure>\n<\/div><\/div>\n\n\n\n<div class=\"wp-block-column is-layout-flow wp-block-column-is-layout-flow\"><div class=\"wp-block block-core-paragraph\">\n<p>Nos unimos a Pedro y Juan cuando se encontraron con un hombre quebrantado. Ofrecemos un mensaje de esperanza para la gente rota. \u00bfQu\u00e9 implica para nosotros hoy? Consideramos nuestro llamado como pueblo lleno del poder del Esp\u00edritu para proclamar con valor el mensaje de esperanza a este mundo roto, en palabras y en hechos.&nbsp;  <\/p>\n<\/div><\/div>\n<\/div>\n<\/div><\/div><\/div>\n<\/div><\/div>\n\n<div class=\"wp-block block-core-group alignfull\">\n<div class=\"wp-block-group alignfull has-white-dark-background-color has-background\"><div class=\"wp-block-group__inner-container\"><div class=\"wp-block-group__inner-container is-layout-flow wp-block-group-is-layout-flow\"><div class=\"wp-block block-core-heading\">\n<h1 class=\"wp-block-heading\"> <strong><em>HECHOS 4:23-31 \u00b7 PENTECOST\u00c9S DE SEGURIDAD<\/em><\/strong>&nbsp; <\/h1>\n<\/div>\n\n<div class=\"wp-block block-core-heading\">\n<h4 class=\"wp-block-heading\"> <strong>Augustin Ahoga, secretario regional de IFES \u00c1frica franc\u00f3fona (2007-2019)<\/strong>&nbsp; <\/h4>\n<\/div>\n\n<div class=\"wp-block block-acf-spacer\">\n<div id=\"spacer-block_5d27352e848e8\" class=\"\">\n    <div aria-hidden=\"true\" class=\"wp-block-spacer spacer--md\"><\/div>\n<\/div>\n<\/div>\n\n<div class=\"wp-block block-core-columns has-2-columns\">\n<div class=\"wp-block-columns has-2-columns is-layout-flex wp-container-core-columns-is-layout-11 wp-block-columns-is-layout-flex\">\n<div class=\"wp-block-column is-layout-flow wp-block-column-is-layout-flow\"><div class=\"wp-block block-core-embed-youtube wp-embed-aspect-16-9 wp-has-aspect-ratio\">\n<figure class=\"wp-block-embed-youtube wp-block-embed is-type-video is-provider-youtube wp-embed-aspect-16-9 wp-has-aspect-ratio\"><div class=\"wp-block-embed__wrapper\">\n<iframe loading=\"lazy\" title=\"Hechos 4:23-31 \u00b7 Augustin Ahoga\" width=\"740\" height=\"416\" src=\"https:\/\/www.youtube.com\/embed\/-GJY9Kl2W6c?feature=oembed&#038;cc_load_policy=1\" frameborder=\"0\" allow=\"accelerometer; autoplay; encrypted-media; gyroscope; picture-in-picture\" allowfullscreen><\/iframe>\n<\/div><\/figure>\n<\/div><\/div>\n\n\n\n<div class=\"wp-block-column is-layout-flow wp-block-column-is-layout-flow\"><div class=\"wp-block block-core-paragraph\">\n<p>Los disc\u00edpulos necesitaron coraje y seguridad para enfrentarse a la persecuci\u00f3n, y Dios se los concedi\u00f3 cuando oraron un\u00e1nimes. Hoy, en todo IFES, necesitamos esa misma valent\u00eda y confianza en nuestros distintos contextos para seguir predicando el mensaje de esperanza. Si nos unimos en oraci\u00f3n, \u00bfno nos responder\u00e1 Dios?&nbsp; <\/p>\n<\/div><\/div>\n<\/div>\n<\/div><\/div><\/div>\n<\/div><\/div>\n\n<div class=\"wp-block block-core-group alignfull no-padding-top\">\n<div class=\"wp-block-group alignfull has-white-background-color has-background no-padding-top\"><div class=\"wp-block-group__inner-container\"><div class=\"wp-block-group__inner-container is-layout-flow wp-block-group-is-layout-flow\"><div class=\"wp-block block-acf-ifesbutton\">\n<div class=\"\">\n    <a id=\"btn-block_5d0cf563e5ef9\" target=\"\" href=\"#top\" class=\"btn btn--tertiary\">\n        <span>\n        \u2191  Volver al inicio         <\/span>\n    <\/a>\n<\/div>\n\n<\/div>\n\n<div class=\"wp-block block-acf-ifesbutton\">\n<div class=\"\">\n    <a id=\"btn-block_5d0cf5b1e5efa\" target=\"\" href=\"https:\/\/ifesworld.org\/es\/asambleamundial\/\" class=\"btn btn--world-student-day\">\n        <span>\n        M\u00e1s acerca de la Asamblea Mundial de ifes del 2019         <\/span>\n    <\/a>\n<\/div>\n\n<\/div><\/div><\/div>\n<\/div><\/div>","protected":false},"excerpt":{"rendered":"<p>En el cap\u00edtulo final del Evangelio de Lucas, leemos la historia de dos disc\u00edpulos en el camino de Ema\u00fas.&nbsp;Jes\u00fas hab\u00eda sido crucificado unos d\u00edas antes.&nbsp;Ahora la tumba estaba vac\u00eda y sus disc\u00edpulos se enfrentaban a una oposici\u00f3n tremenda e intentaban entender qu\u00e9 hab\u00eda ocurrido.&nbsp; Jes\u00fas les sali\u00f3 al encuentro, los acompa\u00f1\u00f3 en el camino y&#8230;<\/p>\n","protected":false},"author":2,"featured_media":7138,"parent":0,"menu_order":0,"comment_status":"closed","ping_status":"closed","template":"","meta":{"_acf_changed":false,"inline_featured_image":false,"footnotes":""},"area":[],"theme":[],"class_list":["post-6466","page","type-page","status-publish","has-post-thumbnail","hentry"],"acf":[],"yoast_head":"<!-- This site is optimized with the Yoast SEO plugin v22.6 - https:\/\/yoast.com\/wordpress\/plugins\/seo\/ -->\n<title>Asamblea mundial 2019: Mensajeros de esperanza &#183; IFES<\/title>\n<meta name=\"description\" content=\"En el cap\u00edtulo final del Evangelio de Lucas, leemos la historia de dos disc\u00edpulos en el camino de Ema\u00fas.&nbsp;Jes\u00fas hab\u00eda sido crucificado unos d\u00edas\" \/>\n<meta name=\"robots\" content=\"noindex, follow, max-snippet:-1, max-image-preview:large, max-video-preview:-1\" \/>\n<meta property=\"og:locale\" content=\"es_ES\" \/>\n<meta property=\"og:type\" content=\"article\" \/>\n<meta property=\"og:title\" content=\"Asamblea mundial 2019: Mensajeros de esperanza &#183; IFES\" \/>\n<meta property=\"og:description\" content=\"En el cap\u00edtulo final del Evangelio de Lucas, leemos la historia de dos disc\u00edpulos en el camino de Ema\u00fas.&nbsp;Jes\u00fas hab\u00eda sido crucificado unos d\u00edas\" \/>\n<meta property=\"og:url\" content=\"https:\/\/ifesworld.org\/es\/asamblea-mundial-2019-mensajeros-de-esperanza\/\" \/>\n<meta property=\"og:site_name\" content=\"IFES\" \/>\n<meta property=\"article:modified_time\" content=\"2019-09-04T14:55:05+00:00\" \/>\n<meta property=\"og:image\" content=\"https:\/\/ifesworld.org\/wp-content\/uploads\/2019\/07\/19wa-Alejandra-Ortiz.jpg\" \/>\n\t<meta property=\"og:image:width\" content=\"1200\" \/>\n\t<meta property=\"og:image:height\" content=\"675\" \/>\n\t<meta property=\"og:image:type\" content=\"image\/jpeg\" \/>\n<meta name=\"twitter:card\" content=\"summary_large_image\" \/>\n<meta name=\"twitter:label1\" content=\"Tiempo de lectura\" \/>\n\t<meta name=\"twitter:data1\" content=\"5 minutos\" \/>\n<script type=\"application\/ld+json\" class=\"yoast-schema-graph\">{\"@context\":\"https:\/\/schema.org\",\"@graph\":[{\"@type\":\"WebPage\",\"@id\":\"https:\/\/ifesworld.org\/es\/asamblea-mundial-2019-mensajeros-de-esperanza\/\",\"url\":\"https:\/\/ifesworld.org\/es\/asamblea-mundial-2019-mensajeros-de-esperanza\/\",\"name\":\"Asamblea mundial 2019: Mensajeros de esperanza &#183; IFES\",\"isPartOf\":{\"@id\":\"https:\/\/fru.ifesworld.org\/en\/#website\"},\"primaryImageOfPage\":{\"@id\":\"https:\/\/ifesworld.org\/es\/asamblea-mundial-2019-mensajeros-de-esperanza\/#primaryimage\"},\"image\":{\"@id\":\"https:\/\/ifesworld.org\/es\/asamblea-mundial-2019-mensajeros-de-esperanza\/#primaryimage\"},\"thumbnailUrl\":\"https:\/\/fru.ifesworld.org\/wp-content\/uploads\/2019\/07\/19wa-Alejandra-Ortiz.jpg\",\"datePublished\":\"2019-06-25T14:16:57+00:00\",\"dateModified\":\"2019-09-04T14:55:05+00:00\",\"description\":\"En el cap\u00edtulo final del Evangelio de Lucas, leemos la historia de dos disc\u00edpulos en el camino de Ema\u00fas.&nbsp;Jes\u00fas hab\u00eda sido crucificado unos d\u00edas\",\"breadcrumb\":{\"@id\":\"https:\/\/ifesworld.org\/es\/asamblea-mundial-2019-mensajeros-de-esperanza\/#breadcrumb\"},\"inLanguage\":\"es\",\"potentialAction\":[{\"@type\":\"ReadAction\",\"target\":[\"https:\/\/ifesworld.org\/es\/asamblea-mundial-2019-mensajeros-de-esperanza\/\"]}]},{\"@type\":\"ImageObject\",\"inLanguage\":\"es\",\"@id\":\"https:\/\/ifesworld.org\/es\/asamblea-mundial-2019-mensajeros-de-esperanza\/#primaryimage\",\"url\":\"https:\/\/fru.ifesworld.org\/wp-content\/uploads\/2019\/07\/19wa-Alejandra-Ortiz.jpg\",\"contentUrl\":\"https:\/\/fru.ifesworld.org\/wp-content\/uploads\/2019\/07\/19wa-Alejandra-Ortiz.jpg\",\"width\":1200,\"height\":675},{\"@type\":\"BreadcrumbList\",\"@id\":\"https:\/\/ifesworld.org\/es\/asamblea-mundial-2019-mensajeros-de-esperanza\/#breadcrumb\",\"itemListElement\":[{\"@type\":\"ListItem\",\"position\":1,\"name\":\"Home\",\"item\":\"https:\/\/ifesworld.org\/es\/\"},{\"@type\":\"ListItem\",\"position\":2,\"name\":\"Asamblea mundial 2019: Mensajeros de esperanza\"}]},{\"@type\":\"WebSite\",\"@id\":\"https:\/\/fru.ifesworld.org\/en\/#website\",\"url\":\"https:\/\/fru.ifesworld.org\/en\/\",\"name\":\"IFES\",\"description\":\"A movement of students sharing and living out the good news of Jesus Christ. Locally. Nationally. Globally.\",\"publisher\":{\"@id\":\"https:\/\/fru.ifesworld.org\/en\/#organization\"},\"potentialAction\":[{\"@type\":\"SearchAction\",\"target\":{\"@type\":\"EntryPoint\",\"urlTemplate\":\"https:\/\/fru.ifesworld.org\/en\/?s={search_term_string}\"},\"query-input\":\"required name=search_term_string\"}],\"inLanguage\":\"es\"},{\"@type\":\"Organization\",\"@id\":\"https:\/\/fru.ifesworld.org\/en\/#organization\",\"name\":\"IFES \u00b7 International Fellowship of Evangelical Students\",\"url\":\"https:\/\/fru.ifesworld.org\/en\/\",\"logo\":{\"@type\":\"ImageObject\",\"inLanguage\":\"es\",\"@id\":\"https:\/\/fru.ifesworld.org\/en\/#\/schema\/logo\/image\/\",\"url\":\"https:\/\/fru.ifesworld.org\/wp-content\/uploads\/2019\/06\/ifeslogo.png\",\"contentUrl\":\"https:\/\/fru.ifesworld.org\/wp-content\/uploads\/2019\/06\/ifeslogo.png\",\"width\":262,\"height\":262,\"caption\":\"IFES \u00b7 International Fellowship of Evangelical Students\"},\"image\":{\"@id\":\"https:\/\/fru.ifesworld.org\/en\/#\/schema\/logo\/image\/\"}}]}<\/script>\n<!-- \/ Yoast SEO plugin. -->","yoast_head_json":{"title":"Asamblea mundial 2019: Mensajeros de esperanza &#183; IFES","description":"En el cap\u00edtulo final del Evangelio de Lucas, leemos la historia de dos disc\u00edpulos en el camino de Ema\u00fas.&nbsp;Jes\u00fas hab\u00eda sido crucificado unos d\u00edas","robots":{"index":"noindex","follow":"follow","max-snippet":"max-snippet:-1","max-image-preview":"max-image-preview:large","max-video-preview":"max-video-preview:-1"},"og_locale":"es_ES","og_type":"article","og_title":"Asamblea mundial 2019: Mensajeros de esperanza &#183; IFES","og_description":"En el cap\u00edtulo final del Evangelio de Lucas, leemos la historia de dos disc\u00edpulos en el camino de Ema\u00fas.&nbsp;Jes\u00fas hab\u00eda sido crucificado unos d\u00edas","og_url":"https:\/\/ifesworld.org\/es\/asamblea-mundial-2019-mensajeros-de-esperanza\/","og_site_name":"IFES","article_modified_time":"2019-09-04T14:55:05+00:00","og_image":[{"width":1200,"height":675,"url":"https:\/\/ifesworld.org\/wp-content\/uploads\/2019\/07\/19wa-Alejandra-Ortiz.jpg","type":"image\/jpeg"}],"twitter_card":"summary_large_image","twitter_misc":{"Tiempo de lectura":"5 minutos"},"schema":{"@context":"https:\/\/schema.org","@graph":[{"@type":"WebPage","@id":"https:\/\/ifesworld.org\/es\/asamblea-mundial-2019-mensajeros-de-esperanza\/","url":"https:\/\/ifesworld.org\/es\/asamblea-mundial-2019-mensajeros-de-esperanza\/","name":"Asamblea mundial 2019: Mensajeros de esperanza &#183; IFES","isPartOf":{"@id":"https:\/\/fru.ifesworld.org\/en\/#website"},"primaryImageOfPage":{"@id":"https:\/\/ifesworld.org\/es\/asamblea-mundial-2019-mensajeros-de-esperanza\/#primaryimage"},"image":{"@id":"https:\/\/ifesworld.org\/es\/asamblea-mundial-2019-mensajeros-de-esperanza\/#primaryimage"},"thumbnailUrl":"https:\/\/fru.ifesworld.org\/wp-content\/uploads\/2019\/07\/19wa-Alejandra-Ortiz.jpg","datePublished":"2019-06-25T14:16:57+00:00","dateModified":"2019-09-04T14:55:05+00:00","description":"En el cap\u00edtulo final del Evangelio de Lucas, leemos la historia de dos disc\u00edpulos en el camino de Ema\u00fas.&nbsp;Jes\u00fas hab\u00eda sido crucificado unos d\u00edas","breadcrumb":{"@id":"https:\/\/ifesworld.org\/es\/asamblea-mundial-2019-mensajeros-de-esperanza\/#breadcrumb"},"inLanguage":"es","potentialAction":[{"@type":"ReadAction","target":["https:\/\/ifesworld.org\/es\/asamblea-mundial-2019-mensajeros-de-esperanza\/"]}]},{"@type":"ImageObject","inLanguage":"es","@id":"https:\/\/ifesworld.org\/es\/asamblea-mundial-2019-mensajeros-de-esperanza\/#primaryimage","url":"https:\/\/fru.ifesworld.org\/wp-content\/uploads\/2019\/07\/19wa-Alejandra-Ortiz.jpg","contentUrl":"https:\/\/fru.ifesworld.org\/wp-content\/uploads\/2019\/07\/19wa-Alejandra-Ortiz.jpg","width":1200,"height":675},{"@type":"BreadcrumbList","@id":"https:\/\/ifesworld.org\/es\/asamblea-mundial-2019-mensajeros-de-esperanza\/#breadcrumb","itemListElement":[{"@type":"ListItem","position":1,"name":"Home","item":"https:\/\/ifesworld.org\/es\/"},{"@type":"ListItem","position":2,"name":"Asamblea mundial 2019: Mensajeros de esperanza"}]},{"@type":"WebSite","@id":"https:\/\/fru.ifesworld.org\/en\/#website","url":"https:\/\/fru.ifesworld.org\/en\/","name":"IFES","description":"A movement of students sharing and living out the good news of Jesus Christ. Locally. Nationally. Globally.","publisher":{"@id":"https:\/\/fru.ifesworld.org\/en\/#organization"},"potentialAction":[{"@type":"SearchAction","target":{"@type":"EntryPoint","urlTemplate":"https:\/\/fru.ifesworld.org\/en\/?s={search_term_string}"},"query-input":"required name=search_term_string"}],"inLanguage":"es"},{"@type":"Organization","@id":"https:\/\/fru.ifesworld.org\/en\/#organization","name":"IFES \u00b7 International Fellowship of Evangelical Students","url":"https:\/\/fru.ifesworld.org\/en\/","logo":{"@type":"ImageObject","inLanguage":"es","@id":"https:\/\/fru.ifesworld.org\/en\/#\/schema\/logo\/image\/","url":"https:\/\/fru.ifesworld.org\/wp-content\/uploads\/2019\/06\/ifeslogo.png","contentUrl":"https:\/\/fru.ifesworld.org\/wp-content\/uploads\/2019\/06\/ifeslogo.png","width":262,"height":262,"caption":"IFES \u00b7 International Fellowship of Evangelical Students"},"image":{"@id":"https:\/\/fru.ifesworld.org\/en\/#\/schema\/logo\/image\/"}}]}},"_links":{"self":[{"href":"https:\/\/fru.ifesworld.org\/es\/wp-json\/wp\/v2\/pages\/6466"}],"collection":[{"href":"https:\/\/fru.ifesworld.org\/es\/wp-json\/wp\/v2\/pages"}],"about":[{"href":"https:\/\/fru.ifesworld.org\/es\/wp-json\/wp\/v2\/types\/page"}],"author":[{"embeddable":true,"href":"https:\/\/fru.ifesworld.org\/es\/wp-json\/wp\/v2\/users\/2"}],"replies":[{"embeddable":true,"href":"https:\/\/fru.ifesworld.org\/es\/wp-json\/wp\/v2\/comments?post=6466"}],"version-history":[{"count":32,"href":"https:\/\/fru.ifesworld.org\/es\/wp-json\/wp\/v2\/pages\/6466\/revisions"}],"predecessor-version":[{"id":8132,"href":"https:\/\/fru.ifesworld.org\/es\/wp-json\/wp\/v2\/pages\/6466\/revisions\/8132"}],"wp:featuredmedia":[{"embeddable":true,"href":"https:\/\/fru.ifesworld.org\/es\/wp-json\/wp\/v2\/media\/7138"}],"wp:attachment":[{"href":"https:\/\/fru.ifesworld.org\/es\/wp-json\/wp\/v2\/media?parent=6466"}],"wp:term":[{"taxonomy":"area","embeddable":true,"href":"https:\/\/fru.ifesworld.org\/es\/wp-json\/wp\/v2\/area?post=6466"},{"taxonomy":"theme","embeddable":true,"href":"https:\/\/fru.ifesworld.org\/es\/wp-json\/wp\/v2\/theme?post=6466"}],"curies":[{"name":"wp","href":"https:\/\/api.w.org\/{rel}","templated":true}]}}