{"id":4582,"date":"2019-06-17T14:05:38","date_gmt":"2019-06-17T14:05:38","guid":{"rendered":"https:\/\/fru.ifesworld.org\/nuestro-gobierno\/"},"modified":"2024-01-18T16:40:45","modified_gmt":"2024-01-18T16:40:45","slug":"nuestro-gobierno","status":"publish","type":"page","link":"https:\/\/fru.ifesworld.org\/es\/nuestro-gobierno\/","title":{"rendered":"Nuestro gobierno"},"content":{"rendered":"<div class=\"wp-block-image\">\n<figure class=\"aligncenter size-large is-resized\"><img loading=\"lazy\" decoding=\"async\" src=\"https:\/\/fru.ifesworld.org\/wp-content\/uploads\/2024\/01\/WDE00331-edited-1-1024x576.jpg\" alt=\"\" class=\"wp-image-33202\" width=\"567\" height=\"319\"\/><\/figure><\/div>\n\n<div class=\"wp-block block-core-paragraph\">\n<p class=\"has-md-font-size\">Como parte de esta visi\u00f3n nos comprometemos a ser un ministerio bien estructurado, sabiamente gobernado y que honra a Dios.<\/p>\n<\/div>\n\n<div class=\"wp-block block-core-heading\">\n<h2 class=\"wp-block-heading\">Secretario General<\/h2>\n<\/div>\n\n<div class=\"wp-block block-core-paragraph\">\n<p>El Secretario General de IFES supervisa el ministerio estudiantil de IFES en todo el mundo y se encarga de servir a los estudiantes y los obreros en todos los niveles de la organizaci\u00f3n. Recibe apoyo y asesoramiento de un equipo formado por dos Secretarios Generales Asociados y dos secretarios regionales designados por los secretarios regionales y que sirven durante dos a\u00f1os y rotan en el cargo.<\/p>\n<\/div>\n\n<div class=\"wp-block block-core-group alignfull\">\n<div class=\"wp-block-group alignfull has-white-dark-background-color has-background\" id=\"board\"><div class=\"wp-block-group__inner-container is-layout-flow wp-block-group-is-layout-flow\"><div class=\"wp-block block-core-heading\">\n<h2 class=\"wp-block-heading\">Comit\u00e9<\/h2>\n<\/div>\n\n<div class=\"wp-block block-core-paragraph\">\n<p>El Comit\u00e9 de IFES se compone de un presidente, un tesorero y trece miembros con derecho a voto que proceden de todo el mundo. Dos de estos miembros son representantes de los estudiantes. Se encarga de salvaguardar la integridad doctrinal de IFES y de crear sus pol\u00edticas. El Secretario General sirve como miembro ex oficio y sin derecho a voto. El Comit\u00e9 es nombrado por la Asamblea General.<\/p>\n<\/div>\n\n<div class=\"wp-block block-core-heading\">\n<h3 class=\"wp-block-heading\">Miembros<\/h3>\n<\/div>\n\n<div class=\"wp-block block-core-columns has-3-columns\">\n<div class=\"wp-block-columns has-3-columns is-layout-flex wp-container-core-columns-is-layout-1 wp-block-columns-is-layout-flex\">\n<div class=\"wp-block-column is-layout-flow wp-block-column-is-layout-flow\" style=\"flex-basis:33%\"><div class=\"wp-block block-core-paragraph\">\n<p><strong>PRESIDENTE<\/strong><br>Michel Kenmogne<\/p>\n<\/div>\n\n<div class=\"wp-block block-core-paragraph\">\n<p><strong>TESORERO<\/strong><br>Greg Smith<\/p>\n<\/div>\n\n<div class=\"wp-block block-core-paragraph\">\n<p><strong>EUROPA \/ EURASIA<\/strong><br>Christian Rasmussen<br>Knarik Saribekyan &nbsp;&nbsp;&nbsp;&nbsp;&nbsp;&nbsp;&nbsp;&nbsp;&nbsp;&nbsp;&nbsp;&nbsp;&nbsp;&nbsp;&nbsp;&nbsp;&nbsp;&nbsp;&nbsp;&nbsp;&nbsp;&nbsp;&nbsp;<\/p>\n<\/div>\n\n<div class=\"wp-block block-core-paragraph\">\n<p><br><\/p>\n<\/div><\/div>\n\n\n\n<div class=\"wp-block-column is-layout-flow wp-block-column-is-layout-flow\" style=\"flex-basis:33.5%\"><div class=\"wp-block block-core-paragraph\">\n<p><strong>LAS AM\u00c9RICAS<\/strong><br>Janet Epp Buckingham<br>Patricia Patricio Morillo<br>Mae Patterson<\/p>\n<\/div>\n\n<div class=\"wp-block block-core-paragraph\">\n<p><strong>\u00c1FRICA \/ MEDIO ORIENTE<\/strong><br>Azar Ajaj<br>Lazaro S P Busagala<br>Fatouma Gouda Sare Keita<\/p>\n<\/div><\/div>\n\n\n\n<div class=\"wp-block-column is-layout-flow wp-block-column-is-layout-flow\" style=\"flex-basis:33.5%\"><div class=\"wp-block block-core-paragraph\">\n<p><strong>ASIA \/ PAC\u00cdFICO<\/strong><br>Iram Anjum<br>Peter Jacobs<br>Paul Windsor&nbsp;<\/p>\n<\/div>\n\n<div class=\"wp-block block-core-paragraph\">\n<p><strong>ESTUDIANTES<\/strong><br>Eden Hale<br>Ravena Pereira<\/p>\n<\/div><\/div>\n<\/div>\n<\/div><\/div>\n<\/div><\/div>\n\n<div class=\"wp-block block-core-heading\">\n<h2 class=\"wp-block-heading\">Asamblea General<\/h2>\n<\/div>\n\n<div class=\"wp-block block-core-paragraph\">\n<p>La Asamblea General\u200b es el \u00f3rgano de IFES que tiene la \u00faltima palabra a la hora de tomar decisiones. Se compone de delegados, incluyendo estudiantes, de todos los movimientos de IFES y se re\u00fane cada cuatro a\u00f1os en la Asamblea Mundial de IFES.<\/p>\n<\/div>\n\n<div class=\"wp-block block-core-paragraph\">\n<p>La Asamblea General se encarga de nombrar al Secretario General y al Comit\u00e9 de IFES. Es un foro donde compartir la visi\u00f3n y los retos en com\u00fan, intercambiar ideas, crear pol\u00edticas y establecer objetivos. A los delegados, que vienen preparados por sus movimientos, se les anima a compartir con la comunidad global de IFES temas que requieren ser estudiados, debatidos y solucionados. La Asamblea General tambi\u00e9n puede formular pol\u00edticas y establecer objetivos a cumplir por el Comit\u00e9 y el equipo de obreros de IFES. Como cuerpo legislativo el Comit\u00e9 se encarga de aceptar la membres\u00eda de nuevos movimientos nacionales y tambi\u00e9n enmienda la Constituci\u00f3n de IFES cuando sea necesario.<\/p>\n<\/div>\n\n<div class=\"wp-block block-acf-ifesbutton\">\n<div class=\"\">\n    <a id=\"btn-block_ac7e66a03a767309fdd88ef801ff4e1e\" target=\"\" href=\"https:\/\/fru.ifesworld.org\/wp-content\/uploads\/2022\/04\/IFES-Constitution-2015-ESpdf.pdf\" class=\"btn btn--cta-link\">\n        <span>\n                    <span class=\"icon\"><svg class=\"icon\"><use xlink:href=\"#chevron-circle-right-solid\"\/><\/svg><\/span>\n        Pueden leer nuestros estatutos para saber m\u00e1s acerca de c\u00f3mo se gobierna IFES.        <\/span>\n    <\/a>\n<\/div>\n\n<\/div>","protected":false},"excerpt":{"rendered":"<p>Como parte de esta visi\u00f3n nos comprometemos a ser un ministerio bien estructurado, sabiamente gobernado y que honra a Dios. Secretario General El Secretario General de IFES supervisa el ministerio estudiantil de IFES en todo el mundo y se encarga de servir a los estudiantes y los obreros en todos los niveles de la organizaci\u00f3n&#8230;.<\/p>\n","protected":false},"author":2,"featured_media":0,"parent":0,"menu_order":0,"comment_status":"closed","ping_status":"closed","template":"","meta":{"_acf_changed":false,"inline_featured_image":false,"footnotes":""},"area":[],"theme":[],"class_list":["post-4582","page","type-page","status-publish","hentry"],"acf":[],"yoast_head":"<!-- This site is optimized with the Yoast SEO plugin v22.6 - https:\/\/yoast.com\/wordpress\/plugins\/seo\/ -->\n<title>Nuestro gobierno &#183; IFES<\/title>\n<meta name=\"description\" content=\"Como parte de esta visi\u00f3n nos comprometemos a ser un ministerio bien estructurado, sabiamente gobernado y que honra a Dios. Secretario General El\" \/>\n<meta name=\"robots\" content=\"noindex, follow, max-snippet:-1, max-image-preview:large, max-video-preview:-1\" \/>\n<meta property=\"og:locale\" content=\"es_ES\" \/>\n<meta property=\"og:type\" content=\"article\" \/>\n<meta property=\"og:title\" content=\"Nuestro gobierno &#183; IFES\" \/>\n<meta property=\"og:description\" content=\"Como parte de esta visi\u00f3n nos comprometemos a ser un ministerio bien estructurado, sabiamente gobernado y que honra a Dios. Secretario General El\" \/>\n<meta property=\"og:url\" content=\"https:\/\/ifesworld.org\/es\/nuestro-gobierno\/\" \/>\n<meta property=\"og:site_name\" content=\"IFES\" \/>\n<meta property=\"article:modified_time\" content=\"2024-01-18T16:40:45+00:00\" \/>\n<meta property=\"og:image\" content=\"https:\/\/ifesworld.org\/wp-content\/uploads\/2024\/01\/WDE00331-edited-1-1024x576.jpg\" \/>\n<meta name=\"twitter:card\" content=\"summary_large_image\" \/>\n<meta name=\"twitter:label1\" content=\"Tiempo de lectura\" \/>\n\t<meta name=\"twitter:data1\" content=\"2 minutos\" \/>\n<script type=\"application\/ld+json\" class=\"yoast-schema-graph\">{\"@context\":\"https:\/\/schema.org\",\"@graph\":[{\"@type\":\"WebPage\",\"@id\":\"https:\/\/ifesworld.org\/es\/nuestro-gobierno\/\",\"url\":\"https:\/\/ifesworld.org\/es\/nuestro-gobierno\/\",\"name\":\"Nuestro gobierno &#183; IFES\",\"isPartOf\":{\"@id\":\"https:\/\/fru.ifesworld.org\/en\/#website\"},\"primaryImageOfPage\":{\"@id\":\"https:\/\/ifesworld.org\/es\/nuestro-gobierno\/#primaryimage\"},\"image\":{\"@id\":\"https:\/\/ifesworld.org\/es\/nuestro-gobierno\/#primaryimage\"},\"thumbnailUrl\":\"https:\/\/fru.ifesworld.org\/wp-content\/uploads\/2024\/01\/WDE00331-edited-1-1024x576.jpg\",\"datePublished\":\"2019-06-17T14:05:38+00:00\",\"dateModified\":\"2024-01-18T16:40:45+00:00\",\"description\":\"Como parte de esta visi\u00f3n nos comprometemos a ser un ministerio bien estructurado, sabiamente gobernado y que honra a Dios. Secretario General El\",\"breadcrumb\":{\"@id\":\"https:\/\/ifesworld.org\/es\/nuestro-gobierno\/#breadcrumb\"},\"inLanguage\":\"es\",\"potentialAction\":[{\"@type\":\"ReadAction\",\"target\":[\"https:\/\/ifesworld.org\/es\/nuestro-gobierno\/\"]}]},{\"@type\":\"ImageObject\",\"inLanguage\":\"es\",\"@id\":\"https:\/\/ifesworld.org\/es\/nuestro-gobierno\/#primaryimage\",\"url\":\"https:\/\/fru.ifesworld.org\/wp-content\/uploads\/2024\/01\/WDE00331-edited-1-1024x576.jpg\",\"contentUrl\":\"https:\/\/fru.ifesworld.org\/wp-content\/uploads\/2024\/01\/WDE00331-edited-1-1024x576.jpg\"},{\"@type\":\"BreadcrumbList\",\"@id\":\"https:\/\/ifesworld.org\/es\/nuestro-gobierno\/#breadcrumb\",\"itemListElement\":[{\"@type\":\"ListItem\",\"position\":1,\"name\":\"Home\",\"item\":\"https:\/\/ifesworld.org\/es\/\"},{\"@type\":\"ListItem\",\"position\":2,\"name\":\"Nuestro gobierno\"}]},{\"@type\":\"WebSite\",\"@id\":\"https:\/\/fru.ifesworld.org\/en\/#website\",\"url\":\"https:\/\/fru.ifesworld.org\/en\/\",\"name\":\"IFES\",\"description\":\"A movement of students sharing and living out the good news of Jesus Christ. Locally. Nationally. Globally.\",\"publisher\":{\"@id\":\"https:\/\/fru.ifesworld.org\/en\/#organization\"},\"potentialAction\":[{\"@type\":\"SearchAction\",\"target\":{\"@type\":\"EntryPoint\",\"urlTemplate\":\"https:\/\/fru.ifesworld.org\/en\/?s={search_term_string}\"},\"query-input\":\"required name=search_term_string\"}],\"inLanguage\":\"es\"},{\"@type\":\"Organization\",\"@id\":\"https:\/\/fru.ifesworld.org\/en\/#organization\",\"name\":\"IFES \u00b7 International Fellowship of Evangelical Students\",\"url\":\"https:\/\/fru.ifesworld.org\/en\/\",\"logo\":{\"@type\":\"ImageObject\",\"inLanguage\":\"es\",\"@id\":\"https:\/\/fru.ifesworld.org\/en\/#\/schema\/logo\/image\/\",\"url\":\"https:\/\/fru.ifesworld.org\/wp-content\/uploads\/2019\/06\/ifeslogo.png\",\"contentUrl\":\"https:\/\/fru.ifesworld.org\/wp-content\/uploads\/2019\/06\/ifeslogo.png\",\"width\":262,\"height\":262,\"caption\":\"IFES \u00b7 International Fellowship of Evangelical Students\"},\"image\":{\"@id\":\"https:\/\/fru.ifesworld.org\/en\/#\/schema\/logo\/image\/\"}}]}<\/script>\n<!-- \/ Yoast SEO plugin. -->","yoast_head_json":{"title":"Nuestro gobierno &#183; IFES","description":"Como parte de esta visi\u00f3n nos comprometemos a ser un ministerio bien estructurado, sabiamente gobernado y que honra a Dios. Secretario General El","robots":{"index":"noindex","follow":"follow","max-snippet":"max-snippet:-1","max-image-preview":"max-image-preview:large","max-video-preview":"max-video-preview:-1"},"og_locale":"es_ES","og_type":"article","og_title":"Nuestro gobierno &#183; IFES","og_description":"Como parte de esta visi\u00f3n nos comprometemos a ser un ministerio bien estructurado, sabiamente gobernado y que honra a Dios. Secretario General El","og_url":"https:\/\/ifesworld.org\/es\/nuestro-gobierno\/","og_site_name":"IFES","article_modified_time":"2024-01-18T16:40:45+00:00","og_image":[{"url":"https:\/\/ifesworld.org\/wp-content\/uploads\/2024\/01\/WDE00331-edited-1-1024x576.jpg"}],"twitter_card":"summary_large_image","twitter_misc":{"Tiempo de lectura":"2 minutos"},"schema":{"@context":"https:\/\/schema.org","@graph":[{"@type":"WebPage","@id":"https:\/\/ifesworld.org\/es\/nuestro-gobierno\/","url":"https:\/\/ifesworld.org\/es\/nuestro-gobierno\/","name":"Nuestro gobierno &#183; IFES","isPartOf":{"@id":"https:\/\/fru.ifesworld.org\/en\/#website"},"primaryImageOfPage":{"@id":"https:\/\/ifesworld.org\/es\/nuestro-gobierno\/#primaryimage"},"image":{"@id":"https:\/\/ifesworld.org\/es\/nuestro-gobierno\/#primaryimage"},"thumbnailUrl":"https:\/\/fru.ifesworld.org\/wp-content\/uploads\/2024\/01\/WDE00331-edited-1-1024x576.jpg","datePublished":"2019-06-17T14:05:38+00:00","dateModified":"2024-01-18T16:40:45+00:00","description":"Como parte de esta visi\u00f3n nos comprometemos a ser un ministerio bien estructurado, sabiamente gobernado y que honra a Dios. Secretario General El","breadcrumb":{"@id":"https:\/\/ifesworld.org\/es\/nuestro-gobierno\/#breadcrumb"},"inLanguage":"es","potentialAction":[{"@type":"ReadAction","target":["https:\/\/ifesworld.org\/es\/nuestro-gobierno\/"]}]},{"@type":"ImageObject","inLanguage":"es","@id":"https:\/\/ifesworld.org\/es\/nuestro-gobierno\/#primaryimage","url":"https:\/\/fru.ifesworld.org\/wp-content\/uploads\/2024\/01\/WDE00331-edited-1-1024x576.jpg","contentUrl":"https:\/\/fru.ifesworld.org\/wp-content\/uploads\/2024\/01\/WDE00331-edited-1-1024x576.jpg"},{"@type":"BreadcrumbList","@id":"https:\/\/ifesworld.org\/es\/nuestro-gobierno\/#breadcrumb","itemListElement":[{"@type":"ListItem","position":1,"name":"Home","item":"https:\/\/ifesworld.org\/es\/"},{"@type":"ListItem","position":2,"name":"Nuestro gobierno"}]},{"@type":"WebSite","@id":"https:\/\/fru.ifesworld.org\/en\/#website","url":"https:\/\/fru.ifesworld.org\/en\/","name":"IFES","description":"A movement of students sharing and living out the good news of Jesus Christ. Locally. Nationally. Globally.","publisher":{"@id":"https:\/\/fru.ifesworld.org\/en\/#organization"},"potentialAction":[{"@type":"SearchAction","target":{"@type":"EntryPoint","urlTemplate":"https:\/\/fru.ifesworld.org\/en\/?s={search_term_string}"},"query-input":"required name=search_term_string"}],"inLanguage":"es"},{"@type":"Organization","@id":"https:\/\/fru.ifesworld.org\/en\/#organization","name":"IFES \u00b7 International Fellowship of Evangelical Students","url":"https:\/\/fru.ifesworld.org\/en\/","logo":{"@type":"ImageObject","inLanguage":"es","@id":"https:\/\/fru.ifesworld.org\/en\/#\/schema\/logo\/image\/","url":"https:\/\/fru.ifesworld.org\/wp-content\/uploads\/2019\/06\/ifeslogo.png","contentUrl":"https:\/\/fru.ifesworld.org\/wp-content\/uploads\/2019\/06\/ifeslogo.png","width":262,"height":262,"caption":"IFES \u00b7 International Fellowship of Evangelical Students"},"image":{"@id":"https:\/\/fru.ifesworld.org\/en\/#\/schema\/logo\/image\/"}}]}},"_links":{"self":[{"href":"https:\/\/fru.ifesworld.org\/es\/wp-json\/wp\/v2\/pages\/4582"}],"collection":[{"href":"https:\/\/fru.ifesworld.org\/es\/wp-json\/wp\/v2\/pages"}],"about":[{"href":"https:\/\/fru.ifesworld.org\/es\/wp-json\/wp\/v2\/types\/page"}],"author":[{"embeddable":true,"href":"https:\/\/fru.ifesworld.org\/es\/wp-json\/wp\/v2\/users\/2"}],"replies":[{"embeddable":true,"href":"https:\/\/fru.ifesworld.org\/es\/wp-json\/wp\/v2\/comments?post=4582"}],"version-history":[{"count":10,"href":"https:\/\/fru.ifesworld.org\/es\/wp-json\/wp\/v2\/pages\/4582\/revisions"}],"predecessor-version":[{"id":20833,"href":"https:\/\/fru.ifesworld.org\/es\/wp-json\/wp\/v2\/pages\/4582\/revisions\/20833"}],"wp:attachment":[{"href":"https:\/\/fru.ifesworld.org\/es\/wp-json\/wp\/v2\/media?parent=4582"}],"wp:term":[{"taxonomy":"area","embeddable":true,"href":"https:\/\/fru.ifesworld.org\/es\/wp-json\/wp\/v2\/area?post=4582"},{"taxonomy":"theme","embeddable":true,"href":"https:\/\/fru.ifesworld.org\/es\/wp-json\/wp\/v2\/theme?post=4582"}],"curies":[{"name":"wp","href":"https:\/\/api.w.org\/{rel}","templated":true}]}}