{"id":392,"date":"2019-04-29T09:44:43","date_gmt":"2019-04-29T09:44:43","guid":{"rendered":"https:\/\/fru.ifesworld.org\/pagina-principal\/"},"modified":"2024-06-07T17:35:03","modified_gmt":"2024-06-07T16:35:03","slug":"homepage","status":"publish","type":"page","link":"https:\/\/fru.ifesworld.org\/es\/","title":{"rendered":"IFES \u00b7 International Fellowship of Evangelical Students"},"content":{"rendered":"<div class=\"wp-block block-core-group alignfull no-padding-top no-padding-bottom\">\n<div class=\"wp-block-group alignfull no-padding-top no-padding-bottom\"><div class=\"wp-block-group__inner-container is-layout-flow wp-block-group-is-layout-flow\"><div class=\"wp-block block-core-columns alignfull has-2-columns\">\n<div class=\"wp-block-columns alignfull has-2-columns is-layout-flex wp-container-core-columns-is-layout-1 wp-block-columns-is-layout-flex\">\n<div class=\"wp-block-column is-layout-flow wp-block-column-is-layout-flow\" style=\"flex-basis:60%\"><div class=\"wp-block block-acf-calltoactionhero alignfull\">\n<section id=\"calltoactiongrid-block-block_b6e6034fb6238b70a254a4127eb80d7b\" class=\"alignfull hero-cta\">\n    <figure class=\"hero-cta__image image--absolute--center image--absolute--mask\">\n          <\/figure>\n    <div class=\"hero-cta__content flex flex--column flex--center-y flex--end\">\n        <div class=\"margin-bottom\">\n            <h2 class=\"hero-cta__title h1\">Regresaron los Podcasts de IFES!<\/h2>\n            <p>Pulsen PLAY &#8211; \u00a1porque la pausa de los podcasts se acab\u00f3!<\/p>\n        <\/div>\n      \n<div class=\"\">\n    <a id=\"calltoactiongrid-block-block_b6e6034fb6238b70a254a4127eb80d7b\" target=\"\" href=\"https:\/\/fru.ifesworld.org\/en\/podcast\/\" class=\"hero-cta__button btn btn--secondary\">\n        <span>\n        ESCUCHAR AQU\u00cd        <\/span>\n    <\/a>\n<\/div>\n\n    <\/div>\n<\/section>\n<\/div><\/div>\n\n\n\n<div class=\"wp-block-column is-layout-flow wp-block-column-is-layout-flow\" style=\"flex-basis:40%\"><div class=\"wp-block block-acf-ifesposts alignfull\"><section id=\"post-list-latest-post-block_23a6848e2c6e10e5350cdd190480761f\" class='alignfull latest-post-list list--conexion'>\n            <ul class='post-list items--3 flex flex--wrap flex--center'>\n      <li class='post__item flex flex--column'>\n          <article id=\"post-392\" class=\"article-thumbnail article--conexion\">\n              <a href='https:\/\/fru.ifesworld.org\/es\/blog\/el-ministerio-estudiantil-en-los-ultimos-tiempos\/' class=\"post__link\"  rel=\"bookmark\">\n                  <figure class='post__image  image--absolute--center image--absolute--mask'>\n                                        <\/figure>\n                  <header class='post__content flex flex--column flex--end'>\n                      <p class='post__meta'>Conexi\u00f3n<\/p>\n                      <h1 class='post__title'>\n                          El Ministerio Estudiantil en los \u00daltimos Tiempos\u00a0                      <\/h1>\n                                                <small>10 Principios del Libro de los Hechos<\/small>\n                                        <\/header>\n                  <i class=\"icon-container regional-logo icon--ifes\">\n                                            <svg class=\"icon logo logo--bg-white\">\n                            <use xlink:href=\"#IFES-logo\"><\/use>\n                        <\/svg>\n                                      <\/i>\n              <\/a>\n          <\/article>\n      <\/li>\n\n    <\/ul><\/section><\/div>\n\n<div class=\"wp-block block-core-paragraph\">\n<p><\/p>\n<\/div><\/div>\n<\/div>\n<\/div><\/div>\n<\/div><\/div>\n\n<div class=\"wp-block block-core-group alignfull no-padding-top\">\n<div class=\"wp-block-group alignfull no-padding-top has-white-dark-background-color has-background\"><div class=\"wp-block-group__inner-container is-layout-flow wp-block-group-is-layout-flow\"><div class=\"wp-block block-acf-spacer\">\n<div id=\"spacer-block_1720b9aedc37ca8e35335d1cc895021c\" class=\"\">\n    <div aria-hidden=\"true\" class=\"wp-block-spacer spacer--md\"><\/div>\n<\/div>\n<\/div>\n\n<div class=\"wp-block block-core-heading\">\n<h1 class=\"wp-block-heading has-text-align-center has-primary-color has-text-color\" id=\"somos-ifes\">Somos IFES<\/h1>\n<\/div>\n\n<div class=\"wp-block block-core-paragraph aligncenter\">\n<p class=\"has-text-align-center has-primary-color has-text-color has-md-font-size\">IFES es un movimiento de estudiantes que comparten y viven las Buenas Nuevas de Jesucristo a nivel local, nacional y global.<\/p>\n<\/div>\n\n<div class=\"wp-block block-acf-ifesbutton aligncenter\">\n<div class=\"aligncenter\">\n    <a id=\"btn-block_26254ee7f84056edce4db2f99a01a0a7\" target=\"\" href=\"https:\/\/fru.ifesworld.org\/es\/mundo\/\" class=\"btn btn--cta-link\">\n        <span>\n                    <span class=\"icon\"><svg class=\"icon\"><use xlink:href=\"#chevron-circle-right-solid\"\/><\/svg><\/span>\n         Descubra IFES d\u00f3nde est\u00e1s        <\/span>\n    <\/a>\n<\/div>\n\n<\/div>\n\n<div class=\"wp-block block-acf-calltoactiongrid alignwide\">\n<section id=\"calltoactiongrid-block-block_c3d7509abd1cdb824e6982e86f97080f\" class=\"alignwide calltoaction--grid custom-post-list list--custom\">\n    <ul class='post-list items--3 flex flex--wrap flex--center-x no-style'>\n                <li class=\"post__item flex flex--column\">\n              <article>\n                  <figure class=\"image--absolute--center image--absolute--mask image--absolute--aspect-ratio aspect-ratio--4-3\">\n                    <img loading=\"lazy\" decoding=\"async\" width=\"300\" height=\"169\" src=\"https:\/\/fru.ifesworld.org\/wp-content\/uploads\/2018\/04\/180410-300x169.jpg\" class=\"attachment-medium size-medium\" alt=\"180410-Eurasia\" srcset=\"https:\/\/fru.ifesworld.org\/wp-content\/uploads\/2018\/04\/180410-300x169.jpg 300w, https:\/\/fru.ifesworld.org\/wp-content\/uploads\/2018\/04\/180410-768x432.jpg 768w, https:\/\/fru.ifesworld.org\/wp-content\/uploads\/2018\/04\/180410-1024x576.jpg 1024w, https:\/\/fru.ifesworld.org\/wp-content\/uploads\/2018\/04\/180410.jpg 1280w\" sizes=\"(max-width: 300px) 100vw, 300px\" \/>                  <\/figure>\n                  <div class=\"ctagrid__content flex flex--column flex--end\">\n                      <header class=\"ctagrid__header flex flex--center aspect-ratio--4-3\">\n                          <h2 class=\"h1 flex flex--column flex--center\">Nuestra historia<\/h2>\n                      <\/header>\n                      <p class=\"text--center\">Descubre d\u00f3nde hemos llegado y qu\u00e9 hacemos para seguir llevando el evangelio al mundo universitario<\/p>\n                       \n<div class=\"align--center\">\n    <a id=\"calltoactiongrid-block-block_c3d7509abd1cdb824e6982e86f97080f\" target=\"\" href=\"http:\/\/ifesworld.org\/es\/juntos\" class=\"grid-cta__button btn btn--primary\">\n        <span>\n        La historia de IFES        <\/span>\n    <\/a>\n<\/div>\n\n                  <\/div>\n              <\/article>\n          <\/li>\n                <li class=\"post__item flex flex--column\">\n              <article>\n                  <figure class=\"image--absolute--center image--absolute--mask image--absolute--aspect-ratio aspect-ratio--4-3\">\n                    <img loading=\"lazy\" decoding=\"async\" width=\"300\" height=\"169\" src=\"https:\/\/fru.ifesworld.org\/wp-content\/uploads\/2019\/05\/ca955-19p08hem3glplmifcf5lddg-300x169.jpeg\" class=\"attachment-medium size-medium\" alt=\"\" srcset=\"https:\/\/fru.ifesworld.org\/wp-content\/uploads\/2019\/05\/ca955-19p08hem3glplmifcf5lddg-300x169.jpeg 300w, https:\/\/fru.ifesworld.org\/wp-content\/uploads\/2019\/05\/ca955-19p08hem3glplmifcf5lddg-768x432.jpeg 768w, https:\/\/fru.ifesworld.org\/wp-content\/uploads\/2019\/05\/ca955-19p08hem3glplmifcf5lddg.jpeg 800w\" sizes=\"(max-width: 300px) 100vw, 300px\" \/>                  <\/figure>\n                  <div class=\"ctagrid__content flex flex--column flex--end\">\n                      <header class=\"ctagrid__header flex flex--center aspect-ratio--4-3\">\n                          <h2 class=\"h1 flex flex--column flex--center\">Nuestro trabajo<\/h2>\n                      <\/header>\n                      <p class=\"text--center\">Descubre c\u00f3mo trabajamos para establecer y apoyar los movimientos liderados por estudiantes aut\u00f3ctonos en m\u00e1s de 180 pa\u00edses.<\/p>\n                       \n<div class=\"align--center\">\n    <a id=\"calltoactiongrid-block-block_c3d7509abd1cdb824e6982e86f97080f\" target=\"\" href=\"http:\/\/ifesworld.org\/es\/nuestro-trabajo\/\" class=\"grid-cta__button btn btn--primary\">\n        <span>\n        Leer m\u00e1s        <\/span>\n    <\/a>\n<\/div>\n\n                  <\/div>\n              <\/article>\n          <\/li>\n                <li class=\"post__item flex flex--column\">\n              <article>\n                  <figure class=\"image--absolute--center image--absolute--mask image--absolute--aspect-ratio aspect-ratio--4-3\">\n                    <img loading=\"lazy\" decoding=\"async\" width=\"300\" height=\"169\" src=\"https:\/\/fru.ifesworld.org\/wp-content\/uploads\/2018\/10\/181009-Kenema-300x169.jpg\" class=\"attachment-medium size-medium\" alt=\"181009-Kenema\" srcset=\"https:\/\/fru.ifesworld.org\/wp-content\/uploads\/2018\/10\/181009-Kenema-300x169.jpg 300w, https:\/\/fru.ifesworld.org\/wp-content\/uploads\/2018\/10\/181009-Kenema-768x432.jpg 768w, https:\/\/fru.ifesworld.org\/wp-content\/uploads\/2018\/10\/181009-Kenema-1024x576.jpg 1024w, https:\/\/fru.ifesworld.org\/wp-content\/uploads\/2018\/10\/181009-Kenema.jpg 1280w\" sizes=\"(max-width: 300px) 100vw, 300px\" \/>                  <\/figure>\n                  <div class=\"ctagrid__content flex flex--column flex--end\">\n                      <header class=\"ctagrid__header flex flex--center aspect-ratio--4-3\">\n                          <h2 class=\"h1 flex flex--column flex--center\">Apoye a IFES<\/h2>\n                      <\/header>\n                      <p class=\"text--center\">Dona hoy para apoyar a IFES y ejerce un impacto global en las universidades del mundo.<\/p>\n                       \n<div class=\"align--center\">\n    <a id=\"calltoactiongrid-block-block_c3d7509abd1cdb824e6982e86f97080f\" target=\"\" href=\"http:\/\/ifesworld.org\/es\/donar\" class=\"grid-cta__button btn btn--primary\">\n        <span>\n        Dona ahora        <\/span>\n    <\/a>\n<\/div>\n\n                  <\/div>\n              <\/article>\n          <\/li>\n          <\/ul>\n<\/section>\n<\/div>\n\n<div class=\"wp-block block-core-paragraph\">\n<p><\/p>\n<\/div><\/div>\n<\/div><\/div>\n\n<div class=\"wp-block block-core-group alignwide\">\n<div class=\"wp-block-group alignwide\"><div class=\"wp-block-group__inner-container is-layout-flow wp-block-group-is-layout-flow\"><div class=\"wp-block block-core-heading\">\n<h1 class=\"wp-block-heading has-text-align-center has-primary-color has-text-color\" id=\"historias-recientes-para-ayudarte-a-orar\">Historias recientes para ayudarte a orar<\/h1>\n<\/div>\n\n<div class=\"wp-block block-acf-prayerline alignwide\"><section id=\"post-list-latest-post-block_45f15ae8df0613596b4e5291150a6e96\" class='alignwide latest-post-list list--prayerline'>\n            <ul class='post-list items--3 flex flex--wrap flex--center-x no-style'>\n<li class=\"post__item flex flex--column\">\n    <article id=\"post-38110\" class=\"article-thumbnail article--prayerline article--eurasia\">\n      <a href=\"https:\/\/fru.ifesworld.org\/es\/prayerline\/viajes-profundos\/\" class=\"post__link\" rel=\"bookmark\">\n        <figure class=\"post__image  image--absolute--center image--absolute--mask\">\n          <img loading=\"lazy\" decoding=\"async\" width=\"740\" height=\"436\" src=\"https:\/\/fru.ifesworld.org\/wp-content\/uploads\/2024\/06\/5-e1718102954752-1024x604.jpg\" class=\"attachment-large size-large wp-post-image\" alt=\"\" srcset=\"https:\/\/fru.ifesworld.org\/wp-content\/uploads\/2024\/06\/5-e1718102954752-1024x604.jpg 1024w, https:\/\/fru.ifesworld.org\/wp-content\/uploads\/2024\/06\/5-e1718102954752-300x177.jpg 300w, https:\/\/fru.ifesworld.org\/wp-content\/uploads\/2024\/06\/5-e1718102954752-768x453.jpg 768w, https:\/\/fru.ifesworld.org\/wp-content\/uploads\/2024\/06\/5-e1718102954752-1536x906.jpg 1536w, https:\/\/fru.ifesworld.org\/wp-content\/uploads\/2024\/06\/5-e1718102954752.jpg 1600w\" sizes=\"(max-width: 740px) 100vw, 740px\" \/>         <\/figure>\n        <header class=\"post__content flex flex--column flex--end\">\n          <h1 class=\"post__title flex flex--column\">\n                          <span class=\"post__area\">Georgia:<\/span>\n                         Viajes profundos             <i class=\"icon-container icon--praying-hands-solid\">\n                <svg class=\"icon\">\n                    <use xlink:href=\"#praying-hands-solid\"><\/use>\n                <\/svg>\n             <\/i>\n          <\/h1>\n        <\/header>\n      <\/a>\n    <\/article>\n<\/li>\n\n\n<li class=\"post__item flex flex--column\">\n    <article id=\"post-37329\" class=\"article-thumbnail article--prayerline article--francophone-africa\">\n      <a href=\"https:\/\/fru.ifesworld.org\/es\/prayerline\/rompiendo-el-silencio\/\" class=\"post__link\" rel=\"bookmark\">\n        <figure class=\"post__image  image--absolute--center image--absolute--mask\">\n          <img loading=\"lazy\" decoding=\"async\" width=\"740\" height=\"419\" src=\"https:\/\/fru.ifesworld.org\/wp-content\/uploads\/2024\/05\/IMG-20240111-WA0103-e1716473129187.jpg\" class=\"attachment-large size-large wp-post-image\" alt=\"\" srcset=\"https:\/\/fru.ifesworld.org\/wp-content\/uploads\/2024\/05\/IMG-20240111-WA0103-e1716473129187.jpg 995w, https:\/\/fru.ifesworld.org\/wp-content\/uploads\/2024\/05\/IMG-20240111-WA0103-e1716473129187-300x169.jpg 300w, https:\/\/fru.ifesworld.org\/wp-content\/uploads\/2024\/05\/IMG-20240111-WA0103-e1716473129187-768x435.jpg 768w\" sizes=\"(max-width: 740px) 100vw, 740px\" \/>         <\/figure>\n        <header class=\"post__content flex flex--column flex--end\">\n          <h1 class=\"post__title flex flex--column\">\n                          <span class=\"post__area\">la Rep\u00fablica Democr\u00e1tica del Congo:<\/span>\n                         Rompiendo el silencio             <i class=\"icon-container icon--praying-hands-solid\">\n                <svg class=\"icon\">\n                    <use xlink:href=\"#praying-hands-solid\"><\/use>\n                <\/svg>\n             <\/i>\n          <\/h1>\n        <\/header>\n      <\/a>\n    <\/article>\n<\/li>\n\n\n<li class=\"post__item flex flex--column\">\n    <article id=\"post-36754\" class=\"article-thumbnail article--prayerline article--mena\">\n      <a href=\"https:\/\/fru.ifesworld.org\/es\/prayerline\/cafe-y-fuego\/\" class=\"post__link\" rel=\"bookmark\">\n        <figure class=\"post__image  image--absolute--center image--absolute--mask\">\n          <img loading=\"lazy\" decoding=\"async\" width=\"740\" height=\"361\" src=\"https:\/\/fru.ifesworld.org\/wp-content\/uploads\/2024\/05\/joris-voeten-gL84ogFsV6s-unsplash-e1716542153366-1024x500.jpg\" class=\"attachment-large size-large wp-post-image\" alt=\"\" srcset=\"https:\/\/fru.ifesworld.org\/wp-content\/uploads\/2024\/05\/joris-voeten-gL84ogFsV6s-unsplash-e1716542153366-1024x500.jpg 1024w, https:\/\/fru.ifesworld.org\/wp-content\/uploads\/2024\/05\/joris-voeten-gL84ogFsV6s-unsplash-e1716542153366-300x146.jpg 300w, https:\/\/fru.ifesworld.org\/wp-content\/uploads\/2024\/05\/joris-voeten-gL84ogFsV6s-unsplash-e1716542153366-768x375.jpg 768w, https:\/\/fru.ifesworld.org\/wp-content\/uploads\/2024\/05\/joris-voeten-gL84ogFsV6s-unsplash-e1716542153366-1536x750.jpg 1536w, https:\/\/fru.ifesworld.org\/wp-content\/uploads\/2024\/05\/joris-voeten-gL84ogFsV6s-unsplash-e1716542153366.jpg 1920w\" sizes=\"(max-width: 740px) 100vw, 740px\" \/>         <\/figure>\n        <header class=\"post__content flex flex--column flex--end\">\n          <h1 class=\"post__title flex flex--column\">\n                          <span class=\"post__area\">Medio Oriente y Africa del Norte:<\/span>\n                         Caf\u00e9 y fuego             <i class=\"icon-container icon--praying-hands-solid\">\n                <svg class=\"icon\">\n                    <use xlink:href=\"#praying-hands-solid\"><\/use>\n                <\/svg>\n             <\/i>\n          <\/h1>\n        <\/header>\n      <\/a>\n    <\/article>\n<\/li>\n\n<\/ul><\/section><\/div>\n\n<div class=\"wp-block block-acf-ifesbutton aligncenter text--center\">\n<div class=\"aligncenter\">\n    <a id=\"btn-block_8b6080b8932d09f13c1f9ac9f9c02438\" target=\"\" href=\"\/es\/orar\" class=\"text--center btn btn--cta-link\">\n        <span>\n                    <span class=\"icon\"><svg class=\"icon\"><use xlink:href=\"#chevron-circle-right-solid\"\/><\/svg><\/span>\n        M\u00e1s formas de orar con nosotros        <\/span>\n    <\/a>\n<\/div>\n\n<\/div><\/div>\n<\/div><\/div>\n\n<div class=\"wp-block block-core-group\">\n<div class=\"wp-block-group\"><div class=\"wp-block-group__inner-container is-layout-flow wp-block-group-is-layout-flow\"><div class=\"wp-block block-core-heading\">\n<h1 class=\"wp-block-heading has-text-align-center\">Podcasts<\/h1>\n<\/div>\n\n<div class=\"wp-block block-acf-spacer\">\n<div id=\"spacer-block_3c9abac92534d90b61d1ebc5dbe626f0\" class=\"\">\n    <div aria-hidden=\"true\" class=\"wp-block-spacer spacer--md\"><\/div>\n<\/div>\n<\/div>\n\n<div class=\"wp-block block-core-columns\">\n<div class=\"wp-block-columns is-layout-flex wp-container-core-columns-is-layout-2 wp-block-columns-is-layout-flex\">\n<div class=\"wp-block-column is-layout-flow wp-block-column-is-layout-flow\"><div class=\"wp-block block-core-html\">\n<iframe loading=\"lazy\" title=\"IFES Prayerline\" allowtransparency=\"true\" height=\"220\" width=\"100%\" style=\"border: none; min-width: min(100%, 430px);\" scrolling=\"no\" data-name=\"pb-iframe-player\" src=\"https:\/\/www.podbean.com\/player-v2\/?i=x8neg-bc7927-pbblog-playlist&amp;share=1&amp;download=1&amp;rtl=0&amp;fonts=Arial&amp;skin=1&amp;font-color=auto&amp;logo_link=episode_page&amp;order=episodic&amp;limit=2&amp;filter=all&amp;ss=b4b4bb9ac092f091dd74708044c8f2f2&amp;btn-skin=3267a3&amp;size=220\" allowfullscreen=\"\"><\/iframe>\n<\/div><\/div>\n\n\n\n<div class=\"wp-block-column is-layout-flow wp-block-column-is-layout-flow\"><div class=\"wp-block block-core-html\">\n<iframe loading=\"lazy\" title=\"Voices of IFES\" allowtransparency=\"true\" height=\"220\" width=\"100%\" style=\"border: none; min-width: min(100%, 430px);\" scrolling=\"no\" data-name=\"pb-iframe-player\" src=\"https:\/\/www.podbean.com\/player-v2\/?i=yqhaw-bff1e3-pbblog-playlist&amp;share=1&amp;download=1&amp;rtl=0&amp;fonts=Arial&amp;skin=1&amp;font-color=auto&amp;logo_link=episode_page&amp;order=episodic&amp;limit=2&amp;filter=all&amp;ss=b4b4bb9ac092f091dd74708044c8f2f2&amp;btn-skin=ff6d00&amp;size=315\" allowfullscreen=\"\"><\/iframe>\n<\/div><\/div>\n<\/div>\n<\/div><\/div>\n<\/div><\/div>\n\n<div class=\"wp-block block-core-group alignfull no-padding-bottom\">\n<div class=\"wp-block-group alignfull no-padding-bottom has-primary-background-color has-background\"><div class=\"wp-block-group__inner-container is-layout-flow wp-block-group-is-layout-flow\"><div class=\"wp-block block-core-heading\">\n<h1 class=\"wp-block-heading has-text-align-center has-white-color has-text-color\" id=\"explore-los-movimientos-de-ifes-de-todo-el-mundo\">Explore los movimientos de IFES de todo el mundo <\/h1>\n<\/div>\n\n<div class=\"wp-block block-acf-spacer\">\n<div id=\"spacer-block_330c56319450f1d8ffbba868d1a60cce\" class=\"\">\n    <div aria-hidden=\"true\" class=\"wp-block-spacer spacer--lg\"><\/div>\n<\/div>\n<\/div>\n\n<div class=\"wp-block block-acf-regionlistmap alignwide\">\n<section id=\"region-list-block_123622e5f9fdc64e55bba4b2984fa6cb\" class=\"alignwide region-list-container\">\n    <img decoding=\"async\" class=\"region-list__map\" src=\"\/wp-content\/themes\/ifes\/assets\/images\/svg\/IFES_World_Connect_Map.svg\">\n    <div class=\"region-list__container flex full-width full-height\">\n        <ul class=\"region-list no-style\">\n          <li class=\"region region--north-america\"><a class=\"btn btn--north-america\" href=\"https:\/\/fru.ifesworld.org\/es\/region\/americadelnorte\/\"><span>Am\u00e9rica del Norte<\/span><\/a><\/li><li class=\"region region--latin-america\"><a class=\"btn btn--latin-america\" href=\"https:\/\/fru.ifesworld.org\/es\/region\/americalatina\/\"><span>Am\u00e9rica Latina<\/span><\/a><\/li><li class=\"region region--caribbean\"><a class=\"btn btn--caribbean\" href=\"https:\/\/fru.ifesworld.org\/es\/region\/caribe\/\"><span>Caribe<\/span><\/a><\/li><li class=\"region region--europe\"><a class=\"btn btn--europe\" href=\"https:\/\/fru.ifesworld.org\/es\/region\/europa\/\"><span>Europa<\/span><\/a><\/li><li class=\"region region--mena\"><a class=\"btn btn--mena\" href=\"https:\/\/fru.ifesworld.org\/es\/region\/mena\/\"><span>MENA<\/span><\/a><\/li><li class=\"region region--francophone-africa\"><a class=\"btn btn--francophone-africa\" href=\"https:\/\/fru.ifesworld.org\/es\/region\/africafrancofona\/\"><span>\u00c1frica franc\u00f3fona<\/span><\/a><\/li><li class=\"region region--eurasia\"><a class=\"btn btn--eurasia\" href=\"https:\/\/fru.ifesworld.org\/es\/region\/eurasia\/\"><span>Eurasia<\/span><\/a><\/li><li class=\"region region--epsa\"><a class=\"btn btn--epsa\" href=\"https:\/\/fru.ifesworld.org\/es\/region\/epsa\/\"><span>EPSA<\/span><\/a><\/li><li class=\"region region--south-asia\"><a class=\"btn btn--south-asia\" href=\"https:\/\/fru.ifesworld.org\/es\/region\/asiadelsur\/\"><span>Asia del Sur<\/span><\/a><\/li><li class=\"region region--east-asia\"><a class=\"btn btn--east-asia\" href=\"https:\/\/fru.ifesworld.org\/es\/region\/asiadeleste\/\"><span>Asia del Este<\/span><\/a><\/li><li class=\"region region--south-pacific\"><a class=\"btn btn--south-pacific\" href=\"https:\/\/fru.ifesworld.org\/es\/region\/pacificosur\/\"><span>Pac\u00edfico Sur<\/span><\/a><\/li>        <\/ul>\n    <\/div>\n<\/section>\n\n<\/div>\n\n<div class=\"wp-block block-core-paragraph\">\n<p><\/p>\n<\/div><\/div>\n<\/div><\/div>\n\n<div class=\"wp-block block-core-group alignfull\">\n<div class=\"wp-block-group alignfull has-white-background-color has-background\"><div class=\"wp-block-group__inner-container is-layout-flow wp-block-group-is-layout-flow\"><div class=\"wp-block block-core-heading\">\n<h1 class=\"wp-block-heading has-text-align-center has-primary-color has-text-color\" id=\"lee-historias-del-ministerio-estudiantil-de-ifes-por-todo-el-mundo\">Lee historias del ministerio estudiantil de IFES por todo el mundo<\/h1>\n<\/div>\n\n<div class=\"wp-block block-acf-spacer\">\n<div id=\"spacer-block_330c56319450f1d8ffbba868d1a60cce\" class=\"\">\n    <div aria-hidden=\"true\" class=\"wp-block-spacer spacer--lg\"><\/div>\n<\/div>\n<\/div>\n\n<div class=\"wp-block block-acf-ifesposts alignfull\"><section id=\"post-list-latest-post-block_f1b0d3a409f9f6c69a2d9efd63e4f793\" class='alignfull latest-post-list list--conexion'>\n            <ul class='post-list items--3 flex flex--wrap flex--center'>\n      <li class='post__item flex flex--column'>\n          <article id=\"post-392\" class=\"article-thumbnail article--conexion\">\n              <a href='https:\/\/fru.ifesworld.org\/es\/blog\/el-ministerio-estudiantil-en-los-ultimos-tiempos\/' class=\"post__link\"  rel=\"bookmark\">\n                  <figure class='post__image  image--absolute--center image--absolute--mask'>\n                                        <\/figure>\n                  <header class='post__content flex flex--column flex--end'>\n                      <p class='post__meta'>Conexi\u00f3n<\/p>\n                      <h1 class='post__title'>\n                          El Ministerio Estudiantil en los \u00daltimos Tiempos\u00a0                      <\/h1>\n                                                <small>10 Principios del Libro de los Hechos<\/small>\n                                        <\/header>\n                  <i class=\"icon-container regional-logo icon--ifes\">\n                                            <svg class=\"icon logo logo--bg-white\">\n                            <use xlink:href=\"#IFES-logo\"><\/use>\n                        <\/svg>\n                                      <\/i>\n              <\/a>\n          <\/article>\n      <\/li>\n\n    \n      <li class='post__item flex flex--column'>\n          <article id=\"post-392\" class=\"article-thumbnail article--conexion\">\n              <a href='https:\/\/fru.ifesworld.org\/es\/blog\/perspectivas-globales-sobre-la-generosidad\/' class=\"post__link\"  rel=\"bookmark\">\n                  <figure class='post__image  image--absolute--center image--absolute--mask'>\n                                        <\/figure>\n                  <header class='post__content flex flex--column flex--end'>\n                      <p class='post__meta'>Conexi\u00f3n<\/p>\n                      <h1 class='post__title'>\n                          Perspectivas globales sobre la generosidad\u00a0                      <\/h1>\n                                                <small>Reflexiones teol\u00f3gicas, personales y devocionales de toda la comunidad IFES<\/small>\n                                        <\/header>\n                  <i class=\"icon-container regional-logo icon--ifes\">\n                                            <svg class=\"icon logo logo--bg-white\">\n                            <use xlink:href=\"#IFES-logo\"><\/use>\n                        <\/svg>\n                                      <\/i>\n              <\/a>\n          <\/article>\n      <\/li>\n\n    \n      <li class='post__item flex flex--column'>\n          <article id=\"post-392\" class=\"article-thumbnail article--conexion\">\n              <a href='https:\/\/fru.ifesworld.org\/es\/blog\/la-mision-todavia-por-cumplir\/' class=\"post__link\"  rel=\"bookmark\">\n                  <figure class='post__image  image--absolute--center image--absolute--mask'>\n                      <img loading=\"lazy\" decoding=\"async\" width=\"740\" height=\"622\" src=\"https:\/\/fru.ifesworld.org\/wp-content\/uploads\/2024\/03\/BNG-Tee-1024x861.jpg\" class=\"attachment-large size-large wp-post-image\" alt=\"\" srcset=\"https:\/\/fru.ifesworld.org\/wp-content\/uploads\/2024\/03\/BNG-Tee-1024x861.jpg 1024w, https:\/\/fru.ifesworld.org\/wp-content\/uploads\/2024\/03\/BNG-Tee-300x252.jpg 300w, https:\/\/fru.ifesworld.org\/wp-content\/uploads\/2024\/03\/BNG-Tee-768x646.jpg 768w, https:\/\/fru.ifesworld.org\/wp-content\/uploads\/2024\/03\/BNG-Tee-1536x1292.jpg 1536w, https:\/\/fru.ifesworld.org\/wp-content\/uploads\/2024\/03\/BNG-Tee-2048x1723.jpg 2048w\" sizes=\"(max-width: 740px) 100vw, 740px\" \/>                  <\/figure>\n                  <header class='post__content flex flex--column flex--end'>\n                      <p class='post__meta'>Conexi\u00f3n<\/p>\n                      <h1 class='post__title'>\n                          La misi\u00f3n todav\u00eda por cumplir                      <\/h1>\n                                                <small>Abriendo nuevos caminos por todo el mundo<\/small>\n                                        <\/header>\n                  <i class=\"icon-container regional-logo icon--ifes\">\n                                            <svg class=\"icon logo logo--bg-white\">\n                            <use xlink:href=\"#IFES-logo\"><\/use>\n                        <\/svg>\n                                      <\/i>\n              <\/a>\n          <\/article>\n      <\/li>\n\n    <\/ul><\/section><\/div>\n\n<div class=\"wp-block block-acf-spacer\">\n<div id=\"spacer-block_3c9abac92534d90b61d1ebc5dbe626f0\" class=\"\">\n    <div aria-hidden=\"true\" class=\"wp-block-spacer spacer--md\"><\/div>\n<\/div>\n<\/div>\n\n<div class=\"wp-block block-acf-ifesbutton aligncenter\">\n<div class=\"aligncenter\">\n    <a id=\"btn-block_b9b8982ecaa9e6f075502657ea420996\" target=\"\" href=\"\/es\/blog\" class=\"btn btn--primary\">\n        <span>\n        Lee m\u00e1s sobre el blog Conexi\u00f3n        <\/span>\n    <\/a>\n<\/div>\n\n<\/div><\/div>\n<\/div><\/div>\n\n<div class=\"wp-block block-core-group alignfull\">\n<div class=\"wp-block-group alignfull has-white-dark-background-color has-background\"><div class=\"wp-block-group__inner-container is-layout-flow wp-block-group-is-layout-flow\"><div class=\"wp-block block-core-heading\">\n<h1 class=\"wp-block-heading has-text-align-center\" id=\"boletin-palabra-y-mundo\">BOLET\u00cdN PALABRA Y MUNDO<\/h1>\n<\/div>\n\n<div class=\"wp-block block-core-paragraph\">\n<p>Palabra y Mundo ofrece un espacio para la reflexi\u00f3n y para mantener conversaciones teol\u00f3gicas acerca del mundo en el que viven los estudiantes. Todos los n\u00fameros incluyen una combinaci\u00f3n \u00fanica de voces de diferentes contextos culturales hablando sobre un tema espec\u00edfico.<\/p>\n<\/div>\n\n<div class=\"wp-block block-acf-ifesposts alignwide\"><section id=\"post-list-latest-post-block_df2890a49902472bfba24e78ee58edea\" class='alignwide latest-post-list list--word_world'>\n            <ul class='post-list items--3 flex flex--wrap flex--center'>\n      <li class='post__item flex flex--column'>\n          <article id=\"post-392\" class=\"article-thumbnail article--word_world\">\n              <a href='https:\/\/fru.ifesworld.org\/es\/journal\/numero-9-raza-y-justicia\/' class=\"post__link\"  rel=\"bookmark\">\n                  <figure class='post__image  image--absolute--center image--absolute--mask'>\n                                        <\/figure>\n                  <header class='post__content flex flex--column flex--end'>\n                      <p class='post__meta'>Palabra y Mundo \/ marzo 9, 2022<\/p>\n                      <h1 class='post__title'>\n                          N\u00famero 9: Raza y Justicia                      <\/h1>\n                                        <\/header>\n                  <i class=\"icon-container regional-logo icon--ifes\">\n                                            <svg class=\"icon logo logo--bg-white\">\n                            <use xlink:href=\"#IFES-logo\"><\/use>\n                        <\/svg>\n                                      <\/i>\n              <\/a>\n          <\/article>\n      <\/li>\n\n    \n      <li class='post__item flex flex--column'>\n          <article id=\"post-392\" class=\"article-thumbnail article--word_world\">\n              <a href='https:\/\/fru.ifesworld.org\/es\/journal\/la-carta-de-santiago-en-contextos-de-desigualdad-una-perspectiva-latinoamericana\/' class=\"post__link\"  rel=\"bookmark\">\n                  <figure class='post__image  image--absolute--center image--absolute--mask'>\n                                        <\/figure>\n                  <header class='post__content flex flex--column flex--end'>\n                      <p class='post__meta'>Palabra y Mundo \/ febrero 28, 2022<\/p>\n                      <h1 class='post__title'>\n                          La carta de Santiago en contextos de desigualdad: Una perspectiva latinoamericana\u00a0                      <\/h1>\n                                        <\/header>\n                  <i class=\"icon-container regional-logo icon--ifes\">\n                                            <svg class=\"icon logo logo--bg-white\">\n                            <use xlink:href=\"#IFES-logo\"><\/use>\n                        <\/svg>\n                                      <\/i>\n              <\/a>\n          <\/article>\n      <\/li>\n\n    \n      <li class='post__item flex flex--column'>\n          <article id=\"post-392\" class=\"article-thumbnail article--word_world\">\n              <a href='https:\/\/fru.ifesworld.org\/es\/journal\/preservacion-y-liberacion\/' class=\"post__link\"  rel=\"bookmark\">\n                  <figure class='post__image  image--absolute--center image--absolute--mask'>\n                                        <\/figure>\n                  <header class='post__content flex flex--column flex--end'>\n                      <p class='post__meta'>Palabra y Mundo \/ febrero 25, 2022<\/p>\n                      <h1 class='post__title'>\n                          Preservaci\u00f3n y liberaci\u00f3n                      <\/h1>\n                                        <\/header>\n                  <i class=\"icon-container regional-logo icon--ifes\">\n                                            <svg class=\"icon logo logo--bg-white\">\n                            <use xlink:href=\"#IFES-logo\"><\/use>\n                        <\/svg>\n                                      <\/i>\n              <\/a>\n          <\/article>\n      <\/li>\n\n    <\/ul><\/section><\/div>\n\n<div class=\"wp-block block-acf-ifesbutton aligncenter\">\n<div class=\"aligncenter\">\n    <a id=\"btn-block_2792be9ca33c7fe5141a4e106aca53b1\" target=\"\" href=\"https:\/\/fru.ifesworld.org\/es\/journal\/\" class=\"btn btn--cta-link\">\n        <span>\n                    <span class=\"icon\"><svg class=\"icon\"><use xlink:href=\"#chevron-circle-right-solid\"\/><\/svg><\/span>\n        Echar un vistazo a los n\u00fameros de palabra y mundo        <\/span>\n    <\/a>\n<\/div>\n\n<\/div>\n\n<div class=\"wp-block block-acf-subscriptionsignup\">\n<section id=\"subscription-signup-block_f75c4788e77d5011063fefde99327be7\" class=\"subscription-signup subscription--word_world side-padding--md\">\n    <div class=\"signup__content container--adaptive-md align--center text--center\">\n\n      \n      <script>(function() {\n\twindow.mc4wp = window.mc4wp || {\n\t\tlisteners: [],\n\t\tforms: {\n\t\t\ton: function(evt, cb) {\n\t\t\t\twindow.mc4wp.listeners.push(\n\t\t\t\t\t{\n\t\t\t\t\t\tevent   : evt,\n\t\t\t\t\t\tcallback: cb\n\t\t\t\t\t}\n\t\t\t\t);\n\t\t\t}\n\t\t}\n\t}\n})();\n<\/script><!-- Mailchimp for WordPress v4.9.13 - https:\/\/wordpress.org\/plugins\/mailchimp-for-wp\/ --><form id=\"mc4wp-form-1\" class=\"mc4wp-form mc4wp-form-3199\" method=\"post\" data-id=\"3199\" data-name=\"\" ><div class=\"mc4wp-form-fields\"><div class=\"signup__form container--full-width flex flex--wrap flex--center\">\r\n<div class=\"form__input signup__fname\">\r\n\t<label class=\"form__label sr-only\" for=\"signup-fname\">Nombre de pila:<\/label>\r\n\t<input id=\"signup-fname\" type=\"text\" name=\"FNAME\" placeholder=\"Nombre de pila\" \/>\r\n<\/div>\r\n<div class=\"form__input signup__lname\">\r\n\t<label class=\"form__label sr-only\" for=\"signup-lname\">Apellido:<\/label>\r\n\t<input id=\"signup-lname\" type=\"text\" name=\"LNAME\" placeholder=\"Apellido\" \/>\r\n<\/div>\r\n<div class=\"form__input signup__email\">\r\n\t<label class=\"form__label sr-only\" for=\"signup-email\">Correo electr\u00f3nico:<\/label>\r\n\t<input id=\"signup-email\" type=\"text\" name=\"EMAIL\" placeholder=\"Correo electr\u00f3nico\" \/>\r\n<\/div>\r\n<span class=\"btn btn--primary form__submit\">\r\n\t<input type=\"submit\">\r\n\t<span>Suscribirse a Palabra y Mundo<\/span>\r\n<\/span>\r\n<\/div>\r\n<input type=\"hidden\" name=\"list\" value=\"word_world\" \/>\r\n\r\n<\/div><label style=\"display: none !important;\">Deja vac\u00edo este campo si eres humano: <input type=\"text\" name=\"_mc4wp_honeypot\" value=\"\" tabindex=\"-1\" autocomplete=\"off\" \/><\/label><input type=\"hidden\" name=\"_mc4wp_timestamp\" value=\"1777556679\" \/><input type=\"hidden\" name=\"_mc4wp_form_id\" value=\"3199\" \/><input type=\"hidden\" name=\"_mc4wp_form_element_id\" value=\"mc4wp-form-1\" \/><div class=\"mc4wp-response\"><\/div><\/form><!-- \/ Mailchimp for WordPress Plugin -->      \n          <\/div>\n<\/section>\n<\/div><\/div>\n<\/div><\/div>\n\n<div class=\"wp-block block-acf-spacer\">\n<div id=\"spacer-block_1720b9aedc37ca8e35335d1cc895021c\" class=\"\">\n    <div aria-hidden=\"true\" class=\"wp-block-spacer spacer--md\"><\/div>\n<\/div>\n<\/div>","protected":false},"excerpt":{"rendered":"<p>Somos IFES IFES es un movimiento de estudiantes que comparten y viven las Buenas Nuevas de Jesucristo a nivel local, nacional y global. Historias recientes para ayudarte a orar Podcasts Explore los movimientos de IFES de todo el mundo Lee historias del ministerio estudiantil de IFES por todo el mundo BOLET\u00cdN PALABRA Y MUNDO Palabra&#8230;<\/p>\n","protected":false},"author":2,"featured_media":0,"parent":0,"menu_order":0,"comment_status":"closed","ping_status":"closed","template":"","meta":{"_acf_changed":false,"inline_featured_image":false,"footnotes":""},"area":[],"theme":[],"class_list":["post-392","page","type-page","status-publish","hentry"],"acf":[],"yoast_head":"<!-- This site is optimized with the Yoast SEO plugin v22.6 - https:\/\/yoast.com\/wordpress\/plugins\/seo\/ -->\n<title>IFES \u00b7 International Fellowship of Evangelical Students<\/title>\n<meta name=\"description\" content=\"Nuestra visi\u00f3n: estudiantes que forman comunidades de disc\u00edpulos, que son transformados por el evangelio y que impactan a la universidad, la iglesia y la sociedad para la gloria de Cristo.\" \/>\n<meta name=\"robots\" content=\"noindex, follow, max-snippet:-1, max-image-preview:large, max-video-preview:-1\" \/>\n<meta property=\"og:locale\" content=\"es_ES\" \/>\n<meta property=\"og:type\" content=\"article\" \/>\n<meta property=\"og:title\" content=\"IFES \u00b7 International Fellowship of Evangelical Students\" \/>\n<meta property=\"og:description\" content=\"Nuestra visi\u00f3n: estudiantes que forman comunidades de disc\u00edpulos, que son transformados por el evangelio y que impactan a la universidad, la iglesia y la sociedad para la gloria de Cristo.\" \/>\n<meta property=\"og:url\" content=\"https:\/\/ifesworld.org\/es\/\" \/>\n<meta property=\"og:site_name\" content=\"IFES\" \/>\n<meta property=\"article:modified_time\" content=\"2024-06-07T16:35:03+00:00\" \/>\n<meta name=\"twitter:card\" content=\"summary_large_image\" \/>\n<meta name=\"twitter:label1\" content=\"Tiempo de lectura\" \/>\n\t<meta name=\"twitter:data1\" content=\"2 minutos\" \/>\n<script type=\"application\/ld+json\" class=\"yoast-schema-graph\">{\"@context\":\"https:\/\/schema.org\",\"@graph\":[{\"@type\":\"WebPage\",\"@id\":\"https:\/\/ifesworld.org\/es\/\",\"url\":\"https:\/\/ifesworld.org\/es\/\",\"name\":\"IFES \u00b7 International Fellowship of Evangelical Students\",\"isPartOf\":{\"@id\":\"https:\/\/fru.ifesworld.org\/en\/#website\"},\"datePublished\":\"2019-04-29T09:44:43+00:00\",\"dateModified\":\"2024-06-07T16:35:03+00:00\",\"description\":\"Nuestra visi\u00f3n: estudiantes que forman comunidades de disc\u00edpulos, que son transformados por el evangelio y que impactan a la universidad, la iglesia y la sociedad para la gloria de Cristo.\",\"breadcrumb\":{\"@id\":\"https:\/\/ifesworld.org\/es\/#breadcrumb\"},\"inLanguage\":\"es\",\"potentialAction\":[{\"@type\":\"ReadAction\",\"target\":[\"https:\/\/ifesworld.org\/es\/\"]}]},{\"@type\":\"BreadcrumbList\",\"@id\":\"https:\/\/ifesworld.org\/es\/#breadcrumb\",\"itemListElement\":[{\"@type\":\"ListItem\",\"position\":1,\"name\":\"Home\",\"item\":\"https:\/\/ifesworld.org\/es\/\"},{\"@type\":\"ListItem\",\"position\":2,\"name\":\"IFES \u00b7 International Fellowship of Evangelical Students\"}]},{\"@type\":\"WebSite\",\"@id\":\"https:\/\/fru.ifesworld.org\/en\/#website\",\"url\":\"https:\/\/fru.ifesworld.org\/en\/\",\"name\":\"IFES\",\"description\":\"A movement of students sharing and living out the good news of Jesus Christ. Locally. Nationally. Globally.\",\"publisher\":{\"@id\":\"https:\/\/fru.ifesworld.org\/en\/#organization\"},\"potentialAction\":[{\"@type\":\"SearchAction\",\"target\":{\"@type\":\"EntryPoint\",\"urlTemplate\":\"https:\/\/fru.ifesworld.org\/en\/?s={search_term_string}\"},\"query-input\":\"required name=search_term_string\"}],\"inLanguage\":\"es\"},{\"@type\":\"Organization\",\"@id\":\"https:\/\/fru.ifesworld.org\/en\/#organization\",\"name\":\"IFES \u00b7 International Fellowship of Evangelical Students\",\"url\":\"https:\/\/fru.ifesworld.org\/en\/\",\"logo\":{\"@type\":\"ImageObject\",\"inLanguage\":\"es\",\"@id\":\"https:\/\/fru.ifesworld.org\/en\/#\/schema\/logo\/image\/\",\"url\":\"https:\/\/fru.ifesworld.org\/wp-content\/uploads\/2019\/06\/ifeslogo.png\",\"contentUrl\":\"https:\/\/fru.ifesworld.org\/wp-content\/uploads\/2019\/06\/ifeslogo.png\",\"width\":262,\"height\":262,\"caption\":\"IFES \u00b7 International Fellowship of Evangelical Students\"},\"image\":{\"@id\":\"https:\/\/fru.ifesworld.org\/en\/#\/schema\/logo\/image\/\"}}]}<\/script>\n<!-- \/ Yoast SEO plugin. -->","yoast_head_json":{"title":"IFES \u00b7 International Fellowship of Evangelical Students","description":"Nuestra visi\u00f3n: estudiantes que forman comunidades de disc\u00edpulos, que son transformados por el evangelio y que impactan a la universidad, la iglesia y la sociedad para la gloria de Cristo.","robots":{"index":"noindex","follow":"follow","max-snippet":"max-snippet:-1","max-image-preview":"max-image-preview:large","max-video-preview":"max-video-preview:-1"},"og_locale":"es_ES","og_type":"article","og_title":"IFES \u00b7 International Fellowship of Evangelical Students","og_description":"Nuestra visi\u00f3n: estudiantes que forman comunidades de disc\u00edpulos, que son transformados por el evangelio y que impactan a la universidad, la iglesia y la sociedad para la gloria de Cristo.","og_url":"https:\/\/ifesworld.org\/es\/","og_site_name":"IFES","article_modified_time":"2024-06-07T16:35:03+00:00","twitter_card":"summary_large_image","twitter_misc":{"Tiempo de lectura":"2 minutos"},"schema":{"@context":"https:\/\/schema.org","@graph":[{"@type":"WebPage","@id":"https:\/\/ifesworld.org\/es\/","url":"https:\/\/ifesworld.org\/es\/","name":"IFES \u00b7 International Fellowship of Evangelical Students","isPartOf":{"@id":"https:\/\/fru.ifesworld.org\/en\/#website"},"datePublished":"2019-04-29T09:44:43+00:00","dateModified":"2024-06-07T16:35:03+00:00","description":"Nuestra visi\u00f3n: estudiantes que forman comunidades de disc\u00edpulos, que son transformados por el evangelio y que impactan a la universidad, la iglesia y la sociedad para la gloria de Cristo.","breadcrumb":{"@id":"https:\/\/ifesworld.org\/es\/#breadcrumb"},"inLanguage":"es","potentialAction":[{"@type":"ReadAction","target":["https:\/\/ifesworld.org\/es\/"]}]},{"@type":"BreadcrumbList","@id":"https:\/\/ifesworld.org\/es\/#breadcrumb","itemListElement":[{"@type":"ListItem","position":1,"name":"Home","item":"https:\/\/ifesworld.org\/es\/"},{"@type":"ListItem","position":2,"name":"IFES \u00b7 International Fellowship of Evangelical Students"}]},{"@type":"WebSite","@id":"https:\/\/fru.ifesworld.org\/en\/#website","url":"https:\/\/fru.ifesworld.org\/en\/","name":"IFES","description":"A movement of students sharing and living out the good news of Jesus Christ. Locally. Nationally. Globally.","publisher":{"@id":"https:\/\/fru.ifesworld.org\/en\/#organization"},"potentialAction":[{"@type":"SearchAction","target":{"@type":"EntryPoint","urlTemplate":"https:\/\/fru.ifesworld.org\/en\/?s={search_term_string}"},"query-input":"required name=search_term_string"}],"inLanguage":"es"},{"@type":"Organization","@id":"https:\/\/fru.ifesworld.org\/en\/#organization","name":"IFES \u00b7 International Fellowship of Evangelical Students","url":"https:\/\/fru.ifesworld.org\/en\/","logo":{"@type":"ImageObject","inLanguage":"es","@id":"https:\/\/fru.ifesworld.org\/en\/#\/schema\/logo\/image\/","url":"https:\/\/fru.ifesworld.org\/wp-content\/uploads\/2019\/06\/ifeslogo.png","contentUrl":"https:\/\/fru.ifesworld.org\/wp-content\/uploads\/2019\/06\/ifeslogo.png","width":262,"height":262,"caption":"IFES \u00b7 International Fellowship of Evangelical Students"},"image":{"@id":"https:\/\/fru.ifesworld.org\/en\/#\/schema\/logo\/image\/"}}]}},"_links":{"self":[{"href":"https:\/\/fru.ifesworld.org\/es\/wp-json\/wp\/v2\/pages\/392"}],"collection":[{"href":"https:\/\/fru.ifesworld.org\/es\/wp-json\/wp\/v2\/pages"}],"about":[{"href":"https:\/\/fru.ifesworld.org\/es\/wp-json\/wp\/v2\/types\/page"}],"author":[{"embeddable":true,"href":"https:\/\/fru.ifesworld.org\/es\/wp-json\/wp\/v2\/users\/2"}],"replies":[{"embeddable":true,"href":"https:\/\/fru.ifesworld.org\/es\/wp-json\/wp\/v2\/comments?post=392"}],"version-history":[{"count":95,"href":"https:\/\/fru.ifesworld.org\/es\/wp-json\/wp\/v2\/pages\/392\/revisions"}],"predecessor-version":[{"id":38044,"href":"https:\/\/fru.ifesworld.org\/es\/wp-json\/wp\/v2\/pages\/392\/revisions\/38044"}],"wp:attachment":[{"href":"https:\/\/fru.ifesworld.org\/es\/wp-json\/wp\/v2\/media?parent=392"}],"wp:term":[{"taxonomy":"area","embeddable":true,"href":"https:\/\/fru.ifesworld.org\/es\/wp-json\/wp\/v2\/area?post=392"},{"taxonomy":"theme","embeddable":true,"href":"https:\/\/fru.ifesworld.org\/es\/wp-json\/wp\/v2\/theme?post=392"}],"curies":[{"name":"wp","href":"https:\/\/api.w.org\/{rel}","templated":true}]}}