{"id":272,"date":"2019-04-17T08:04:22","date_gmt":"2019-04-17T08:04:22","guid":{"rendered":"https:\/\/fru.ifesworld.org\/landing\/dia-mundial-del-estudiante\/"},"modified":"2024-06-03T20:41:21","modified_gmt":"2024-06-03T19:41:21","slug":"dme","status":"publish","type":"page","link":"https:\/\/fru.ifesworld.org\/es\/dme\/","title":{"rendered":"D\u00eda Mundial del Estudiante"},"content":{"rendered":"<div class=\"wp-block block-core-paragraph\">\n<p class=\"has-md-font-size\"><strong>D\u00eda Mundial del Estudiante <\/strong>son<strong> 48 horas<\/strong> de oraci\u00f3n que unen a miles de personas del mundo entero cada a\u00f1o. Los estudiantes, los obreros y los que apoyan a IFES se re\u00fanen para orar por los estudiantes del mundo entero y celebrar todo lo que Dios est\u00e1 haciendo a trav\u00e9s del ministerio local de IFES.&nbsp;&nbsp;<\/p>\n<\/div>\n\n<div class=\"wp-block block-core-cover\">\n<div class=\"wp-block-cover is-light wp-duotone-unset-4\" style=\"min-height:300px;aspect-ratio:unset;aspect-ratio:unset;\"><span aria-hidden=\"true\" class=\"wp-block-cover__background has-white-background-color has-background-dim-90 has-background-dim\"><\/span><div class=\"wp-block-cover__inner-container is-layout-flow wp-block-cover-is-layout-flow\"><div class=\"wp-block block-core-columns\">\n<div class=\"wp-block-columns is-layout-flex wp-container-core-columns-is-layout-1 wp-block-columns-is-layout-flex\">\n<div class=\"wp-block-column is-layout-flow wp-block-column-is-layout-flow\"><div class=\"wp-block block-core-media-text\">\n<div class=\"wp-block-media-text is-stacked-on-mobile\"><figure class=\"wp-block-media-text__media\"><img loading=\"lazy\" decoding=\"async\" width=\"608\" height=\"323\" src=\"https:\/\/fru.ifesworld.org\/wp-content\/uploads\/2024\/05\/image.png\" alt=\"\" class=\"wp-image-37690 size-full\" srcset=\"https:\/\/fru.ifesworld.org\/wp-content\/uploads\/2024\/05\/image.png 608w, https:\/\/fru.ifesworld.org\/wp-content\/uploads\/2024\/05\/image-300x159.png 300w\" sizes=\"(max-width: 608px) 100vw, 608px\" \/><\/figure><div class=\"wp-block-media-text__content\"><div class=\"wp-block block-core-heading wp-elements-cef190cb71decce385642ba94c57d732 wp-elements-da39da384a554e617f774e5e74485374\">\n<h2 class=\"wp-block-heading has-world-student-day-color has-text-color has-link-color wp-elements-cef190cb71decce385642ba94c57d732\">El a\u00f1o pasado, <strong>25.311 <\/strong>personas de <strong>138 <\/strong>pa\u00edses y territorios oraron en conjunto para que los estudiantes de todo el mundo el 20 de octubre..<\/h2>\n<\/div><\/div><\/div>\n<\/div><\/div>\n<\/div>\n<\/div><\/div><\/div>\n<\/div>\n\n<div class=\"wp-block block-acf-spacer\">\n<div id=\"spacer-block_7f3f99bf52a15e3f1f1b08a92ab7b4ed\" class=\"\">\n    <div aria-hidden=\"true\" class=\"wp-block-spacer spacer--md\"><\/div>\n<\/div>\n<\/div>\n\n<div class=\"wp-block block-core-columns\">\n<div class=\"wp-block-columns is-layout-flex wp-container-core-columns-is-layout-2 wp-block-columns-is-layout-flex\">\n<div class=\"wp-block-column has-world-student-day-background-color has-background is-layout-flow wp-block-column-is-layout-flow\"><div class=\"wp-block block-core-heading wp-elements-921dc3c33bf92237edf6c352254a0fdf wp-elements-044c500e3c4add4fbec518dc23b4a5c0\">\n<h2 class=\"wp-block-heading has-text-align-center has-white-color has-text-color has-link-color has-md-font-size wp-elements-921dc3c33bf92237edf6c352254a0fdf\">El D\u00eda Mundial del Estudiante 2024 ser\u00e1 el viernes <strong>18 de octubre<\/strong><\/h2>\n<\/div>\n\n<div class=\"wp-block block-core-paragraph aligncenter wp-elements-e2e371031594a910609588c3ee8f53d0 wp-elements-3302329109a4139b1409edd2271f6636\">\n<p class=\"has-text-align-center has-white-color has-text-color has-link-color has-md-font-size wp-elements-e2e371031594a910609588c3ee8f53d0\">El tema de este a\u00f1o es: <strong>Santuario\u00a0<\/strong>\u00a0<\/p>\n<\/div>\n\n<div class=\"wp-block block-acf-ifesbutton aligncenter\">\n<div class=\"aligncenter\">\n    <a id=\"btn-block_3804a23a9abe9ee8ef6e9b756b5a8f50\" target=\"\" href=\"https:\/\/calendar.google.com\/calendar\/render?action=TEMPLATE&#038;dates=20241018T120000Z%2F20231020T100000Z&#038;text=World%20Student%20Day\" class=\"btn btn--tertiary\">\n        <span>\n        Guarde la fecha        <\/span>\n    <\/a>\n<\/div>\n\n<\/div>\n\n<div class=\"wp-block block-core-separator\">\n<hr class=\"wp-block-separator has-text-color has-white-color has-alpha-channel-opacity has-white-background-color has-background\"\/>\n<\/div>\n\n<div class=\"wp-block block-core-heading wp-elements-a81758f1932a6bba84f31139120505ae wp-elements-6980f148ef14a8c5b7879c5e2fde56de\">\n<h4 class=\"wp-block-heading has-text-align-center has-white-color has-text-color has-link-color wp-elements-a81758f1932a6bba84f31139120505ae\">Dans un monde agit\u00e9 et rugissant, nous avons besoin de temps de calme \u2013 pour faire taire le bruit, faire une pause \u2013 et de renouveler notre confiance que Dieu est notre rempart, notre refuge et un secours toujours offert.&nbsp;&nbsp;<\/h4>\n<\/div>\n\n<div class=\"wp-block block-core-heading wp-elements-0955c3ef5e9a4e1205f6bdd0237d31a0 wp-elements-7acf59b19ad3ab4e19403ad35af3d5e6\">\n<h4 class=\"wp-block-heading has-text-align-center has-white-color has-text-color has-link-color wp-elements-0955c3ef5e9a4e1205f6bdd0237d31a0\">Le <strong>18 octobre<\/strong>, nous prierons que les \u00e9tudiants autour du monde puissent entrer dans cette tranquillit\u00e9. Les temp\u00eates sont nombreuses\u202f: les conflits physiques, les soci\u00e9t\u00e9s divis\u00e9es, l\u2019incertitude \u00e9conomique, la pression des pairs, les lourdes charges universitaires.&nbsp;&nbsp;<\/h4>\n<\/div>\n\n<div class=\"wp-block block-core-heading wp-elements-298ce2d2154a70adfba7d54b1e2a73d8 wp-elements-9ee5cddb4ae46d1e00dfb69e79155f3f\">\n<h4 class=\"wp-block-heading has-text-align-center has-white-color has-text-color has-link-color wp-elements-298ce2d2154a70adfba7d54b1e2a73d8\">Rejoignez-nous pour prier que les \u00e9tudiants puissent s\u2019arr\u00eater et trouver refuge en Christ pour que le nom de Dieu soit honor\u00e9 parmi les nations.&nbsp;<\/h4>\n<\/div>\n\n<div class=\"wp-block block-core-separator\">\n<hr class=\"wp-block-separator has-text-color has-white-color has-alpha-channel-opacity has-white-background-color has-background\"\/>\n<\/div>\n\n<div class=\"wp-block block-core-quote\">\n<blockquote class=\"wp-block-quote is-layout-flow wp-block-quote-is-layout-flow\"><div class=\"wp-block block-core-heading wp-elements-daaab446f263c10fdb90aafdc198ca67 wp-elements-ecbc679099116bc66e8b5316257bfd97\">\n<h4 class=\"wp-block-heading has-text-align-center has-white-color has-text-color has-link-color wp-elements-daaab446f263c10fdb90aafdc198ca67\">\u201cQu\u00e9dense quietos, reconozcan que yo soy Dios. \u00a0<br>\u00a1Ser\u00e9 exaltado entre las naciones! \u00a0<br>\u00a1Ser\u00e9 enaltecido en la tierra!\u201d \u00a0<\/h4>\n<\/div>\n\n<div class=\"wp-block block-core-heading wp-elements-85058e636db201419127d0b3b15590fc wp-elements-6edf3c7a3f4ca466b1c79f202c7034a8\">\n<h4 class=\"wp-block-heading has-text-align-center has-white-color has-text-color has-link-color wp-elements-85058e636db201419127d0b3b15590fc\"><strong>Salmos 46:10\u00a0<\/strong><\/h4>\n<\/div><\/blockquote>\n<\/div><\/div>\n<\/div>\n<\/div>\n\n<div class=\"wp-block block-core-heading\">\n<h2 class=\"wp-block-heading\"><strong>\u00bfTe unir\u00e1s a nosotros este a\u00f1o?&nbsp;<\/strong><\/h2>\n<\/div>\n\n<div class=\"wp-block block-core-heading\">\n<h4 class=\"wp-block-heading\">Suscr\u00edbete para conocer todas las novedades y obtener los recursos:&nbsp;<\/h4>\n<\/div>\n\n<div class=\"wp-block block-acf-subscriptionsignup alignwide\">\n<section id=\"subscription-signup-block_1ef71b33956964c913bced261013f1fd\" class=\"alignwide subscription-signup subscription--prayerline side-padding--md\">\n    <div class=\"signup__content container--adaptive-md align--center text--center\">\n\n      \n      <script>(function() {\n\twindow.mc4wp = window.mc4wp || {\n\t\tlisteners: [],\n\t\tforms: {\n\t\t\ton: function(evt, cb) {\n\t\t\t\twindow.mc4wp.listeners.push(\n\t\t\t\t\t{\n\t\t\t\t\t\tevent   : evt,\n\t\t\t\t\t\tcallback: cb\n\t\t\t\t\t}\n\t\t\t\t);\n\t\t\t}\n\t\t}\n\t}\n})();\n<\/script><!-- Mailchimp for WordPress v4.9.13 - https:\/\/wordpress.org\/plugins\/mailchimp-for-wp\/ --><form id=\"mc4wp-form-1\" class=\"mc4wp-form mc4wp-form-3199\" method=\"post\" data-id=\"3199\" data-name=\"\" ><div class=\"mc4wp-form-fields\"><div class=\"signup__form container--full-width flex flex--wrap flex--center\">\r\n<div class=\"form__input signup__fname\">\r\n\t<label class=\"form__label sr-only\" for=\"signup-fname\">Nombre de pila:<\/label>\r\n\t<input id=\"signup-fname\" type=\"text\" name=\"FNAME\" placeholder=\"Nombre de pila\" \/>\r\n<\/div>\r\n<div class=\"form__input signup__lname\">\r\n\t<label class=\"form__label sr-only\" for=\"signup-lname\">Apellido:<\/label>\r\n\t<input id=\"signup-lname\" type=\"text\" name=\"LNAME\" placeholder=\"Apellido\" \/>\r\n<\/div>\r\n<div class=\"form__input signup__email\">\r\n\t<label class=\"form__label sr-only\" for=\"signup-email\">Correo electr\u00f3nico:<\/label>\r\n\t<input id=\"signup-email\" type=\"text\" name=\"EMAIL\" placeholder=\"Correo electr\u00f3nico\" \/>\r\n<\/div>\r\n<span class=\"btn btn--primary form__submit\">\r\n\t<input type=\"submit\">\r\n\t<span>Subscribe<\/span>\r\n<\/span>\r\n<\/div>\r\n<input type=\"hidden\" name=\"list\" value=\"prayerline\" \/>\r\n\r\n<\/div><label style=\"display: none !important;\">Deja vac\u00edo este campo si eres humano: <input type=\"text\" name=\"_mc4wp_honeypot\" value=\"\" tabindex=\"-1\" autocomplete=\"off\" \/><\/label><input type=\"hidden\" name=\"_mc4wp_timestamp\" value=\"1777566008\" \/><input type=\"hidden\" name=\"_mc4wp_form_id\" value=\"3199\" \/><input type=\"hidden\" name=\"_mc4wp_form_element_id\" value=\"mc4wp-form-1\" \/><div class=\"mc4wp-response\"><\/div><\/form><!-- \/ Mailchimp for WordPress Plugin -->      \n          <\/div>\n<\/section>\n<\/div>\n\n<div class=\"wp-block block-core-heading\">\n<h4 class=\"wp-block-heading\">Y si ya sabes que vas a formar parte del evento, <a href=\"https:\/\/fru.ifesworld.org\/es\/dme-add\/\">ponte en el mapa:<\/a>&nbsp;<\/h4>\n<\/div>\n\n<div class=\"wp-block block-acf-spacer\">\n<div id=\"spacer-block_7f3f99bf52a15e3f1f1b08a92ab7b4ed\" class=\"\">\n    <div aria-hidden=\"true\" class=\"wp-block-spacer spacer--md\"><\/div>\n<\/div>\n<\/div>\n\n<div class=\"wp-block block-acf-worldstudentdaymap alignwide\">\n<div id=\"wsd__map-block_a9f2a9325b955fca75f77bed23c2c631\" class=\"wsd__map alignwide\">\n    <div id=\"map\"><\/div>\n<\/div>\n<\/div>\n\n<div class=\"wp-block block-acf-ifesbutton alignleft\">\n<div class=\"alignleft\">\n    <a id=\"btn-block_8f8b92798d8262bf81e773f045c38a79\" target=\"_blank\" href=\"https:\/\/fru.ifesworld.org\/es\/dme-add\/\" class=\"btn btn--world-student-day\">\n        <span>\n        Col\u00f3cate en el mapa aqu\u00ed        <\/span>\n    <\/a>\n<\/div>\n\n<\/div>\n\n<div class=\"wp-block block-core-paragraph\">\n<p><strong>Insp\u00edrate \u2013 ve c\u00f3mo los estudiantes y los movimientos de los seis continentes marcaron el D\u00eda Mundial del Estudiante el a\u00f1o pasado:&nbsp;<\/strong><\/p>\n<\/div>\n\n<div class=\"wp-block block-core-html\">\n<div style=\"position: relative; width: 100%; height: 0; padding-top: 56.2500%;\n padding-bottom: 0; box-shadow: 0 2px 8px 0 rgba(63,69,81,0.16); margin-top: 1.6em; margin-bottom: 0.9em; overflow: hidden;\n border-radius: 8px; will-change: transform;\">\n  <iframe loading=\"lazy\" style=\"position: absolute; width: 100%; height: 100%; top: 0; left: 0; border: none; padding: 0;margin: 0;\"\n    src=\"https:&#x2F;&#x2F;www.canva.com&#x2F;design&#x2F;DAFyGGTRMok&#x2F;view?embed\" allowfullscreen=\"allowfullscreen\" allow=\"fullscreen\">\n  <\/iframe>\n<\/div>\n<a href=\"https:&#x2F;&#x2F;www.canva.com&#x2F;design&#x2F;DAFyGGTRMok&#x2F;view?utm_content=DAFyGGTRMok&amp;utm_campaign=designshare&amp;utm_medium=embeds&amp;utm_source=link\" target=\"_blank\" rel=\"noopener\">\n<\/div>\n\n<div class=\"wp-block block-acf-spacer\">\n<div id=\"spacer-block_7f3f99bf52a15e3f1f1b08a92ab7b4ed\" class=\"\">\n    <div aria-hidden=\"true\" class=\"wp-block-spacer spacer--md\"><\/div>\n<\/div>\n<\/div>\n\n<div class=\"wp-block block-acf-ifesbutton\">\n<div class=\"\">\n    <a id=\"btn-block_5ceedc4f2da99f6611ae42a1b1937521\" target=\"_blank\" href=\"https:\/\/www.instagram.com\/explore\/tags\/ifeswsd\/\" class=\"btn btn--world-student-day\">\n        <span>\n        D\u00eda Mundial del Estudiante en Instagram        <\/span>\n    <\/a>\n<\/div>\n\n<\/div>\n\n<div class=\"wp-block block-core-paragraph\">\n<p>Para m\u00e1s informaci\u00f3n sobre el evento del a\u00f1o pasado, todav\u00eda tienes acceso a las <a href=\"https:\/\/fru.ifesworld.org\/es\/prayerline\/dme-2023\/\">tarjetas de oraci\u00f3n<\/a> de los estudiantes, los obreros y los movimientos \u2013 al igual que el <a href=\"https:\/\/ifesonline.sharepoint.com\/sites\/CommunicationandCollaboration\/Shared%20Documents\/Forms\/AllItems.aspx?ct=1717343935085&amp;or=Teams%2DHL&amp;ga=1&amp;LOF=1&amp;id=%2Fsites%2FCommunicationandCollaboration%2FShared%20Documents%2FGeneral%2FComms%20Events%20%26%20Campaigns%2FEvents%2FWorld%20Student%20Day%2FWSD%202023%2FDevotional%2FIFES%5FDevotional%5FSpanish%2Epdf&amp;parent=%2Fsites%2FCommunicationandCollaboration%2FShared%20Documents%2FGeneral%2FComms%20Events%20%26%20Campaigns%2FEvents%2FWorld%20Student%20Day%2FWSD%202023%2FDevotional\">devocional<\/a> \u2018Perseverar\u2019 y la<a href=\"https:\/\/open.spotify.com\/playlist\/6dtdbvFlTY8KGavQo9SL4B?si=a09d9dcaa5074ffe&amp;nd=1\"> lista de reproducci\u00f3n.<\/a>&nbsp;&nbsp;<\/p>\n<\/div>\n\n<div class=\"wp-block block-acf-ifesbutton\">\n<div class=\"\">\n    <a id=\"btn-block_5b39191cdc55ae536ab3b0e4e2607200\" target=\"_blank\" href=\"https:\/\/fru.ifesworld.org\/es\/prayerline\/dme-2023\/\" class=\"btn btn--primary\">\n        <span>\n        Tarjetas de Oraci\u00f3n        <\/span>\n    <\/a>\n<\/div>\n\n<\/div>\n\n<div class=\"wp-block block-core-paragraph\">\n<p>Mientras tanto, sigue orando por el ministerio estudiantil usando nuestra<a href=\"https:\/\/fru.ifesworld.org\/es\/prayerline\/\"> Prayerline<\/a> quincenal \u2013 una instant\u00e1nea del ministerio estudiantil en un pa\u00eds con los motivos de oraci\u00f3n.&nbsp;<\/p>\n<\/div>\n\n<div class=\"wp-block block-core-heading\">\n<h1 class=\"wp-block-heading has-text-align-center has-primary-color has-text-color\" id=\"historias-recientes-para-ayudarte-a-orar\">Historias recientes para ayudarte a orar<\/h1>\n<\/div>\n\n<div class=\"wp-block block-acf-prayerline alignwide\"><section id=\"post-list-latest-post-block_d7d80fc944b3189cd4d11efffad21e52\" class='alignwide latest-post-list list--prayerline'>\n            <ul class='post-list items--3 flex flex--wrap flex--center-x no-style'>\n<li class=\"post__item flex flex--column\">\n    <article id=\"post-38110\" class=\"article-thumbnail article--prayerline article--eurasia\">\n      <a href=\"https:\/\/fru.ifesworld.org\/es\/prayerline\/viajes-profundos\/\" class=\"post__link\" rel=\"bookmark\">\n        <figure class=\"post__image  image--absolute--center image--absolute--mask\">\n          <img loading=\"lazy\" decoding=\"async\" width=\"740\" height=\"436\" src=\"https:\/\/fru.ifesworld.org\/wp-content\/uploads\/2024\/06\/5-e1718102954752-1024x604.jpg\" class=\"attachment-large size-large wp-post-image\" alt=\"\" srcset=\"https:\/\/fru.ifesworld.org\/wp-content\/uploads\/2024\/06\/5-e1718102954752-1024x604.jpg 1024w, https:\/\/fru.ifesworld.org\/wp-content\/uploads\/2024\/06\/5-e1718102954752-300x177.jpg 300w, https:\/\/fru.ifesworld.org\/wp-content\/uploads\/2024\/06\/5-e1718102954752-768x453.jpg 768w, https:\/\/fru.ifesworld.org\/wp-content\/uploads\/2024\/06\/5-e1718102954752-1536x906.jpg 1536w, https:\/\/fru.ifesworld.org\/wp-content\/uploads\/2024\/06\/5-e1718102954752.jpg 1600w\" sizes=\"(max-width: 740px) 100vw, 740px\" \/>         <\/figure>\n        <header class=\"post__content flex flex--column flex--end\">\n          <h1 class=\"post__title flex flex--column\">\n                          <span class=\"post__area\">Georgia:<\/span>\n                         Viajes profundos             <i class=\"icon-container icon--praying-hands-solid\">\n                <svg class=\"icon\">\n                    <use xlink:href=\"#praying-hands-solid\"><\/use>\n                <\/svg>\n             <\/i>\n          <\/h1>\n        <\/header>\n      <\/a>\n    <\/article>\n<\/li>\n\n\n<li class=\"post__item flex flex--column\">\n    <article id=\"post-37329\" class=\"article-thumbnail article--prayerline article--francophone-africa\">\n      <a href=\"https:\/\/fru.ifesworld.org\/es\/prayerline\/rompiendo-el-silencio\/\" class=\"post__link\" rel=\"bookmark\">\n        <figure class=\"post__image  image--absolute--center image--absolute--mask\">\n          <img loading=\"lazy\" decoding=\"async\" width=\"740\" height=\"419\" src=\"https:\/\/fru.ifesworld.org\/wp-content\/uploads\/2024\/05\/IMG-20240111-WA0103-e1716473129187.jpg\" class=\"attachment-large size-large wp-post-image\" alt=\"\" srcset=\"https:\/\/fru.ifesworld.org\/wp-content\/uploads\/2024\/05\/IMG-20240111-WA0103-e1716473129187.jpg 995w, https:\/\/fru.ifesworld.org\/wp-content\/uploads\/2024\/05\/IMG-20240111-WA0103-e1716473129187-300x169.jpg 300w, https:\/\/fru.ifesworld.org\/wp-content\/uploads\/2024\/05\/IMG-20240111-WA0103-e1716473129187-768x435.jpg 768w\" sizes=\"(max-width: 740px) 100vw, 740px\" \/>         <\/figure>\n        <header class=\"post__content flex flex--column flex--end\">\n          <h1 class=\"post__title flex flex--column\">\n                          <span class=\"post__area\">la Rep\u00fablica Democr\u00e1tica del Congo:<\/span>\n                         Rompiendo el silencio             <i class=\"icon-container icon--praying-hands-solid\">\n                <svg class=\"icon\">\n                    <use xlink:href=\"#praying-hands-solid\"><\/use>\n                <\/svg>\n             <\/i>\n          <\/h1>\n        <\/header>\n      <\/a>\n    <\/article>\n<\/li>\n\n\n<li class=\"post__item flex flex--column\">\n    <article id=\"post-36754\" class=\"article-thumbnail article--prayerline article--mena\">\n      <a href=\"https:\/\/fru.ifesworld.org\/es\/prayerline\/cafe-y-fuego\/\" class=\"post__link\" rel=\"bookmark\">\n        <figure class=\"post__image  image--absolute--center image--absolute--mask\">\n          <img loading=\"lazy\" decoding=\"async\" width=\"740\" height=\"361\" src=\"https:\/\/fru.ifesworld.org\/wp-content\/uploads\/2024\/05\/joris-voeten-gL84ogFsV6s-unsplash-e1716542153366-1024x500.jpg\" class=\"attachment-large size-large wp-post-image\" alt=\"\" srcset=\"https:\/\/fru.ifesworld.org\/wp-content\/uploads\/2024\/05\/joris-voeten-gL84ogFsV6s-unsplash-e1716542153366-1024x500.jpg 1024w, https:\/\/fru.ifesworld.org\/wp-content\/uploads\/2024\/05\/joris-voeten-gL84ogFsV6s-unsplash-e1716542153366-300x146.jpg 300w, https:\/\/fru.ifesworld.org\/wp-content\/uploads\/2024\/05\/joris-voeten-gL84ogFsV6s-unsplash-e1716542153366-768x375.jpg 768w, https:\/\/fru.ifesworld.org\/wp-content\/uploads\/2024\/05\/joris-voeten-gL84ogFsV6s-unsplash-e1716542153366-1536x750.jpg 1536w, https:\/\/fru.ifesworld.org\/wp-content\/uploads\/2024\/05\/joris-voeten-gL84ogFsV6s-unsplash-e1716542153366.jpg 1920w\" sizes=\"(max-width: 740px) 100vw, 740px\" \/>         <\/figure>\n        <header class=\"post__content flex flex--column flex--end\">\n          <h1 class=\"post__title flex flex--column\">\n                          <span class=\"post__area\">Medio Oriente y Africa del Norte:<\/span>\n                         Caf\u00e9 y fuego             <i class=\"icon-container icon--praying-hands-solid\">\n                <svg class=\"icon\">\n                    <use xlink:href=\"#praying-hands-solid\"><\/use>\n                <\/svg>\n             <\/i>\n          <\/h1>\n        <\/header>\n      <\/a>\n    <\/article>\n<\/li>\n\n<\/ul><\/section><\/div>\n\n<div class=\"wp-block block-acf-ifesbutton aligncenter text--center\">\n<div class=\"aligncenter\">\n    <a id=\"btn-block_81b1e34ef5a45bdc5176794e909ad20b\" target=\"\" href=\"\/es\/orar\" class=\"text--center btn btn--cta-link\">\n        <span>\n                    <span class=\"icon\"><svg class=\"icon\"><use xlink:href=\"#chevron-circle-right-solid\"\/><\/svg><\/span>\n        M\u00e1s formas de orar con nosotros        <\/span>\n    <\/a>\n<\/div>\n\n<\/div>\n\n<div class=\"wp-block block-acf-spacer\">\n<div id=\"spacer-block_7f3f99bf52a15e3f1f1b08a92ab7b4ed\" class=\"\">\n    <div aria-hidden=\"true\" class=\"wp-block-spacer spacer--md\"><\/div>\n<\/div>\n<\/div>","protected":false},"excerpt":{"rendered":"<p>D\u00eda Mundial del Estudiante son 48 horas de oraci\u00f3n que unen a miles de personas del mundo entero cada a\u00f1o. Los estudiantes, los obreros y los que apoyan a IFES se re\u00fanen para orar por los estudiantes del mundo entero y celebrar todo lo que Dios est\u00e1 haciendo a trav\u00e9s del ministerio local de IFES.&nbsp;&nbsp;&#8230;<\/p>\n","protected":false},"author":3961,"featured_media":37687,"parent":0,"menu_order":0,"comment_status":"closed","ping_status":"closed","template":"","meta":{"_acf_changed":false,"inline_featured_image":false,"footnotes":""},"area":[],"theme":[],"class_list":["post-272","page","type-page","status-publish","has-post-thumbnail","hentry"],"acf":[],"yoast_head":"<!-- This site is optimized with the Yoast SEO plugin v22.6 - https:\/\/yoast.com\/wordpress\/plugins\/seo\/ -->\n<title>IFES D\u00eda Mundial del Estudiante &#183; Viernes 18 de octubre de 2024<\/title>\n<meta name=\"description\" content=\"D\u00eda Mundial del Estudiante son 48 horas de oraci\u00f3n que unen a miles de personas del mundo entero cada a\u00f1o. Los estudiantes, los obreros y los que apoyan a\" \/>\n<meta name=\"robots\" content=\"noindex, follow, max-snippet:-1, max-image-preview:large, max-video-preview:-1\" \/>\n<meta property=\"og:locale\" content=\"es_ES\" \/>\n<meta property=\"og:type\" content=\"article\" \/>\n<meta property=\"og:title\" content=\"IFES D\u00eda Mundial del Estudiante &#183; Viernes 18 de octubre de 2024\" \/>\n<meta property=\"og:description\" content=\"D\u00eda Mundial del Estudiante son 48 horas de oraci\u00f3n que unen a miles de personas del mundo entero cada a\u00f1o. Los estudiantes, los obreros y los que apoyan a\" \/>\n<meta property=\"og:url\" content=\"https:\/\/ifesworld.org\/es\/dme\/\" \/>\n<meta property=\"og:site_name\" content=\"IFES\" \/>\n<meta property=\"article:modified_time\" content=\"2024-06-03T19:41:21+00:00\" \/>\n<meta property=\"og:image\" content=\"https:\/\/ifesworld.org\/wp-content\/uploads\/2024\/05\/wsd-banner-scaled.jpg\" \/>\n\t<meta property=\"og:image:width\" content=\"2560\" \/>\n\t<meta property=\"og:image:height\" content=\"1280\" \/>\n\t<meta property=\"og:image:type\" content=\"image\/jpeg\" \/>\n<meta name=\"twitter:card\" content=\"summary_large_image\" \/>\n<meta name=\"twitter:label1\" content=\"Tiempo de lectura\" \/>\n\t<meta name=\"twitter:data1\" content=\"3 minutos\" \/>\n<script type=\"application\/ld+json\" class=\"yoast-schema-graph\">{\"@context\":\"https:\/\/schema.org\",\"@graph\":[{\"@type\":\"WebPage\",\"@id\":\"https:\/\/ifesworld.org\/es\/dme\/\",\"url\":\"https:\/\/ifesworld.org\/es\/dme\/\",\"name\":\"IFES D\u00eda Mundial del Estudiante &#183; Viernes 18 de octubre de 2024\",\"isPartOf\":{\"@id\":\"https:\/\/fru.ifesworld.org\/en\/#website\"},\"primaryImageOfPage\":{\"@id\":\"https:\/\/ifesworld.org\/es\/dme\/#primaryimage\"},\"image\":{\"@id\":\"https:\/\/ifesworld.org\/es\/dme\/#primaryimage\"},\"thumbnailUrl\":\"https:\/\/fru.ifesworld.org\/wp-content\/uploads\/2024\/05\/wsd-banner-scaled.jpg\",\"datePublished\":\"2019-04-17T08:04:22+00:00\",\"dateModified\":\"2024-06-03T19:41:21+00:00\",\"description\":\"D\u00eda Mundial del Estudiante son 48 horas de oraci\u00f3n que unen a miles de personas del mundo entero cada a\u00f1o. Los estudiantes, los obreros y los que apoyan a\",\"breadcrumb\":{\"@id\":\"https:\/\/ifesworld.org\/es\/dme\/#breadcrumb\"},\"inLanguage\":\"es\",\"potentialAction\":[{\"@type\":\"ReadAction\",\"target\":[\"https:\/\/ifesworld.org\/es\/dme\/\"]}]},{\"@type\":\"ImageObject\",\"inLanguage\":\"es\",\"@id\":\"https:\/\/ifesworld.org\/es\/dme\/#primaryimage\",\"url\":\"https:\/\/fru.ifesworld.org\/wp-content\/uploads\/2024\/05\/wsd-banner-scaled.jpg\",\"contentUrl\":\"https:\/\/fru.ifesworld.org\/wp-content\/uploads\/2024\/05\/wsd-banner-scaled.jpg\",\"width\":2560,\"height\":1280,\"caption\":\"world student day\"},{\"@type\":\"BreadcrumbList\",\"@id\":\"https:\/\/ifesworld.org\/es\/dme\/#breadcrumb\",\"itemListElement\":[{\"@type\":\"ListItem\",\"position\":1,\"name\":\"Home\",\"item\":\"https:\/\/ifesworld.org\/es\/\"},{\"@type\":\"ListItem\",\"position\":2,\"name\":\"D\u00eda Mundial del Estudiante\"}]},{\"@type\":\"WebSite\",\"@id\":\"https:\/\/fru.ifesworld.org\/en\/#website\",\"url\":\"https:\/\/fru.ifesworld.org\/en\/\",\"name\":\"IFES\",\"description\":\"A movement of students sharing and living out the good news of Jesus Christ. Locally. Nationally. Globally.\",\"publisher\":{\"@id\":\"https:\/\/fru.ifesworld.org\/en\/#organization\"},\"potentialAction\":[{\"@type\":\"SearchAction\",\"target\":{\"@type\":\"EntryPoint\",\"urlTemplate\":\"https:\/\/fru.ifesworld.org\/en\/?s={search_term_string}\"},\"query-input\":\"required name=search_term_string\"}],\"inLanguage\":\"es\"},{\"@type\":\"Organization\",\"@id\":\"https:\/\/fru.ifesworld.org\/en\/#organization\",\"name\":\"IFES \u00b7 International Fellowship of Evangelical Students\",\"url\":\"https:\/\/fru.ifesworld.org\/en\/\",\"logo\":{\"@type\":\"ImageObject\",\"inLanguage\":\"es\",\"@id\":\"https:\/\/fru.ifesworld.org\/en\/#\/schema\/logo\/image\/\",\"url\":\"https:\/\/fru.ifesworld.org\/wp-content\/uploads\/2019\/06\/ifeslogo.png\",\"contentUrl\":\"https:\/\/fru.ifesworld.org\/wp-content\/uploads\/2019\/06\/ifeslogo.png\",\"width\":262,\"height\":262,\"caption\":\"IFES \u00b7 International Fellowship of Evangelical Students\"},\"image\":{\"@id\":\"https:\/\/fru.ifesworld.org\/en\/#\/schema\/logo\/image\/\"}}]}<\/script>\n<!-- \/ Yoast SEO plugin. -->","yoast_head_json":{"title":"IFES D\u00eda Mundial del Estudiante &#183; Viernes 18 de octubre de 2024","description":"D\u00eda Mundial del Estudiante son 48 horas de oraci\u00f3n que unen a miles de personas del mundo entero cada a\u00f1o. Los estudiantes, los obreros y los que apoyan a","robots":{"index":"noindex","follow":"follow","max-snippet":"max-snippet:-1","max-image-preview":"max-image-preview:large","max-video-preview":"max-video-preview:-1"},"og_locale":"es_ES","og_type":"article","og_title":"IFES D\u00eda Mundial del Estudiante &#183; Viernes 18 de octubre de 2024","og_description":"D\u00eda Mundial del Estudiante son 48 horas de oraci\u00f3n que unen a miles de personas del mundo entero cada a\u00f1o. Los estudiantes, los obreros y los que apoyan a","og_url":"https:\/\/ifesworld.org\/es\/dme\/","og_site_name":"IFES","article_modified_time":"2024-06-03T19:41:21+00:00","og_image":[{"width":2560,"height":1280,"url":"https:\/\/ifesworld.org\/wp-content\/uploads\/2024\/05\/wsd-banner-scaled.jpg","type":"image\/jpeg"}],"twitter_card":"summary_large_image","twitter_misc":{"Tiempo de lectura":"3 minutos"},"schema":{"@context":"https:\/\/schema.org","@graph":[{"@type":"WebPage","@id":"https:\/\/ifesworld.org\/es\/dme\/","url":"https:\/\/ifesworld.org\/es\/dme\/","name":"IFES D\u00eda Mundial del Estudiante &#183; Viernes 18 de octubre de 2024","isPartOf":{"@id":"https:\/\/fru.ifesworld.org\/en\/#website"},"primaryImageOfPage":{"@id":"https:\/\/ifesworld.org\/es\/dme\/#primaryimage"},"image":{"@id":"https:\/\/ifesworld.org\/es\/dme\/#primaryimage"},"thumbnailUrl":"https:\/\/fru.ifesworld.org\/wp-content\/uploads\/2024\/05\/wsd-banner-scaled.jpg","datePublished":"2019-04-17T08:04:22+00:00","dateModified":"2024-06-03T19:41:21+00:00","description":"D\u00eda Mundial del Estudiante son 48 horas de oraci\u00f3n que unen a miles de personas del mundo entero cada a\u00f1o. Los estudiantes, los obreros y los que apoyan a","breadcrumb":{"@id":"https:\/\/ifesworld.org\/es\/dme\/#breadcrumb"},"inLanguage":"es","potentialAction":[{"@type":"ReadAction","target":["https:\/\/ifesworld.org\/es\/dme\/"]}]},{"@type":"ImageObject","inLanguage":"es","@id":"https:\/\/ifesworld.org\/es\/dme\/#primaryimage","url":"https:\/\/fru.ifesworld.org\/wp-content\/uploads\/2024\/05\/wsd-banner-scaled.jpg","contentUrl":"https:\/\/fru.ifesworld.org\/wp-content\/uploads\/2024\/05\/wsd-banner-scaled.jpg","width":2560,"height":1280,"caption":"world student day"},{"@type":"BreadcrumbList","@id":"https:\/\/ifesworld.org\/es\/dme\/#breadcrumb","itemListElement":[{"@type":"ListItem","position":1,"name":"Home","item":"https:\/\/ifesworld.org\/es\/"},{"@type":"ListItem","position":2,"name":"D\u00eda Mundial del Estudiante"}]},{"@type":"WebSite","@id":"https:\/\/fru.ifesworld.org\/en\/#website","url":"https:\/\/fru.ifesworld.org\/en\/","name":"IFES","description":"A movement of students sharing and living out the good news of Jesus Christ. Locally. Nationally. Globally.","publisher":{"@id":"https:\/\/fru.ifesworld.org\/en\/#organization"},"potentialAction":[{"@type":"SearchAction","target":{"@type":"EntryPoint","urlTemplate":"https:\/\/fru.ifesworld.org\/en\/?s={search_term_string}"},"query-input":"required name=search_term_string"}],"inLanguage":"es"},{"@type":"Organization","@id":"https:\/\/fru.ifesworld.org\/en\/#organization","name":"IFES \u00b7 International Fellowship of Evangelical Students","url":"https:\/\/fru.ifesworld.org\/en\/","logo":{"@type":"ImageObject","inLanguage":"es","@id":"https:\/\/fru.ifesworld.org\/en\/#\/schema\/logo\/image\/","url":"https:\/\/fru.ifesworld.org\/wp-content\/uploads\/2019\/06\/ifeslogo.png","contentUrl":"https:\/\/fru.ifesworld.org\/wp-content\/uploads\/2019\/06\/ifeslogo.png","width":262,"height":262,"caption":"IFES \u00b7 International Fellowship of Evangelical Students"},"image":{"@id":"https:\/\/fru.ifesworld.org\/en\/#\/schema\/logo\/image\/"}}]}},"_links":{"self":[{"href":"https:\/\/fru.ifesworld.org\/es\/wp-json\/wp\/v2\/pages\/272"}],"collection":[{"href":"https:\/\/fru.ifesworld.org\/es\/wp-json\/wp\/v2\/pages"}],"about":[{"href":"https:\/\/fru.ifesworld.org\/es\/wp-json\/wp\/v2\/types\/page"}],"author":[{"embeddable":true,"href":"https:\/\/fru.ifesworld.org\/es\/wp-json\/wp\/v2\/users\/3961"}],"replies":[{"embeddable":true,"href":"https:\/\/fru.ifesworld.org\/es\/wp-json\/wp\/v2\/comments?post=272"}],"version-history":[{"count":111,"href":"https:\/\/fru.ifesworld.org\/es\/wp-json\/wp\/v2\/pages\/272\/revisions"}],"predecessor-version":[{"id":37895,"href":"https:\/\/fru.ifesworld.org\/es\/wp-json\/wp\/v2\/pages\/272\/revisions\/37895"}],"wp:featuredmedia":[{"embeddable":true,"href":"https:\/\/fru.ifesworld.org\/es\/wp-json\/wp\/v2\/media\/37687"}],"wp:attachment":[{"href":"https:\/\/fru.ifesworld.org\/es\/wp-json\/wp\/v2\/media?parent=272"}],"wp:term":[{"taxonomy":"area","embeddable":true,"href":"https:\/\/fru.ifesworld.org\/es\/wp-json\/wp\/v2\/area?post=272"},{"taxonomy":"theme","embeddable":true,"href":"https:\/\/fru.ifesworld.org\/es\/wp-json\/wp\/v2\/theme?post=272"}],"curies":[{"name":"wp","href":"https:\/\/api.w.org\/{rel}","templated":true}]}}