{"id":242,"date":"2019-04-17T07:41:18","date_gmt":"2019-04-17T07:41:18","guid":{"rendered":"https:\/\/fru.ifesworld.org\/landing\/nuestro-trabajo\/"},"modified":"2024-01-24T15:00:34","modified_gmt":"2024-01-24T15:00:34","slug":"nuestro-trabajo","status":"publish","type":"page","link":"https:\/\/fru.ifesworld.org\/es\/nuestro-trabajo\/","title":{"rendered":"Nuestro trabajo"},"content":{"rendered":"<div class=\"wp-block block-core-paragraph\">\n<p class=\"has-md-font-size\">IFES est\u00e1 presente en m\u00e1s de 180 pa\u00edses estableciendo y apoyando a movimientos cristianos aut\u00f3ctonos dirigidos por estudiantes.  <\/p>\n<\/div>\n\n<div class=\"wp-block block-core-paragraph\">\n<p>Todo nuestro trabajo se centra en el deseo de ver estudiantes que crecen juntos en comunidades de disc\u00edpulos, transformados por el evangelio e impactando a la universidad, a la iglesia y la sociedad para la gloria de Cristo.<\/p>\n<\/div>\n\n<div class=\"wp-block block-core-paragraph\">\n<p>\u00bfC\u00f3mo lo hacemos? Nuestro trabajo apoya al\nministerio estudiantil de las siguientes formas:<\/p>\n<\/div>\n\n<div class=\"wp-block block-acf-calltoactiongrid alignwide\">\n<section id=\"calltoactiongrid-block-block_cc85924a9a00969fba07c2f1578b3127\" class=\"alignwide calltoaction--grid custom-post-list list--custom\">\n    <ul class='post-list items--3 flex flex--wrap flex--center-x no-style'>\n                <li class=\"post__item flex flex--column\">\n              <article>\n                  <figure class=\"image--absolute--center image--absolute--mask image--absolute--aspect-ratio aspect-ratio--4-3\">\n                    <img loading=\"lazy\" decoding=\"async\" width=\"300\" height=\"169\" src=\"https:\/\/fru.ifesworld.org\/wp-content\/uploads\/2018\/08\/180814-Brazil-300x169.jpg\" class=\"attachment-medium size-medium\" alt=\"180814 Brazil\" srcset=\"https:\/\/fru.ifesworld.org\/wp-content\/uploads\/2018\/08\/180814-Brazil-300x169.jpg 300w, https:\/\/fru.ifesworld.org\/wp-content\/uploads\/2018\/08\/180814-Brazil-768x432.jpg 768w, https:\/\/fru.ifesworld.org\/wp-content\/uploads\/2018\/08\/180814-Brazil-1024x576.jpg 1024w, https:\/\/fru.ifesworld.org\/wp-content\/uploads\/2018\/08\/180814-Brazil.jpg 1280w\" sizes=\"(max-width: 300px) 100vw, 300px\" \/>                  <\/figure>\n                  <div class=\"ctagrid__content flex flex--column flex--end\">\n                      <header class=\"ctagrid__header flex flex--center aspect-ratio--4-3\">\n                          <h2 class=\"h1 flex flex--column flex--center\">Pionera<\/h2>\n                      <\/header>\n                      <p class=\"text--center\">IFES trabaja junto a movimientos nacionales llevando a cabo el ministerio estudiantil en campus, ciudades y pa\u00edses que a\u00fan no han sido alcanzados.<\/p>\n                       \n<div class=\"align--center\">\n    <a id=\"calltoactiongrid-block-block_cc85924a9a00969fba07c2f1578b3127\" target=\"\" href=\"https:\/\/fru.ifesworld.org\/es\/un-testigo-estudiantil-pionero\/\" class=\"grid-cta__button btn btn--secondary\">\n        <span>\n        Descubre m\u00e1s        <\/span>\n    <\/a>\n<\/div>\n\n                  <\/div>\n              <\/article>\n          <\/li>\n                <li class=\"post__item flex flex--column\">\n              <article>\n                  <figure class=\"image--absolute--center image--absolute--mask image--absolute--aspect-ratio aspect-ratio--4-3\">\n                    <img loading=\"lazy\" decoding=\"async\" width=\"300\" height=\"169\" src=\"https:\/\/fru.ifesworld.org\/wp-content\/uploads\/2018\/10\/181030-gift-habeshaw-699056-unsplash-300x169.jpg\" class=\"attachment-medium size-medium\" alt=\"181030 gift-habeshaw-699056-unsplash\" srcset=\"https:\/\/fru.ifesworld.org\/wp-content\/uploads\/2018\/10\/181030-gift-habeshaw-699056-unsplash-300x169.jpg 300w, https:\/\/fru.ifesworld.org\/wp-content\/uploads\/2018\/10\/181030-gift-habeshaw-699056-unsplash-768x432.jpg 768w, https:\/\/fru.ifesworld.org\/wp-content\/uploads\/2018\/10\/181030-gift-habeshaw-699056-unsplash-1024x576.jpg 1024w, https:\/\/fru.ifesworld.org\/wp-content\/uploads\/2018\/10\/181030-gift-habeshaw-699056-unsplash.jpg 1280w\" sizes=\"(max-width: 300px) 100vw, 300px\" \/>                  <\/figure>\n                  <div class=\"ctagrid__content flex flex--column flex--end\">\n                      <header class=\"ctagrid__header flex flex--center aspect-ratio--4-3\">\n                          <h2 class=\"h1 flex flex--column flex--center\">Evangelismo<\/h2>\n                      <\/header>\n                      <p class=\"text--center\">IFES ofrece formaci\u00f3n, fondos y materiales para ayudar a fomentar la evangelizaci\u00f3n de los movimientos nacionales.<\/p>\n                       \n<div class=\"align--center\">\n    <a id=\"calltoactiongrid-block-block_cc85924a9a00969fba07c2f1578b3127\" target=\"\" href=\"https:\/\/fru.ifesworld.org\/es\/el-inspirador-evangelismo-universitario\/\" class=\"grid-cta__button btn btn--secondary\">\n        <span>\n        Descubre m\u00e1s        <\/span>\n    <\/a>\n<\/div>\n\n                  <\/div>\n              <\/article>\n          <\/li>\n                <li class=\"post__item flex flex--column\">\n              <article>\n                  <figure class=\"image--absolute--center image--absolute--mask image--absolute--aspect-ratio aspect-ratio--4-3\">\n                    <img loading=\"lazy\" decoding=\"async\" width=\"300\" height=\"199\" src=\"https:\/\/fru.ifesworld.org\/wp-content\/uploads\/2018\/07\/180703-Trinidad-and-Tobago-300x199.jpg\" class=\"attachment-medium size-medium\" alt=\"180703 Trinidad and Tobago\" srcset=\"https:\/\/fru.ifesworld.org\/wp-content\/uploads\/2018\/07\/180703-Trinidad-and-Tobago-300x199.jpg 300w, https:\/\/fru.ifesworld.org\/wp-content\/uploads\/2018\/07\/180703-Trinidad-and-Tobago-768x510.jpg 768w, https:\/\/fru.ifesworld.org\/wp-content\/uploads\/2018\/07\/180703-Trinidad-and-Tobago.jpg 960w\" sizes=\"(max-width: 300px) 100vw, 300px\" \/>                  <\/figure>\n                  <div class=\"ctagrid__content flex flex--column flex--end\">\n                      <header class=\"ctagrid__header flex flex--center aspect-ratio--4-3\">\n                          <h2 class=\"h1 flex flex--column flex--center\">Conectar con la universidad<\/h2>\n                      <\/header>\n                      <p class=\"text--center\">Por medio de consultas regionales, recursos y programas de mentores, IFES capacita a los movimientos nacionales para que ayuden a los estudiantes a pensar de forma b\u00edblica y vivir de manera misional en todas las \u00e1reas de la vida universitaria.<\/p>\n                       \n<div class=\"align--center\">\n    <a id=\"calltoactiongrid-block-block_cc85924a9a00969fba07c2f1578b3127\" target=\"\" href=\"https:\/\/fru.ifesworld.org\/es\/universidad\/\" class=\"grid-cta__button btn btn--secondary\">\n        <span>\n        Descubre m\u00e1s        <\/span>\n    <\/a>\n<\/div>\n\n                  <\/div>\n              <\/article>\n          <\/li>\n                <li class=\"post__item flex flex--column\">\n              <article>\n                  <figure class=\"image--absolute--center image--absolute--mask image--absolute--aspect-ratio aspect-ratio--4-3\">\n                    <img loading=\"lazy\" decoding=\"async\" width=\"300\" height=\"169\" src=\"https:\/\/fru.ifesworld.org\/wp-content\/uploads\/2018\/06\/180612-300x169.jpg\" class=\"attachment-medium size-medium\" alt=\"180612 - Indonesia\" srcset=\"https:\/\/fru.ifesworld.org\/wp-content\/uploads\/2018\/06\/180612-300x169.jpg 300w, https:\/\/fru.ifesworld.org\/wp-content\/uploads\/2018\/06\/180612-768x432.jpg 768w, https:\/\/fru.ifesworld.org\/wp-content\/uploads\/2018\/06\/180612-1024x576.jpg 1024w, https:\/\/fru.ifesworld.org\/wp-content\/uploads\/2018\/06\/180612.jpg 2048w\" sizes=\"(max-width: 300px) 100vw, 300px\" \/>                  <\/figure>\n                  <div class=\"ctagrid__content flex flex--column flex--end\">\n                      <header class=\"ctagrid__header flex flex--center aspect-ratio--4-3\">\n                          <h2 class=\"h1 flex flex--column flex--center\">Desarrollar a los l\u00edderes del futuro<\/h2>\n                      <\/header>\n                      <p class=\"text--center\">IFES invierte en los l\u00edderes estudiantiles y graduados en todo el mundo por medio de grupos estudiantiles, movimientos nacionales y eventos regionales.<\/p>\n                       \n<div class=\"align--center\">\n    <a id=\"calltoactiongrid-block-block_cc85924a9a00969fba07c2f1578b3127\" target=\"\" href=\"https:\/\/fru.ifesworld.org\/es\/el-desarrollo-de-nuevos-lideres\/\" class=\"grid-cta__button btn btn--secondary\">\n        <span>\n        Descubre m\u00e1s        <\/span>\n    <\/a>\n<\/div>\n\n                  <\/div>\n              <\/article>\n          <\/li>\n                <li class=\"post__item flex flex--column\">\n              <article>\n                  <figure class=\"image--absolute--center image--absolute--mask image--absolute--aspect-ratio aspect-ratio--4-3\">\n                    <img loading=\"lazy\" decoding=\"async\" width=\"300\" height=\"168\" src=\"https:\/\/fru.ifesworld.org\/wp-content\/uploads\/2018\/05\/180522-Russia-300x168.jpg\" class=\"attachment-medium size-medium\" alt=\"180522 - Russia\" srcset=\"https:\/\/fru.ifesworld.org\/wp-content\/uploads\/2018\/05\/180522-Russia-300x169.jpg 300w, https:\/\/fru.ifesworld.org\/wp-content\/uploads\/2018\/05\/180522-Russia-768x431.jpg 768w, https:\/\/fru.ifesworld.org\/wp-content\/uploads\/2018\/05\/180522-Russia.jpg 960w\" sizes=\"(max-width: 300px) 100vw, 300px\" \/>                  <\/figure>\n                  <div class=\"ctagrid__content flex flex--column flex--end\">\n                      <header class=\"ctagrid__header flex flex--center aspect-ratio--4-3\">\n                          <h2 class=\"h1 flex flex--column flex--center\">Fortalecer a los movimientos nacionales<\/h2>\n                      <\/header>\n                      <p class=\"text--center\">Los equipos regionales de IFES ofrecen formaci\u00f3n, recursos y apoyo para que los movimientos nacionales florezcan en sus diferentes contextos.<\/p>\n                       \n<div class=\"align--center\">\n    <a id=\"calltoactiongrid-block-block_cc85924a9a00969fba07c2f1578b3127\" target=\"\" href=\"https:\/\/fru.ifesworld.org\/es\/fortalecimiento-de-los-movimientos-nacionales\/\" class=\"grid-cta__button btn btn--secondary\">\n        <span>\n        Descubre m\u00e1s        <\/span>\n    <\/a>\n<\/div>\n\n                  <\/div>\n              <\/article>\n          <\/li>\n          <\/ul>\n<\/section>\n<\/div>\n\n<div class=\"wp-block block-core-group alignfull\">\n<div class=\"wp-block-group alignfull has-primary-background-color has-background\"><div class=\"wp-block-group__inner-container is-layout-flow wp-block-group-is-layout-flow\"><div class=\"wp-block block-core-heading\">\n<h1 class=\"wp-block-heading has-text-align-center has-white-color has-text-color\">\u00bfD\u00f3nde trabaja IFES?<\/h1>\n<\/div>\n\n<div class=\"wp-block block-acf-spacer\">\n<div id=\"spacer-block_6467b178f278ba84ce28ccc1f7763c4f\" class=\"\">\n    <div aria-hidden=\"true\" class=\"wp-block-spacer spacer--lg\"><\/div>\n<\/div>\n<\/div>\n\n<div class=\"wp-block block-acf-regionlistmap alignwide\">\n<section id=\"region-list-block_35616f163f873d1bb44aca7a7e1b8cf7\" class=\"alignwide region-list-container\">\n    <img decoding=\"async\" class=\"region-list__map\" src=\"\/wp-content\/themes\/ifes\/assets\/images\/svg\/IFES_World_Connect_Map.svg\">\n    <div class=\"region-list__container flex full-width full-height\">\n        <ul class=\"region-list no-style\">\n          <li class=\"region region--north-america\"><a class=\"btn btn--north-america\" href=\"https:\/\/fru.ifesworld.org\/es\/region\/americadelnorte\/\"><span>Am\u00e9rica del Norte<\/span><\/a><\/li><li class=\"region region--latin-america\"><a class=\"btn btn--latin-america\" href=\"https:\/\/fru.ifesworld.org\/es\/region\/americalatina\/\"><span>Am\u00e9rica Latina<\/span><\/a><\/li><li class=\"region region--caribbean\"><a class=\"btn btn--caribbean\" href=\"https:\/\/fru.ifesworld.org\/es\/region\/caribe\/\"><span>Caribe<\/span><\/a><\/li><li class=\"region region--europe\"><a class=\"btn btn--europe\" href=\"https:\/\/fru.ifesworld.org\/es\/region\/europa\/\"><span>Europa<\/span><\/a><\/li><li class=\"region region--mena\"><a class=\"btn btn--mena\" href=\"https:\/\/fru.ifesworld.org\/es\/region\/mena\/\"><span>MENA<\/span><\/a><\/li><li class=\"region region--francophone-africa\"><a class=\"btn btn--francophone-africa\" href=\"https:\/\/fru.ifesworld.org\/es\/region\/africafrancofona\/\"><span>\u00c1frica franc\u00f3fona<\/span><\/a><\/li><li class=\"region region--eurasia\"><a class=\"btn btn--eurasia\" href=\"https:\/\/fru.ifesworld.org\/es\/region\/eurasia\/\"><span>Eurasia<\/span><\/a><\/li><li class=\"region region--epsa\"><a class=\"btn btn--epsa\" href=\"https:\/\/fru.ifesworld.org\/es\/region\/epsa\/\"><span>EPSA<\/span><\/a><\/li><li class=\"region region--south-asia\"><a class=\"btn btn--south-asia\" href=\"https:\/\/fru.ifesworld.org\/es\/region\/asiadelsur\/\"><span>Asia del Sur<\/span><\/a><\/li><li class=\"region region--east-asia\"><a class=\"btn btn--east-asia\" href=\"https:\/\/fru.ifesworld.org\/es\/region\/asiadeleste\/\"><span>Asia del Este<\/span><\/a><\/li><li class=\"region region--south-pacific\"><a class=\"btn btn--south-pacific\" href=\"https:\/\/fru.ifesworld.org\/es\/region\/pacificosur\/\"><span>Pac\u00edfico Sur<\/span><\/a><\/li>        <\/ul>\n    <\/div>\n<\/section>\n\n<\/div><\/div>\n<\/div><\/div>\n\n<div class=\"wp-block block-core-group alignfull\">\n<div class=\"wp-block-group alignfull has-white-dark-background-color has-background\"><div class=\"wp-block-group__inner-container is-layout-flow wp-block-group-is-layout-flow\"><div class=\"wp-block block-core-heading\">\n<h1 class=\"wp-block-heading has-text-align-center\">Leer historias del ministerio estudiantil de IFES alrededor del mundo.<\/h1>\n<\/div>\n\n<div class=\"wp-block block-acf-spacer\">\n<div id=\"spacer-block_6467b178f278ba84ce28ccc1f7763c4f\" class=\"\">\n    <div aria-hidden=\"true\" class=\"wp-block-spacer spacer--lg\"><\/div>\n<\/div>\n<\/div>\n\n<div class=\"wp-block block-acf-ifesposts alignwide\"><section id=\"post-list-latest-post-block_42eb77db4d659ddb895a9be4a99288f5\" class='alignwide latest-post-list list--conexion'>\n            <ul class='post-list items--6 flex flex--wrap flex--center'>\n      <li class='post__item flex flex--column'>\n          <article id=\"post-242\" class=\"article-thumbnail article--conexion\">\n              <a href='https:\/\/fru.ifesworld.org\/es\/blog\/el-ministerio-estudiantil-en-los-ultimos-tiempos\/' class=\"post__link\"  rel=\"bookmark\">\n                  <figure class='post__image  image--absolute--center image--absolute--mask'>\n                                        <\/figure>\n                  <header class='post__content flex flex--column flex--end'>\n                      <p class='post__meta'>Conexi\u00f3n<\/p>\n                      <h1 class='post__title'>\n                          El Ministerio Estudiantil en los \u00daltimos Tiempos\u00a0                      <\/h1>\n                                                <small>10 Principios del Libro de los Hechos<\/small>\n                                        <\/header>\n                  <i class=\"icon-container regional-logo icon--ifes\">\n                                            <svg class=\"icon logo logo--bg-white\">\n                            <use xlink:href=\"#IFES-logo\"><\/use>\n                        <\/svg>\n                                      <\/i>\n              <\/a>\n          <\/article>\n      <\/li>\n\n    \n      <li class='post__item flex flex--column'>\n          <article id=\"post-242\" class=\"article-thumbnail article--conexion\">\n              <a href='https:\/\/fru.ifesworld.org\/es\/blog\/perspectivas-globales-sobre-la-generosidad\/' class=\"post__link\"  rel=\"bookmark\">\n                  <figure class='post__image  image--absolute--center image--absolute--mask'>\n                                        <\/figure>\n                  <header class='post__content flex flex--column flex--end'>\n                      <p class='post__meta'>Conexi\u00f3n<\/p>\n                      <h1 class='post__title'>\n                          Perspectivas globales sobre la generosidad\u00a0                      <\/h1>\n                                                <small>Reflexiones teol\u00f3gicas, personales y devocionales de toda la comunidad IFES<\/small>\n                                        <\/header>\n                  <i class=\"icon-container regional-logo icon--ifes\">\n                                            <svg class=\"icon logo logo--bg-white\">\n                            <use xlink:href=\"#IFES-logo\"><\/use>\n                        <\/svg>\n                                      <\/i>\n              <\/a>\n          <\/article>\n      <\/li>\n\n    \n      <li class='post__item flex flex--column'>\n          <article id=\"post-242\" class=\"article-thumbnail article--conexion\">\n              <a href='https:\/\/fru.ifesworld.org\/es\/blog\/la-mision-todavia-por-cumplir\/' class=\"post__link\"  rel=\"bookmark\">\n                  <figure class='post__image  image--absolute--center image--absolute--mask'>\n                      <img loading=\"lazy\" decoding=\"async\" width=\"740\" height=\"622\" src=\"https:\/\/fru.ifesworld.org\/wp-content\/uploads\/2024\/03\/BNG-Tee-1024x861.jpg\" class=\"attachment-large size-large wp-post-image\" alt=\"\" srcset=\"https:\/\/fru.ifesworld.org\/wp-content\/uploads\/2024\/03\/BNG-Tee-1024x861.jpg 1024w, https:\/\/fru.ifesworld.org\/wp-content\/uploads\/2024\/03\/BNG-Tee-300x252.jpg 300w, https:\/\/fru.ifesworld.org\/wp-content\/uploads\/2024\/03\/BNG-Tee-768x646.jpg 768w, https:\/\/fru.ifesworld.org\/wp-content\/uploads\/2024\/03\/BNG-Tee-1536x1292.jpg 1536w, https:\/\/fru.ifesworld.org\/wp-content\/uploads\/2024\/03\/BNG-Tee-2048x1723.jpg 2048w\" sizes=\"(max-width: 740px) 100vw, 740px\" \/>                  <\/figure>\n                  <header class='post__content flex flex--column flex--end'>\n                      <p class='post__meta'>Conexi\u00f3n<\/p>\n                      <h1 class='post__title'>\n                          La misi\u00f3n todav\u00eda por cumplir                      <\/h1>\n                                                <small>Abriendo nuevos caminos por todo el mundo<\/small>\n                                        <\/header>\n                  <i class=\"icon-container regional-logo icon--ifes\">\n                                            <svg class=\"icon logo logo--bg-white\">\n                            <use xlink:href=\"#IFES-logo\"><\/use>\n                        <\/svg>\n                                      <\/i>\n              <\/a>\n          <\/article>\n      <\/li>\n\n    \n      <li class='post__item flex flex--column'>\n          <article id=\"post-242\" class=\"article-thumbnail article--conexion\">\n              <a href='https:\/\/fru.ifesworld.org\/es\/blog\/fieles-en-todas-partes\/' class=\"post__link\"  rel=\"bookmark\">\n                  <figure class='post__image  image--absolute--center image--absolute--mask'>\n                                        <\/figure>\n                  <header class='post__content flex flex--column flex--end'>\n                      <p class='post__meta'>Conexi\u00f3n<\/p>\n                      <h1 class='post__title'>\n                          Fieles en todas partes\u00a0                      <\/h1>\n                                                <small>Poniendo en pr\u00e1ctica el evangelio en la creaci\u00f3n, la cultura y la sociedad<\/small>\n                                        <\/header>\n                  <i class=\"icon-container regional-logo icon--ifes\">\n                                            <svg class=\"icon logo logo--bg-white\">\n                            <use xlink:href=\"#IFES-logo\"><\/use>\n                        <\/svg>\n                                      <\/i>\n              <\/a>\n          <\/article>\n      <\/li>\n\n    \n      <li class='post__item flex flex--column'>\n          <article id=\"post-242\" class=\"article-thumbnail article--conexion\">\n              <a href='https:\/\/fru.ifesworld.org\/es\/blog\/puntos-algidos-y-grandes-oraciones\/' class=\"post__link\"  rel=\"bookmark\">\n                  <figure class='post__image  image--absolute--center image--absolute--mask'>\n                                        <\/figure>\n                  <header class='post__content flex flex--column flex--end'>\n                      <p class='post__meta'>Conexi\u00f3n<\/p>\n                      <h1 class='post__title'>\n                          Puntos \u00e1lgidos y grandes oraciones\u00a0                      <\/h1>\n                                                <small>El equipo de Liderazgo de IFES comparte los momentos destacados del a\u00f1o pasado y sus anhelos para 2024<\/small>\n                                        <\/header>\n                  <i class=\"icon-container regional-logo icon--ifes\">\n                                            <svg class=\"icon logo logo--bg-white\">\n                            <use xlink:href=\"#IFES-logo\"><\/use>\n                        <\/svg>\n                                      <\/i>\n              <\/a>\n          <\/article>\n      <\/li>\n\n    \n      <li class='post__item flex flex--column'>\n          <article id=\"post-242\" class=\"article-thumbnail article--conexion\">\n              <a href='https:\/\/fru.ifesworld.org\/es\/blog\/una-mirada-al-corazon-de-ifes-historias-para-contar-una-vision-para-adquirir-sabiduria-para-compartir\/' class=\"post__link\"  rel=\"bookmark\">\n                  <figure class='post__image  image--absolute--center image--absolute--mask'>\n                                        <\/figure>\n                  <header class='post__content flex flex--column flex--end'>\n                      <p class='post__meta'>Conexi\u00f3n<\/p>\n                      <h1 class='post__title'>\n                          Una mirada al coraz\u00f3n de IFES: historias para contar, una visi\u00f3n para adquirir, sabidur\u00eda para compartir                      <\/h1>\n                                                <small>Enriquece tu mente y tu alma con tres libros escritos por autores de IFES en 2023<\/small>\n                                        <\/header>\n                  <i class=\"icon-container regional-logo icon--ifes\">\n                                            <svg class=\"icon logo logo--bg-white\">\n                            <use xlink:href=\"#IFES-logo\"><\/use>\n                        <\/svg>\n                                      <\/i>\n              <\/a>\n          <\/article>\n      <\/li>\n\n    <\/ul><\/section><\/div><\/div>\n<\/div><\/div>","protected":false},"excerpt":{"rendered":"<p>IFES est\u00e1 presente en m\u00e1s de 180 pa\u00edses estableciendo y apoyando a movimientos cristianos aut\u00f3ctonos dirigidos por estudiantes. Todo nuestro trabajo se centra en el deseo de ver estudiantes que crecen juntos en comunidades de disc\u00edpulos, transformados por el evangelio e impactando a la universidad, a la iglesia y la sociedad para la gloria de&#8230;<\/p>\n","protected":false},"author":2,"featured_media":0,"parent":0,"menu_order":0,"comment_status":"closed","ping_status":"closed","template":"","meta":{"_acf_changed":false,"inline_featured_image":false,"footnotes":""},"area":[],"theme":[],"class_list":["post-242","page","type-page","status-publish","hentry"],"acf":[],"yoast_head":"<!-- This site is optimized with the Yoast SEO plugin v22.6 - https:\/\/yoast.com\/wordpress\/plugins\/seo\/ -->\n<title>Nuestro trabajo &#183; IFES<\/title>\n<meta name=\"description\" content=\"IFES est\u00e1 presente en m\u00e1s de 180 pa\u00edses estableciendo y apoyando a movimientos cristianos aut\u00f3ctonos dirigidos por estudiantes. Todo nuestro trabajo se\" \/>\n<meta name=\"robots\" content=\"noindex, follow, max-snippet:-1, max-image-preview:large, max-video-preview:-1\" \/>\n<meta property=\"og:locale\" content=\"es_ES\" \/>\n<meta property=\"og:type\" content=\"article\" \/>\n<meta property=\"og:title\" content=\"Nuestro trabajo &#183; IFES\" \/>\n<meta property=\"og:description\" content=\"IFES est\u00e1 presente en m\u00e1s de 180 pa\u00edses estableciendo y apoyando a movimientos cristianos aut\u00f3ctonos dirigidos por estudiantes. Todo nuestro trabajo se\" \/>\n<meta property=\"og:url\" content=\"https:\/\/ifesworld.org\/es\/nuestro-trabajo\/\" \/>\n<meta property=\"og:site_name\" content=\"IFES\" \/>\n<meta property=\"article:modified_time\" content=\"2024-01-24T15:00:34+00:00\" \/>\n<meta property=\"og:image\" content=\"https:\/\/ifesworld.org\/wp-content\/uploads\/2024\/01\/IFESWA2023_Finals_DK-168-2.jpg\" \/>\n\t<meta property=\"og:image:width\" content=\"2048\" \/>\n\t<meta property=\"og:image:height\" content=\"1365\" \/>\n\t<meta property=\"og:image:type\" content=\"image\/jpeg\" \/>\n<meta name=\"twitter:card\" content=\"summary_large_image\" \/>\n<meta name=\"twitter:label1\" content=\"Tiempo de lectura\" \/>\n\t<meta name=\"twitter:data1\" content=\"1 minuto\" \/>\n<script type=\"application\/ld+json\" class=\"yoast-schema-graph\">{\"@context\":\"https:\/\/schema.org\",\"@graph\":[{\"@type\":\"WebPage\",\"@id\":\"https:\/\/ifesworld.org\/es\/nuestro-trabajo\/\",\"url\":\"https:\/\/ifesworld.org\/es\/nuestro-trabajo\/\",\"name\":\"Nuestro trabajo &#183; IFES\",\"isPartOf\":{\"@id\":\"https:\/\/fru.ifesworld.org\/en\/#website\"},\"datePublished\":\"2019-04-17T07:41:18+00:00\",\"dateModified\":\"2024-01-24T15:00:34+00:00\",\"description\":\"IFES est\u00e1 presente en m\u00e1s de 180 pa\u00edses estableciendo y apoyando a movimientos cristianos aut\u00f3ctonos dirigidos por estudiantes. Todo nuestro trabajo se\",\"breadcrumb\":{\"@id\":\"https:\/\/ifesworld.org\/es\/nuestro-trabajo\/#breadcrumb\"},\"inLanguage\":\"es\",\"potentialAction\":[{\"@type\":\"ReadAction\",\"target\":[\"https:\/\/ifesworld.org\/es\/nuestro-trabajo\/\"]}]},{\"@type\":\"BreadcrumbList\",\"@id\":\"https:\/\/ifesworld.org\/es\/nuestro-trabajo\/#breadcrumb\",\"itemListElement\":[{\"@type\":\"ListItem\",\"position\":1,\"name\":\"Home\",\"item\":\"https:\/\/ifesworld.org\/es\/\"},{\"@type\":\"ListItem\",\"position\":2,\"name\":\"Nuestro trabajo\"}]},{\"@type\":\"WebSite\",\"@id\":\"https:\/\/fru.ifesworld.org\/en\/#website\",\"url\":\"https:\/\/fru.ifesworld.org\/en\/\",\"name\":\"IFES\",\"description\":\"A movement of students sharing and living out the good news of Jesus Christ. Locally. Nationally. Globally.\",\"publisher\":{\"@id\":\"https:\/\/fru.ifesworld.org\/en\/#organization\"},\"potentialAction\":[{\"@type\":\"SearchAction\",\"target\":{\"@type\":\"EntryPoint\",\"urlTemplate\":\"https:\/\/fru.ifesworld.org\/en\/?s={search_term_string}\"},\"query-input\":\"required name=search_term_string\"}],\"inLanguage\":\"es\"},{\"@type\":\"Organization\",\"@id\":\"https:\/\/fru.ifesworld.org\/en\/#organization\",\"name\":\"IFES \u00b7 International Fellowship of Evangelical Students\",\"url\":\"https:\/\/fru.ifesworld.org\/en\/\",\"logo\":{\"@type\":\"ImageObject\",\"inLanguage\":\"es\",\"@id\":\"https:\/\/fru.ifesworld.org\/en\/#\/schema\/logo\/image\/\",\"url\":\"https:\/\/fru.ifesworld.org\/wp-content\/uploads\/2019\/06\/ifeslogo.png\",\"contentUrl\":\"https:\/\/fru.ifesworld.org\/wp-content\/uploads\/2019\/06\/ifeslogo.png\",\"width\":262,\"height\":262,\"caption\":\"IFES \u00b7 International Fellowship of Evangelical Students\"},\"image\":{\"@id\":\"https:\/\/fru.ifesworld.org\/en\/#\/schema\/logo\/image\/\"}}]}<\/script>\n<!-- \/ Yoast SEO plugin. -->","yoast_head_json":{"title":"Nuestro trabajo &#183; IFES","description":"IFES est\u00e1 presente en m\u00e1s de 180 pa\u00edses estableciendo y apoyando a movimientos cristianos aut\u00f3ctonos dirigidos por estudiantes. Todo nuestro trabajo se","robots":{"index":"noindex","follow":"follow","max-snippet":"max-snippet:-1","max-image-preview":"max-image-preview:large","max-video-preview":"max-video-preview:-1"},"og_locale":"es_ES","og_type":"article","og_title":"Nuestro trabajo &#183; IFES","og_description":"IFES est\u00e1 presente en m\u00e1s de 180 pa\u00edses estableciendo y apoyando a movimientos cristianos aut\u00f3ctonos dirigidos por estudiantes. Todo nuestro trabajo se","og_url":"https:\/\/ifesworld.org\/es\/nuestro-trabajo\/","og_site_name":"IFES","article_modified_time":"2024-01-24T15:00:34+00:00","og_image":[{"width":2048,"height":1365,"url":"https:\/\/ifesworld.org\/wp-content\/uploads\/2024\/01\/IFESWA2023_Finals_DK-168-2.jpg","type":"image\/jpeg"}],"twitter_card":"summary_large_image","twitter_misc":{"Tiempo de lectura":"1 minuto"},"schema":{"@context":"https:\/\/schema.org","@graph":[{"@type":"WebPage","@id":"https:\/\/ifesworld.org\/es\/nuestro-trabajo\/","url":"https:\/\/ifesworld.org\/es\/nuestro-trabajo\/","name":"Nuestro trabajo &#183; IFES","isPartOf":{"@id":"https:\/\/fru.ifesworld.org\/en\/#website"},"datePublished":"2019-04-17T07:41:18+00:00","dateModified":"2024-01-24T15:00:34+00:00","description":"IFES est\u00e1 presente en m\u00e1s de 180 pa\u00edses estableciendo y apoyando a movimientos cristianos aut\u00f3ctonos dirigidos por estudiantes. Todo nuestro trabajo se","breadcrumb":{"@id":"https:\/\/ifesworld.org\/es\/nuestro-trabajo\/#breadcrumb"},"inLanguage":"es","potentialAction":[{"@type":"ReadAction","target":["https:\/\/ifesworld.org\/es\/nuestro-trabajo\/"]}]},{"@type":"BreadcrumbList","@id":"https:\/\/ifesworld.org\/es\/nuestro-trabajo\/#breadcrumb","itemListElement":[{"@type":"ListItem","position":1,"name":"Home","item":"https:\/\/ifesworld.org\/es\/"},{"@type":"ListItem","position":2,"name":"Nuestro trabajo"}]},{"@type":"WebSite","@id":"https:\/\/fru.ifesworld.org\/en\/#website","url":"https:\/\/fru.ifesworld.org\/en\/","name":"IFES","description":"A movement of students sharing and living out the good news of Jesus Christ. Locally. Nationally. Globally.","publisher":{"@id":"https:\/\/fru.ifesworld.org\/en\/#organization"},"potentialAction":[{"@type":"SearchAction","target":{"@type":"EntryPoint","urlTemplate":"https:\/\/fru.ifesworld.org\/en\/?s={search_term_string}"},"query-input":"required name=search_term_string"}],"inLanguage":"es"},{"@type":"Organization","@id":"https:\/\/fru.ifesworld.org\/en\/#organization","name":"IFES \u00b7 International Fellowship of Evangelical Students","url":"https:\/\/fru.ifesworld.org\/en\/","logo":{"@type":"ImageObject","inLanguage":"es","@id":"https:\/\/fru.ifesworld.org\/en\/#\/schema\/logo\/image\/","url":"https:\/\/fru.ifesworld.org\/wp-content\/uploads\/2019\/06\/ifeslogo.png","contentUrl":"https:\/\/fru.ifesworld.org\/wp-content\/uploads\/2019\/06\/ifeslogo.png","width":262,"height":262,"caption":"IFES \u00b7 International Fellowship of Evangelical Students"},"image":{"@id":"https:\/\/fru.ifesworld.org\/en\/#\/schema\/logo\/image\/"}}]}},"_links":{"self":[{"href":"https:\/\/fru.ifesworld.org\/es\/wp-json\/wp\/v2\/pages\/242"}],"collection":[{"href":"https:\/\/fru.ifesworld.org\/es\/wp-json\/wp\/v2\/pages"}],"about":[{"href":"https:\/\/fru.ifesworld.org\/es\/wp-json\/wp\/v2\/types\/page"}],"author":[{"embeddable":true,"href":"https:\/\/fru.ifesworld.org\/es\/wp-json\/wp\/v2\/users\/2"}],"replies":[{"embeddable":true,"href":"https:\/\/fru.ifesworld.org\/es\/wp-json\/wp\/v2\/comments?post=242"}],"version-history":[{"count":12,"href":"https:\/\/fru.ifesworld.org\/es\/wp-json\/wp\/v2\/pages\/242\/revisions"}],"predecessor-version":[{"id":19202,"href":"https:\/\/fru.ifesworld.org\/es\/wp-json\/wp\/v2\/pages\/242\/revisions\/19202"}],"wp:attachment":[{"href":"https:\/\/fru.ifesworld.org\/es\/wp-json\/wp\/v2\/media?parent=242"}],"wp:term":[{"taxonomy":"area","embeddable":true,"href":"https:\/\/fru.ifesworld.org\/es\/wp-json\/wp\/v2\/area?post=242"},{"taxonomy":"theme","embeddable":true,"href":"https:\/\/fru.ifesworld.org\/es\/wp-json\/wp\/v2\/theme?post=242"}],"curies":[{"name":"wp","href":"https:\/\/api.w.org\/{rel}","templated":true}]}}