{"id":19346,"date":"2022-07-29T16:10:22","date_gmt":"2022-07-29T15:10:22","guid":{"rendered":"https:\/\/fru.ifesworld.org\/?page_id=19346"},"modified":"2024-05-31T13:22:19","modified_gmt":"2024-05-31T12:22:19","slug":"ifes-connect","status":"publish","type":"page","link":"https:\/\/fru.ifesworld.org\/es\/ifes-connect\/","title":{"rendered":"IFES CONNECT"},"content":{"rendered":"<div class=\"wp-block block-core-heading\">\n<h2 class=\"wp-block-heading has-accent-light-color has-text-color\">IFES Connect es una comunidad virtual dise\u00f1ada para interconectar a nuestra comunidad global mejor que nunca.<\/h2>\n<\/div>\n\n<div class=\"wp-block block-core-paragraph\">\n<p>IFES Connect proporciona una plataforma virtual \u00fanica en la que los obreros de movimientos nacionales, obreros de IFES, personas que nos apoyan y estudiantes pueden conectar, conversar e intercambiar idea y recursos. Animar\u00e1 y equipar\u00e1 toda la comunidad para la consecuci\u00f3n de nuestro objetivo global de ver que los estudiantes compartan y vivan las buenas nuevas de Jes\u00fas en la universidad, a nivel local, nacional y global.&nbsp;<\/p>\n<\/div>\n\n<div class=\"wp-block block-acf-ifesbutton\">\n<div class=\"\">\n    <a id=\"btn-block_42b0198c2463a4cb76331241e35de514\" target=\"\" href=\"https:\/\/ifes.world\/connect-main\" class=\"btn btn--cta-link\">\n        <span>\n                    <span class=\"icon\"><svg class=\"icon\"><use xlink:href=\"#chevron-circle-right-solid\"\/><\/svg><\/span>\n        \u00danete a IFES Connect         <\/span>\n    <\/a>\n<\/div>\n\n<\/div>\n\n<div class=\"wp-block block-core-cover aligncenter\">\n<div class=\"wp-block-cover aligncenter is-light has-parallax wp-duotone-009ac3-ffffff-3\" style=\"min-height:300px;aspect-ratio:unset;aspect-ratio:unset;\"><span aria-hidden=\"true\" class=\"wp-block-cover__background has-white-background-color has-background-dim-80 has-background-dim\"><\/span><div class=\"wp-block-cover__image-background wp-image-19327 has-parallax\" style=\"background-position:50% 50%;background-image:url(https:\/\/fru.ifesworld.org\/wp-content\/uploads\/2022\/07\/richard-cabusao-adQAb-L-YkE-unsplash-2048x1365-1.jpeg)\"><\/div><div class=\"wp-block-cover__inner-container is-layout-flow wp-block-cover-is-layout-flow\"><div class=\"wp-block block-core-quote\">\n<blockquote class=\"wp-block-quote is-layout-flow wp-block-quote-is-layout-flow\"><div class=\"wp-block block-core-paragraph\">\n<p><em><em>IFES Connect nos ha proporcionado una plataforma para unir a los obreros y a los Catalizadores de distintas regiones y cohortes. Mediante Connect podemos compartir noticias, novedades y recursos f\u00e1cilmente sin aumentar el volumen ingente de correos electr\u00f3nicos que todos recibimos. Adem\u00e1s, nos permite arraigarnos m\u00e1s en la comunidad de IFES y sentirnos parte de la comunidad global.\u00a0<\/em>\u00a0<\/em><\/p>\n<\/div><cite><em><em>Sophie van Houtryve, Directora de Operaciones, Iniciativa Logos y Cosmos<\/em><\/em><\/cite><\/blockquote>\n<\/div><\/div><\/div>\n<\/div>\n\n<div class=\"wp-block block-core-paragraph\">\n<p>La comunidad virtual est\u00e1 desarrollada por Discourse Hub. Esta plataforma nos permite aunar la accesibilidad de las redes sociales y la privacidad de una plataforma m\u00e1s segura. Est\u00e1 disponible a trav\u00e9s de la aplicaci\u00f3n de Discourse Hub en <a href=\"https:\/\/apps.apple.com\/us\/app\/discourse-hub\/id1173672076\" target=\"_blank\" rel=\"noreferrer noopener\">Apple<\/a> y <a href=\"https:\/\/play.google.com\/store\/apps\/details?id=com.discourse&amp;pcampaignid=web_share\" target=\"_blank\" rel=\"noreferrer noopener\">Android<\/a>. El contenido oficial se publica en los tres idiomas oficiales de IFES (ingl\u00e9s, franc\u00e9s y espa\u00f1ol), pero los usuarios pueden escribir en el idioma que deseen y pueden usar su herramienta online preferida para traducir los contenidos publicados por otros usuarios, en caso de que fuera necesario.\u00a0\u00a0\u00a0<\/p>\n<\/div>\n\n<div class=\"wp-block block-core-heading\">\n<h2 class=\"wp-block-heading\"><strong>\u00bfEn qu\u00e9 me beneficia IFES Connect?<\/strong>&nbsp;<\/h2>\n<\/div>\n\n<div class=\"wp-block block-core-paragraph\">\n<p>IFES Connect crea oportunidades para conectar a nivel local, nacional y global. Desde los estudiantes en el campus, hasta conversaciones nacionales entre obreros y estudiantes, y redes de la comunidad. IFES Connect te brinda una forma org\u00e1nica de compartir recursos, aprender unos de otros y conectar de formas sencillas y a la vez significativas.&nbsp;&nbsp;<\/p>\n<\/div>\n\n<div class=\"wp-block block-core-columns\">\n<div class=\"wp-block-columns is-layout-flex wp-container-core-columns-is-layout-1 wp-block-columns-is-layout-flex\">\n<div class=\"wp-block-column is-layout-flow wp-block-column-is-layout-flow\" style=\"flex-basis:33.33%\"><div class=\"wp-block-image\">\n<figure class=\"aligncenter size-large is-resized\"><img loading=\"lazy\" decoding=\"async\" width=\"576\" height=\"1024\" src=\"https:\/\/fru.ifesworld.org\/wp-content\/uploads\/2024\/05\/Simple-Phone--576x1024.png\" alt=\"\" class=\"wp-image-37804\" style=\"width:207px;height:auto\" srcset=\"https:\/\/fru.ifesworld.org\/wp-content\/uploads\/2024\/05\/Simple-Phone--576x1024.png 576w, https:\/\/fru.ifesworld.org\/wp-content\/uploads\/2024\/05\/Simple-Phone--169x300.png 169w, https:\/\/fru.ifesworld.org\/wp-content\/uploads\/2024\/05\/Simple-Phone--768x1365.png 768w, https:\/\/fru.ifesworld.org\/wp-content\/uploads\/2024\/05\/Simple-Phone--864x1536.png 864w, https:\/\/fru.ifesworld.org\/wp-content\/uploads\/2024\/05\/Simple-Phone-.png 1080w\" sizes=\"(max-width: 576px) 100vw, 576px\" \/><\/figure><\/div><\/div>\n\n\n\n<div class=\"wp-block-column is-layout-flow wp-block-column-is-layout-flow\" style=\"flex-basis:66.66%\"><div class=\"wp-block block-core-heading\">\n<h3 class=\"wp-block-heading\">Las caracter\u00edsticas clave son:&nbsp;<\/h3>\n<\/div>\n\n<div class=\"wp-block block-core-paragraph\">\n<p><strong>Temas principales.<\/strong> Obt\u00e9n una visi\u00f3n general de lo que Dios est\u00e1 haciendo por toda la comunidad a trav\u00e9s de noticias, preguntas y conversaciones de todo el mundo. Biblioteca de Recursos. Descubre v\u00eddeos, material descargable, im\u00e1genes y otros materiales de los Ministerios de Recursos Globales de IFES que te ayudar\u00e1n en tu trabajo.&nbsp;&nbsp;<\/p>\n<\/div>\n\n<div class=\"wp-block block-core-paragraph\">\n<p><strong>Eventos.<\/strong> Publica informaci\u00f3n acerca de eventos futuros relacionados con IFES abiertos a toda la comunidad y explora eventos organizados por otros.&nbsp;&nbsp;<\/p>\n<\/div>\n\n<div class=\"wp-block block-core-paragraph\">\n<p><strong>Oraciones.<\/strong> Accede o comparte, de manera f\u00e1cil y r\u00e1pida, peticiones de oraci\u00f3n procedentes de toda la comunidad.&nbsp;&nbsp;<\/p>\n<\/div>\n\n<div class=\"wp-block block-core-paragraph\">\n<p>Si tienes una idea de c\u00f3mo te podr\u00eda ayudar IFES Connect, ponte en contacto con nosotros en: <a href=\"mailto:connect@ifesworld.org.\">connect@ifesworld.org.<\/a>\u00a0<\/p>\n<\/div><\/div>\n<\/div>\n<\/div>\n\n<div class=\"wp-block block-core-paragraph\">\n<p>Tenemos la visi\u00f3n de crear una comunidad virtual floreciente que realmente refleje el dinamismo, la sabidur\u00eda y la diversidad de la comunidad global de IFES. Eres parte de ella, por lo que te invitamos a verlo por ti mismo.&nbsp;&nbsp;<\/p>\n<\/div>\n\n<div class=\"wp-block block-acf-ifesbutton\">\n<div class=\"\">\n    <a id=\"btn-block_42b0198c2463a4cb76331241e35de514\" target=\"\" href=\"https:\/\/ifes.world\/connect-main\" class=\"btn btn--cta-link\">\n        <span>\n                    <span class=\"icon\"><svg class=\"icon\"><use xlink:href=\"#chevron-circle-right-solid\"\/><\/svg><\/span>\n        \u00danete a IFES Connect         <\/span>\n    <\/a>\n<\/div>\n\n<\/div>\n\n<div class=\"wp-block-image\">\n<figure class=\"aligncenter size-large\"><img loading=\"lazy\" decoding=\"async\" width=\"1024\" height=\"577\" src=\"https:\/\/fru.ifesworld.org\/wp-content\/uploads\/2022\/08\/IFES6910-Connect-ES-Slides-4-1024x577.png\" alt=\"\" class=\"wp-image-19445\" srcset=\"https:\/\/fru.ifesworld.org\/wp-content\/uploads\/2022\/08\/IFES6910-Connect-ES-Slides-4-1024x577.png 1024w, https:\/\/fru.ifesworld.org\/wp-content\/uploads\/2022\/08\/IFES6910-Connect-ES-Slides-4-300x169.png 300w, https:\/\/fru.ifesworld.org\/wp-content\/uploads\/2022\/08\/IFES6910-Connect-ES-Slides-4-768x432.png 768w, https:\/\/fru.ifesworld.org\/wp-content\/uploads\/2022\/08\/IFES6910-Connect-ES-Slides-4-1536x865.png 1536w, https:\/\/fru.ifesworld.org\/wp-content\/uploads\/2022\/08\/IFES6910-Connect-ES-Slides-4.png 1920w\" sizes=\"(max-width: 1024px) 100vw, 1024px\" \/><\/figure><\/div>","protected":false},"excerpt":{"rendered":"<p>IFES Connect es una comunidad virtual dise\u00f1ada para interconectar a nuestra comunidad global mejor que nunca. IFES Connect proporciona una plataforma virtual \u00fanica en la que los obreros de movimientos nacionales, obreros de IFES, personas que nos apoyan y estudiantes pueden conectar, conversar e intercambiar idea y recursos. Animar\u00e1 y equipar\u00e1 toda la comunidad para&#8230;<\/p>\n","protected":false},"author":3961,"featured_media":0,"parent":0,"menu_order":0,"comment_status":"closed","ping_status":"closed","template":"","meta":{"_acf_changed":false,"inline_featured_image":false,"footnotes":""},"area":[],"theme":[],"class_list":["post-19346","page","type-page","status-publish","hentry"],"acf":[],"yoast_head":"<!-- This site is optimized with the Yoast SEO plugin v22.6 - https:\/\/yoast.com\/wordpress\/plugins\/seo\/ -->\n<title>IFES CONNECT &#183; IFES<\/title>\n<meta name=\"description\" content=\"IFES Connect es una comunidad virtual dise\u00f1ada para interconectar a nuestra comunidad global mejor que nunca. IFES Connect proporciona una plataforma\" \/>\n<meta name=\"robots\" content=\"noindex, follow, max-snippet:-1, max-image-preview:large, max-video-preview:-1\" \/>\n<meta property=\"og:locale\" content=\"es_ES\" \/>\n<meta property=\"og:type\" content=\"article\" \/>\n<meta property=\"og:title\" content=\"IFES CONNECT &#183; IFES\" \/>\n<meta property=\"og:description\" content=\"IFES Connect es una comunidad virtual dise\u00f1ada para interconectar a nuestra comunidad global mejor que nunca. IFES Connect proporciona una plataforma\" \/>\n<meta property=\"og:url\" content=\"https:\/\/ifesworld.org\/es\/ifes-connect\/\" \/>\n<meta property=\"og:site_name\" content=\"IFES\" \/>\n<meta property=\"article:modified_time\" content=\"2024-05-31T12:22:19+00:00\" \/>\n<meta property=\"og:image\" content=\"https:\/\/ifesworld.org\/wp-content\/uploads\/2022\/07\/43092888180_465dcd499e_o-scaled.jpg\" \/>\n\t<meta property=\"og:image:width\" content=\"2560\" \/>\n\t<meta property=\"og:image:height\" content=\"1707\" \/>\n\t<meta property=\"og:image:type\" content=\"image\/jpeg\" \/>\n<meta name=\"twitter:card\" content=\"summary_large_image\" \/>\n<meta name=\"twitter:label1\" content=\"Tiempo de lectura\" \/>\n\t<meta name=\"twitter:data1\" content=\"3 minutos\" \/>\n<script type=\"application\/ld+json\" class=\"yoast-schema-graph\">{\"@context\":\"https:\/\/schema.org\",\"@graph\":[{\"@type\":\"WebPage\",\"@id\":\"https:\/\/ifesworld.org\/es\/ifes-connect\/\",\"url\":\"https:\/\/ifesworld.org\/es\/ifes-connect\/\",\"name\":\"IFES CONNECT &#183; IFES\",\"isPartOf\":{\"@id\":\"https:\/\/fru.ifesworld.org\/en\/#website\"},\"primaryImageOfPage\":{\"@id\":\"https:\/\/ifesworld.org\/es\/ifes-connect\/#primaryimage\"},\"image\":{\"@id\":\"https:\/\/ifesworld.org\/es\/ifes-connect\/#primaryimage\"},\"thumbnailUrl\":\"https:\/\/fru.ifesworld.org\/wp-content\/uploads\/2024\/05\/Simple-Phone--576x1024.png\",\"datePublished\":\"2022-07-29T15:10:22+00:00\",\"dateModified\":\"2024-05-31T12:22:19+00:00\",\"description\":\"IFES Connect es una comunidad virtual dise\u00f1ada para interconectar a nuestra comunidad global mejor que nunca. IFES Connect proporciona una plataforma\",\"breadcrumb\":{\"@id\":\"https:\/\/ifesworld.org\/es\/ifes-connect\/#breadcrumb\"},\"inLanguage\":\"es\",\"potentialAction\":[{\"@type\":\"ReadAction\",\"target\":[\"https:\/\/ifesworld.org\/es\/ifes-connect\/\"]}]},{\"@type\":\"ImageObject\",\"inLanguage\":\"es\",\"@id\":\"https:\/\/ifesworld.org\/es\/ifes-connect\/#primaryimage\",\"url\":\"https:\/\/fru.ifesworld.org\/wp-content\/uploads\/2024\/05\/Simple-Phone--576x1024.png\",\"contentUrl\":\"https:\/\/fru.ifesworld.org\/wp-content\/uploads\/2024\/05\/Simple-Phone--576x1024.png\"},{\"@type\":\"BreadcrumbList\",\"@id\":\"https:\/\/ifesworld.org\/es\/ifes-connect\/#breadcrumb\",\"itemListElement\":[{\"@type\":\"ListItem\",\"position\":1,\"name\":\"Home\",\"item\":\"https:\/\/ifesworld.org\/es\/\"},{\"@type\":\"ListItem\",\"position\":2,\"name\":\"IFES CONNECT\"}]},{\"@type\":\"WebSite\",\"@id\":\"https:\/\/fru.ifesworld.org\/en\/#website\",\"url\":\"https:\/\/fru.ifesworld.org\/en\/\",\"name\":\"IFES\",\"description\":\"A movement of students sharing and living out the good news of Jesus Christ. Locally. Nationally. Globally.\",\"publisher\":{\"@id\":\"https:\/\/fru.ifesworld.org\/en\/#organization\"},\"potentialAction\":[{\"@type\":\"SearchAction\",\"target\":{\"@type\":\"EntryPoint\",\"urlTemplate\":\"https:\/\/fru.ifesworld.org\/en\/?s={search_term_string}\"},\"query-input\":\"required name=search_term_string\"}],\"inLanguage\":\"es\"},{\"@type\":\"Organization\",\"@id\":\"https:\/\/fru.ifesworld.org\/en\/#organization\",\"name\":\"IFES \u00b7 International Fellowship of Evangelical Students\",\"url\":\"https:\/\/fru.ifesworld.org\/en\/\",\"logo\":{\"@type\":\"ImageObject\",\"inLanguage\":\"es\",\"@id\":\"https:\/\/fru.ifesworld.org\/en\/#\/schema\/logo\/image\/\",\"url\":\"https:\/\/fru.ifesworld.org\/wp-content\/uploads\/2019\/06\/ifeslogo.png\",\"contentUrl\":\"https:\/\/fru.ifesworld.org\/wp-content\/uploads\/2019\/06\/ifeslogo.png\",\"width\":262,\"height\":262,\"caption\":\"IFES \u00b7 International Fellowship of Evangelical Students\"},\"image\":{\"@id\":\"https:\/\/fru.ifesworld.org\/en\/#\/schema\/logo\/image\/\"}}]}<\/script>\n<!-- \/ Yoast SEO plugin. -->","yoast_head_json":{"title":"IFES CONNECT &#183; IFES","description":"IFES Connect es una comunidad virtual dise\u00f1ada para interconectar a nuestra comunidad global mejor que nunca. IFES Connect proporciona una plataforma","robots":{"index":"noindex","follow":"follow","max-snippet":"max-snippet:-1","max-image-preview":"max-image-preview:large","max-video-preview":"max-video-preview:-1"},"og_locale":"es_ES","og_type":"article","og_title":"IFES CONNECT &#183; IFES","og_description":"IFES Connect es una comunidad virtual dise\u00f1ada para interconectar a nuestra comunidad global mejor que nunca. IFES Connect proporciona una plataforma","og_url":"https:\/\/ifesworld.org\/es\/ifes-connect\/","og_site_name":"IFES","article_modified_time":"2024-05-31T12:22:19+00:00","og_image":[{"width":2560,"height":1707,"url":"https:\/\/ifesworld.org\/wp-content\/uploads\/2022\/07\/43092888180_465dcd499e_o-scaled.jpg","type":"image\/jpeg"}],"twitter_card":"summary_large_image","twitter_misc":{"Tiempo de lectura":"3 minutos"},"schema":{"@context":"https:\/\/schema.org","@graph":[{"@type":"WebPage","@id":"https:\/\/ifesworld.org\/es\/ifes-connect\/","url":"https:\/\/ifesworld.org\/es\/ifes-connect\/","name":"IFES CONNECT &#183; IFES","isPartOf":{"@id":"https:\/\/fru.ifesworld.org\/en\/#website"},"primaryImageOfPage":{"@id":"https:\/\/ifesworld.org\/es\/ifes-connect\/#primaryimage"},"image":{"@id":"https:\/\/ifesworld.org\/es\/ifes-connect\/#primaryimage"},"thumbnailUrl":"https:\/\/fru.ifesworld.org\/wp-content\/uploads\/2024\/05\/Simple-Phone--576x1024.png","datePublished":"2022-07-29T15:10:22+00:00","dateModified":"2024-05-31T12:22:19+00:00","description":"IFES Connect es una comunidad virtual dise\u00f1ada para interconectar a nuestra comunidad global mejor que nunca. IFES Connect proporciona una plataforma","breadcrumb":{"@id":"https:\/\/ifesworld.org\/es\/ifes-connect\/#breadcrumb"},"inLanguage":"es","potentialAction":[{"@type":"ReadAction","target":["https:\/\/ifesworld.org\/es\/ifes-connect\/"]}]},{"@type":"ImageObject","inLanguage":"es","@id":"https:\/\/ifesworld.org\/es\/ifes-connect\/#primaryimage","url":"https:\/\/fru.ifesworld.org\/wp-content\/uploads\/2024\/05\/Simple-Phone--576x1024.png","contentUrl":"https:\/\/fru.ifesworld.org\/wp-content\/uploads\/2024\/05\/Simple-Phone--576x1024.png"},{"@type":"BreadcrumbList","@id":"https:\/\/ifesworld.org\/es\/ifes-connect\/#breadcrumb","itemListElement":[{"@type":"ListItem","position":1,"name":"Home","item":"https:\/\/ifesworld.org\/es\/"},{"@type":"ListItem","position":2,"name":"IFES CONNECT"}]},{"@type":"WebSite","@id":"https:\/\/fru.ifesworld.org\/en\/#website","url":"https:\/\/fru.ifesworld.org\/en\/","name":"IFES","description":"A movement of students sharing and living out the good news of Jesus Christ. Locally. Nationally. Globally.","publisher":{"@id":"https:\/\/fru.ifesworld.org\/en\/#organization"},"potentialAction":[{"@type":"SearchAction","target":{"@type":"EntryPoint","urlTemplate":"https:\/\/fru.ifesworld.org\/en\/?s={search_term_string}"},"query-input":"required name=search_term_string"}],"inLanguage":"es"},{"@type":"Organization","@id":"https:\/\/fru.ifesworld.org\/en\/#organization","name":"IFES \u00b7 International Fellowship of Evangelical Students","url":"https:\/\/fru.ifesworld.org\/en\/","logo":{"@type":"ImageObject","inLanguage":"es","@id":"https:\/\/fru.ifesworld.org\/en\/#\/schema\/logo\/image\/","url":"https:\/\/fru.ifesworld.org\/wp-content\/uploads\/2019\/06\/ifeslogo.png","contentUrl":"https:\/\/fru.ifesworld.org\/wp-content\/uploads\/2019\/06\/ifeslogo.png","width":262,"height":262,"caption":"IFES \u00b7 International Fellowship of Evangelical Students"},"image":{"@id":"https:\/\/fru.ifesworld.org\/en\/#\/schema\/logo\/image\/"}}]}},"_links":{"self":[{"href":"https:\/\/fru.ifesworld.org\/es\/wp-json\/wp\/v2\/pages\/19346"}],"collection":[{"href":"https:\/\/fru.ifesworld.org\/es\/wp-json\/wp\/v2\/pages"}],"about":[{"href":"https:\/\/fru.ifesworld.org\/es\/wp-json\/wp\/v2\/types\/page"}],"author":[{"embeddable":true,"href":"https:\/\/fru.ifesworld.org\/es\/wp-json\/wp\/v2\/users\/3961"}],"replies":[{"embeddable":true,"href":"https:\/\/fru.ifesworld.org\/es\/wp-json\/wp\/v2\/comments?post=19346"}],"version-history":[{"count":7,"href":"https:\/\/fru.ifesworld.org\/es\/wp-json\/wp\/v2\/pages\/19346\/revisions"}],"predecessor-version":[{"id":37811,"href":"https:\/\/fru.ifesworld.org\/es\/wp-json\/wp\/v2\/pages\/19346\/revisions\/37811"}],"wp:attachment":[{"href":"https:\/\/fru.ifesworld.org\/es\/wp-json\/wp\/v2\/media?parent=19346"}],"wp:term":[{"taxonomy":"area","embeddable":true,"href":"https:\/\/fru.ifesworld.org\/es\/wp-json\/wp\/v2\/area?post=19346"},{"taxonomy":"theme","embeddable":true,"href":"https:\/\/fru.ifesworld.org\/es\/wp-json\/wp\/v2\/theme?post=19346"}],"curies":[{"name":"wp","href":"https:\/\/api.w.org\/{rel}","templated":true}]}}