{"id":17012,"date":"2021-10-28T11:26:19","date_gmt":"2021-10-28T10:26:19","guid":{"rendered":"https:\/\/fru.ifesworld.org\/?page_id=17012"},"modified":"2022-07-07T15:54:13","modified_gmt":"2022-07-07T14:54:13","slug":"podcasts-de-ifes","status":"publish","type":"page","link":"https:\/\/fru.ifesworld.org\/es\/podcasts-de-ifes\/","title":{"rendered":"Podcasts de IFES"},"content":{"rendered":"<div class=\"wp-block block-core-group\">\n<div class=\"wp-block-group\"><div class=\"wp-block-group__inner-container is-layout-flow wp-block-group-is-layout-flow\"><div class=\"wp-block block-core-heading\">\n<h1 class=\"wp-block-heading\">Hablemos sobre el ministerio estudiantil<\/h1>\n<\/div>\n\n<div class=\"wp-block block-core-paragraph\">\n<p>Suscr\u00edbete a los podcasts de IFES para mantenerte informado acerca del ministerio estudiantil a nivel mundial.&nbsp;<\/p>\n<\/div>\n\n<div class=\"wp-block block-core-paragraph\">\n<p>Prayerline&nbsp;nos invita a descubrir una historia que proviene directamente de uno de los 160 movimientos de IFES. Escuchar\u00e1s historias sobre la valent\u00eda de los estudiantes que se enfrentan a la persecuci\u00f3n, sobre maneras innovadoras de evangelizar, o sobre el impacto de un peque\u00f1o estudio b\u00edblico en un dormitorio. Al final te compartiremos algunas maneras de orar por los estudiantes de la historia. As\u00ed podr\u00e1s estar al d\u00eda en cuanto a los temas de oraci\u00f3n que comparten los movimientos en todo el mundo.&nbsp;&nbsp;<\/p>\n<\/div>\n\n<div class=\"wp-block block-core-paragraph\">\n<p>En podr\u00e1s enterarte de los proyectos, las ideas y las perspectivas del ministerio que provienen de las bases con las que contactamos directamente. Presenta entrevistas con estudiantes y l\u00edderes de toda la comunidad de IFES. Entre otras cosas, escuchar\u00e1s acerca de iniciar un proyecto pionero en nuevos campus, utilizar la codificaci\u00f3n para difundir el evangelio y mantener la integridad en un contexto altamente secular. Podr\u00e1s conocer gente de todas partes del mundo y descubrir las incre\u00edbles formas en que nuestra Comunidad est\u00e1 alcanzando a los estudiantes.&nbsp;&nbsp;<\/p>\n<\/div><\/div>\n<\/div><\/div>\n\n<div class=\"wp-block block-core-group alignfull\">\n<div class=\"wp-block-group alignfull has-white-color has-latin-america-background-color has-text-color has-background\"><div class=\"wp-block-group__inner-container is-layout-flow wp-block-group-is-layout-flow\"><div class=\"wp-block block-core-heading\">\n<h2 class=\"has-white-color has-text-color wp-block-heading\" id=\"tim-adams-his-backstory-and-priorities-for-the-future\">Desarrollar conocimientos sobre ciencia y teolog\u00eda con ILC<\/h2>\n<\/div>\n\n<div class=\"wp-block block-core-columns\">\n<div class=\"wp-block-columns is-layout-flex wp-container-core-columns-is-layout-1 wp-block-columns-is-layout-flex\">\n<div class=\"wp-block-column is-layout-flow wp-block-column-is-layout-flow\"><div class=\"wp-block block-core-html\">\n<iframe loading=\"lazy\" title=\"Desarrollar conocimientos sobre ciencia y teolog\u00eda con ILC\" allowtransparency=\"true\" height=\"150\" width=\"100%\" style=\"border: none; min-width: min(100%, 430px);\" scrolling=\"no\" data-name=\"pb-iframe-player\" src=\"https:\/\/www.podbean.com\/player-v2\/?i=532br-12592d4-pb&amp;from=pb6admin&amp;share=1&amp;download=1&amp;rtl=0&amp;fonts=Arial&amp;skin=1&amp;font-color=auto&amp;logo_link=episode_page&amp;btn-skin=ff6d00\"><\/iframe>\n<\/div><\/div>\n\n\n\n<div class=\"wp-block-column is-layout-flow wp-block-column-is-layout-flow\"><div class=\"wp-block block-core-paragraph\">\n<p><a href=\"https:\/\/lci.ifesworld.org\/es\/\">La iniciativa Logos y Cosmos, o ILC,<\/a> es un aspecto emocionante y relativamente nuevo de IFES, que fomenta el di\u00e1logo entre la teolog\u00eda y las ciencias. \u00danase al anfitri\u00f3n invitado Toto Berm\u00fadez, Secretario General de CBUU Uruguay y miembro del equipo regional de Am\u00e9rica Latina, mientras se sienta con Ale, Coordinador de LCI en Am\u00e9rica Latina, y Marcio, Profesor de Arquitectura y Planificaci\u00f3n Urbana en la Universidad de S\u00e3o Paulo y \u00abcatalizador\u00bb de LCI, para discutir lo que la LCI est\u00e1 haciendo en Am\u00e9rica Latina, c\u00f3mo impacta en el ministerio estudiantil, y c\u00f3mo se puede orar.&nbsp;<\/p>\n<\/div>\n\n<div class=\"wp-block block-core-paragraph\">\n<p><\/p>\n<\/div><\/div>\n<\/div>\n<\/div><\/div>\n<\/div><\/div>\n\n<div class=\"wp-block block-core-group alignfull\">\n<div class=\"wp-block-group alignfull has-white-dark-background-color has-background\"><div class=\"wp-block-group__inner-container is-layout-flow wp-block-group-is-layout-flow\"><div class=\"wp-block block-core-heading\">\n<h3 class=\"wp-block-heading\">Puedes suscribirte a la&nbsp;Prayerline&nbsp;y&nbsp;a Voices&nbsp;of&nbsp;IFES&nbsp;dondequiera que escuches tus podcasts.&nbsp;&nbsp;<\/h3>\n<\/div>\n\n<div class=\"wp-block block-core-columns\">\n<div class=\"wp-block-columns is-layout-flex wp-container-core-columns-is-layout-2 wp-block-columns-is-layout-flex\">\n<div class=\"wp-block-column is-layout-flow wp-block-column-is-layout-flow\"><div class=\"wp-block block-core-heading\">\n<h2 class=\"wp-block-heading\">IFES Prayerline <\/h2>\n<\/div>\n\n<div class=\"wp-block block-acf-ifesbutton\">\n<div class=\"\">\n    <a id=\"btn-block_61225f194aac1\" target=\"_blank\" href=\"https:\/\/music.amazon.com\/podcasts\/53b30215-792b-484e-90fe-476787763f16\/ifes-prayerline\" class=\"btn btn--cta-link\">\n        <span>\n                    <span class=\"icon\"><svg class=\"icon\"><use xlink:href=\"#chevron-circle-right-solid\"\/><\/svg><\/span>\n        Amazon Music        <\/span>\n    <\/a>\n<\/div>\n\n<\/div>\n\n<div class=\"wp-block block-acf-ifesbutton\">\n<div class=\"\">\n    <a id=\"btn-block_61225f194aac2\" target=\"_blank\" href=\"https:\/\/www.audible.co.uk\/pd\/Podcast\/B08K5WM54M?qid=1628589732&#038;sr=1-1&#038;ref=a_search_c3_lProduct_1_1&#038;pf_rd_p=c6e316b8-14da-418d-8f91-b3cad83c5183&#038;pf_rd_r=NJ3T62RA94SVBZJD9XAH\" class=\"btn btn--cta-link\">\n        <span>\n                    <span class=\"icon\"><svg class=\"icon\"><use xlink:href=\"#chevron-circle-right-solid\"\/><\/svg><\/span>\n        Audible        <\/span>\n    <\/a>\n<\/div>\n\n<\/div>\n\n<div class=\"wp-block block-acf-ifesbutton\">\n<div class=\"\">\n    <a id=\"btn-block_61225f194aac6\" target=\"\" href=\"https:\/\/podcasts.apple.com\/us\/podcast\/ifes-prayerline\/id1578455150\" class=\"btn btn--cta-link\">\n        <span>\n                    <span class=\"icon\"><svg class=\"icon\"><use xlink:href=\"#chevron-circle-right-solid\"\/><\/svg><\/span>\n        Itunes        <\/span>\n    <\/a>\n<\/div>\n\n<\/div>\n\n<div class=\"wp-block block-acf-ifesbutton\">\n<div class=\"\">\n    <a id=\"btn-block_61124df5f936f\" target=\"_blank\" href=\"https:\/\/podcasts.google.com\/feed\/aHR0cHM6Ly9mZWVkLnBvZGJlYW4uY29tL2lmZXNwcmF5ZXJsaW5lL2ZlZWQueG1s\" class=\"btn btn--cta-link\">\n        <span>\n                    <span class=\"icon\"><svg class=\"icon\"><use xlink:href=\"#chevron-circle-right-solid\"\/><\/svg><\/span>\n        Google Podcast         <\/span>\n    <\/a>\n<\/div>\n\n<\/div>\n\n<div class=\"wp-block block-acf-ifesbutton\">\n<div class=\"\">\n    <a id=\"btn-block_61124e20f9370\" target=\"_blank\" href=\"https:\/\/open.spotify.com\/show\/0vHvRzxaWiumZnW9w2yzJQ\" class=\"btn btn--cta-link\">\n        <span>\n                    <span class=\"icon\"><svg class=\"icon\"><use xlink:href=\"#chevron-circle-right-solid\"\/><\/svg><\/span>\n        Spotify Podcast        <\/span>\n    <\/a>\n<\/div>\n\n<\/div>\n\n<div class=\"wp-block block-acf-ifesbutton\">\n<div class=\"\">\n    <a id=\"btn-block_61124f18f9373\" target=\"_blank\" href=\"https:\/\/www.deezer.com\/fr\/show\/2864202\" class=\"btn btn--cta-link\">\n        <span>\n                    <span class=\"icon\"><svg class=\"icon\"><use xlink:href=\"#chevron-circle-right-solid\"\/><\/svg><\/span>\n        DEEZER        <\/span>\n    <\/a>\n<\/div>\n\n<\/div><\/div>\n\n\n\n<div class=\"wp-block-column is-layout-flow wp-block-column-is-layout-flow\"><div class=\"wp-block block-core-heading\">\n<h2 class=\"wp-block-heading\">Voices of IFES<\/h2>\n<\/div>\n\n<div class=\"wp-block block-acf-ifesbutton\">\n<div class=\"\">\n    <a id=\"btn-block_61124e81f9371\" target=\"_blank\" href=\"https:\/\/music.amazon.com\/podcasts\/f0afdccc-d47d-46dd-8ace-6944f097d7ea\/voices-of-ifes\" class=\"btn btn--cta-link\">\n        <span>\n                    <span class=\"icon\"><svg class=\"icon\"><use xlink:href=\"#chevron-circle-right-solid\"\/><\/svg><\/span>\n        Amazon Music        <\/span>\n    <\/a>\n<\/div>\n\n<\/div>\n\n<div class=\"wp-block block-acf-ifesbutton\">\n<div class=\"\">\n    <a id=\"btn-block_61225fb94aac7\" target=\"\" href=\"https:\/\/open.spotify.com\/show\/6VDsj26te8JTUWUfhIV6Lk\" class=\"btn btn--cta-link\">\n        <span>\n                    <span class=\"icon\"><svg class=\"icon\"><use xlink:href=\"#chevron-circle-right-solid\"\/><\/svg><\/span>\n        Spotify        <\/span>\n    <\/a>\n<\/div>\n\n<\/div>\n\n<div class=\"wp-block block-acf-ifesbutton\">\n<div class=\"\">\n    <a id=\"btn-block_61124ebaf9372\" target=\"_blank\" href=\"https:\/\/www.audible.co.uk\/pd\/Podcast\/B08K5YVQXL?qid=1629642648&#038;sr=1-1&#038;ref=a_search_c3_lProduct_1_1&#038;pf_rd_p=c6e316b8-14da-418d-8f91-b3cad83c5183&#038;pf_rd_r=ZVF8QTHH885Z9YFN4NX1\" class=\"btn btn--cta-link\">\n        <span>\n                    <span class=\"icon\"><svg class=\"icon\"><use xlink:href=\"#chevron-circle-right-solid\"\/><\/svg><\/span>\n        Audible        <\/span>\n    <\/a>\n<\/div>\n\n<\/div>\n\n<div class=\"wp-block block-acf-ifesbutton\">\n<div class=\"\">\n    <a id=\"btn-block_611cec17ce92a\" target=\"\" href=\"https:\/\/podcasts.apple.com\/us\/podcast\/ifes-prayerline\/id1578455150\" class=\"btn btn--cta-link\">\n        <span>\n                    <span class=\"icon\"><svg class=\"icon\"><use xlink:href=\"#chevron-circle-right-solid\"\/><\/svg><\/span>\n        Itunes        <\/span>\n    <\/a>\n<\/div>\n\n<\/div><\/div>\n<\/div>\n<\/div><\/div>\n<\/div><\/div>","protected":false},"excerpt":{"rendered":"<p>Hablemos sobre el ministerio estudiantil Suscr\u00edbete a los podcasts de IFES para mantenerte informado acerca del ministerio estudiantil a nivel mundial.&nbsp; Prayerline&nbsp;nos invita a descubrir una historia que proviene directamente de uno de los 160 movimientos de IFES. Escuchar\u00e1s historias sobre la valent\u00eda de los estudiantes que se enfrentan a la persecuci\u00f3n, sobre maneras innovadoras&#8230;<\/p>\n","protected":false},"author":20,"featured_media":0,"parent":0,"menu_order":0,"comment_status":"closed","ping_status":"closed","template":"","meta":{"_acf_changed":false,"inline_featured_image":false,"footnotes":""},"area":[],"theme":[],"class_list":["post-17012","page","type-page","status-publish","hentry"],"acf":[],"yoast_head":"<!-- This site is optimized with the Yoast SEO plugin v22.6 - https:\/\/yoast.com\/wordpress\/plugins\/seo\/ -->\n<title>Podcasts de IFES &#183; IFES<\/title>\n<meta name=\"description\" content=\"Hablemos sobre el ministerio estudiantil Suscr\u00edbete a los podcasts de IFES para mantenerte informado acerca del ministerio estudiantil a nivel\" \/>\n<meta name=\"robots\" content=\"noindex, follow, max-snippet:-1, max-image-preview:large, max-video-preview:-1\" \/>\n<meta property=\"og:locale\" content=\"es_ES\" \/>\n<meta property=\"og:type\" content=\"article\" \/>\n<meta property=\"og:title\" content=\"Podcasts de IFES &#183; IFES\" \/>\n<meta property=\"og:description\" content=\"Hablemos sobre el ministerio estudiantil Suscr\u00edbete a los podcasts de IFES para mantenerte informado acerca del ministerio estudiantil a nivel\" \/>\n<meta property=\"og:url\" content=\"https:\/\/ifesworld.org\/es\/podcasts-de-ifes\/\" \/>\n<meta property=\"og:site_name\" content=\"IFES\" \/>\n<meta property=\"article:modified_time\" content=\"2022-07-07T14:54:13+00:00\" \/>\n<meta property=\"og:image\" content=\"https:\/\/ifesworld.org\/wp-content\/uploads\/2021\/08\/ross-sneddon-G4fPRLboREI-unsplash.jpg\" \/>\n\t<meta property=\"og:image:width\" content=\"2400\" \/>\n\t<meta property=\"og:image:height\" content=\"1600\" \/>\n\t<meta property=\"og:image:type\" content=\"image\/jpeg\" \/>\n<meta name=\"twitter:card\" content=\"summary_large_image\" \/>\n<meta name=\"twitter:label1\" content=\"Tiempo de lectura\" \/>\n\t<meta name=\"twitter:data1\" content=\"2 minutos\" \/>\n<script type=\"application\/ld+json\" class=\"yoast-schema-graph\">{\"@context\":\"https:\/\/schema.org\",\"@graph\":[{\"@type\":\"WebPage\",\"@id\":\"https:\/\/ifesworld.org\/es\/podcasts-de-ifes\/\",\"url\":\"https:\/\/ifesworld.org\/es\/podcasts-de-ifes\/\",\"name\":\"Podcasts de IFES &#183; IFES\",\"isPartOf\":{\"@id\":\"https:\/\/fru.ifesworld.org\/en\/#website\"},\"datePublished\":\"2021-10-28T10:26:19+00:00\",\"dateModified\":\"2022-07-07T14:54:13+00:00\",\"description\":\"Hablemos sobre el ministerio estudiantil Suscr\u00edbete a los podcasts de IFES para mantenerte informado acerca del ministerio estudiantil a nivel\",\"breadcrumb\":{\"@id\":\"https:\/\/ifesworld.org\/es\/podcasts-de-ifes\/#breadcrumb\"},\"inLanguage\":\"es\",\"potentialAction\":[{\"@type\":\"ReadAction\",\"target\":[\"https:\/\/ifesworld.org\/es\/podcasts-de-ifes\/\"]}]},{\"@type\":\"BreadcrumbList\",\"@id\":\"https:\/\/ifesworld.org\/es\/podcasts-de-ifes\/#breadcrumb\",\"itemListElement\":[{\"@type\":\"ListItem\",\"position\":1,\"name\":\"Home\",\"item\":\"https:\/\/ifesworld.org\/es\/\"},{\"@type\":\"ListItem\",\"position\":2,\"name\":\"Podcasts de IFES\"}]},{\"@type\":\"WebSite\",\"@id\":\"https:\/\/fru.ifesworld.org\/en\/#website\",\"url\":\"https:\/\/fru.ifesworld.org\/en\/\",\"name\":\"IFES\",\"description\":\"A movement of students sharing and living out the good news of Jesus Christ. Locally. Nationally. Globally.\",\"publisher\":{\"@id\":\"https:\/\/fru.ifesworld.org\/en\/#organization\"},\"potentialAction\":[{\"@type\":\"SearchAction\",\"target\":{\"@type\":\"EntryPoint\",\"urlTemplate\":\"https:\/\/fru.ifesworld.org\/en\/?s={search_term_string}\"},\"query-input\":\"required name=search_term_string\"}],\"inLanguage\":\"es\"},{\"@type\":\"Organization\",\"@id\":\"https:\/\/fru.ifesworld.org\/en\/#organization\",\"name\":\"IFES \u00b7 International Fellowship of Evangelical Students\",\"url\":\"https:\/\/fru.ifesworld.org\/en\/\",\"logo\":{\"@type\":\"ImageObject\",\"inLanguage\":\"es\",\"@id\":\"https:\/\/fru.ifesworld.org\/en\/#\/schema\/logo\/image\/\",\"url\":\"https:\/\/fru.ifesworld.org\/wp-content\/uploads\/2019\/06\/ifeslogo.png\",\"contentUrl\":\"https:\/\/fru.ifesworld.org\/wp-content\/uploads\/2019\/06\/ifeslogo.png\",\"width\":262,\"height\":262,\"caption\":\"IFES \u00b7 International Fellowship of Evangelical Students\"},\"image\":{\"@id\":\"https:\/\/fru.ifesworld.org\/en\/#\/schema\/logo\/image\/\"}}]}<\/script>\n<!-- \/ Yoast SEO plugin. -->","yoast_head_json":{"title":"Podcasts de IFES &#183; IFES","description":"Hablemos sobre el ministerio estudiantil Suscr\u00edbete a los podcasts de IFES para mantenerte informado acerca del ministerio estudiantil a nivel","robots":{"index":"noindex","follow":"follow","max-snippet":"max-snippet:-1","max-image-preview":"max-image-preview:large","max-video-preview":"max-video-preview:-1"},"og_locale":"es_ES","og_type":"article","og_title":"Podcasts de IFES &#183; IFES","og_description":"Hablemos sobre el ministerio estudiantil Suscr\u00edbete a los podcasts de IFES para mantenerte informado acerca del ministerio estudiantil a nivel","og_url":"https:\/\/ifesworld.org\/es\/podcasts-de-ifes\/","og_site_name":"IFES","article_modified_time":"2022-07-07T14:54:13+00:00","og_image":[{"width":2400,"height":1600,"url":"https:\/\/ifesworld.org\/wp-content\/uploads\/2021\/08\/ross-sneddon-G4fPRLboREI-unsplash.jpg","type":"image\/jpeg"}],"twitter_card":"summary_large_image","twitter_misc":{"Tiempo de lectura":"2 minutos"},"schema":{"@context":"https:\/\/schema.org","@graph":[{"@type":"WebPage","@id":"https:\/\/ifesworld.org\/es\/podcasts-de-ifes\/","url":"https:\/\/ifesworld.org\/es\/podcasts-de-ifes\/","name":"Podcasts de IFES &#183; IFES","isPartOf":{"@id":"https:\/\/fru.ifesworld.org\/en\/#website"},"datePublished":"2021-10-28T10:26:19+00:00","dateModified":"2022-07-07T14:54:13+00:00","description":"Hablemos sobre el ministerio estudiantil Suscr\u00edbete a los podcasts de IFES para mantenerte informado acerca del ministerio estudiantil a nivel","breadcrumb":{"@id":"https:\/\/ifesworld.org\/es\/podcasts-de-ifes\/#breadcrumb"},"inLanguage":"es","potentialAction":[{"@type":"ReadAction","target":["https:\/\/ifesworld.org\/es\/podcasts-de-ifes\/"]}]},{"@type":"BreadcrumbList","@id":"https:\/\/ifesworld.org\/es\/podcasts-de-ifes\/#breadcrumb","itemListElement":[{"@type":"ListItem","position":1,"name":"Home","item":"https:\/\/ifesworld.org\/es\/"},{"@type":"ListItem","position":2,"name":"Podcasts de IFES"}]},{"@type":"WebSite","@id":"https:\/\/fru.ifesworld.org\/en\/#website","url":"https:\/\/fru.ifesworld.org\/en\/","name":"IFES","description":"A movement of students sharing and living out the good news of Jesus Christ. Locally. Nationally. Globally.","publisher":{"@id":"https:\/\/fru.ifesworld.org\/en\/#organization"},"potentialAction":[{"@type":"SearchAction","target":{"@type":"EntryPoint","urlTemplate":"https:\/\/fru.ifesworld.org\/en\/?s={search_term_string}"},"query-input":"required name=search_term_string"}],"inLanguage":"es"},{"@type":"Organization","@id":"https:\/\/fru.ifesworld.org\/en\/#organization","name":"IFES \u00b7 International Fellowship of Evangelical Students","url":"https:\/\/fru.ifesworld.org\/en\/","logo":{"@type":"ImageObject","inLanguage":"es","@id":"https:\/\/fru.ifesworld.org\/en\/#\/schema\/logo\/image\/","url":"https:\/\/fru.ifesworld.org\/wp-content\/uploads\/2019\/06\/ifeslogo.png","contentUrl":"https:\/\/fru.ifesworld.org\/wp-content\/uploads\/2019\/06\/ifeslogo.png","width":262,"height":262,"caption":"IFES \u00b7 International Fellowship of Evangelical Students"},"image":{"@id":"https:\/\/fru.ifesworld.org\/en\/#\/schema\/logo\/image\/"}}]}},"_links":{"self":[{"href":"https:\/\/fru.ifesworld.org\/es\/wp-json\/wp\/v2\/pages\/17012"}],"collection":[{"href":"https:\/\/fru.ifesworld.org\/es\/wp-json\/wp\/v2\/pages"}],"about":[{"href":"https:\/\/fru.ifesworld.org\/es\/wp-json\/wp\/v2\/types\/page"}],"author":[{"embeddable":true,"href":"https:\/\/fru.ifesworld.org\/es\/wp-json\/wp\/v2\/users\/20"}],"replies":[{"embeddable":true,"href":"https:\/\/fru.ifesworld.org\/es\/wp-json\/wp\/v2\/comments?post=17012"}],"version-history":[{"count":1,"href":"https:\/\/fru.ifesworld.org\/es\/wp-json\/wp\/v2\/pages\/17012\/revisions"}],"predecessor-version":[{"id":17017,"href":"https:\/\/fru.ifesworld.org\/es\/wp-json\/wp\/v2\/pages\/17012\/revisions\/17017"}],"wp:attachment":[{"href":"https:\/\/fru.ifesworld.org\/es\/wp-json\/wp\/v2\/media?parent=17012"}],"wp:term":[{"taxonomy":"area","embeddable":true,"href":"https:\/\/fru.ifesworld.org\/es\/wp-json\/wp\/v2\/area?post=17012"},{"taxonomy":"theme","embeddable":true,"href":"https:\/\/fru.ifesworld.org\/es\/wp-json\/wp\/v2\/theme?post=17012"}],"curies":[{"name":"wp","href":"https:\/\/api.w.org\/{rel}","templated":true}]}}