{"id":7510,"date":"2019-07-23T10:25:42","date_gmt":"2019-07-23T10:25:42","guid":{"rendered":"https:\/\/fru.ifesworld.org\/?post_type=conexion&#038;p=7510"},"modified":"2019-07-23T15:32:26","modified_gmt":"2019-07-23T15:32:26","slug":"un-lugar-mas-al-que-no-pertenezco","status":"publish","type":"conexion","link":"https:\/\/fru.ifesworld.org\/es\/blog\/un-lugar-mas-al-que-no-pertenezco\/","title":{"rendered":"Un lugar m\u00e1s al que no pertenezco"},"content":{"rendered":"<div class=\"wp-block block-core-quote\">\n<blockquote class=\"wp-block-quote is-layout-flow wp-block-quote-is-layout-flow\"><p><em>No quiero volver jam\u00e1s a mi primera semana de universidad. Me preguntaron 17 veces de d\u00f3nde era en un mismo d\u00eda. La respuesta deber\u00eda haber sido directa, pero para m\u00ed era la peor pregunta del mundo. \u00bfDe verdad quer\u00edan o\u00edr un resumen de cinco minutos de los ocho pa\u00edses en que he vivido? \u00bfQue&nbsp;de d\u00f3nde soy? Ni si quiera yo lo s\u00e9.<\/em>&nbsp;<\/p><p><em>Mi aspecto era igual que el del resto. Pero por dentro me sent\u00eda diferente. \u00bfSer\u00eda este un lugar m\u00e1s al que no pertenezco? No entend\u00eda sus bromas. No conoc\u00eda las canciones que cantaban. Incluso el McDonald&#8217;s sab\u00eda distinto. Quer\u00eda llamar a mis padres varias veces por semana, pero ellos viven en el otro lado del mundo, a nueve horas. Empezar de nuevo era muy duro.&nbsp;<\/em><strong><em>\u00bfPor qu\u00e9 me has tra\u00eddo aqu\u00ed, Dios?<\/em><\/strong>&nbsp; <\/p><\/blockquote>\n<\/div>\n\n<div class=\"wp-block block-core-heading\">\n<h3 class=\"wp-block-heading\"> Definidos por tres letras&nbsp; <\/h3>\n<\/div>\n\n<div class=\"wp-block block-core-paragraph\">\n<p> TCK. Estas tres letras no le dicen nada a la mayor\u00eda de la gente. Pero para varios millones de personas del mundo, son su definici\u00f3n. Son las siglas en ingl\u00e9s de&nbsp;<em>ni\u00f1o\/a de tercera cultura<\/em>. El t\u00e9rmino se refiere a las personas que han crecido en una cultura distinta a la del pasaporte de sus padres.&nbsp; <\/p>\n<\/div>\n\n<div class=\"wp-block block-core-paragraph\">\n<p>Como&nbsp;Wianne. Ella es una TCK. Naci\u00f3 en Malawi. Su madre es neerlandesa y su padre sudafricano. Fue a la escuela secundaria en Kenia y ahora estudia salud y sociedad en los Pa\u00edses Bajos.&nbsp; <\/p>\n<\/div>\n\n<div class=\"wp-block block-core-paragraph\">\n<p>Como Matt. \u00c9l es un TCK. Es brit\u00e1nico, pero naci\u00f3 en Zimbabue y vivi\u00f3 en Kenia, Marruecos, Sud\u00e1frica y Mozambique mientras crec\u00eda. Estudia terapia ocupacional en el Reino Unido.&nbsp; <\/p>\n<\/div>\n\n<div class=\"wp-block block-core-paragraph\">\n<p>Como Joshua. \u00c9l es un TCK. Tambi\u00e9n es brit\u00e1nico, pero creci\u00f3 en Pakist\u00e1n y Jordania antes de mudarse al Reino Unido con 13 a\u00f1os. Estudi\u00f3 ingenier\u00eda en la universidad y ahora se dedica a las TI.&nbsp; <\/p>\n<\/div>\n\n<div class=\"wp-block block-core-paragraph\">\n<p>Para los TCK, ir a la universidad representa un desaf\u00edo especial: choque cultural, morri\u00f1a, dificultades para encajar. Pero ser TCK tambi\u00e9n tiene sus ventajas. Y es que contribuyen de forma \u00fanica al ministerio estudiantil. Con su experiencia internacional y consciencia cultural, los TCK suelen ser los mejores para ayudar a los estudiantes internacionales.&nbsp;<\/p>\n<\/div>\n\n<div class=\"wp-block block-core-paragraph\">\n<p> Wianne, Matt y Joshua compartieron sus reflexiones sobre su vida como TCK y estudiantes.&nbsp; <\/p>\n<\/div>\n\n<div class=\"wp-block block-core-heading\">\n<h3 class=\"wp-block-heading\">Tratando de sobrevivir. (Wianne)&nbsp; <\/h3>\n<\/div>\n\n<div class=\"wp-block block-core-paragraph\">\n<p>\u00abCreo que al&nbsp;principi\u00f3&nbsp;no lidi\u00e9 muy bien con la transici\u00f3n. Era abrumador. Sent\u00eda que se me desvanec\u00eda el suelo bajo los pies. Estaba entumecida. Me hizo falta mucha energ\u00eda solo para sobrevivir. Mi primera reacci\u00f3n fue tratar de integrarme en la sociedad neerlandesa. No quer\u00eda destacar y ser distinta. Hice lo que pude para encajar y fing\u00eda que todo me parec\u00eda normal: la comida, la ropa, la forma directa de comunicaci\u00f3n, las charlas sin fin sobre el clima&#8230; Pero no entend\u00eda la cultura neerlandesa y pronto me di cuenta de las diferentes prioridades de la gente que me rodeaba. Echaba de menos mi casa, los amigos de la escuela secundaria internacional, que ahora estaban esparcidos por el mundo,&nbsp;echaba&nbsp;de menos a la gente \u00abnormal\u00bb de mi alrededor y poder ser yo misma.&nbsp; <\/p>\n<\/div>\n\n<div class=\"wp-block block-core-columns\">\n<div class=\"wp-block-columns has-2-columns is-layout-flex wp-container-core-columns-is-layout-1 wp-block-columns-is-layout-flex\">\n<div class=\"wp-block-column is-layout-flow wp-block-column-is-layout-flow\">\n<figure class=\"wp-block-image\"><img decoding=\"async\" src=\"https:\/\/fru.ifesworld.org\/wp-content\/uploads\/2019\/07\/190723-TCKs_Wianne-2.jpg\" alt=\"\" class=\"wp-image-7520\"\/><\/figure>\n<\/div>\n\n\n\n<div class=\"wp-block-column is-layout-flow wp-block-column-is-layout-flow\"><div class=\"wp-block block-core-paragraph\">\n<p>Hab\u00eda decidido seguir a Cristo y bautizarme justo antes de terminar la escuela secundaria. Sab\u00eda que Jes\u00fas siempre est\u00e1 al control y que es bueno. Pero no me sent\u00eda as\u00ed. La repatriaci\u00f3n (regresar a los Pa\u00edses Bajos) fue una les experiencias m\u00e1s duras de mi vida. Sin embargo, en este tiempo de prueba, mi fe profundiz\u00f3 y se volvi\u00f3 m\u00e1s real.&nbsp;  <\/p>\n<\/div><\/div>\n<\/div>\n<\/div>\n\n<div class=\"wp-block block-core-paragraph\">\n<p>Echando la vista cuatro a\u00f1os atr\u00e1s, doy gracias por el lugar donde estoy \u00a1y me alegro de no tener que cursar de nuevo el primer a\u00f1o! Doy gracias por el crecimiento personal que he vivido en mis a\u00f1os universitarios y mis a\u00f1os de implicaci\u00f3n con&nbsp;Ichthus, el movimiento de IFES. Doy gracias a Dios por todos mis amigos neerlandeses que me invitaron a distintas actividades, invirtieron tiempo en escucharme de verdad y me permitieron abrirme y ser yo con ellos. Marc\u00f3 una gran diferencia para poder adaptarme al pa\u00eds.&nbsp;&nbsp; <\/p>\n<\/div>\n\n<div class=\"wp-block block-core-paragraph\">\n<p>Doy gracias por las oportunidades que he tenido como TCK. Doy gracias por poder conectar tan f\u00e1cilmente con gente de distintos contextos y culturas, y ser as\u00ed un puente entre los estudiantes nacionales e internacionales de mi universidad\u00bb.&nbsp; <\/p>\n<\/div>\n\n<div class=\"wp-block block-core-heading\">\n<h3 class=\"wp-block-heading\">Deber\u00eda encajar, pero no lo consigo. (Matt)&nbsp; <\/h3>\n<\/div>\n\n<div class=\"wp-block block-core-paragraph\">\n<p>\u00abVenir al Reino Unido directamente del polvo de \u00c1frica sin haber vivido aqu\u00ed por mi cuenta, me sent\u00eda fuera de lugar. El desaf\u00edo principal para m\u00ed fue relacionarme con la gente brit\u00e1nica. Tengo pasaporte brit\u00e1nico y soy blanco, as\u00ed que por un lado deber\u00eda encajar. Pero no. Mis prioridades, estilo de vida, temas de conversaci\u00f3n y humor son diferentes.&nbsp; <\/p>\n<\/div>\n\n<div class=\"wp-block block-core-columns\">\n<div class=\"wp-block-columns has-2-columns is-layout-flex wp-container-core-columns-is-layout-2 wp-block-columns-is-layout-flex\">\n<div class=\"wp-block-column is-layout-flow wp-block-column-is-layout-flow\">\n<figure class=\"wp-block-image\"><img decoding=\"async\" src=\"https:\/\/fru.ifesworld.org\/wp-content\/uploads\/2019\/07\/190723-Matthew-Pate-1-1-2.jpg\" alt=\"\" class=\"wp-image-7521\"\/><\/figure>\n<\/div>\n\n\n\n<div class=\"wp-block-column is-layout-flow wp-block-column-is-layout-flow\"><div class=\"wp-block block-core-paragraph\">\n<p>Recuerdo que un d\u00eda vi a dos de mis amigos hablando juntos. Me levant\u00e9 y me puse entre ellos. \u00a1Instintivamente saltaron alej\u00e1ndose! No lo entend\u00ed. Al instante me dijeron que hab\u00eda ocupado su espacio personal poni\u00e9ndome tan cerca de ellos. \u00a1Me impact\u00f3 mucho!&nbsp;  <\/p>\n<\/div><\/div>\n<\/div>\n<\/div>\n\n<div class=\"wp-block block-core-paragraph\">\n<p>Recuerdo que un d\u00eda vi a dos de mis amigos hablando juntos. Me levant\u00e9 y me puse entre ellos. \u00a1Instintivamente saltaron alej\u00e1ndose! No lo entend\u00ed. Al instante me dijeron que hab\u00eda ocupado su espacio personal poni\u00e9ndome tan cerca de ellos. \u00a1Me impact\u00f3 mucho!&nbsp; <\/p>\n<\/div>\n\n<div class=\"wp-block block-core-paragraph\">\n<p>Ser un TCK y estudiante me ha supuesto desaf\u00edos, pero tambi\u00e9n muchas ventajas. Como TCK, me resulta f\u00e1cil conectar con gente de otras culturas. Me encanta trabajar con estudiantes internacionales en la universidad. Me encanta ser el puente entre su cultura y el contexto. A trav\u00e9s de la iglesia y mi grupo local de IFES, he tenido el privilegio de abrir la Biblia con estudiantes internacionales y ver c\u00f3mo algunos han conocido al Se\u00f1or.&nbsp; <\/p>\n<\/div>\n\n<div class=\"wp-block block-core-paragraph\">\n<p>La universidad ha sido (y sigue siendo) uno de los per\u00edodos m\u00e1s duros de mi vida. A\u00fan tengo que adaptarme a vivir en el lugar de donde soy seg\u00fan mi pasaporte, pero donde siento que no encajo del todo.&nbsp; <\/p>\n<\/div>\n\n<div class=\"wp-block block-core-paragraph\">\n<p>La universidad tambi\u00e9n ha sido un lugar de crecimiento espiritual. He aprendido sobre la identidad que tengo en el evangelio de Cristo. Como estudiante, mi iglesia es mi familia y el lugar al que llamo hogar.&nbsp; <\/p>\n<\/div>\n\n<div class=\"wp-block block-core-heading\">\n<h3 class=\"wp-block-heading\">Mi renuencia instintiva (Joshua)&nbsp; <\/h3>\n<\/div>\n\n<div class=\"wp-block block-core-paragraph\">\n<p>\u00abEra m\u00e1s o menos el t\u00edpico estudiante TCK. Me hab\u00eda mudado hac\u00eda unos a\u00f1os y me pareci\u00f3 relativamente f\u00e1cil asentarme y encontrar amigos, as\u00ed como adaptarme a situaciones nuevas. Igual que otros TCK, tuve que esforzarme para abrirme y desarrollar amistades profundas. En el fondo,&nbsp;siempre guardas una renuencia instintiva, quiz\u00e1 porque te preguntas cu\u00e1nto tiempo vas a estar all\u00ed, si esa amistad llevar\u00e1 a otra dolorosa despedida dentro de unos a\u00f1os&#8230;&nbsp; <\/p>\n<\/div>\n\n<div class=\"wp-block block-core-columns\">\n<div class=\"wp-block-columns has-2-columns is-layout-flex wp-container-core-columns-is-layout-3 wp-block-columns-is-layout-flex\">\n<div class=\"wp-block-column is-layout-flow wp-block-column-is-layout-flow\">\n<figure class=\"wp-block-image\"><img decoding=\"async\" src=\"https:\/\/fru.ifesworld.org\/wp-content\/uploads\/2019\/07\/190723-Josh3-3.jpg\" alt=\"\" class=\"wp-image-7541\"\/><\/figure>\n<\/div>\n\n\n\n<div class=\"wp-block-column is-layout-flow wp-block-column-is-layout-flow\"><div class=\"wp-block block-core-paragraph\">\n<p>Disfrut\u00e9 mucho el tiempo los estudiantes intencionales en la universidad. Tuve amigos cercanos de Jap\u00f3n, Italia, Egipto, Pakist\u00e1n, Singapur y Malasia. Me encant\u00f3 conocer a gente de otras culturas, me sal\u00eda natural. <\/p>\n<\/div><\/div>\n<\/div>\n<\/div>\n\n<div class=\"wp-block block-core-paragraph\">\n<p>Ser TCK ha tenido un gran impacto en mi vida. Lo m\u00e1s importante de m\u00ed es ser cristiano, y mi ciudadan\u00eda es la del cielo. Pero lo segundo que m\u00e1s me define es ser TCK. Si no hubiera sido TCK, creo que me habr\u00eda conformado con asentarme aqu\u00ed en el Reino Unido. Pero debido a mi infancia, soy consciente de que existe un mundo entero ah\u00ed fuera que necesita que lo alcancen. Si eso significa mudarme al extranjero o servir con gente internacional aqu\u00ed, a\u00fan no lo s\u00e9.&nbsp; <\/p>\n<\/div>\n\n<div class=\"wp-block block-core-heading\">\n<h3 class=\"wp-block-heading\"> \u00bfDe qu\u00e9 formas pueden los dem\u00e1s ayudar a los TCK en la universidad?&nbsp; <\/h3>\n<\/div>\n\n<div class=\"wp-block block-core-paragraph\">\n<p>A nivel pr\u00e1ctico, los TCK enfrentan muchos desaf\u00edos cuando llegan. Abrirse una cuenta bancaria, conseguir que el m\u00f3vil funcione, cambiar divisas&#8230; Esas cosas. Tambi\u00e9n est\u00e1 el tema de las vacaciones universitarias. \u00bfAd\u00f3nde vas? No puedes permitirte volver al pa\u00eds donde viven tus padres tres veces al a\u00f1o. Los amigos cristianos y la familia eclesial, con su hospitalidad, pueden marcar una gran diferencia para los TCK durante las vacaciones\u00bb.&nbsp; <\/p>\n<\/div>\n\n<div class=\"wp-block block-core-paragraph\">\n<p>\u00bfHay ni\u00f1os de tercera cultura en tu universidad? \u00bfHay formas en las que podr\u00edas apoyarlos? \u00bfQu\u00e9 podr\u00edas aprender de ellos? \u00bfPodr\u00edas animarlos de alguna manera a usar sus dones y experiencias para alcanzar a los dem\u00e1s en el campus?&nbsp; <\/p>\n<\/div>","protected":false},"featured_media":7500,"template":"","area":[706,813],"theme":[1244],"class_list":["post-7510","conexion","type-conexion","status-publish","has-post-thumbnail","hentry","area-europa","area-gran-bretana","theme-mi-historia"],"acf":[],"yoast_head":"<!-- This site is optimized with the Yoast SEO plugin v22.6 - https:\/\/yoast.com\/wordpress\/plugins\/seo\/ -->\n<title>Un lugar m\u00e1s al que no pertenezco &#183; IFES Conexi\u00f3n Blog<\/title>\n<meta name=\"description\" content=\"No quiero volver jam\u00e1s a mi primera semana de universidad. Me preguntaron 17 veces de d\u00f3nde era en un mismo d\u00eda. La respuesta deber\u00eda haber sido directa,\" \/>\n<meta name=\"robots\" content=\"noindex, follow, max-snippet:-1, max-image-preview:large, max-video-preview:-1\" \/>\n<meta property=\"og:locale\" content=\"es_ES\" \/>\n<meta property=\"og:type\" content=\"article\" \/>\n<meta property=\"og:title\" content=\"Un lugar m\u00e1s al que no pertenezco &#183; IFES Conexi\u00f3n Blog\" \/>\n<meta property=\"og:description\" content=\"No quiero volver jam\u00e1s a mi primera semana de universidad. Me preguntaron 17 veces de d\u00f3nde era en un mismo d\u00eda. La respuesta deber\u00eda haber sido directa,\" \/>\n<meta property=\"og:url\" content=\"https:\/\/ifesworld.org\/es\/blog\/un-lugar-mas-al-que-no-pertenezco\/\" \/>\n<meta property=\"og:site_name\" content=\"IFES\" \/>\n<meta property=\"article:modified_time\" content=\"2019-07-23T15:32:26+00:00\" \/>\n<meta property=\"og:image\" content=\"https:\/\/ifesworld.org\/wp-content\/uploads\/2019\/07\/190723-London_2018-1.jpg\" \/>\n\t<meta property=\"og:image:width\" content=\"1280\" \/>\n\t<meta property=\"og:image:height\" content=\"720\" \/>\n\t<meta property=\"og:image:type\" content=\"image\/jpeg\" \/>\n<meta name=\"twitter:card\" content=\"summary_large_image\" \/>\n<meta name=\"twitter:label1\" content=\"Tiempo de lectura\" \/>\n\t<meta name=\"twitter:data1\" content=\"7 minutos\" \/>\n<script type=\"application\/ld+json\" class=\"yoast-schema-graph\">{\"@context\":\"https:\/\/schema.org\",\"@graph\":[{\"@type\":\"WebPage\",\"@id\":\"https:\/\/ifesworld.org\/es\/blog\/un-lugar-mas-al-que-no-pertenezco\/\",\"url\":\"https:\/\/ifesworld.org\/es\/blog\/un-lugar-mas-al-que-no-pertenezco\/\",\"name\":\"Un lugar m\u00e1s al que no pertenezco &#183; IFES Conexi\u00f3n Blog\",\"isPartOf\":{\"@id\":\"https:\/\/fru.ifesworld.org\/en\/#website\"},\"primaryImageOfPage\":{\"@id\":\"https:\/\/ifesworld.org\/es\/blog\/un-lugar-mas-al-que-no-pertenezco\/#primaryimage\"},\"image\":{\"@id\":\"https:\/\/ifesworld.org\/es\/blog\/un-lugar-mas-al-que-no-pertenezco\/#primaryimage\"},\"thumbnailUrl\":\"https:\/\/fru.ifesworld.org\/wp-content\/uploads\/2019\/07\/190723-London_2018-1.jpg\",\"datePublished\":\"2019-07-23T10:25:42+00:00\",\"dateModified\":\"2019-07-23T15:32:26+00:00\",\"description\":\"No quiero volver jam\u00e1s a mi primera semana de universidad. Me preguntaron 17 veces de d\u00f3nde era en un mismo d\u00eda. La respuesta deber\u00eda haber sido directa,\",\"breadcrumb\":{\"@id\":\"https:\/\/ifesworld.org\/es\/blog\/un-lugar-mas-al-que-no-pertenezco\/#breadcrumb\"},\"inLanguage\":\"es\",\"potentialAction\":[{\"@type\":\"ReadAction\",\"target\":[\"https:\/\/ifesworld.org\/es\/blog\/un-lugar-mas-al-que-no-pertenezco\/\"]}]},{\"@type\":\"ImageObject\",\"inLanguage\":\"es\",\"@id\":\"https:\/\/ifesworld.org\/es\/blog\/un-lugar-mas-al-que-no-pertenezco\/#primaryimage\",\"url\":\"https:\/\/fru.ifesworld.org\/wp-content\/uploads\/2019\/07\/190723-London_2018-1.jpg\",\"contentUrl\":\"https:\/\/fru.ifesworld.org\/wp-content\/uploads\/2019\/07\/190723-London_2018-1.jpg\",\"width\":1280,\"height\":720},{\"@type\":\"BreadcrumbList\",\"@id\":\"https:\/\/ifesworld.org\/es\/blog\/un-lugar-mas-al-que-no-pertenezco\/#breadcrumb\",\"itemListElement\":[{\"@type\":\"ListItem\",\"position\":1,\"name\":\"Home\",\"item\":\"https:\/\/ifesworld.org\/es\/\"},{\"@type\":\"ListItem\",\"position\":2,\"name\":\"Conexi\u00f3n\",\"item\":\"https:\/\/ifesworld.org\/es\/blog\/\"},{\"@type\":\"ListItem\",\"position\":3,\"name\":\"Un lugar m\u00e1s al que no pertenezco\"}]},{\"@type\":\"WebSite\",\"@id\":\"https:\/\/fru.ifesworld.org\/en\/#website\",\"url\":\"https:\/\/fru.ifesworld.org\/en\/\",\"name\":\"IFES\",\"description\":\"A movement of students sharing and living out the good news of Jesus Christ. Locally. Nationally. Globally.\",\"publisher\":{\"@id\":\"https:\/\/fru.ifesworld.org\/en\/#organization\"},\"potentialAction\":[{\"@type\":\"SearchAction\",\"target\":{\"@type\":\"EntryPoint\",\"urlTemplate\":\"https:\/\/fru.ifesworld.org\/en\/?s={search_term_string}\"},\"query-input\":\"required name=search_term_string\"}],\"inLanguage\":\"es\"},{\"@type\":\"Organization\",\"@id\":\"https:\/\/fru.ifesworld.org\/en\/#organization\",\"name\":\"IFES \u00b7 International Fellowship of Evangelical Students\",\"url\":\"https:\/\/fru.ifesworld.org\/en\/\",\"logo\":{\"@type\":\"ImageObject\",\"inLanguage\":\"es\",\"@id\":\"https:\/\/fru.ifesworld.org\/en\/#\/schema\/logo\/image\/\",\"url\":\"https:\/\/fru.ifesworld.org\/wp-content\/uploads\/2019\/06\/ifeslogo.png\",\"contentUrl\":\"https:\/\/fru.ifesworld.org\/wp-content\/uploads\/2019\/06\/ifeslogo.png\",\"width\":262,\"height\":262,\"caption\":\"IFES \u00b7 International Fellowship of Evangelical Students\"},\"image\":{\"@id\":\"https:\/\/fru.ifesworld.org\/en\/#\/schema\/logo\/image\/\"}}]}<\/script>\n<!-- \/ Yoast SEO plugin. -->","yoast_head_json":{"title":"Un lugar m\u00e1s al que no pertenezco &#183; IFES Conexi\u00f3n Blog","description":"No quiero volver jam\u00e1s a mi primera semana de universidad. Me preguntaron 17 veces de d\u00f3nde era en un mismo d\u00eda. La respuesta deber\u00eda haber sido directa,","robots":{"index":"noindex","follow":"follow","max-snippet":"max-snippet:-1","max-image-preview":"max-image-preview:large","max-video-preview":"max-video-preview:-1"},"og_locale":"es_ES","og_type":"article","og_title":"Un lugar m\u00e1s al que no pertenezco &#183; IFES Conexi\u00f3n Blog","og_description":"No quiero volver jam\u00e1s a mi primera semana de universidad. Me preguntaron 17 veces de d\u00f3nde era en un mismo d\u00eda. La respuesta deber\u00eda haber sido directa,","og_url":"https:\/\/ifesworld.org\/es\/blog\/un-lugar-mas-al-que-no-pertenezco\/","og_site_name":"IFES","article_modified_time":"2019-07-23T15:32:26+00:00","og_image":[{"width":1280,"height":720,"url":"https:\/\/ifesworld.org\/wp-content\/uploads\/2019\/07\/190723-London_2018-1.jpg","type":"image\/jpeg"}],"twitter_card":"summary_large_image","twitter_misc":{"Tiempo de lectura":"7 minutos"},"schema":{"@context":"https:\/\/schema.org","@graph":[{"@type":"WebPage","@id":"https:\/\/ifesworld.org\/es\/blog\/un-lugar-mas-al-que-no-pertenezco\/","url":"https:\/\/ifesworld.org\/es\/blog\/un-lugar-mas-al-que-no-pertenezco\/","name":"Un lugar m\u00e1s al que no pertenezco &#183; IFES Conexi\u00f3n Blog","isPartOf":{"@id":"https:\/\/fru.ifesworld.org\/en\/#website"},"primaryImageOfPage":{"@id":"https:\/\/ifesworld.org\/es\/blog\/un-lugar-mas-al-que-no-pertenezco\/#primaryimage"},"image":{"@id":"https:\/\/ifesworld.org\/es\/blog\/un-lugar-mas-al-que-no-pertenezco\/#primaryimage"},"thumbnailUrl":"https:\/\/fru.ifesworld.org\/wp-content\/uploads\/2019\/07\/190723-London_2018-1.jpg","datePublished":"2019-07-23T10:25:42+00:00","dateModified":"2019-07-23T15:32:26+00:00","description":"No quiero volver jam\u00e1s a mi primera semana de universidad. Me preguntaron 17 veces de d\u00f3nde era en un mismo d\u00eda. La respuesta deber\u00eda haber sido directa,","breadcrumb":{"@id":"https:\/\/ifesworld.org\/es\/blog\/un-lugar-mas-al-que-no-pertenezco\/#breadcrumb"},"inLanguage":"es","potentialAction":[{"@type":"ReadAction","target":["https:\/\/ifesworld.org\/es\/blog\/un-lugar-mas-al-que-no-pertenezco\/"]}]},{"@type":"ImageObject","inLanguage":"es","@id":"https:\/\/ifesworld.org\/es\/blog\/un-lugar-mas-al-que-no-pertenezco\/#primaryimage","url":"https:\/\/fru.ifesworld.org\/wp-content\/uploads\/2019\/07\/190723-London_2018-1.jpg","contentUrl":"https:\/\/fru.ifesworld.org\/wp-content\/uploads\/2019\/07\/190723-London_2018-1.jpg","width":1280,"height":720},{"@type":"BreadcrumbList","@id":"https:\/\/ifesworld.org\/es\/blog\/un-lugar-mas-al-que-no-pertenezco\/#breadcrumb","itemListElement":[{"@type":"ListItem","position":1,"name":"Home","item":"https:\/\/ifesworld.org\/es\/"},{"@type":"ListItem","position":2,"name":"Conexi\u00f3n","item":"https:\/\/ifesworld.org\/es\/blog\/"},{"@type":"ListItem","position":3,"name":"Un lugar m\u00e1s al que no pertenezco"}]},{"@type":"WebSite","@id":"https:\/\/fru.ifesworld.org\/en\/#website","url":"https:\/\/fru.ifesworld.org\/en\/","name":"IFES","description":"A movement of students sharing and living out the good news of Jesus Christ. Locally. Nationally. Globally.","publisher":{"@id":"https:\/\/fru.ifesworld.org\/en\/#organization"},"potentialAction":[{"@type":"SearchAction","target":{"@type":"EntryPoint","urlTemplate":"https:\/\/fru.ifesworld.org\/en\/?s={search_term_string}"},"query-input":"required name=search_term_string"}],"inLanguage":"es"},{"@type":"Organization","@id":"https:\/\/fru.ifesworld.org\/en\/#organization","name":"IFES \u00b7 International Fellowship of Evangelical Students","url":"https:\/\/fru.ifesworld.org\/en\/","logo":{"@type":"ImageObject","inLanguage":"es","@id":"https:\/\/fru.ifesworld.org\/en\/#\/schema\/logo\/image\/","url":"https:\/\/fru.ifesworld.org\/wp-content\/uploads\/2019\/06\/ifeslogo.png","contentUrl":"https:\/\/fru.ifesworld.org\/wp-content\/uploads\/2019\/06\/ifeslogo.png","width":262,"height":262,"caption":"IFES \u00b7 International Fellowship of Evangelical Students"},"image":{"@id":"https:\/\/fru.ifesworld.org\/en\/#\/schema\/logo\/image\/"}}]}},"_links":{"self":[{"href":"https:\/\/fru.ifesworld.org\/es\/wp-json\/wp\/v2\/conexion\/7510"}],"collection":[{"href":"https:\/\/fru.ifesworld.org\/es\/wp-json\/wp\/v2\/conexion"}],"about":[{"href":"https:\/\/fru.ifesworld.org\/es\/wp-json\/wp\/v2\/types\/conexion"}],"wp:featuredmedia":[{"embeddable":true,"href":"https:\/\/fru.ifesworld.org\/es\/wp-json\/wp\/v2\/media\/7500"}],"wp:attachment":[{"href":"https:\/\/fru.ifesworld.org\/es\/wp-json\/wp\/v2\/media?parent=7510"}],"wp:term":[{"taxonomy":"area","embeddable":true,"href":"https:\/\/fru.ifesworld.org\/es\/wp-json\/wp\/v2\/area?post=7510"},{"taxonomy":"theme","embeddable":true,"href":"https:\/\/fru.ifesworld.org\/es\/wp-json\/wp\/v2\/theme?post=7510"}],"curies":[{"name":"wp","href":"https:\/\/api.w.org\/{rel}","templated":true}]}}