{"id":29698,"date":"2023-10-05T10:58:41","date_gmt":"2023-10-05T09:58:41","guid":{"rendered":"https:\/\/fru.ifesworld.org\/?post_type=conexion&#038;p=29698"},"modified":"2023-10-05T14:31:38","modified_gmt":"2023-10-05T13:31:38","slug":"vivir-con-perseverancia","status":"publish","type":"conexion","link":"https:\/\/fru.ifesworld.org\/es\/blog\/vivir-con-perseverancia\/","title":{"rendered":"Vivir con perseverancia\u00a0"},"content":{"rendered":"<div class=\"wp-block block-core-paragraph\">\n<p>En medio de la hierba seca y las plantas marchitas, est\u00e1 creciendo un \u00e1rbol sano y frondoso. El sol del verano aprieta y ya ha absorbido la energ\u00eda de cualquier planta con ra\u00edces peque\u00f1as y ha hecho que la hierba verde se vuelva amarilla. Pero este \u00e1rbol ha estado bebiendo agua con sus ra\u00edces profundas; se mantiene erguido y fuerte, perseverando en medio del calor y dando fruto. Esta es la imagen que se usa en el Salmo 1 para describir a la persona que tiene sus ra\u00edces en Dios y en los caminos de Dios: \u201ces como el \u00e1rbol plantado a la orilla de un r\u00edo que, cuando llega su tiempo, da fruto y sus hojas jam\u00e1s se marchitan\u201d (vers\u00edculo 3).&nbsp;<\/p>\n<\/div>\n\n<div class=\"wp-block block-core-heading\">\n<h3 class=\"wp-block-heading\">CONEXIONES: PERSEVERANCIA, RESILIENCIA, CRECIMIENTO&nbsp;<\/h3>\n<\/div>\n\n<div class=\"wp-block block-core-paragraph\">\n<p>La imagen de un \u00e1rbol fuerte y vivo representa algunos de los temas clave que hemos visto en el ministerio global de IFES en estos \u00faltimos meses. Desde 2021-2022, IFES ha estado siguiendo una nueva visi\u00f3n estrat\u00e9gica llamada <a href=\"https:\/\/fru.ifesworld.org\/es\/la-estrategia-de-ifes\/?switch_language=es\" target=\"_blank\" rel=\"noreferrer noopener\"><em>Creciendo juntos<\/em><\/a>. El <a href=\"https:\/\/fru.ifesworld.org\/es\/annual-report-2022-2023\/?switch_language=es\" target=\"_blank\" rel=\"noreferrer noopener\">informe anual<\/a> de IFES de este a\u00f1o recoge este tema: es un testimonio de c\u00f3mo la provisi\u00f3n de Dios, las colaboraciones globales y la oraci\u00f3n est\u00e1n ayudando a los ministerios de IFES de todo el mundo a crecer en testimonio, crecer en el compromiso de por vida, crecer en nuevos terrenos y crecer hacia el futuro. Hay mucho por lo que estar agradecidos.&nbsp;<\/p>\n<\/div>\n\n<div class=\"wp-block block-core-paragraph\">\n<p>Pero a\u00fan as\u00ed, la imagen del Salmo 1 nos recuerda que el \u00e1rbol que crece con fuerza lo hace bajo un sol abrasador. A nivel global, nacional y local (todas las esferas en las que trabaja IFES) hay desaf\u00edos comunes y dificultades diarias. El tema de la <a href=\"https:\/\/fru.ifesworld.org\/es\/asamblea-mundial-de-ifes\/?switch_language=es%23travel\" target=\"_blank\" rel=\"noreferrer noopener\">Asamblea Mundial 2023<\/a>, las palabras indonesias <em>tabah dan tangguh<\/em> (decididos y resilientes), era un reconocimiento de esta realidad. Las exposiciones b\u00edblicas, las charlas tem\u00e1ticas y los testimonios personales ayudaron a los participantes a abordar estas dificultades de forma honesta y a permanecer firmes^.&nbsp;<\/p>\n<\/div>\n\n<div class=\"wp-block block-core-paragraph\">\n<p>Este mes, el 20 de octubre, el <a href=\"https:\/\/fru.ifesworld.org\/es\/dme\/\" target=\"_blank\" rel=\"noreferrer noopener\">D\u00eda Mundial del Estudiante<\/a> ampliar\u00e1 este enfoque con el lema de \u201cperseverar\u201d. Estamos invitando a estudiantes, obreros y personas que apoyan a IFES de toda nuestra comunidad global a unirse en oraci\u00f3n para pedirle a Dios que nos d\u00e9 gracia para perseverar en diferentes circunstancias potencialmente complicadas. Las historias que contamos a continuaci\u00f3n son instant\u00e1neas de lo dif\u00edcil que puede ser la presi\u00f3n de los problemas, y de la gracia de la perseverancia fiel.&nbsp;<\/p>\n<\/div>\n\n<div class=\"wp-block block-core-heading\">\n<h3 class=\"wp-block-heading\">HISTORIAS: PERSEVERAR CUANDO APRIETA LA HOSTILIDAD&nbsp;<\/h3>\n<\/div>\n\n<div class=\"wp-block block-core-paragraph\">\n<p>Muchos de nuestros estudiantes y obreros alrededor del mundo viven en lugares que son hostiles al evangelio y al ministerio estudiantil. A veces es dif\u00edcil dar muchos detalles sobre ellos o sus situaciones p\u00fablicamente porque podr\u00edan ser identificados y esto pondr\u00eda en peligro su vida. Sin embargo, sin mencionar nombres ni regiones, es posible ofrecer una idea de las dificultades que est\u00e1n teniendo&#8230;&nbsp;<\/p>\n<\/div>\n\n<div class=\"wp-block block-core-paragraph\">\n<p>Anna* creci\u00f3 en un pa\u00eds predominantemente cristiano, aunque hasta que no empez\u00f3 a asistir a su grupo local de IFES no se encontr\u00f3 con \u201cun Jes\u00fas con el que pod\u00eda hablar, que me miraba no para juzgarme sino para transformarme\u201d. Tambi\u00e9n conoci\u00f3 a gente que eran un ejemplo de servicio: recuerda que se sorprendi\u00f3 mucho cuando vio a un pastor que trabajaba en el ministerio estudiantil sirviendo comida y lavando los platos. M\u00e1s adelante le pidieron a Anna que fuera una obrera voluntaria para el movimiento estudiantil nacional y se sinti\u00f3 llamada a aceptar el puesto, a pesar de los problemas econ\u00f3micos y la presi\u00f3n de sus padres que le dec\u00edan que ten\u00eda que encontrar un trabajo \u201cde verdad\u201d (es decir, bien pagado).&nbsp;<\/p>\n<\/div>\n\n<div class=\"wp-block block-core-paragraph\">\n<p>Sus problemas econ\u00f3micos y familiares se vieron multiplicados cuando su pa\u00eds se vio envuelto en una crisis pol\u00edtica. Muchas universidades y organizaciones no gubernamentales llevan un tiempo cerradas. Cualquier cr\u00edtica al r\u00e9gimen provoca violencia y arresto. Los estudiantes tienen prohibido hablar de Jes\u00fas.&nbsp;<\/p>\n<\/div>\n\n<div class=\"wp-block block-core-paragraph\">\n<p>Pero el ministerio contin\u00faa. Anna dice que empezaron a tener los grupos de forma virtual, igual que durante la pandemia. Aunque no se pueden reunir en el campus, ella ha estado llevado un grupo peque\u00f1o en una cafeter\u00eda. Pero muchos estudiantes tienen miedo y muchos est\u00e1n traumatizados por la violencia que han visto.&nbsp;<\/p>\n<\/div>\n\n<div class=\"wp-block block-core-paragraph\">\n<p>Anna cuenta que no era consciente de lo mucho que le hab\u00eda afectado hasta que un d\u00eda escuch\u00f3 un ruido y entr\u00f3 en p\u00e1nico porque pensaba que eran disparos. En su grupo peque\u00f1o en la Asamblea Mundial de IFES de agosto, fuera de su situaci\u00f3n y rodeada de personas que la apoyaban, pudo finalmente llorar y empezar a procesar su trauma. Dios est\u00e1 bendiciendo a Anna en medio de su fidelidad. Incluso su familia ha llegado a apreciar su trabajo en IFES. Durante los \u00faltimos meses su familia pas\u00f3 un tiempo especialmente dif\u00edcil y un grupo que trabaja en varios ministerios cristianos apareci\u00f3 en su casa con cestas de comida y sus padres se dieron cuenta de que el ministerio estudiantil se preocupa verdaderamente por las personas.&nbsp;<\/p>\n<\/div>\n\n<div class=\"wp-block block-core-paragraph\">\n<p>Anna volvi\u00f3 de la Asamblea Mundial renovada y contenta de seguir en su papel: \u201cAhora mismo s\u00e9 que los estudiantes necesitan saber que Jes\u00fas est\u00e1 caminando a su lado: necesitan la esperanza que yo he recibido\u201d. Pero con los campus restringidos, los estudiantes temerosos y las reuniones en la cafeter\u00eda lejos del campus, es comprensible que est\u00e9 preocupada por el ministerio y su continuidad. Oremos para que Anna y el movimiento perseveren.&nbsp;<\/p>\n<\/div>\n\n<div class=\"wp-block block-core-paragraph\">\n<p>En otro pa\u00eds, donde los cristianos son una peque\u00f1a minor\u00eda, Ben* tambi\u00e9n se enfrenta a unas condiciones hostiles. Su pa\u00eds ha sido afectado negativamente por a\u00f1os de agitaci\u00f3n pol\u00edtica y persecuci\u00f3n. En una reuni\u00f3n de movimientos de su regi\u00f3n de IFES durante la Asamblea Mundial, Ben comparti\u00f3 las noticias de la \u00faltima ola de violencia: miles de personas muertas, decenas de miles encarceladas y cientos de miles de personas huyendo del pa\u00eds. Hay gente luchando activamente, el paro y la inflaci\u00f3n est\u00e1n por las nubes y las inversiones en el pa\u00eds han parado, las escuelas permanecen cerradas y solo un cuarto de los estudiantes se han inscrito en la universidad.&nbsp;<\/p>\n<\/div>\n\n<div class=\"wp-block block-core-paragraph\">\n<p>Pero el ministerio contin\u00faa. Ben, que es obrero en su movimiento nacional, ha podido mantener el contacto con estudiantes de dos de cuatro de las ciudades en las que hab\u00eda ministerio estudiantil antes de la crisis, pero principalmente son reuniones virtuales. Aunque no puede pisar el campus, est\u00e1 llevando a cabo cada semana evangelizaci\u00f3n y discipulado. Mientras tanto, su esposa est\u00e1 intentando seguir con la educaci\u00f3n de sus hijos con una peque\u00f1a escuela en casa. Oremos para que Ben, su esposa y el movimiento perseveren.&nbsp;<\/p>\n<\/div>\n\n<div class=\"wp-block block-core-heading\">\n<h3 class=\"wp-block-heading\">HISTORIAS: PERSEVERAR CUANDO APRIETA LA DESILUSI\u00d3N&nbsp;<\/h3>\n<\/div>\n\n<div class=\"wp-block block-core-paragraph\">\n<p>La persecuci\u00f3n violenta o la oposici\u00f3n hostil no son las \u00fanicas cosas que amenazan con abrasarnos a nosotros y a nuestro ministerio. La falta de recursos, el aislamiento o la apat\u00eda pueden afectar en igual medida. En el n\u00famero de <a href=\"https:\/\/fru.ifesworld.org\/es\/blog\/asamblea-mundial-de-ifes-2023-tabah-tangguh\/?switch_language=es\" target=\"_blank\" rel=\"noreferrer noopener\">Conexi\u00f3n<\/a> del mes pasado mencionamos a Sara Friis B\u00f8rty, una obrera de <a href=\"https:\/\/www.kfs.dk\/\" target=\"_blank\" rel=\"noreferrer noopener\">KFS Dinamarca<\/a> que se traslad\u00f3 a Groenlandia en 2019 con su marido Filip para trabajar en la obra pionera. Fue duro. Aunque estaban seguros de que era lo que Dios los hab\u00eda llamado a hacer, el hecho de que tan pocos estudiantes asistieran a las actividades era muy descorazonador. Y los planes de obra pionera tambi\u00e9n se trastocaron a causa de la COVID.&nbsp;<\/p>\n<\/div>\n\n<div class=\"wp-block block-core-paragraph\">\n<p>Pero el ministerio continu\u00f3. Al reflexionar sobre ello, Sara se dio cuenta de que el \u201cgrupo peque\u00f1o\u201d muy peque\u00f1o permiti\u00f3 que se forjaran relaciones m\u00e1s profundas que no habr\u00edan sido posibles de otra manera. Y recuerda que una charla en una iglesia, cancelada a causa de la COVID, fue sustituida por un programa en la radio que lleg\u00f3 a todo el pa\u00eds. (Puedes leer las reflexiones de Sara <a href=\"https:\/\/www.kfs.dk\/nyheder\/vi-har-maerket-at-vi-aldrig-stod-alene-med-vores-opgave-i-groenland?fbclid=IwAR09xT_rNnbL9rXMWg3Xk1XEXtSjRjrgJH08owH40IDIr8fPvQ8uFbDXv-c\" target=\"_blank\" rel=\"noreferrer noopener\">aqu\u00ed.<\/a>)&nbsp;<\/p>\n<\/div>\n\n<div class=\"wp-block block-core-paragraph\">\n<p>La experiencia de Jonathan Clark en Grecia con <a href=\"https:\/\/www.sxef.org\/english\" target=\"_blank\" rel=\"noreferrer noopener\">Ethos SXEF<\/a>, que contamos en un reciente n\u00famero de <a href=\"https:\/\/fru.ifesworld.org\/es\/prayerline\/lecciones-sobre-crecer-en-la-confianza\/?switch_language=es\" target=\"_blank\" rel=\"noreferrer noopener\">Prayerline<\/a>, fue similar: muestra que la perseverancia fiel era necesaria -y fue recompensada- en medio de unas circunstancias decepcionantes y con unos estudiantes recelosos.&nbsp;<\/p>\n<\/div>\n\n<div class=\"wp-block block-core-heading\">\n<h3 class=\"wp-block-heading\">CONEXI\u00d3N: CRISTO EN NOSOTROS&nbsp;<\/h3>\n<\/div>\n\n<div class=\"wp-block block-core-paragraph\">\n<p>Estas historias tan variadas nos demuestran que podemos sentirnos abrumados de muchas formas. Ya sea por la persecuci\u00f3n por parte de un r\u00e9gimen autoritario, la oposici\u00f3n de la familia, los planes frustrados o los compa\u00f1eros desconfiados, lo que une estas experiencias de vivir con perseverancia es una persona: Jesucristo. Anna*, Ben*, Sara y Jonathan -y muchos m\u00e1s como ellos- han perseverado con la fuerza que Cristo nos da.&nbsp;<\/p>\n<\/div>\n\n<div class=\"wp-block block-core-paragraph\">\n<p>De hecho, como seguidores de Cristo, esas palabras del Salmo 1, \u201cel \u00e1rbol plantado a la orilla de un r\u00edo\u201d, nos recuerdan a otras palabras. \u201c\u00a1Si alguno tiene sed, que venga a m\u00ed y beba! De aquel que cree en m\u00ed, como dice la Escritura, de su interior brotar\u00e1n r\u00edos de agua viva\u201d (Juan 7:37-38). En medio del calor abrasador, Jes\u00fas es el \u00fanico que calma nuestra sed y deja brotar r\u00edos de agua que nos da vida (el Esp\u00edritu Santo, Juan dice en el vers\u00edculo siguiente).&nbsp;<\/p>\n<\/div>\n\n<div class=\"wp-block block-core-paragraph\">\n<p>La esperanza de nuestra perseverancia est\u00e1 en Jes\u00fas. Como parte de los recursos disponibles para el D\u00eda Mundial del Estudiante, puedes recibir materiales devocionales que ayudar\u00e1n a conectar la fe perseverante <em>tabah dan tangguh<\/em>, de los Salmos con Cristo y la esperanza que tenemos en \u00e9l. <a href=\"https:\/\/fru.ifesworld.org\/es\/dme\/\" target=\"_blank\" rel=\"noreferrer noopener\">Reg\u00edstrate aqu\u00ed para recibir tu pack.<\/a><\/p>\n<\/div>\n\n<div class=\"wp-block block-core-paragraph\">\n<p>En este pack tambi\u00e9n encontrar\u00e1s tarjetas de oraci\u00f3n con peticiones de estudiantes y movimientos de toda nuestra familia global. El 20 de octubre, vamos a unirnos como estudiantes, obreros y personas que apoyan a IFES en oraci\u00f3n para que perseveremos en medio del \u201ccalor\u201d, arraigados en Jes\u00fas, refrescados por el Esp\u00edritu, dando fruto en su tiempo.&nbsp;<\/p>\n<\/div>\n\n<div class=\"wp-block block-core-paragraph\">\n<p>^Las grabaciones en v\u00eddeo de las charlas y testimonios de la Asamblea Mundial 2023 est\u00e1n disponibles <a href=\"https:\/\/www.youtube.com\/%40IFESWorld\" target=\"_blank\" rel=\"noreferrer noopener\">aqu\u00ed<\/a>.&nbsp;<\/p>\n<\/div>\n\n<div class=\"wp-block block-core-paragraph\">\n<p>*Se ha cambiado el nombre para proteger su identidad.&nbsp;<\/p>\n<\/div>","protected":false},"featured_media":0,"template":"","area":[],"theme":[],"class_list":["post-29698","conexion","type-conexion","status-publish","hentry"],"acf":[],"yoast_head":"<!-- This site is optimized with the Yoast SEO plugin v22.6 - https:\/\/yoast.com\/wordpress\/plugins\/seo\/ -->\n<title>Vivir con perseverancia\u00a0 &#183; IFES Conexi\u00f3n Blog<\/title>\n<meta name=\"description\" content=\"En medio de la hierba seca y las plantas marchitas, est\u00e1 creciendo un \u00e1rbol sano y frondoso. El sol del verano aprieta y ya ha absorbido la energ\u00eda de\" \/>\n<meta name=\"robots\" content=\"noindex, follow, max-snippet:-1, max-image-preview:large, max-video-preview:-1\" \/>\n<meta property=\"og:locale\" content=\"es_ES\" \/>\n<meta property=\"og:type\" content=\"article\" \/>\n<meta property=\"og:title\" content=\"Vivir con perseverancia\u00a0 &#183; IFES Conexi\u00f3n Blog\" \/>\n<meta property=\"og:description\" content=\"En medio de la hierba seca y las plantas marchitas, est\u00e1 creciendo un \u00e1rbol sano y frondoso. El sol del verano aprieta y ya ha absorbido la energ\u00eda de\" \/>\n<meta property=\"og:url\" content=\"https:\/\/ifesworld.org\/es\/blog\/vivir-con-perseverancia\/\" \/>\n<meta property=\"og:site_name\" content=\"IFES\" \/>\n<meta property=\"article:modified_time\" content=\"2023-10-05T13:31:38+00:00\" \/>\n<meta property=\"og:image\" content=\"https:\/\/ifesworld.org\/wp-content\/uploads\/2023\/10\/MicrosoftTeams-image-13-scaled.jpg\" \/>\n\t<meta property=\"og:image:width\" content=\"2560\" \/>\n\t<meta property=\"og:image:height\" content=\"1707\" \/>\n\t<meta property=\"og:image:type\" content=\"image\/jpeg\" \/>\n<meta name=\"twitter:card\" content=\"summary_large_image\" \/>\n<meta name=\"twitter:label1\" content=\"Tiempo de lectura\" \/>\n\t<meta name=\"twitter:data1\" content=\"8 minutos\" \/>\n<script type=\"application\/ld+json\" class=\"yoast-schema-graph\">{\"@context\":\"https:\/\/schema.org\",\"@graph\":[{\"@type\":\"WebPage\",\"@id\":\"https:\/\/ifesworld.org\/es\/blog\/vivir-con-perseverancia\/\",\"url\":\"https:\/\/ifesworld.org\/es\/blog\/vivir-con-perseverancia\/\",\"name\":\"Vivir con perseverancia\u00a0 &#183; IFES Conexi\u00f3n Blog\",\"isPartOf\":{\"@id\":\"https:\/\/fru.ifesworld.org\/en\/#website\"},\"datePublished\":\"2023-10-05T09:58:41+00:00\",\"dateModified\":\"2023-10-05T13:31:38+00:00\",\"description\":\"En medio de la hierba seca y las plantas marchitas, est\u00e1 creciendo un \u00e1rbol sano y frondoso. El sol del verano aprieta y ya ha absorbido la energ\u00eda de\",\"breadcrumb\":{\"@id\":\"https:\/\/ifesworld.org\/es\/blog\/vivir-con-perseverancia\/#breadcrumb\"},\"inLanguage\":\"es\",\"potentialAction\":[{\"@type\":\"ReadAction\",\"target\":[\"https:\/\/ifesworld.org\/es\/blog\/vivir-con-perseverancia\/\"]}]},{\"@type\":\"BreadcrumbList\",\"@id\":\"https:\/\/ifesworld.org\/es\/blog\/vivir-con-perseverancia\/#breadcrumb\",\"itemListElement\":[{\"@type\":\"ListItem\",\"position\":1,\"name\":\"Home\",\"item\":\"https:\/\/ifesworld.org\/es\/\"},{\"@type\":\"ListItem\",\"position\":2,\"name\":\"Conexi\u00f3n\",\"item\":\"https:\/\/ifesworld.org\/es\/blog\/\"},{\"@type\":\"ListItem\",\"position\":3,\"name\":\"Vivir con perseverancia\u00a0\"}]},{\"@type\":\"WebSite\",\"@id\":\"https:\/\/fru.ifesworld.org\/en\/#website\",\"url\":\"https:\/\/fru.ifesworld.org\/en\/\",\"name\":\"IFES\",\"description\":\"A movement of students sharing and living out the good news of Jesus Christ. Locally. Nationally. Globally.\",\"publisher\":{\"@id\":\"https:\/\/fru.ifesworld.org\/en\/#organization\"},\"potentialAction\":[{\"@type\":\"SearchAction\",\"target\":{\"@type\":\"EntryPoint\",\"urlTemplate\":\"https:\/\/fru.ifesworld.org\/en\/?s={search_term_string}\"},\"query-input\":\"required name=search_term_string\"}],\"inLanguage\":\"es\"},{\"@type\":\"Organization\",\"@id\":\"https:\/\/fru.ifesworld.org\/en\/#organization\",\"name\":\"IFES \u00b7 International Fellowship of Evangelical Students\",\"url\":\"https:\/\/fru.ifesworld.org\/en\/\",\"logo\":{\"@type\":\"ImageObject\",\"inLanguage\":\"es\",\"@id\":\"https:\/\/fru.ifesworld.org\/en\/#\/schema\/logo\/image\/\",\"url\":\"https:\/\/fru.ifesworld.org\/wp-content\/uploads\/2019\/06\/ifeslogo.png\",\"contentUrl\":\"https:\/\/fru.ifesworld.org\/wp-content\/uploads\/2019\/06\/ifeslogo.png\",\"width\":262,\"height\":262,\"caption\":\"IFES \u00b7 International Fellowship of Evangelical Students\"},\"image\":{\"@id\":\"https:\/\/fru.ifesworld.org\/en\/#\/schema\/logo\/image\/\"}}]}<\/script>\n<!-- \/ Yoast SEO plugin. -->","yoast_head_json":{"title":"Vivir con perseverancia\u00a0 &#183; IFES Conexi\u00f3n Blog","description":"En medio de la hierba seca y las plantas marchitas, est\u00e1 creciendo un \u00e1rbol sano y frondoso. El sol del verano aprieta y ya ha absorbido la energ\u00eda de","robots":{"index":"noindex","follow":"follow","max-snippet":"max-snippet:-1","max-image-preview":"max-image-preview:large","max-video-preview":"max-video-preview:-1"},"og_locale":"es_ES","og_type":"article","og_title":"Vivir con perseverancia\u00a0 &#183; IFES Conexi\u00f3n Blog","og_description":"En medio de la hierba seca y las plantas marchitas, est\u00e1 creciendo un \u00e1rbol sano y frondoso. El sol del verano aprieta y ya ha absorbido la energ\u00eda de","og_url":"https:\/\/ifesworld.org\/es\/blog\/vivir-con-perseverancia\/","og_site_name":"IFES","article_modified_time":"2023-10-05T13:31:38+00:00","og_image":[{"width":2560,"height":1707,"url":"https:\/\/ifesworld.org\/wp-content\/uploads\/2023\/10\/MicrosoftTeams-image-13-scaled.jpg","type":"image\/jpeg"}],"twitter_card":"summary_large_image","twitter_misc":{"Tiempo de lectura":"8 minutos"},"schema":{"@context":"https:\/\/schema.org","@graph":[{"@type":"WebPage","@id":"https:\/\/ifesworld.org\/es\/blog\/vivir-con-perseverancia\/","url":"https:\/\/ifesworld.org\/es\/blog\/vivir-con-perseverancia\/","name":"Vivir con perseverancia\u00a0 &#183; IFES Conexi\u00f3n Blog","isPartOf":{"@id":"https:\/\/fru.ifesworld.org\/en\/#website"},"datePublished":"2023-10-05T09:58:41+00:00","dateModified":"2023-10-05T13:31:38+00:00","description":"En medio de la hierba seca y las plantas marchitas, est\u00e1 creciendo un \u00e1rbol sano y frondoso. El sol del verano aprieta y ya ha absorbido la energ\u00eda de","breadcrumb":{"@id":"https:\/\/ifesworld.org\/es\/blog\/vivir-con-perseverancia\/#breadcrumb"},"inLanguage":"es","potentialAction":[{"@type":"ReadAction","target":["https:\/\/ifesworld.org\/es\/blog\/vivir-con-perseverancia\/"]}]},{"@type":"BreadcrumbList","@id":"https:\/\/ifesworld.org\/es\/blog\/vivir-con-perseverancia\/#breadcrumb","itemListElement":[{"@type":"ListItem","position":1,"name":"Home","item":"https:\/\/ifesworld.org\/es\/"},{"@type":"ListItem","position":2,"name":"Conexi\u00f3n","item":"https:\/\/ifesworld.org\/es\/blog\/"},{"@type":"ListItem","position":3,"name":"Vivir con perseverancia\u00a0"}]},{"@type":"WebSite","@id":"https:\/\/fru.ifesworld.org\/en\/#website","url":"https:\/\/fru.ifesworld.org\/en\/","name":"IFES","description":"A movement of students sharing and living out the good news of Jesus Christ. Locally. Nationally. Globally.","publisher":{"@id":"https:\/\/fru.ifesworld.org\/en\/#organization"},"potentialAction":[{"@type":"SearchAction","target":{"@type":"EntryPoint","urlTemplate":"https:\/\/fru.ifesworld.org\/en\/?s={search_term_string}"},"query-input":"required name=search_term_string"}],"inLanguage":"es"},{"@type":"Organization","@id":"https:\/\/fru.ifesworld.org\/en\/#organization","name":"IFES \u00b7 International Fellowship of Evangelical Students","url":"https:\/\/fru.ifesworld.org\/en\/","logo":{"@type":"ImageObject","inLanguage":"es","@id":"https:\/\/fru.ifesworld.org\/en\/#\/schema\/logo\/image\/","url":"https:\/\/fru.ifesworld.org\/wp-content\/uploads\/2019\/06\/ifeslogo.png","contentUrl":"https:\/\/fru.ifesworld.org\/wp-content\/uploads\/2019\/06\/ifeslogo.png","width":262,"height":262,"caption":"IFES \u00b7 International Fellowship of Evangelical Students"},"image":{"@id":"https:\/\/fru.ifesworld.org\/en\/#\/schema\/logo\/image\/"}}]}},"_links":{"self":[{"href":"https:\/\/fru.ifesworld.org\/es\/wp-json\/wp\/v2\/conexion\/29698"}],"collection":[{"href":"https:\/\/fru.ifesworld.org\/es\/wp-json\/wp\/v2\/conexion"}],"about":[{"href":"https:\/\/fru.ifesworld.org\/es\/wp-json\/wp\/v2\/types\/conexion"}],"wp:attachment":[{"href":"https:\/\/fru.ifesworld.org\/es\/wp-json\/wp\/v2\/media?parent=29698"}],"wp:term":[{"taxonomy":"area","embeddable":true,"href":"https:\/\/fru.ifesworld.org\/es\/wp-json\/wp\/v2\/area?post=29698"},{"taxonomy":"theme","embeddable":true,"href":"https:\/\/fru.ifesworld.org\/es\/wp-json\/wp\/v2\/theme?post=29698"}],"curies":[{"name":"wp","href":"https:\/\/api.w.org\/{rel}","templated":true}]}}