{"id":20953,"date":"2023-02-02T06:43:00","date_gmt":"2023-02-02T06:43:00","guid":{"rendered":"https:\/\/fru.ifesworld.org\/?post_type=conexion&#038;p=20953"},"modified":"2023-03-02T20:06:19","modified_gmt":"2023-03-02T20:06:19","slug":"realmente-marca-la-diferencia-el-ministerio-estudiantil","status":"publish","type":"conexion","link":"https:\/\/fru.ifesworld.org\/es\/blog\/realmente-marca-la-diferencia-el-ministerio-estudiantil\/","title":{"rendered":"\u00bfRealmente marca la diferencia el ministerio estudiantil?"},"content":{"rendered":"<div class=\"wp-block block-core-paragraph\">\n<p>Los estudiantes solo lo son durante un tiempo. En ocasiones, la oportunidad de moldear la vida de un estudiante puede parecer breve. Una semana en el campamento o en una misi\u00f3n, una hora a la semana haciendo estudios b\u00edblicos juntos&#8230; \u00bfRealmente supone tanto? Los estudiantes vienen y van y es f\u00e1cil sentir que el impacto del ministerio cae en saco roto.&nbsp;<\/p>\n<\/div>\n\n<div class=\"wp-block block-core-paragraph\">\n<p>Pero Dios utiliza las circunstancias m\u00e1s peque\u00f1as. Nunca sabemos c\u00f3mo una conferencia, una conversaci\u00f3n o la recomendaci\u00f3n de un libro puede llegar a cambiar una vida. Sin embargo, ese cambio llega y los graduados pueden irse y marcar la diferencia de muchas maneras. En ocasiones, su impacto es muy sutil, normal y apenas es percibido por muchos. Mientras que otras veces simplemente no puede ser ignorado.&nbsp;&nbsp;<\/p>\n<\/div>\n\n<div class=\"wp-block block-core-paragraph\">\n<p>Nuestra visi\u00f3n es la de ver a los estudiantes impactando a la universidad, a la iglesia y a la sociedad en general para la Gloria de Cristo, tanto durante como al t\u00e9rmino de sus a\u00f1os de estudiantes. En este blog conoceremos a tres personas procedentes de Pa\u00edses Bajos, Malasia y EE.UU. que reflexionar\u00e1n acerca de c\u00f3mo su experiencia en un grupo estudiantil les molde\u00f3 para tener un impacto tras su graduaci\u00f3n.&nbsp;<\/p>\n<\/div>\n\n<div class=\"wp-block block-core-heading\">\n<h2 class=\"wp-block-heading\">Bart Bierling: luchando contra la injusticia en la sanidad&nbsp;<\/h2>\n<\/div>\n\n<div class=\"wp-block block-core-paragraph\">\n<p>\u00bfC\u00f3mo puede obrar Dios mediante tus estudios?&nbsp;<\/p>\n<\/div>\n\n<div class=\"wp-block block-core-paragraph\">\n<p>Bart Bierling se cri\u00f3 en un hogar cristiano pero nunca sinti\u00f3 que su fe fuera suya. Durante su paso por <a href=\"https:\/\/ifes.nl\/\" target=\"_blank\" rel=\"noreferrer noopener\">IFES Nederland, el movimiento estudiantil de Pa\u00edses Bajos,<\/a> eso cambi\u00f3. Al comprender lo que Jes\u00fas significaba para \u00e9l a nivel personal, Bart \u201csinti\u00f3 la necesidad de marcar una diferencia real en este mundo\u201d.&nbsp;<\/p>\n<\/div>\n\n<div class=\"wp-block block-core-paragraph\">\n<p>Durante sus estudios, Bart busc\u00f3 formas en las que reducir el impacto negativo de los sensores de los monitores para los beb\u00e9s prematuros. <a href=\"https:\/\/www.researchgate.net\/publication\/332241396_Monitoring_the_respiratory_rate_of_preterm_infants_using_an_ultrathin_film_sensor_embedded_in_the_bedding_a_comparative_feasibility_study\" target=\"_blank\" rel=\"noreferrer noopener\">Sus hallazgos le llevaron a desarrollar un tipo de sensor que proporcionaba una supervisi\u00f3n no-intrusiva de las constantes vitales<\/a>. El reconocimiento por la importancia de este nuevo m\u00e9todo no tard\u00f3 en llegar por parte de los compa\u00f1eros de Bart y de la comunidad sanitaria global. En los pa\u00edses en v\u00edas de desarrollo, el acceso limitado a los equipos supone un reto a la capacidad de los sanitarios para proporcionar nuevos sensores para cada paciente. Es igualmente dif\u00edcil para los sistemas sanitarios con escasez de personal seguir los datos de estos sensores de forma constante y f\u00e1cil.&nbsp;&nbsp;<\/p>\n<\/div>\n\n<div class=\"wp-block block-core-paragraph\">\n<p>La innovaci\u00f3n de Bart soluciona ambos problemas. Mediante varios esfuerzos colaborativos, Bart y su equipo est\u00e1n trayendo alivio a los sistemas sanitarios agotados y proporcionando un cuidado m\u00e1s eficiente a los pacientes m\u00e1s vulnerables. Ahora, Bart est\u00e1 en Malawi, estudiando datos cl\u00ednicos y entrevist\u00e1ndose con profesionales sanitarios.&nbsp;<\/p>\n<\/div>\n\n\n<figure class=\"wp-block-image size-full\"><img decoding=\"async\" src=\"https:\/\/fru.ifesworld.org\/wp-content\/uploads\/2023\/02\/bierling-at-work.png\" alt=\"\" class=\"wp-image-20951\"\/><\/figure>\n\n\n<div class=\"wp-block block-core-paragraph\">\n<p>\u201cDios realmente puso a las personas adecuadas en mi camino\u201d, nos dice. \u201cA\u00fan no estamos donde queremos llegar, pero el resto est\u00e1 en manos de Dios. Hay tanta injusticia en el mundo en relaci\u00f3n con la sanidad. Quiero mejorar eso\u201d.&nbsp;<\/p>\n<\/div>\n\n<div class=\"wp-block block-core-paragraph\">\n<p>Puedes leer m\u00e1s acerca del proyecto de Bart en su p\u00e1gina web <a href=\"https:\/\/goal3.org\/nl\/\" target=\"_blank\" rel=\"noreferrer noopener\">https:\/\/goal3.org\/nl\/<\/a>&nbsp;<\/p>\n<\/div>\n\n<div class=\"wp-block block-core-heading\">\n<h2 class=\"wp-block-heading\">Chuah Ee Chia: una agente de cambio en su pa\u00eds&nbsp;<\/h2>\n<\/div>\n\n<div class=\"wp-block block-core-paragraph\">\n<p>En la conferencia nacional de 2005 de <a href=\"https:\/\/fes.org.my\/\" target=\"_blank\" rel=\"noreferrer noopener\">FES, el movimiento estudiantil de Malasia<\/a>, la reci\u00e9n graduada Ee Chia hizo una promesa a Dios.&nbsp;&nbsp;<\/p>\n<\/div>\n\n<div class=\"wp-block block-core-paragraph\">\n<p>\u201cHazme una agente de cambio en mi pa\u00eds\u201d.&nbsp;&nbsp;<\/p>\n<\/div>\n\n<div class=\"wp-block block-core-paragraph\">\n<p>A\u00f1os m\u00e1s tarde, en unas vacaciones de buceo, Ee Chia se encontr\u00f3 con la comunidad sin estado Bajau Laut que vive en barcos y casas sobre postes en las costas de Malasia, Indonesia y Filipinas. Jam\u00e1s se olvid\u00f3 de ellos y en 2015, mientras hac\u00eda su m\u00e1ster, Ee Chia regres\u00f3 a la isla Omadal para co-fundar <a href=\"https:\/\/iskul.my\/\" target=\"_blank\" rel=\"noreferrer noopener\">Iskul Sama DiLaut Omadal.<\/a>&nbsp;&nbsp;<\/p>\n<\/div>\n\n<div class=\"wp-block block-core-paragraph\">\n<p>Inicialmente, esta escuela le ofrecer\u00eda a los ni\u00f1os de Bajau Laut la oportunidad de aprender a leer, tal y como les ense\u00f1aban los fines de semana los ni\u00f1os locales malasios. Hoy en d\u00eda, Iksul abarca un proyecto de agua comunitaria, una cl\u00ednica sanitaria y una iniciativa de entregas de alimentos que se inici\u00f3 como respuesta a la pandemia. La escuela sigue ense\u00f1ando a los ni\u00f1os a leer y a escribir. No obstante, los j\u00f3venes de Bajau Laut est\u00e1n ayudando a sus familiares m\u00e1s j\u00f3venes y amigos a aprender a leer. Con este sencillo objetivo, el proyecto de Ee Chia ha contribuido al proceso de sanaci\u00f3n de las divisiones entre las comunidades de Malasia.&nbsp;&nbsp;<\/p>\n<\/div>\n\n<div class=\"wp-block block-core-paragraph\">\n<p>\u201cTodo el activismo al que me ha guiado Dios naci\u00f3 de una semilla plantada en mis a\u00f1os universitarios con FES\u201d, nos cuenta Ee Chia. \u201cNuestra fe se demuestra con la acci\u00f3n\u201d.&nbsp;&nbsp;<\/p>\n<\/div>\n\n<div class=\"wp-block block-core-paragraph\">\n<p>Puedes descubrir m\u00e1s acerca de Iskul en su canal de YouTube, donde encontrar\u00e1s v\u00eddeos creados por los j\u00f3venes Bajau Laut: <a href=\"https:\/\/www.youtube.com\/channel\/UCpc-k9cCFr5DTEUVZ5Gtn8Q\" target=\"_blank\" rel=\"noreferrer noopener\">https:\/\/www.youtube.com\/channel\/UCpc-k9cCFr5DTEUVZ5Gtn8Q<\/a>&#8230;&nbsp;&nbsp;<\/p>\n<\/div>\n\n<div class=\"wp-block block-core-heading\">\n<h2 class=\"wp-block-heading\">Almita Miranda: a la vanguardia de la lucha&nbsp;<\/h2>\n<\/div>\n\n<div class=\"wp-block block-core-paragraph\">\n<p>\u201cLa inmigraci\u00f3n siempre ha formado parte de mi vida\u201d, nos relata Almita, cuyos padres llegaron a los Estados Unidos de Am\u00e9rica desde M\u00e9xico en la d\u00e9cada de los 70. Pero no fue hasta la universidad que Almita descubri\u00f3 como entretejer la historia de su vida, su fe en Jes\u00fas y sus habilidades como investigadora: Dios la estaba llamando a ser una defensora de los migrantes indocumentados y sus familias.&nbsp;&nbsp;<\/p>\n<\/div>\n\n<div class=\"wp-block block-core-paragraph\">\n<p>A lo largo de sus estudios, Almita hall\u00f3 su comunidad en la <a href=\"https:\/\/lafe.intervarsity.org\/\" target=\"_blank\" rel=\"noreferrer noopener\">Comunidad Latina<\/a>, de <a href=\"https:\/\/intervarsity.org\/\" target=\"_blank\" rel=\"noreferrer noopener\">InterVarsity, el movimiento estudiantil de EE.UU.<\/a> Ah\u00ed pudo explorar c\u00f3mo conectaban su identidad y su fe. \u201cAl leer a Ester en la conferencia nacional de 2004 de LaFe me di cuenta de que ser cristiana implica asumir mi identidad \u00e9tnica\u201d, confiesa. \u201cInforma sobre mi experiencia \u00fanica, que Dios puede usar para Sus prop\u00f3sitos\u201d.&nbsp;&nbsp;<\/p>\n<\/div>\n\n<div class=\"wp-block block-core-paragraph\">\n<p>Esto le ayud\u00f3 a Almita a descubrir sus pasiones acad\u00e9micas y a transformar su carrera. Hoy, la Dra Almita Miranda es una <a href=\"https:\/\/chicla.wisc.edu\/staff\/miranda-almita\/\" target=\"_blank\" rel=\"noreferrer noopener\">Profesora Auxiliar de Geograf\u00eda y Estudios Chicanos y Latinos en la Universidad de Wisconsin-Madison<\/a>. Su trabajo de investigaci\u00f3n se centra en las formas en las que las familias con diversidad de estatus gestionan las constricciones legales y sociales.&nbsp;&nbsp;<\/p>\n<\/div>\n\n<div class=\"wp-block block-core-paragraph\">\n<p>\u201cLas familias con las que trabajo me ense\u00f1an m\u00e1s acerca de la fe y de la lucha por la justicia social de lo que yo podr\u00eda corresponder\u201d, nos dice. \u201cPero me esfuerzo por usar mi posici\u00f3n como acad\u00e9mica para contextualizar sus luchas dentro de la historia de migraci\u00f3n M\u00e9xico-EE.UU. y las leyes de inmigraci\u00f3n injustas que mantienen a familias enteras en un limbo legal, amenaz\u00e1ndolas con la deportaci\u00f3n y la separaci\u00f3n familiar.&nbsp;<\/p>\n<\/div>\n\n<div class=\"wp-block block-core-paragraph\">\n<p>\u201cDios ama a todas las personas. Es un Dios de justicia que promete defender y proteger a los m\u00e1s vulnerables. Como personas de fe, debemos estar a la vanguardia de estas luchas en pro de la justicia social\u201d.&nbsp;&nbsp;<\/p>\n<\/div>\n\n<div class=\"wp-block block-core-paragraph\">\n<p>\u00bfTienes una historia acerca de c\u00f3mo tu grupo estudiantil te impact\u00f3 a ti o a alguien que conoces? Nos encantar\u00eda conocerla. Cu\u00e9ntanos tu historia escribiendo a <a href=\"mailto:hola@ifesworld.org\" target=\"_blank\" rel=\"noreferrer noopener\">hola@ifesworld.org<\/a> Anim\u00e9monos al ver c\u00f3mo obra Dios en las universidades de todo el mundo, d\u00e1ndole a los estudiantes unas bases s\u00f3lidas para impactar a la iglesia, a la universidad y al mundo en general para la gloria de Cristo.&nbsp;&nbsp;<\/p>\n<\/div>","protected":false},"featured_media":0,"template":"","area":[703],"theme":[],"class_list":["post-20953","conexion","type-conexion","status-publish","hentry","area-asia-del-este"],"acf":[],"yoast_head":"<!-- This site is optimized with the Yoast SEO plugin v22.6 - https:\/\/yoast.com\/wordpress\/plugins\/seo\/ -->\n<title>\u00bfRealmente marca la diferencia el ministerio estudiantil? &#183; IFES Conexi\u00f3n Blog<\/title>\n<meta name=\"description\" content=\"Los estudiantes solo lo son durante un tiempo. En ocasiones, la oportunidad de moldear la vida de un estudiante puede parecer breve. Una semana en el\" \/>\n<meta name=\"robots\" content=\"noindex, follow, max-snippet:-1, max-image-preview:large, max-video-preview:-1\" \/>\n<meta property=\"og:locale\" content=\"es_ES\" \/>\n<meta property=\"og:type\" content=\"article\" \/>\n<meta property=\"og:title\" content=\"\u00bfRealmente marca la diferencia el ministerio estudiantil? &#183; IFES Conexi\u00f3n Blog\" \/>\n<meta property=\"og:description\" content=\"Los estudiantes solo lo son durante un tiempo. En ocasiones, la oportunidad de moldear la vida de un estudiante puede parecer breve. Una semana en el\" \/>\n<meta property=\"og:url\" content=\"https:\/\/ifesworld.org\/es\/blog\/realmente-marca-la-diferencia-el-ministerio-estudiantil\/\" \/>\n<meta property=\"og:site_name\" content=\"IFES\" \/>\n<meta property=\"article:modified_time\" content=\"2023-03-02T20:06:19+00:00\" \/>\n<meta property=\"og:image\" content=\"https:\/\/ifesworld.org\/wp-content\/uploads\/2023\/02\/Kathleen-3.jpg\" \/>\n\t<meta property=\"og:image:width\" content=\"1600\" \/>\n\t<meta property=\"og:image:height\" content=\"1200\" \/>\n\t<meta property=\"og:image:type\" content=\"image\/jpeg\" \/>\n<meta name=\"twitter:card\" content=\"summary_large_image\" \/>\n<meta name=\"twitter:label1\" content=\"Tiempo de lectura\" \/>\n\t<meta name=\"twitter:data1\" content=\"6 minutos\" \/>\n<script type=\"application\/ld+json\" class=\"yoast-schema-graph\">{\"@context\":\"https:\/\/schema.org\",\"@graph\":[{\"@type\":\"WebPage\",\"@id\":\"https:\/\/ifesworld.org\/es\/blog\/realmente-marca-la-diferencia-el-ministerio-estudiantil\/\",\"url\":\"https:\/\/ifesworld.org\/es\/blog\/realmente-marca-la-diferencia-el-ministerio-estudiantil\/\",\"name\":\"\u00bfRealmente marca la diferencia el ministerio estudiantil? &#183; IFES Conexi\u00f3n Blog\",\"isPartOf\":{\"@id\":\"https:\/\/fru.ifesworld.org\/en\/#website\"},\"primaryImageOfPage\":{\"@id\":\"https:\/\/ifesworld.org\/es\/blog\/realmente-marca-la-diferencia-el-ministerio-estudiantil\/#primaryimage\"},\"image\":{\"@id\":\"https:\/\/ifesworld.org\/es\/blog\/realmente-marca-la-diferencia-el-ministerio-estudiantil\/#primaryimage\"},\"thumbnailUrl\":\"https:\/\/fru.ifesworld.org\/wp-content\/uploads\/2023\/02\/bierling-at-work.png\",\"datePublished\":\"2023-02-02T06:43:00+00:00\",\"dateModified\":\"2023-03-02T20:06:19+00:00\",\"description\":\"Los estudiantes solo lo son durante un tiempo. En ocasiones, la oportunidad de moldear la vida de un estudiante puede parecer breve. Una semana en el\",\"breadcrumb\":{\"@id\":\"https:\/\/ifesworld.org\/es\/blog\/realmente-marca-la-diferencia-el-ministerio-estudiantil\/#breadcrumb\"},\"inLanguage\":\"es\",\"potentialAction\":[{\"@type\":\"ReadAction\",\"target\":[\"https:\/\/ifesworld.org\/es\/blog\/realmente-marca-la-diferencia-el-ministerio-estudiantil\/\"]}]},{\"@type\":\"ImageObject\",\"inLanguage\":\"es\",\"@id\":\"https:\/\/ifesworld.org\/es\/blog\/realmente-marca-la-diferencia-el-ministerio-estudiantil\/#primaryimage\",\"url\":\"https:\/\/fru.ifesworld.org\/wp-content\/uploads\/2023\/02\/bierling-at-work.png\",\"contentUrl\":\"https:\/\/fru.ifesworld.org\/wp-content\/uploads\/2023\/02\/bierling-at-work.png\"},{\"@type\":\"BreadcrumbList\",\"@id\":\"https:\/\/ifesworld.org\/es\/blog\/realmente-marca-la-diferencia-el-ministerio-estudiantil\/#breadcrumb\",\"itemListElement\":[{\"@type\":\"ListItem\",\"position\":1,\"name\":\"Home\",\"item\":\"https:\/\/ifesworld.org\/es\/\"},{\"@type\":\"ListItem\",\"position\":2,\"name\":\"Conexi\u00f3n\",\"item\":\"https:\/\/ifesworld.org\/es\/blog\/\"},{\"@type\":\"ListItem\",\"position\":3,\"name\":\"\u00bfRealmente marca la diferencia el ministerio estudiantil?\"}]},{\"@type\":\"WebSite\",\"@id\":\"https:\/\/fru.ifesworld.org\/en\/#website\",\"url\":\"https:\/\/fru.ifesworld.org\/en\/\",\"name\":\"IFES\",\"description\":\"A movement of students sharing and living out the good news of Jesus Christ. Locally. Nationally. Globally.\",\"publisher\":{\"@id\":\"https:\/\/fru.ifesworld.org\/en\/#organization\"},\"potentialAction\":[{\"@type\":\"SearchAction\",\"target\":{\"@type\":\"EntryPoint\",\"urlTemplate\":\"https:\/\/fru.ifesworld.org\/en\/?s={search_term_string}\"},\"query-input\":\"required name=search_term_string\"}],\"inLanguage\":\"es\"},{\"@type\":\"Organization\",\"@id\":\"https:\/\/fru.ifesworld.org\/en\/#organization\",\"name\":\"IFES \u00b7 International Fellowship of Evangelical Students\",\"url\":\"https:\/\/fru.ifesworld.org\/en\/\",\"logo\":{\"@type\":\"ImageObject\",\"inLanguage\":\"es\",\"@id\":\"https:\/\/fru.ifesworld.org\/en\/#\/schema\/logo\/image\/\",\"url\":\"https:\/\/fru.ifesworld.org\/wp-content\/uploads\/2019\/06\/ifeslogo.png\",\"contentUrl\":\"https:\/\/fru.ifesworld.org\/wp-content\/uploads\/2019\/06\/ifeslogo.png\",\"width\":262,\"height\":262,\"caption\":\"IFES \u00b7 International Fellowship of Evangelical Students\"},\"image\":{\"@id\":\"https:\/\/fru.ifesworld.org\/en\/#\/schema\/logo\/image\/\"}}]}<\/script>\n<!-- \/ Yoast SEO plugin. -->","yoast_head_json":{"title":"\u00bfRealmente marca la diferencia el ministerio estudiantil? &#183; IFES Conexi\u00f3n Blog","description":"Los estudiantes solo lo son durante un tiempo. En ocasiones, la oportunidad de moldear la vida de un estudiante puede parecer breve. Una semana en el","robots":{"index":"noindex","follow":"follow","max-snippet":"max-snippet:-1","max-image-preview":"max-image-preview:large","max-video-preview":"max-video-preview:-1"},"og_locale":"es_ES","og_type":"article","og_title":"\u00bfRealmente marca la diferencia el ministerio estudiantil? &#183; IFES Conexi\u00f3n Blog","og_description":"Los estudiantes solo lo son durante un tiempo. En ocasiones, la oportunidad de moldear la vida de un estudiante puede parecer breve. Una semana en el","og_url":"https:\/\/ifesworld.org\/es\/blog\/realmente-marca-la-diferencia-el-ministerio-estudiantil\/","og_site_name":"IFES","article_modified_time":"2023-03-02T20:06:19+00:00","og_image":[{"width":1600,"height":1200,"url":"https:\/\/ifesworld.org\/wp-content\/uploads\/2023\/02\/Kathleen-3.jpg","type":"image\/jpeg"}],"twitter_card":"summary_large_image","twitter_misc":{"Tiempo de lectura":"6 minutos"},"schema":{"@context":"https:\/\/schema.org","@graph":[{"@type":"WebPage","@id":"https:\/\/ifesworld.org\/es\/blog\/realmente-marca-la-diferencia-el-ministerio-estudiantil\/","url":"https:\/\/ifesworld.org\/es\/blog\/realmente-marca-la-diferencia-el-ministerio-estudiantil\/","name":"\u00bfRealmente marca la diferencia el ministerio estudiantil? &#183; IFES Conexi\u00f3n Blog","isPartOf":{"@id":"https:\/\/fru.ifesworld.org\/en\/#website"},"primaryImageOfPage":{"@id":"https:\/\/ifesworld.org\/es\/blog\/realmente-marca-la-diferencia-el-ministerio-estudiantil\/#primaryimage"},"image":{"@id":"https:\/\/ifesworld.org\/es\/blog\/realmente-marca-la-diferencia-el-ministerio-estudiantil\/#primaryimage"},"thumbnailUrl":"https:\/\/fru.ifesworld.org\/wp-content\/uploads\/2023\/02\/bierling-at-work.png","datePublished":"2023-02-02T06:43:00+00:00","dateModified":"2023-03-02T20:06:19+00:00","description":"Los estudiantes solo lo son durante un tiempo. En ocasiones, la oportunidad de moldear la vida de un estudiante puede parecer breve. Una semana en el","breadcrumb":{"@id":"https:\/\/ifesworld.org\/es\/blog\/realmente-marca-la-diferencia-el-ministerio-estudiantil\/#breadcrumb"},"inLanguage":"es","potentialAction":[{"@type":"ReadAction","target":["https:\/\/ifesworld.org\/es\/blog\/realmente-marca-la-diferencia-el-ministerio-estudiantil\/"]}]},{"@type":"ImageObject","inLanguage":"es","@id":"https:\/\/ifesworld.org\/es\/blog\/realmente-marca-la-diferencia-el-ministerio-estudiantil\/#primaryimage","url":"https:\/\/fru.ifesworld.org\/wp-content\/uploads\/2023\/02\/bierling-at-work.png","contentUrl":"https:\/\/fru.ifesworld.org\/wp-content\/uploads\/2023\/02\/bierling-at-work.png"},{"@type":"BreadcrumbList","@id":"https:\/\/ifesworld.org\/es\/blog\/realmente-marca-la-diferencia-el-ministerio-estudiantil\/#breadcrumb","itemListElement":[{"@type":"ListItem","position":1,"name":"Home","item":"https:\/\/ifesworld.org\/es\/"},{"@type":"ListItem","position":2,"name":"Conexi\u00f3n","item":"https:\/\/ifesworld.org\/es\/blog\/"},{"@type":"ListItem","position":3,"name":"\u00bfRealmente marca la diferencia el ministerio estudiantil?"}]},{"@type":"WebSite","@id":"https:\/\/fru.ifesworld.org\/en\/#website","url":"https:\/\/fru.ifesworld.org\/en\/","name":"IFES","description":"A movement of students sharing and living out the good news of Jesus Christ. Locally. Nationally. Globally.","publisher":{"@id":"https:\/\/fru.ifesworld.org\/en\/#organization"},"potentialAction":[{"@type":"SearchAction","target":{"@type":"EntryPoint","urlTemplate":"https:\/\/fru.ifesworld.org\/en\/?s={search_term_string}"},"query-input":"required name=search_term_string"}],"inLanguage":"es"},{"@type":"Organization","@id":"https:\/\/fru.ifesworld.org\/en\/#organization","name":"IFES \u00b7 International Fellowship of Evangelical Students","url":"https:\/\/fru.ifesworld.org\/en\/","logo":{"@type":"ImageObject","inLanguage":"es","@id":"https:\/\/fru.ifesworld.org\/en\/#\/schema\/logo\/image\/","url":"https:\/\/fru.ifesworld.org\/wp-content\/uploads\/2019\/06\/ifeslogo.png","contentUrl":"https:\/\/fru.ifesworld.org\/wp-content\/uploads\/2019\/06\/ifeslogo.png","width":262,"height":262,"caption":"IFES \u00b7 International Fellowship of Evangelical Students"},"image":{"@id":"https:\/\/fru.ifesworld.org\/en\/#\/schema\/logo\/image\/"}}]}},"_links":{"self":[{"href":"https:\/\/fru.ifesworld.org\/es\/wp-json\/wp\/v2\/conexion\/20953"}],"collection":[{"href":"https:\/\/fru.ifesworld.org\/es\/wp-json\/wp\/v2\/conexion"}],"about":[{"href":"https:\/\/fru.ifesworld.org\/es\/wp-json\/wp\/v2\/types\/conexion"}],"wp:attachment":[{"href":"https:\/\/fru.ifesworld.org\/es\/wp-json\/wp\/v2\/media?parent=20953"}],"wp:term":[{"taxonomy":"area","embeddable":true,"href":"https:\/\/fru.ifesworld.org\/es\/wp-json\/wp\/v2\/area?post=20953"},{"taxonomy":"theme","embeddable":true,"href":"https:\/\/fru.ifesworld.org\/es\/wp-json\/wp\/v2\/theme?post=20953"}],"curies":[{"name":"wp","href":"https:\/\/api.w.org\/{rel}","templated":true}]}}