{"id":20405,"date":"2022-11-03T15:42:20","date_gmt":"2022-11-03T15:42:20","guid":{"rendered":"https:\/\/fru.ifesworld.org\/?post_type=conexion&#038;p=20405"},"modified":"2022-11-04T16:13:21","modified_gmt":"2022-11-04T16:13:21","slug":"panaf-el-congreso-de-vision-del-africa-francofona","status":"publish","type":"conexion","link":"https:\/\/fru.ifesworld.org\/es\/blog\/panaf-el-congreso-de-vision-del-africa-francofona\/","title":{"rendered":"PANAF: El Congreso de visi\u00f3n del \u00c1frica Franc\u00f3fona"},"content":{"rendered":"<div class=\"wp-block block-core-paragraph\">\n<p>Este mes de agosto marc\u00f3 un momento importante: el regreso de la Conferencia Panafricana, o PANAF. Esta conferencia trienal dio la bienvenida a 300 estudiantes y graduados procedentes de 19 movimientos nacionales de la regi\u00f3n del \u00c1frica Franc\u00f3fona, tambi\u00e9n conocida como GBUAF. Este a\u00f1o, la conferencia se reuni\u00f3 para que los estudiantes pudieran compartir experiencias, fortalecer la comunidad y obtener las habilidades necesarias para ser testigos eficaces en sus campus.&nbsp;<\/p>\n<\/div>\n\n<div class=\"wp-block block-core-embed wp-embed-aspect-16-9 wp-has-aspect-ratio\">\n<figure class=\"wp-block-embed is-type-video is-provider-youtube wp-block-embed-youtube wp-embed-aspect-16-9 wp-has-aspect-ratio\"><div class=\"wp-block-embed__wrapper\">\n<iframe loading=\"lazy\" title=\"TEASER PANAF 2022\" width=\"740\" height=\"416\" src=\"https:\/\/www.youtube.com\/embed\/GqE7-gHA3R4?feature=oembed&#038;cc_load_policy=1\" frameborder=\"0\" allow=\"accelerometer; autoplay; clipboard-write; encrypted-media; gyroscope; picture-in-picture\" allowfullscreen><\/iframe>\n<\/div><\/figure>\n<\/div>\n\n<div class=\"wp-block block-core-heading\">\n<h2 class=\"wp-block-heading\">Para celebrar, tener una visi\u00f3n y volver a centrarse&nbsp;<\/h2>\n<\/div>\n\n<div class=\"wp-block block-core-paragraph\">\n<p>Eric Makon, del equipo regional de obreros de GBAUF, nos relata lo importante que es la PANAF. \u201cEs nuestra reuni\u00f3n principal\u201d, nos dice, \u201creunimos a las personas de distintas naciones y experiencias para orar y compartir las realidades del ministerio en sus contextos. Las ense\u00f1anzas y los talleres nos dan perspectiva para los pr\u00f3ximos a\u00f1os en el ministerio en esta parte del continente. Todo el mundo regresa a sus pa\u00edses con nuevas estructuras que implementar y muchas ideas frescas. PANAF es una reuni\u00f3n de visi\u00f3n.\u201d&nbsp;<\/p>\n<\/div>\n\n<div class=\"wp-block block-core-paragraph\">\n<p>Emmanuel Bagumako es de Burundi, el pa\u00eds en el que se celebr\u00f3 la PANAF de este a\u00f1o, organizada por <a href=\"https:\/\/www.facebook.com\/IFES.UGBB\" target=\"_blank\" rel=\"noreferrer noopener\">el movimiento nacional, UGBB<\/a>. Tambi\u00e9n forma parte del equipo regional. Dice que \u201ces una celebraci\u00f3n del hecho de que IFES est\u00e1 presente en 19 pa\u00edses del \u00c1frica Franc\u00f3fona. Nos reunimos para celebrar a Dios, compartir juntos en comuni\u00f3n y volver a centrar nuestro enfoque. Debatimos acerca de nuestras fortalezas y nuestros retos y so\u00f1amos juntos. Pasamos una semana entera escuchando a Dios y prepar\u00e1ndonos para el futuro.\u201d&nbsp;<\/p>\n<\/div>\n\n<div class=\"wp-block block-core-paragraph\">\n<p>En este v\u00eddeo, James, un voluntario de GBU en la provincia Kivu del Norte, <a href=\"https:\/\/www.gburdc.org\/\" target=\"_blank\" rel=\"noreferrer noopener\">el movimiento nacional en la RD del Congo<\/a>, comparte su perspectiva acerca de lo que realmente significa ser parte de la PANAF.<strong>&nbsp;<\/strong>&nbsp;<\/p>\n<\/div>\n\n<div class=\"wp-block block-core-paragraph\">\n<p><\/p>\n<\/div>\n\n<div class=\"wp-block block-core-embed wp-embed-aspect-16-9 wp-has-aspect-ratio\">\n<figure class=\"wp-block-embed is-type-video is-provider-youtube wp-block-embed-youtube wp-embed-aspect-16-9 wp-has-aspect-ratio\"><div class=\"wp-block-embed__wrapper\">\n<iframe loading=\"lazy\" title=\"James Nzanzu about Panaf 2022\" width=\"740\" height=\"416\" src=\"https:\/\/www.youtube.com\/embed\/oLKPEpJxcLs?feature=oembed&#038;cc_load_policy=1\" frameborder=\"0\" allow=\"accelerometer; autoplay; clipboard-write; encrypted-media; gyroscope; picture-in-picture\" allowfullscreen><\/iframe>\n<\/div><\/figure>\n<\/div>\n\n<div class=\"wp-block block-core-paragraph\">\n<p>Una de las cosas notables fue la alabanza maravillosa, cantada en Kirundi, el idioma de Burundi.\u201d Odette es una estudiante de GBEEN, N\u00edger. \u201cAunque no pod\u00eda comprenderlo,\u201d nos dice, \u201ces un aperitivo de c\u00f3mo ser\u00e1 todo en el cielo. Donde habr\u00e1 muchas tribus distintas adorando a Dios juntos.\u201d En otros momentos, fue conmovedor estar entre cientos de participantes cantando las mismas canciones que nos eran familiares en nuestras propias reuniones estudiantiles, aunque no nos conoc\u00edamos de antes y ven\u00edamos de distintos pa\u00edses.&nbsp;<\/p>\n<\/div>\n\n<div class=\"wp-block block-core-heading\">\n<h2 class=\"wp-block-heading\">Ayudando a los estudiantes a perseguir su llamado&nbsp;<\/h2>\n<\/div>\n\n<div class=\"wp-block block-core-paragraph\">\n<p>La PANAF anima a los estudiantes a comprender para qu\u00e9 les est\u00e1 llamando Dios. Innocent es un voluntario de UGBB Burundi, adem\u00e1s de Coordinador de Nivel 1 de la <a href=\"https:\/\/lci.ifesworld.org\/es\/\" target=\"_blank\" rel=\"noreferrer noopener\">Iniciativa Logos y Cosmos de IFES<\/a>. En su opini\u00f3n, el resultado m\u00e1s valioso fue la oportunidad de conocer a otros que trabajan en el campo de las ciencias. Le propusieron el reto de no limitarse solo a ser excelente en la comprensi\u00f3n cient\u00edfica, sino a que tambi\u00e9n pensara c\u00f3mo conectarla con la teolog\u00eda y los problemas de la sociedad. \u201cMe hizo preguntarme,\u201d nos dice, \u201c\u00bfc\u00f3mo puede el trabajo de investigaci\u00f3n servir a la sociedad de la mejor forma posible para glorificar a Dios?\u201d Por lo que me compromet\u00ed a aprender con humildad, a inspirarme y a crecer en lo que estamos aprendiendo aqu\u00ed, para que pueda saber c\u00f3mo ser \u00fatil al movimiento aqu\u00ed, a la iglesia y a la sociedad en Burundi, en particular, y a los dem\u00e1s contextos africanos y el mundo, en general.\u201d&nbsp;<\/p>\n<\/div>\n\n<div class=\"wp-block block-core-paragraph\">\n<p>Adem\u00e1s de construir una nueva presentaci\u00f3n de IFES, para algunos l\u00edderes estudiantiles, la PANAF era una oportunidad muy necesaria para recibir \u00e1nimos, refresco y comuni\u00f3n. Odette es una l\u00edder estudiantil que se sent\u00eda sola. \u201cA veces nos sentimos como si fu\u00e9ramos los \u00fanicos en el mundo que estamos haciendo esto,\u201d nos dice. \u201cPero lo m\u00e1s importante que he aprendido es que no estoy sola. Mi fe se ve fortalecida al saber que somos una familia que trabaja junta. Para otros participantes, la conferencia fue ilustradora y fue fuente de \u00e1nimo. \u201cComprendo que mi vida no est\u00e1 compartimentalizada,\u201d nos dice Lucien, de <a href=\"https:\/\/www.facebook.com\/groups\/gbeeg\/\" target=\"_blank\" rel=\"noreferrer noopener\">GBEEG, el movimiento nacional en Guinea.<\/a> \u201cEl llamado divino ha resonado en mi coraz\u00f3n. Estoy comprometido a vivir para el Se\u00f1or en la universidad, en la iglesia y en la sociedad.\u201d&nbsp;<\/p>\n<\/div>\n\n<div class=\"wp-block block-core-heading\">\n<h2 class=\"wp-block-heading\">Unos por otros y para el mundo<\/h2>\n<\/div>\n\n<div class=\"wp-block block-core-paragraph\">\n<p>La experiencia de la PANAF nos ayuda a cada movimiento nacional a crecer como organizaci\u00f3n, conectando con otros movimientos. \u201cNos ayuda mucho escuchar c\u00f3mo lo est\u00e1n haciendo otros y qu\u00e9 iniciativas est\u00e1n funcionando y cu\u00e1les pueden traducirse a otro contexto,\u201d reflexiona Emmanuel. Celebrar la PANAF ha cambiado tambi\u00e9n la visi\u00f3n que tienen los oficiales gubernamentales locales de UGBB. \u201cSol\u00edan vernos como muy simples e insignificantes,\u201d dice Emmanuel. \u201cPero, con la presencia de representantes de 19 pa\u00edses y el contenido de lo que estamos haciendo, comprenden, y ven la importancia del ministerio de Burundi en general.\u201d&nbsp;<\/p>\n<\/div>\n\n<div class=\"wp-block block-core-paragraph\">\n<p>La PANAF tambi\u00e9n est\u00e1 ayudando a la regi\u00f3n a conectar una con la otra para afrontar retos mayores. Seg\u00fan Armand Dzadu, Secretario General de <a href=\"https:\/\/gbust.org\/\" target=\"_blank\" rel=\"noreferrer noopener\">GBU en Togo<\/a>, \u201cel gran reto est\u00e1 en c\u00f3mo ser efectivos para levantar a los estudiantes que comprenden los temas e impactan a la sociedad. Decimos que la iglesia en \u00c1frica es grande, pero no enorme. Tenemos muchas iglesias y comunidades, pero sentimos que no hay un impacto real en el gobierno y en los mercados. La iglesia se va extendiendo, pero no es siempre firme. Esperamos que este tipo de conferencias podr\u00e1n ayudar a levantar y conectar a los pastores, adem\u00e1s de conectar a nuestras universidades a nivel acad\u00e9mico, lo que lleva a la transformaci\u00f3n de las comunidades.\u201d&nbsp;&nbsp;<\/p>\n<\/div>\n\n<div class=\"wp-block block-core-paragraph\">\n<p>A nivel regional, el impacto de la PANAF reverbera de formas distintas. La PANAF construye redes entre los obreros y los estudiantes de todo el continente. Este a\u00f1o, tambi\u00e9n nos ha ayudado a promocionar el apoyo al ministerio por parte de los graduados, dado que los graduados de distintos pa\u00edses tuvieron una oportunidad para conectar y pensar juntos acerca de lo que pueden hacer en varias \u00e1reas de influencia: iglesias, gobiernos y otras organizaciones. Estas son buenas noticias para los movimientos estudiantiles, como nos explica Emmanuel: \u201cActualmente, estamos viendo un movimiento de regreso de los graduados. El apoyo de los graduados hab\u00eda ca\u00eddo dram\u00e1ticamente, pero ahora est\u00e1n interesados en volver a conectar y apoyar al movimiento. Estamos muy agradecidos por esta conferencia.\u201d&nbsp;<\/p>\n<\/div>\n\n<div class=\"wp-block block-core-paragraph\">\n<p>El di\u00e1logo entre generaciones solo puede tener un efecto enriquecedor en todos. Uno de estos graduados que atendi\u00f3 a la conferencia de 2019 fue el Profesor Abel Ndjerareou, de <a href=\"https:\/\/www.facebook.com\/ujc.tchad\/\" target=\"_blank\" rel=\"noreferrer noopener\">UJC, el movimiento en el Chad<\/a>, que comparti\u00f3 lo siguiente:&nbsp;<\/p>\n<\/div>\n\n<div class=\"wp-block block-core-paragraph\">\n<p>\u201cCada vez que me encuentro en una reuni\u00f3n de GBU, me siento rejuvenecido. Primero, porque me recuerda mi juventud&#8230; Segundo, porque la energ\u00eda de los j\u00f3venes es muy contagiosa. Por \u00faltimo, porque me dan esperanza al ver que la gran obra de GBU seguir\u00e1 a\u00fan cuando yo me haya ido.\u201d&nbsp;<\/p>\n<\/div>\n\n<div class=\"wp-block block-core-paragraph\">\n<p>La visi\u00f3n de la regi\u00f3n del \u00c1frica Franc\u00f3fona, en la que muchos estudiantes florecen como comunidades de disc\u00edpulos e impactan a la universidad, a la iglesia y a la sociedad para la gloria de Dios, no naci\u00f3 en la PANAF de este a\u00f1o. Pero resulta m\u00e1s f\u00e1cil verlo con cada oportunidad para reunirnos y adorar, compartir, orar, cantar y aprender unos de otros.&nbsp;<\/p>\n<\/div>\n\n<div class=\"wp-block block-core-paragraph\">\n<p>Puedes ver el webinar, que se emiti\u00f3 en vivo desde la PANAF\u201922 especialmente para las personas que les apoyan desde IFES\/USA, <a href=\"https:\/\/www.youtube.com\/watch?v=tuggX71-Oh0\" target=\"_blank\" rel=\"noreferrer noopener\">aqu\u00ed<\/a>.&nbsp;<\/p>\n<\/div>\n\n<div class=\"wp-block block-core-paragraph\">\n<p><strong>Para aprender m\u00e1s acerca de los 19 movimientos naciones representados en la conferencia de la PANAF, puedes ver la regi\u00f3n en cifras en el sitio web de GBUAF <\/strong><a href=\"http:\/\/gbuaf.org\/les-gbuaf\/le-gbuaf-en-chiffres\/\" target=\"_blank\" rel=\"noreferrer noopener\"><strong>aqu\u00ed<\/strong><\/a><strong>.<\/strong>&nbsp;<\/p>\n<\/div>","protected":false},"featured_media":0,"template":"","area":[707],"theme":[],"class_list":["post-20405","conexion","type-conexion","status-publish","hentry","area-africa-francofona"],"acf":[],"yoast_head":"<!-- This site is optimized with the Yoast SEO plugin v22.6 - https:\/\/yoast.com\/wordpress\/plugins\/seo\/ -->\n<title>PANAF: El Congreso de visi\u00f3n del \u00c1frica Franc\u00f3fona &#183; IFES Conexi\u00f3n Blog<\/title>\n<meta name=\"description\" content=\"Este mes de agosto marc\u00f3 un momento importante: el regreso de la Conferencia Panafricana, o PANAF. Esta conferencia trienal dio la bienvenida a 300\" \/>\n<meta name=\"robots\" content=\"noindex, follow, max-snippet:-1, max-image-preview:large, max-video-preview:-1\" \/>\n<meta property=\"og:locale\" content=\"es_ES\" \/>\n<meta property=\"og:type\" content=\"article\" \/>\n<meta property=\"og:title\" content=\"PANAF: El Congreso de visi\u00f3n del \u00c1frica Franc\u00f3fona &#183; IFES Conexi\u00f3n Blog\" \/>\n<meta property=\"og:description\" content=\"Este mes de agosto marc\u00f3 un momento importante: el regreso de la Conferencia Panafricana, o PANAF. Esta conferencia trienal dio la bienvenida a 300\" \/>\n<meta property=\"og:url\" content=\"https:\/\/ifesworld.org\/es\/blog\/panaf-el-congreso-de-vision-del-africa-francofona\/\" \/>\n<meta property=\"og:site_name\" content=\"IFES\" \/>\n<meta property=\"article:modified_time\" content=\"2022-11-04T16:13:21+00:00\" \/>\n<meta property=\"og:image\" content=\"https:\/\/ifesworld.org\/wp-content\/uploads\/2022\/11\/IMG_3563-scaled.jpg\" \/>\n\t<meta property=\"og:image:width\" content=\"2560\" \/>\n\t<meta property=\"og:image:height\" content=\"1707\" \/>\n\t<meta property=\"og:image:type\" content=\"image\/jpeg\" \/>\n<meta name=\"twitter:card\" content=\"summary_large_image\" \/>\n<meta name=\"twitter:label1\" content=\"Tiempo de lectura\" \/>\n\t<meta name=\"twitter:data1\" content=\"6 minutos\" \/>\n<script type=\"application\/ld+json\" class=\"yoast-schema-graph\">{\"@context\":\"https:\/\/schema.org\",\"@graph\":[{\"@type\":\"WebPage\",\"@id\":\"https:\/\/ifesworld.org\/es\/blog\/panaf-el-congreso-de-vision-del-africa-francofona\/\",\"url\":\"https:\/\/ifesworld.org\/es\/blog\/panaf-el-congreso-de-vision-del-africa-francofona\/\",\"name\":\"PANAF: El Congreso de visi\u00f3n del \u00c1frica Franc\u00f3fona &#183; IFES Conexi\u00f3n Blog\",\"isPartOf\":{\"@id\":\"https:\/\/fru.ifesworld.org\/en\/#website\"},\"datePublished\":\"2022-11-03T15:42:20+00:00\",\"dateModified\":\"2022-11-04T16:13:21+00:00\",\"description\":\"Este mes de agosto marc\u00f3 un momento importante: el regreso de la Conferencia Panafricana, o PANAF. Esta conferencia trienal dio la bienvenida a 300\",\"breadcrumb\":{\"@id\":\"https:\/\/ifesworld.org\/es\/blog\/panaf-el-congreso-de-vision-del-africa-francofona\/#breadcrumb\"},\"inLanguage\":\"es\",\"potentialAction\":[{\"@type\":\"ReadAction\",\"target\":[\"https:\/\/ifesworld.org\/es\/blog\/panaf-el-congreso-de-vision-del-africa-francofona\/\"]}]},{\"@type\":\"BreadcrumbList\",\"@id\":\"https:\/\/ifesworld.org\/es\/blog\/panaf-el-congreso-de-vision-del-africa-francofona\/#breadcrumb\",\"itemListElement\":[{\"@type\":\"ListItem\",\"position\":1,\"name\":\"Home\",\"item\":\"https:\/\/ifesworld.org\/es\/\"},{\"@type\":\"ListItem\",\"position\":2,\"name\":\"Conexi\u00f3n\",\"item\":\"https:\/\/ifesworld.org\/es\/blog\/\"},{\"@type\":\"ListItem\",\"position\":3,\"name\":\"PANAF: El Congreso de visi\u00f3n del \u00c1frica Franc\u00f3fona\"}]},{\"@type\":\"WebSite\",\"@id\":\"https:\/\/fru.ifesworld.org\/en\/#website\",\"url\":\"https:\/\/fru.ifesworld.org\/en\/\",\"name\":\"IFES\",\"description\":\"A movement of students sharing and living out the good news of Jesus Christ. Locally. Nationally. Globally.\",\"publisher\":{\"@id\":\"https:\/\/fru.ifesworld.org\/en\/#organization\"},\"potentialAction\":[{\"@type\":\"SearchAction\",\"target\":{\"@type\":\"EntryPoint\",\"urlTemplate\":\"https:\/\/fru.ifesworld.org\/en\/?s={search_term_string}\"},\"query-input\":\"required name=search_term_string\"}],\"inLanguage\":\"es\"},{\"@type\":\"Organization\",\"@id\":\"https:\/\/fru.ifesworld.org\/en\/#organization\",\"name\":\"IFES \u00b7 International Fellowship of Evangelical Students\",\"url\":\"https:\/\/fru.ifesworld.org\/en\/\",\"logo\":{\"@type\":\"ImageObject\",\"inLanguage\":\"es\",\"@id\":\"https:\/\/fru.ifesworld.org\/en\/#\/schema\/logo\/image\/\",\"url\":\"https:\/\/fru.ifesworld.org\/wp-content\/uploads\/2019\/06\/ifeslogo.png\",\"contentUrl\":\"https:\/\/fru.ifesworld.org\/wp-content\/uploads\/2019\/06\/ifeslogo.png\",\"width\":262,\"height\":262,\"caption\":\"IFES \u00b7 International Fellowship of Evangelical Students\"},\"image\":{\"@id\":\"https:\/\/fru.ifesworld.org\/en\/#\/schema\/logo\/image\/\"}}]}<\/script>\n<!-- \/ Yoast SEO plugin. -->","yoast_head_json":{"title":"PANAF: El Congreso de visi\u00f3n del \u00c1frica Franc\u00f3fona &#183; IFES Conexi\u00f3n Blog","description":"Este mes de agosto marc\u00f3 un momento importante: el regreso de la Conferencia Panafricana, o PANAF. Esta conferencia trienal dio la bienvenida a 300","robots":{"index":"noindex","follow":"follow","max-snippet":"max-snippet:-1","max-image-preview":"max-image-preview:large","max-video-preview":"max-video-preview:-1"},"og_locale":"es_ES","og_type":"article","og_title":"PANAF: El Congreso de visi\u00f3n del \u00c1frica Franc\u00f3fona &#183; IFES Conexi\u00f3n Blog","og_description":"Este mes de agosto marc\u00f3 un momento importante: el regreso de la Conferencia Panafricana, o PANAF. Esta conferencia trienal dio la bienvenida a 300","og_url":"https:\/\/ifesworld.org\/es\/blog\/panaf-el-congreso-de-vision-del-africa-francofona\/","og_site_name":"IFES","article_modified_time":"2022-11-04T16:13:21+00:00","og_image":[{"width":2560,"height":1707,"url":"https:\/\/ifesworld.org\/wp-content\/uploads\/2022\/11\/IMG_3563-scaled.jpg","type":"image\/jpeg"}],"twitter_card":"summary_large_image","twitter_misc":{"Tiempo de lectura":"6 minutos"},"schema":{"@context":"https:\/\/schema.org","@graph":[{"@type":"WebPage","@id":"https:\/\/ifesworld.org\/es\/blog\/panaf-el-congreso-de-vision-del-africa-francofona\/","url":"https:\/\/ifesworld.org\/es\/blog\/panaf-el-congreso-de-vision-del-africa-francofona\/","name":"PANAF: El Congreso de visi\u00f3n del \u00c1frica Franc\u00f3fona &#183; IFES Conexi\u00f3n Blog","isPartOf":{"@id":"https:\/\/fru.ifesworld.org\/en\/#website"},"datePublished":"2022-11-03T15:42:20+00:00","dateModified":"2022-11-04T16:13:21+00:00","description":"Este mes de agosto marc\u00f3 un momento importante: el regreso de la Conferencia Panafricana, o PANAF. Esta conferencia trienal dio la bienvenida a 300","breadcrumb":{"@id":"https:\/\/ifesworld.org\/es\/blog\/panaf-el-congreso-de-vision-del-africa-francofona\/#breadcrumb"},"inLanguage":"es","potentialAction":[{"@type":"ReadAction","target":["https:\/\/ifesworld.org\/es\/blog\/panaf-el-congreso-de-vision-del-africa-francofona\/"]}]},{"@type":"BreadcrumbList","@id":"https:\/\/ifesworld.org\/es\/blog\/panaf-el-congreso-de-vision-del-africa-francofona\/#breadcrumb","itemListElement":[{"@type":"ListItem","position":1,"name":"Home","item":"https:\/\/ifesworld.org\/es\/"},{"@type":"ListItem","position":2,"name":"Conexi\u00f3n","item":"https:\/\/ifesworld.org\/es\/blog\/"},{"@type":"ListItem","position":3,"name":"PANAF: El Congreso de visi\u00f3n del \u00c1frica Franc\u00f3fona"}]},{"@type":"WebSite","@id":"https:\/\/fru.ifesworld.org\/en\/#website","url":"https:\/\/fru.ifesworld.org\/en\/","name":"IFES","description":"A movement of students sharing and living out the good news of Jesus Christ. Locally. Nationally. Globally.","publisher":{"@id":"https:\/\/fru.ifesworld.org\/en\/#organization"},"potentialAction":[{"@type":"SearchAction","target":{"@type":"EntryPoint","urlTemplate":"https:\/\/fru.ifesworld.org\/en\/?s={search_term_string}"},"query-input":"required name=search_term_string"}],"inLanguage":"es"},{"@type":"Organization","@id":"https:\/\/fru.ifesworld.org\/en\/#organization","name":"IFES \u00b7 International Fellowship of Evangelical Students","url":"https:\/\/fru.ifesworld.org\/en\/","logo":{"@type":"ImageObject","inLanguage":"es","@id":"https:\/\/fru.ifesworld.org\/en\/#\/schema\/logo\/image\/","url":"https:\/\/fru.ifesworld.org\/wp-content\/uploads\/2019\/06\/ifeslogo.png","contentUrl":"https:\/\/fru.ifesworld.org\/wp-content\/uploads\/2019\/06\/ifeslogo.png","width":262,"height":262,"caption":"IFES \u00b7 International Fellowship of Evangelical Students"},"image":{"@id":"https:\/\/fru.ifesworld.org\/en\/#\/schema\/logo\/image\/"}}]}},"_links":{"self":[{"href":"https:\/\/fru.ifesworld.org\/es\/wp-json\/wp\/v2\/conexion\/20405"}],"collection":[{"href":"https:\/\/fru.ifesworld.org\/es\/wp-json\/wp\/v2\/conexion"}],"about":[{"href":"https:\/\/fru.ifesworld.org\/es\/wp-json\/wp\/v2\/types\/conexion"}],"wp:attachment":[{"href":"https:\/\/fru.ifesworld.org\/es\/wp-json\/wp\/v2\/media?parent=20405"}],"wp:term":[{"taxonomy":"area","embeddable":true,"href":"https:\/\/fru.ifesworld.org\/es\/wp-json\/wp\/v2\/area?post=20405"},{"taxonomy":"theme","embeddable":true,"href":"https:\/\/fru.ifesworld.org\/es\/wp-json\/wp\/v2\/theme?post=20405"}],"curies":[{"name":"wp","href":"https:\/\/api.w.org\/{rel}","templated":true}]}}