{"id":1999,"date":"2019-05-21T13:41:42","date_gmt":"2019-05-21T13:41:42","guid":{"rendered":"https:\/\/fru.ifesworld.org\/?post_type=conexion&#038;p=1999"},"modified":"2019-07-03T13:21:42","modified_gmt":"2019-07-03T13:21:42","slug":"por-que-estoy-en-el-circulo-del-silencio","status":"publish","type":"conexion","link":"https:\/\/fru.ifesworld.org\/es\/blog\/por-que-estoy-en-el-circulo-del-silencio\/","title":{"rendered":"Por qu\u00e9 estoy en el C\u00edrculo del Silencio"},"content":{"rendered":"<p><strong><span class=\"EOP SCXW117211465 BCX0\" data-ccp-props=\"{&quot;201341983&quot;:2,&quot;335559739&quot;:120,&quot;335559740&quot;:240}\">\u00a0<\/span><\/strong><span data-contrast=\"none\">Domingo, 10 de la ma\u00f1ana, cielos azules, 21\u00b0C. El sol de la ma\u00f1ana ilumina hileras de casas de colores brillantes. Las tiendas est\u00e1n empezando a abrir por la ma\u00f1ana, pero ya hay un alegre runr\u00fan en las calles. Los turistas portan palos-selfie mientras deambulan por el centro hist\u00f3rico, intentando verlo todo: el acueducto de 23 metros de altura, la arquitectura del siglo XVII, los vi\u00f1edos y las monta\u00f1as. Los locales, familiarizados con su enclave id\u00edlico, est\u00e1n ocupados realizando sus gestiones del fin de semana o van a la Misa matinal. Estamos en Quer\u00e9taro: hermosa, vibrante, viva.<\/span><span data-ccp-props=\"{&quot;201341983&quot;:2,&quot;335559739&quot;:120,&quot;335559740&quot;:240}\">\u00a0<\/span><\/p>\n<p><span data-contrast=\"none\">Sin embargo, Quer\u00e9taro est\u00e1 en una zona de M\u00e9xico a la que los cristianos llaman \u2018El C\u00edrculo del Silencio\u2019. A pesar de los persistentes esfuerzos misioneros, la regi\u00f3n ha demostrado ser realmente dif\u00edcil de penetrar con el Evangelio, y el porcentaje de cristianos evang\u00e9licos sigue siendo realmente bajo.<\/span><span data-ccp-props=\"{&quot;201341983&quot;:2,&quot;335559739&quot;:120,&quot;335559740&quot;:240}\">\u00a0<\/span><\/p>\n<p><span data-contrast=\"none\">Quer\u00e9taro es el hogar de M\u00f3nica, una obrera de COMPA M\u00e9xico. Ha compartido con nosotros sus reflexiones acerca del ministerio estudiantil en el C\u00edrculo del Silencio.<\/span><span data-ccp-props=\"{&quot;201341983&quot;:2,&quot;335559739&quot;:120,&quot;335559740&quot;:240}\">\u00a0<\/span><\/p>\n<h4 aria-level=\"3\"><strong>Puertas cerradas\u00a0<\/strong><\/h4>\n<p><span data-contrast=\"none\">\u201cEl clima espiritual de la universidad es complicado. Hay mucha oposici\u00f3n y una gran indiferencia. Muchos estudiantes vienen de familias muy cat\u00f3licas. Encontrar a alguien que se llame cristiano es dif\u00edcil. Cuando los encuentras, algunos no responden al llamamiento de compartir a Jes\u00fas; no est\u00e1n interesados o no est\u00e1n comprometidos. Muchos no quieren evangelizar porque tienen miedo a ser rechazados en un ambiente absolutamente cat\u00f3lico.<\/span><\/p>\n<p><img loading=\"lazy\" decoding=\"async\" class=\"alignnone wp-image-1993 size-full\" src=\"https:\/\/fru.ifesworld.org\/wp-content\/uploads\/2019\/05\/190319_dennis-schrader-1310843-unsplash.jpg\" alt=\"190319_dennis-schrader-1310843-unsplash\" width=\"1280\" height=\"720\" srcset=\"https:\/\/fru.ifesworld.org\/wp-content\/uploads\/2019\/05\/190319_dennis-schrader-1310843-unsplash.jpg 1280w, https:\/\/fru.ifesworld.org\/wp-content\/uploads\/2019\/05\/190319_dennis-schrader-1310843-unsplash-300x169.jpg 300w, https:\/\/fru.ifesworld.org\/wp-content\/uploads\/2019\/05\/190319_dennis-schrader-1310843-unsplash-768x432.jpg 768w, https:\/\/fru.ifesworld.org\/wp-content\/uploads\/2019\/05\/190319_dennis-schrader-1310843-unsplash-1024x576.jpg 1024w\" sizes=\"(max-width: 1280px) 100vw, 1280px\" \/><\/p>\n<p style=\"text-align: center;\">Photo by\u00a0<a class=\"markup--anchor markup--figure-anchor\" href=\"https:\/\/unsplash.com\/photos\/9i7Jla4lwO4?utm_source=unsplash&amp;utm_medium=referral&amp;utm_content=creditCopyText\" target=\"_blank\" rel=\"noopener noreferrer\" data-href=\"https:\/\/unsplash.com\/photos\/9i7Jla4lwO4?utm_source=unsplash&amp;utm_medium=referral&amp;utm_content=creditCopyText\">Dennis Schrader<\/a>\u00a0on\u00a0<a class=\"markup--anchor markup--figure-anchor\" href=\"https:\/\/unsplash.com\/?utm_source=unsplash&amp;utm_medium=referral&amp;utm_content=creditCopyText\" target=\"_blank\" rel=\"noopener noreferrer\" data-href=\"https:\/\/unsplash.com\/?utm_source=unsplash&amp;utm_medium=referral&amp;utm_content=creditCopyText\">Unsplash<\/a><\/p>\n<p><span data-contrast=\"none\">Este era el caso de un estudiante cristiano que conocimos en la universidad. Cuando le hablamos de COMPA y de lo que hac\u00edamos, parec\u00eda responder bien. Pero, en cuanto comenzamos la formaci\u00f3n, nos dijo que esto no era lo que quer\u00eda hacer. Apreciaba nuestro apoyo, pero no quer\u00eda empezar un grupo de estudio b\u00edblico.<\/span><span data-ccp-props=\"{&quot;201341983&quot;:2,&quot;335559739&quot;:120,&quot;335559740&quot;:240}\">\u00a0<\/span><\/p>\n<p><span data-contrast=\"none\">Invitamos a otra estudiante a unirse al ministerio. Dijo que ya estaba sirviendo en su iglesia. Dijo que iba a orar para ver si deb\u00eda empezar un grupo de estudio b\u00edblico. Pero nunca tuvimos noticias suyas.<\/span><span data-ccp-props=\"{&quot;201341983&quot;:2,&quot;335559739&quot;:120,&quot;335559740&quot;:240}\">\u00a0<\/span><\/p>\n<p><span data-contrast=\"none\">Es dif\u00edcil reunirse cuando nos dan este tipo de respuestas. Nos desaniman y nos hacen preguntarnos si debemos continuar. Nos duele ver que en el C\u00edrculo del Silencio sea com\u00fan experimentar oposici\u00f3n y rechazo, tanto por parte de los cristianos como de los que no lo son.<\/span><span data-ccp-props=\"{&quot;201341983&quot;:2,&quot;335559739&quot;:120,&quot;335559740&quot;:240}\">\u00a0<\/span><\/p>\n<p><img loading=\"lazy\" decoding=\"async\" class=\"alignnone wp-image-1996 size-full\" src=\"https:\/\/fru.ifesworld.org\/wp-content\/uploads\/2019\/05\/190319_naassom-azevedo-541454-unsplash-1.jpg\" alt=\"190319_naassom-azevedo-541454-unsplash (1)\" width=\"1280\" height=\"720\" srcset=\"https:\/\/fru.ifesworld.org\/wp-content\/uploads\/2019\/05\/190319_naassom-azevedo-541454-unsplash-1.jpg 1280w, https:\/\/fru.ifesworld.org\/wp-content\/uploads\/2019\/05\/190319_naassom-azevedo-541454-unsplash-1-300x169.jpg 300w, https:\/\/fru.ifesworld.org\/wp-content\/uploads\/2019\/05\/190319_naassom-azevedo-541454-unsplash-1-768x432.jpg 768w, https:\/\/fru.ifesworld.org\/wp-content\/uploads\/2019\/05\/190319_naassom-azevedo-541454-unsplash-1-1024x576.jpg 1024w\" sizes=\"(max-width: 1280px) 100vw, 1280px\" \/><\/p>\n<p style=\"text-align: center;\" aria-level=\"3\">Photo by\u00a0<a class=\"markup--anchor markup--figure-anchor\" href=\"https:\/\/unsplash.com\/photos\/NWu79O4kekw?utm_source=unsplash&amp;utm_medium=referral&amp;utm_content=creditCopyText\" target=\"_blank\" rel=\"noopener noreferrer\" data-href=\"https:\/\/unsplash.com\/photos\/NWu79O4kekw?utm_source=unsplash&amp;utm_medium=referral&amp;utm_content=creditCopyText\">Naassom Azevedo<\/a>\u00a0on\u00a0<a class=\"markup--anchor markup--figure-anchor\" href=\"https:\/\/unsplash.com\/?utm_source=unsplash&amp;utm_medium=referral&amp;utm_content=creditCopyText\" target=\"_blank\" rel=\"noopener noreferrer\" data-href=\"https:\/\/unsplash.com\/?utm_source=unsplash&amp;utm_medium=referral&amp;utm_content=creditCopyText\">Unsplash<\/a><\/p>\n<h4 aria-level=\"3\"><strong>Por qu\u00e9 estoy aqu\u00ed\u00a0<\/strong><\/h4>\n<p><span data-contrast=\"none\">En los momentos en los que cuestiono el llamamiento del Se\u00f1or, me pregunto si estoy en el lugar correcto. Pero, entonces Dios, en su fidelidad y gracia, me hace volver a la raz\u00f3n por la que estoy aqu\u00ed:<\/span><span data-ccp-props=\"{&quot;201341983&quot;:2,&quot;335559739&quot;:120,&quot;335559740&quot;:240}\">\u00a0<\/span><\/p>\n<p><em>\u201cPorque la voluntad de mi Padre es que todo el que reconozca al Hijo y crea en \u00e9l tenga vida eterna, y yo lo resucitar\u00e9 en el d\u00eda final.\u201d Juan 6:40 [NVI]\u00a0<\/em><\/p>\n<p><span data-contrast=\"none\">Esta es su voluntad. Dios me ha puesto a m\u00ed y a un equipo de obreros en esta zona con el objetivo de hacer que su Hijo sea conocido, para que los estudiantes tengan vida eterna. Por eso nos quedamos. Aunque el ambiente es hostil al Evangelio y con frecuencia las respuestas de los estudiantes nos desanimen, el Se\u00f1or nos ayuda a perseverar. Tenemos la esperanza de que algunos responder\u00e1n a la invitaci\u00f3n de seguir a Jes\u00fas y que proclamar\u00e1n su Palabra en la universidad.<\/span><span data-ccp-props=\"{&quot;201341983&quot;:2,&quot;335559739&quot;:120,&quot;335559740&quot;:240}\">\u00a0<\/span><\/p>\n<h4 aria-level=\"3\"><strong>Voces alzadas para Jes\u00fas\u00a0<\/strong><\/h4>\n<p><span data-contrast=\"none\">Alabado sea Dios porque tenemos peque\u00f1as fuentes de \u00e1nimo por el camino. Estaba leyendo la Biblia con un estudiante hace poco, y me respondi\u00f3: \u201cSi quiero hacer una misi\u00f3n y veo cambiar a mis amigos, primero debo permitir que Dios me cambie a m\u00ed.\u201d Otro estudiante vino a un evento evangel\u00edstico organizado por COMPA y me dijo: \u201cEsto es lo que necesito: debo rodearme de gente que me ayude a conocer a Jes\u00fas y su Palabra.\u201d<\/span><span data-ccp-props=\"{&quot;201341983&quot;:2,&quot;335559739&quot;:120,&quot;335559740&quot;:240}\">\u00a0<\/span><\/p>\n<p><span data-contrast=\"none\">Me anima ver que, en un contexto de religiosidad e indiferencia hacia el Evangelio, Dios est\u00e1 obrando, cambiando los corazones de los estudiantes. Estoy aprendiendo a ver y a confiar en su soberan\u00eda en esta regi\u00f3n. Deseo ver a m\u00e1s estudiantes conociendo a Jes\u00fas, el Jes\u00fas real que transforma vidas, que trae esperanza y que llena el vac\u00edo espiritual que existe en la universidad. \u00a1Mi deseo es que haya muchos estudiantes en esta generaci\u00f3n que alcen la voz por Jes\u00fas en el C\u00edrculo del Silencio!\u201d<\/span><span data-ccp-props=\"{&quot;201341983&quot;:2,&quot;335559739&quot;:120,&quot;335559740&quot;:240}\">\u00a0<\/span><\/p>\n<p><span data-ccp-props=\"{&quot;201341983&quot;:2,&quot;335559739&quot;:120,&quot;335559740&quot;:240}\">\u00a0<\/span><\/p>\n<p><span data-contrast=\"none\">Por favor, \u00fanete a nosotros orando que el Evangelio arraigue y transforme a las universidades en el C\u00edrculo del Silencio.\u00a0<\/span><span data-ccp-props=\"{&quot;201341983&quot;:2,&quot;335559739&quot;:120,&quot;335559740&quot;:240}\">\u00a0<\/span><\/p>\n","protected":false},"featured_media":1984,"template":"","area":[708,878],"theme":[1244],"class_list":["post-1999","conexion","type-conexion","status-publish","has-post-thumbnail","hentry","area-america-latina","area-mexico-america-latina","theme-mi-historia"],"acf":[],"yoast_head":"<!-- This site is optimized with the Yoast SEO plugin v22.6 - https:\/\/yoast.com\/wordpress\/plugins\/seo\/ -->\n<title>Por qu\u00e9 estoy en el C\u00edrculo del Silencio &#183; IFES Conexi\u00f3n Blog<\/title>\n<meta name=\"description\" content=\"\u00a0Domingo, 10 de la ma\u00f1ana, cielos azules, 21\u00b0C. El sol de la ma\u00f1ana ilumina hileras de casas de colores brillantes. Las tiendas est\u00e1n empezando a abrir\" \/>\n<meta name=\"robots\" content=\"noindex, follow, max-snippet:-1, max-image-preview:large, max-video-preview:-1\" \/>\n<meta property=\"og:locale\" content=\"es_ES\" \/>\n<meta property=\"og:type\" content=\"article\" \/>\n<meta property=\"og:title\" content=\"Por qu\u00e9 estoy en el C\u00edrculo del Silencio &#183; IFES Conexi\u00f3n Blog\" \/>\n<meta property=\"og:description\" content=\"\u00a0Domingo, 10 de la ma\u00f1ana, cielos azules, 21\u00b0C. El sol de la ma\u00f1ana ilumina hileras de casas de colores brillantes. Las tiendas est\u00e1n empezando a abrir\" \/>\n<meta property=\"og:url\" content=\"https:\/\/ifesworld.org\/es\/blog\/por-que-estoy-en-el-circulo-del-silencio\/\" \/>\n<meta property=\"og:site_name\" content=\"IFES\" \/>\n<meta property=\"article:modified_time\" content=\"2019-07-03T13:21:42+00:00\" \/>\n<meta property=\"og:image\" content=\"https:\/\/ifesworld.org\/wp-content\/uploads\/2019\/05\/190319_jezael-melgoza-551505-unsplash.jpg\" \/>\n\t<meta property=\"og:image:width\" content=\"1280\" \/>\n\t<meta property=\"og:image:height\" content=\"720\" \/>\n\t<meta property=\"og:image:type\" content=\"image\/jpeg\" \/>\n<meta name=\"twitter:card\" content=\"summary_large_image\" \/>\n<meta name=\"twitter:label1\" content=\"Tiempo de lectura\" \/>\n\t<meta name=\"twitter:data1\" content=\"4 minutos\" \/>\n<script type=\"application\/ld+json\" class=\"yoast-schema-graph\">{\"@context\":\"https:\/\/schema.org\",\"@graph\":[{\"@type\":\"WebPage\",\"@id\":\"https:\/\/ifesworld.org\/es\/blog\/por-que-estoy-en-el-circulo-del-silencio\/\",\"url\":\"https:\/\/ifesworld.org\/es\/blog\/por-que-estoy-en-el-circulo-del-silencio\/\",\"name\":\"Por qu\u00e9 estoy en el C\u00edrculo del Silencio &#183; IFES Conexi\u00f3n Blog\",\"isPartOf\":{\"@id\":\"https:\/\/fru.ifesworld.org\/en\/#website\"},\"primaryImageOfPage\":{\"@id\":\"https:\/\/ifesworld.org\/es\/blog\/por-que-estoy-en-el-circulo-del-silencio\/#primaryimage\"},\"image\":{\"@id\":\"https:\/\/ifesworld.org\/es\/blog\/por-que-estoy-en-el-circulo-del-silencio\/#primaryimage\"},\"thumbnailUrl\":\"https:\/\/fru.ifesworld.org\/wp-content\/uploads\/2019\/05\/190319_jezael-melgoza-551505-unsplash.jpg\",\"datePublished\":\"2019-05-21T13:41:42+00:00\",\"dateModified\":\"2019-07-03T13:21:42+00:00\",\"description\":\"\u00a0Domingo, 10 de la ma\u00f1ana, cielos azules, 21\u00b0C. El sol de la ma\u00f1ana ilumina hileras de casas de colores brillantes. Las tiendas est\u00e1n empezando a abrir\",\"breadcrumb\":{\"@id\":\"https:\/\/ifesworld.org\/es\/blog\/por-que-estoy-en-el-circulo-del-silencio\/#breadcrumb\"},\"inLanguage\":\"es\",\"potentialAction\":[{\"@type\":\"ReadAction\",\"target\":[\"https:\/\/ifesworld.org\/es\/blog\/por-que-estoy-en-el-circulo-del-silencio\/\"]}]},{\"@type\":\"ImageObject\",\"inLanguage\":\"es\",\"@id\":\"https:\/\/ifesworld.org\/es\/blog\/por-que-estoy-en-el-circulo-del-silencio\/#primaryimage\",\"url\":\"https:\/\/fru.ifesworld.org\/wp-content\/uploads\/2019\/05\/190319_jezael-melgoza-551505-unsplash.jpg\",\"contentUrl\":\"https:\/\/fru.ifesworld.org\/wp-content\/uploads\/2019\/05\/190319_jezael-melgoza-551505-unsplash.jpg\",\"width\":1280,\"height\":720,\"caption\":\"190319_jezael-melgoza-551505-unsplash\"},{\"@type\":\"BreadcrumbList\",\"@id\":\"https:\/\/ifesworld.org\/es\/blog\/por-que-estoy-en-el-circulo-del-silencio\/#breadcrumb\",\"itemListElement\":[{\"@type\":\"ListItem\",\"position\":1,\"name\":\"Home\",\"item\":\"https:\/\/ifesworld.org\/es\/\"},{\"@type\":\"ListItem\",\"position\":2,\"name\":\"Conexi\u00f3n\",\"item\":\"https:\/\/ifesworld.org\/es\/blog\/\"},{\"@type\":\"ListItem\",\"position\":3,\"name\":\"Por qu\u00e9 estoy en el C\u00edrculo del Silencio\"}]},{\"@type\":\"WebSite\",\"@id\":\"https:\/\/fru.ifesworld.org\/en\/#website\",\"url\":\"https:\/\/fru.ifesworld.org\/en\/\",\"name\":\"IFES\",\"description\":\"A movement of students sharing and living out the good news of Jesus Christ. Locally. Nationally. Globally.\",\"publisher\":{\"@id\":\"https:\/\/fru.ifesworld.org\/en\/#organization\"},\"potentialAction\":[{\"@type\":\"SearchAction\",\"target\":{\"@type\":\"EntryPoint\",\"urlTemplate\":\"https:\/\/fru.ifesworld.org\/en\/?s={search_term_string}\"},\"query-input\":\"required name=search_term_string\"}],\"inLanguage\":\"es\"},{\"@type\":\"Organization\",\"@id\":\"https:\/\/fru.ifesworld.org\/en\/#organization\",\"name\":\"IFES \u00b7 International Fellowship of Evangelical Students\",\"url\":\"https:\/\/fru.ifesworld.org\/en\/\",\"logo\":{\"@type\":\"ImageObject\",\"inLanguage\":\"es\",\"@id\":\"https:\/\/fru.ifesworld.org\/en\/#\/schema\/logo\/image\/\",\"url\":\"https:\/\/fru.ifesworld.org\/wp-content\/uploads\/2019\/06\/ifeslogo.png\",\"contentUrl\":\"https:\/\/fru.ifesworld.org\/wp-content\/uploads\/2019\/06\/ifeslogo.png\",\"width\":262,\"height\":262,\"caption\":\"IFES \u00b7 International Fellowship of Evangelical Students\"},\"image\":{\"@id\":\"https:\/\/fru.ifesworld.org\/en\/#\/schema\/logo\/image\/\"}}]}<\/script>\n<!-- \/ Yoast SEO plugin. -->","yoast_head_json":{"title":"Por qu\u00e9 estoy en el C\u00edrculo del Silencio &#183; IFES Conexi\u00f3n Blog","description":"\u00a0Domingo, 10 de la ma\u00f1ana, cielos azules, 21\u00b0C. El sol de la ma\u00f1ana ilumina hileras de casas de colores brillantes. Las tiendas est\u00e1n empezando a abrir","robots":{"index":"noindex","follow":"follow","max-snippet":"max-snippet:-1","max-image-preview":"max-image-preview:large","max-video-preview":"max-video-preview:-1"},"og_locale":"es_ES","og_type":"article","og_title":"Por qu\u00e9 estoy en el C\u00edrculo del Silencio &#183; IFES Conexi\u00f3n Blog","og_description":"\u00a0Domingo, 10 de la ma\u00f1ana, cielos azules, 21\u00b0C. El sol de la ma\u00f1ana ilumina hileras de casas de colores brillantes. Las tiendas est\u00e1n empezando a abrir","og_url":"https:\/\/ifesworld.org\/es\/blog\/por-que-estoy-en-el-circulo-del-silencio\/","og_site_name":"IFES","article_modified_time":"2019-07-03T13:21:42+00:00","og_image":[{"width":1280,"height":720,"url":"https:\/\/ifesworld.org\/wp-content\/uploads\/2019\/05\/190319_jezael-melgoza-551505-unsplash.jpg","type":"image\/jpeg"}],"twitter_card":"summary_large_image","twitter_misc":{"Tiempo de lectura":"4 minutos"},"schema":{"@context":"https:\/\/schema.org","@graph":[{"@type":"WebPage","@id":"https:\/\/ifesworld.org\/es\/blog\/por-que-estoy-en-el-circulo-del-silencio\/","url":"https:\/\/ifesworld.org\/es\/blog\/por-que-estoy-en-el-circulo-del-silencio\/","name":"Por qu\u00e9 estoy en el C\u00edrculo del Silencio &#183; IFES Conexi\u00f3n Blog","isPartOf":{"@id":"https:\/\/fru.ifesworld.org\/en\/#website"},"primaryImageOfPage":{"@id":"https:\/\/ifesworld.org\/es\/blog\/por-que-estoy-en-el-circulo-del-silencio\/#primaryimage"},"image":{"@id":"https:\/\/ifesworld.org\/es\/blog\/por-que-estoy-en-el-circulo-del-silencio\/#primaryimage"},"thumbnailUrl":"https:\/\/fru.ifesworld.org\/wp-content\/uploads\/2019\/05\/190319_jezael-melgoza-551505-unsplash.jpg","datePublished":"2019-05-21T13:41:42+00:00","dateModified":"2019-07-03T13:21:42+00:00","description":"\u00a0Domingo, 10 de la ma\u00f1ana, cielos azules, 21\u00b0C. El sol de la ma\u00f1ana ilumina hileras de casas de colores brillantes. Las tiendas est\u00e1n empezando a abrir","breadcrumb":{"@id":"https:\/\/ifesworld.org\/es\/blog\/por-que-estoy-en-el-circulo-del-silencio\/#breadcrumb"},"inLanguage":"es","potentialAction":[{"@type":"ReadAction","target":["https:\/\/ifesworld.org\/es\/blog\/por-que-estoy-en-el-circulo-del-silencio\/"]}]},{"@type":"ImageObject","inLanguage":"es","@id":"https:\/\/ifesworld.org\/es\/blog\/por-que-estoy-en-el-circulo-del-silencio\/#primaryimage","url":"https:\/\/fru.ifesworld.org\/wp-content\/uploads\/2019\/05\/190319_jezael-melgoza-551505-unsplash.jpg","contentUrl":"https:\/\/fru.ifesworld.org\/wp-content\/uploads\/2019\/05\/190319_jezael-melgoza-551505-unsplash.jpg","width":1280,"height":720,"caption":"190319_jezael-melgoza-551505-unsplash"},{"@type":"BreadcrumbList","@id":"https:\/\/ifesworld.org\/es\/blog\/por-que-estoy-en-el-circulo-del-silencio\/#breadcrumb","itemListElement":[{"@type":"ListItem","position":1,"name":"Home","item":"https:\/\/ifesworld.org\/es\/"},{"@type":"ListItem","position":2,"name":"Conexi\u00f3n","item":"https:\/\/ifesworld.org\/es\/blog\/"},{"@type":"ListItem","position":3,"name":"Por qu\u00e9 estoy en el C\u00edrculo del Silencio"}]},{"@type":"WebSite","@id":"https:\/\/fru.ifesworld.org\/en\/#website","url":"https:\/\/fru.ifesworld.org\/en\/","name":"IFES","description":"A movement of students sharing and living out the good news of Jesus Christ. Locally. Nationally. Globally.","publisher":{"@id":"https:\/\/fru.ifesworld.org\/en\/#organization"},"potentialAction":[{"@type":"SearchAction","target":{"@type":"EntryPoint","urlTemplate":"https:\/\/fru.ifesworld.org\/en\/?s={search_term_string}"},"query-input":"required name=search_term_string"}],"inLanguage":"es"},{"@type":"Organization","@id":"https:\/\/fru.ifesworld.org\/en\/#organization","name":"IFES \u00b7 International Fellowship of Evangelical Students","url":"https:\/\/fru.ifesworld.org\/en\/","logo":{"@type":"ImageObject","inLanguage":"es","@id":"https:\/\/fru.ifesworld.org\/en\/#\/schema\/logo\/image\/","url":"https:\/\/fru.ifesworld.org\/wp-content\/uploads\/2019\/06\/ifeslogo.png","contentUrl":"https:\/\/fru.ifesworld.org\/wp-content\/uploads\/2019\/06\/ifeslogo.png","width":262,"height":262,"caption":"IFES \u00b7 International Fellowship of Evangelical Students"},"image":{"@id":"https:\/\/fru.ifesworld.org\/en\/#\/schema\/logo\/image\/"}}]}},"_links":{"self":[{"href":"https:\/\/fru.ifesworld.org\/es\/wp-json\/wp\/v2\/conexion\/1999"}],"collection":[{"href":"https:\/\/fru.ifesworld.org\/es\/wp-json\/wp\/v2\/conexion"}],"about":[{"href":"https:\/\/fru.ifesworld.org\/es\/wp-json\/wp\/v2\/types\/conexion"}],"wp:featuredmedia":[{"embeddable":true,"href":"https:\/\/fru.ifesworld.org\/es\/wp-json\/wp\/v2\/media\/1984"}],"wp:attachment":[{"href":"https:\/\/fru.ifesworld.org\/es\/wp-json\/wp\/v2\/media?parent=1999"}],"wp:term":[{"taxonomy":"area","embeddable":true,"href":"https:\/\/fru.ifesworld.org\/es\/wp-json\/wp\/v2\/area?post=1999"},{"taxonomy":"theme","embeddable":true,"href":"https:\/\/fru.ifesworld.org\/es\/wp-json\/wp\/v2\/theme?post=1999"}],"curies":[{"name":"wp","href":"https:\/\/api.w.org\/{rel}","templated":true}]}}